{"id":95892,"date":"2024-04-18T14:09:54","date_gmt":"2024-04-18T12:09:54","guid":{"rendered":"https:\/\/letrame.com\/catalogo\/producto\/la-mistica-de-un-grano-de-arena\/"},"modified":"2024-04-18T14:10:05","modified_gmt":"2024-04-18T12:10:05","slug":"la-mistica-de-un-grano-de-arena","status":"publish","type":"product","link":"https:\/\/letrame.com\/catalogo\/producto\/la-mistica-de-un-grano-de-arena\/","title":{"rendered":"La m\u00edstica de un grano de arena"},"content":{"rendered":"\n<p><strong>ISBN<\/strong>: 978-84-18468-64-3<br><strong>T\u00edtulo<\/strong>: La m\u00edstica de un grano de arena<br><strong>Fecha<\/strong>: 2020<br><strong>P\u00e1ginas<\/strong>:\u00a0204<\/p>\n\n\n\n<p><strong>SINOPSIS<\/strong><\/p>\n\n\n\n<p>La playa es uno de mis \u00faltimos santuarios, el lugar al que suelo dirigirme cuando necesito apartarme de todo. Tras mucho tiempo navegando por una absoluta falta de sentido, lejos de toda voluntad, recurro a ella para limpiar mi conciencia y dejarme llevar por los est\u00edmulos que ofrece el oc\u00e9ano. Lo que empieza siendo un recurso desesperado, un mero b\u00e1lsamo temporal, se ir\u00e1 convirtiendo en una traves\u00eda espiritual transformadora. En ella, los encuentros y las reflexiones se entrelazar\u00e1n generando una nueva red de rumbos extraviados y esperanzas por explorar.<\/p>\n","protected":false},"excerpt":{"rendered":"<p class=\"p1\"><strong>ISBN: 978-84-18468-64-3<\/strong><\/p>\n<p>La playa es uno de mis \u00faltimos santuarios, el lugar al que suelo dirigirme cuando necesito apartarme de todo. Tras mucho tiempo navegando por una absoluta falta de sentido, lejos de toda voluntad, recurro a ella para limpiar mi conciencia y dejarme llevar por los est\u00edmulos que ofrece el oc\u00e9ano. Lo que empieza siendo un recurso desesperado, un mero b\u00e1lsamo temporal, se ir\u00e1 convirtiendo en una traves\u00eda espiritual transformadora. En ella, los encuentros y las reflexiones se entrelazar\u00e1n generando una nueva red de rumbos extraviados y esperanzas por explorar.<\/p>\n","protected":false},"featured_media":95893,"comment_status":"closed","ping_status":"open","template":"","meta":{"_acf_changed":false},"libro":[],"product_brand":[],"product_cat":[16],"product_tag":[],"class_list":{"0":"post-95892","1":"product","2":"type-product","3":"status-publish","4":"has-post-thumbnail","6":"product_cat-novela","8":"first","9":"instock","10":"purchasable","11":"product-type-simple"},"acf":{"autor":[74619],"enlace_de_compra":""},"yoast_head":"<!-- This site is optimized with the Yoast SEO plugin v27.4 - https:\/\/yoast.com\/product\/yoast-seo-wordpress\/ -->\n<title>La m\u00edstica de un grano de arena - Catalogo | Letrame Grupo Editorial<\/title>\n<meta name=\"robots\" content=\"index, follow, max-snippet:-1, max-image-preview:large, max-video-preview:-1\" \/>\n<link rel=\"canonical\" href=\"https:\/\/letrame.com\/catalogo\/producto\/la-mistica-de-un-grano-de-arena\/\" \/>\n<meta property=\"og:locale\" content=\"es_ES\" \/>\n<meta property=\"og:type\" content=\"article\" \/>\n<meta property=\"og:title\" content=\"La m\u00edstica de un grano de arena - Catalogo | Letrame Grupo Editorial\" \/>\n<meta property=\"og:description\" content=\"ISBN: 978-84-18468-64-3 La playa es uno de mis \u00faltimos santuarios, el lugar al que suelo dirigirme cuando necesito apartarme de todo. Tras mucho tiempo navegando por una absoluta falta de sentido, lejos de toda voluntad, recurro a ella para limpiar mi conciencia y dejarme llevar por los est\u00edmulos que ofrece el oc\u00e9ano. Lo que empieza siendo un recurso desesperado, un mero b\u00e1lsamo temporal, se ir\u00e1 convirtiendo en una traves\u00eda espiritual transformadora. En ella, los encuentros y las reflexiones se entrelazar\u00e1n generando una nueva red de rumbos extraviados y esperanzas por explorar.\" \/>\n<meta property=\"og:url\" content=\"https:\/\/letrame.com\/catalogo\/producto\/la-mistica-de-un-grano-de-arena\/\" \/>\n<meta property=\"og:site_name\" content=\"Catalogo | Letrame Grupo Editorial\" \/>\n<meta property=\"article:modified_time\" content=\"2024-04-18T12:10:05+00:00\" \/>\n<meta property=\"og:image\" content=\"https:\/\/letrame.com\/catalogo\/wp-content\/uploads\/2024\/04\/lamisticadeungrano-scaled-1.jpg\" \/>\n\t<meta property=\"og:image:width\" content=\"1746\" \/>\n\t<meta property=\"og:image:height\" content=\"2560\" \/>\n\t<meta property=\"og:image:type\" content=\"image\/jpeg\" \/>\n<meta name=\"twitter:card\" content=\"summary_large_image\" \/>\n<meta name=\"twitter:label1\" content=\"Tiempo de lectura\" \/>\n\t<meta name=\"twitter:data1\" content=\"1 minuto\" \/>\n<script type=\"application\/ld+json\" class=\"yoast-schema-graph\">{\"@context\":\"https:\\\/\\\/schema.org\",\"@graph\":[{\"@type\":\"WebPage\",\"@id\":\"https:\\\/\\\/letrame.com\\\/catalogo\\\/producto\\\/la-mistica-de-un-grano-de-arena\\\/\",\"url\":\"https:\\\/\\\/letrame.com\\\/catalogo\\\/producto\\\/la-mistica-de-un-grano-de-arena\\\/\",\"name\":\"La m\u00edstica de un grano de arena - Catalogo | Letrame Grupo Editorial\",\"isPartOf\":{\"@id\":\"https:\\\/\\\/letrame.com\\\/catalogo\\\/#website\"},\"primaryImageOfPage\":{\"@id\":\"https:\\\/\\\/letrame.com\\\/catalogo\\\/producto\\\/la-mistica-de-un-grano-de-arena\\\/#primaryimage\"},\"image\":{\"@id\":\"https:\\\/\\\/letrame.com\\\/catalogo\\\/producto\\\/la-mistica-de-un-grano-de-arena\\\/#primaryimage\"},\"thumbnailUrl\":\"https:\\\/\\\/letrame.com\\\/catalogo\\\/wp-content\\\/uploads\\\/2024\\\/04\\\/lamisticadeungrano-scaled-1.jpg\",\"datePublished\":\"2024-04-18T12:09:54+00:00\",\"dateModified\":\"2024-04-18T12:10:05+00:00\",\"breadcrumb\":{\"@id\":\"https:\\\/\\\/letrame.com\\\/catalogo\\\/producto\\\/la-mistica-de-un-grano-de-arena\\\/#breadcrumb\"},\"inLanguage\":\"es\",\"potentialAction\":[{\"@type\":\"ReadAction\",\"target\":[\"https:\\\/\\\/letrame.com\\\/catalogo\\\/producto\\\/la-mistica-de-un-grano-de-arena\\\/\"]}]},{\"@type\":\"ImageObject\",\"inLanguage\":\"es\",\"@id\":\"https:\\\/\\\/letrame.com\\\/catalogo\\\/producto\\\/la-mistica-de-un-grano-de-arena\\\/#primaryimage\",\"url\":\"https:\\\/\\\/letrame.com\\\/catalogo\\\/wp-content\\\/uploads\\\/2024\\\/04\\\/lamisticadeungrano-scaled-1.jpg\",\"contentUrl\":\"https:\\\/\\\/letrame.com\\\/catalogo\\\/wp-content\\\/uploads\\\/2024\\\/04\\\/lamisticadeungrano-scaled-1.jpg\",\"width\":1746,\"height\":2560},{\"@type\":\"BreadcrumbList\",\"@id\":\"https:\\\/\\\/letrame.com\\\/catalogo\\\/producto\\\/la-mistica-de-un-grano-de-arena\\\/#breadcrumb\",\"itemListElement\":[{\"@type\":\"ListItem\",\"position\":1,\"name\":\"Portada\",\"item\":\"https:\\\/\\\/letrame.com\\\/catalogo\\\/\"},{\"@type\":\"ListItem\",\"position\":2,\"name\":\"Cat\u00e1logo\",\"item\":\"https:\\\/\\\/letrame.com\\\/catalogo\\\/\"},{\"@type\":\"ListItem\",\"position\":3,\"name\":\"La m\u00edstica de un grano de arena\"}]},{\"@type\":\"WebSite\",\"@id\":\"https:\\\/\\\/letrame.com\\\/catalogo\\\/#website\",\"url\":\"https:\\\/\\\/letrame.com\\\/catalogo\\\/\",\"name\":\"Catalogo | Letrame Grupo Editorial\",\"description\":\"\",\"publisher\":{\"@id\":\"https:\\\/\\\/letrame.com\\\/catalogo\\\/#organization\"},\"potentialAction\":[{\"@type\":\"SearchAction\",\"target\":{\"@type\":\"EntryPoint\",\"urlTemplate\":\"https:\\\/\\\/letrame.com\\\/catalogo\\\/?s={search_term_string}\"},\"query-input\":{\"@type\":\"PropertyValueSpecification\",\"valueRequired\":true,\"valueName\":\"search_term_string\"}}],\"inLanguage\":\"es\"},{\"@type\":\"Organization\",\"@id\":\"https:\\\/\\\/letrame.com\\\/catalogo\\\/#organization\",\"name\":\"Catalogo | Letrame Grupo Editorial\",\"url\":\"https:\\\/\\\/letrame.com\\\/catalogo\\\/\",\"logo\":{\"@type\":\"ImageObject\",\"inLanguage\":\"es\",\"@id\":\"https:\\\/\\\/letrame.com\\\/catalogo\\\/#\\\/schema\\\/logo\\\/image\\\/\",\"url\":\"https:\\\/\\\/letrame.com\\\/catalogo\\\/wp-content\\\/uploads\\\/2024\\\/03\\\/logo2.webp\",\"contentUrl\":\"https:\\\/\\\/letrame.com\\\/catalogo\\\/wp-content\\\/uploads\\\/2024\\\/03\\\/logo2.webp\",\"width\":394,\"height\":128,\"caption\":\"Catalogo | Letrame Grupo Editorial\"},\"image\":{\"@id\":\"https:\\\/\\\/letrame.com\\\/catalogo\\\/#\\\/schema\\\/logo\\\/image\\\/\"}}]}<\/script>\n<!-- \/ Yoast SEO plugin. -->","yoast_head_json":{"title":"La m\u00edstica de un grano de arena - Catalogo | Letrame Grupo Editorial","robots":{"index":"index","follow":"follow","max-snippet":"max-snippet:-1","max-image-preview":"max-image-preview:large","max-video-preview":"max-video-preview:-1"},"canonical":"https:\/\/letrame.com\/catalogo\/producto\/la-mistica-de-un-grano-de-arena\/","og_locale":"es_ES","og_type":"article","og_title":"La m\u00edstica de un grano de arena - Catalogo | Letrame Grupo Editorial","og_description":"ISBN: 978-84-18468-64-3 La playa es uno de mis \u00faltimos santuarios, el lugar al que suelo dirigirme cuando necesito apartarme de todo. Tras mucho tiempo navegando por una absoluta falta de sentido, lejos de toda voluntad, recurro a ella para limpiar mi conciencia y dejarme llevar por los est\u00edmulos que ofrece el oc\u00e9ano. Lo que empieza siendo un recurso desesperado, un mero b\u00e1lsamo temporal, se ir\u00e1 convirtiendo en una traves\u00eda espiritual transformadora. En ella, los encuentros y las reflexiones se entrelazar\u00e1n generando una nueva red de rumbos extraviados y esperanzas por explorar.","og_url":"https:\/\/letrame.com\/catalogo\/producto\/la-mistica-de-un-grano-de-arena\/","og_site_name":"Catalogo | Letrame Grupo Editorial","article_modified_time":"2024-04-18T12:10:05+00:00","og_image":[{"width":1746,"height":2560,"url":"https:\/\/letrame.com\/catalogo\/wp-content\/uploads\/2024\/04\/lamisticadeungrano-scaled-1.jpg","type":"image\/jpeg"}],"twitter_card":"summary_large_image","twitter_misc":{"Tiempo de lectura":"1 minuto"},"schema":{"@context":"https:\/\/schema.org","@graph":[{"@type":"WebPage","@id":"https:\/\/letrame.com\/catalogo\/producto\/la-mistica-de-un-grano-de-arena\/","url":"https:\/\/letrame.com\/catalogo\/producto\/la-mistica-de-un-grano-de-arena\/","name":"La m\u00edstica de un grano de arena - Catalogo | Letrame Grupo Editorial","isPartOf":{"@id":"https:\/\/letrame.com\/catalogo\/#website"},"primaryImageOfPage":{"@id":"https:\/\/letrame.com\/catalogo\/producto\/la-mistica-de-un-grano-de-arena\/#primaryimage"},"image":{"@id":"https:\/\/letrame.com\/catalogo\/producto\/la-mistica-de-un-grano-de-arena\/#primaryimage"},"thumbnailUrl":"https:\/\/letrame.com\/catalogo\/wp-content\/uploads\/2024\/04\/lamisticadeungrano-scaled-1.jpg","datePublished":"2024-04-18T12:09:54+00:00","dateModified":"2024-04-18T12:10:05+00:00","breadcrumb":{"@id":"https:\/\/letrame.com\/catalogo\/producto\/la-mistica-de-un-grano-de-arena\/#breadcrumb"},"inLanguage":"es","potentialAction":[{"@type":"ReadAction","target":["https:\/\/letrame.com\/catalogo\/producto\/la-mistica-de-un-grano-de-arena\/"]}]},{"@type":"ImageObject","inLanguage":"es","@id":"https:\/\/letrame.com\/catalogo\/producto\/la-mistica-de-un-grano-de-arena\/#primaryimage","url":"https:\/\/letrame.com\/catalogo\/wp-content\/uploads\/2024\/04\/lamisticadeungrano-scaled-1.jpg","contentUrl":"https:\/\/letrame.com\/catalogo\/wp-content\/uploads\/2024\/04\/lamisticadeungrano-scaled-1.jpg","width":1746,"height":2560},{"@type":"BreadcrumbList","@id":"https:\/\/letrame.com\/catalogo\/producto\/la-mistica-de-un-grano-de-arena\/#breadcrumb","itemListElement":[{"@type":"ListItem","position":1,"name":"Portada","item":"https:\/\/letrame.com\/catalogo\/"},{"@type":"ListItem","position":2,"name":"Cat\u00e1logo","item":"https:\/\/letrame.com\/catalogo\/"},{"@type":"ListItem","position":3,"name":"La m\u00edstica de un grano de arena"}]},{"@type":"WebSite","@id":"https:\/\/letrame.com\/catalogo\/#website","url":"https:\/\/letrame.com\/catalogo\/","name":"Catalogo | Letrame Grupo Editorial","description":"","publisher":{"@id":"https:\/\/letrame.com\/catalogo\/#organization"},"potentialAction":[{"@type":"SearchAction","target":{"@type":"EntryPoint","urlTemplate":"https:\/\/letrame.com\/catalogo\/?s={search_term_string}"},"query-input":{"@type":"PropertyValueSpecification","valueRequired":true,"valueName":"search_term_string"}}],"inLanguage":"es"},{"@type":"Organization","@id":"https:\/\/letrame.com\/catalogo\/#organization","name":"Catalogo | Letrame Grupo Editorial","url":"https:\/\/letrame.com\/catalogo\/","logo":{"@type":"ImageObject","inLanguage":"es","@id":"https:\/\/letrame.com\/catalogo\/#\/schema\/logo\/image\/","url":"https:\/\/letrame.com\/catalogo\/wp-content\/uploads\/2024\/03\/logo2.webp","contentUrl":"https:\/\/letrame.com\/catalogo\/wp-content\/uploads\/2024\/03\/logo2.webp","width":394,"height":128,"caption":"Catalogo | Letrame Grupo Editorial"},"image":{"@id":"https:\/\/letrame.com\/catalogo\/#\/schema\/logo\/image\/"}}]}},"_links":{"self":[{"href":"https:\/\/letrame.com\/catalogo\/wp-json\/wp\/v2\/product\/95892","targetHints":{"allow":["GET"]}}],"collection":[{"href":"https:\/\/letrame.com\/catalogo\/wp-json\/wp\/v2\/product"}],"about":[{"href":"https:\/\/letrame.com\/catalogo\/wp-json\/wp\/v2\/types\/product"}],"replies":[{"embeddable":true,"href":"https:\/\/letrame.com\/catalogo\/wp-json\/wp\/v2\/comments?post=95892"}],"acf:post":[{"embeddable":true,"href":"https:\/\/letrame.com\/catalogo\/wp-json\/wp\/v2\/author_book\/74619"}],"wp:featuredmedia":[{"embeddable":true,"href":"https:\/\/letrame.com\/catalogo\/wp-json\/wp\/v2\/media\/95893"}],"wp:attachment":[{"href":"https:\/\/letrame.com\/catalogo\/wp-json\/wp\/v2\/media?parent=95892"}],"wp:term":[{"taxonomy":"libro","embeddable":true,"href":"https:\/\/letrame.com\/catalogo\/wp-json\/wp\/v2\/libro?post=95892"},{"taxonomy":"product_brand","embeddable":true,"href":"https:\/\/letrame.com\/catalogo\/wp-json\/wp\/v2\/product_brand?post=95892"},{"taxonomy":"product_cat","embeddable":true,"href":"https:\/\/letrame.com\/catalogo\/wp-json\/wp\/v2\/product_cat?post=95892"},{"taxonomy":"product_tag","embeddable":true,"href":"https:\/\/letrame.com\/catalogo\/wp-json\/wp\/v2\/product_tag?post=95892"}],"curies":[{"name":"wp","href":"https:\/\/api.w.org\/{rel}","templated":true}]}}