{"id":95847,"date":"2024-04-18T13:29:26","date_gmt":"2024-04-18T11:29:26","guid":{"rendered":"https:\/\/letrame.com\/catalogo\/producto\/no-fue-un-suicidio-si-aun-estas-aqui\/"},"modified":"2024-07-31T11:30:19","modified_gmt":"2024-07-31T09:30:19","slug":"no-fue-un-suicidio-si-aun-estas-aqui","status":"publish","type":"product","link":"https:\/\/letrame.com\/catalogo\/producto\/no-fue-un-suicidio-si-aun-estas-aqui\/","title":{"rendered":"No fue un suicidio si a\u00fan est\u00e1s aqu\u00ed"},"content":{"rendered":"\r\n<p><strong>ISBN<\/strong>: 978-84-18512-33-9<br \/><strong>T\u00edtulo<\/strong>: No fue un suicidio si a\u00fan est\u00e1s aqu\u00ed<br \/><strong>Fecha<\/strong>: 2020<br \/><strong>P\u00e1ginas<\/strong>:\u00a0304<\/p>\r\n\r\n\r\n\r\n<p><strong>SINOPSIS<\/strong><\/p>\r\n\r\n\r\n\r\n<p>Diez a\u00f1os despu\u00e9s, todo parece calmado en Danford. El tiempo puede curarlo todo o al menos soterrarlo bajo la indiferencia.<\/p>\r\n\r\n\r\n\r\n<p>La peque\u00f1a ciudad de Danford ha salido adelante. Los sucesos acaecidos aquel invierno de 1997 se asemejan a un extra\u00f1o sue\u00f1o del que sus habitantes parecen haber despertado y dado de lado.<\/p>\r\n\r\n\r\n\r\n<p>Pero la realidad de este invierno de 2007 est\u00e1 a punto de estallar. Y no va a dejar a nadie fuera de su onda expansiva. A nadie.<\/p>\r\n","protected":false},"excerpt":{"rendered":"<p><strong>ISBN: 978-84-18512-33-9<\/strong><\/p>\n<p>Sinopsis: Diez a\u00f1os despu\u00e9s, todo parece calmado en Danford. El tiempo puede curarlo todo o al menos soterrarlo bajo la indiferencia. La peque\u00f1a ciudad de Danford ha salido adelante. Los sucesos acaecidos aquel invierno de 1997 se asemejan a un extra\u00f1o sue\u00f1o del que sus habitantes parecen haber despertado y dado de lado. Pero la realidad de este invierno de 2007 est\u00e1 a punto de estallar. Y no va a dejar a nadie fuera de su onda expansiva. A nadie.<\/p>\n","protected":false},"featured_media":95848,"comment_status":"closed","ping_status":"closed","template":"","meta":{"_acf_changed":false},"libro":[],"product_brand":[],"product_cat":[51],"product_tag":[],"class_list":{"0":"post-95847","1":"product","2":"type-product","3":"status-publish","4":"has-post-thumbnail","6":"product_cat-novela-negra","8":"first","9":"instock","10":"purchasable","11":"product-type-simple"},"acf":{"autor":[77595],"enlace_de_compra":"https:\/\/www.paypal.com\/cgi-bin\/webscr?cmd=_s-xclick&hosted_button_id=AD9VSH252N2X4"},"yoast_head":"<!-- This site is optimized with the Yoast SEO plugin v27.4 - https:\/\/yoast.com\/product\/yoast-seo-wordpress\/ -->\n<title>No fue un suicidio si a\u00fan est\u00e1s aqu\u00ed - Catalogo | Letrame Grupo Editorial<\/title>\n<meta name=\"robots\" content=\"index, follow, max-snippet:-1, max-image-preview:large, max-video-preview:-1\" \/>\n<link rel=\"canonical\" href=\"https:\/\/letrame.com\/catalogo\/producto\/no-fue-un-suicidio-si-aun-estas-aqui\/\" \/>\n<meta property=\"og:locale\" content=\"es_ES\" \/>\n<meta property=\"og:type\" content=\"article\" \/>\n<meta property=\"og:title\" content=\"No fue un suicidio si a\u00fan est\u00e1s aqu\u00ed - Catalogo | Letrame Grupo Editorial\" \/>\n<meta property=\"og:description\" content=\"ISBN: 978-84-18512-33-9 Sinopsis: Diez a\u00f1os despu\u00e9s, todo parece calmado en Danford. El tiempo puede curarlo todo o al menos soterrarlo bajo la indiferencia. La peque\u00f1a ciudad de Danford ha salido adelante. Los sucesos acaecidos aquel invierno de 1997 se asemejan a un extra\u00f1o sue\u00f1o del que sus habitantes parecen haber despertado y dado de lado. Pero la realidad de este invierno de 2007 est\u00e1 a punto de estallar. Y no va a dejar a nadie fuera de su onda expansiva. A nadie.\" \/>\n<meta property=\"og:url\" content=\"https:\/\/letrame.com\/catalogo\/producto\/no-fue-un-suicidio-si-aun-estas-aqui\/\" \/>\n<meta property=\"og:site_name\" content=\"Catalogo | Letrame Grupo Editorial\" \/>\n<meta property=\"article:modified_time\" content=\"2024-07-31T09:30:19+00:00\" \/>\n<meta property=\"og:image\" content=\"https:\/\/letrame.com\/catalogo\/wp-content\/uploads\/2024\/04\/portada_nofueunsuicidio_1411mm-compressed.jpg\" \/>\n\t<meta property=\"og:image:width\" content=\"1772\" \/>\n\t<meta property=\"og:image:height\" content=\"2480\" \/>\n\t<meta property=\"og:image:type\" content=\"image\/jpeg\" \/>\n<meta name=\"twitter:card\" content=\"summary_large_image\" \/>\n<meta name=\"twitter:label1\" content=\"Tiempo de lectura\" \/>\n\t<meta name=\"twitter:data1\" content=\"1 minuto\" \/>\n<script type=\"application\/ld+json\" class=\"yoast-schema-graph\">{\"@context\":\"https:\\\/\\\/schema.org\",\"@graph\":[{\"@type\":\"WebPage\",\"@id\":\"https:\\\/\\\/letrame.com\\\/catalogo\\\/producto\\\/no-fue-un-suicidio-si-aun-estas-aqui\\\/\",\"url\":\"https:\\\/\\\/letrame.com\\\/catalogo\\\/producto\\\/no-fue-un-suicidio-si-aun-estas-aqui\\\/\",\"name\":\"No fue un suicidio si a\u00fan est\u00e1s aqu\u00ed - Catalogo | Letrame Grupo Editorial\",\"isPartOf\":{\"@id\":\"https:\\\/\\\/letrame.com\\\/catalogo\\\/#website\"},\"primaryImageOfPage\":{\"@id\":\"https:\\\/\\\/letrame.com\\\/catalogo\\\/producto\\\/no-fue-un-suicidio-si-aun-estas-aqui\\\/#primaryimage\"},\"image\":{\"@id\":\"https:\\\/\\\/letrame.com\\\/catalogo\\\/producto\\\/no-fue-un-suicidio-si-aun-estas-aqui\\\/#primaryimage\"},\"thumbnailUrl\":\"https:\\\/\\\/letrame.com\\\/catalogo\\\/wp-content\\\/uploads\\\/2024\\\/04\\\/portada_nofueunsuicidio_1411mm-compressed.jpg\",\"datePublished\":\"2024-04-18T11:29:26+00:00\",\"dateModified\":\"2024-07-31T09:30:19+00:00\",\"breadcrumb\":{\"@id\":\"https:\\\/\\\/letrame.com\\\/catalogo\\\/producto\\\/no-fue-un-suicidio-si-aun-estas-aqui\\\/#breadcrumb\"},\"inLanguage\":\"es\",\"potentialAction\":[{\"@type\":\"ReadAction\",\"target\":[\"https:\\\/\\\/letrame.com\\\/catalogo\\\/producto\\\/no-fue-un-suicidio-si-aun-estas-aqui\\\/\"]}]},{\"@type\":\"ImageObject\",\"inLanguage\":\"es\",\"@id\":\"https:\\\/\\\/letrame.com\\\/catalogo\\\/producto\\\/no-fue-un-suicidio-si-aun-estas-aqui\\\/#primaryimage\",\"url\":\"https:\\\/\\\/letrame.com\\\/catalogo\\\/wp-content\\\/uploads\\\/2024\\\/04\\\/portada_nofueunsuicidio_1411mm-compressed.jpg\",\"contentUrl\":\"https:\\\/\\\/letrame.com\\\/catalogo\\\/wp-content\\\/uploads\\\/2024\\\/04\\\/portada_nofueunsuicidio_1411mm-compressed.jpg\",\"width\":1772,\"height\":2480},{\"@type\":\"BreadcrumbList\",\"@id\":\"https:\\\/\\\/letrame.com\\\/catalogo\\\/producto\\\/no-fue-un-suicidio-si-aun-estas-aqui\\\/#breadcrumb\",\"itemListElement\":[{\"@type\":\"ListItem\",\"position\":1,\"name\":\"Portada\",\"item\":\"https:\\\/\\\/letrame.com\\\/catalogo\\\/\"},{\"@type\":\"ListItem\",\"position\":2,\"name\":\"Cat\u00e1logo\",\"item\":\"https:\\\/\\\/letrame.com\\\/catalogo\\\/\"},{\"@type\":\"ListItem\",\"position\":3,\"name\":\"No fue un suicidio si a\u00fan est\u00e1s aqu\u00ed\"}]},{\"@type\":\"WebSite\",\"@id\":\"https:\\\/\\\/letrame.com\\\/catalogo\\\/#website\",\"url\":\"https:\\\/\\\/letrame.com\\\/catalogo\\\/\",\"name\":\"Catalogo | Letrame Grupo Editorial\",\"description\":\"\",\"publisher\":{\"@id\":\"https:\\\/\\\/letrame.com\\\/catalogo\\\/#organization\"},\"potentialAction\":[{\"@type\":\"SearchAction\",\"target\":{\"@type\":\"EntryPoint\",\"urlTemplate\":\"https:\\\/\\\/letrame.com\\\/catalogo\\\/?s={search_term_string}\"},\"query-input\":{\"@type\":\"PropertyValueSpecification\",\"valueRequired\":true,\"valueName\":\"search_term_string\"}}],\"inLanguage\":\"es\"},{\"@type\":\"Organization\",\"@id\":\"https:\\\/\\\/letrame.com\\\/catalogo\\\/#organization\",\"name\":\"Catalogo | Letrame Grupo Editorial\",\"url\":\"https:\\\/\\\/letrame.com\\\/catalogo\\\/\",\"logo\":{\"@type\":\"ImageObject\",\"inLanguage\":\"es\",\"@id\":\"https:\\\/\\\/letrame.com\\\/catalogo\\\/#\\\/schema\\\/logo\\\/image\\\/\",\"url\":\"https:\\\/\\\/letrame.com\\\/catalogo\\\/wp-content\\\/uploads\\\/2024\\\/03\\\/logo2.webp\",\"contentUrl\":\"https:\\\/\\\/letrame.com\\\/catalogo\\\/wp-content\\\/uploads\\\/2024\\\/03\\\/logo2.webp\",\"width\":394,\"height\":128,\"caption\":\"Catalogo | Letrame Grupo Editorial\"},\"image\":{\"@id\":\"https:\\\/\\\/letrame.com\\\/catalogo\\\/#\\\/schema\\\/logo\\\/image\\\/\"}}]}<\/script>\n<!-- \/ Yoast SEO plugin. -->","yoast_head_json":{"title":"No fue un suicidio si a\u00fan est\u00e1s aqu\u00ed - Catalogo | Letrame Grupo Editorial","robots":{"index":"index","follow":"follow","max-snippet":"max-snippet:-1","max-image-preview":"max-image-preview:large","max-video-preview":"max-video-preview:-1"},"canonical":"https:\/\/letrame.com\/catalogo\/producto\/no-fue-un-suicidio-si-aun-estas-aqui\/","og_locale":"es_ES","og_type":"article","og_title":"No fue un suicidio si a\u00fan est\u00e1s aqu\u00ed - Catalogo | Letrame Grupo Editorial","og_description":"ISBN: 978-84-18512-33-9 Sinopsis: Diez a\u00f1os despu\u00e9s, todo parece calmado en Danford. El tiempo puede curarlo todo o al menos soterrarlo bajo la indiferencia. La peque\u00f1a ciudad de Danford ha salido adelante. Los sucesos acaecidos aquel invierno de 1997 se asemejan a un extra\u00f1o sue\u00f1o del que sus habitantes parecen haber despertado y dado de lado. Pero la realidad de este invierno de 2007 est\u00e1 a punto de estallar. Y no va a dejar a nadie fuera de su onda expansiva. A nadie.","og_url":"https:\/\/letrame.com\/catalogo\/producto\/no-fue-un-suicidio-si-aun-estas-aqui\/","og_site_name":"Catalogo | Letrame Grupo Editorial","article_modified_time":"2024-07-31T09:30:19+00:00","og_image":[{"width":1772,"height":2480,"url":"https:\/\/letrame.com\/catalogo\/wp-content\/uploads\/2024\/04\/portada_nofueunsuicidio_1411mm-compressed.jpg","type":"image\/jpeg"}],"twitter_card":"summary_large_image","twitter_misc":{"Tiempo de lectura":"1 minuto"},"schema":{"@context":"https:\/\/schema.org","@graph":[{"@type":"WebPage","@id":"https:\/\/letrame.com\/catalogo\/producto\/no-fue-un-suicidio-si-aun-estas-aqui\/","url":"https:\/\/letrame.com\/catalogo\/producto\/no-fue-un-suicidio-si-aun-estas-aqui\/","name":"No fue un suicidio si a\u00fan est\u00e1s aqu\u00ed - Catalogo | Letrame Grupo Editorial","isPartOf":{"@id":"https:\/\/letrame.com\/catalogo\/#website"},"primaryImageOfPage":{"@id":"https:\/\/letrame.com\/catalogo\/producto\/no-fue-un-suicidio-si-aun-estas-aqui\/#primaryimage"},"image":{"@id":"https:\/\/letrame.com\/catalogo\/producto\/no-fue-un-suicidio-si-aun-estas-aqui\/#primaryimage"},"thumbnailUrl":"https:\/\/letrame.com\/catalogo\/wp-content\/uploads\/2024\/04\/portada_nofueunsuicidio_1411mm-compressed.jpg","datePublished":"2024-04-18T11:29:26+00:00","dateModified":"2024-07-31T09:30:19+00:00","breadcrumb":{"@id":"https:\/\/letrame.com\/catalogo\/producto\/no-fue-un-suicidio-si-aun-estas-aqui\/#breadcrumb"},"inLanguage":"es","potentialAction":[{"@type":"ReadAction","target":["https:\/\/letrame.com\/catalogo\/producto\/no-fue-un-suicidio-si-aun-estas-aqui\/"]}]},{"@type":"ImageObject","inLanguage":"es","@id":"https:\/\/letrame.com\/catalogo\/producto\/no-fue-un-suicidio-si-aun-estas-aqui\/#primaryimage","url":"https:\/\/letrame.com\/catalogo\/wp-content\/uploads\/2024\/04\/portada_nofueunsuicidio_1411mm-compressed.jpg","contentUrl":"https:\/\/letrame.com\/catalogo\/wp-content\/uploads\/2024\/04\/portada_nofueunsuicidio_1411mm-compressed.jpg","width":1772,"height":2480},{"@type":"BreadcrumbList","@id":"https:\/\/letrame.com\/catalogo\/producto\/no-fue-un-suicidio-si-aun-estas-aqui\/#breadcrumb","itemListElement":[{"@type":"ListItem","position":1,"name":"Portada","item":"https:\/\/letrame.com\/catalogo\/"},{"@type":"ListItem","position":2,"name":"Cat\u00e1logo","item":"https:\/\/letrame.com\/catalogo\/"},{"@type":"ListItem","position":3,"name":"No fue un suicidio si a\u00fan est\u00e1s aqu\u00ed"}]},{"@type":"WebSite","@id":"https:\/\/letrame.com\/catalogo\/#website","url":"https:\/\/letrame.com\/catalogo\/","name":"Catalogo | Letrame Grupo Editorial","description":"","publisher":{"@id":"https:\/\/letrame.com\/catalogo\/#organization"},"potentialAction":[{"@type":"SearchAction","target":{"@type":"EntryPoint","urlTemplate":"https:\/\/letrame.com\/catalogo\/?s={search_term_string}"},"query-input":{"@type":"PropertyValueSpecification","valueRequired":true,"valueName":"search_term_string"}}],"inLanguage":"es"},{"@type":"Organization","@id":"https:\/\/letrame.com\/catalogo\/#organization","name":"Catalogo | Letrame Grupo Editorial","url":"https:\/\/letrame.com\/catalogo\/","logo":{"@type":"ImageObject","inLanguage":"es","@id":"https:\/\/letrame.com\/catalogo\/#\/schema\/logo\/image\/","url":"https:\/\/letrame.com\/catalogo\/wp-content\/uploads\/2024\/03\/logo2.webp","contentUrl":"https:\/\/letrame.com\/catalogo\/wp-content\/uploads\/2024\/03\/logo2.webp","width":394,"height":128,"caption":"Catalogo | Letrame Grupo Editorial"},"image":{"@id":"https:\/\/letrame.com\/catalogo\/#\/schema\/logo\/image\/"}}]}},"_links":{"self":[{"href":"https:\/\/letrame.com\/catalogo\/wp-json\/wp\/v2\/product\/95847","targetHints":{"allow":["GET"]}}],"collection":[{"href":"https:\/\/letrame.com\/catalogo\/wp-json\/wp\/v2\/product"}],"about":[{"href":"https:\/\/letrame.com\/catalogo\/wp-json\/wp\/v2\/types\/product"}],"replies":[{"embeddable":true,"href":"https:\/\/letrame.com\/catalogo\/wp-json\/wp\/v2\/comments?post=95847"}],"acf:post":[{"embeddable":true,"href":"https:\/\/letrame.com\/catalogo\/wp-json\/wp\/v2\/author_book\/77595"}],"wp:featuredmedia":[{"embeddable":true,"href":"https:\/\/letrame.com\/catalogo\/wp-json\/wp\/v2\/media\/95848"}],"wp:attachment":[{"href":"https:\/\/letrame.com\/catalogo\/wp-json\/wp\/v2\/media?parent=95847"}],"wp:term":[{"taxonomy":"libro","embeddable":true,"href":"https:\/\/letrame.com\/catalogo\/wp-json\/wp\/v2\/libro?post=95847"},{"taxonomy":"product_brand","embeddable":true,"href":"https:\/\/letrame.com\/catalogo\/wp-json\/wp\/v2\/product_brand?post=95847"},{"taxonomy":"product_cat","embeddable":true,"href":"https:\/\/letrame.com\/catalogo\/wp-json\/wp\/v2\/product_cat?post=95847"},{"taxonomy":"product_tag","embeddable":true,"href":"https:\/\/letrame.com\/catalogo\/wp-json\/wp\/v2\/product_tag?post=95847"}],"curies":[{"name":"wp","href":"https:\/\/api.w.org\/{rel}","templated":true}]}}