{"id":95761,"date":"2024-04-18T13:19:08","date_gmt":"2024-04-18T11:19:08","guid":{"rendered":"https:\/\/letrame.com\/catalogo\/producto\/a-los-ojos-de-dios\/"},"modified":"2024-04-18T13:19:09","modified_gmt":"2024-04-18T11:19:09","slug":"a-los-ojos-de-dios","status":"publish","type":"product","link":"https:\/\/letrame.com\/catalogo\/producto\/a-los-ojos-de-dios\/","title":{"rendered":"A los ojos de Dios"},"content":{"rendered":"\n<p><strong>ISBN<\/strong>: 978-84-18362-77-4<br><strong>T\u00edtulo<\/strong>: A los ojos de Dios<br><strong>Fecha<\/strong>: 2020<br><strong>P\u00e1ginas<\/strong>:\u00a0302<\/p>\n\n\n\n<p><strong>SINOPSIS<\/strong><\/p>\n\n\n\n<p>Intent\u00e9 huir, pero alguien me golpe\u00f3 en la cabeza y ca\u00ed al suelo. No recuerdo nada m\u00e1s. Cuando abr\u00ed los ojos estaba en un lugar oscuro y fr\u00edo. Abba, me miraba serio. Alce la mano, pero me dijo que no pod\u00eda tocarlo, porque yo estaba muerto. La casa siempre estaba a oscuras. Mama pasaba largas horas llorando sentada en la butaca frente a la chimenea, con mi foto en las manos. Yo sab\u00eda que no estaba muerto, c\u00f3mo sino pod\u00eda acercarme a ella de noche mientras dorm\u00eda, tocarle la cara, acariciarle el pelo.\u00a0 Abba, el rabino, dec\u00eda que no era m\u00e1s que una ilusi\u00f3n de mi esp\u00edritu, que ni siquiera su imagen era real cuando me hablaba. Dijo tambi\u00e9n que el Sheol, ese lugar horrible a donde van las almas impuras, es un sitio enga\u00f1ito, donde los muertos creen estar vivos y act\u00faan como si as\u00ed fuese.\u00a0 Pero yo no estoy muerto. Ni vivo en ese infierno. Sino en casa, en mi casa. Aunque no entiendo por qu\u00e9 nadie puede verme.\u00a0\u00a0\u00a0<\/p>\n\n\n\n<p>Una novela escalofriante, con una fuerte carga emocional y dram\u00e1tica. Donde la fe jud\u00eda, los prejuicios sociales y el complejo mundo de la mente, van unidos de la mano.\u00a0\u00a0\u00a0\u00a0<\/p>\n","protected":false},"excerpt":{"rendered":"<p><strong>ISBN: 978-84-18362-77-4<br data-rich-text-line-break=\"true\" \/><\/strong><\/p>\n<p>Una novela escalofriante, con una fuerte carga emocional y dram\u00e1tica. Donde la fe jud\u00eda, los prejuicios sociales y el complejo mundo de la mente, van unidos de la mano.<\/p>\n","protected":false},"featured_media":95762,"comment_status":"closed","ping_status":"open","template":"","meta":{"_acf_changed":false},"libro":[],"product_brand":[],"product_cat":[16],"product_tag":[],"class_list":{"0":"post-95761","1":"product","2":"type-product","3":"status-publish","4":"has-post-thumbnail","6":"product_cat-novela","8":"first","9":"instock","10":"purchasable","11":"product-type-simple"},"acf":{"autor":[74511],"enlace_de_compra":"https:\/\/www.amazon.es\/los-ojos-Dios-Domingo-Terroba\/dp\/8418362774\/ref=sr_1_1?__mk_es_ES=%C3%85M%C3%85%C5%BD%C3%95%C3%91&amp&dchild=1&amp&keywords=A+los+ojos+de+Dios+letrame&amp&qid=1598354406&amp&sr=8-1"},"yoast_head":"<!-- This site is optimized with the Yoast SEO plugin v27.4 - https:\/\/yoast.com\/product\/yoast-seo-wordpress\/ -->\n<title>A los ojos de Dios - Catalogo | Letrame Grupo Editorial<\/title>\n<meta name=\"robots\" content=\"index, follow, max-snippet:-1, max-image-preview:large, max-video-preview:-1\" \/>\n<link rel=\"canonical\" href=\"https:\/\/letrame.com\/catalogo\/producto\/a-los-ojos-de-dios\/\" \/>\n<meta property=\"og:locale\" content=\"es_ES\" \/>\n<meta property=\"og:type\" content=\"article\" \/>\n<meta property=\"og:title\" content=\"A los ojos de Dios - Catalogo | Letrame Grupo Editorial\" \/>\n<meta property=\"og:description\" content=\"ISBN: 978-84-18362-77-4 Una novela escalofriante, con una fuerte carga emocional y dram\u00e1tica. Donde la fe jud\u00eda, los prejuicios sociales y el complejo mundo de la mente, van unidos de la mano.\" \/>\n<meta property=\"og:url\" content=\"https:\/\/letrame.com\/catalogo\/producto\/a-los-ojos-de-dios\/\" \/>\n<meta property=\"og:site_name\" content=\"Catalogo | Letrame Grupo Editorial\" \/>\n<meta property=\"article:modified_time\" content=\"2024-04-18T11:19:09+00:00\" \/>\n<meta property=\"og:image\" content=\"https:\/\/letrame.com\/catalogo\/wp-content\/uploads\/2024\/04\/xportada_alosojosdedios_1679mm-compressed-1-scaled-1.jpg\" \/>\n\t<meta property=\"og:image:width\" content=\"1746\" \/>\n\t<meta property=\"og:image:height\" content=\"2560\" \/>\n\t<meta property=\"og:image:type\" content=\"image\/jpeg\" \/>\n<meta name=\"twitter:card\" content=\"summary_large_image\" \/>\n<meta name=\"twitter:label1\" content=\"Tiempo de lectura\" \/>\n\t<meta name=\"twitter:data1\" content=\"1 minuto\" \/>\n<script type=\"application\/ld+json\" class=\"yoast-schema-graph\">{\"@context\":\"https:\\\/\\\/schema.org\",\"@graph\":[{\"@type\":\"WebPage\",\"@id\":\"https:\\\/\\\/letrame.com\\\/catalogo\\\/producto\\\/a-los-ojos-de-dios\\\/\",\"url\":\"https:\\\/\\\/letrame.com\\\/catalogo\\\/producto\\\/a-los-ojos-de-dios\\\/\",\"name\":\"A los ojos de Dios - Catalogo | Letrame Grupo Editorial\",\"isPartOf\":{\"@id\":\"https:\\\/\\\/letrame.com\\\/catalogo\\\/#website\"},\"primaryImageOfPage\":{\"@id\":\"https:\\\/\\\/letrame.com\\\/catalogo\\\/producto\\\/a-los-ojos-de-dios\\\/#primaryimage\"},\"image\":{\"@id\":\"https:\\\/\\\/letrame.com\\\/catalogo\\\/producto\\\/a-los-ojos-de-dios\\\/#primaryimage\"},\"thumbnailUrl\":\"https:\\\/\\\/letrame.com\\\/catalogo\\\/wp-content\\\/uploads\\\/2024\\\/04\\\/xportada_alosojosdedios_1679mm-compressed-1-scaled-1.jpg\",\"datePublished\":\"2024-04-18T11:19:08+00:00\",\"dateModified\":\"2024-04-18T11:19:09+00:00\",\"breadcrumb\":{\"@id\":\"https:\\\/\\\/letrame.com\\\/catalogo\\\/producto\\\/a-los-ojos-de-dios\\\/#breadcrumb\"},\"inLanguage\":\"es\",\"potentialAction\":[{\"@type\":\"ReadAction\",\"target\":[\"https:\\\/\\\/letrame.com\\\/catalogo\\\/producto\\\/a-los-ojos-de-dios\\\/\"]}]},{\"@type\":\"ImageObject\",\"inLanguage\":\"es\",\"@id\":\"https:\\\/\\\/letrame.com\\\/catalogo\\\/producto\\\/a-los-ojos-de-dios\\\/#primaryimage\",\"url\":\"https:\\\/\\\/letrame.com\\\/catalogo\\\/wp-content\\\/uploads\\\/2024\\\/04\\\/xportada_alosojosdedios_1679mm-compressed-1-scaled-1.jpg\",\"contentUrl\":\"https:\\\/\\\/letrame.com\\\/catalogo\\\/wp-content\\\/uploads\\\/2024\\\/04\\\/xportada_alosojosdedios_1679mm-compressed-1-scaled-1.jpg\",\"width\":1746,\"height\":2560},{\"@type\":\"BreadcrumbList\",\"@id\":\"https:\\\/\\\/letrame.com\\\/catalogo\\\/producto\\\/a-los-ojos-de-dios\\\/#breadcrumb\",\"itemListElement\":[{\"@type\":\"ListItem\",\"position\":1,\"name\":\"Portada\",\"item\":\"https:\\\/\\\/letrame.com\\\/catalogo\\\/\"},{\"@type\":\"ListItem\",\"position\":2,\"name\":\"Cat\u00e1logo\",\"item\":\"https:\\\/\\\/letrame.com\\\/catalogo\\\/\"},{\"@type\":\"ListItem\",\"position\":3,\"name\":\"A los ojos de Dios\"}]},{\"@type\":\"WebSite\",\"@id\":\"https:\\\/\\\/letrame.com\\\/catalogo\\\/#website\",\"url\":\"https:\\\/\\\/letrame.com\\\/catalogo\\\/\",\"name\":\"Catalogo | Letrame Grupo Editorial\",\"description\":\"\",\"publisher\":{\"@id\":\"https:\\\/\\\/letrame.com\\\/catalogo\\\/#organization\"},\"potentialAction\":[{\"@type\":\"SearchAction\",\"target\":{\"@type\":\"EntryPoint\",\"urlTemplate\":\"https:\\\/\\\/letrame.com\\\/catalogo\\\/?s={search_term_string}\"},\"query-input\":{\"@type\":\"PropertyValueSpecification\",\"valueRequired\":true,\"valueName\":\"search_term_string\"}}],\"inLanguage\":\"es\"},{\"@type\":\"Organization\",\"@id\":\"https:\\\/\\\/letrame.com\\\/catalogo\\\/#organization\",\"name\":\"Catalogo | Letrame Grupo Editorial\",\"url\":\"https:\\\/\\\/letrame.com\\\/catalogo\\\/\",\"logo\":{\"@type\":\"ImageObject\",\"inLanguage\":\"es\",\"@id\":\"https:\\\/\\\/letrame.com\\\/catalogo\\\/#\\\/schema\\\/logo\\\/image\\\/\",\"url\":\"https:\\\/\\\/letrame.com\\\/catalogo\\\/wp-content\\\/uploads\\\/2024\\\/03\\\/logo2.webp\",\"contentUrl\":\"https:\\\/\\\/letrame.com\\\/catalogo\\\/wp-content\\\/uploads\\\/2024\\\/03\\\/logo2.webp\",\"width\":394,\"height\":128,\"caption\":\"Catalogo | Letrame Grupo Editorial\"},\"image\":{\"@id\":\"https:\\\/\\\/letrame.com\\\/catalogo\\\/#\\\/schema\\\/logo\\\/image\\\/\"}}]}<\/script>\n<!-- \/ Yoast SEO plugin. -->","yoast_head_json":{"title":"A los ojos de Dios - Catalogo | Letrame Grupo Editorial","robots":{"index":"index","follow":"follow","max-snippet":"max-snippet:-1","max-image-preview":"max-image-preview:large","max-video-preview":"max-video-preview:-1"},"canonical":"https:\/\/letrame.com\/catalogo\/producto\/a-los-ojos-de-dios\/","og_locale":"es_ES","og_type":"article","og_title":"A los ojos de Dios - Catalogo | Letrame Grupo Editorial","og_description":"ISBN: 978-84-18362-77-4 Una novela escalofriante, con una fuerte carga emocional y dram\u00e1tica. Donde la fe jud\u00eda, los prejuicios sociales y el complejo mundo de la mente, van unidos de la mano.","og_url":"https:\/\/letrame.com\/catalogo\/producto\/a-los-ojos-de-dios\/","og_site_name":"Catalogo | Letrame Grupo Editorial","article_modified_time":"2024-04-18T11:19:09+00:00","og_image":[{"width":1746,"height":2560,"url":"https:\/\/letrame.com\/catalogo\/wp-content\/uploads\/2024\/04\/xportada_alosojosdedios_1679mm-compressed-1-scaled-1.jpg","type":"image\/jpeg"}],"twitter_card":"summary_large_image","twitter_misc":{"Tiempo de lectura":"1 minuto"},"schema":{"@context":"https:\/\/schema.org","@graph":[{"@type":"WebPage","@id":"https:\/\/letrame.com\/catalogo\/producto\/a-los-ojos-de-dios\/","url":"https:\/\/letrame.com\/catalogo\/producto\/a-los-ojos-de-dios\/","name":"A los ojos de Dios - Catalogo | Letrame Grupo Editorial","isPartOf":{"@id":"https:\/\/letrame.com\/catalogo\/#website"},"primaryImageOfPage":{"@id":"https:\/\/letrame.com\/catalogo\/producto\/a-los-ojos-de-dios\/#primaryimage"},"image":{"@id":"https:\/\/letrame.com\/catalogo\/producto\/a-los-ojos-de-dios\/#primaryimage"},"thumbnailUrl":"https:\/\/letrame.com\/catalogo\/wp-content\/uploads\/2024\/04\/xportada_alosojosdedios_1679mm-compressed-1-scaled-1.jpg","datePublished":"2024-04-18T11:19:08+00:00","dateModified":"2024-04-18T11:19:09+00:00","breadcrumb":{"@id":"https:\/\/letrame.com\/catalogo\/producto\/a-los-ojos-de-dios\/#breadcrumb"},"inLanguage":"es","potentialAction":[{"@type":"ReadAction","target":["https:\/\/letrame.com\/catalogo\/producto\/a-los-ojos-de-dios\/"]}]},{"@type":"ImageObject","inLanguage":"es","@id":"https:\/\/letrame.com\/catalogo\/producto\/a-los-ojos-de-dios\/#primaryimage","url":"https:\/\/letrame.com\/catalogo\/wp-content\/uploads\/2024\/04\/xportada_alosojosdedios_1679mm-compressed-1-scaled-1.jpg","contentUrl":"https:\/\/letrame.com\/catalogo\/wp-content\/uploads\/2024\/04\/xportada_alosojosdedios_1679mm-compressed-1-scaled-1.jpg","width":1746,"height":2560},{"@type":"BreadcrumbList","@id":"https:\/\/letrame.com\/catalogo\/producto\/a-los-ojos-de-dios\/#breadcrumb","itemListElement":[{"@type":"ListItem","position":1,"name":"Portada","item":"https:\/\/letrame.com\/catalogo\/"},{"@type":"ListItem","position":2,"name":"Cat\u00e1logo","item":"https:\/\/letrame.com\/catalogo\/"},{"@type":"ListItem","position":3,"name":"A los ojos de Dios"}]},{"@type":"WebSite","@id":"https:\/\/letrame.com\/catalogo\/#website","url":"https:\/\/letrame.com\/catalogo\/","name":"Catalogo | Letrame Grupo Editorial","description":"","publisher":{"@id":"https:\/\/letrame.com\/catalogo\/#organization"},"potentialAction":[{"@type":"SearchAction","target":{"@type":"EntryPoint","urlTemplate":"https:\/\/letrame.com\/catalogo\/?s={search_term_string}"},"query-input":{"@type":"PropertyValueSpecification","valueRequired":true,"valueName":"search_term_string"}}],"inLanguage":"es"},{"@type":"Organization","@id":"https:\/\/letrame.com\/catalogo\/#organization","name":"Catalogo | Letrame Grupo Editorial","url":"https:\/\/letrame.com\/catalogo\/","logo":{"@type":"ImageObject","inLanguage":"es","@id":"https:\/\/letrame.com\/catalogo\/#\/schema\/logo\/image\/","url":"https:\/\/letrame.com\/catalogo\/wp-content\/uploads\/2024\/03\/logo2.webp","contentUrl":"https:\/\/letrame.com\/catalogo\/wp-content\/uploads\/2024\/03\/logo2.webp","width":394,"height":128,"caption":"Catalogo | Letrame Grupo Editorial"},"image":{"@id":"https:\/\/letrame.com\/catalogo\/#\/schema\/logo\/image\/"}}]}},"_links":{"self":[{"href":"https:\/\/letrame.com\/catalogo\/wp-json\/wp\/v2\/product\/95761","targetHints":{"allow":["GET"]}}],"collection":[{"href":"https:\/\/letrame.com\/catalogo\/wp-json\/wp\/v2\/product"}],"about":[{"href":"https:\/\/letrame.com\/catalogo\/wp-json\/wp\/v2\/types\/product"}],"replies":[{"embeddable":true,"href":"https:\/\/letrame.com\/catalogo\/wp-json\/wp\/v2\/comments?post=95761"}],"acf:post":[{"embeddable":true,"href":"https:\/\/letrame.com\/catalogo\/wp-json\/wp\/v2\/author_book\/74511"}],"wp:featuredmedia":[{"embeddable":true,"href":"https:\/\/letrame.com\/catalogo\/wp-json\/wp\/v2\/media\/95762"}],"wp:attachment":[{"href":"https:\/\/letrame.com\/catalogo\/wp-json\/wp\/v2\/media?parent=95761"}],"wp:term":[{"taxonomy":"libro","embeddable":true,"href":"https:\/\/letrame.com\/catalogo\/wp-json\/wp\/v2\/libro?post=95761"},{"taxonomy":"product_brand","embeddable":true,"href":"https:\/\/letrame.com\/catalogo\/wp-json\/wp\/v2\/product_brand?post=95761"},{"taxonomy":"product_cat","embeddable":true,"href":"https:\/\/letrame.com\/catalogo\/wp-json\/wp\/v2\/product_cat?post=95761"},{"taxonomy":"product_tag","embeddable":true,"href":"https:\/\/letrame.com\/catalogo\/wp-json\/wp\/v2\/product_tag?post=95761"}],"curies":[{"name":"wp","href":"https:\/\/api.w.org\/{rel}","templated":true}]}}