{"id":95596,"date":"2024-04-18T13:01:21","date_gmt":"2024-04-18T11:01:21","guid":{"rendered":"https:\/\/letrame.com\/catalogo\/producto\/el-mensaje-en-la-poesia-2\/"},"modified":"2024-04-18T13:01:22","modified_gmt":"2024-04-18T11:01:22","slug":"el-mensaje-en-la-poesia-2","status":"publish","type":"product","link":"https:\/\/letrame.com\/catalogo\/producto\/el-mensaje-en-la-poesia-2\/","title":{"rendered":"El mensaje en la poes\u00eda (2)"},"content":{"rendered":"\n<p><strong>ISBN<\/strong>: 978-84-18240-70-6<br><strong>T\u00edtulo<\/strong>: El mensaje en la poes\u00eda (2)<br><strong>Fecha<\/strong>: 2020<br><strong>P\u00e1ginas<\/strong>: 134<\/p>\n\n\n\n<div style=\"height:54px\" aria-hidden=\"true\" class=\"wp-block-spacer\"><\/div>\n\n\n\n<p><strong>SINOPSIS<\/strong><\/p>\n\n\n\n<p>Cuando pasas a una nueva etapa de tu carrera en la vida y rastreas en los sedimentos de tus recuerdos desde tu juventud hasta tus d\u00edas, acabas sintiendo la necesidad de preguntarte: \u00bfhabr\u00e9 conseguido saldar el esfuerzo y el sacrificio en mis aspiraciones con mis satisfacciones? Finalmente el tiempo te da la respuesta: \u00abSin ilusi\u00f3n nunca habr\u00e1 sacrificio y sin sacrificio, nunca habr\u00e1 satisfacci\u00f3n\u00bb. Y esta posiblemente haya sido una de las razones, no solo de este poemario, tambi\u00e9n en mi pasi\u00f3n, casi obsesi\u00f3n, por escribir desde mi infancia y que hasta ahora solo hab\u00eda podido hacer en revistas profesionales. Tal vez esta tambi\u00e9n sea una de las razones por las que tanto en la poes\u00eda como en las frases imprimo razonamientos impregnados en la vieja y cotidiana filosof\u00eda de la vida, raz\u00f3n imperita que da origen al t\u00edtulo de esta obra, El mensaje en la poes\u00eda-2.<\/p>\n","protected":false},"excerpt":{"rendered":"<p><strong>ISBN:\u00a0<span class=\"sku\">978-84-18240-70-6<\/span><\/strong><\/p>\n<p>Cuando pasas a una nueva etapa de tu carrera en la vida y rastreas en los sedimentos de tus recuerdos desde tu juventud hasta tus d\u00edas, acabas sintiendo la necesidad de preguntarte: \u00bfhabr\u00e9 conseguido saldar el esfuerzo y el sacrificio en mis aspiraciones con mis satisfacciones?\u00a0 \u00a0<\/p>\n","protected":false},"featured_media":95597,"comment_status":"closed","ping_status":"open","template":"","meta":{"_acf_changed":false},"libro":[],"product_brand":[],"product_cat":[20],"product_tag":[],"class_list":{"0":"post-95596","1":"product","2":"type-product","3":"status-publish","4":"has-post-thumbnail","6":"product_cat-poesia","8":"first","9":"instock","10":"purchasable","11":"product-type-simple"},"acf":{"autor":[73413],"enlace_de_compra":"https:\/\/www.amazon.es\/mensaje-poes%C3%ADa-Olegario-Gonz%C3%A1lez-Prado\/dp\/8418240709\/ref=sr_1_1?__mk_es_ES=%C3%85M%C3%85%C5%BD%C3%95%C3%91&amp&dchild=1&amp&keywords=El+mensaje+en+la+poes%C3%ADa+%282%29+letrame&amp&qid=1594727450&amp&s=books&amp&sr=1-1"},"yoast_head":"<!-- This site is optimized with the Yoast SEO plugin v27.4 - https:\/\/yoast.com\/product\/yoast-seo-wordpress\/ -->\n<title>El mensaje en la poes\u00eda (2) - Catalogo | Letrame Grupo Editorial<\/title>\n<meta name=\"robots\" content=\"index, follow, max-snippet:-1, max-image-preview:large, max-video-preview:-1\" \/>\n<link rel=\"canonical\" href=\"https:\/\/letrame.com\/catalogo\/producto\/el-mensaje-en-la-poesia-2\/\" \/>\n<meta property=\"og:locale\" content=\"es_ES\" \/>\n<meta property=\"og:type\" content=\"article\" \/>\n<meta property=\"og:title\" content=\"El mensaje en la poes\u00eda (2) - Catalogo | Letrame Grupo Editorial\" \/>\n<meta property=\"og:description\" content=\"ISBN:\u00a0978-84-18240-70-6 Cuando pasas a una nueva etapa de tu carrera en la vida y rastreas en los sedimentos de tus recuerdos desde tu juventud hasta tus d\u00edas, acabas sintiendo la necesidad de preguntarte: \u00bfhabr\u00e9 conseguido saldar el esfuerzo y el sacrificio en mis aspiraciones con mis satisfacciones?\u00a0 \u00a0\" \/>\n<meta property=\"og:url\" content=\"https:\/\/letrame.com\/catalogo\/producto\/el-mensaje-en-la-poesia-2\/\" \/>\n<meta property=\"og:site_name\" content=\"Catalogo | Letrame Grupo Editorial\" \/>\n<meta property=\"article:modified_time\" content=\"2024-04-18T11:01:22+00:00\" \/>\n<meta property=\"og:image\" content=\"https:\/\/letrame.com\/catalogo\/wp-content\/uploads\/2024\/04\/El-mensaje-en-la-poesia-2-scaled-1.jpg\" \/>\n\t<meta property=\"og:image:width\" content=\"1746\" \/>\n\t<meta property=\"og:image:height\" content=\"2560\" \/>\n\t<meta property=\"og:image:type\" content=\"image\/jpeg\" \/>\n<meta name=\"twitter:card\" content=\"summary_large_image\" \/>\n<meta name=\"twitter:label1\" content=\"Tiempo de lectura\" \/>\n\t<meta name=\"twitter:data1\" content=\"1 minuto\" \/>\n<script type=\"application\/ld+json\" class=\"yoast-schema-graph\">{\"@context\":\"https:\\\/\\\/schema.org\",\"@graph\":[{\"@type\":\"WebPage\",\"@id\":\"https:\\\/\\\/letrame.com\\\/catalogo\\\/producto\\\/el-mensaje-en-la-poesia-2\\\/\",\"url\":\"https:\\\/\\\/letrame.com\\\/catalogo\\\/producto\\\/el-mensaje-en-la-poesia-2\\\/\",\"name\":\"El mensaje en la poes\u00eda (2) - Catalogo | Letrame Grupo Editorial\",\"isPartOf\":{\"@id\":\"https:\\\/\\\/letrame.com\\\/catalogo\\\/#website\"},\"primaryImageOfPage\":{\"@id\":\"https:\\\/\\\/letrame.com\\\/catalogo\\\/producto\\\/el-mensaje-en-la-poesia-2\\\/#primaryimage\"},\"image\":{\"@id\":\"https:\\\/\\\/letrame.com\\\/catalogo\\\/producto\\\/el-mensaje-en-la-poesia-2\\\/#primaryimage\"},\"thumbnailUrl\":\"https:\\\/\\\/letrame.com\\\/catalogo\\\/wp-content\\\/uploads\\\/2024\\\/04\\\/El-mensaje-en-la-poesia-2-scaled-1.jpg\",\"datePublished\":\"2024-04-18T11:01:21+00:00\",\"dateModified\":\"2024-04-18T11:01:22+00:00\",\"breadcrumb\":{\"@id\":\"https:\\\/\\\/letrame.com\\\/catalogo\\\/producto\\\/el-mensaje-en-la-poesia-2\\\/#breadcrumb\"},\"inLanguage\":\"es\",\"potentialAction\":[{\"@type\":\"ReadAction\",\"target\":[\"https:\\\/\\\/letrame.com\\\/catalogo\\\/producto\\\/el-mensaje-en-la-poesia-2\\\/\"]}]},{\"@type\":\"ImageObject\",\"inLanguage\":\"es\",\"@id\":\"https:\\\/\\\/letrame.com\\\/catalogo\\\/producto\\\/el-mensaje-en-la-poesia-2\\\/#primaryimage\",\"url\":\"https:\\\/\\\/letrame.com\\\/catalogo\\\/wp-content\\\/uploads\\\/2024\\\/04\\\/El-mensaje-en-la-poesia-2-scaled-1.jpg\",\"contentUrl\":\"https:\\\/\\\/letrame.com\\\/catalogo\\\/wp-content\\\/uploads\\\/2024\\\/04\\\/El-mensaje-en-la-poesia-2-scaled-1.jpg\",\"width\":1746,\"height\":2560},{\"@type\":\"BreadcrumbList\",\"@id\":\"https:\\\/\\\/letrame.com\\\/catalogo\\\/producto\\\/el-mensaje-en-la-poesia-2\\\/#breadcrumb\",\"itemListElement\":[{\"@type\":\"ListItem\",\"position\":1,\"name\":\"Portada\",\"item\":\"https:\\\/\\\/letrame.com\\\/catalogo\\\/\"},{\"@type\":\"ListItem\",\"position\":2,\"name\":\"Cat\u00e1logo\",\"item\":\"https:\\\/\\\/letrame.com\\\/catalogo\\\/\"},{\"@type\":\"ListItem\",\"position\":3,\"name\":\"El mensaje en la poes\u00eda (2)\"}]},{\"@type\":\"WebSite\",\"@id\":\"https:\\\/\\\/letrame.com\\\/catalogo\\\/#website\",\"url\":\"https:\\\/\\\/letrame.com\\\/catalogo\\\/\",\"name\":\"Catalogo | Letrame Grupo Editorial\",\"description\":\"\",\"publisher\":{\"@id\":\"https:\\\/\\\/letrame.com\\\/catalogo\\\/#organization\"},\"potentialAction\":[{\"@type\":\"SearchAction\",\"target\":{\"@type\":\"EntryPoint\",\"urlTemplate\":\"https:\\\/\\\/letrame.com\\\/catalogo\\\/?s={search_term_string}\"},\"query-input\":{\"@type\":\"PropertyValueSpecification\",\"valueRequired\":true,\"valueName\":\"search_term_string\"}}],\"inLanguage\":\"es\"},{\"@type\":\"Organization\",\"@id\":\"https:\\\/\\\/letrame.com\\\/catalogo\\\/#organization\",\"name\":\"Catalogo | Letrame Grupo Editorial\",\"url\":\"https:\\\/\\\/letrame.com\\\/catalogo\\\/\",\"logo\":{\"@type\":\"ImageObject\",\"inLanguage\":\"es\",\"@id\":\"https:\\\/\\\/letrame.com\\\/catalogo\\\/#\\\/schema\\\/logo\\\/image\\\/\",\"url\":\"https:\\\/\\\/letrame.com\\\/catalogo\\\/wp-content\\\/uploads\\\/2024\\\/03\\\/logo2.webp\",\"contentUrl\":\"https:\\\/\\\/letrame.com\\\/catalogo\\\/wp-content\\\/uploads\\\/2024\\\/03\\\/logo2.webp\",\"width\":394,\"height\":128,\"caption\":\"Catalogo | Letrame Grupo Editorial\"},\"image\":{\"@id\":\"https:\\\/\\\/letrame.com\\\/catalogo\\\/#\\\/schema\\\/logo\\\/image\\\/\"}}]}<\/script>\n<!-- \/ Yoast SEO plugin. -->","yoast_head_json":{"title":"El mensaje en la poes\u00eda (2) - Catalogo | Letrame Grupo Editorial","robots":{"index":"index","follow":"follow","max-snippet":"max-snippet:-1","max-image-preview":"max-image-preview:large","max-video-preview":"max-video-preview:-1"},"canonical":"https:\/\/letrame.com\/catalogo\/producto\/el-mensaje-en-la-poesia-2\/","og_locale":"es_ES","og_type":"article","og_title":"El mensaje en la poes\u00eda (2) - Catalogo | Letrame Grupo Editorial","og_description":"ISBN:\u00a0978-84-18240-70-6 Cuando pasas a una nueva etapa de tu carrera en la vida y rastreas en los sedimentos de tus recuerdos desde tu juventud hasta tus d\u00edas, acabas sintiendo la necesidad de preguntarte: \u00bfhabr\u00e9 conseguido saldar el esfuerzo y el sacrificio en mis aspiraciones con mis satisfacciones?\u00a0 \u00a0","og_url":"https:\/\/letrame.com\/catalogo\/producto\/el-mensaje-en-la-poesia-2\/","og_site_name":"Catalogo | Letrame Grupo Editorial","article_modified_time":"2024-04-18T11:01:22+00:00","og_image":[{"width":1746,"height":2560,"url":"https:\/\/letrame.com\/catalogo\/wp-content\/uploads\/2024\/04\/El-mensaje-en-la-poesia-2-scaled-1.jpg","type":"image\/jpeg"}],"twitter_card":"summary_large_image","twitter_misc":{"Tiempo de lectura":"1 minuto"},"schema":{"@context":"https:\/\/schema.org","@graph":[{"@type":"WebPage","@id":"https:\/\/letrame.com\/catalogo\/producto\/el-mensaje-en-la-poesia-2\/","url":"https:\/\/letrame.com\/catalogo\/producto\/el-mensaje-en-la-poesia-2\/","name":"El mensaje en la poes\u00eda (2) - Catalogo | Letrame Grupo Editorial","isPartOf":{"@id":"https:\/\/letrame.com\/catalogo\/#website"},"primaryImageOfPage":{"@id":"https:\/\/letrame.com\/catalogo\/producto\/el-mensaje-en-la-poesia-2\/#primaryimage"},"image":{"@id":"https:\/\/letrame.com\/catalogo\/producto\/el-mensaje-en-la-poesia-2\/#primaryimage"},"thumbnailUrl":"https:\/\/letrame.com\/catalogo\/wp-content\/uploads\/2024\/04\/El-mensaje-en-la-poesia-2-scaled-1.jpg","datePublished":"2024-04-18T11:01:21+00:00","dateModified":"2024-04-18T11:01:22+00:00","breadcrumb":{"@id":"https:\/\/letrame.com\/catalogo\/producto\/el-mensaje-en-la-poesia-2\/#breadcrumb"},"inLanguage":"es","potentialAction":[{"@type":"ReadAction","target":["https:\/\/letrame.com\/catalogo\/producto\/el-mensaje-en-la-poesia-2\/"]}]},{"@type":"ImageObject","inLanguage":"es","@id":"https:\/\/letrame.com\/catalogo\/producto\/el-mensaje-en-la-poesia-2\/#primaryimage","url":"https:\/\/letrame.com\/catalogo\/wp-content\/uploads\/2024\/04\/El-mensaje-en-la-poesia-2-scaled-1.jpg","contentUrl":"https:\/\/letrame.com\/catalogo\/wp-content\/uploads\/2024\/04\/El-mensaje-en-la-poesia-2-scaled-1.jpg","width":1746,"height":2560},{"@type":"BreadcrumbList","@id":"https:\/\/letrame.com\/catalogo\/producto\/el-mensaje-en-la-poesia-2\/#breadcrumb","itemListElement":[{"@type":"ListItem","position":1,"name":"Portada","item":"https:\/\/letrame.com\/catalogo\/"},{"@type":"ListItem","position":2,"name":"Cat\u00e1logo","item":"https:\/\/letrame.com\/catalogo\/"},{"@type":"ListItem","position":3,"name":"El mensaje en la poes\u00eda (2)"}]},{"@type":"WebSite","@id":"https:\/\/letrame.com\/catalogo\/#website","url":"https:\/\/letrame.com\/catalogo\/","name":"Catalogo | Letrame Grupo Editorial","description":"","publisher":{"@id":"https:\/\/letrame.com\/catalogo\/#organization"},"potentialAction":[{"@type":"SearchAction","target":{"@type":"EntryPoint","urlTemplate":"https:\/\/letrame.com\/catalogo\/?s={search_term_string}"},"query-input":{"@type":"PropertyValueSpecification","valueRequired":true,"valueName":"search_term_string"}}],"inLanguage":"es"},{"@type":"Organization","@id":"https:\/\/letrame.com\/catalogo\/#organization","name":"Catalogo | Letrame Grupo Editorial","url":"https:\/\/letrame.com\/catalogo\/","logo":{"@type":"ImageObject","inLanguage":"es","@id":"https:\/\/letrame.com\/catalogo\/#\/schema\/logo\/image\/","url":"https:\/\/letrame.com\/catalogo\/wp-content\/uploads\/2024\/03\/logo2.webp","contentUrl":"https:\/\/letrame.com\/catalogo\/wp-content\/uploads\/2024\/03\/logo2.webp","width":394,"height":128,"caption":"Catalogo | Letrame Grupo Editorial"},"image":{"@id":"https:\/\/letrame.com\/catalogo\/#\/schema\/logo\/image\/"}}]}},"_links":{"self":[{"href":"https:\/\/letrame.com\/catalogo\/wp-json\/wp\/v2\/product\/95596","targetHints":{"allow":["GET"]}}],"collection":[{"href":"https:\/\/letrame.com\/catalogo\/wp-json\/wp\/v2\/product"}],"about":[{"href":"https:\/\/letrame.com\/catalogo\/wp-json\/wp\/v2\/types\/product"}],"replies":[{"embeddable":true,"href":"https:\/\/letrame.com\/catalogo\/wp-json\/wp\/v2\/comments?post=95596"}],"acf:post":[{"embeddable":true,"href":"https:\/\/letrame.com\/catalogo\/wp-json\/wp\/v2\/author_book\/73413"}],"wp:featuredmedia":[{"embeddable":true,"href":"https:\/\/letrame.com\/catalogo\/wp-json\/wp\/v2\/media\/95597"}],"wp:attachment":[{"href":"https:\/\/letrame.com\/catalogo\/wp-json\/wp\/v2\/media?parent=95596"}],"wp:term":[{"taxonomy":"libro","embeddable":true,"href":"https:\/\/letrame.com\/catalogo\/wp-json\/wp\/v2\/libro?post=95596"},{"taxonomy":"product_brand","embeddable":true,"href":"https:\/\/letrame.com\/catalogo\/wp-json\/wp\/v2\/product_brand?post=95596"},{"taxonomy":"product_cat","embeddable":true,"href":"https:\/\/letrame.com\/catalogo\/wp-json\/wp\/v2\/product_cat?post=95596"},{"taxonomy":"product_tag","embeddable":true,"href":"https:\/\/letrame.com\/catalogo\/wp-json\/wp\/v2\/product_tag?post=95596"}],"curies":[{"name":"wp","href":"https:\/\/api.w.org\/{rel}","templated":true}]}}