{"id":94967,"date":"2024-04-18T11:42:00","date_gmt":"2024-04-18T09:42:00","guid":{"rendered":"https:\/\/letrame.com\/catalogo\/producto\/las-cenizas-del-senor-lang\/"},"modified":"2024-05-15T14:18:06","modified_gmt":"2024-05-15T12:18:06","slug":"las-cenizas-del-senor-lang","status":"publish","type":"product","link":"https:\/\/letrame.com\/catalogo\/producto\/las-cenizas-del-senor-lang\/","title":{"rendered":"Las cenizas del Se\u00f1or Lang"},"content":{"rendered":"<p><strong>ISBN<\/strong>: 978-84-17965-88-4<br \/>\n<strong>T\u00edtulo<\/strong>: Las cenizas del Se\u00f1or Lang<br \/>\n<strong>Fecha<\/strong>: 2019<br \/>\n<strong>P\u00e1ginas<\/strong>: 132<\/p>\n<p>&nbsp;<\/p>\n<p><strong>SINOPSIS<\/strong><\/p>\n<section>\n<div class=\"about-this-book\">\n<div class=\"container\">\n<div class=\"right-detail shop-detail1 pull-right col-md-8 col-sm-8 col-xs-12\">\n<div id=\"editionnal-reviews\" class=\"book-desc-detail\"><span class=\"detail-desc box-detail-desc\">Las Cenizas del Se\u00f1or Lang es la \u00f3pera prima del autor. Tras la inesperada muerte de su mejor amigo, Luis Vives cumple la promesa de esparcir sus cenizas por siete lugares del planeta designados por aquel en su testamento como \u00faltima voluntad. En su periplo por los cinco continentes, con el agua como hilo conductor, un diario marcar\u00e1 la ruta, no solo de un viaje de ensue\u00f1o, sino de un retorno al pasado, a la infancia, al reencuentro de uno mismo y a los valores esenciales de una humanidad en plena decadencia.<\/span><\/div>\n<div id=\"clear-scroll\" class=\"clearfix\"><\/div>\n<\/div>\n<\/div>\n<\/div>\n<\/section>\n<div class=\"feature-section feature-option2\">\n<div class=\"container\">\n<div class=\"related products\">\n<div class=\"title-box\"><\/div>\n<\/div>\n<\/div>\n<\/div>\n","protected":false},"excerpt":{"rendered":"<p><strong>ISBN: 978-84-17965-88-4<\/strong><\/p>\n<p><em>Las Cenizas del Se\u00f1or Lang<\/em> es la \u00f3pera prima del autor. Tras la inesperada muerte de su mejor amigo, Luis Vives cumple la promesa de esparcir sus cenizas por siete lugares del planeta designados por aquel en su testamento como \u00faltima voluntad. En su periplo por los cinco continentes, con el agua como hilo conductor, un diario marcar\u00e1 la ruta, no solo de un viaje de ensue\u00f1o, sino de un retorno al pasado, a la infancia, al reencuentro de uno mismo y a los valores esenciales de una humanidad en plena decadencia.<\/p>\n","protected":false},"featured_media":100009,"comment_status":"closed","ping_status":"closed","template":"","meta":{"_acf_changed":false},"libro":[],"product_brand":[],"product_cat":[16],"product_tag":[],"class_list":{"0":"post-94967","1":"product","2":"type-product","3":"status-publish","4":"has-post-thumbnail","6":"product_cat-novela","8":"first","9":"instock","10":"purchasable","11":"product-type-simple"},"acf":{"autor":[73818],"enlace_de_compra":"https:\/\/www.amazon.es\/Las-Cenizas-del-Se%C3%B1or-Lang\/dp\/8417965882\/ref=sr_1_1?__mk_es_ES=%C3%85M%C3%85%C5%BD%C3%95%C3%91&amp&keywords=las+cenizas+del+se%C3%B1or+lang&amp&qid=1567614542&amp&s=gateway&amp&sr=8-1"},"yoast_head":"<!-- This site is optimized with the Yoast SEO plugin v27.4 - https:\/\/yoast.com\/product\/yoast-seo-wordpress\/ -->\n<title>Las cenizas del Se\u00f1or Lang - Catalogo | Letrame Grupo Editorial<\/title>\n<meta name=\"robots\" content=\"index, follow, max-snippet:-1, max-image-preview:large, max-video-preview:-1\" \/>\n<link rel=\"canonical\" href=\"https:\/\/letrame.com\/catalogo\/producto\/las-cenizas-del-senor-lang\/\" \/>\n<meta property=\"og:locale\" content=\"es_ES\" \/>\n<meta property=\"og:type\" content=\"article\" \/>\n<meta property=\"og:title\" content=\"Las cenizas del Se\u00f1or Lang - Catalogo | Letrame Grupo Editorial\" \/>\n<meta property=\"og:description\" content=\"ISBN: 978-84-17965-88-4  Las Cenizas del Se\u00f1or Lang es la \u00f3pera prima del autor. Tras la inesperada muerte de su mejor amigo, Luis Vives cumple la promesa de esparcir sus cenizas por siete lugares del planeta designados por aquel en su testamento como \u00faltima voluntad. En su periplo por los cinco continentes, con el agua como hilo conductor, un diario marcar\u00e1 la ruta, no solo de un viaje de ensue\u00f1o, sino de un retorno al pasado, a la infancia, al reencuentro de uno mismo y a los valores esenciales de una humanidad en plena decadencia.\" \/>\n<meta property=\"og:url\" content=\"https:\/\/letrame.com\/catalogo\/producto\/las-cenizas-del-senor-lang\/\" \/>\n<meta property=\"og:site_name\" content=\"Catalogo | Letrame Grupo Editorial\" \/>\n<meta property=\"article:modified_time\" content=\"2024-05-15T12:18:06+00:00\" \/>\n<meta property=\"og:image\" content=\"https:\/\/letrame.com\/catalogo\/wp-content\/uploads\/2024\/04\/portada_Lascenizasdelsenorlang_8mm-compressed.webp\" \/>\n\t<meta property=\"og:image:width\" content=\"1594\" \/>\n\t<meta property=\"og:image:height\" content=\"2480\" \/>\n\t<meta property=\"og:image:type\" content=\"image\/webp\" \/>\n<meta name=\"twitter:card\" content=\"summary_large_image\" \/>\n<meta name=\"twitter:label1\" content=\"Tiempo de lectura\" \/>\n\t<meta name=\"twitter:data1\" content=\"1 minuto\" \/>\n<script type=\"application\/ld+json\" class=\"yoast-schema-graph\">{\"@context\":\"https:\\\/\\\/schema.org\",\"@graph\":[{\"@type\":\"WebPage\",\"@id\":\"https:\\\/\\\/letrame.com\\\/catalogo\\\/producto\\\/las-cenizas-del-senor-lang\\\/\",\"url\":\"https:\\\/\\\/letrame.com\\\/catalogo\\\/producto\\\/las-cenizas-del-senor-lang\\\/\",\"name\":\"Las cenizas del Se\u00f1or Lang - Catalogo | Letrame Grupo Editorial\",\"isPartOf\":{\"@id\":\"https:\\\/\\\/letrame.com\\\/catalogo\\\/#website\"},\"primaryImageOfPage\":{\"@id\":\"https:\\\/\\\/letrame.com\\\/catalogo\\\/producto\\\/las-cenizas-del-senor-lang\\\/#primaryimage\"},\"image\":{\"@id\":\"https:\\\/\\\/letrame.com\\\/catalogo\\\/producto\\\/las-cenizas-del-senor-lang\\\/#primaryimage\"},\"thumbnailUrl\":\"https:\\\/\\\/letrame.com\\\/catalogo\\\/wp-content\\\/uploads\\\/2024\\\/04\\\/portada_Lascenizasdelsenorlang_8mm-compressed.webp\",\"datePublished\":\"2024-04-18T09:42:00+00:00\",\"dateModified\":\"2024-05-15T12:18:06+00:00\",\"breadcrumb\":{\"@id\":\"https:\\\/\\\/letrame.com\\\/catalogo\\\/producto\\\/las-cenizas-del-senor-lang\\\/#breadcrumb\"},\"inLanguage\":\"es\",\"potentialAction\":[{\"@type\":\"ReadAction\",\"target\":[\"https:\\\/\\\/letrame.com\\\/catalogo\\\/producto\\\/las-cenizas-del-senor-lang\\\/\"]}]},{\"@type\":\"ImageObject\",\"inLanguage\":\"es\",\"@id\":\"https:\\\/\\\/letrame.com\\\/catalogo\\\/producto\\\/las-cenizas-del-senor-lang\\\/#primaryimage\",\"url\":\"https:\\\/\\\/letrame.com\\\/catalogo\\\/wp-content\\\/uploads\\\/2024\\\/04\\\/portada_Lascenizasdelsenorlang_8mm-compressed.webp\",\"contentUrl\":\"https:\\\/\\\/letrame.com\\\/catalogo\\\/wp-content\\\/uploads\\\/2024\\\/04\\\/portada_Lascenizasdelsenorlang_8mm-compressed.webp\",\"width\":1594,\"height\":2480},{\"@type\":\"BreadcrumbList\",\"@id\":\"https:\\\/\\\/letrame.com\\\/catalogo\\\/producto\\\/las-cenizas-del-senor-lang\\\/#breadcrumb\",\"itemListElement\":[{\"@type\":\"ListItem\",\"position\":1,\"name\":\"Portada\",\"item\":\"https:\\\/\\\/letrame.com\\\/catalogo\\\/\"},{\"@type\":\"ListItem\",\"position\":2,\"name\":\"Cat\u00e1logo\",\"item\":\"https:\\\/\\\/letrame.com\\\/catalogo\\\/\"},{\"@type\":\"ListItem\",\"position\":3,\"name\":\"Las cenizas del Se\u00f1or Lang\"}]},{\"@type\":\"WebSite\",\"@id\":\"https:\\\/\\\/letrame.com\\\/catalogo\\\/#website\",\"url\":\"https:\\\/\\\/letrame.com\\\/catalogo\\\/\",\"name\":\"Catalogo | Letrame Grupo Editorial\",\"description\":\"\",\"publisher\":{\"@id\":\"https:\\\/\\\/letrame.com\\\/catalogo\\\/#organization\"},\"potentialAction\":[{\"@type\":\"SearchAction\",\"target\":{\"@type\":\"EntryPoint\",\"urlTemplate\":\"https:\\\/\\\/letrame.com\\\/catalogo\\\/?s={search_term_string}\"},\"query-input\":{\"@type\":\"PropertyValueSpecification\",\"valueRequired\":true,\"valueName\":\"search_term_string\"}}],\"inLanguage\":\"es\"},{\"@type\":\"Organization\",\"@id\":\"https:\\\/\\\/letrame.com\\\/catalogo\\\/#organization\",\"name\":\"Catalogo | Letrame Grupo Editorial\",\"url\":\"https:\\\/\\\/letrame.com\\\/catalogo\\\/\",\"logo\":{\"@type\":\"ImageObject\",\"inLanguage\":\"es\",\"@id\":\"https:\\\/\\\/letrame.com\\\/catalogo\\\/#\\\/schema\\\/logo\\\/image\\\/\",\"url\":\"https:\\\/\\\/letrame.com\\\/catalogo\\\/wp-content\\\/uploads\\\/2024\\\/03\\\/logo2.webp\",\"contentUrl\":\"https:\\\/\\\/letrame.com\\\/catalogo\\\/wp-content\\\/uploads\\\/2024\\\/03\\\/logo2.webp\",\"width\":394,\"height\":128,\"caption\":\"Catalogo | Letrame Grupo Editorial\"},\"image\":{\"@id\":\"https:\\\/\\\/letrame.com\\\/catalogo\\\/#\\\/schema\\\/logo\\\/image\\\/\"}}]}<\/script>\n<!-- \/ Yoast SEO plugin. -->","yoast_head_json":{"title":"Las cenizas del Se\u00f1or Lang - Catalogo | Letrame Grupo Editorial","robots":{"index":"index","follow":"follow","max-snippet":"max-snippet:-1","max-image-preview":"max-image-preview:large","max-video-preview":"max-video-preview:-1"},"canonical":"https:\/\/letrame.com\/catalogo\/producto\/las-cenizas-del-senor-lang\/","og_locale":"es_ES","og_type":"article","og_title":"Las cenizas del Se\u00f1or Lang - Catalogo | Letrame Grupo Editorial","og_description":"ISBN: 978-84-17965-88-4  Las Cenizas del Se\u00f1or Lang es la \u00f3pera prima del autor. Tras la inesperada muerte de su mejor amigo, Luis Vives cumple la promesa de esparcir sus cenizas por siete lugares del planeta designados por aquel en su testamento como \u00faltima voluntad. En su periplo por los cinco continentes, con el agua como hilo conductor, un diario marcar\u00e1 la ruta, no solo de un viaje de ensue\u00f1o, sino de un retorno al pasado, a la infancia, al reencuentro de uno mismo y a los valores esenciales de una humanidad en plena decadencia.","og_url":"https:\/\/letrame.com\/catalogo\/producto\/las-cenizas-del-senor-lang\/","og_site_name":"Catalogo | Letrame Grupo Editorial","article_modified_time":"2024-05-15T12:18:06+00:00","og_image":[{"width":1594,"height":2480,"url":"https:\/\/letrame.com\/catalogo\/wp-content\/uploads\/2024\/04\/portada_Lascenizasdelsenorlang_8mm-compressed.webp","type":"image\/webp"}],"twitter_card":"summary_large_image","twitter_misc":{"Tiempo de lectura":"1 minuto"},"schema":{"@context":"https:\/\/schema.org","@graph":[{"@type":"WebPage","@id":"https:\/\/letrame.com\/catalogo\/producto\/las-cenizas-del-senor-lang\/","url":"https:\/\/letrame.com\/catalogo\/producto\/las-cenizas-del-senor-lang\/","name":"Las cenizas del Se\u00f1or Lang - Catalogo | Letrame Grupo Editorial","isPartOf":{"@id":"https:\/\/letrame.com\/catalogo\/#website"},"primaryImageOfPage":{"@id":"https:\/\/letrame.com\/catalogo\/producto\/las-cenizas-del-senor-lang\/#primaryimage"},"image":{"@id":"https:\/\/letrame.com\/catalogo\/producto\/las-cenizas-del-senor-lang\/#primaryimage"},"thumbnailUrl":"https:\/\/letrame.com\/catalogo\/wp-content\/uploads\/2024\/04\/portada_Lascenizasdelsenorlang_8mm-compressed.webp","datePublished":"2024-04-18T09:42:00+00:00","dateModified":"2024-05-15T12:18:06+00:00","breadcrumb":{"@id":"https:\/\/letrame.com\/catalogo\/producto\/las-cenizas-del-senor-lang\/#breadcrumb"},"inLanguage":"es","potentialAction":[{"@type":"ReadAction","target":["https:\/\/letrame.com\/catalogo\/producto\/las-cenizas-del-senor-lang\/"]}]},{"@type":"ImageObject","inLanguage":"es","@id":"https:\/\/letrame.com\/catalogo\/producto\/las-cenizas-del-senor-lang\/#primaryimage","url":"https:\/\/letrame.com\/catalogo\/wp-content\/uploads\/2024\/04\/portada_Lascenizasdelsenorlang_8mm-compressed.webp","contentUrl":"https:\/\/letrame.com\/catalogo\/wp-content\/uploads\/2024\/04\/portada_Lascenizasdelsenorlang_8mm-compressed.webp","width":1594,"height":2480},{"@type":"BreadcrumbList","@id":"https:\/\/letrame.com\/catalogo\/producto\/las-cenizas-del-senor-lang\/#breadcrumb","itemListElement":[{"@type":"ListItem","position":1,"name":"Portada","item":"https:\/\/letrame.com\/catalogo\/"},{"@type":"ListItem","position":2,"name":"Cat\u00e1logo","item":"https:\/\/letrame.com\/catalogo\/"},{"@type":"ListItem","position":3,"name":"Las cenizas del Se\u00f1or Lang"}]},{"@type":"WebSite","@id":"https:\/\/letrame.com\/catalogo\/#website","url":"https:\/\/letrame.com\/catalogo\/","name":"Catalogo | Letrame Grupo Editorial","description":"","publisher":{"@id":"https:\/\/letrame.com\/catalogo\/#organization"},"potentialAction":[{"@type":"SearchAction","target":{"@type":"EntryPoint","urlTemplate":"https:\/\/letrame.com\/catalogo\/?s={search_term_string}"},"query-input":{"@type":"PropertyValueSpecification","valueRequired":true,"valueName":"search_term_string"}}],"inLanguage":"es"},{"@type":"Organization","@id":"https:\/\/letrame.com\/catalogo\/#organization","name":"Catalogo | Letrame Grupo Editorial","url":"https:\/\/letrame.com\/catalogo\/","logo":{"@type":"ImageObject","inLanguage":"es","@id":"https:\/\/letrame.com\/catalogo\/#\/schema\/logo\/image\/","url":"https:\/\/letrame.com\/catalogo\/wp-content\/uploads\/2024\/03\/logo2.webp","contentUrl":"https:\/\/letrame.com\/catalogo\/wp-content\/uploads\/2024\/03\/logo2.webp","width":394,"height":128,"caption":"Catalogo | Letrame Grupo Editorial"},"image":{"@id":"https:\/\/letrame.com\/catalogo\/#\/schema\/logo\/image\/"}}]}},"_links":{"self":[{"href":"https:\/\/letrame.com\/catalogo\/wp-json\/wp\/v2\/product\/94967","targetHints":{"allow":["GET"]}}],"collection":[{"href":"https:\/\/letrame.com\/catalogo\/wp-json\/wp\/v2\/product"}],"about":[{"href":"https:\/\/letrame.com\/catalogo\/wp-json\/wp\/v2\/types\/product"}],"replies":[{"embeddable":true,"href":"https:\/\/letrame.com\/catalogo\/wp-json\/wp\/v2\/comments?post=94967"}],"acf:post":[{"embeddable":true,"href":"https:\/\/letrame.com\/catalogo\/wp-json\/wp\/v2\/author_book\/73818"}],"wp:featuredmedia":[{"embeddable":true,"href":"https:\/\/letrame.com\/catalogo\/wp-json\/wp\/v2\/media\/100009"}],"wp:attachment":[{"href":"https:\/\/letrame.com\/catalogo\/wp-json\/wp\/v2\/media?parent=94967"}],"wp:term":[{"taxonomy":"libro","embeddable":true,"href":"https:\/\/letrame.com\/catalogo\/wp-json\/wp\/v2\/libro?post=94967"},{"taxonomy":"product_brand","embeddable":true,"href":"https:\/\/letrame.com\/catalogo\/wp-json\/wp\/v2\/product_brand?post=94967"},{"taxonomy":"product_cat","embeddable":true,"href":"https:\/\/letrame.com\/catalogo\/wp-json\/wp\/v2\/product_cat?post=94967"},{"taxonomy":"product_tag","embeddable":true,"href":"https:\/\/letrame.com\/catalogo\/wp-json\/wp\/v2\/product_tag?post=94967"}],"curies":[{"name":"wp","href":"https:\/\/api.w.org\/{rel}","templated":true}]}}