{"id":94875,"date":"2024-04-18T11:33:45","date_gmt":"2024-04-18T09:33:45","guid":{"rendered":"https:\/\/letrame.com\/catalogo\/producto\/recopilacion-historica-de-la-ciudad-de-corella-i\/"},"modified":"2024-04-18T11:33:56","modified_gmt":"2024-04-18T09:33:56","slug":"recopilacion-historica-de-la-ciudad-de-corella-i","status":"publish","type":"product","link":"https:\/\/letrame.com\/catalogo\/producto\/recopilacion-historica-de-la-ciudad-de-corella-i\/","title":{"rendered":"Recopilaci\u00f3n hist\u00f3rica de la ciudad de Corella I"},"content":{"rendered":"<p><strong>ISBN<\/strong>: 978-84-17990-53-4<br \/>\n<strong>T\u00edtulo<\/strong>: Recopilaci\u00f3n hist\u00f3rica de la ciudad de Corella I<br \/>\n<strong>Fecha<\/strong>: 2019<br \/>\n<strong>P\u00e1ginas<\/strong>: 328<\/p>\n<p>&nbsp;<\/p>\n<p><strong>SINOPSIS<\/strong><\/p>\n<section>\n<div class=\"about-this-book\">\n<div class=\"container\">\n<div class=\"right-detail shop-detail1 pull-right col-md-8 col-sm-8 col-xs-12\">\n<div id=\"editionnal-reviews\" class=\"book-desc-detail\"><span class=\"detail-desc box-detail-desc\">El libro RECOPILACI\u00d3N HIST\u00d3RICA DE LA CIUDAD DE CORELLA I que tienes en tus manos es un conjunto de catorce investigaciones de diversa \u00edndole relacionadas con la historia y el patrimonio hist\u00f3rico y cultural de Corella, que van desde los siglos XVII hasta nuestros d\u00edas. Es el primer libro de una serie que trata de recopilar m\u00e1s historias y an\u00e9cdotas sucedidas en Corella y que en un futuro pr\u00f3ximo ir\u00e1n quedando plasmadas en sucesivos vol\u00famenes, gracias a tres archivos hist\u00f3ricos de gran importancia, uno procedente de la Casa de las Cadenas y que su propietaria Mar\u00eda Elena Lasantas R\u00e9gil ha querido compartir para su conocimiento por parte de todos los corellanos; otro procedente de la Casa de los Marqueses de Bajamar, que Antonio Porlier y Jarava ha puesto a mi disposici\u00f3n y un tercero que es el archivo fotogr\u00e1fico de Alfredo Jim\u00e9nez (FOTO ALFREDO) y que su hermana Mar\u00eda Villar Jim\u00e9nez Montero me don\u00f3 hace unos a\u00f1os. Adem\u00e1s, no solo se centra en mostrar la parte hist\u00f3rica y te\u00f3rica de cada investigaci\u00f3n sino que va acompa\u00f1ada de numerosas fotograf\u00edas de lugares ins\u00f3litos tales como interiores de palacios, documentos in\u00e9ditos de archivos particulares que se han conservado hasta hoy. A lo largo de las p\u00e1ginas de este libro van a poder ser testigos directos de unas historias que he ido recopilando, transcribiendo e investigando con el \u00fanico objetivo de darlas a conocer a nuestra ciudad, para que quede constancia escrita de lo que un d\u00eda lejano o no sucedi\u00f3. En alguno de los cap\u00edtulos y dada la cercan\u00eda del suceso con la actualidad, me he visto en la obligaci\u00f3n moral de cambiar el nombre de los protagonistas con el fin de preservar su identidad, especialmente en sucesos algo conflictivos que ocurrieron en nuestras calles en \u00e9poca reciente. Otra de las ramas de investigaci\u00f3n de este libro est\u00e1 centrada en dar a conocer la biograf\u00eda de cuatro personas a las que podemos considerar corellanos, que han tenido cierta relevancia en nuestra ciudad bien por su trabajo o por sus acciones. Finalmente, os invito a acompa\u00f1arme en cada uno de los cap\u00edtulos, donde pod\u00e9is ser protagonistas directos de los mismos.<\/span><\/div>\n<div id=\"clear-scroll\" class=\"clearfix\"><\/div>\n<\/div>\n<\/div>\n<\/div>\n<\/section>\n<div class=\"feature-section feature-option2\">\n<div class=\"container\">\n<div class=\"related products\">\n<div class=\"title-box\"><\/div>\n<\/div>\n<\/div>\n<\/div>\n","protected":false},"excerpt":{"rendered":"<p><strong>ISBN: 978-84-17990-53-4<\/strong><\/p>\n<p>El libro RECOPILACI\u00d3N HIST\u00d3RICA DE LA CIUDAD DE CORELLA I que tienes en tus manos es un conjunto de catorce investigaciones de diversa \u00edndole relacionadas con la historia y el patrimonio hist\u00f3rico y cultural de Corella, que van desde los siglos XVII hasta nuestros d\u00edas.<\/p>\n","protected":false},"featured_media":94876,"comment_status":"closed","ping_status":"open","template":"","meta":{"_acf_changed":false},"libro":[],"product_brand":[],"product_cat":[22,23],"product_tag":[],"class_list":{"0":"post-94875","1":"product","2":"type-product","3":"status-publish","4":"has-post-thumbnail","6":"product_cat-docencia","7":"product_cat-ensayos","9":"first","10":"instock","11":"product-type-simple"},"acf":{"autor":[73003],"enlace_de_compra":"https:\/\/www.todostuslibros.com\/libros\/recopilacion-historica-de-la-ciudad-de-corella-i_978-84-17990-53-4"},"yoast_head":"<!-- This site is optimized with the Yoast SEO plugin v27.4 - https:\/\/yoast.com\/product\/yoast-seo-wordpress\/ -->\n<title>Recopilaci\u00f3n hist\u00f3rica de la ciudad de Corella I - Catalogo | Letrame Grupo Editorial<\/title>\n<meta name=\"robots\" content=\"index, follow, max-snippet:-1, max-image-preview:large, max-video-preview:-1\" \/>\n<link rel=\"canonical\" href=\"https:\/\/letrame.com\/catalogo\/producto\/recopilacion-historica-de-la-ciudad-de-corella-i\/\" \/>\n<meta property=\"og:locale\" content=\"es_ES\" \/>\n<meta property=\"og:type\" content=\"article\" \/>\n<meta property=\"og:title\" content=\"Recopilaci\u00f3n hist\u00f3rica de la ciudad de Corella I - Catalogo | Letrame Grupo Editorial\" \/>\n<meta property=\"og:description\" content=\"ISBN: 978-84-17990-53-4 El libro RECOPILACI\u00d3N HIST\u00d3RICA DE LA CIUDAD DE CORELLA I que tienes en tus manos es un conjunto de catorce investigaciones de diversa \u00edndole relacionadas con la historia y el patrimonio hist\u00f3rico y cultural de Corella, que van desde los siglos XVII hasta nuestros d\u00edas.\" \/>\n<meta property=\"og:url\" content=\"https:\/\/letrame.com\/catalogo\/producto\/recopilacion-historica-de-la-ciudad-de-corella-i\/\" \/>\n<meta property=\"og:site_name\" content=\"Catalogo | Letrame Grupo Editorial\" \/>\n<meta property=\"article:modified_time\" content=\"2024-04-18T09:33:56+00:00\" \/>\n<meta property=\"og:image\" content=\"https:\/\/letrame.com\/catalogo\/wp-content\/uploads\/2024\/04\/portada_Recopilacionhistorica_1813mm-compressed-scaled-1.jpg\" \/>\n\t<meta property=\"og:image:width\" content=\"1813\" \/>\n\t<meta property=\"og:image:height\" content=\"2560\" \/>\n\t<meta property=\"og:image:type\" content=\"image\/jpeg\" \/>\n<meta name=\"twitter:card\" content=\"summary_large_image\" \/>\n<meta name=\"twitter:label1\" content=\"Tiempo de lectura\" \/>\n\t<meta name=\"twitter:data1\" content=\"2 minutos\" \/>\n<script type=\"application\/ld+json\" class=\"yoast-schema-graph\">{\"@context\":\"https:\\\/\\\/schema.org\",\"@graph\":[{\"@type\":\"WebPage\",\"@id\":\"https:\\\/\\\/letrame.com\\\/catalogo\\\/producto\\\/recopilacion-historica-de-la-ciudad-de-corella-i\\\/\",\"url\":\"https:\\\/\\\/letrame.com\\\/catalogo\\\/producto\\\/recopilacion-historica-de-la-ciudad-de-corella-i\\\/\",\"name\":\"Recopilaci\u00f3n hist\u00f3rica de la ciudad de Corella I - Catalogo | Letrame Grupo Editorial\",\"isPartOf\":{\"@id\":\"https:\\\/\\\/letrame.com\\\/catalogo\\\/#website\"},\"primaryImageOfPage\":{\"@id\":\"https:\\\/\\\/letrame.com\\\/catalogo\\\/producto\\\/recopilacion-historica-de-la-ciudad-de-corella-i\\\/#primaryimage\"},\"image\":{\"@id\":\"https:\\\/\\\/letrame.com\\\/catalogo\\\/producto\\\/recopilacion-historica-de-la-ciudad-de-corella-i\\\/#primaryimage\"},\"thumbnailUrl\":\"https:\\\/\\\/letrame.com\\\/catalogo\\\/wp-content\\\/uploads\\\/2024\\\/04\\\/portada_Recopilacionhistorica_1813mm-compressed-scaled-1.jpg\",\"datePublished\":\"2024-04-18T09:33:45+00:00\",\"dateModified\":\"2024-04-18T09:33:56+00:00\",\"breadcrumb\":{\"@id\":\"https:\\\/\\\/letrame.com\\\/catalogo\\\/producto\\\/recopilacion-historica-de-la-ciudad-de-corella-i\\\/#breadcrumb\"},\"inLanguage\":\"es\",\"potentialAction\":[{\"@type\":\"ReadAction\",\"target\":[\"https:\\\/\\\/letrame.com\\\/catalogo\\\/producto\\\/recopilacion-historica-de-la-ciudad-de-corella-i\\\/\"]}]},{\"@type\":\"ImageObject\",\"inLanguage\":\"es\",\"@id\":\"https:\\\/\\\/letrame.com\\\/catalogo\\\/producto\\\/recopilacion-historica-de-la-ciudad-de-corella-i\\\/#primaryimage\",\"url\":\"https:\\\/\\\/letrame.com\\\/catalogo\\\/wp-content\\\/uploads\\\/2024\\\/04\\\/portada_Recopilacionhistorica_1813mm-compressed-scaled-1.jpg\",\"contentUrl\":\"https:\\\/\\\/letrame.com\\\/catalogo\\\/wp-content\\\/uploads\\\/2024\\\/04\\\/portada_Recopilacionhistorica_1813mm-compressed-scaled-1.jpg\",\"width\":1813,\"height\":2560},{\"@type\":\"BreadcrumbList\",\"@id\":\"https:\\\/\\\/letrame.com\\\/catalogo\\\/producto\\\/recopilacion-historica-de-la-ciudad-de-corella-i\\\/#breadcrumb\",\"itemListElement\":[{\"@type\":\"ListItem\",\"position\":1,\"name\":\"Portada\",\"item\":\"https:\\\/\\\/letrame.com\\\/catalogo\\\/\"},{\"@type\":\"ListItem\",\"position\":2,\"name\":\"Cat\u00e1logo\",\"item\":\"https:\\\/\\\/letrame.com\\\/catalogo\\\/\"},{\"@type\":\"ListItem\",\"position\":3,\"name\":\"Recopilaci\u00f3n hist\u00f3rica de la ciudad de Corella I\"}]},{\"@type\":\"WebSite\",\"@id\":\"https:\\\/\\\/letrame.com\\\/catalogo\\\/#website\",\"url\":\"https:\\\/\\\/letrame.com\\\/catalogo\\\/\",\"name\":\"Catalogo | Letrame Grupo Editorial\",\"description\":\"\",\"publisher\":{\"@id\":\"https:\\\/\\\/letrame.com\\\/catalogo\\\/#organization\"},\"potentialAction\":[{\"@type\":\"SearchAction\",\"target\":{\"@type\":\"EntryPoint\",\"urlTemplate\":\"https:\\\/\\\/letrame.com\\\/catalogo\\\/?s={search_term_string}\"},\"query-input\":{\"@type\":\"PropertyValueSpecification\",\"valueRequired\":true,\"valueName\":\"search_term_string\"}}],\"inLanguage\":\"es\"},{\"@type\":\"Organization\",\"@id\":\"https:\\\/\\\/letrame.com\\\/catalogo\\\/#organization\",\"name\":\"Catalogo | Letrame Grupo Editorial\",\"url\":\"https:\\\/\\\/letrame.com\\\/catalogo\\\/\",\"logo\":{\"@type\":\"ImageObject\",\"inLanguage\":\"es\",\"@id\":\"https:\\\/\\\/letrame.com\\\/catalogo\\\/#\\\/schema\\\/logo\\\/image\\\/\",\"url\":\"https:\\\/\\\/letrame.com\\\/catalogo\\\/wp-content\\\/uploads\\\/2024\\\/03\\\/logo2.webp\",\"contentUrl\":\"https:\\\/\\\/letrame.com\\\/catalogo\\\/wp-content\\\/uploads\\\/2024\\\/03\\\/logo2.webp\",\"width\":394,\"height\":128,\"caption\":\"Catalogo | Letrame Grupo Editorial\"},\"image\":{\"@id\":\"https:\\\/\\\/letrame.com\\\/catalogo\\\/#\\\/schema\\\/logo\\\/image\\\/\"}}]}<\/script>\n<!-- \/ Yoast SEO plugin. -->","yoast_head_json":{"title":"Recopilaci\u00f3n hist\u00f3rica de la ciudad de Corella I - Catalogo | Letrame Grupo Editorial","robots":{"index":"index","follow":"follow","max-snippet":"max-snippet:-1","max-image-preview":"max-image-preview:large","max-video-preview":"max-video-preview:-1"},"canonical":"https:\/\/letrame.com\/catalogo\/producto\/recopilacion-historica-de-la-ciudad-de-corella-i\/","og_locale":"es_ES","og_type":"article","og_title":"Recopilaci\u00f3n hist\u00f3rica de la ciudad de Corella I - Catalogo | Letrame Grupo Editorial","og_description":"ISBN: 978-84-17990-53-4 El libro RECOPILACI\u00d3N HIST\u00d3RICA DE LA CIUDAD DE CORELLA I que tienes en tus manos es un conjunto de catorce investigaciones de diversa \u00edndole relacionadas con la historia y el patrimonio hist\u00f3rico y cultural de Corella, que van desde los siglos XVII hasta nuestros d\u00edas.","og_url":"https:\/\/letrame.com\/catalogo\/producto\/recopilacion-historica-de-la-ciudad-de-corella-i\/","og_site_name":"Catalogo | Letrame Grupo Editorial","article_modified_time":"2024-04-18T09:33:56+00:00","og_image":[{"width":1813,"height":2560,"url":"https:\/\/letrame.com\/catalogo\/wp-content\/uploads\/2024\/04\/portada_Recopilacionhistorica_1813mm-compressed-scaled-1.jpg","type":"image\/jpeg"}],"twitter_card":"summary_large_image","twitter_misc":{"Tiempo de lectura":"2 minutos"},"schema":{"@context":"https:\/\/schema.org","@graph":[{"@type":"WebPage","@id":"https:\/\/letrame.com\/catalogo\/producto\/recopilacion-historica-de-la-ciudad-de-corella-i\/","url":"https:\/\/letrame.com\/catalogo\/producto\/recopilacion-historica-de-la-ciudad-de-corella-i\/","name":"Recopilaci\u00f3n hist\u00f3rica de la ciudad de Corella I - Catalogo | Letrame Grupo Editorial","isPartOf":{"@id":"https:\/\/letrame.com\/catalogo\/#website"},"primaryImageOfPage":{"@id":"https:\/\/letrame.com\/catalogo\/producto\/recopilacion-historica-de-la-ciudad-de-corella-i\/#primaryimage"},"image":{"@id":"https:\/\/letrame.com\/catalogo\/producto\/recopilacion-historica-de-la-ciudad-de-corella-i\/#primaryimage"},"thumbnailUrl":"https:\/\/letrame.com\/catalogo\/wp-content\/uploads\/2024\/04\/portada_Recopilacionhistorica_1813mm-compressed-scaled-1.jpg","datePublished":"2024-04-18T09:33:45+00:00","dateModified":"2024-04-18T09:33:56+00:00","breadcrumb":{"@id":"https:\/\/letrame.com\/catalogo\/producto\/recopilacion-historica-de-la-ciudad-de-corella-i\/#breadcrumb"},"inLanguage":"es","potentialAction":[{"@type":"ReadAction","target":["https:\/\/letrame.com\/catalogo\/producto\/recopilacion-historica-de-la-ciudad-de-corella-i\/"]}]},{"@type":"ImageObject","inLanguage":"es","@id":"https:\/\/letrame.com\/catalogo\/producto\/recopilacion-historica-de-la-ciudad-de-corella-i\/#primaryimage","url":"https:\/\/letrame.com\/catalogo\/wp-content\/uploads\/2024\/04\/portada_Recopilacionhistorica_1813mm-compressed-scaled-1.jpg","contentUrl":"https:\/\/letrame.com\/catalogo\/wp-content\/uploads\/2024\/04\/portada_Recopilacionhistorica_1813mm-compressed-scaled-1.jpg","width":1813,"height":2560},{"@type":"BreadcrumbList","@id":"https:\/\/letrame.com\/catalogo\/producto\/recopilacion-historica-de-la-ciudad-de-corella-i\/#breadcrumb","itemListElement":[{"@type":"ListItem","position":1,"name":"Portada","item":"https:\/\/letrame.com\/catalogo\/"},{"@type":"ListItem","position":2,"name":"Cat\u00e1logo","item":"https:\/\/letrame.com\/catalogo\/"},{"@type":"ListItem","position":3,"name":"Recopilaci\u00f3n hist\u00f3rica de la ciudad de Corella I"}]},{"@type":"WebSite","@id":"https:\/\/letrame.com\/catalogo\/#website","url":"https:\/\/letrame.com\/catalogo\/","name":"Catalogo | Letrame Grupo Editorial","description":"","publisher":{"@id":"https:\/\/letrame.com\/catalogo\/#organization"},"potentialAction":[{"@type":"SearchAction","target":{"@type":"EntryPoint","urlTemplate":"https:\/\/letrame.com\/catalogo\/?s={search_term_string}"},"query-input":{"@type":"PropertyValueSpecification","valueRequired":true,"valueName":"search_term_string"}}],"inLanguage":"es"},{"@type":"Organization","@id":"https:\/\/letrame.com\/catalogo\/#organization","name":"Catalogo | Letrame Grupo Editorial","url":"https:\/\/letrame.com\/catalogo\/","logo":{"@type":"ImageObject","inLanguage":"es","@id":"https:\/\/letrame.com\/catalogo\/#\/schema\/logo\/image\/","url":"https:\/\/letrame.com\/catalogo\/wp-content\/uploads\/2024\/03\/logo2.webp","contentUrl":"https:\/\/letrame.com\/catalogo\/wp-content\/uploads\/2024\/03\/logo2.webp","width":394,"height":128,"caption":"Catalogo | Letrame Grupo Editorial"},"image":{"@id":"https:\/\/letrame.com\/catalogo\/#\/schema\/logo\/image\/"}}]}},"_links":{"self":[{"href":"https:\/\/letrame.com\/catalogo\/wp-json\/wp\/v2\/product\/94875","targetHints":{"allow":["GET"]}}],"collection":[{"href":"https:\/\/letrame.com\/catalogo\/wp-json\/wp\/v2\/product"}],"about":[{"href":"https:\/\/letrame.com\/catalogo\/wp-json\/wp\/v2\/types\/product"}],"replies":[{"embeddable":true,"href":"https:\/\/letrame.com\/catalogo\/wp-json\/wp\/v2\/comments?post=94875"}],"acf:post":[{"embeddable":true,"href":"https:\/\/letrame.com\/catalogo\/wp-json\/wp\/v2\/author_book\/73003"}],"wp:featuredmedia":[{"embeddable":true,"href":"https:\/\/letrame.com\/catalogo\/wp-json\/wp\/v2\/media\/94876"}],"wp:attachment":[{"href":"https:\/\/letrame.com\/catalogo\/wp-json\/wp\/v2\/media?parent=94875"}],"wp:term":[{"taxonomy":"libro","embeddable":true,"href":"https:\/\/letrame.com\/catalogo\/wp-json\/wp\/v2\/libro?post=94875"},{"taxonomy":"product_brand","embeddable":true,"href":"https:\/\/letrame.com\/catalogo\/wp-json\/wp\/v2\/product_brand?post=94875"},{"taxonomy":"product_cat","embeddable":true,"href":"https:\/\/letrame.com\/catalogo\/wp-json\/wp\/v2\/product_cat?post=94875"},{"taxonomy":"product_tag","embeddable":true,"href":"https:\/\/letrame.com\/catalogo\/wp-json\/wp\/v2\/product_tag?post=94875"}],"curies":[{"name":"wp","href":"https:\/\/api.w.org\/{rel}","templated":true}]}}