{"id":94746,"date":"2024-04-18T11:19:22","date_gmt":"2024-04-18T09:19:22","guid":{"rendered":"https:\/\/letrame.com\/catalogo\/producto\/la-esencia-de-las-cosas\/"},"modified":"2024-04-18T11:19:49","modified_gmt":"2024-04-18T09:19:49","slug":"la-esencia-de-las-cosas","status":"publish","type":"product","link":"https:\/\/letrame.com\/catalogo\/producto\/la-esencia-de-las-cosas\/","title":{"rendered":"La esencia de las cosas"},"content":{"rendered":"<p><strong>ISBN<\/strong>: 978-84-17935-05-4<br \/>\n<strong>T\u00edtulo<\/strong>: La esencia de las cosas<br \/>\n<strong>Fecha<\/strong>: 2019<br \/>\n<strong>P\u00e1ginas<\/strong>: 448<\/p>\n<p>&nbsp;<\/p>\n<p><strong>SINOPSIS<\/strong><\/p>\n<section>\n<div class=\"about-this-book\">\n<div class=\"container\">\n<div class=\"right-detail shop-detail1 pull-right col-md-8 col-sm-8 col-xs-12\">\n<div id=\"editionnal-reviews\" class=\"book-desc-detail\"><span class=\"detail-desc box-detail-desc\">De Valencia y Barcelona a Barcelona y Valencia pasando por Alicante, Roma, Praga, Bogot\u00e1, Tokio, La Habana, Nueva York, Juan Miguel Ram\u00edrez Marcial, doctor en Filosof\u00eda, narra algunos acontecimientos de su vida; muchos de ellos nada comunes. A pesar del t\u00edtulo de esta novela, su protagonista no va exactamente a la b\u00fasqueda de eso, de \u00abla esencia de las cosas\u00bb. Si pudiera hablar \u2014ahora ya no puede; est\u00e1 muerto\u2014 es posible que nos contara que m\u00e1s que eso lo que s\u00ed ha buscado toda su vida es c\u00f3mo es que han sido como han sido sus relaciones con Mar\u00eda, con Pili, con la Paqui, con Diane Sandra, con Maikel Alejandro, con Lorraine, con Gemma. Y con algunas personas m\u00e1s que aparecen por aqu\u00ed. Lo que nuestro fil\u00f3sofo nos narra no son asuntos imaginarios. No son reales, pero tampoco irreales. Son evocativos. Y en la evocaci\u00f3n queda diluido el binomio real \/ irreal. Quiz\u00e1s esa es la \u00abesencia de las cosas\u00bb: evocarlas y, as\u00ed, construirlas. Construirlas en el entorno del caos social en que Juan Miguel ha vivido como muchas y muchos otros que, como \u00e9l, nos moriremos sin saber c\u00f3mo hubieran sido esas relaciones y cosas en otro mundo, en uno imaginario donde tofo fuera perfecto e ideal; una especie de universo paralelo donde todo es luz, equilibrio, paz interior&#8230; sin apenas lugar para las emociones y las pasiones. Qui\u00e9n sabe si en un futuro\u2026 La novela est\u00e1 estructurada en temas m\u00e1s que en cap\u00edtulos, aunque bastante entrelazados entre s\u00ed. Temas como el sexo, la pol\u00edtica, la guerra, el amor, la soledad\u2026 Y otros que parecen ser m\u00e1s o menos universales. Como decimos en el pr\u00f3logo (en las primeras p\u00e1ginas entender\u00e1s por qu\u00e9 uso el plural): \u00abProbablemente una buena manera de empezar esta historia fuera con algo de sexo, de violencia o de misterio. No te preocupes, sexo y violencia hay m\u00e1s adelante. Misterio, ya es cosa tuya el juzgarlo. Como lo es que ese sexo y esa violencia que salpican de vez en cuando este relato compartido tengan un nivel m\u00e1s o menos expl\u00edcito o duro o lo que sea que sea de tu inter\u00e9s. Total, a ese respecto no es que haya mucho nuevo bajo el sol\u00bb (&#8230;) \u00abEsta es una narraci\u00f3n de encuentros y despedidas. Sobre todo de las \u00faltimas. Ahora, una vez finalizada, la estamos repasando y vemos que abundan expresiones como &#8216;no nos volvemos a ver&#8217;, &#8216;no vuelvo a saber de ella&#8217;\u2026 Esto no es ni bueno ni malo. Al fin, la vida est\u00e1 un poco como hecha de eso, \u00bfno? Hallazgos, relaciones, abandonos, olvidos. Todos son lo mismo. Y tienen su parte de risa y su parte de drama\u00bb. Cualquier parecido o no parecido con la realidad es intencionado; no es pura conincidencia.<\/span><\/div>\n<div id=\"clear-scroll\" class=\"clearfix\"><\/div>\n<\/div>\n<\/div>\n<\/div>\n<\/section>\n<div class=\"feature-section feature-option2\">\n<div class=\"container\">\n<div class=\"related products\">\n<div class=\"title-box\"><\/div>\n<\/div>\n<\/div>\n<\/div>\n","protected":false},"excerpt":{"rendered":"<p><strong>ISBN: 978-84-17935-05-4<\/strong><\/p>\n<p>De Valencia y Barcelona a Barcelona y Valencia pasando por Alicante, Roma, Praga, Bogot\u00e1, Tokio, La Habana, Nueva York, Juan Miguel Ram\u00edrez Marcial, doctor en Filosof\u00eda, narra algunos acontecimientos de su vida; muchos de ellos nada comunes.<\/p>\n","protected":false},"featured_media":94747,"comment_status":"closed","ping_status":"open","template":"","meta":{"_acf_changed":false},"libro":[],"product_brand":[],"product_cat":[16],"product_tag":[],"class_list":{"0":"post-94746","1":"product","2":"type-product","3":"status-publish","4":"has-post-thumbnail","6":"product_cat-novela","8":"first","9":"instock","10":"purchasable","11":"product-type-simple"},"acf":{"autor":[73636],"enlace_de_compra":""},"yoast_head":"<!-- This site is optimized with the Yoast SEO plugin v27.4 - https:\/\/yoast.com\/product\/yoast-seo-wordpress\/ -->\n<title>La esencia de las cosas - Catalogo | Letrame Grupo Editorial<\/title>\n<meta name=\"robots\" content=\"index, follow, max-snippet:-1, max-image-preview:large, max-video-preview:-1\" \/>\n<link rel=\"canonical\" href=\"https:\/\/letrame.com\/catalogo\/producto\/la-esencia-de-las-cosas\/\" \/>\n<meta property=\"og:locale\" content=\"es_ES\" \/>\n<meta property=\"og:type\" content=\"article\" \/>\n<meta property=\"og:title\" content=\"La esencia de las cosas - Catalogo | Letrame Grupo Editorial\" \/>\n<meta property=\"og:description\" content=\"ISBN: 978-84-17935-05-4 De Valencia y Barcelona a Barcelona y Valencia pasando por Alicante, Roma, Praga, Bogot\u00e1, Tokio, La Habana, Nueva York, Juan Miguel Ram\u00edrez Marcial, doctor en Filosof\u00eda, narra algunos acontecimientos de su vida; muchos de ellos nada comunes.\" \/>\n<meta property=\"og:url\" content=\"https:\/\/letrame.com\/catalogo\/producto\/la-esencia-de-las-cosas\/\" \/>\n<meta property=\"og:site_name\" content=\"Catalogo | Letrame Grupo Editorial\" \/>\n<meta property=\"article:modified_time\" content=\"2024-04-18T09:19:49+00:00\" \/>\n<meta property=\"og:image\" content=\"https:\/\/letrame.com\/catalogo\/wp-content\/uploads\/2024\/04\/portada_Laesenciadelascosas_2438mm-compressed-scaled-1.jpg\" \/>\n\t<meta property=\"og:image:width\" content=\"1746\" \/>\n\t<meta property=\"og:image:height\" content=\"2560\" \/>\n\t<meta property=\"og:image:type\" content=\"image\/jpeg\" \/>\n<meta name=\"twitter:card\" content=\"summary_large_image\" \/>\n<meta name=\"twitter:label1\" content=\"Tiempo de lectura\" \/>\n\t<meta name=\"twitter:data1\" content=\"2 minutos\" \/>\n<script type=\"application\/ld+json\" class=\"yoast-schema-graph\">{\"@context\":\"https:\\\/\\\/schema.org\",\"@graph\":[{\"@type\":\"WebPage\",\"@id\":\"https:\\\/\\\/letrame.com\\\/catalogo\\\/producto\\\/la-esencia-de-las-cosas\\\/\",\"url\":\"https:\\\/\\\/letrame.com\\\/catalogo\\\/producto\\\/la-esencia-de-las-cosas\\\/\",\"name\":\"La esencia de las cosas - Catalogo | Letrame Grupo Editorial\",\"isPartOf\":{\"@id\":\"https:\\\/\\\/letrame.com\\\/catalogo\\\/#website\"},\"primaryImageOfPage\":{\"@id\":\"https:\\\/\\\/letrame.com\\\/catalogo\\\/producto\\\/la-esencia-de-las-cosas\\\/#primaryimage\"},\"image\":{\"@id\":\"https:\\\/\\\/letrame.com\\\/catalogo\\\/producto\\\/la-esencia-de-las-cosas\\\/#primaryimage\"},\"thumbnailUrl\":\"https:\\\/\\\/letrame.com\\\/catalogo\\\/wp-content\\\/uploads\\\/2024\\\/04\\\/portada_Laesenciadelascosas_2438mm-compressed-scaled-1.jpg\",\"datePublished\":\"2024-04-18T09:19:22+00:00\",\"dateModified\":\"2024-04-18T09:19:49+00:00\",\"breadcrumb\":{\"@id\":\"https:\\\/\\\/letrame.com\\\/catalogo\\\/producto\\\/la-esencia-de-las-cosas\\\/#breadcrumb\"},\"inLanguage\":\"es\",\"potentialAction\":[{\"@type\":\"ReadAction\",\"target\":[\"https:\\\/\\\/letrame.com\\\/catalogo\\\/producto\\\/la-esencia-de-las-cosas\\\/\"]}]},{\"@type\":\"ImageObject\",\"inLanguage\":\"es\",\"@id\":\"https:\\\/\\\/letrame.com\\\/catalogo\\\/producto\\\/la-esencia-de-las-cosas\\\/#primaryimage\",\"url\":\"https:\\\/\\\/letrame.com\\\/catalogo\\\/wp-content\\\/uploads\\\/2024\\\/04\\\/portada_Laesenciadelascosas_2438mm-compressed-scaled-1.jpg\",\"contentUrl\":\"https:\\\/\\\/letrame.com\\\/catalogo\\\/wp-content\\\/uploads\\\/2024\\\/04\\\/portada_Laesenciadelascosas_2438mm-compressed-scaled-1.jpg\",\"width\":1746,\"height\":2560},{\"@type\":\"BreadcrumbList\",\"@id\":\"https:\\\/\\\/letrame.com\\\/catalogo\\\/producto\\\/la-esencia-de-las-cosas\\\/#breadcrumb\",\"itemListElement\":[{\"@type\":\"ListItem\",\"position\":1,\"name\":\"Portada\",\"item\":\"https:\\\/\\\/letrame.com\\\/catalogo\\\/\"},{\"@type\":\"ListItem\",\"position\":2,\"name\":\"Cat\u00e1logo\",\"item\":\"https:\\\/\\\/letrame.com\\\/catalogo\\\/\"},{\"@type\":\"ListItem\",\"position\":3,\"name\":\"La esencia de las cosas\"}]},{\"@type\":\"WebSite\",\"@id\":\"https:\\\/\\\/letrame.com\\\/catalogo\\\/#website\",\"url\":\"https:\\\/\\\/letrame.com\\\/catalogo\\\/\",\"name\":\"Catalogo | Letrame Grupo Editorial\",\"description\":\"\",\"publisher\":{\"@id\":\"https:\\\/\\\/letrame.com\\\/catalogo\\\/#organization\"},\"potentialAction\":[{\"@type\":\"SearchAction\",\"target\":{\"@type\":\"EntryPoint\",\"urlTemplate\":\"https:\\\/\\\/letrame.com\\\/catalogo\\\/?s={search_term_string}\"},\"query-input\":{\"@type\":\"PropertyValueSpecification\",\"valueRequired\":true,\"valueName\":\"search_term_string\"}}],\"inLanguage\":\"es\"},{\"@type\":\"Organization\",\"@id\":\"https:\\\/\\\/letrame.com\\\/catalogo\\\/#organization\",\"name\":\"Catalogo | Letrame Grupo Editorial\",\"url\":\"https:\\\/\\\/letrame.com\\\/catalogo\\\/\",\"logo\":{\"@type\":\"ImageObject\",\"inLanguage\":\"es\",\"@id\":\"https:\\\/\\\/letrame.com\\\/catalogo\\\/#\\\/schema\\\/logo\\\/image\\\/\",\"url\":\"https:\\\/\\\/letrame.com\\\/catalogo\\\/wp-content\\\/uploads\\\/2024\\\/03\\\/logo2.webp\",\"contentUrl\":\"https:\\\/\\\/letrame.com\\\/catalogo\\\/wp-content\\\/uploads\\\/2024\\\/03\\\/logo2.webp\",\"width\":394,\"height\":128,\"caption\":\"Catalogo | Letrame Grupo Editorial\"},\"image\":{\"@id\":\"https:\\\/\\\/letrame.com\\\/catalogo\\\/#\\\/schema\\\/logo\\\/image\\\/\"}}]}<\/script>\n<!-- \/ Yoast SEO plugin. -->","yoast_head_json":{"title":"La esencia de las cosas - Catalogo | Letrame Grupo Editorial","robots":{"index":"index","follow":"follow","max-snippet":"max-snippet:-1","max-image-preview":"max-image-preview:large","max-video-preview":"max-video-preview:-1"},"canonical":"https:\/\/letrame.com\/catalogo\/producto\/la-esencia-de-las-cosas\/","og_locale":"es_ES","og_type":"article","og_title":"La esencia de las cosas - Catalogo | Letrame Grupo Editorial","og_description":"ISBN: 978-84-17935-05-4 De Valencia y Barcelona a Barcelona y Valencia pasando por Alicante, Roma, Praga, Bogot\u00e1, Tokio, La Habana, Nueva York, Juan Miguel Ram\u00edrez Marcial, doctor en Filosof\u00eda, narra algunos acontecimientos de su vida; muchos de ellos nada comunes.","og_url":"https:\/\/letrame.com\/catalogo\/producto\/la-esencia-de-las-cosas\/","og_site_name":"Catalogo | Letrame Grupo Editorial","article_modified_time":"2024-04-18T09:19:49+00:00","og_image":[{"width":1746,"height":2560,"url":"https:\/\/letrame.com\/catalogo\/wp-content\/uploads\/2024\/04\/portada_Laesenciadelascosas_2438mm-compressed-scaled-1.jpg","type":"image\/jpeg"}],"twitter_card":"summary_large_image","twitter_misc":{"Tiempo de lectura":"2 minutos"},"schema":{"@context":"https:\/\/schema.org","@graph":[{"@type":"WebPage","@id":"https:\/\/letrame.com\/catalogo\/producto\/la-esencia-de-las-cosas\/","url":"https:\/\/letrame.com\/catalogo\/producto\/la-esencia-de-las-cosas\/","name":"La esencia de las cosas - Catalogo | Letrame Grupo Editorial","isPartOf":{"@id":"https:\/\/letrame.com\/catalogo\/#website"},"primaryImageOfPage":{"@id":"https:\/\/letrame.com\/catalogo\/producto\/la-esencia-de-las-cosas\/#primaryimage"},"image":{"@id":"https:\/\/letrame.com\/catalogo\/producto\/la-esencia-de-las-cosas\/#primaryimage"},"thumbnailUrl":"https:\/\/letrame.com\/catalogo\/wp-content\/uploads\/2024\/04\/portada_Laesenciadelascosas_2438mm-compressed-scaled-1.jpg","datePublished":"2024-04-18T09:19:22+00:00","dateModified":"2024-04-18T09:19:49+00:00","breadcrumb":{"@id":"https:\/\/letrame.com\/catalogo\/producto\/la-esencia-de-las-cosas\/#breadcrumb"},"inLanguage":"es","potentialAction":[{"@type":"ReadAction","target":["https:\/\/letrame.com\/catalogo\/producto\/la-esencia-de-las-cosas\/"]}]},{"@type":"ImageObject","inLanguage":"es","@id":"https:\/\/letrame.com\/catalogo\/producto\/la-esencia-de-las-cosas\/#primaryimage","url":"https:\/\/letrame.com\/catalogo\/wp-content\/uploads\/2024\/04\/portada_Laesenciadelascosas_2438mm-compressed-scaled-1.jpg","contentUrl":"https:\/\/letrame.com\/catalogo\/wp-content\/uploads\/2024\/04\/portada_Laesenciadelascosas_2438mm-compressed-scaled-1.jpg","width":1746,"height":2560},{"@type":"BreadcrumbList","@id":"https:\/\/letrame.com\/catalogo\/producto\/la-esencia-de-las-cosas\/#breadcrumb","itemListElement":[{"@type":"ListItem","position":1,"name":"Portada","item":"https:\/\/letrame.com\/catalogo\/"},{"@type":"ListItem","position":2,"name":"Cat\u00e1logo","item":"https:\/\/letrame.com\/catalogo\/"},{"@type":"ListItem","position":3,"name":"La esencia de las cosas"}]},{"@type":"WebSite","@id":"https:\/\/letrame.com\/catalogo\/#website","url":"https:\/\/letrame.com\/catalogo\/","name":"Catalogo | Letrame Grupo Editorial","description":"","publisher":{"@id":"https:\/\/letrame.com\/catalogo\/#organization"},"potentialAction":[{"@type":"SearchAction","target":{"@type":"EntryPoint","urlTemplate":"https:\/\/letrame.com\/catalogo\/?s={search_term_string}"},"query-input":{"@type":"PropertyValueSpecification","valueRequired":true,"valueName":"search_term_string"}}],"inLanguage":"es"},{"@type":"Organization","@id":"https:\/\/letrame.com\/catalogo\/#organization","name":"Catalogo | Letrame Grupo Editorial","url":"https:\/\/letrame.com\/catalogo\/","logo":{"@type":"ImageObject","inLanguage":"es","@id":"https:\/\/letrame.com\/catalogo\/#\/schema\/logo\/image\/","url":"https:\/\/letrame.com\/catalogo\/wp-content\/uploads\/2024\/03\/logo2.webp","contentUrl":"https:\/\/letrame.com\/catalogo\/wp-content\/uploads\/2024\/03\/logo2.webp","width":394,"height":128,"caption":"Catalogo | Letrame Grupo Editorial"},"image":{"@id":"https:\/\/letrame.com\/catalogo\/#\/schema\/logo\/image\/"}}]}},"_links":{"self":[{"href":"https:\/\/letrame.com\/catalogo\/wp-json\/wp\/v2\/product\/94746","targetHints":{"allow":["GET"]}}],"collection":[{"href":"https:\/\/letrame.com\/catalogo\/wp-json\/wp\/v2\/product"}],"about":[{"href":"https:\/\/letrame.com\/catalogo\/wp-json\/wp\/v2\/types\/product"}],"replies":[{"embeddable":true,"href":"https:\/\/letrame.com\/catalogo\/wp-json\/wp\/v2\/comments?post=94746"}],"acf:post":[{"embeddable":true,"href":"https:\/\/letrame.com\/catalogo\/wp-json\/wp\/v2\/author_book\/73636"}],"wp:featuredmedia":[{"embeddable":true,"href":"https:\/\/letrame.com\/catalogo\/wp-json\/wp\/v2\/media\/94747"}],"wp:attachment":[{"href":"https:\/\/letrame.com\/catalogo\/wp-json\/wp\/v2\/media?parent=94746"}],"wp:term":[{"taxonomy":"libro","embeddable":true,"href":"https:\/\/letrame.com\/catalogo\/wp-json\/wp\/v2\/libro?post=94746"},{"taxonomy":"product_brand","embeddable":true,"href":"https:\/\/letrame.com\/catalogo\/wp-json\/wp\/v2\/product_brand?post=94746"},{"taxonomy":"product_cat","embeddable":true,"href":"https:\/\/letrame.com\/catalogo\/wp-json\/wp\/v2\/product_cat?post=94746"},{"taxonomy":"product_tag","embeddable":true,"href":"https:\/\/letrame.com\/catalogo\/wp-json\/wp\/v2\/product_tag?post=94746"}],"curies":[{"name":"wp","href":"https:\/\/api.w.org\/{rel}","templated":true}]}}