{"id":94632,"date":"2024-04-18T11:07:21","date_gmt":"2024-04-18T09:07:21","guid":{"rendered":"https:\/\/letrame.com\/catalogo\/producto\/avila-tenebrosa-la-sombra-del-cipres\/"},"modified":"2024-05-15T12:58:15","modified_gmt":"2024-05-15T10:58:15","slug":"avila-tenebrosa-la-sombra-del-cipres","status":"publish","type":"product","link":"https:\/\/letrame.com\/catalogo\/producto\/avila-tenebrosa-la-sombra-del-cipres\/","title":{"rendered":"\u00c1vila Tenebrosa. La sombra del cipr\u00e9s"},"content":{"rendered":"<p><strong>ISBN<\/strong>: \u00a0<span class=\"sku\">978-84-17864-41-5<\/span><br \/>\n<strong>T\u00edtulo<\/strong>: \u00c1vila Tenebrosa. La sombra del cipr\u00e9s<br \/>\n<strong>Fecha<\/strong>: 2019<br \/>\n<strong>P\u00e1ginas<\/strong>: 222<\/p>\n<p>&nbsp;<\/p>\n<p><strong>SINOPSIS<\/strong><\/p>\n<section>\n<div class=\"about-this-book\">\n<div class=\"container\">\n<div class=\"right-detail shop-detail1 pull-right col-md-8 col-sm-8 col-xs-12\">\n<div id=\"editionnal-reviews\" class=\"book-desc-detail\"><span class=\"detail-desc box-detail-desc\">\u00c1vila sepultada bajo la nieve es una princesa en coma a la que ning\u00fan pr\u00edncipe dar\u00e1 el beso de la vida. Una princesa sin p\u00e1jaros que le canten, congelada, al borde de una muerte que no termina de llegar. Hermosa y fulgurante. Tambi\u00e9n letal. Quiz\u00e1 hayas escuchado antes de venir aqu\u00ed una frase que, de tan repetida, casi ha perdido su concepto; quiz\u00e1 hayas pasado aqu\u00ed un invierno y ya sepas que no, que su significado es real y pleno, que no hay mentira ni exageraci\u00f3n. En \u00c1vila se escucha el silencio. Y te aseguro que es aterrador. Aunque ahora\u2026 s\u00ed, ahora est\u00e1s invitado a nuestro baile de m\u00e1scaras privado, amenizado por unos excelentes trovadores que est\u00e1n aqu\u00ed solo para ti. Te contar\u00e1n historias viejas y nuevas, de viejos horrores y nuevas pesadillas, te llevar\u00e1n de la mano por rincones privados solo accesibles para unos pocos privilegiados. Abre los ojos a las tinieblas y con\u00f3cenos un poco m\u00e1s, entra en nuestra ciudad por una puerta hasta ahora vedada: la del terror, el misterio y la locura. Quiz\u00e1 aprendas unas cuantas cosas. Por ejemplo, que no debiste preguntar. Nieves Mories Velayos (extractos del pr\u00f3logo)<\/span><\/div>\n<div id=\"clear-scroll\" class=\"clearfix\"><\/div>\n<\/div>\n<\/div>\n<\/div>\n<\/section>\n<div class=\"feature-section feature-option2\">\n<div class=\"container\">\n<div class=\"related products\">\n<div class=\"title-box\"><\/div>\n<\/div>\n<\/div>\n<\/div>\n","protected":false},"excerpt":{"rendered":"<p><strong>ISBN: 978-84-17864-41-5<\/strong><\/p>\n<p>\u00c1vila sepultada bajo la nieve es una princesa en coma a la que ning\u00fan pr\u00edncipe dar\u00e1 el beso de la vida. Una princesa sin p\u00e1jaros que le canten, congelada, al borde de una muerte que no termina de llegar. Hermosa y fulgurante. Tambi\u00e9n letal.<\/p>\n","protected":false},"featured_media":99984,"comment_status":"closed","ping_status":"closed","template":"","meta":{"_acf_changed":false},"libro":[],"product_brand":[],"product_cat":[16],"product_tag":[],"class_list":{"0":"post-94632","1":"product","2":"type-product","3":"status-publish","4":"has-post-thumbnail","6":"product_cat-novela","8":"first","9":"instock","10":"product-type-simple"},"acf":{"autor":"","enlace_de_compra":"https:\/\/www.amazon.es\/%C3%81vila-tenebrosa-Novela-Sombra-Cipr%C3%A9s\/dp\/8417864415\/ref=sr_1_fkmrnull_1?__mk_es_ES=%C3%85M%C3%85%C5%BD%C3%95%C3%91&amp&keywords=la+sombra+del+cipr%C3%A9s+letrame&amp&qid=1557416644&amp&s=gateway&amp&sr=8-1-fkmrnull"},"yoast_head":"<!-- This site is optimized with the Yoast SEO plugin v27.4 - https:\/\/yoast.com\/product\/yoast-seo-wordpress\/ -->\n<title>\u00c1vila Tenebrosa. La sombra del cipr\u00e9s - Catalogo | Letrame Grupo Editorial<\/title>\n<meta name=\"robots\" content=\"index, follow, max-snippet:-1, max-image-preview:large, max-video-preview:-1\" \/>\n<link rel=\"canonical\" href=\"https:\/\/letrame.com\/catalogo\/producto\/avila-tenebrosa-la-sombra-del-cipres\/\" \/>\n<meta property=\"og:locale\" content=\"es_ES\" \/>\n<meta property=\"og:type\" content=\"article\" \/>\n<meta property=\"og:title\" content=\"\u00c1vila Tenebrosa. La sombra del cipr\u00e9s - Catalogo | Letrame Grupo Editorial\" \/>\n<meta property=\"og:description\" content=\"ISBN: 978-84-17864-41-5  \u00c1vila sepultada bajo la nieve es una princesa en coma a la que ning\u00fan pr\u00edncipe dar\u00e1 el beso de la vida. Una princesa sin p\u00e1jaros que le canten, congelada, al borde de una muerte que no termina de llegar. Hermosa y fulgurante. Tambi\u00e9n letal.\" \/>\n<meta property=\"og:url\" content=\"https:\/\/letrame.com\/catalogo\/producto\/avila-tenebrosa-la-sombra-del-cipres\/\" \/>\n<meta property=\"og:site_name\" content=\"Catalogo | Letrame Grupo Editorial\" \/>\n<meta property=\"article:modified_time\" content=\"2024-05-15T10:58:15+00:00\" \/>\n<meta property=\"og:image\" content=\"https:\/\/letrame.com\/catalogo\/wp-content\/uploads\/2024\/04\/portada_Avialtenebrosa_12mm-compressed-scaled-1.webp\" \/>\n\t<meta property=\"og:image:width\" content=\"1746\" \/>\n\t<meta property=\"og:image:height\" content=\"2560\" \/>\n\t<meta property=\"og:image:type\" content=\"image\/webp\" \/>\n<meta name=\"twitter:card\" content=\"summary_large_image\" \/>\n<meta name=\"twitter:label1\" content=\"Tiempo de lectura\" \/>\n\t<meta name=\"twitter:data1\" content=\"1 minuto\" \/>\n<script type=\"application\/ld+json\" class=\"yoast-schema-graph\">{\"@context\":\"https:\\\/\\\/schema.org\",\"@graph\":[{\"@type\":\"WebPage\",\"@id\":\"https:\\\/\\\/letrame.com\\\/catalogo\\\/producto\\\/avila-tenebrosa-la-sombra-del-cipres\\\/\",\"url\":\"https:\\\/\\\/letrame.com\\\/catalogo\\\/producto\\\/avila-tenebrosa-la-sombra-del-cipres\\\/\",\"name\":\"\u00c1vila Tenebrosa. La sombra del cipr\u00e9s - Catalogo | Letrame Grupo Editorial\",\"isPartOf\":{\"@id\":\"https:\\\/\\\/letrame.com\\\/catalogo\\\/#website\"},\"primaryImageOfPage\":{\"@id\":\"https:\\\/\\\/letrame.com\\\/catalogo\\\/producto\\\/avila-tenebrosa-la-sombra-del-cipres\\\/#primaryimage\"},\"image\":{\"@id\":\"https:\\\/\\\/letrame.com\\\/catalogo\\\/producto\\\/avila-tenebrosa-la-sombra-del-cipres\\\/#primaryimage\"},\"thumbnailUrl\":\"https:\\\/\\\/letrame.com\\\/catalogo\\\/wp-content\\\/uploads\\\/2024\\\/04\\\/portada_Avialtenebrosa_12mm-compressed-scaled-1.webp\",\"datePublished\":\"2024-04-18T09:07:21+00:00\",\"dateModified\":\"2024-05-15T10:58:15+00:00\",\"breadcrumb\":{\"@id\":\"https:\\\/\\\/letrame.com\\\/catalogo\\\/producto\\\/avila-tenebrosa-la-sombra-del-cipres\\\/#breadcrumb\"},\"inLanguage\":\"es\",\"potentialAction\":[{\"@type\":\"ReadAction\",\"target\":[\"https:\\\/\\\/letrame.com\\\/catalogo\\\/producto\\\/avila-tenebrosa-la-sombra-del-cipres\\\/\"]}]},{\"@type\":\"ImageObject\",\"inLanguage\":\"es\",\"@id\":\"https:\\\/\\\/letrame.com\\\/catalogo\\\/producto\\\/avila-tenebrosa-la-sombra-del-cipres\\\/#primaryimage\",\"url\":\"https:\\\/\\\/letrame.com\\\/catalogo\\\/wp-content\\\/uploads\\\/2024\\\/04\\\/portada_Avialtenebrosa_12mm-compressed-scaled-1.webp\",\"contentUrl\":\"https:\\\/\\\/letrame.com\\\/catalogo\\\/wp-content\\\/uploads\\\/2024\\\/04\\\/portada_Avialtenebrosa_12mm-compressed-scaled-1.webp\",\"width\":1746,\"height\":2560},{\"@type\":\"BreadcrumbList\",\"@id\":\"https:\\\/\\\/letrame.com\\\/catalogo\\\/producto\\\/avila-tenebrosa-la-sombra-del-cipres\\\/#breadcrumb\",\"itemListElement\":[{\"@type\":\"ListItem\",\"position\":1,\"name\":\"Portada\",\"item\":\"https:\\\/\\\/letrame.com\\\/catalogo\\\/\"},{\"@type\":\"ListItem\",\"position\":2,\"name\":\"Cat\u00e1logo\",\"item\":\"https:\\\/\\\/letrame.com\\\/catalogo\\\/\"},{\"@type\":\"ListItem\",\"position\":3,\"name\":\"\u00c1vila Tenebrosa. La sombra del cipr\u00e9s\"}]},{\"@type\":\"WebSite\",\"@id\":\"https:\\\/\\\/letrame.com\\\/catalogo\\\/#website\",\"url\":\"https:\\\/\\\/letrame.com\\\/catalogo\\\/\",\"name\":\"Catalogo | Letrame Grupo Editorial\",\"description\":\"\",\"publisher\":{\"@id\":\"https:\\\/\\\/letrame.com\\\/catalogo\\\/#organization\"},\"potentialAction\":[{\"@type\":\"SearchAction\",\"target\":{\"@type\":\"EntryPoint\",\"urlTemplate\":\"https:\\\/\\\/letrame.com\\\/catalogo\\\/?s={search_term_string}\"},\"query-input\":{\"@type\":\"PropertyValueSpecification\",\"valueRequired\":true,\"valueName\":\"search_term_string\"}}],\"inLanguage\":\"es\"},{\"@type\":\"Organization\",\"@id\":\"https:\\\/\\\/letrame.com\\\/catalogo\\\/#organization\",\"name\":\"Catalogo | Letrame Grupo Editorial\",\"url\":\"https:\\\/\\\/letrame.com\\\/catalogo\\\/\",\"logo\":{\"@type\":\"ImageObject\",\"inLanguage\":\"es\",\"@id\":\"https:\\\/\\\/letrame.com\\\/catalogo\\\/#\\\/schema\\\/logo\\\/image\\\/\",\"url\":\"https:\\\/\\\/letrame.com\\\/catalogo\\\/wp-content\\\/uploads\\\/2024\\\/03\\\/logo2.webp\",\"contentUrl\":\"https:\\\/\\\/letrame.com\\\/catalogo\\\/wp-content\\\/uploads\\\/2024\\\/03\\\/logo2.webp\",\"width\":394,\"height\":128,\"caption\":\"Catalogo | Letrame Grupo Editorial\"},\"image\":{\"@id\":\"https:\\\/\\\/letrame.com\\\/catalogo\\\/#\\\/schema\\\/logo\\\/image\\\/\"}}]}<\/script>\n<!-- \/ Yoast SEO plugin. -->","yoast_head_json":{"title":"\u00c1vila Tenebrosa. La sombra del cipr\u00e9s - Catalogo | Letrame Grupo Editorial","robots":{"index":"index","follow":"follow","max-snippet":"max-snippet:-1","max-image-preview":"max-image-preview:large","max-video-preview":"max-video-preview:-1"},"canonical":"https:\/\/letrame.com\/catalogo\/producto\/avila-tenebrosa-la-sombra-del-cipres\/","og_locale":"es_ES","og_type":"article","og_title":"\u00c1vila Tenebrosa. La sombra del cipr\u00e9s - Catalogo | Letrame Grupo Editorial","og_description":"ISBN: 978-84-17864-41-5  \u00c1vila sepultada bajo la nieve es una princesa en coma a la que ning\u00fan pr\u00edncipe dar\u00e1 el beso de la vida. Una princesa sin p\u00e1jaros que le canten, congelada, al borde de una muerte que no termina de llegar. Hermosa y fulgurante. Tambi\u00e9n letal.","og_url":"https:\/\/letrame.com\/catalogo\/producto\/avila-tenebrosa-la-sombra-del-cipres\/","og_site_name":"Catalogo | Letrame Grupo Editorial","article_modified_time":"2024-05-15T10:58:15+00:00","og_image":[{"width":1746,"height":2560,"url":"https:\/\/letrame.com\/catalogo\/wp-content\/uploads\/2024\/04\/portada_Avialtenebrosa_12mm-compressed-scaled-1.webp","type":"image\/webp"}],"twitter_card":"summary_large_image","twitter_misc":{"Tiempo de lectura":"1 minuto"},"schema":{"@context":"https:\/\/schema.org","@graph":[{"@type":"WebPage","@id":"https:\/\/letrame.com\/catalogo\/producto\/avila-tenebrosa-la-sombra-del-cipres\/","url":"https:\/\/letrame.com\/catalogo\/producto\/avila-tenebrosa-la-sombra-del-cipres\/","name":"\u00c1vila Tenebrosa. La sombra del cipr\u00e9s - Catalogo | Letrame Grupo Editorial","isPartOf":{"@id":"https:\/\/letrame.com\/catalogo\/#website"},"primaryImageOfPage":{"@id":"https:\/\/letrame.com\/catalogo\/producto\/avila-tenebrosa-la-sombra-del-cipres\/#primaryimage"},"image":{"@id":"https:\/\/letrame.com\/catalogo\/producto\/avila-tenebrosa-la-sombra-del-cipres\/#primaryimage"},"thumbnailUrl":"https:\/\/letrame.com\/catalogo\/wp-content\/uploads\/2024\/04\/portada_Avialtenebrosa_12mm-compressed-scaled-1.webp","datePublished":"2024-04-18T09:07:21+00:00","dateModified":"2024-05-15T10:58:15+00:00","breadcrumb":{"@id":"https:\/\/letrame.com\/catalogo\/producto\/avila-tenebrosa-la-sombra-del-cipres\/#breadcrumb"},"inLanguage":"es","potentialAction":[{"@type":"ReadAction","target":["https:\/\/letrame.com\/catalogo\/producto\/avila-tenebrosa-la-sombra-del-cipres\/"]}]},{"@type":"ImageObject","inLanguage":"es","@id":"https:\/\/letrame.com\/catalogo\/producto\/avila-tenebrosa-la-sombra-del-cipres\/#primaryimage","url":"https:\/\/letrame.com\/catalogo\/wp-content\/uploads\/2024\/04\/portada_Avialtenebrosa_12mm-compressed-scaled-1.webp","contentUrl":"https:\/\/letrame.com\/catalogo\/wp-content\/uploads\/2024\/04\/portada_Avialtenebrosa_12mm-compressed-scaled-1.webp","width":1746,"height":2560},{"@type":"BreadcrumbList","@id":"https:\/\/letrame.com\/catalogo\/producto\/avila-tenebrosa-la-sombra-del-cipres\/#breadcrumb","itemListElement":[{"@type":"ListItem","position":1,"name":"Portada","item":"https:\/\/letrame.com\/catalogo\/"},{"@type":"ListItem","position":2,"name":"Cat\u00e1logo","item":"https:\/\/letrame.com\/catalogo\/"},{"@type":"ListItem","position":3,"name":"\u00c1vila Tenebrosa. La sombra del cipr\u00e9s"}]},{"@type":"WebSite","@id":"https:\/\/letrame.com\/catalogo\/#website","url":"https:\/\/letrame.com\/catalogo\/","name":"Catalogo | Letrame Grupo Editorial","description":"","publisher":{"@id":"https:\/\/letrame.com\/catalogo\/#organization"},"potentialAction":[{"@type":"SearchAction","target":{"@type":"EntryPoint","urlTemplate":"https:\/\/letrame.com\/catalogo\/?s={search_term_string}"},"query-input":{"@type":"PropertyValueSpecification","valueRequired":true,"valueName":"search_term_string"}}],"inLanguage":"es"},{"@type":"Organization","@id":"https:\/\/letrame.com\/catalogo\/#organization","name":"Catalogo | Letrame Grupo Editorial","url":"https:\/\/letrame.com\/catalogo\/","logo":{"@type":"ImageObject","inLanguage":"es","@id":"https:\/\/letrame.com\/catalogo\/#\/schema\/logo\/image\/","url":"https:\/\/letrame.com\/catalogo\/wp-content\/uploads\/2024\/03\/logo2.webp","contentUrl":"https:\/\/letrame.com\/catalogo\/wp-content\/uploads\/2024\/03\/logo2.webp","width":394,"height":128,"caption":"Catalogo | Letrame Grupo Editorial"},"image":{"@id":"https:\/\/letrame.com\/catalogo\/#\/schema\/logo\/image\/"}}]}},"_links":{"self":[{"href":"https:\/\/letrame.com\/catalogo\/wp-json\/wp\/v2\/product\/94632","targetHints":{"allow":["GET"]}}],"collection":[{"href":"https:\/\/letrame.com\/catalogo\/wp-json\/wp\/v2\/product"}],"about":[{"href":"https:\/\/letrame.com\/catalogo\/wp-json\/wp\/v2\/types\/product"}],"replies":[{"embeddable":true,"href":"https:\/\/letrame.com\/catalogo\/wp-json\/wp\/v2\/comments?post=94632"}],"wp:featuredmedia":[{"embeddable":true,"href":"https:\/\/letrame.com\/catalogo\/wp-json\/wp\/v2\/media\/99984"}],"wp:attachment":[{"href":"https:\/\/letrame.com\/catalogo\/wp-json\/wp\/v2\/media?parent=94632"}],"wp:term":[{"taxonomy":"libro","embeddable":true,"href":"https:\/\/letrame.com\/catalogo\/wp-json\/wp\/v2\/libro?post=94632"},{"taxonomy":"product_brand","embeddable":true,"href":"https:\/\/letrame.com\/catalogo\/wp-json\/wp\/v2\/product_brand?post=94632"},{"taxonomy":"product_cat","embeddable":true,"href":"https:\/\/letrame.com\/catalogo\/wp-json\/wp\/v2\/product_cat?post=94632"},{"taxonomy":"product_tag","embeddable":true,"href":"https:\/\/letrame.com\/catalogo\/wp-json\/wp\/v2\/product_tag?post=94632"}],"curies":[{"name":"wp","href":"https:\/\/api.w.org\/{rel}","templated":true}]}}