{"id":94622,"date":"2024-04-18T11:06:14","date_gmt":"2024-04-18T09:06:14","guid":{"rendered":"https:\/\/letrame.com\/catalogo\/producto\/entre-la-piedra-y-la-flor\/"},"modified":"2024-04-18T11:06:27","modified_gmt":"2024-04-18T09:06:27","slug":"entre-la-piedra-y-la-flor","status":"publish","type":"product","link":"https:\/\/letrame.com\/catalogo\/producto\/entre-la-piedra-y-la-flor\/","title":{"rendered":"Entre la piedra y la flor"},"content":{"rendered":"<p><strong>ISBN<\/strong>: &nbsp;<span class=\"sku\">978-84-17864-05-7<\/span><br \/>\n<strong>T\u00edtulo<\/strong>: Entre la piedra y la flor<br \/>\n<strong>Fecha<\/strong>: 2019<br \/>\n<strong>P\u00e1ginas<\/strong>: 88<\/p>\n<p>&nbsp;<\/p>\n<p><strong>SINOPSIS<\/strong><\/p>\n<section>\n<div class=\"about-this-book\">\n<div class=\"container\">\n<div class=\"right-detail shop-detail1 pull-right col-md-8 col-sm-8 col-xs-12\">\n<div id=\"editionnal-reviews\" class=\"book-desc-detail\"><span class=\"detail-desc box-detail-desc\">Entre la piedra y la flor contempla poemas que responden m\u00e1s al invencible instinto po\u00e9tico que al insalvable capricho racional. En la traves\u00eda de sus versos la sensualidad y el amor se mezclan aspirando ser temas capitales sin dejar de lado el cariz intenso de temas tan humanos como vivenciales. A lo largo de sus p\u00e1ginas se despliega m\u00e1s que una danza de arm\u00f3nicas palabras un reguero palpable de sensaciones; el libro busca transmitir antes que decir, busca conectar \u00edntima e insospechadamente con la poes\u00eda, donde el verso salvaje o d\u00f3cil como pincelada de arte en movimiento sea espejo y reflejo de quien lo lea.<\/span><\/div>\n<div id=\"clear-scroll\" class=\"clearfix\"><\/div>\n<\/div>\n<\/div>\n<\/div>\n<\/section>\n<div class=\"feature-section feature-option2\">\n<div class=\"container\">\n<div class=\"related products\">\n<div class=\"title-box\"><\/div>\n<\/div>\n<\/div>\n<\/div>\n","protected":false},"excerpt":{"rendered":"<p><strong>ISBN: \u00a0<span class=\"sku\">978-84-17864-05-7<\/span><\/strong><\/p>\n<p><em>Entre la piedra y la flor<\/em>\u00a0contempla poemas que responden m\u00e1s al invencible instinto po\u00e9tico que al insalvable capricho racional. En la traves\u00eda de sus versos la sensualidad y el amor se mezclan aspirando ser temas capitales sin dejar de lado el cariz intenso de temas tan humanos como vivenciales. A lo largo de sus p\u00e1ginas se despliega m\u00e1s que una danza de arm\u00f3nicas palabras un reguero palpable de sensaciones; el libro busca\u00a0<em>transmitir<\/em>\u00a0antes que\u00a0<em>decir<\/em>, busca conectar \u00edntima e insospechadamente con la poes\u00eda, donde el verso salvaje o d\u00f3cil como pincelada de arte en movimiento sea espejo y reflejo de quien lo lea.<\/p>\n","protected":false},"featured_media":94623,"comment_status":"closed","ping_status":"open","template":"","meta":{"_acf_changed":false},"libro":[],"product_brand":[],"product_cat":[20],"product_tag":[],"class_list":{"0":"post-94622","1":"product","2":"type-product","3":"status-publish","4":"has-post-thumbnail","6":"product_cat-poesia","8":"first","9":"instock","10":"purchasable","11":"product-type-simple"},"acf":{"autor":[73524],"enlace_de_compra":"https:\/\/www.agapea.com\/Christopher-Luiggi\/Entre-la-piedra-y-la-flor-9788417864057-i.htm"},"yoast_head":"<!-- This site is optimized with the Yoast SEO plugin v27.4 - https:\/\/yoast.com\/product\/yoast-seo-wordpress\/ -->\n<title>Entre la piedra y la flor - Catalogo | Letrame Grupo Editorial<\/title>\n<meta name=\"robots\" content=\"index, follow, max-snippet:-1, max-image-preview:large, max-video-preview:-1\" \/>\n<link rel=\"canonical\" href=\"https:\/\/letrame.com\/catalogo\/producto\/entre-la-piedra-y-la-flor\/\" \/>\n<meta property=\"og:locale\" content=\"es_ES\" \/>\n<meta property=\"og:type\" content=\"article\" \/>\n<meta property=\"og:title\" content=\"Entre la piedra y la flor - Catalogo | Letrame Grupo Editorial\" \/>\n<meta property=\"og:description\" content=\"ISBN: \u00a0978-84-17864-05-7 Entre la piedra y la flor\u00a0contempla poemas que responden m\u00e1s al invencible instinto po\u00e9tico que al insalvable capricho racional. En la traves\u00eda de sus versos la sensualidad y el amor se mezclan aspirando ser temas capitales sin dejar de lado el cariz intenso de temas tan humanos como vivenciales. A lo largo de sus p\u00e1ginas se despliega m\u00e1s que una danza de arm\u00f3nicas palabras un reguero palpable de sensaciones; el libro busca\u00a0transmitir\u00a0antes que\u00a0decir, busca conectar \u00edntima e insospechadamente con la poes\u00eda, donde el verso salvaje o d\u00f3cil como pincelada de arte en movimiento sea espejo y reflejo de quien lo lea.\" \/>\n<meta property=\"og:url\" content=\"https:\/\/letrame.com\/catalogo\/producto\/entre-la-piedra-y-la-flor\/\" \/>\n<meta property=\"og:site_name\" content=\"Catalogo | Letrame Grupo Editorial\" \/>\n<meta property=\"article:modified_time\" content=\"2024-04-18T09:06:27+00:00\" \/>\n<meta property=\"og:image\" content=\"https:\/\/letrame.com\/catalogo\/wp-content\/uploads\/2024\/04\/portada_Entrelapiedra_5mm-compressed-1-scaled-1.jpg\" \/>\n\t<meta property=\"og:image:width\" content=\"1746\" \/>\n\t<meta property=\"og:image:height\" content=\"2560\" \/>\n\t<meta property=\"og:image:type\" content=\"image\/jpeg\" \/>\n<meta name=\"twitter:card\" content=\"summary_large_image\" \/>\n<meta name=\"twitter:label1\" content=\"Tiempo de lectura\" \/>\n\t<meta name=\"twitter:data1\" content=\"1 minuto\" \/>\n<script type=\"application\/ld+json\" class=\"yoast-schema-graph\">{\"@context\":\"https:\\\/\\\/schema.org\",\"@graph\":[{\"@type\":\"WebPage\",\"@id\":\"https:\\\/\\\/letrame.com\\\/catalogo\\\/producto\\\/entre-la-piedra-y-la-flor\\\/\",\"url\":\"https:\\\/\\\/letrame.com\\\/catalogo\\\/producto\\\/entre-la-piedra-y-la-flor\\\/\",\"name\":\"Entre la piedra y la flor - Catalogo | Letrame Grupo Editorial\",\"isPartOf\":{\"@id\":\"https:\\\/\\\/letrame.com\\\/catalogo\\\/#website\"},\"primaryImageOfPage\":{\"@id\":\"https:\\\/\\\/letrame.com\\\/catalogo\\\/producto\\\/entre-la-piedra-y-la-flor\\\/#primaryimage\"},\"image\":{\"@id\":\"https:\\\/\\\/letrame.com\\\/catalogo\\\/producto\\\/entre-la-piedra-y-la-flor\\\/#primaryimage\"},\"thumbnailUrl\":\"https:\\\/\\\/letrame.com\\\/catalogo\\\/wp-content\\\/uploads\\\/2024\\\/04\\\/portada_Entrelapiedra_5mm-compressed-1-scaled-1.jpg\",\"datePublished\":\"2024-04-18T09:06:14+00:00\",\"dateModified\":\"2024-04-18T09:06:27+00:00\",\"breadcrumb\":{\"@id\":\"https:\\\/\\\/letrame.com\\\/catalogo\\\/producto\\\/entre-la-piedra-y-la-flor\\\/#breadcrumb\"},\"inLanguage\":\"es\",\"potentialAction\":[{\"@type\":\"ReadAction\",\"target\":[\"https:\\\/\\\/letrame.com\\\/catalogo\\\/producto\\\/entre-la-piedra-y-la-flor\\\/\"]}]},{\"@type\":\"ImageObject\",\"inLanguage\":\"es\",\"@id\":\"https:\\\/\\\/letrame.com\\\/catalogo\\\/producto\\\/entre-la-piedra-y-la-flor\\\/#primaryimage\",\"url\":\"https:\\\/\\\/letrame.com\\\/catalogo\\\/wp-content\\\/uploads\\\/2024\\\/04\\\/portada_Entrelapiedra_5mm-compressed-1-scaled-1.jpg\",\"contentUrl\":\"https:\\\/\\\/letrame.com\\\/catalogo\\\/wp-content\\\/uploads\\\/2024\\\/04\\\/portada_Entrelapiedra_5mm-compressed-1-scaled-1.jpg\",\"width\":1746,\"height\":2560},{\"@type\":\"BreadcrumbList\",\"@id\":\"https:\\\/\\\/letrame.com\\\/catalogo\\\/producto\\\/entre-la-piedra-y-la-flor\\\/#breadcrumb\",\"itemListElement\":[{\"@type\":\"ListItem\",\"position\":1,\"name\":\"Portada\",\"item\":\"https:\\\/\\\/letrame.com\\\/catalogo\\\/\"},{\"@type\":\"ListItem\",\"position\":2,\"name\":\"Cat\u00e1logo\",\"item\":\"https:\\\/\\\/letrame.com\\\/catalogo\\\/\"},{\"@type\":\"ListItem\",\"position\":3,\"name\":\"Entre la piedra y la flor\"}]},{\"@type\":\"WebSite\",\"@id\":\"https:\\\/\\\/letrame.com\\\/catalogo\\\/#website\",\"url\":\"https:\\\/\\\/letrame.com\\\/catalogo\\\/\",\"name\":\"Catalogo | Letrame Grupo Editorial\",\"description\":\"\",\"publisher\":{\"@id\":\"https:\\\/\\\/letrame.com\\\/catalogo\\\/#organization\"},\"potentialAction\":[{\"@type\":\"SearchAction\",\"target\":{\"@type\":\"EntryPoint\",\"urlTemplate\":\"https:\\\/\\\/letrame.com\\\/catalogo\\\/?s={search_term_string}\"},\"query-input\":{\"@type\":\"PropertyValueSpecification\",\"valueRequired\":true,\"valueName\":\"search_term_string\"}}],\"inLanguage\":\"es\"},{\"@type\":\"Organization\",\"@id\":\"https:\\\/\\\/letrame.com\\\/catalogo\\\/#organization\",\"name\":\"Catalogo | Letrame Grupo Editorial\",\"url\":\"https:\\\/\\\/letrame.com\\\/catalogo\\\/\",\"logo\":{\"@type\":\"ImageObject\",\"inLanguage\":\"es\",\"@id\":\"https:\\\/\\\/letrame.com\\\/catalogo\\\/#\\\/schema\\\/logo\\\/image\\\/\",\"url\":\"https:\\\/\\\/letrame.com\\\/catalogo\\\/wp-content\\\/uploads\\\/2024\\\/03\\\/logo2.webp\",\"contentUrl\":\"https:\\\/\\\/letrame.com\\\/catalogo\\\/wp-content\\\/uploads\\\/2024\\\/03\\\/logo2.webp\",\"width\":394,\"height\":128,\"caption\":\"Catalogo | Letrame Grupo Editorial\"},\"image\":{\"@id\":\"https:\\\/\\\/letrame.com\\\/catalogo\\\/#\\\/schema\\\/logo\\\/image\\\/\"}}]}<\/script>\n<!-- \/ Yoast SEO plugin. -->","yoast_head_json":{"title":"Entre la piedra y la flor - Catalogo | Letrame Grupo Editorial","robots":{"index":"index","follow":"follow","max-snippet":"max-snippet:-1","max-image-preview":"max-image-preview:large","max-video-preview":"max-video-preview:-1"},"canonical":"https:\/\/letrame.com\/catalogo\/producto\/entre-la-piedra-y-la-flor\/","og_locale":"es_ES","og_type":"article","og_title":"Entre la piedra y la flor - Catalogo | Letrame Grupo Editorial","og_description":"ISBN: \u00a0978-84-17864-05-7 Entre la piedra y la flor\u00a0contempla poemas que responden m\u00e1s al invencible instinto po\u00e9tico que al insalvable capricho racional. En la traves\u00eda de sus versos la sensualidad y el amor se mezclan aspirando ser temas capitales sin dejar de lado el cariz intenso de temas tan humanos como vivenciales. A lo largo de sus p\u00e1ginas se despliega m\u00e1s que una danza de arm\u00f3nicas palabras un reguero palpable de sensaciones; el libro busca\u00a0transmitir\u00a0antes que\u00a0decir, busca conectar \u00edntima e insospechadamente con la poes\u00eda, donde el verso salvaje o d\u00f3cil como pincelada de arte en movimiento sea espejo y reflejo de quien lo lea.","og_url":"https:\/\/letrame.com\/catalogo\/producto\/entre-la-piedra-y-la-flor\/","og_site_name":"Catalogo | Letrame Grupo Editorial","article_modified_time":"2024-04-18T09:06:27+00:00","og_image":[{"width":1746,"height":2560,"url":"https:\/\/letrame.com\/catalogo\/wp-content\/uploads\/2024\/04\/portada_Entrelapiedra_5mm-compressed-1-scaled-1.jpg","type":"image\/jpeg"}],"twitter_card":"summary_large_image","twitter_misc":{"Tiempo de lectura":"1 minuto"},"schema":{"@context":"https:\/\/schema.org","@graph":[{"@type":"WebPage","@id":"https:\/\/letrame.com\/catalogo\/producto\/entre-la-piedra-y-la-flor\/","url":"https:\/\/letrame.com\/catalogo\/producto\/entre-la-piedra-y-la-flor\/","name":"Entre la piedra y la flor - Catalogo | Letrame Grupo Editorial","isPartOf":{"@id":"https:\/\/letrame.com\/catalogo\/#website"},"primaryImageOfPage":{"@id":"https:\/\/letrame.com\/catalogo\/producto\/entre-la-piedra-y-la-flor\/#primaryimage"},"image":{"@id":"https:\/\/letrame.com\/catalogo\/producto\/entre-la-piedra-y-la-flor\/#primaryimage"},"thumbnailUrl":"https:\/\/letrame.com\/catalogo\/wp-content\/uploads\/2024\/04\/portada_Entrelapiedra_5mm-compressed-1-scaled-1.jpg","datePublished":"2024-04-18T09:06:14+00:00","dateModified":"2024-04-18T09:06:27+00:00","breadcrumb":{"@id":"https:\/\/letrame.com\/catalogo\/producto\/entre-la-piedra-y-la-flor\/#breadcrumb"},"inLanguage":"es","potentialAction":[{"@type":"ReadAction","target":["https:\/\/letrame.com\/catalogo\/producto\/entre-la-piedra-y-la-flor\/"]}]},{"@type":"ImageObject","inLanguage":"es","@id":"https:\/\/letrame.com\/catalogo\/producto\/entre-la-piedra-y-la-flor\/#primaryimage","url":"https:\/\/letrame.com\/catalogo\/wp-content\/uploads\/2024\/04\/portada_Entrelapiedra_5mm-compressed-1-scaled-1.jpg","contentUrl":"https:\/\/letrame.com\/catalogo\/wp-content\/uploads\/2024\/04\/portada_Entrelapiedra_5mm-compressed-1-scaled-1.jpg","width":1746,"height":2560},{"@type":"BreadcrumbList","@id":"https:\/\/letrame.com\/catalogo\/producto\/entre-la-piedra-y-la-flor\/#breadcrumb","itemListElement":[{"@type":"ListItem","position":1,"name":"Portada","item":"https:\/\/letrame.com\/catalogo\/"},{"@type":"ListItem","position":2,"name":"Cat\u00e1logo","item":"https:\/\/letrame.com\/catalogo\/"},{"@type":"ListItem","position":3,"name":"Entre la piedra y la flor"}]},{"@type":"WebSite","@id":"https:\/\/letrame.com\/catalogo\/#website","url":"https:\/\/letrame.com\/catalogo\/","name":"Catalogo | Letrame Grupo Editorial","description":"","publisher":{"@id":"https:\/\/letrame.com\/catalogo\/#organization"},"potentialAction":[{"@type":"SearchAction","target":{"@type":"EntryPoint","urlTemplate":"https:\/\/letrame.com\/catalogo\/?s={search_term_string}"},"query-input":{"@type":"PropertyValueSpecification","valueRequired":true,"valueName":"search_term_string"}}],"inLanguage":"es"},{"@type":"Organization","@id":"https:\/\/letrame.com\/catalogo\/#organization","name":"Catalogo | Letrame Grupo Editorial","url":"https:\/\/letrame.com\/catalogo\/","logo":{"@type":"ImageObject","inLanguage":"es","@id":"https:\/\/letrame.com\/catalogo\/#\/schema\/logo\/image\/","url":"https:\/\/letrame.com\/catalogo\/wp-content\/uploads\/2024\/03\/logo2.webp","contentUrl":"https:\/\/letrame.com\/catalogo\/wp-content\/uploads\/2024\/03\/logo2.webp","width":394,"height":128,"caption":"Catalogo | Letrame Grupo Editorial"},"image":{"@id":"https:\/\/letrame.com\/catalogo\/#\/schema\/logo\/image\/"}}]}},"_links":{"self":[{"href":"https:\/\/letrame.com\/catalogo\/wp-json\/wp\/v2\/product\/94622","targetHints":{"allow":["GET"]}}],"collection":[{"href":"https:\/\/letrame.com\/catalogo\/wp-json\/wp\/v2\/product"}],"about":[{"href":"https:\/\/letrame.com\/catalogo\/wp-json\/wp\/v2\/types\/product"}],"replies":[{"embeddable":true,"href":"https:\/\/letrame.com\/catalogo\/wp-json\/wp\/v2\/comments?post=94622"}],"acf:post":[{"embeddable":true,"href":"https:\/\/letrame.com\/catalogo\/wp-json\/wp\/v2\/author_book\/73524"}],"wp:featuredmedia":[{"embeddable":true,"href":"https:\/\/letrame.com\/catalogo\/wp-json\/wp\/v2\/media\/94623"}],"wp:attachment":[{"href":"https:\/\/letrame.com\/catalogo\/wp-json\/wp\/v2\/media?parent=94622"}],"wp:term":[{"taxonomy":"libro","embeddable":true,"href":"https:\/\/letrame.com\/catalogo\/wp-json\/wp\/v2\/libro?post=94622"},{"taxonomy":"product_brand","embeddable":true,"href":"https:\/\/letrame.com\/catalogo\/wp-json\/wp\/v2\/product_brand?post=94622"},{"taxonomy":"product_cat","embeddable":true,"href":"https:\/\/letrame.com\/catalogo\/wp-json\/wp\/v2\/product_cat?post=94622"},{"taxonomy":"product_tag","embeddable":true,"href":"https:\/\/letrame.com\/catalogo\/wp-json\/wp\/v2\/product_tag?post=94622"}],"curies":[{"name":"wp","href":"https:\/\/api.w.org\/{rel}","templated":true}]}}