{"id":94591,"date":"2024-04-18T11:03:04","date_gmt":"2024-04-18T09:03:04","guid":{"rendered":"https:\/\/letrame.com\/catalogo\/producto\/el-aprendiz-y-los-maestros-del-gremio\/"},"modified":"2024-04-18T11:03:04","modified_gmt":"2024-04-18T09:03:04","slug":"el-aprendiz-y-los-maestros-del-gremio","status":"publish","type":"product","link":"https:\/\/letrame.com\/catalogo\/producto\/el-aprendiz-y-los-maestros-del-gremio\/","title":{"rendered":"El aprendiz y los maestros del gremio"},"content":{"rendered":"<p><strong>ISBN<\/strong>: 9<span class=\"sku\">78-84-17818-56-2<\/span><br \/>\n<strong>T\u00edtulo<\/strong>: El aprendiz y los maestros del gremio<br \/>\n<strong>Fecha<\/strong>: 2019<br \/>\n<strong>P\u00e1ginas<\/strong>: 304<\/p>\n<p>&nbsp;<\/p>\n<p><strong>SINOPSIS<\/strong><\/p>\n<section>\n<div class=\"about-this-book\">\n<div class=\"container\">\n<div class=\"right-detail shop-detail1 pull-right col-md-8 col-sm-8 col-xs-12\">\n<div id=\"editionnal-reviews\" class=\"book-desc-detail\"><span class=\"detail-desc box-detail-desc\">Apasionante relato basado en hechos reales que narra la trayectoria vital de un ejecutivo quien, en pleno \u00e9xito de su carrera profesional, se ve sumido en una profunda depresi\u00f3n de la que es inesperadamente rescatado por una misteriosa voz que resuena en su pecho. Esa sorprendente circunstancia le obliga a dar un giro a su vida y a partir de ah\u00ed, tras un acto realizado por el impulso de su coraz\u00f3n, sucede un hecho extraordinario sobre el que no ha tenido control alguno. Intrigado por la caracter\u00edstica del mismo, inicia un proceso de investigaci\u00f3n y experimentaci\u00f3n que durar\u00e1 veintitr\u00e9s a\u00f1os, con el prop\u00f3sito de encontrar los v\u00ednculos de causa y efecto existentes entre los actos y sus consecuencias. A lo largo de ese tiempo, siguen produci\u00e9ndose otros hechos incomprensibles: circunstancias y personajes que le ayudan en su dif\u00edcil camino y le orientan en cuanto a lo que debe ser su verdadera misi\u00f3n en la vida. El autor \u2013en funci\u00f3n de su propia experiencia y de la investigaci\u00f3n realizada- nos cuenta que fuerzas que est\u00e1n m\u00e1s cerca de lo que creemos y que son m\u00e1s accesibles de lo que percibimos pueden ser utilizadas para lograr nuestros objetivos, aunque no siempre coinciden con lo que queremos. Para ello, es necesario pertenecer al Gremio en el que los maestros que nos acompa\u00f1an, presentes y ausentes, cuidan de nosotros y nos despejan el camino.<\/span><\/div>\n<div id=\"clear-scroll\" class=\"clearfix\"><\/div>\n<\/div>\n<\/div>\n<\/div>\n<\/section>\n<div class=\"feature-section feature-option2\">\n<div class=\"container\">\n<div class=\"related products\">\n<div class=\"title-box\"><\/div>\n<\/div>\n<\/div>\n<\/div>\n","protected":false},"excerpt":{"rendered":"<p><strong>ISBN: 978-84-17818-56-2<\/strong><\/p>\n<p>Apasionante relato basado en hechos reales que narra la trayectoria vital de un ejecutivo quien, en pleno \u00e9xito de su carrera profesional, se ve sumido en una profunda depresi\u00f3n de la que es inesperadamente rescatado por una misteriosa voz que resuena en su pecho. Esa sorprendente circunstancia le obliga a dar un giro a su vida y a partir de ah\u00ed, tras un acto realizado por el impulso de su coraz\u00f3n, sucede un hecho extraordinario sobre el que no ha tenido control alguno.<\/p>\n","protected":false},"featured_media":94592,"comment_status":"closed","ping_status":"open","template":"","meta":{"_acf_changed":false},"libro":[],"product_brand":[],"product_cat":[23],"product_tag":[],"class_list":{"0":"post-94591","1":"product","2":"type-product","3":"status-publish","4":"has-post-thumbnail","6":"product_cat-ensayos","8":"first","9":"instock","10":"purchasable","11":"product-type-simple"},"acf":{"autor":[73492],"enlace_de_compra":"https:\/\/www.amazon.es\/aprendiz-maestros-gremio-Hechos-reales\/dp\/8417818561\/ref=sr_1_fkmrnull_1?__mk_es_ES=%C3%85M%C3%85%C5%BD%C3%95%C3%91&amp&keywords=el+aprendiz+y+los+maestros+del+gremio&amp&qid=1556873692&amp&s=gateway&amp&sr=8-1-fkmrnull"},"yoast_head":"<!-- This site is optimized with the Yoast SEO plugin v27.4 - https:\/\/yoast.com\/product\/yoast-seo-wordpress\/ -->\n<title>El aprendiz y los maestros del gremio - Catalogo | Letrame Grupo Editorial<\/title>\n<meta name=\"robots\" content=\"index, follow, max-snippet:-1, max-image-preview:large, max-video-preview:-1\" \/>\n<link rel=\"canonical\" href=\"https:\/\/letrame.com\/catalogo\/producto\/el-aprendiz-y-los-maestros-del-gremio\/\" \/>\n<meta property=\"og:locale\" content=\"es_ES\" \/>\n<meta property=\"og:type\" content=\"article\" \/>\n<meta property=\"og:title\" content=\"El aprendiz y los maestros del gremio - Catalogo | Letrame Grupo Editorial\" \/>\n<meta property=\"og:description\" content=\"ISBN: 978-84-17818-56-2 Apasionante relato basado en hechos reales que narra la trayectoria vital de un ejecutivo quien, en pleno \u00e9xito de su carrera profesional, se ve sumido en una profunda depresi\u00f3n de la que es inesperadamente rescatado por una misteriosa voz que resuena en su pecho. Esa sorprendente circunstancia le obliga a dar un giro a su vida y a partir de ah\u00ed, tras un acto realizado por el impulso de su coraz\u00f3n, sucede un hecho extraordinario sobre el que no ha tenido control alguno.\" \/>\n<meta property=\"og:url\" content=\"https:\/\/letrame.com\/catalogo\/producto\/el-aprendiz-y-los-maestros-del-gremio\/\" \/>\n<meta property=\"og:site_name\" content=\"Catalogo | Letrame Grupo Editorial\" \/>\n<meta property=\"og:image\" content=\"https:\/\/letrame.com\/catalogo\/wp-content\/uploads\/2024\/04\/portada_Elaprendiz_173mm-compressed-scaled-1.jpg\" \/>\n\t<meta property=\"og:image:width\" content=\"737\" \/>\n\t<meta property=\"og:image:height\" content=\"1080\" \/>\n\t<meta property=\"og:image:type\" content=\"image\/jpeg\" \/>\n<meta name=\"twitter:card\" content=\"summary_large_image\" \/>\n<meta name=\"twitter:label1\" content=\"Tiempo de lectura\" \/>\n\t<meta name=\"twitter:data1\" content=\"1 minuto\" \/>\n<script type=\"application\/ld+json\" class=\"yoast-schema-graph\">{\"@context\":\"https:\\\/\\\/schema.org\",\"@graph\":[{\"@type\":\"WebPage\",\"@id\":\"https:\\\/\\\/letrame.com\\\/catalogo\\\/producto\\\/el-aprendiz-y-los-maestros-del-gremio\\\/\",\"url\":\"https:\\\/\\\/letrame.com\\\/catalogo\\\/producto\\\/el-aprendiz-y-los-maestros-del-gremio\\\/\",\"name\":\"El aprendiz y los maestros del gremio - Catalogo | Letrame Grupo Editorial\",\"isPartOf\":{\"@id\":\"https:\\\/\\\/letrame.com\\\/catalogo\\\/#website\"},\"primaryImageOfPage\":{\"@id\":\"https:\\\/\\\/letrame.com\\\/catalogo\\\/producto\\\/el-aprendiz-y-los-maestros-del-gremio\\\/#primaryimage\"},\"image\":{\"@id\":\"https:\\\/\\\/letrame.com\\\/catalogo\\\/producto\\\/el-aprendiz-y-los-maestros-del-gremio\\\/#primaryimage\"},\"thumbnailUrl\":\"https:\\\/\\\/letrame.com\\\/catalogo\\\/wp-content\\\/uploads\\\/2024\\\/04\\\/portada_Elaprendiz_173mm-compressed-scaled-1.jpg\",\"datePublished\":\"2024-04-18T09:03:04+00:00\",\"breadcrumb\":{\"@id\":\"https:\\\/\\\/letrame.com\\\/catalogo\\\/producto\\\/el-aprendiz-y-los-maestros-del-gremio\\\/#breadcrumb\"},\"inLanguage\":\"es\",\"potentialAction\":[{\"@type\":\"ReadAction\",\"target\":[\"https:\\\/\\\/letrame.com\\\/catalogo\\\/producto\\\/el-aprendiz-y-los-maestros-del-gremio\\\/\"]}]},{\"@type\":\"ImageObject\",\"inLanguage\":\"es\",\"@id\":\"https:\\\/\\\/letrame.com\\\/catalogo\\\/producto\\\/el-aprendiz-y-los-maestros-del-gremio\\\/#primaryimage\",\"url\":\"https:\\\/\\\/letrame.com\\\/catalogo\\\/wp-content\\\/uploads\\\/2024\\\/04\\\/portada_Elaprendiz_173mm-compressed-scaled-1.jpg\",\"contentUrl\":\"https:\\\/\\\/letrame.com\\\/catalogo\\\/wp-content\\\/uploads\\\/2024\\\/04\\\/portada_Elaprendiz_173mm-compressed-scaled-1.jpg\",\"width\":737,\"height\":1080},{\"@type\":\"BreadcrumbList\",\"@id\":\"https:\\\/\\\/letrame.com\\\/catalogo\\\/producto\\\/el-aprendiz-y-los-maestros-del-gremio\\\/#breadcrumb\",\"itemListElement\":[{\"@type\":\"ListItem\",\"position\":1,\"name\":\"Portada\",\"item\":\"https:\\\/\\\/letrame.com\\\/catalogo\\\/\"},{\"@type\":\"ListItem\",\"position\":2,\"name\":\"Cat\u00e1logo\",\"item\":\"https:\\\/\\\/letrame.com\\\/catalogo\\\/\"},{\"@type\":\"ListItem\",\"position\":3,\"name\":\"El aprendiz y los maestros del gremio\"}]},{\"@type\":\"WebSite\",\"@id\":\"https:\\\/\\\/letrame.com\\\/catalogo\\\/#website\",\"url\":\"https:\\\/\\\/letrame.com\\\/catalogo\\\/\",\"name\":\"Catalogo | Letrame Grupo Editorial\",\"description\":\"\",\"publisher\":{\"@id\":\"https:\\\/\\\/letrame.com\\\/catalogo\\\/#organization\"},\"potentialAction\":[{\"@type\":\"SearchAction\",\"target\":{\"@type\":\"EntryPoint\",\"urlTemplate\":\"https:\\\/\\\/letrame.com\\\/catalogo\\\/?s={search_term_string}\"},\"query-input\":{\"@type\":\"PropertyValueSpecification\",\"valueRequired\":true,\"valueName\":\"search_term_string\"}}],\"inLanguage\":\"es\"},{\"@type\":\"Organization\",\"@id\":\"https:\\\/\\\/letrame.com\\\/catalogo\\\/#organization\",\"name\":\"Catalogo | Letrame Grupo Editorial\",\"url\":\"https:\\\/\\\/letrame.com\\\/catalogo\\\/\",\"logo\":{\"@type\":\"ImageObject\",\"inLanguage\":\"es\",\"@id\":\"https:\\\/\\\/letrame.com\\\/catalogo\\\/#\\\/schema\\\/logo\\\/image\\\/\",\"url\":\"https:\\\/\\\/letrame.com\\\/catalogo\\\/wp-content\\\/uploads\\\/2024\\\/03\\\/logo2.webp\",\"contentUrl\":\"https:\\\/\\\/letrame.com\\\/catalogo\\\/wp-content\\\/uploads\\\/2024\\\/03\\\/logo2.webp\",\"width\":394,\"height\":128,\"caption\":\"Catalogo | Letrame Grupo Editorial\"},\"image\":{\"@id\":\"https:\\\/\\\/letrame.com\\\/catalogo\\\/#\\\/schema\\\/logo\\\/image\\\/\"}}]}<\/script>\n<!-- \/ Yoast SEO plugin. -->","yoast_head_json":{"title":"El aprendiz y los maestros del gremio - Catalogo | Letrame Grupo Editorial","robots":{"index":"index","follow":"follow","max-snippet":"max-snippet:-1","max-image-preview":"max-image-preview:large","max-video-preview":"max-video-preview:-1"},"canonical":"https:\/\/letrame.com\/catalogo\/producto\/el-aprendiz-y-los-maestros-del-gremio\/","og_locale":"es_ES","og_type":"article","og_title":"El aprendiz y los maestros del gremio - Catalogo | Letrame Grupo Editorial","og_description":"ISBN: 978-84-17818-56-2 Apasionante relato basado en hechos reales que narra la trayectoria vital de un ejecutivo quien, en pleno \u00e9xito de su carrera profesional, se ve sumido en una profunda depresi\u00f3n de la que es inesperadamente rescatado por una misteriosa voz que resuena en su pecho. Esa sorprendente circunstancia le obliga a dar un giro a su vida y a partir de ah\u00ed, tras un acto realizado por el impulso de su coraz\u00f3n, sucede un hecho extraordinario sobre el que no ha tenido control alguno.","og_url":"https:\/\/letrame.com\/catalogo\/producto\/el-aprendiz-y-los-maestros-del-gremio\/","og_site_name":"Catalogo | Letrame Grupo Editorial","og_image":[{"width":737,"height":1080,"url":"https:\/\/letrame.com\/catalogo\/wp-content\/uploads\/2024\/04\/portada_Elaprendiz_173mm-compressed-scaled-1.jpg","type":"image\/jpeg"}],"twitter_card":"summary_large_image","twitter_misc":{"Tiempo de lectura":"1 minuto"},"schema":{"@context":"https:\/\/schema.org","@graph":[{"@type":"WebPage","@id":"https:\/\/letrame.com\/catalogo\/producto\/el-aprendiz-y-los-maestros-del-gremio\/","url":"https:\/\/letrame.com\/catalogo\/producto\/el-aprendiz-y-los-maestros-del-gremio\/","name":"El aprendiz y los maestros del gremio - Catalogo | Letrame Grupo Editorial","isPartOf":{"@id":"https:\/\/letrame.com\/catalogo\/#website"},"primaryImageOfPage":{"@id":"https:\/\/letrame.com\/catalogo\/producto\/el-aprendiz-y-los-maestros-del-gremio\/#primaryimage"},"image":{"@id":"https:\/\/letrame.com\/catalogo\/producto\/el-aprendiz-y-los-maestros-del-gremio\/#primaryimage"},"thumbnailUrl":"https:\/\/letrame.com\/catalogo\/wp-content\/uploads\/2024\/04\/portada_Elaprendiz_173mm-compressed-scaled-1.jpg","datePublished":"2024-04-18T09:03:04+00:00","breadcrumb":{"@id":"https:\/\/letrame.com\/catalogo\/producto\/el-aprendiz-y-los-maestros-del-gremio\/#breadcrumb"},"inLanguage":"es","potentialAction":[{"@type":"ReadAction","target":["https:\/\/letrame.com\/catalogo\/producto\/el-aprendiz-y-los-maestros-del-gremio\/"]}]},{"@type":"ImageObject","inLanguage":"es","@id":"https:\/\/letrame.com\/catalogo\/producto\/el-aprendiz-y-los-maestros-del-gremio\/#primaryimage","url":"https:\/\/letrame.com\/catalogo\/wp-content\/uploads\/2024\/04\/portada_Elaprendiz_173mm-compressed-scaled-1.jpg","contentUrl":"https:\/\/letrame.com\/catalogo\/wp-content\/uploads\/2024\/04\/portada_Elaprendiz_173mm-compressed-scaled-1.jpg","width":737,"height":1080},{"@type":"BreadcrumbList","@id":"https:\/\/letrame.com\/catalogo\/producto\/el-aprendiz-y-los-maestros-del-gremio\/#breadcrumb","itemListElement":[{"@type":"ListItem","position":1,"name":"Portada","item":"https:\/\/letrame.com\/catalogo\/"},{"@type":"ListItem","position":2,"name":"Cat\u00e1logo","item":"https:\/\/letrame.com\/catalogo\/"},{"@type":"ListItem","position":3,"name":"El aprendiz y los maestros del gremio"}]},{"@type":"WebSite","@id":"https:\/\/letrame.com\/catalogo\/#website","url":"https:\/\/letrame.com\/catalogo\/","name":"Catalogo | Letrame Grupo Editorial","description":"","publisher":{"@id":"https:\/\/letrame.com\/catalogo\/#organization"},"potentialAction":[{"@type":"SearchAction","target":{"@type":"EntryPoint","urlTemplate":"https:\/\/letrame.com\/catalogo\/?s={search_term_string}"},"query-input":{"@type":"PropertyValueSpecification","valueRequired":true,"valueName":"search_term_string"}}],"inLanguage":"es"},{"@type":"Organization","@id":"https:\/\/letrame.com\/catalogo\/#organization","name":"Catalogo | Letrame Grupo Editorial","url":"https:\/\/letrame.com\/catalogo\/","logo":{"@type":"ImageObject","inLanguage":"es","@id":"https:\/\/letrame.com\/catalogo\/#\/schema\/logo\/image\/","url":"https:\/\/letrame.com\/catalogo\/wp-content\/uploads\/2024\/03\/logo2.webp","contentUrl":"https:\/\/letrame.com\/catalogo\/wp-content\/uploads\/2024\/03\/logo2.webp","width":394,"height":128,"caption":"Catalogo | Letrame Grupo Editorial"},"image":{"@id":"https:\/\/letrame.com\/catalogo\/#\/schema\/logo\/image\/"}}]}},"_links":{"self":[{"href":"https:\/\/letrame.com\/catalogo\/wp-json\/wp\/v2\/product\/94591","targetHints":{"allow":["GET"]}}],"collection":[{"href":"https:\/\/letrame.com\/catalogo\/wp-json\/wp\/v2\/product"}],"about":[{"href":"https:\/\/letrame.com\/catalogo\/wp-json\/wp\/v2\/types\/product"}],"replies":[{"embeddable":true,"href":"https:\/\/letrame.com\/catalogo\/wp-json\/wp\/v2\/comments?post=94591"}],"acf:post":[{"embeddable":true,"href":"https:\/\/letrame.com\/catalogo\/wp-json\/wp\/v2\/author_book\/73492"}],"wp:featuredmedia":[{"embeddable":true,"href":"https:\/\/letrame.com\/catalogo\/wp-json\/wp\/v2\/media\/94592"}],"wp:attachment":[{"href":"https:\/\/letrame.com\/catalogo\/wp-json\/wp\/v2\/media?parent=94591"}],"wp:term":[{"taxonomy":"libro","embeddable":true,"href":"https:\/\/letrame.com\/catalogo\/wp-json\/wp\/v2\/libro?post=94591"},{"taxonomy":"product_brand","embeddable":true,"href":"https:\/\/letrame.com\/catalogo\/wp-json\/wp\/v2\/product_brand?post=94591"},{"taxonomy":"product_cat","embeddable":true,"href":"https:\/\/letrame.com\/catalogo\/wp-json\/wp\/v2\/product_cat?post=94591"},{"taxonomy":"product_tag","embeddable":true,"href":"https:\/\/letrame.com\/catalogo\/wp-json\/wp\/v2\/product_tag?post=94591"}],"curies":[{"name":"wp","href":"https:\/\/api.w.org\/{rel}","templated":true}]}}