{"id":94582,"date":"2024-04-18T11:02:00","date_gmt":"2024-04-18T09:02:00","guid":{"rendered":"https:\/\/letrame.com\/catalogo\/producto\/el-nino-gris-un-superheroe-en-mi-portal\/"},"modified":"2024-05-15T12:59:14","modified_gmt":"2024-05-15T10:59:14","slug":"el-nino-gris-un-superheroe-en-mi-portal","status":"publish","type":"product","link":"https:\/\/letrame.com\/catalogo\/producto\/el-nino-gris-un-superheroe-en-mi-portal\/","title":{"rendered":"El ni\u00f1o gris \/ Un superh\u00e9roe en mi portal"},"content":{"rendered":"<p><strong>ISBN<\/strong>: 978-84-17864-03-3<br \/>\n<strong>T\u00edtulo<\/strong>: El ni\u00f1o gris \/ Un superh\u00e9roe en mi portal<br \/>\n<strong>Fecha<\/strong>: 2019<br \/>\n<strong>P\u00e1ginas<\/strong>: 82<\/p>\n<p>&nbsp;<\/p>\n<p><strong>SINOPSIS<\/strong><\/p>\n<section>\n<div class=\"about-this-book\">\n<div class=\"container\">\n<div class=\"right-detail shop-detail1 pull-right col-md-8 col-sm-8 col-xs-12\">\n<div id=\"editionnal-reviews\" class=\"book-desc-detail\"><span class=\"detail-desc box-detail-desc\">EL NI\u00d1O GRIS La trama de esta historia gira en torno a Niko, un chico como otro cualquiera. Niko regresa del pueblo despu\u00e9s de las vacaciones de verano entusiasmado y feliz por el comienzo del nuevo curso. Ajeno al odio de su compa\u00f1ero, pronto ver\u00e1 c\u00f3mo su vida sufre un rev\u00e9s. Su madre, conmovida por la situaci\u00f3n, observa c\u00f3mo su hijo, un ni\u00f1o alegre y cari\u00f1oso, se convierte en un chico arisco y triste, que poco a poco va perdiendo su color hasta convertirse en un \u00abni\u00f1o gris\u00bb. UN SUPERH\u00c9ROE EN MI PORTAL Luka luchaba sin tregua como cualquier gran h\u00e9roe, lidiando su batalla final. Mientras su amiga, ajena a esto, lo espera impaciente para acudir junto a \u00e9l a su clase de surf. Uxue nunca imagin\u00f3 que su mejor amigo fuera un superh\u00e9roe. Descubrirlo fue una sorpresa, compartir su historia una lecci\u00f3n que nunca olvidar\u00eda.<\/span><\/div>\n<div id=\"clear-scroll\" class=\"clearfix\"><\/div>\n<\/div>\n<\/div>\n<\/div>\n<\/section>\n<div class=\"feature-section feature-option2\">\n<div class=\"container\">\n<div class=\"related products\">\n<div class=\"title-box\"><\/div>\n<\/div>\n<\/div>\n<\/div>\n","protected":false},"excerpt":{"rendered":"<p><strong>ISBN: 978-84-17864-03-3<\/strong><\/p>\n<p>La trama de esta historia gira en torno a Niko, un chico como otro cualquiera.<br \/>\nNiko regresa del pueblo despu\u00e9s de las vacaciones de verano entusiasmado y feliz por el comienzo del nuevo curso. Ajeno al odio de su compa\u00f1ero, pronto ver\u00e1 c\u00f3mo su vida sufre un rev\u00e9s.<\/p>\n","protected":false},"featured_media":99988,"comment_status":"closed","ping_status":"closed","template":"","meta":{"_acf_changed":false},"libro":[],"product_brand":[],"product_cat":[17],"product_tag":[],"class_list":{"0":"post-94582","1":"product","2":"type-product","3":"status-publish","4":"has-post-thumbnail","6":"product_cat-infantil","8":"first","9":"instock","10":"purchasable","11":"product-type-simple"},"acf":{"autor":"","enlace_de_compra":"https:\/\/www.amazon.es\/ni%C3%B1o-gris-Cuento-Montse-Souto\/dp\/8417864032\/ref=sr_1_fkmrnull_1?__mk_es_ES=%C3%85M%C3%85%C5%BD%C3%95%C3%91&amp&keywords=el+ni%C3%B1o+gris+letrame&amp&qid=1556816055&amp&s=gateway&amp&sr=8-1-fkmrnull"},"yoast_head":"<!-- This site is optimized with the Yoast SEO plugin v27.4 - https:\/\/yoast.com\/product\/yoast-seo-wordpress\/ -->\n<title>El ni\u00f1o gris \/ Un superh\u00e9roe en mi portal - Catalogo | Letrame Grupo Editorial<\/title>\n<meta name=\"robots\" content=\"index, follow, max-snippet:-1, max-image-preview:large, max-video-preview:-1\" \/>\n<link rel=\"canonical\" href=\"https:\/\/letrame.com\/catalogo\/producto\/el-nino-gris-un-superheroe-en-mi-portal\/\" \/>\n<meta property=\"og:locale\" content=\"es_ES\" \/>\n<meta property=\"og:type\" content=\"article\" \/>\n<meta property=\"og:title\" content=\"El ni\u00f1o gris \/ Un superh\u00e9roe en mi portal - Catalogo | Letrame Grupo Editorial\" \/>\n<meta property=\"og:description\" content=\"ISBN: 978-84-17864-03-3  La trama de esta historia gira en torno a Niko, un chico como otro cualquiera. Niko regresa del pueblo despu\u00e9s de las vacaciones de verano entusiasmado y feliz por el comienzo del nuevo curso. Ajeno al odio de su compa\u00f1ero, pronto ver\u00e1 c\u00f3mo su vida sufre un rev\u00e9s.\" \/>\n<meta property=\"og:url\" content=\"https:\/\/letrame.com\/catalogo\/producto\/el-nino-gris-un-superheroe-en-mi-portal\/\" \/>\n<meta property=\"og:site_name\" content=\"Catalogo | Letrame Grupo Editorial\" \/>\n<meta property=\"article:modified_time\" content=\"2024-05-15T10:59:14+00:00\" \/>\n<meta property=\"og:image\" content=\"https:\/\/letrame.com\/catalogo\/wp-content\/uploads\/2024\/04\/portada_Elninogris_53mm-compressed.webp\" \/>\n\t<meta property=\"og:image:width\" content=\"1654\" \/>\n\t<meta property=\"og:image:height\" content=\"2362\" \/>\n\t<meta property=\"og:image:type\" content=\"image\/webp\" \/>\n<meta name=\"twitter:card\" content=\"summary_large_image\" \/>\n<meta name=\"twitter:label1\" content=\"Tiempo de lectura\" \/>\n\t<meta name=\"twitter:data1\" content=\"1 minuto\" \/>\n<script type=\"application\/ld+json\" class=\"yoast-schema-graph\">{\"@context\":\"https:\\\/\\\/schema.org\",\"@graph\":[{\"@type\":\"WebPage\",\"@id\":\"https:\\\/\\\/letrame.com\\\/catalogo\\\/producto\\\/el-nino-gris-un-superheroe-en-mi-portal\\\/\",\"url\":\"https:\\\/\\\/letrame.com\\\/catalogo\\\/producto\\\/el-nino-gris-un-superheroe-en-mi-portal\\\/\",\"name\":\"El ni\u00f1o gris \\\/ Un superh\u00e9roe en mi portal - Catalogo | Letrame Grupo Editorial\",\"isPartOf\":{\"@id\":\"https:\\\/\\\/letrame.com\\\/catalogo\\\/#website\"},\"primaryImageOfPage\":{\"@id\":\"https:\\\/\\\/letrame.com\\\/catalogo\\\/producto\\\/el-nino-gris-un-superheroe-en-mi-portal\\\/#primaryimage\"},\"image\":{\"@id\":\"https:\\\/\\\/letrame.com\\\/catalogo\\\/producto\\\/el-nino-gris-un-superheroe-en-mi-portal\\\/#primaryimage\"},\"thumbnailUrl\":\"https:\\\/\\\/letrame.com\\\/catalogo\\\/wp-content\\\/uploads\\\/2024\\\/04\\\/portada_Elninogris_53mm-compressed.webp\",\"datePublished\":\"2024-04-18T09:02:00+00:00\",\"dateModified\":\"2024-05-15T10:59:14+00:00\",\"breadcrumb\":{\"@id\":\"https:\\\/\\\/letrame.com\\\/catalogo\\\/producto\\\/el-nino-gris-un-superheroe-en-mi-portal\\\/#breadcrumb\"},\"inLanguage\":\"es\",\"potentialAction\":[{\"@type\":\"ReadAction\",\"target\":[\"https:\\\/\\\/letrame.com\\\/catalogo\\\/producto\\\/el-nino-gris-un-superheroe-en-mi-portal\\\/\"]}]},{\"@type\":\"ImageObject\",\"inLanguage\":\"es\",\"@id\":\"https:\\\/\\\/letrame.com\\\/catalogo\\\/producto\\\/el-nino-gris-un-superheroe-en-mi-portal\\\/#primaryimage\",\"url\":\"https:\\\/\\\/letrame.com\\\/catalogo\\\/wp-content\\\/uploads\\\/2024\\\/04\\\/portada_Elninogris_53mm-compressed.webp\",\"contentUrl\":\"https:\\\/\\\/letrame.com\\\/catalogo\\\/wp-content\\\/uploads\\\/2024\\\/04\\\/portada_Elninogris_53mm-compressed.webp\",\"width\":1654,\"height\":2362},{\"@type\":\"BreadcrumbList\",\"@id\":\"https:\\\/\\\/letrame.com\\\/catalogo\\\/producto\\\/el-nino-gris-un-superheroe-en-mi-portal\\\/#breadcrumb\",\"itemListElement\":[{\"@type\":\"ListItem\",\"position\":1,\"name\":\"Portada\",\"item\":\"https:\\\/\\\/letrame.com\\\/catalogo\\\/\"},{\"@type\":\"ListItem\",\"position\":2,\"name\":\"Cat\u00e1logo\",\"item\":\"https:\\\/\\\/letrame.com\\\/catalogo\\\/\"},{\"@type\":\"ListItem\",\"position\":3,\"name\":\"El ni\u00f1o gris \\\/ Un superh\u00e9roe en mi portal\"}]},{\"@type\":\"WebSite\",\"@id\":\"https:\\\/\\\/letrame.com\\\/catalogo\\\/#website\",\"url\":\"https:\\\/\\\/letrame.com\\\/catalogo\\\/\",\"name\":\"Catalogo | Letrame Grupo Editorial\",\"description\":\"\",\"publisher\":{\"@id\":\"https:\\\/\\\/letrame.com\\\/catalogo\\\/#organization\"},\"potentialAction\":[{\"@type\":\"SearchAction\",\"target\":{\"@type\":\"EntryPoint\",\"urlTemplate\":\"https:\\\/\\\/letrame.com\\\/catalogo\\\/?s={search_term_string}\"},\"query-input\":{\"@type\":\"PropertyValueSpecification\",\"valueRequired\":true,\"valueName\":\"search_term_string\"}}],\"inLanguage\":\"es\"},{\"@type\":\"Organization\",\"@id\":\"https:\\\/\\\/letrame.com\\\/catalogo\\\/#organization\",\"name\":\"Catalogo | Letrame Grupo Editorial\",\"url\":\"https:\\\/\\\/letrame.com\\\/catalogo\\\/\",\"logo\":{\"@type\":\"ImageObject\",\"inLanguage\":\"es\",\"@id\":\"https:\\\/\\\/letrame.com\\\/catalogo\\\/#\\\/schema\\\/logo\\\/image\\\/\",\"url\":\"https:\\\/\\\/letrame.com\\\/catalogo\\\/wp-content\\\/uploads\\\/2024\\\/03\\\/logo2.webp\",\"contentUrl\":\"https:\\\/\\\/letrame.com\\\/catalogo\\\/wp-content\\\/uploads\\\/2024\\\/03\\\/logo2.webp\",\"width\":394,\"height\":128,\"caption\":\"Catalogo | Letrame Grupo Editorial\"},\"image\":{\"@id\":\"https:\\\/\\\/letrame.com\\\/catalogo\\\/#\\\/schema\\\/logo\\\/image\\\/\"}}]}<\/script>\n<!-- \/ Yoast SEO plugin. -->","yoast_head_json":{"title":"El ni\u00f1o gris \/ Un superh\u00e9roe en mi portal - Catalogo | Letrame Grupo Editorial","robots":{"index":"index","follow":"follow","max-snippet":"max-snippet:-1","max-image-preview":"max-image-preview:large","max-video-preview":"max-video-preview:-1"},"canonical":"https:\/\/letrame.com\/catalogo\/producto\/el-nino-gris-un-superheroe-en-mi-portal\/","og_locale":"es_ES","og_type":"article","og_title":"El ni\u00f1o gris \/ Un superh\u00e9roe en mi portal - Catalogo | Letrame Grupo Editorial","og_description":"ISBN: 978-84-17864-03-3  La trama de esta historia gira en torno a Niko, un chico como otro cualquiera. Niko regresa del pueblo despu\u00e9s de las vacaciones de verano entusiasmado y feliz por el comienzo del nuevo curso. Ajeno al odio de su compa\u00f1ero, pronto ver\u00e1 c\u00f3mo su vida sufre un rev\u00e9s.","og_url":"https:\/\/letrame.com\/catalogo\/producto\/el-nino-gris-un-superheroe-en-mi-portal\/","og_site_name":"Catalogo | Letrame Grupo Editorial","article_modified_time":"2024-05-15T10:59:14+00:00","og_image":[{"width":1654,"height":2362,"url":"https:\/\/letrame.com\/catalogo\/wp-content\/uploads\/2024\/04\/portada_Elninogris_53mm-compressed.webp","type":"image\/webp"}],"twitter_card":"summary_large_image","twitter_misc":{"Tiempo de lectura":"1 minuto"},"schema":{"@context":"https:\/\/schema.org","@graph":[{"@type":"WebPage","@id":"https:\/\/letrame.com\/catalogo\/producto\/el-nino-gris-un-superheroe-en-mi-portal\/","url":"https:\/\/letrame.com\/catalogo\/producto\/el-nino-gris-un-superheroe-en-mi-portal\/","name":"El ni\u00f1o gris \/ Un superh\u00e9roe en mi portal - Catalogo | Letrame Grupo Editorial","isPartOf":{"@id":"https:\/\/letrame.com\/catalogo\/#website"},"primaryImageOfPage":{"@id":"https:\/\/letrame.com\/catalogo\/producto\/el-nino-gris-un-superheroe-en-mi-portal\/#primaryimage"},"image":{"@id":"https:\/\/letrame.com\/catalogo\/producto\/el-nino-gris-un-superheroe-en-mi-portal\/#primaryimage"},"thumbnailUrl":"https:\/\/letrame.com\/catalogo\/wp-content\/uploads\/2024\/04\/portada_Elninogris_53mm-compressed.webp","datePublished":"2024-04-18T09:02:00+00:00","dateModified":"2024-05-15T10:59:14+00:00","breadcrumb":{"@id":"https:\/\/letrame.com\/catalogo\/producto\/el-nino-gris-un-superheroe-en-mi-portal\/#breadcrumb"},"inLanguage":"es","potentialAction":[{"@type":"ReadAction","target":["https:\/\/letrame.com\/catalogo\/producto\/el-nino-gris-un-superheroe-en-mi-portal\/"]}]},{"@type":"ImageObject","inLanguage":"es","@id":"https:\/\/letrame.com\/catalogo\/producto\/el-nino-gris-un-superheroe-en-mi-portal\/#primaryimage","url":"https:\/\/letrame.com\/catalogo\/wp-content\/uploads\/2024\/04\/portada_Elninogris_53mm-compressed.webp","contentUrl":"https:\/\/letrame.com\/catalogo\/wp-content\/uploads\/2024\/04\/portada_Elninogris_53mm-compressed.webp","width":1654,"height":2362},{"@type":"BreadcrumbList","@id":"https:\/\/letrame.com\/catalogo\/producto\/el-nino-gris-un-superheroe-en-mi-portal\/#breadcrumb","itemListElement":[{"@type":"ListItem","position":1,"name":"Portada","item":"https:\/\/letrame.com\/catalogo\/"},{"@type":"ListItem","position":2,"name":"Cat\u00e1logo","item":"https:\/\/letrame.com\/catalogo\/"},{"@type":"ListItem","position":3,"name":"El ni\u00f1o gris \/ Un superh\u00e9roe en mi portal"}]},{"@type":"WebSite","@id":"https:\/\/letrame.com\/catalogo\/#website","url":"https:\/\/letrame.com\/catalogo\/","name":"Catalogo | Letrame Grupo Editorial","description":"","publisher":{"@id":"https:\/\/letrame.com\/catalogo\/#organization"},"potentialAction":[{"@type":"SearchAction","target":{"@type":"EntryPoint","urlTemplate":"https:\/\/letrame.com\/catalogo\/?s={search_term_string}"},"query-input":{"@type":"PropertyValueSpecification","valueRequired":true,"valueName":"search_term_string"}}],"inLanguage":"es"},{"@type":"Organization","@id":"https:\/\/letrame.com\/catalogo\/#organization","name":"Catalogo | Letrame Grupo Editorial","url":"https:\/\/letrame.com\/catalogo\/","logo":{"@type":"ImageObject","inLanguage":"es","@id":"https:\/\/letrame.com\/catalogo\/#\/schema\/logo\/image\/","url":"https:\/\/letrame.com\/catalogo\/wp-content\/uploads\/2024\/03\/logo2.webp","contentUrl":"https:\/\/letrame.com\/catalogo\/wp-content\/uploads\/2024\/03\/logo2.webp","width":394,"height":128,"caption":"Catalogo | Letrame Grupo Editorial"},"image":{"@id":"https:\/\/letrame.com\/catalogo\/#\/schema\/logo\/image\/"}}]}},"_links":{"self":[{"href":"https:\/\/letrame.com\/catalogo\/wp-json\/wp\/v2\/product\/94582","targetHints":{"allow":["GET"]}}],"collection":[{"href":"https:\/\/letrame.com\/catalogo\/wp-json\/wp\/v2\/product"}],"about":[{"href":"https:\/\/letrame.com\/catalogo\/wp-json\/wp\/v2\/types\/product"}],"replies":[{"embeddable":true,"href":"https:\/\/letrame.com\/catalogo\/wp-json\/wp\/v2\/comments?post=94582"}],"wp:featuredmedia":[{"embeddable":true,"href":"https:\/\/letrame.com\/catalogo\/wp-json\/wp\/v2\/media\/99988"}],"wp:attachment":[{"href":"https:\/\/letrame.com\/catalogo\/wp-json\/wp\/v2\/media?parent=94582"}],"wp:term":[{"taxonomy":"libro","embeddable":true,"href":"https:\/\/letrame.com\/catalogo\/wp-json\/wp\/v2\/libro?post=94582"},{"taxonomy":"product_brand","embeddable":true,"href":"https:\/\/letrame.com\/catalogo\/wp-json\/wp\/v2\/product_brand?post=94582"},{"taxonomy":"product_cat","embeddable":true,"href":"https:\/\/letrame.com\/catalogo\/wp-json\/wp\/v2\/product_cat?post=94582"},{"taxonomy":"product_tag","embeddable":true,"href":"https:\/\/letrame.com\/catalogo\/wp-json\/wp\/v2\/product_tag?post=94582"}],"curies":[{"name":"wp","href":"https:\/\/api.w.org\/{rel}","templated":true}]}}