{"id":94503,"date":"2024-04-18T10:53:03","date_gmt":"2024-04-18T08:53:03","guid":{"rendered":"https:\/\/letrame.com\/catalogo\/producto\/esa-nube-tiene-forma-de-oveja\/"},"modified":"2024-10-11T11:57:43","modified_gmt":"2024-10-11T09:57:43","slug":"esa-nube-tiene-forma-de-oveja","status":"publish","type":"product","link":"https:\/\/letrame.com\/catalogo\/producto\/esa-nube-tiene-forma-de-oveja\/","title":{"rendered":"Esa nube tiene forma de oveja"},"content":{"rendered":"<p><strong>ISBN<\/strong>: 978-84-17779-98-6<br \/>\n<strong>T\u00edtulo<\/strong>: Esa nube tiene forma de oveja<br \/>\n<strong>Fecha<\/strong>: 2019<br \/>\n<strong>P\u00e1ginas<\/strong>: 326<\/p>\n<p>&nbsp;<\/p>\n<p><strong>SINOPSIS<\/strong><\/p>\n<section>\n<div class=\"about-this-book\">\n<div class=\"container\">\n<div class=\"right-detail shop-detail1 pull-right col-md-8 col-sm-8 col-xs-12\">\n<div id=\"editionnal-reviews\" class=\"book-desc-detail\"><span class=\"detail-desc box-detail-desc\">Berl\u00edn es en 1961 el \u00fanico punto por el que a\u00fan se puede cruzar entre las dos Alemanias. Jutta Vogel vive con su familia en Berl\u00edn este y cree firmemente que si se mudaran al otro lado de la frontera, podr\u00edan garantizarle a su hija Heike, que naci\u00f3 sorda, m\u00e1s seguridad y oportunidades. Sin embargo, Dieter, su marido, no da cr\u00e9dito a los rumores que afirman que las fronteras no seguir\u00e1n abiertas por mucho m\u00e1s tiempo y se niega a abandonarlo todo para perseguir un sue\u00f1o que considera poco realista. Cuando Jutta toma la decisi\u00f3n de marcharse por su cuenta, no imagina que tan solo dos d\u00edas despu\u00e9s, de la noche a la ma\u00f1ana, se levantar\u00e1 el Muro de Berl\u00edn, separ\u00e1ndola permanentemente de su familia. Si vuelve atr\u00e1s, no podr\u00e1 volver a cruzar, pero si se queda en el oeste, perder\u00e1 a sus hijos. Entretanto, todav\u00eda al otro lado, Dieter se enfrenta a una disyuntiva similar: \u00bfintentar\u00e1 cruzar o esperar\u00e1 a que la situaci\u00f3n se calme? Lo que no sospecha es que ese muro presidir\u00e1 sus vidas durante los siguientes veintiocho a\u00f1os.<\/span><\/div>\n<div id=\"clear-scroll\" class=\"clearfix\"><\/div>\n<\/div>\n<\/div>\n<\/div>\n<\/section>\n<div class=\"feature-section feature-option2\">\n<div class=\"container\">\n<div class=\"related products\">\n<div class=\"title-box\"><\/div>\n<\/div>\n<\/div>\n<\/div>\n","protected":false},"excerpt":{"rendered":"<p><strong>ISBN: 978-84-17779-98-6<\/strong><\/p>\n<p>Berl\u00edn es en 1961 el \u00fanico punto por el que a\u00fan se puede cruzar entre las dos Alemanias. Jutta Vogel vive con su familia en Berl\u00edn este y cree firmemente que si se mudaran al otro lado de la frontera, podr\u00edan garantizarle a su hija Heike, que naci\u00f3 sorda, m\u00e1s seguridad y oportunidades. Sin embargo, Dieter, su marido, no da cr\u00e9dito a los rumores que afirman que las fronteras no seguir\u00e1n abiertas por mucho m\u00e1s tiempo.<\/p>\n","protected":false},"featured_media":94504,"comment_status":"closed","ping_status":"closed","template":"","meta":{"_acf_changed":false},"libro":[],"product_brand":[],"product_cat":[16],"product_tag":[],"class_list":{"0":"post-94503","1":"product","2":"type-product","3":"status-publish","4":"has-post-thumbnail","6":"product_cat-novela","8":"first","9":"instock","10":"purchasable","11":"product-type-simple"},"acf":{"autor":[73421],"enlace_de_compra":"https:\/\/amzn.to\/3U5fQeO"},"yoast_head":"<!-- This site is optimized with the Yoast SEO plugin v27.4 - https:\/\/yoast.com\/product\/yoast-seo-wordpress\/ -->\n<title>Esa nube tiene forma de oveja - Catalogo | Letrame Grupo Editorial<\/title>\n<meta name=\"robots\" content=\"index, follow, max-snippet:-1, max-image-preview:large, max-video-preview:-1\" \/>\n<link rel=\"canonical\" href=\"https:\/\/letrame.com\/catalogo\/producto\/esa-nube-tiene-forma-de-oveja\/\" \/>\n<meta property=\"og:locale\" content=\"es_ES\" \/>\n<meta property=\"og:type\" content=\"article\" \/>\n<meta property=\"og:title\" content=\"Esa nube tiene forma de oveja - Catalogo | Letrame Grupo Editorial\" \/>\n<meta property=\"og:description\" content=\"ISBN: 978-84-17779-98-6  Berl\u00edn es en 1961 el \u00fanico punto por el que a\u00fan se puede cruzar entre las dos Alemanias. Jutta Vogel vive con su familia en Berl\u00edn este y cree firmemente que si se mudaran al otro lado de la frontera, podr\u00edan garantizarle a su hija Heike, que naci\u00f3 sorda, m\u00e1s seguridad y oportunidades. Sin embargo, Dieter, su marido, no da cr\u00e9dito a los rumores que afirman que las fronteras no seguir\u00e1n abiertas por mucho m\u00e1s tiempo.\" \/>\n<meta property=\"og:url\" content=\"https:\/\/letrame.com\/catalogo\/producto\/esa-nube-tiene-forma-de-oveja\/\" \/>\n<meta property=\"og:site_name\" content=\"Catalogo | Letrame Grupo Editorial\" \/>\n<meta property=\"article:modified_time\" content=\"2024-10-11T09:57:43+00:00\" \/>\n<meta property=\"og:image\" content=\"https:\/\/letrame.com\/catalogo\/wp-content\/uploads\/2024\/04\/portada_Esanubetieneforma_1801mm-compressed-1-scaled-1.jpg\" \/>\n\t<meta property=\"og:image:width\" content=\"1746\" \/>\n\t<meta property=\"og:image:height\" content=\"2560\" \/>\n\t<meta property=\"og:image:type\" content=\"image\/jpeg\" \/>\n<meta name=\"twitter:card\" content=\"summary_large_image\" \/>\n<meta name=\"twitter:label1\" content=\"Tiempo de lectura\" \/>\n\t<meta name=\"twitter:data1\" content=\"2 minutos\" \/>\n<script type=\"application\/ld+json\" class=\"yoast-schema-graph\">{\"@context\":\"https:\\\/\\\/schema.org\",\"@graph\":[{\"@type\":\"WebPage\",\"@id\":\"https:\\\/\\\/letrame.com\\\/catalogo\\\/producto\\\/esa-nube-tiene-forma-de-oveja\\\/\",\"url\":\"https:\\\/\\\/letrame.com\\\/catalogo\\\/producto\\\/esa-nube-tiene-forma-de-oveja\\\/\",\"name\":\"Esa nube tiene forma de oveja - Catalogo | Letrame Grupo Editorial\",\"isPartOf\":{\"@id\":\"https:\\\/\\\/letrame.com\\\/catalogo\\\/#website\"},\"primaryImageOfPage\":{\"@id\":\"https:\\\/\\\/letrame.com\\\/catalogo\\\/producto\\\/esa-nube-tiene-forma-de-oveja\\\/#primaryimage\"},\"image\":{\"@id\":\"https:\\\/\\\/letrame.com\\\/catalogo\\\/producto\\\/esa-nube-tiene-forma-de-oveja\\\/#primaryimage\"},\"thumbnailUrl\":\"https:\\\/\\\/letrame.com\\\/catalogo\\\/wp-content\\\/uploads\\\/2024\\\/04\\\/portada_Esanubetieneforma_1801mm-compressed-1-scaled-1.jpg\",\"datePublished\":\"2024-04-18T08:53:03+00:00\",\"dateModified\":\"2024-10-11T09:57:43+00:00\",\"breadcrumb\":{\"@id\":\"https:\\\/\\\/letrame.com\\\/catalogo\\\/producto\\\/esa-nube-tiene-forma-de-oveja\\\/#breadcrumb\"},\"inLanguage\":\"es\",\"potentialAction\":[{\"@type\":\"ReadAction\",\"target\":[\"https:\\\/\\\/letrame.com\\\/catalogo\\\/producto\\\/esa-nube-tiene-forma-de-oveja\\\/\"]}]},{\"@type\":\"ImageObject\",\"inLanguage\":\"es\",\"@id\":\"https:\\\/\\\/letrame.com\\\/catalogo\\\/producto\\\/esa-nube-tiene-forma-de-oveja\\\/#primaryimage\",\"url\":\"https:\\\/\\\/letrame.com\\\/catalogo\\\/wp-content\\\/uploads\\\/2024\\\/04\\\/portada_Esanubetieneforma_1801mm-compressed-1-scaled-1.jpg\",\"contentUrl\":\"https:\\\/\\\/letrame.com\\\/catalogo\\\/wp-content\\\/uploads\\\/2024\\\/04\\\/portada_Esanubetieneforma_1801mm-compressed-1-scaled-1.jpg\",\"width\":1746,\"height\":2560},{\"@type\":\"BreadcrumbList\",\"@id\":\"https:\\\/\\\/letrame.com\\\/catalogo\\\/producto\\\/esa-nube-tiene-forma-de-oveja\\\/#breadcrumb\",\"itemListElement\":[{\"@type\":\"ListItem\",\"position\":1,\"name\":\"Portada\",\"item\":\"https:\\\/\\\/letrame.com\\\/catalogo\\\/\"},{\"@type\":\"ListItem\",\"position\":2,\"name\":\"Cat\u00e1logo\",\"item\":\"https:\\\/\\\/letrame.com\\\/catalogo\\\/\"},{\"@type\":\"ListItem\",\"position\":3,\"name\":\"Esa nube tiene forma de oveja\"}]},{\"@type\":\"WebSite\",\"@id\":\"https:\\\/\\\/letrame.com\\\/catalogo\\\/#website\",\"url\":\"https:\\\/\\\/letrame.com\\\/catalogo\\\/\",\"name\":\"Catalogo | Letrame Grupo Editorial\",\"description\":\"\",\"publisher\":{\"@id\":\"https:\\\/\\\/letrame.com\\\/catalogo\\\/#organization\"},\"potentialAction\":[{\"@type\":\"SearchAction\",\"target\":{\"@type\":\"EntryPoint\",\"urlTemplate\":\"https:\\\/\\\/letrame.com\\\/catalogo\\\/?s={search_term_string}\"},\"query-input\":{\"@type\":\"PropertyValueSpecification\",\"valueRequired\":true,\"valueName\":\"search_term_string\"}}],\"inLanguage\":\"es\"},{\"@type\":\"Organization\",\"@id\":\"https:\\\/\\\/letrame.com\\\/catalogo\\\/#organization\",\"name\":\"Catalogo | Letrame Grupo Editorial\",\"url\":\"https:\\\/\\\/letrame.com\\\/catalogo\\\/\",\"logo\":{\"@type\":\"ImageObject\",\"inLanguage\":\"es\",\"@id\":\"https:\\\/\\\/letrame.com\\\/catalogo\\\/#\\\/schema\\\/logo\\\/image\\\/\",\"url\":\"https:\\\/\\\/letrame.com\\\/catalogo\\\/wp-content\\\/uploads\\\/2024\\\/03\\\/logo2.webp\",\"contentUrl\":\"https:\\\/\\\/letrame.com\\\/catalogo\\\/wp-content\\\/uploads\\\/2024\\\/03\\\/logo2.webp\",\"width\":394,\"height\":128,\"caption\":\"Catalogo | Letrame Grupo Editorial\"},\"image\":{\"@id\":\"https:\\\/\\\/letrame.com\\\/catalogo\\\/#\\\/schema\\\/logo\\\/image\\\/\"}}]}<\/script>\n<!-- \/ Yoast SEO plugin. -->","yoast_head_json":{"title":"Esa nube tiene forma de oveja - Catalogo | Letrame Grupo Editorial","robots":{"index":"index","follow":"follow","max-snippet":"max-snippet:-1","max-image-preview":"max-image-preview:large","max-video-preview":"max-video-preview:-1"},"canonical":"https:\/\/letrame.com\/catalogo\/producto\/esa-nube-tiene-forma-de-oveja\/","og_locale":"es_ES","og_type":"article","og_title":"Esa nube tiene forma de oveja - Catalogo | Letrame Grupo Editorial","og_description":"ISBN: 978-84-17779-98-6  Berl\u00edn es en 1961 el \u00fanico punto por el que a\u00fan se puede cruzar entre las dos Alemanias. Jutta Vogel vive con su familia en Berl\u00edn este y cree firmemente que si se mudaran al otro lado de la frontera, podr\u00edan garantizarle a su hija Heike, que naci\u00f3 sorda, m\u00e1s seguridad y oportunidades. Sin embargo, Dieter, su marido, no da cr\u00e9dito a los rumores que afirman que las fronteras no seguir\u00e1n abiertas por mucho m\u00e1s tiempo.","og_url":"https:\/\/letrame.com\/catalogo\/producto\/esa-nube-tiene-forma-de-oveja\/","og_site_name":"Catalogo | Letrame Grupo Editorial","article_modified_time":"2024-10-11T09:57:43+00:00","og_image":[{"width":1746,"height":2560,"url":"https:\/\/letrame.com\/catalogo\/wp-content\/uploads\/2024\/04\/portada_Esanubetieneforma_1801mm-compressed-1-scaled-1.jpg","type":"image\/jpeg"}],"twitter_card":"summary_large_image","twitter_misc":{"Tiempo de lectura":"2 minutos"},"schema":{"@context":"https:\/\/schema.org","@graph":[{"@type":"WebPage","@id":"https:\/\/letrame.com\/catalogo\/producto\/esa-nube-tiene-forma-de-oveja\/","url":"https:\/\/letrame.com\/catalogo\/producto\/esa-nube-tiene-forma-de-oveja\/","name":"Esa nube tiene forma de oveja - Catalogo | Letrame Grupo Editorial","isPartOf":{"@id":"https:\/\/letrame.com\/catalogo\/#website"},"primaryImageOfPage":{"@id":"https:\/\/letrame.com\/catalogo\/producto\/esa-nube-tiene-forma-de-oveja\/#primaryimage"},"image":{"@id":"https:\/\/letrame.com\/catalogo\/producto\/esa-nube-tiene-forma-de-oveja\/#primaryimage"},"thumbnailUrl":"https:\/\/letrame.com\/catalogo\/wp-content\/uploads\/2024\/04\/portada_Esanubetieneforma_1801mm-compressed-1-scaled-1.jpg","datePublished":"2024-04-18T08:53:03+00:00","dateModified":"2024-10-11T09:57:43+00:00","breadcrumb":{"@id":"https:\/\/letrame.com\/catalogo\/producto\/esa-nube-tiene-forma-de-oveja\/#breadcrumb"},"inLanguage":"es","potentialAction":[{"@type":"ReadAction","target":["https:\/\/letrame.com\/catalogo\/producto\/esa-nube-tiene-forma-de-oveja\/"]}]},{"@type":"ImageObject","inLanguage":"es","@id":"https:\/\/letrame.com\/catalogo\/producto\/esa-nube-tiene-forma-de-oveja\/#primaryimage","url":"https:\/\/letrame.com\/catalogo\/wp-content\/uploads\/2024\/04\/portada_Esanubetieneforma_1801mm-compressed-1-scaled-1.jpg","contentUrl":"https:\/\/letrame.com\/catalogo\/wp-content\/uploads\/2024\/04\/portada_Esanubetieneforma_1801mm-compressed-1-scaled-1.jpg","width":1746,"height":2560},{"@type":"BreadcrumbList","@id":"https:\/\/letrame.com\/catalogo\/producto\/esa-nube-tiene-forma-de-oveja\/#breadcrumb","itemListElement":[{"@type":"ListItem","position":1,"name":"Portada","item":"https:\/\/letrame.com\/catalogo\/"},{"@type":"ListItem","position":2,"name":"Cat\u00e1logo","item":"https:\/\/letrame.com\/catalogo\/"},{"@type":"ListItem","position":3,"name":"Esa nube tiene forma de oveja"}]},{"@type":"WebSite","@id":"https:\/\/letrame.com\/catalogo\/#website","url":"https:\/\/letrame.com\/catalogo\/","name":"Catalogo | Letrame Grupo Editorial","description":"","publisher":{"@id":"https:\/\/letrame.com\/catalogo\/#organization"},"potentialAction":[{"@type":"SearchAction","target":{"@type":"EntryPoint","urlTemplate":"https:\/\/letrame.com\/catalogo\/?s={search_term_string}"},"query-input":{"@type":"PropertyValueSpecification","valueRequired":true,"valueName":"search_term_string"}}],"inLanguage":"es"},{"@type":"Organization","@id":"https:\/\/letrame.com\/catalogo\/#organization","name":"Catalogo | Letrame Grupo Editorial","url":"https:\/\/letrame.com\/catalogo\/","logo":{"@type":"ImageObject","inLanguage":"es","@id":"https:\/\/letrame.com\/catalogo\/#\/schema\/logo\/image\/","url":"https:\/\/letrame.com\/catalogo\/wp-content\/uploads\/2024\/03\/logo2.webp","contentUrl":"https:\/\/letrame.com\/catalogo\/wp-content\/uploads\/2024\/03\/logo2.webp","width":394,"height":128,"caption":"Catalogo | Letrame Grupo Editorial"},"image":{"@id":"https:\/\/letrame.com\/catalogo\/#\/schema\/logo\/image\/"}}]}},"_links":{"self":[{"href":"https:\/\/letrame.com\/catalogo\/wp-json\/wp\/v2\/product\/94503","targetHints":{"allow":["GET"]}}],"collection":[{"href":"https:\/\/letrame.com\/catalogo\/wp-json\/wp\/v2\/product"}],"about":[{"href":"https:\/\/letrame.com\/catalogo\/wp-json\/wp\/v2\/types\/product"}],"replies":[{"embeddable":true,"href":"https:\/\/letrame.com\/catalogo\/wp-json\/wp\/v2\/comments?post=94503"}],"acf:post":[{"embeddable":true,"href":"https:\/\/letrame.com\/catalogo\/wp-json\/wp\/v2\/author_book\/73421"}],"wp:featuredmedia":[{"embeddable":true,"href":"https:\/\/letrame.com\/catalogo\/wp-json\/wp\/v2\/media\/94504"}],"wp:attachment":[{"href":"https:\/\/letrame.com\/catalogo\/wp-json\/wp\/v2\/media?parent=94503"}],"wp:term":[{"taxonomy":"libro","embeddable":true,"href":"https:\/\/letrame.com\/catalogo\/wp-json\/wp\/v2\/libro?post=94503"},{"taxonomy":"product_brand","embeddable":true,"href":"https:\/\/letrame.com\/catalogo\/wp-json\/wp\/v2\/product_brand?post=94503"},{"taxonomy":"product_cat","embeddable":true,"href":"https:\/\/letrame.com\/catalogo\/wp-json\/wp\/v2\/product_cat?post=94503"},{"taxonomy":"product_tag","embeddable":true,"href":"https:\/\/letrame.com\/catalogo\/wp-json\/wp\/v2\/product_tag?post=94503"}],"curies":[{"name":"wp","href":"https:\/\/api.w.org\/{rel}","templated":true}]}}