{"id":94493,"date":"2024-04-18T10:51:59","date_gmt":"2024-04-18T08:51:59","guid":{"rendered":"https:\/\/letrame.com\/catalogo\/producto\/el-mensaje-en-la-poesia\/"},"modified":"2024-04-18T10:52:37","modified_gmt":"2024-04-18T08:52:37","slug":"el-mensaje-en-la-poesia","status":"publish","type":"product","link":"https:\/\/letrame.com\/catalogo\/producto\/el-mensaje-en-la-poesia\/","title":{"rendered":"El mensaje en la poes\u00eda"},"content":{"rendered":"<p><strong>ISBN<\/strong>: 978-84-17779-30-6<\/p>\n<p><strong>T\u00edtulo<\/strong>: El mensaje en la poes\u00eda<br \/>\n<strong>Fecha<\/strong>: 2019<br \/>\n<strong>P\u00e1ginas<\/strong>: 148<\/p>\n<p>&nbsp;<\/p>\n<p><strong>SINOPSIS<\/strong><\/p>\n<section>\n<div class=\"about-this-book\">\n<div class=\"container\">\n<div class=\"right-detail shop-detail1 pull-right col-md-8 col-sm-8 col-xs-12\">\n<div id=\"editionnal-reviews\" class=\"book-desc-detail\"><span class=\"detail-desc box-detail-desc\">Cuando pasas a una nueva etapa de tu carrera en la vida y rastreas en los sedimentos de tus recuerdos desde tu juventud hasta tus d\u00edas, acabas sintiendo la necesidad de preguntarte: \u00bfhabr\u00e9 conseguido saldar el sacrificio en mis aspiraciones con mis satisfacciones? Finalmente el tiempo te da la respuesta: \u201cSin ilusi\u00f3n nunca habr\u00e1 sacrificio y sin sacrificio, nunca habr\u00e1 satisfacci\u00f3n\u201d. Y esta posiblemente haya sido la raz\u00f3n de este poemario, que empez\u00f3 a gestarse en mi infancia y se encapsul\u00f3 en mi forma de sentir desde mi adolescencia. Tal vez esta sea tambi\u00e9n una de las razones por las que tanto en la poes\u00eda, como en las frases, aparecen razonamientos impregnados, en la vieja y cotidiana filosof\u00eda de la vida, raz\u00f3n imperita que da origen al t\u00edtulo de esta obra, EL MENSAJE EN LA POES\u00cdA. Con este poemario pongo en vuestras manos la conjugaci\u00f3n del argumento en la rotundidad de una frase, con la sensibilidad expl\u00edcita que se ajuste a la poes\u00eda, de forma tan sencilla y sutil que desborde la mente, salpique el coraz\u00f3n, contamine la raz\u00f3n y consiga emocionar.<\/span><\/div>\n<div id=\"clear-scroll\" class=\"clearfix\"><\/div>\n<\/div>\n<\/div>\n<\/div>\n<\/section>\n<div class=\"feature-section feature-option2\">\n<div class=\"container\">\n<div class=\"related products\">\n<div class=\"title-box\"><\/div>\n<\/div>\n<\/div>\n<\/div>\n","protected":false},"excerpt":{"rendered":"<p><strong>ISBN: 978-84-17779-30-6<br \/>\n<\/strong><\/p>\n<p style=\"margin: 0cm; margin-bottom: .0001pt; background: white;\"><span style=\"font-size: 13.0pt; color: black;\">Con este poemario pongo en vuestras manos la conjugaci\u00f3n del argumento en la rotundidad de una frase, con la sensibilidad expl\u00edcita que se ajuste a la poes\u00eda, de forma tan sencilla y sutil que desborde la mente, salpique el coraz\u00f3n, contamine la raz\u00f3n y consiga emocionar.<\/span><\/p>\n","protected":false},"featured_media":94494,"comment_status":"closed","ping_status":"open","template":"","meta":{"_acf_changed":false},"libro":[],"product_brand":[],"product_cat":[20],"product_tag":[],"class_list":{"0":"post-94493","1":"product","2":"type-product","3":"status-publish","4":"has-post-thumbnail","6":"product_cat-poesia","8":"first","9":"instock","10":"purchasable","11":"product-type-simple"},"acf":{"autor":[73413],"enlace_de_compra":""},"yoast_head":"<!-- This site is optimized with the Yoast SEO plugin v27.4 - https:\/\/yoast.com\/product\/yoast-seo-wordpress\/ -->\n<title>El mensaje en la poes\u00eda - Catalogo | Letrame Grupo Editorial<\/title>\n<meta name=\"robots\" content=\"index, follow, max-snippet:-1, max-image-preview:large, max-video-preview:-1\" \/>\n<link rel=\"canonical\" href=\"https:\/\/letrame.com\/catalogo\/producto\/el-mensaje-en-la-poesia\/\" \/>\n<meta property=\"og:locale\" content=\"es_ES\" \/>\n<meta property=\"og:type\" content=\"article\" \/>\n<meta property=\"og:title\" content=\"El mensaje en la poes\u00eda - Catalogo | Letrame Grupo Editorial\" \/>\n<meta property=\"og:description\" content=\"ISBN: 978-84-17779-30-6 Con este poemario pongo en vuestras manos la conjugaci\u00f3n del argumento en la rotundidad de una frase, con la sensibilidad expl\u00edcita que se ajuste a la poes\u00eda, de forma tan sencilla y sutil que desborde la mente, salpique el coraz\u00f3n, contamine la raz\u00f3n y consiga emocionar.\" \/>\n<meta property=\"og:url\" content=\"https:\/\/letrame.com\/catalogo\/producto\/el-mensaje-en-la-poesia\/\" \/>\n<meta property=\"og:site_name\" content=\"Catalogo | Letrame Grupo Editorial\" \/>\n<meta property=\"article:modified_time\" content=\"2024-04-18T08:52:37+00:00\" \/>\n<meta property=\"og:image\" content=\"https:\/\/letrame.com\/catalogo\/wp-content\/uploads\/2024\/04\/Portada-compressed-16-1-scaled-1.jpg\" \/>\n\t<meta property=\"og:image:width\" content=\"1684\" \/>\n\t<meta property=\"og:image:height\" content=\"2560\" \/>\n\t<meta property=\"og:image:type\" content=\"image\/jpeg\" \/>\n<meta name=\"twitter:card\" content=\"summary_large_image\" \/>\n<meta name=\"twitter:label1\" content=\"Tiempo de lectura\" \/>\n\t<meta name=\"twitter:data1\" content=\"1 minuto\" \/>\n<script type=\"application\/ld+json\" class=\"yoast-schema-graph\">{\"@context\":\"https:\\\/\\\/schema.org\",\"@graph\":[{\"@type\":\"WebPage\",\"@id\":\"https:\\\/\\\/letrame.com\\\/catalogo\\\/producto\\\/el-mensaje-en-la-poesia\\\/\",\"url\":\"https:\\\/\\\/letrame.com\\\/catalogo\\\/producto\\\/el-mensaje-en-la-poesia\\\/\",\"name\":\"El mensaje en la poes\u00eda - Catalogo | Letrame Grupo Editorial\",\"isPartOf\":{\"@id\":\"https:\\\/\\\/letrame.com\\\/catalogo\\\/#website\"},\"primaryImageOfPage\":{\"@id\":\"https:\\\/\\\/letrame.com\\\/catalogo\\\/producto\\\/el-mensaje-en-la-poesia\\\/#primaryimage\"},\"image\":{\"@id\":\"https:\\\/\\\/letrame.com\\\/catalogo\\\/producto\\\/el-mensaje-en-la-poesia\\\/#primaryimage\"},\"thumbnailUrl\":\"https:\\\/\\\/letrame.com\\\/catalogo\\\/wp-content\\\/uploads\\\/2024\\\/04\\\/Portada-compressed-16-1-scaled-1.jpg\",\"datePublished\":\"2024-04-18T08:51:59+00:00\",\"dateModified\":\"2024-04-18T08:52:37+00:00\",\"breadcrumb\":{\"@id\":\"https:\\\/\\\/letrame.com\\\/catalogo\\\/producto\\\/el-mensaje-en-la-poesia\\\/#breadcrumb\"},\"inLanguage\":\"es\",\"potentialAction\":[{\"@type\":\"ReadAction\",\"target\":[\"https:\\\/\\\/letrame.com\\\/catalogo\\\/producto\\\/el-mensaje-en-la-poesia\\\/\"]}]},{\"@type\":\"ImageObject\",\"inLanguage\":\"es\",\"@id\":\"https:\\\/\\\/letrame.com\\\/catalogo\\\/producto\\\/el-mensaje-en-la-poesia\\\/#primaryimage\",\"url\":\"https:\\\/\\\/letrame.com\\\/catalogo\\\/wp-content\\\/uploads\\\/2024\\\/04\\\/Portada-compressed-16-1-scaled-1.jpg\",\"contentUrl\":\"https:\\\/\\\/letrame.com\\\/catalogo\\\/wp-content\\\/uploads\\\/2024\\\/04\\\/Portada-compressed-16-1-scaled-1.jpg\",\"width\":1684,\"height\":2560},{\"@type\":\"BreadcrumbList\",\"@id\":\"https:\\\/\\\/letrame.com\\\/catalogo\\\/producto\\\/el-mensaje-en-la-poesia\\\/#breadcrumb\",\"itemListElement\":[{\"@type\":\"ListItem\",\"position\":1,\"name\":\"Portada\",\"item\":\"https:\\\/\\\/letrame.com\\\/catalogo\\\/\"},{\"@type\":\"ListItem\",\"position\":2,\"name\":\"Cat\u00e1logo\",\"item\":\"https:\\\/\\\/letrame.com\\\/catalogo\\\/\"},{\"@type\":\"ListItem\",\"position\":3,\"name\":\"El mensaje en la poes\u00eda\"}]},{\"@type\":\"WebSite\",\"@id\":\"https:\\\/\\\/letrame.com\\\/catalogo\\\/#website\",\"url\":\"https:\\\/\\\/letrame.com\\\/catalogo\\\/\",\"name\":\"Catalogo | Letrame Grupo Editorial\",\"description\":\"\",\"publisher\":{\"@id\":\"https:\\\/\\\/letrame.com\\\/catalogo\\\/#organization\"},\"potentialAction\":[{\"@type\":\"SearchAction\",\"target\":{\"@type\":\"EntryPoint\",\"urlTemplate\":\"https:\\\/\\\/letrame.com\\\/catalogo\\\/?s={search_term_string}\"},\"query-input\":{\"@type\":\"PropertyValueSpecification\",\"valueRequired\":true,\"valueName\":\"search_term_string\"}}],\"inLanguage\":\"es\"},{\"@type\":\"Organization\",\"@id\":\"https:\\\/\\\/letrame.com\\\/catalogo\\\/#organization\",\"name\":\"Catalogo | Letrame Grupo Editorial\",\"url\":\"https:\\\/\\\/letrame.com\\\/catalogo\\\/\",\"logo\":{\"@type\":\"ImageObject\",\"inLanguage\":\"es\",\"@id\":\"https:\\\/\\\/letrame.com\\\/catalogo\\\/#\\\/schema\\\/logo\\\/image\\\/\",\"url\":\"https:\\\/\\\/letrame.com\\\/catalogo\\\/wp-content\\\/uploads\\\/2024\\\/03\\\/logo2.webp\",\"contentUrl\":\"https:\\\/\\\/letrame.com\\\/catalogo\\\/wp-content\\\/uploads\\\/2024\\\/03\\\/logo2.webp\",\"width\":394,\"height\":128,\"caption\":\"Catalogo | Letrame Grupo Editorial\"},\"image\":{\"@id\":\"https:\\\/\\\/letrame.com\\\/catalogo\\\/#\\\/schema\\\/logo\\\/image\\\/\"}}]}<\/script>\n<!-- \/ Yoast SEO plugin. -->","yoast_head_json":{"title":"El mensaje en la poes\u00eda - Catalogo | Letrame Grupo Editorial","robots":{"index":"index","follow":"follow","max-snippet":"max-snippet:-1","max-image-preview":"max-image-preview:large","max-video-preview":"max-video-preview:-1"},"canonical":"https:\/\/letrame.com\/catalogo\/producto\/el-mensaje-en-la-poesia\/","og_locale":"es_ES","og_type":"article","og_title":"El mensaje en la poes\u00eda - Catalogo | Letrame Grupo Editorial","og_description":"ISBN: 978-84-17779-30-6 Con este poemario pongo en vuestras manos la conjugaci\u00f3n del argumento en la rotundidad de una frase, con la sensibilidad expl\u00edcita que se ajuste a la poes\u00eda, de forma tan sencilla y sutil que desborde la mente, salpique el coraz\u00f3n, contamine la raz\u00f3n y consiga emocionar.","og_url":"https:\/\/letrame.com\/catalogo\/producto\/el-mensaje-en-la-poesia\/","og_site_name":"Catalogo | Letrame Grupo Editorial","article_modified_time":"2024-04-18T08:52:37+00:00","og_image":[{"width":1684,"height":2560,"url":"https:\/\/letrame.com\/catalogo\/wp-content\/uploads\/2024\/04\/Portada-compressed-16-1-scaled-1.jpg","type":"image\/jpeg"}],"twitter_card":"summary_large_image","twitter_misc":{"Tiempo de lectura":"1 minuto"},"schema":{"@context":"https:\/\/schema.org","@graph":[{"@type":"WebPage","@id":"https:\/\/letrame.com\/catalogo\/producto\/el-mensaje-en-la-poesia\/","url":"https:\/\/letrame.com\/catalogo\/producto\/el-mensaje-en-la-poesia\/","name":"El mensaje en la poes\u00eda - Catalogo | Letrame Grupo Editorial","isPartOf":{"@id":"https:\/\/letrame.com\/catalogo\/#website"},"primaryImageOfPage":{"@id":"https:\/\/letrame.com\/catalogo\/producto\/el-mensaje-en-la-poesia\/#primaryimage"},"image":{"@id":"https:\/\/letrame.com\/catalogo\/producto\/el-mensaje-en-la-poesia\/#primaryimage"},"thumbnailUrl":"https:\/\/letrame.com\/catalogo\/wp-content\/uploads\/2024\/04\/Portada-compressed-16-1-scaled-1.jpg","datePublished":"2024-04-18T08:51:59+00:00","dateModified":"2024-04-18T08:52:37+00:00","breadcrumb":{"@id":"https:\/\/letrame.com\/catalogo\/producto\/el-mensaje-en-la-poesia\/#breadcrumb"},"inLanguage":"es","potentialAction":[{"@type":"ReadAction","target":["https:\/\/letrame.com\/catalogo\/producto\/el-mensaje-en-la-poesia\/"]}]},{"@type":"ImageObject","inLanguage":"es","@id":"https:\/\/letrame.com\/catalogo\/producto\/el-mensaje-en-la-poesia\/#primaryimage","url":"https:\/\/letrame.com\/catalogo\/wp-content\/uploads\/2024\/04\/Portada-compressed-16-1-scaled-1.jpg","contentUrl":"https:\/\/letrame.com\/catalogo\/wp-content\/uploads\/2024\/04\/Portada-compressed-16-1-scaled-1.jpg","width":1684,"height":2560},{"@type":"BreadcrumbList","@id":"https:\/\/letrame.com\/catalogo\/producto\/el-mensaje-en-la-poesia\/#breadcrumb","itemListElement":[{"@type":"ListItem","position":1,"name":"Portada","item":"https:\/\/letrame.com\/catalogo\/"},{"@type":"ListItem","position":2,"name":"Cat\u00e1logo","item":"https:\/\/letrame.com\/catalogo\/"},{"@type":"ListItem","position":3,"name":"El mensaje en la poes\u00eda"}]},{"@type":"WebSite","@id":"https:\/\/letrame.com\/catalogo\/#website","url":"https:\/\/letrame.com\/catalogo\/","name":"Catalogo | Letrame Grupo Editorial","description":"","publisher":{"@id":"https:\/\/letrame.com\/catalogo\/#organization"},"potentialAction":[{"@type":"SearchAction","target":{"@type":"EntryPoint","urlTemplate":"https:\/\/letrame.com\/catalogo\/?s={search_term_string}"},"query-input":{"@type":"PropertyValueSpecification","valueRequired":true,"valueName":"search_term_string"}}],"inLanguage":"es"},{"@type":"Organization","@id":"https:\/\/letrame.com\/catalogo\/#organization","name":"Catalogo | Letrame Grupo Editorial","url":"https:\/\/letrame.com\/catalogo\/","logo":{"@type":"ImageObject","inLanguage":"es","@id":"https:\/\/letrame.com\/catalogo\/#\/schema\/logo\/image\/","url":"https:\/\/letrame.com\/catalogo\/wp-content\/uploads\/2024\/03\/logo2.webp","contentUrl":"https:\/\/letrame.com\/catalogo\/wp-content\/uploads\/2024\/03\/logo2.webp","width":394,"height":128,"caption":"Catalogo | Letrame Grupo Editorial"},"image":{"@id":"https:\/\/letrame.com\/catalogo\/#\/schema\/logo\/image\/"}}]}},"_links":{"self":[{"href":"https:\/\/letrame.com\/catalogo\/wp-json\/wp\/v2\/product\/94493","targetHints":{"allow":["GET"]}}],"collection":[{"href":"https:\/\/letrame.com\/catalogo\/wp-json\/wp\/v2\/product"}],"about":[{"href":"https:\/\/letrame.com\/catalogo\/wp-json\/wp\/v2\/types\/product"}],"replies":[{"embeddable":true,"href":"https:\/\/letrame.com\/catalogo\/wp-json\/wp\/v2\/comments?post=94493"}],"acf:post":[{"embeddable":true,"href":"https:\/\/letrame.com\/catalogo\/wp-json\/wp\/v2\/author_book\/73413"}],"wp:featuredmedia":[{"embeddable":true,"href":"https:\/\/letrame.com\/catalogo\/wp-json\/wp\/v2\/media\/94494"}],"wp:attachment":[{"href":"https:\/\/letrame.com\/catalogo\/wp-json\/wp\/v2\/media?parent=94493"}],"wp:term":[{"taxonomy":"libro","embeddable":true,"href":"https:\/\/letrame.com\/catalogo\/wp-json\/wp\/v2\/libro?post=94493"},{"taxonomy":"product_brand","embeddable":true,"href":"https:\/\/letrame.com\/catalogo\/wp-json\/wp\/v2\/product_brand?post=94493"},{"taxonomy":"product_cat","embeddable":true,"href":"https:\/\/letrame.com\/catalogo\/wp-json\/wp\/v2\/product_cat?post=94493"},{"taxonomy":"product_tag","embeddable":true,"href":"https:\/\/letrame.com\/catalogo\/wp-json\/wp\/v2\/product_tag?post=94493"}],"curies":[{"name":"wp","href":"https:\/\/api.w.org\/{rel}","templated":true}]}}