{"id":94170,"date":"2024-04-18T10:17:49","date_gmt":"2024-04-18T08:17:49","guid":{"rendered":"https:\/\/letrame.com\/catalogo\/producto\/el-dracon-y-el-lobo-de-fuego\/"},"modified":"2024-04-18T10:18:02","modified_gmt":"2024-04-18T08:18:02","slug":"el-dracon-y-el-lobo-de-fuego","status":"publish","type":"product","link":"https:\/\/letrame.com\/catalogo\/producto\/el-dracon-y-el-lobo-de-fuego\/","title":{"rendered":"El Drac\u00f3n y el Lobo de Fuego"},"content":{"rendered":"<p><strong>ISBN<\/strong>: &nbsp;<span class=\"sku\">978-84-17657-20-8<\/span><br \/>\n<strong>T\u00edtulo<\/strong>: El Drac\u00f3n y el Lobo de Fuego<br \/>\n<strong>Fecha<\/strong>: 2018<br \/>\n<strong>P\u00e1ginas<\/strong>: 602<\/p>\n<p>&nbsp;<\/p>\n<p><strong>SINOPSIS<\/strong><\/p>\n<section>\n<div class=\"about-this-book\">\n<div class=\"container\">\n<div class=\"right-detail shop-detail1 pull-right col-md-8 col-sm-8 col-xs-12\">\n<div id=\"editionnal-reviews\" class=\"book-desc-detail\"><span class=\"detail-desc box-detail-desc\">Corren malos tiempos en el reino de Ondrat. Ejercer de palad\u00edn de la justicia se ha vuelto un oficio peligroso. Los Husmeadores Negros recorren los dominios del Rey Brujo portando sus misteriosas Cajas Buscadoras, acechando, capturando y ejecutando sin piedad a todo aquel opositor al nuevo r\u00e9gimen instaurado por los Nigromantes vulkerios; siendo los miembros de la antigua y reverenciada Orden del Draco sus m\u00e1s apetecibles objetivos. \u00cdndigo, un veterano Drac\u00f3n curtido en mil batallas y atormentado por un pasado que cree olvidado, ans\u00eda regresar al que considera su \u00fanico hogar: el Templo de los Misterios. La inusual misi\u00f3n que sus Maestros le han encomendado se presenta ante sus ojos como la disculpa perfecta para iniciar el camino de vuelta. Pero recuperar el alma del Herm\u00e9tico Thimerit no resultar\u00e1 tal como hab\u00edan imaginado\u2026<\/span><\/div>\n<div id=\"clear-scroll\" class=\"clearfix\"><\/div>\n<\/div>\n<\/div>\n<\/div>\n<\/section>\n<div class=\"feature-section feature-option2\">\n<div class=\"container\">\n<div class=\"related products\">\n<div class=\"title-box\"><\/div>\n<\/div>\n<\/div>\n<\/div>\n","protected":false},"excerpt":{"rendered":"<p><strong>ISBN: \u00a0<span class=\"sku\">978-84-17657-20-8<\/span><\/strong><\/p>\n<p>Corren malos tiempos en el reino de Ondrat. Ejercer de palad\u00edn de la justicia se ha vuelto un oficio peligroso. Los Husmeadores Negros recorren los dominios del Rey Brujo portando sus misteriosas Cajas Buscadoras, acechando, capturando y ejecutando sin piedad a todo aquel opositor al nuevo r\u00e9gimen instaurado por los Nigromantes vulkerios; siendo los miembros de la antigua y reverenciada Orden del Draco sus m\u00e1s apetecibles objetivos.<\/p>\n","protected":false},"featured_media":94171,"comment_status":"closed","ping_status":"open","template":"","meta":{"_acf_changed":false},"libro":[],"product_brand":[],"product_cat":[16],"product_tag":[],"class_list":{"0":"post-94170","1":"product","2":"type-product","3":"status-publish","4":"has-post-thumbnail","6":"product_cat-novela","8":"first","9":"instock","10":"purchasable","11":"product-type-simple"},"acf":{"autor":[72580],"enlace_de_compra":"https:\/\/www.amazon.es\/El-drac%C3%B3n-lobo-fuego-Novela\/dp\/8417657207\/"},"yoast_head":"<!-- This site is optimized with the Yoast SEO plugin v27.4 - https:\/\/yoast.com\/product\/yoast-seo-wordpress\/ -->\n<title>El Drac\u00f3n y el Lobo de Fuego - Catalogo | Letrame Grupo Editorial<\/title>\n<meta name=\"robots\" content=\"index, follow, max-snippet:-1, max-image-preview:large, max-video-preview:-1\" \/>\n<link rel=\"canonical\" href=\"https:\/\/letrame.com\/catalogo\/producto\/el-dracon-y-el-lobo-de-fuego\/\" \/>\n<meta property=\"og:locale\" content=\"es_ES\" \/>\n<meta property=\"og:type\" content=\"article\" \/>\n<meta property=\"og:title\" content=\"El Drac\u00f3n y el Lobo de Fuego - Catalogo | Letrame Grupo Editorial\" \/>\n<meta property=\"og:description\" content=\"ISBN: \u00a0978-84-17657-20-8 Corren malos tiempos en el reino de Ondrat. Ejercer de palad\u00edn de la justicia se ha vuelto un oficio peligroso. Los Husmeadores Negros recorren los dominios del Rey Brujo portando sus misteriosas Cajas Buscadoras, acechando, capturando y ejecutando sin piedad a todo aquel opositor al nuevo r\u00e9gimen instaurado por los Nigromantes vulkerios; siendo los miembros de la antigua y reverenciada Orden del Draco sus m\u00e1s apetecibles objetivos.\" \/>\n<meta property=\"og:url\" content=\"https:\/\/letrame.com\/catalogo\/producto\/el-dracon-y-el-lobo-de-fuego\/\" \/>\n<meta property=\"og:site_name\" content=\"Catalogo | Letrame Grupo Editorial\" \/>\n<meta property=\"article:modified_time\" content=\"2024-04-18T08:18:02+00:00\" \/>\n<meta property=\"og:image\" content=\"https:\/\/letrame.com\/catalogo\/wp-content\/uploads\/2024\/04\/Dracon_28mm_v3-1-compressed-scaled-1.jpg\" \/>\n\t<meta property=\"og:image:width\" content=\"1813\" \/>\n\t<meta property=\"og:image:height\" content=\"2560\" \/>\n\t<meta property=\"og:image:type\" content=\"image\/jpeg\" \/>\n<meta name=\"twitter:card\" content=\"summary_large_image\" \/>\n<meta name=\"twitter:label1\" content=\"Tiempo de lectura\" \/>\n\t<meta name=\"twitter:data1\" content=\"1 minuto\" \/>\n<script type=\"application\/ld+json\" class=\"yoast-schema-graph\">{\"@context\":\"https:\\\/\\\/schema.org\",\"@graph\":[{\"@type\":\"WebPage\",\"@id\":\"https:\\\/\\\/letrame.com\\\/catalogo\\\/producto\\\/el-dracon-y-el-lobo-de-fuego\\\/\",\"url\":\"https:\\\/\\\/letrame.com\\\/catalogo\\\/producto\\\/el-dracon-y-el-lobo-de-fuego\\\/\",\"name\":\"El Drac\u00f3n y el Lobo de Fuego - Catalogo | Letrame Grupo Editorial\",\"isPartOf\":{\"@id\":\"https:\\\/\\\/letrame.com\\\/catalogo\\\/#website\"},\"primaryImageOfPage\":{\"@id\":\"https:\\\/\\\/letrame.com\\\/catalogo\\\/producto\\\/el-dracon-y-el-lobo-de-fuego\\\/#primaryimage\"},\"image\":{\"@id\":\"https:\\\/\\\/letrame.com\\\/catalogo\\\/producto\\\/el-dracon-y-el-lobo-de-fuego\\\/#primaryimage\"},\"thumbnailUrl\":\"https:\\\/\\\/letrame.com\\\/catalogo\\\/wp-content\\\/uploads\\\/2024\\\/04\\\/Dracon_28mm_v3-1-compressed-scaled-1.jpg\",\"datePublished\":\"2024-04-18T08:17:49+00:00\",\"dateModified\":\"2024-04-18T08:18:02+00:00\",\"breadcrumb\":{\"@id\":\"https:\\\/\\\/letrame.com\\\/catalogo\\\/producto\\\/el-dracon-y-el-lobo-de-fuego\\\/#breadcrumb\"},\"inLanguage\":\"es\",\"potentialAction\":[{\"@type\":\"ReadAction\",\"target\":[\"https:\\\/\\\/letrame.com\\\/catalogo\\\/producto\\\/el-dracon-y-el-lobo-de-fuego\\\/\"]}]},{\"@type\":\"ImageObject\",\"inLanguage\":\"es\",\"@id\":\"https:\\\/\\\/letrame.com\\\/catalogo\\\/producto\\\/el-dracon-y-el-lobo-de-fuego\\\/#primaryimage\",\"url\":\"https:\\\/\\\/letrame.com\\\/catalogo\\\/wp-content\\\/uploads\\\/2024\\\/04\\\/Dracon_28mm_v3-1-compressed-scaled-1.jpg\",\"contentUrl\":\"https:\\\/\\\/letrame.com\\\/catalogo\\\/wp-content\\\/uploads\\\/2024\\\/04\\\/Dracon_28mm_v3-1-compressed-scaled-1.jpg\",\"width\":1813,\"height\":2560},{\"@type\":\"BreadcrumbList\",\"@id\":\"https:\\\/\\\/letrame.com\\\/catalogo\\\/producto\\\/el-dracon-y-el-lobo-de-fuego\\\/#breadcrumb\",\"itemListElement\":[{\"@type\":\"ListItem\",\"position\":1,\"name\":\"Portada\",\"item\":\"https:\\\/\\\/letrame.com\\\/catalogo\\\/\"},{\"@type\":\"ListItem\",\"position\":2,\"name\":\"Cat\u00e1logo\",\"item\":\"https:\\\/\\\/letrame.com\\\/catalogo\\\/\"},{\"@type\":\"ListItem\",\"position\":3,\"name\":\"El Drac\u00f3n y el Lobo de Fuego\"}]},{\"@type\":\"WebSite\",\"@id\":\"https:\\\/\\\/letrame.com\\\/catalogo\\\/#website\",\"url\":\"https:\\\/\\\/letrame.com\\\/catalogo\\\/\",\"name\":\"Catalogo | Letrame Grupo Editorial\",\"description\":\"\",\"publisher\":{\"@id\":\"https:\\\/\\\/letrame.com\\\/catalogo\\\/#organization\"},\"potentialAction\":[{\"@type\":\"SearchAction\",\"target\":{\"@type\":\"EntryPoint\",\"urlTemplate\":\"https:\\\/\\\/letrame.com\\\/catalogo\\\/?s={search_term_string}\"},\"query-input\":{\"@type\":\"PropertyValueSpecification\",\"valueRequired\":true,\"valueName\":\"search_term_string\"}}],\"inLanguage\":\"es\"},{\"@type\":\"Organization\",\"@id\":\"https:\\\/\\\/letrame.com\\\/catalogo\\\/#organization\",\"name\":\"Catalogo | Letrame Grupo Editorial\",\"url\":\"https:\\\/\\\/letrame.com\\\/catalogo\\\/\",\"logo\":{\"@type\":\"ImageObject\",\"inLanguage\":\"es\",\"@id\":\"https:\\\/\\\/letrame.com\\\/catalogo\\\/#\\\/schema\\\/logo\\\/image\\\/\",\"url\":\"https:\\\/\\\/letrame.com\\\/catalogo\\\/wp-content\\\/uploads\\\/2024\\\/03\\\/logo2.webp\",\"contentUrl\":\"https:\\\/\\\/letrame.com\\\/catalogo\\\/wp-content\\\/uploads\\\/2024\\\/03\\\/logo2.webp\",\"width\":394,\"height\":128,\"caption\":\"Catalogo | Letrame Grupo Editorial\"},\"image\":{\"@id\":\"https:\\\/\\\/letrame.com\\\/catalogo\\\/#\\\/schema\\\/logo\\\/image\\\/\"}}]}<\/script>\n<!-- \/ Yoast SEO plugin. -->","yoast_head_json":{"title":"El Drac\u00f3n y el Lobo de Fuego - Catalogo | Letrame Grupo Editorial","robots":{"index":"index","follow":"follow","max-snippet":"max-snippet:-1","max-image-preview":"max-image-preview:large","max-video-preview":"max-video-preview:-1"},"canonical":"https:\/\/letrame.com\/catalogo\/producto\/el-dracon-y-el-lobo-de-fuego\/","og_locale":"es_ES","og_type":"article","og_title":"El Drac\u00f3n y el Lobo de Fuego - Catalogo | Letrame Grupo Editorial","og_description":"ISBN: \u00a0978-84-17657-20-8 Corren malos tiempos en el reino de Ondrat. Ejercer de palad\u00edn de la justicia se ha vuelto un oficio peligroso. Los Husmeadores Negros recorren los dominios del Rey Brujo portando sus misteriosas Cajas Buscadoras, acechando, capturando y ejecutando sin piedad a todo aquel opositor al nuevo r\u00e9gimen instaurado por los Nigromantes vulkerios; siendo los miembros de la antigua y reverenciada Orden del Draco sus m\u00e1s apetecibles objetivos.","og_url":"https:\/\/letrame.com\/catalogo\/producto\/el-dracon-y-el-lobo-de-fuego\/","og_site_name":"Catalogo | Letrame Grupo Editorial","article_modified_time":"2024-04-18T08:18:02+00:00","og_image":[{"width":1813,"height":2560,"url":"https:\/\/letrame.com\/catalogo\/wp-content\/uploads\/2024\/04\/Dracon_28mm_v3-1-compressed-scaled-1.jpg","type":"image\/jpeg"}],"twitter_card":"summary_large_image","twitter_misc":{"Tiempo de lectura":"1 minuto"},"schema":{"@context":"https:\/\/schema.org","@graph":[{"@type":"WebPage","@id":"https:\/\/letrame.com\/catalogo\/producto\/el-dracon-y-el-lobo-de-fuego\/","url":"https:\/\/letrame.com\/catalogo\/producto\/el-dracon-y-el-lobo-de-fuego\/","name":"El Drac\u00f3n y el Lobo de Fuego - Catalogo | Letrame Grupo Editorial","isPartOf":{"@id":"https:\/\/letrame.com\/catalogo\/#website"},"primaryImageOfPage":{"@id":"https:\/\/letrame.com\/catalogo\/producto\/el-dracon-y-el-lobo-de-fuego\/#primaryimage"},"image":{"@id":"https:\/\/letrame.com\/catalogo\/producto\/el-dracon-y-el-lobo-de-fuego\/#primaryimage"},"thumbnailUrl":"https:\/\/letrame.com\/catalogo\/wp-content\/uploads\/2024\/04\/Dracon_28mm_v3-1-compressed-scaled-1.jpg","datePublished":"2024-04-18T08:17:49+00:00","dateModified":"2024-04-18T08:18:02+00:00","breadcrumb":{"@id":"https:\/\/letrame.com\/catalogo\/producto\/el-dracon-y-el-lobo-de-fuego\/#breadcrumb"},"inLanguage":"es","potentialAction":[{"@type":"ReadAction","target":["https:\/\/letrame.com\/catalogo\/producto\/el-dracon-y-el-lobo-de-fuego\/"]}]},{"@type":"ImageObject","inLanguage":"es","@id":"https:\/\/letrame.com\/catalogo\/producto\/el-dracon-y-el-lobo-de-fuego\/#primaryimage","url":"https:\/\/letrame.com\/catalogo\/wp-content\/uploads\/2024\/04\/Dracon_28mm_v3-1-compressed-scaled-1.jpg","contentUrl":"https:\/\/letrame.com\/catalogo\/wp-content\/uploads\/2024\/04\/Dracon_28mm_v3-1-compressed-scaled-1.jpg","width":1813,"height":2560},{"@type":"BreadcrumbList","@id":"https:\/\/letrame.com\/catalogo\/producto\/el-dracon-y-el-lobo-de-fuego\/#breadcrumb","itemListElement":[{"@type":"ListItem","position":1,"name":"Portada","item":"https:\/\/letrame.com\/catalogo\/"},{"@type":"ListItem","position":2,"name":"Cat\u00e1logo","item":"https:\/\/letrame.com\/catalogo\/"},{"@type":"ListItem","position":3,"name":"El Drac\u00f3n y el Lobo de Fuego"}]},{"@type":"WebSite","@id":"https:\/\/letrame.com\/catalogo\/#website","url":"https:\/\/letrame.com\/catalogo\/","name":"Catalogo | Letrame Grupo Editorial","description":"","publisher":{"@id":"https:\/\/letrame.com\/catalogo\/#organization"},"potentialAction":[{"@type":"SearchAction","target":{"@type":"EntryPoint","urlTemplate":"https:\/\/letrame.com\/catalogo\/?s={search_term_string}"},"query-input":{"@type":"PropertyValueSpecification","valueRequired":true,"valueName":"search_term_string"}}],"inLanguage":"es"},{"@type":"Organization","@id":"https:\/\/letrame.com\/catalogo\/#organization","name":"Catalogo | Letrame Grupo Editorial","url":"https:\/\/letrame.com\/catalogo\/","logo":{"@type":"ImageObject","inLanguage":"es","@id":"https:\/\/letrame.com\/catalogo\/#\/schema\/logo\/image\/","url":"https:\/\/letrame.com\/catalogo\/wp-content\/uploads\/2024\/03\/logo2.webp","contentUrl":"https:\/\/letrame.com\/catalogo\/wp-content\/uploads\/2024\/03\/logo2.webp","width":394,"height":128,"caption":"Catalogo | Letrame Grupo Editorial"},"image":{"@id":"https:\/\/letrame.com\/catalogo\/#\/schema\/logo\/image\/"}}]}},"_links":{"self":[{"href":"https:\/\/letrame.com\/catalogo\/wp-json\/wp\/v2\/product\/94170","targetHints":{"allow":["GET"]}}],"collection":[{"href":"https:\/\/letrame.com\/catalogo\/wp-json\/wp\/v2\/product"}],"about":[{"href":"https:\/\/letrame.com\/catalogo\/wp-json\/wp\/v2\/types\/product"}],"replies":[{"embeddable":true,"href":"https:\/\/letrame.com\/catalogo\/wp-json\/wp\/v2\/comments?post=94170"}],"acf:post":[{"embeddable":true,"href":"https:\/\/letrame.com\/catalogo\/wp-json\/wp\/v2\/author_book\/72580"}],"wp:featuredmedia":[{"embeddable":true,"href":"https:\/\/letrame.com\/catalogo\/wp-json\/wp\/v2\/media\/94171"}],"wp:attachment":[{"href":"https:\/\/letrame.com\/catalogo\/wp-json\/wp\/v2\/media?parent=94170"}],"wp:term":[{"taxonomy":"libro","embeddable":true,"href":"https:\/\/letrame.com\/catalogo\/wp-json\/wp\/v2\/libro?post=94170"},{"taxonomy":"product_brand","embeddable":true,"href":"https:\/\/letrame.com\/catalogo\/wp-json\/wp\/v2\/product_brand?post=94170"},{"taxonomy":"product_cat","embeddable":true,"href":"https:\/\/letrame.com\/catalogo\/wp-json\/wp\/v2\/product_cat?post=94170"},{"taxonomy":"product_tag","embeddable":true,"href":"https:\/\/letrame.com\/catalogo\/wp-json\/wp\/v2\/product_tag?post=94170"}],"curies":[{"name":"wp","href":"https:\/\/api.w.org\/{rel}","templated":true}]}}