{"id":93782,"date":"2024-04-18T09:46:03","date_gmt":"2024-04-18T07:46:03","guid":{"rendered":"https:\/\/letrame.com\/catalogo\/producto\/la-novia-del-viento\/"},"modified":"2024-04-18T09:46:21","modified_gmt":"2024-04-18T07:46:21","slug":"la-novia-del-viento","status":"publish","type":"product","link":"https:\/\/letrame.com\/catalogo\/producto\/la-novia-del-viento\/","title":{"rendered":"La novia del viento"},"content":{"rendered":"<p><strong>ISBN<\/strong>: 978-84-17285-26-5<br \/>\n<strong>T\u00edtulo<\/strong>: La novia del viento<br \/>\n<strong>Fecha<\/strong>: 2017<br \/>\n<strong>P\u00e1ginas<\/strong>: 148<\/p>\n<p>&nbsp;<\/p>\n<p><strong>SINOPSIS<\/strong><\/p>\n<section>\n<div class=\"about-this-book\">\n<div class=\"container\">\n<div class=\"right-detail shop-detail1 pull-right col-md-8 col-sm-8 col-xs-12\">\n<div id=\"editionnal-reviews\" class=\"book-desc-detail\"><span class=\"detail-desc box-detail-desc\">Empezar\u00e9 por decir que yo nac\u00ed en el monte y all\u00ed fui creciendo hasta que a los seis a\u00f1os nos trasladamos todos al pueblo (Alca\u00f1iz), con el fin de que fu\u00e9ramos al colegio y porque a mis padres les sali\u00f3 un trabajo. Yo fui al colegio de los Padres Escolapios y cuando cumpl\u00ed ocho a\u00f1os, previa formaci\u00f3n religiosa, hice mi primera comuni\u00f3n (todo ello por imposici\u00f3n, puesto que con el interesado no contaron nunca). Mi compa\u00f1ero, o sea mi pareja, era un buen amigo, Jos\u00e9 Garc\u00eda se llamaba; aquel d\u00eda fue fiesta grande en nuestra casa, pues sin poder, siempre se suele hacer un gasto econ\u00f3mico al que despu\u00e9s se le tiene que rendir cuentas. Las cosas en Espa\u00f1a se pon\u00edan muy candentes, ya ol\u00eda a cuartelada, por doquier se quemaban iglesias y el asesinato era muy com\u00fan en aquellas fechas, todo culmin\u00f3 con el asesinato en Madrid del teniente Castillo perteneciente a los guardias de asalto. Mi idea ha sido siempre que la guerra comenz\u00f3 en ese momento. Todo se fue complicando; por una parte, bombas inutilizadas, las ametralladoras se encasquillaban y nosotros nerviosos y acojonados, era m\u00e1s que natural, nunca en la vida hab\u00edamos visto cosas como aquellas y es que la guerra era la guerra; fui herido de gravedad, aunque me recuper\u00e9 al terminar la guerra. Sal\u00ed hacia Marsella.<\/span><\/div>\n<div id=\"clear-scroll\" class=\"clearfix\"><\/div>\n<\/div>\n<\/div>\n<\/div>\n<\/section>\n<div class=\"feature-section feature-option2\">\n<div class=\"container\">\n<div class=\"related products\">\n<div class=\"title-box\"><\/div>\n<\/div>\n<\/div>\n<\/div>\n<p><iframe data-src=\"https:\/\/player.vimeo.com\/video\/251792243?title=0&amp;byline=0&amp;portrait=0\" width=\"640\" height=\"360\" frameborder=\"0\" allowfullscreen=\"allowfullscreen\" src=\"data:image\/svg+xml;base64,PHN2ZyB3aWR0aD0iMSIgaGVpZ2h0PSIxIiB4bWxucz0iaHR0cDovL3d3dy53My5vcmcvMjAwMC9zdmciPjwvc3ZnPg==\" class=\"lazyload\" data-load-mode=\"1\"><\/iframe><\/p>\n","protected":false},"excerpt":{"rendered":"<p class=\"p1\"><span class=\"s1\"><strong>ISBN: 978-84-17285-26-5<\/strong><\/span><\/p>\n<p class=\"p1\"><span class=\"s1\">Empezar\u00e9 por decir que yo nac\u00ed en el monte y all\u00ed fui creciendo hasta que a los seis a\u00f1os nos trasladamos todos al pueblo (Alca\u00f1iz), con el fin de que fu\u00e9ramos al colegio y porque a mis padres les sali\u00f3 un trabajo. Yo fui al colegio de los Padres Escolapios y cuando cumpl\u00ed ocho a\u00f1os&#8230;<\/span><\/p>\n","protected":false},"featured_media":93783,"comment_status":"closed","ping_status":"open","template":"","meta":{"_acf_changed":false},"libro":[],"product_brand":[],"product_cat":[21],"product_tag":[],"class_list":{"0":"post-93782","1":"product","2":"type-product","3":"status-publish","4":"has-post-thumbnail","6":"product_cat-relato","8":"first","9":"instock","10":"product-type-simple"},"acf":{"autor":[72509],"enlace_de_compra":""},"yoast_head":"<!-- This site is optimized with the Yoast SEO plugin v27.4 - https:\/\/yoast.com\/product\/yoast-seo-wordpress\/ -->\n<title>La novia del viento - Catalogo | Letrame Grupo Editorial<\/title>\n<meta name=\"robots\" content=\"index, follow, max-snippet:-1, max-image-preview:large, max-video-preview:-1\" \/>\n<link rel=\"canonical\" href=\"https:\/\/letrame.com\/catalogo\/producto\/la-novia-del-viento\/\" \/>\n<meta property=\"og:locale\" content=\"es_ES\" \/>\n<meta property=\"og:type\" content=\"article\" \/>\n<meta property=\"og:title\" content=\"La novia del viento - Catalogo | Letrame Grupo Editorial\" \/>\n<meta property=\"og:description\" content=\"ISBN: 978-84-17285-26-5 Empezar\u00e9 por decir que yo nac\u00ed en el monte y all\u00ed fui creciendo hasta que a los seis a\u00f1os nos trasladamos todos al pueblo (Alca\u00f1iz), con el fin de que fu\u00e9ramos al colegio y porque a mis padres les sali\u00f3 un trabajo. Yo fui al colegio de los Padres Escolapios y cuando cumpl\u00ed ocho a\u00f1os...\" \/>\n<meta property=\"og:url\" content=\"https:\/\/letrame.com\/catalogo\/producto\/la-novia-del-viento\/\" \/>\n<meta property=\"og:site_name\" content=\"Catalogo | Letrame Grupo Editorial\" \/>\n<meta property=\"article:modified_time\" content=\"2024-04-18T07:46:21+00:00\" \/>\n<meta property=\"og:image\" content=\"https:\/\/letrame.com\/catalogo\/wp-content\/uploads\/2024\/04\/La-novia-del-viento.jpg\" \/>\n\t<meta property=\"og:image:width\" content=\"375\" \/>\n\t<meta property=\"og:image:height\" content=\"536\" \/>\n\t<meta property=\"og:image:type\" content=\"image\/jpeg\" \/>\n<meta name=\"twitter:card\" content=\"summary_large_image\" \/>\n<meta name=\"twitter:label1\" content=\"Tiempo de lectura\" \/>\n\t<meta name=\"twitter:data1\" content=\"1 minuto\" \/>\n<script type=\"application\/ld+json\" class=\"yoast-schema-graph\">{\"@context\":\"https:\\\/\\\/schema.org\",\"@graph\":[{\"@type\":\"WebPage\",\"@id\":\"https:\\\/\\\/letrame.com\\\/catalogo\\\/producto\\\/la-novia-del-viento\\\/\",\"url\":\"https:\\\/\\\/letrame.com\\\/catalogo\\\/producto\\\/la-novia-del-viento\\\/\",\"name\":\"La novia del viento - Catalogo | Letrame Grupo Editorial\",\"isPartOf\":{\"@id\":\"https:\\\/\\\/letrame.com\\\/catalogo\\\/#website\"},\"primaryImageOfPage\":{\"@id\":\"https:\\\/\\\/letrame.com\\\/catalogo\\\/producto\\\/la-novia-del-viento\\\/#primaryimage\"},\"image\":{\"@id\":\"https:\\\/\\\/letrame.com\\\/catalogo\\\/producto\\\/la-novia-del-viento\\\/#primaryimage\"},\"thumbnailUrl\":\"https:\\\/\\\/letrame.com\\\/catalogo\\\/wp-content\\\/uploads\\\/2024\\\/04\\\/La-novia-del-viento.jpg\",\"datePublished\":\"2024-04-18T07:46:03+00:00\",\"dateModified\":\"2024-04-18T07:46:21+00:00\",\"breadcrumb\":{\"@id\":\"https:\\\/\\\/letrame.com\\\/catalogo\\\/producto\\\/la-novia-del-viento\\\/#breadcrumb\"},\"inLanguage\":\"es\",\"potentialAction\":[{\"@type\":\"ReadAction\",\"target\":[\"https:\\\/\\\/letrame.com\\\/catalogo\\\/producto\\\/la-novia-del-viento\\\/\"]}]},{\"@type\":\"ImageObject\",\"inLanguage\":\"es\",\"@id\":\"https:\\\/\\\/letrame.com\\\/catalogo\\\/producto\\\/la-novia-del-viento\\\/#primaryimage\",\"url\":\"https:\\\/\\\/letrame.com\\\/catalogo\\\/wp-content\\\/uploads\\\/2024\\\/04\\\/La-novia-del-viento.jpg\",\"contentUrl\":\"https:\\\/\\\/letrame.com\\\/catalogo\\\/wp-content\\\/uploads\\\/2024\\\/04\\\/La-novia-del-viento.jpg\",\"width\":375,\"height\":536},{\"@type\":\"BreadcrumbList\",\"@id\":\"https:\\\/\\\/letrame.com\\\/catalogo\\\/producto\\\/la-novia-del-viento\\\/#breadcrumb\",\"itemListElement\":[{\"@type\":\"ListItem\",\"position\":1,\"name\":\"Portada\",\"item\":\"https:\\\/\\\/letrame.com\\\/catalogo\\\/\"},{\"@type\":\"ListItem\",\"position\":2,\"name\":\"Cat\u00e1logo\",\"item\":\"https:\\\/\\\/letrame.com\\\/catalogo\\\/\"},{\"@type\":\"ListItem\",\"position\":3,\"name\":\"La novia del viento\"}]},{\"@type\":\"WebSite\",\"@id\":\"https:\\\/\\\/letrame.com\\\/catalogo\\\/#website\",\"url\":\"https:\\\/\\\/letrame.com\\\/catalogo\\\/\",\"name\":\"Catalogo | Letrame Grupo Editorial\",\"description\":\"\",\"publisher\":{\"@id\":\"https:\\\/\\\/letrame.com\\\/catalogo\\\/#organization\"},\"potentialAction\":[{\"@type\":\"SearchAction\",\"target\":{\"@type\":\"EntryPoint\",\"urlTemplate\":\"https:\\\/\\\/letrame.com\\\/catalogo\\\/?s={search_term_string}\"},\"query-input\":{\"@type\":\"PropertyValueSpecification\",\"valueRequired\":true,\"valueName\":\"search_term_string\"}}],\"inLanguage\":\"es\"},{\"@type\":\"Organization\",\"@id\":\"https:\\\/\\\/letrame.com\\\/catalogo\\\/#organization\",\"name\":\"Catalogo | Letrame Grupo Editorial\",\"url\":\"https:\\\/\\\/letrame.com\\\/catalogo\\\/\",\"logo\":{\"@type\":\"ImageObject\",\"inLanguage\":\"es\",\"@id\":\"https:\\\/\\\/letrame.com\\\/catalogo\\\/#\\\/schema\\\/logo\\\/image\\\/\",\"url\":\"https:\\\/\\\/letrame.com\\\/catalogo\\\/wp-content\\\/uploads\\\/2024\\\/03\\\/logo2.webp\",\"contentUrl\":\"https:\\\/\\\/letrame.com\\\/catalogo\\\/wp-content\\\/uploads\\\/2024\\\/03\\\/logo2.webp\",\"width\":394,\"height\":128,\"caption\":\"Catalogo | Letrame Grupo Editorial\"},\"image\":{\"@id\":\"https:\\\/\\\/letrame.com\\\/catalogo\\\/#\\\/schema\\\/logo\\\/image\\\/\"}}]}<\/script>\n<!-- \/ Yoast SEO plugin. -->","yoast_head_json":{"title":"La novia del viento - Catalogo | Letrame Grupo Editorial","robots":{"index":"index","follow":"follow","max-snippet":"max-snippet:-1","max-image-preview":"max-image-preview:large","max-video-preview":"max-video-preview:-1"},"canonical":"https:\/\/letrame.com\/catalogo\/producto\/la-novia-del-viento\/","og_locale":"es_ES","og_type":"article","og_title":"La novia del viento - Catalogo | Letrame Grupo Editorial","og_description":"ISBN: 978-84-17285-26-5 Empezar\u00e9 por decir que yo nac\u00ed en el monte y all\u00ed fui creciendo hasta que a los seis a\u00f1os nos trasladamos todos al pueblo (Alca\u00f1iz), con el fin de que fu\u00e9ramos al colegio y porque a mis padres les sali\u00f3 un trabajo. Yo fui al colegio de los Padres Escolapios y cuando cumpl\u00ed ocho a\u00f1os...","og_url":"https:\/\/letrame.com\/catalogo\/producto\/la-novia-del-viento\/","og_site_name":"Catalogo | Letrame Grupo Editorial","article_modified_time":"2024-04-18T07:46:21+00:00","og_image":[{"width":375,"height":536,"url":"https:\/\/letrame.com\/catalogo\/wp-content\/uploads\/2024\/04\/La-novia-del-viento.jpg","type":"image\/jpeg"}],"twitter_card":"summary_large_image","twitter_misc":{"Tiempo de lectura":"1 minuto"},"schema":{"@context":"https:\/\/schema.org","@graph":[{"@type":"WebPage","@id":"https:\/\/letrame.com\/catalogo\/producto\/la-novia-del-viento\/","url":"https:\/\/letrame.com\/catalogo\/producto\/la-novia-del-viento\/","name":"La novia del viento - Catalogo | Letrame Grupo Editorial","isPartOf":{"@id":"https:\/\/letrame.com\/catalogo\/#website"},"primaryImageOfPage":{"@id":"https:\/\/letrame.com\/catalogo\/producto\/la-novia-del-viento\/#primaryimage"},"image":{"@id":"https:\/\/letrame.com\/catalogo\/producto\/la-novia-del-viento\/#primaryimage"},"thumbnailUrl":"https:\/\/letrame.com\/catalogo\/wp-content\/uploads\/2024\/04\/La-novia-del-viento.jpg","datePublished":"2024-04-18T07:46:03+00:00","dateModified":"2024-04-18T07:46:21+00:00","breadcrumb":{"@id":"https:\/\/letrame.com\/catalogo\/producto\/la-novia-del-viento\/#breadcrumb"},"inLanguage":"es","potentialAction":[{"@type":"ReadAction","target":["https:\/\/letrame.com\/catalogo\/producto\/la-novia-del-viento\/"]}]},{"@type":"ImageObject","inLanguage":"es","@id":"https:\/\/letrame.com\/catalogo\/producto\/la-novia-del-viento\/#primaryimage","url":"https:\/\/letrame.com\/catalogo\/wp-content\/uploads\/2024\/04\/La-novia-del-viento.jpg","contentUrl":"https:\/\/letrame.com\/catalogo\/wp-content\/uploads\/2024\/04\/La-novia-del-viento.jpg","width":375,"height":536},{"@type":"BreadcrumbList","@id":"https:\/\/letrame.com\/catalogo\/producto\/la-novia-del-viento\/#breadcrumb","itemListElement":[{"@type":"ListItem","position":1,"name":"Portada","item":"https:\/\/letrame.com\/catalogo\/"},{"@type":"ListItem","position":2,"name":"Cat\u00e1logo","item":"https:\/\/letrame.com\/catalogo\/"},{"@type":"ListItem","position":3,"name":"La novia del viento"}]},{"@type":"WebSite","@id":"https:\/\/letrame.com\/catalogo\/#website","url":"https:\/\/letrame.com\/catalogo\/","name":"Catalogo | Letrame Grupo Editorial","description":"","publisher":{"@id":"https:\/\/letrame.com\/catalogo\/#organization"},"potentialAction":[{"@type":"SearchAction","target":{"@type":"EntryPoint","urlTemplate":"https:\/\/letrame.com\/catalogo\/?s={search_term_string}"},"query-input":{"@type":"PropertyValueSpecification","valueRequired":true,"valueName":"search_term_string"}}],"inLanguage":"es"},{"@type":"Organization","@id":"https:\/\/letrame.com\/catalogo\/#organization","name":"Catalogo | Letrame Grupo Editorial","url":"https:\/\/letrame.com\/catalogo\/","logo":{"@type":"ImageObject","inLanguage":"es","@id":"https:\/\/letrame.com\/catalogo\/#\/schema\/logo\/image\/","url":"https:\/\/letrame.com\/catalogo\/wp-content\/uploads\/2024\/03\/logo2.webp","contentUrl":"https:\/\/letrame.com\/catalogo\/wp-content\/uploads\/2024\/03\/logo2.webp","width":394,"height":128,"caption":"Catalogo | Letrame Grupo Editorial"},"image":{"@id":"https:\/\/letrame.com\/catalogo\/#\/schema\/logo\/image\/"}}]}},"_links":{"self":[{"href":"https:\/\/letrame.com\/catalogo\/wp-json\/wp\/v2\/product\/93782","targetHints":{"allow":["GET"]}}],"collection":[{"href":"https:\/\/letrame.com\/catalogo\/wp-json\/wp\/v2\/product"}],"about":[{"href":"https:\/\/letrame.com\/catalogo\/wp-json\/wp\/v2\/types\/product"}],"replies":[{"embeddable":true,"href":"https:\/\/letrame.com\/catalogo\/wp-json\/wp\/v2\/comments?post=93782"}],"acf:post":[{"embeddable":true,"href":"https:\/\/letrame.com\/catalogo\/wp-json\/wp\/v2\/author_book\/72509"}],"wp:featuredmedia":[{"embeddable":true,"href":"https:\/\/letrame.com\/catalogo\/wp-json\/wp\/v2\/media\/93783"}],"wp:attachment":[{"href":"https:\/\/letrame.com\/catalogo\/wp-json\/wp\/v2\/media?parent=93782"}],"wp:term":[{"taxonomy":"libro","embeddable":true,"href":"https:\/\/letrame.com\/catalogo\/wp-json\/wp\/v2\/libro?post=93782"},{"taxonomy":"product_brand","embeddable":true,"href":"https:\/\/letrame.com\/catalogo\/wp-json\/wp\/v2\/product_brand?post=93782"},{"taxonomy":"product_cat","embeddable":true,"href":"https:\/\/letrame.com\/catalogo\/wp-json\/wp\/v2\/product_cat?post=93782"},{"taxonomy":"product_tag","embeddable":true,"href":"https:\/\/letrame.com\/catalogo\/wp-json\/wp\/v2\/product_tag?post=93782"}],"curies":[{"name":"wp","href":"https:\/\/api.w.org\/{rel}","templated":true}]}}