{"id":93492,"date":"2024-04-18T09:04:34","date_gmt":"2024-04-18T07:04:34","guid":{"rendered":"https:\/\/letrame.com\/catalogo\/producto\/mira-el-cielo-no-el-reloj\/"},"modified":"2024-04-18T09:05:40","modified_gmt":"2024-04-18T07:05:40","slug":"mira-el-cielo-no-el-reloj","status":"publish","type":"product","link":"https:\/\/letrame.com\/catalogo\/producto\/mira-el-cielo-no-el-reloj\/","title":{"rendered":"Mira el cielo, no el reloj"},"content":{"rendered":"<p><strong>ISBN<\/strong>: 978-84-16916-02-3<br \/>\n<strong>T\u00edtulo<\/strong>: Mira el cielo, no el reloj<br \/>\n<strong>Fecha<\/strong>: 2017<br \/>\n<strong>P\u00e1ginas<\/strong>: 168<\/p>\n<p>&nbsp;<\/p>\n<p><strong>SINOPSIS<\/strong><\/p>\n<section>\n<div class=\"about-this-book\">\n<div class=\"container\">\n<div class=\"right-detail shop-detail1 pull-right col-md-8 col-sm-8 col-xs-12\">\n<div id=\"editionnal-reviews\" class=\"book-desc-detail\"><span class=\"detail-desc box-detail-desc\">Elija el lugar con el paisaje que m\u00e1s le guste y p\u00f3ngase c\u00f3modo. Apague su Smartphone y pare su reloj. Deje que los a\u00f1iles del cielo empiecen a cambiar hasta que se conviertan en tonos rosados, anaranjados, turquesas\u2026 Hasta que las estrellas le saluden desde lo m\u00e1s alto. Este libro re\u00fane 100 peque\u00f1as reflexiones que le har\u00e1n ver la vida desde las manecillas m\u00e1gicas de un microcuento. \u00a1Qu\u00e9 maravillosa forma de vivir!<\/span><\/div>\n<div id=\"clear-scroll\" class=\"clearfix\"><\/div>\n<\/div>\n<\/div>\n<\/div>\n<\/section>\n<div class=\"feature-section feature-option2\">\n<div class=\"container\">\n<div class=\"related products\">\n<div class=\"title-box\"><\/div>\n<\/div>\n<\/div>\n<\/div>\n<p><iframe title=\"Mira el cielo, no el reloj - Letrame Grupo Editorial\" data-src=\"https:\/\/player.vimeo.com\/video\/186232754?dnt=1&amp;app_id=122963\" width=\"800\" height=\"450\" frameborder=\"0\" allow=\"autoplay; fullscreen; picture-in-picture; clipboard-write\" src=\"data:image\/svg+xml;base64,PHN2ZyB3aWR0aD0iMSIgaGVpZ2h0PSIxIiB4bWxucz0iaHR0cDovL3d3dy53My5vcmcvMjAwMC9zdmciPjwvc3ZnPg==\" class=\"lazyload\" data-load-mode=\"1\"><\/iframe><\/p>\n","protected":false},"excerpt":{"rendered":"<p><strong>ISBN: 978-84-16916-02-3<\/strong><\/p>\n<p>Elija el lugar con el paisaje que m\u00e1s le guste y p\u00f3ngase c\u00f3modo. Apague su Smartphone y pare su reloj.<\/p>\n<p>Deje que los a\u00f1iles del cielo empiecen a cambiar hasta que se conviertan en tonos rosados, anaranjados, turquesas\u2026<\/p>\n","protected":false},"featured_media":93493,"comment_status":"closed","ping_status":"open","template":"","meta":{"_acf_changed":false},"libro":[],"product_brand":[],"product_cat":[16],"product_tag":[],"class_list":{"0":"post-93492","1":"product","2":"type-product","3":"status-publish","4":"has-post-thumbnail","6":"product_cat-novela","8":"first","9":"instock","10":"purchasable","11":"product-type-simple"},"acf":{"autor":[72535],"enlace_de_compra":"https:\/\/www.amazon.es\/dp\/8416916136\/ref=cm_sw_r_cp_ep_dp_2KXazb1S8K2HS"},"yoast_head":"<!-- This site is optimized with the Yoast SEO plugin v27.4 - https:\/\/yoast.com\/product\/yoast-seo-wordpress\/ -->\n<title>Mira el cielo, no el reloj - Catalogo | Letrame Grupo Editorial<\/title>\n<meta name=\"robots\" content=\"index, follow, max-snippet:-1, max-image-preview:large, max-video-preview:-1\" \/>\n<link rel=\"canonical\" href=\"https:\/\/letrame.com\/catalogo\/producto\/mira-el-cielo-no-el-reloj\/\" \/>\n<meta property=\"og:locale\" content=\"es_ES\" \/>\n<meta property=\"og:type\" content=\"article\" \/>\n<meta property=\"og:title\" content=\"Mira el cielo, no el reloj - Catalogo | Letrame Grupo Editorial\" \/>\n<meta property=\"og:description\" content=\"ISBN: 978-84-16916-02-3 Elija el lugar con el paisaje que m\u00e1s le guste y p\u00f3ngase c\u00f3modo. Apague su Smartphone y pare su reloj. Deje que los a\u00f1iles del cielo empiecen a cambiar hasta que se conviertan en tonos rosados, anaranjados, turquesas\u2026\" \/>\n<meta property=\"og:url\" content=\"https:\/\/letrame.com\/catalogo\/producto\/mira-el-cielo-no-el-reloj\/\" \/>\n<meta property=\"og:site_name\" content=\"Catalogo | Letrame Grupo Editorial\" \/>\n<meta property=\"article:modified_time\" content=\"2024-04-18T07:05:40+00:00\" \/>\n<meta property=\"og:image\" content=\"https:\/\/letrame.com\/catalogo\/wp-content\/uploads\/2024\/04\/portada-Mira-el-cielo-no-el-reloj-COMPLETO-1.jpg\" \/>\n\t<meta property=\"og:image:width\" content=\"375\" \/>\n\t<meta property=\"og:image:height\" content=\"543\" \/>\n\t<meta property=\"og:image:type\" content=\"image\/jpeg\" \/>\n<meta name=\"twitter:card\" content=\"summary_large_image\" \/>\n<meta name=\"twitter:label1\" content=\"Tiempo de lectura\" \/>\n\t<meta name=\"twitter:data1\" content=\"1 minuto\" \/>\n<script type=\"application\/ld+json\" class=\"yoast-schema-graph\">{\"@context\":\"https:\\\/\\\/schema.org\",\"@graph\":[{\"@type\":\"WebPage\",\"@id\":\"https:\\\/\\\/letrame.com\\\/catalogo\\\/producto\\\/mira-el-cielo-no-el-reloj\\\/\",\"url\":\"https:\\\/\\\/letrame.com\\\/catalogo\\\/producto\\\/mira-el-cielo-no-el-reloj\\\/\",\"name\":\"Mira el cielo, no el reloj - Catalogo | Letrame Grupo Editorial\",\"isPartOf\":{\"@id\":\"https:\\\/\\\/letrame.com\\\/catalogo\\\/#website\"},\"primaryImageOfPage\":{\"@id\":\"https:\\\/\\\/letrame.com\\\/catalogo\\\/producto\\\/mira-el-cielo-no-el-reloj\\\/#primaryimage\"},\"image\":{\"@id\":\"https:\\\/\\\/letrame.com\\\/catalogo\\\/producto\\\/mira-el-cielo-no-el-reloj\\\/#primaryimage\"},\"thumbnailUrl\":\"https:\\\/\\\/letrame.com\\\/catalogo\\\/wp-content\\\/uploads\\\/2024\\\/04\\\/portada-Mira-el-cielo-no-el-reloj-COMPLETO-1.jpg\",\"datePublished\":\"2024-04-18T07:04:34+00:00\",\"dateModified\":\"2024-04-18T07:05:40+00:00\",\"breadcrumb\":{\"@id\":\"https:\\\/\\\/letrame.com\\\/catalogo\\\/producto\\\/mira-el-cielo-no-el-reloj\\\/#breadcrumb\"},\"inLanguage\":\"es\",\"potentialAction\":[{\"@type\":\"ReadAction\",\"target\":[\"https:\\\/\\\/letrame.com\\\/catalogo\\\/producto\\\/mira-el-cielo-no-el-reloj\\\/\"]}]},{\"@type\":\"ImageObject\",\"inLanguage\":\"es\",\"@id\":\"https:\\\/\\\/letrame.com\\\/catalogo\\\/producto\\\/mira-el-cielo-no-el-reloj\\\/#primaryimage\",\"url\":\"https:\\\/\\\/letrame.com\\\/catalogo\\\/wp-content\\\/uploads\\\/2024\\\/04\\\/portada-Mira-el-cielo-no-el-reloj-COMPLETO-1.jpg\",\"contentUrl\":\"https:\\\/\\\/letrame.com\\\/catalogo\\\/wp-content\\\/uploads\\\/2024\\\/04\\\/portada-Mira-el-cielo-no-el-reloj-COMPLETO-1.jpg\",\"width\":375,\"height\":543},{\"@type\":\"BreadcrumbList\",\"@id\":\"https:\\\/\\\/letrame.com\\\/catalogo\\\/producto\\\/mira-el-cielo-no-el-reloj\\\/#breadcrumb\",\"itemListElement\":[{\"@type\":\"ListItem\",\"position\":1,\"name\":\"Portada\",\"item\":\"https:\\\/\\\/letrame.com\\\/catalogo\\\/\"},{\"@type\":\"ListItem\",\"position\":2,\"name\":\"Cat\u00e1logo\",\"item\":\"https:\\\/\\\/letrame.com\\\/catalogo\\\/\"},{\"@type\":\"ListItem\",\"position\":3,\"name\":\"Mira el cielo, no el reloj\"}]},{\"@type\":\"WebSite\",\"@id\":\"https:\\\/\\\/letrame.com\\\/catalogo\\\/#website\",\"url\":\"https:\\\/\\\/letrame.com\\\/catalogo\\\/\",\"name\":\"Catalogo | Letrame Grupo Editorial\",\"description\":\"\",\"publisher\":{\"@id\":\"https:\\\/\\\/letrame.com\\\/catalogo\\\/#organization\"},\"potentialAction\":[{\"@type\":\"SearchAction\",\"target\":{\"@type\":\"EntryPoint\",\"urlTemplate\":\"https:\\\/\\\/letrame.com\\\/catalogo\\\/?s={search_term_string}\"},\"query-input\":{\"@type\":\"PropertyValueSpecification\",\"valueRequired\":true,\"valueName\":\"search_term_string\"}}],\"inLanguage\":\"es\"},{\"@type\":\"Organization\",\"@id\":\"https:\\\/\\\/letrame.com\\\/catalogo\\\/#organization\",\"name\":\"Catalogo | Letrame Grupo Editorial\",\"url\":\"https:\\\/\\\/letrame.com\\\/catalogo\\\/\",\"logo\":{\"@type\":\"ImageObject\",\"inLanguage\":\"es\",\"@id\":\"https:\\\/\\\/letrame.com\\\/catalogo\\\/#\\\/schema\\\/logo\\\/image\\\/\",\"url\":\"https:\\\/\\\/letrame.com\\\/catalogo\\\/wp-content\\\/uploads\\\/2024\\\/03\\\/logo2.webp\",\"contentUrl\":\"https:\\\/\\\/letrame.com\\\/catalogo\\\/wp-content\\\/uploads\\\/2024\\\/03\\\/logo2.webp\",\"width\":394,\"height\":128,\"caption\":\"Catalogo | Letrame Grupo Editorial\"},\"image\":{\"@id\":\"https:\\\/\\\/letrame.com\\\/catalogo\\\/#\\\/schema\\\/logo\\\/image\\\/\"}}]}<\/script>\n<!-- \/ Yoast SEO plugin. -->","yoast_head_json":{"title":"Mira el cielo, no el reloj - Catalogo | Letrame Grupo Editorial","robots":{"index":"index","follow":"follow","max-snippet":"max-snippet:-1","max-image-preview":"max-image-preview:large","max-video-preview":"max-video-preview:-1"},"canonical":"https:\/\/letrame.com\/catalogo\/producto\/mira-el-cielo-no-el-reloj\/","og_locale":"es_ES","og_type":"article","og_title":"Mira el cielo, no el reloj - Catalogo | Letrame Grupo Editorial","og_description":"ISBN: 978-84-16916-02-3 Elija el lugar con el paisaje que m\u00e1s le guste y p\u00f3ngase c\u00f3modo. Apague su Smartphone y pare su reloj. Deje que los a\u00f1iles del cielo empiecen a cambiar hasta que se conviertan en tonos rosados, anaranjados, turquesas\u2026","og_url":"https:\/\/letrame.com\/catalogo\/producto\/mira-el-cielo-no-el-reloj\/","og_site_name":"Catalogo | Letrame Grupo Editorial","article_modified_time":"2024-04-18T07:05:40+00:00","og_image":[{"width":375,"height":543,"url":"https:\/\/letrame.com\/catalogo\/wp-content\/uploads\/2024\/04\/portada-Mira-el-cielo-no-el-reloj-COMPLETO-1.jpg","type":"image\/jpeg"}],"twitter_card":"summary_large_image","twitter_misc":{"Tiempo de lectura":"1 minuto"},"schema":{"@context":"https:\/\/schema.org","@graph":[{"@type":"WebPage","@id":"https:\/\/letrame.com\/catalogo\/producto\/mira-el-cielo-no-el-reloj\/","url":"https:\/\/letrame.com\/catalogo\/producto\/mira-el-cielo-no-el-reloj\/","name":"Mira el cielo, no el reloj - Catalogo | Letrame Grupo Editorial","isPartOf":{"@id":"https:\/\/letrame.com\/catalogo\/#website"},"primaryImageOfPage":{"@id":"https:\/\/letrame.com\/catalogo\/producto\/mira-el-cielo-no-el-reloj\/#primaryimage"},"image":{"@id":"https:\/\/letrame.com\/catalogo\/producto\/mira-el-cielo-no-el-reloj\/#primaryimage"},"thumbnailUrl":"https:\/\/letrame.com\/catalogo\/wp-content\/uploads\/2024\/04\/portada-Mira-el-cielo-no-el-reloj-COMPLETO-1.jpg","datePublished":"2024-04-18T07:04:34+00:00","dateModified":"2024-04-18T07:05:40+00:00","breadcrumb":{"@id":"https:\/\/letrame.com\/catalogo\/producto\/mira-el-cielo-no-el-reloj\/#breadcrumb"},"inLanguage":"es","potentialAction":[{"@type":"ReadAction","target":["https:\/\/letrame.com\/catalogo\/producto\/mira-el-cielo-no-el-reloj\/"]}]},{"@type":"ImageObject","inLanguage":"es","@id":"https:\/\/letrame.com\/catalogo\/producto\/mira-el-cielo-no-el-reloj\/#primaryimage","url":"https:\/\/letrame.com\/catalogo\/wp-content\/uploads\/2024\/04\/portada-Mira-el-cielo-no-el-reloj-COMPLETO-1.jpg","contentUrl":"https:\/\/letrame.com\/catalogo\/wp-content\/uploads\/2024\/04\/portada-Mira-el-cielo-no-el-reloj-COMPLETO-1.jpg","width":375,"height":543},{"@type":"BreadcrumbList","@id":"https:\/\/letrame.com\/catalogo\/producto\/mira-el-cielo-no-el-reloj\/#breadcrumb","itemListElement":[{"@type":"ListItem","position":1,"name":"Portada","item":"https:\/\/letrame.com\/catalogo\/"},{"@type":"ListItem","position":2,"name":"Cat\u00e1logo","item":"https:\/\/letrame.com\/catalogo\/"},{"@type":"ListItem","position":3,"name":"Mira el cielo, no el reloj"}]},{"@type":"WebSite","@id":"https:\/\/letrame.com\/catalogo\/#website","url":"https:\/\/letrame.com\/catalogo\/","name":"Catalogo | Letrame Grupo Editorial","description":"","publisher":{"@id":"https:\/\/letrame.com\/catalogo\/#organization"},"potentialAction":[{"@type":"SearchAction","target":{"@type":"EntryPoint","urlTemplate":"https:\/\/letrame.com\/catalogo\/?s={search_term_string}"},"query-input":{"@type":"PropertyValueSpecification","valueRequired":true,"valueName":"search_term_string"}}],"inLanguage":"es"},{"@type":"Organization","@id":"https:\/\/letrame.com\/catalogo\/#organization","name":"Catalogo | Letrame Grupo Editorial","url":"https:\/\/letrame.com\/catalogo\/","logo":{"@type":"ImageObject","inLanguage":"es","@id":"https:\/\/letrame.com\/catalogo\/#\/schema\/logo\/image\/","url":"https:\/\/letrame.com\/catalogo\/wp-content\/uploads\/2024\/03\/logo2.webp","contentUrl":"https:\/\/letrame.com\/catalogo\/wp-content\/uploads\/2024\/03\/logo2.webp","width":394,"height":128,"caption":"Catalogo | Letrame Grupo Editorial"},"image":{"@id":"https:\/\/letrame.com\/catalogo\/#\/schema\/logo\/image\/"}}]}},"_links":{"self":[{"href":"https:\/\/letrame.com\/catalogo\/wp-json\/wp\/v2\/product\/93492","targetHints":{"allow":["GET"]}}],"collection":[{"href":"https:\/\/letrame.com\/catalogo\/wp-json\/wp\/v2\/product"}],"about":[{"href":"https:\/\/letrame.com\/catalogo\/wp-json\/wp\/v2\/types\/product"}],"replies":[{"embeddable":true,"href":"https:\/\/letrame.com\/catalogo\/wp-json\/wp\/v2\/comments?post=93492"}],"acf:post":[{"embeddable":true,"href":"https:\/\/letrame.com\/catalogo\/wp-json\/wp\/v2\/author_book\/72535"}],"wp:featuredmedia":[{"embeddable":true,"href":"https:\/\/letrame.com\/catalogo\/wp-json\/wp\/v2\/media\/93493"}],"wp:attachment":[{"href":"https:\/\/letrame.com\/catalogo\/wp-json\/wp\/v2\/media?parent=93492"}],"wp:term":[{"taxonomy":"libro","embeddable":true,"href":"https:\/\/letrame.com\/catalogo\/wp-json\/wp\/v2\/libro?post=93492"},{"taxonomy":"product_brand","embeddable":true,"href":"https:\/\/letrame.com\/catalogo\/wp-json\/wp\/v2\/product_brand?post=93492"},{"taxonomy":"product_cat","embeddable":true,"href":"https:\/\/letrame.com\/catalogo\/wp-json\/wp\/v2\/product_cat?post=93492"},{"taxonomy":"product_tag","embeddable":true,"href":"https:\/\/letrame.com\/catalogo\/wp-json\/wp\/v2\/product_tag?post=93492"}],"curies":[{"name":"wp","href":"https:\/\/api.w.org\/{rel}","templated":true}]}}