{"id":93484,"date":"2024-04-18T09:03:26","date_gmt":"2024-04-18T07:03:26","guid":{"rendered":"https:\/\/letrame.com\/catalogo\/producto\/poza-de-sal\/"},"modified":"2024-04-18T09:04:31","modified_gmt":"2024-04-18T07:04:31","slug":"poza-de-sal","status":"publish","type":"product","link":"https:\/\/letrame.com\/catalogo\/producto\/poza-de-sal\/","title":{"rendered":"Poza de sal"},"content":{"rendered":"<p><strong>ISBN<\/strong>: 978-84-16916-15-3<br \/>\n<strong>T\u00edtulo<\/strong>: Poza de sal<br \/>\n<strong>Fecha<\/strong>: 2017<br \/>\n<strong>P\u00e1ginas<\/strong>: 154<\/p>\n<p>&nbsp;<\/p>\n<p><strong>SINOPSIS<\/strong><\/p>\n<section>\n<div class=\"about-this-book\">\n<div class=\"container\">\n<div class=\"right-detail shop-detail1 pull-right col-md-8 col-sm-8 col-xs-12\">\n<div id=\"editionnal-reviews\" class=\"book-desc-detail\"><span class=\"detail-desc box-detail-desc\">Poza de la Sal (Burgos) es un pueblo castellano que tiene sus or\u00edgenes en tiempos hist\u00f3ricamente lejanos. Conocemos su poblamiento por los Celtas Autrigones varios siglos antes de nuestra Era, pero no se descarta la posibilidad de que anteriormente estuviera habitado por gentes m\u00e1s antiguas. Luego fue el Imperio Romano quien se fij\u00f3 en \u00e9l para crear la ciudad de Flaviaugusta. En las \u00e9pocas Medieval y Moderna los reyes castellanos tambi\u00e9n quisieron estar muy presentes. Y todo ello debido a la valiosa producci\u00f3n de sal que en \u00e9l se obten\u00eda. Diversas circunstancias hicieron que este bien dejara de ser rentable y su producci\u00f3n cay\u00f3 en el olvido, al igual que el renombre del pueblo. Fue adormeciendo hasta que en nuestra \u00e9poca Contempor\u00e1nea volvi\u00f3 a renacer un sol que lo catapult\u00f3 a la cima de las poblaciones espa\u00f1olas. Tuvo la gran suerte de ser el lugar de nacimiento del gran naturalista FELIX RODRIGUEZ DE LA FUENTE quien entre sus calles y campos fue gestando la afici\u00f3n por los animales que cautivar\u00eda a m\u00e1s de media Espa\u00f1a. Este es el lugar elegido para rememorar algunos lugares, que en su momento tuvieron un papel si no estelar, s\u00ed importante, y que pretendemos que el tiempo no relegue al olvido.<\/span><\/div>\n<div id=\"clear-scroll\" class=\"clearfix\"><\/div>\n<\/div>\n<\/div>\n<\/div>\n<\/section>\n<div class=\"feature-section feature-option2\">\n<div class=\"container\">\n<div class=\"related products\">\n<div class=\"title-box\"><\/div>\n<\/div>\n<\/div>\n<\/div>\n<p><iframe title=\"BookPlay\" data-src=\"https:\/\/player.vimeo.com\/video\/189918052?dnt=1&amp;app_id=122963\" width=\"800\" height=\"450\" frameborder=\"0\" allow=\"autoplay; fullscreen; picture-in-picture; clipboard-write\" src=\"data:image\/svg+xml;base64,PHN2ZyB3aWR0aD0iMSIgaGVpZ2h0PSIxIiB4bWxucz0iaHR0cDovL3d3dy53My5vcmcvMjAwMC9zdmciPjwvc3ZnPg==\" class=\"lazyload\" data-load-mode=\"1\"><\/iframe><\/p>\n","protected":false},"excerpt":{"rendered":"<p><strong>ISBN: 978-84-16916-15-3<\/strong><\/p>\n<p>Poza de la Sal (Burgos) es un pueblo castellano que tiene sus or\u00edgenes en tiempos hist\u00f3ricamente lejanos. Conocemos su poblamiento por los Celtas Autrigones varios siglos antes de nuestra Era, pero no se descarta la posibilidad de que anteriormente estuviera habitado por gentes m\u00e1s antiguas&#8230;<\/p>\n","protected":false},"featured_media":93485,"comment_status":"closed","ping_status":"open","template":"","meta":{"_acf_changed":false},"libro":[],"product_brand":[],"product_cat":[21],"product_tag":[],"class_list":{"0":"post-93484","1":"product","2":"type-product","3":"status-publish","4":"has-post-thumbnail","6":"product_cat-relato","8":"first","9":"instock","10":"purchasable","11":"product-type-simple"},"acf":{"autor":[72528],"enlace_de_compra":"https:\/\/www.amazon.es\/Poza-Sal-Retazos-historia-Relatos\/dp\/8416916152"},"yoast_head":"<!-- This site is optimized with the Yoast SEO plugin v27.4 - https:\/\/yoast.com\/product\/yoast-seo-wordpress\/ -->\n<title>Poza de sal - Catalogo | Letrame Grupo Editorial<\/title>\n<meta name=\"robots\" content=\"index, follow, max-snippet:-1, max-image-preview:large, max-video-preview:-1\" \/>\n<link rel=\"canonical\" href=\"https:\/\/letrame.com\/catalogo\/producto\/poza-de-sal\/\" \/>\n<meta property=\"og:locale\" content=\"es_ES\" \/>\n<meta property=\"og:type\" content=\"article\" \/>\n<meta property=\"og:title\" content=\"Poza de sal - Catalogo | Letrame Grupo Editorial\" \/>\n<meta property=\"og:description\" content=\"ISBN: 978-84-16916-15-3 Poza de la Sal (Burgos) es un pueblo castellano que tiene sus or\u00edgenes en tiempos hist\u00f3ricamente lejanos. Conocemos su poblamiento por los Celtas Autrigones varios siglos antes de nuestra Era, pero no se descarta la posibilidad de que anteriormente estuviera habitado por gentes m\u00e1s antiguas...\" \/>\n<meta property=\"og:url\" content=\"https:\/\/letrame.com\/catalogo\/producto\/poza-de-sal\/\" \/>\n<meta property=\"og:site_name\" content=\"Catalogo | Letrame Grupo Editorial\" \/>\n<meta property=\"article:modified_time\" content=\"2024-04-18T07:04:31+00:00\" \/>\n<meta property=\"og:image\" content=\"https:\/\/letrame.com\/catalogo\/wp-content\/uploads\/2024\/04\/portada-Poza-de-sal-1.jpg\" \/>\n\t<meta property=\"og:image:width\" content=\"375\" \/>\n\t<meta property=\"og:image:height\" content=\"540\" \/>\n\t<meta property=\"og:image:type\" content=\"image\/jpeg\" \/>\n<meta name=\"twitter:card\" content=\"summary_large_image\" \/>\n<meta name=\"twitter:label1\" content=\"Tiempo de lectura\" \/>\n\t<meta name=\"twitter:data1\" content=\"1 minuto\" \/>\n<script type=\"application\/ld+json\" class=\"yoast-schema-graph\">{\"@context\":\"https:\\\/\\\/schema.org\",\"@graph\":[{\"@type\":\"WebPage\",\"@id\":\"https:\\\/\\\/letrame.com\\\/catalogo\\\/producto\\\/poza-de-sal\\\/\",\"url\":\"https:\\\/\\\/letrame.com\\\/catalogo\\\/producto\\\/poza-de-sal\\\/\",\"name\":\"Poza de sal - Catalogo | Letrame Grupo Editorial\",\"isPartOf\":{\"@id\":\"https:\\\/\\\/letrame.com\\\/catalogo\\\/#website\"},\"primaryImageOfPage\":{\"@id\":\"https:\\\/\\\/letrame.com\\\/catalogo\\\/producto\\\/poza-de-sal\\\/#primaryimage\"},\"image\":{\"@id\":\"https:\\\/\\\/letrame.com\\\/catalogo\\\/producto\\\/poza-de-sal\\\/#primaryimage\"},\"thumbnailUrl\":\"https:\\\/\\\/letrame.com\\\/catalogo\\\/wp-content\\\/uploads\\\/2024\\\/04\\\/portada-Poza-de-sal-1.jpg\",\"datePublished\":\"2024-04-18T07:03:26+00:00\",\"dateModified\":\"2024-04-18T07:04:31+00:00\",\"breadcrumb\":{\"@id\":\"https:\\\/\\\/letrame.com\\\/catalogo\\\/producto\\\/poza-de-sal\\\/#breadcrumb\"},\"inLanguage\":\"es\",\"potentialAction\":[{\"@type\":\"ReadAction\",\"target\":[\"https:\\\/\\\/letrame.com\\\/catalogo\\\/producto\\\/poza-de-sal\\\/\"]}]},{\"@type\":\"ImageObject\",\"inLanguage\":\"es\",\"@id\":\"https:\\\/\\\/letrame.com\\\/catalogo\\\/producto\\\/poza-de-sal\\\/#primaryimage\",\"url\":\"https:\\\/\\\/letrame.com\\\/catalogo\\\/wp-content\\\/uploads\\\/2024\\\/04\\\/portada-Poza-de-sal-1.jpg\",\"contentUrl\":\"https:\\\/\\\/letrame.com\\\/catalogo\\\/wp-content\\\/uploads\\\/2024\\\/04\\\/portada-Poza-de-sal-1.jpg\",\"width\":375,\"height\":540},{\"@type\":\"BreadcrumbList\",\"@id\":\"https:\\\/\\\/letrame.com\\\/catalogo\\\/producto\\\/poza-de-sal\\\/#breadcrumb\",\"itemListElement\":[{\"@type\":\"ListItem\",\"position\":1,\"name\":\"Portada\",\"item\":\"https:\\\/\\\/letrame.com\\\/catalogo\\\/\"},{\"@type\":\"ListItem\",\"position\":2,\"name\":\"Cat\u00e1logo\",\"item\":\"https:\\\/\\\/letrame.com\\\/catalogo\\\/\"},{\"@type\":\"ListItem\",\"position\":3,\"name\":\"Poza de sal\"}]},{\"@type\":\"WebSite\",\"@id\":\"https:\\\/\\\/letrame.com\\\/catalogo\\\/#website\",\"url\":\"https:\\\/\\\/letrame.com\\\/catalogo\\\/\",\"name\":\"Catalogo | Letrame Grupo Editorial\",\"description\":\"\",\"publisher\":{\"@id\":\"https:\\\/\\\/letrame.com\\\/catalogo\\\/#organization\"},\"potentialAction\":[{\"@type\":\"SearchAction\",\"target\":{\"@type\":\"EntryPoint\",\"urlTemplate\":\"https:\\\/\\\/letrame.com\\\/catalogo\\\/?s={search_term_string}\"},\"query-input\":{\"@type\":\"PropertyValueSpecification\",\"valueRequired\":true,\"valueName\":\"search_term_string\"}}],\"inLanguage\":\"es\"},{\"@type\":\"Organization\",\"@id\":\"https:\\\/\\\/letrame.com\\\/catalogo\\\/#organization\",\"name\":\"Catalogo | Letrame Grupo Editorial\",\"url\":\"https:\\\/\\\/letrame.com\\\/catalogo\\\/\",\"logo\":{\"@type\":\"ImageObject\",\"inLanguage\":\"es\",\"@id\":\"https:\\\/\\\/letrame.com\\\/catalogo\\\/#\\\/schema\\\/logo\\\/image\\\/\",\"url\":\"https:\\\/\\\/letrame.com\\\/catalogo\\\/wp-content\\\/uploads\\\/2024\\\/03\\\/logo2.webp\",\"contentUrl\":\"https:\\\/\\\/letrame.com\\\/catalogo\\\/wp-content\\\/uploads\\\/2024\\\/03\\\/logo2.webp\",\"width\":394,\"height\":128,\"caption\":\"Catalogo | Letrame Grupo Editorial\"},\"image\":{\"@id\":\"https:\\\/\\\/letrame.com\\\/catalogo\\\/#\\\/schema\\\/logo\\\/image\\\/\"}}]}<\/script>\n<!-- \/ Yoast SEO plugin. -->","yoast_head_json":{"title":"Poza de sal - Catalogo | Letrame Grupo Editorial","robots":{"index":"index","follow":"follow","max-snippet":"max-snippet:-1","max-image-preview":"max-image-preview:large","max-video-preview":"max-video-preview:-1"},"canonical":"https:\/\/letrame.com\/catalogo\/producto\/poza-de-sal\/","og_locale":"es_ES","og_type":"article","og_title":"Poza de sal - Catalogo | Letrame Grupo Editorial","og_description":"ISBN: 978-84-16916-15-3 Poza de la Sal (Burgos) es un pueblo castellano que tiene sus or\u00edgenes en tiempos hist\u00f3ricamente lejanos. Conocemos su poblamiento por los Celtas Autrigones varios siglos antes de nuestra Era, pero no se descarta la posibilidad de que anteriormente estuviera habitado por gentes m\u00e1s antiguas...","og_url":"https:\/\/letrame.com\/catalogo\/producto\/poza-de-sal\/","og_site_name":"Catalogo | Letrame Grupo Editorial","article_modified_time":"2024-04-18T07:04:31+00:00","og_image":[{"width":375,"height":540,"url":"https:\/\/letrame.com\/catalogo\/wp-content\/uploads\/2024\/04\/portada-Poza-de-sal-1.jpg","type":"image\/jpeg"}],"twitter_card":"summary_large_image","twitter_misc":{"Tiempo de lectura":"1 minuto"},"schema":{"@context":"https:\/\/schema.org","@graph":[{"@type":"WebPage","@id":"https:\/\/letrame.com\/catalogo\/producto\/poza-de-sal\/","url":"https:\/\/letrame.com\/catalogo\/producto\/poza-de-sal\/","name":"Poza de sal - Catalogo | Letrame Grupo Editorial","isPartOf":{"@id":"https:\/\/letrame.com\/catalogo\/#website"},"primaryImageOfPage":{"@id":"https:\/\/letrame.com\/catalogo\/producto\/poza-de-sal\/#primaryimage"},"image":{"@id":"https:\/\/letrame.com\/catalogo\/producto\/poza-de-sal\/#primaryimage"},"thumbnailUrl":"https:\/\/letrame.com\/catalogo\/wp-content\/uploads\/2024\/04\/portada-Poza-de-sal-1.jpg","datePublished":"2024-04-18T07:03:26+00:00","dateModified":"2024-04-18T07:04:31+00:00","breadcrumb":{"@id":"https:\/\/letrame.com\/catalogo\/producto\/poza-de-sal\/#breadcrumb"},"inLanguage":"es","potentialAction":[{"@type":"ReadAction","target":["https:\/\/letrame.com\/catalogo\/producto\/poza-de-sal\/"]}]},{"@type":"ImageObject","inLanguage":"es","@id":"https:\/\/letrame.com\/catalogo\/producto\/poza-de-sal\/#primaryimage","url":"https:\/\/letrame.com\/catalogo\/wp-content\/uploads\/2024\/04\/portada-Poza-de-sal-1.jpg","contentUrl":"https:\/\/letrame.com\/catalogo\/wp-content\/uploads\/2024\/04\/portada-Poza-de-sal-1.jpg","width":375,"height":540},{"@type":"BreadcrumbList","@id":"https:\/\/letrame.com\/catalogo\/producto\/poza-de-sal\/#breadcrumb","itemListElement":[{"@type":"ListItem","position":1,"name":"Portada","item":"https:\/\/letrame.com\/catalogo\/"},{"@type":"ListItem","position":2,"name":"Cat\u00e1logo","item":"https:\/\/letrame.com\/catalogo\/"},{"@type":"ListItem","position":3,"name":"Poza de sal"}]},{"@type":"WebSite","@id":"https:\/\/letrame.com\/catalogo\/#website","url":"https:\/\/letrame.com\/catalogo\/","name":"Catalogo | Letrame Grupo Editorial","description":"","publisher":{"@id":"https:\/\/letrame.com\/catalogo\/#organization"},"potentialAction":[{"@type":"SearchAction","target":{"@type":"EntryPoint","urlTemplate":"https:\/\/letrame.com\/catalogo\/?s={search_term_string}"},"query-input":{"@type":"PropertyValueSpecification","valueRequired":true,"valueName":"search_term_string"}}],"inLanguage":"es"},{"@type":"Organization","@id":"https:\/\/letrame.com\/catalogo\/#organization","name":"Catalogo | Letrame Grupo Editorial","url":"https:\/\/letrame.com\/catalogo\/","logo":{"@type":"ImageObject","inLanguage":"es","@id":"https:\/\/letrame.com\/catalogo\/#\/schema\/logo\/image\/","url":"https:\/\/letrame.com\/catalogo\/wp-content\/uploads\/2024\/03\/logo2.webp","contentUrl":"https:\/\/letrame.com\/catalogo\/wp-content\/uploads\/2024\/03\/logo2.webp","width":394,"height":128,"caption":"Catalogo | Letrame Grupo Editorial"},"image":{"@id":"https:\/\/letrame.com\/catalogo\/#\/schema\/logo\/image\/"}}]}},"_links":{"self":[{"href":"https:\/\/letrame.com\/catalogo\/wp-json\/wp\/v2\/product\/93484","targetHints":{"allow":["GET"]}}],"collection":[{"href":"https:\/\/letrame.com\/catalogo\/wp-json\/wp\/v2\/product"}],"about":[{"href":"https:\/\/letrame.com\/catalogo\/wp-json\/wp\/v2\/types\/product"}],"replies":[{"embeddable":true,"href":"https:\/\/letrame.com\/catalogo\/wp-json\/wp\/v2\/comments?post=93484"}],"acf:post":[{"embeddable":true,"href":"https:\/\/letrame.com\/catalogo\/wp-json\/wp\/v2\/author_book\/72528"}],"wp:featuredmedia":[{"embeddable":true,"href":"https:\/\/letrame.com\/catalogo\/wp-json\/wp\/v2\/media\/93485"}],"wp:attachment":[{"href":"https:\/\/letrame.com\/catalogo\/wp-json\/wp\/v2\/media?parent=93484"}],"wp:term":[{"taxonomy":"libro","embeddable":true,"href":"https:\/\/letrame.com\/catalogo\/wp-json\/wp\/v2\/libro?post=93484"},{"taxonomy":"product_brand","embeddable":true,"href":"https:\/\/letrame.com\/catalogo\/wp-json\/wp\/v2\/product_brand?post=93484"},{"taxonomy":"product_cat","embeddable":true,"href":"https:\/\/letrame.com\/catalogo\/wp-json\/wp\/v2\/product_cat?post=93484"},{"taxonomy":"product_tag","embeddable":true,"href":"https:\/\/letrame.com\/catalogo\/wp-json\/wp\/v2\/product_tag?post=93484"}],"curies":[{"name":"wp","href":"https:\/\/api.w.org\/{rel}","templated":true}]}}