{"id":93445,"date":"2024-04-18T09:00:02","date_gmt":"2024-04-18T07:00:02","guid":{"rendered":"https:\/\/letrame.com\/catalogo\/producto\/historia-de-la-villa-de-altura-desde-sus-origenes-a-la-actualidad\/"},"modified":"2024-04-18T09:01:20","modified_gmt":"2024-04-18T07:01:20","slug":"historia-de-la-villa-de-altura-desde-sus-origenes-a-la-actualidad","status":"publish","type":"product","link":"https:\/\/letrame.com\/catalogo\/producto\/historia-de-la-villa-de-altura-desde-sus-origenes-a-la-actualidad\/","title":{"rendered":"Historia de la Villa de Altura. Desde sus or\u00edgenes a la actualidad"},"content":{"rendered":"<p><strong>ISBN<\/strong>: 978-84-16916-65-8<br \/>\n<strong>T\u00edtulo<\/strong>: Historia de la Villa de Altura. Desde sus or\u00edgenes a la actualidad<br \/>\n<strong>Fecha<\/strong>: 2017<br \/>\n<strong>P\u00e1ginas<\/strong>: 216<\/p>\n<p>&nbsp;<\/p>\n<p><strong>SINOPSIS<\/strong><\/p>\n<section>\n<div class=\"about-this-book\">\n<div class=\"container\">\n<div class=\"right-detail shop-detail1 pull-right col-md-8 col-sm-8 col-xs-12\">\n<div id=\"editionnal-reviews\" class=\"book-desc-detail\"><span class=\"detail-desc box-detail-desc\">El libro oficial de Historia de la Villa de Altura, nos transporta a trav\u00e9s del pasado que nos precede, un pasado hist\u00f3rico cuanto menos. Con ra\u00edces bien arraigadas en las tierras del Palancia, un pueblo castellonense con ciertos toques aragoneses. La historia bien nos ha sabido mover de unas manos a otras, pero como pueblo, hemos sabido adaptarnos a las diversas circunstancias que han ido aconteciendo. Una villa que naci\u00f3 hace ya mucho en el seno \u00e1rabe del Al-\u00c1ndalus, que acogi\u00f3 reyes, que construy\u00f3 la quinta Cartuja de Espa\u00f1a, con t\u00edtulo de \u201cReal\u201d; que se vanaglori\u00f3 con la aparici\u00f3n mariana en la Cueva Santa, que erigi\u00f3 un manantial al esfuerzo y aprovechamiento de sus entra\u00f1as acu\u00edferas. Una villa que se jact\u00f3 de su importancia, que solvent\u00f3 las vicisitudes, que aun\u00f3 diferentes pueblos bajo una bandera y un escudo, que solvent\u00f3 las diversas crisis espa\u00f1olas y, en definitiva, un pueblo que nos ha llevado al hoy. Os invito a un apasionante recorrido por nuestra historia.<\/span><\/div>\n<div id=\"clear-scroll\" class=\"clearfix\"><\/div>\n<\/div>\n<\/div>\n<\/div>\n<\/section>\n<div class=\"feature-section feature-option2\">\n<div class=\"container\">\n<div class=\"related products\">\n<div class=\"title-box\"><\/div>\n<\/div>\n<\/div>\n<\/div>\n<p><iframe title=\"Historias de la villa de altura\" data-src=\"https:\/\/player.vimeo.com\/video\/195783205?dnt=1&amp;app_id=122963\" width=\"800\" height=\"450\" frameborder=\"0\" allow=\"autoplay; fullscreen; picture-in-picture; clipboard-write\" src=\"data:image\/svg+xml;base64,PHN2ZyB3aWR0aD0iMSIgaGVpZ2h0PSIxIiB4bWxucz0iaHR0cDovL3d3dy53My5vcmcvMjAwMC9zdmciPjwvc3ZnPg==\" class=\"lazyload\" data-load-mode=\"1\"><\/iframe><\/p>\n","protected":false},"excerpt":{"rendered":"<p><strong>ISBN: 978-84-16916-65-8<\/strong><\/p>\n<p>El libro oficial de Historia de la Villa de Altura, nos transporta a trav\u00e9s del pasado que nos precede, un pasado hist\u00f3rico cuanto menos. Con ra\u00edces bien arraigadas en las tierras del Palancia, un pueblo castellonense con ciertos toques aragoneses. La historia bien nos ha sabido mover&#8230;<\/p>\n","protected":false},"featured_media":93446,"comment_status":"closed","ping_status":"open","template":"","meta":{"_acf_changed":false},"libro":[],"product_brand":[],"product_cat":[23],"product_tag":[],"class_list":{"0":"post-93445","1":"product","2":"type-product","3":"status-publish","4":"has-post-thumbnail","6":"product_cat-ensayos","8":"first","9":"instock","10":"purchasable","11":"product-type-simple"},"acf":{"autor":"","enlace_de_compra":"https:\/\/www.amazon.es\/Historia-Villa-Altura-actualidad-Investigaci%C3%B3n\/dp\/8416916659\/"},"yoast_head":"<!-- This site is optimized with the Yoast SEO plugin v27.4 - https:\/\/yoast.com\/product\/yoast-seo-wordpress\/ -->\n<title>Historia de la Villa de Altura. Desde sus or\u00edgenes a la actualidad - Catalogo | Letrame Grupo Editorial<\/title>\n<meta name=\"robots\" content=\"index, follow, max-snippet:-1, max-image-preview:large, max-video-preview:-1\" \/>\n<link rel=\"canonical\" href=\"https:\/\/letrame.com\/catalogo\/producto\/historia-de-la-villa-de-altura-desde-sus-origenes-a-la-actualidad\/\" \/>\n<meta property=\"og:locale\" content=\"es_ES\" \/>\n<meta property=\"og:type\" content=\"article\" \/>\n<meta property=\"og:title\" content=\"Historia de la Villa de Altura. Desde sus or\u00edgenes a la actualidad - Catalogo | Letrame Grupo Editorial\" \/>\n<meta property=\"og:description\" content=\"ISBN: 978-84-16916-65-8 El libro oficial de Historia de la Villa de Altura, nos transporta a trav\u00e9s del pasado que nos precede, un pasado hist\u00f3rico cuanto menos. Con ra\u00edces bien arraigadas en las tierras del Palancia, un pueblo castellonense con ciertos toques aragoneses. La historia bien nos ha sabido mover...\" \/>\n<meta property=\"og:url\" content=\"https:\/\/letrame.com\/catalogo\/producto\/historia-de-la-villa-de-altura-desde-sus-origenes-a-la-actualidad\/\" \/>\n<meta property=\"og:site_name\" content=\"Catalogo | Letrame Grupo Editorial\" \/>\n<meta property=\"article:modified_time\" content=\"2024-04-18T07:01:20+00:00\" \/>\n<meta property=\"og:image\" content=\"https:\/\/letrame.com\/catalogo\/wp-content\/uploads\/2024\/04\/Portada-Historias-de-la-villa-de-altura_cubierta.jpg\" \/>\n\t<meta property=\"og:image:width\" content=\"375\" \/>\n\t<meta property=\"og:image:height\" content=\"546\" \/>\n\t<meta property=\"og:image:type\" content=\"image\/jpeg\" \/>\n<meta name=\"twitter:card\" content=\"summary_large_image\" \/>\n<meta name=\"twitter:label1\" content=\"Tiempo de lectura\" \/>\n\t<meta name=\"twitter:data1\" content=\"1 minuto\" \/>\n<script type=\"application\/ld+json\" class=\"yoast-schema-graph\">{\"@context\":\"https:\\\/\\\/schema.org\",\"@graph\":[{\"@type\":\"WebPage\",\"@id\":\"https:\\\/\\\/letrame.com\\\/catalogo\\\/producto\\\/historia-de-la-villa-de-altura-desde-sus-origenes-a-la-actualidad\\\/\",\"url\":\"https:\\\/\\\/letrame.com\\\/catalogo\\\/producto\\\/historia-de-la-villa-de-altura-desde-sus-origenes-a-la-actualidad\\\/\",\"name\":\"Historia de la Villa de Altura. Desde sus or\u00edgenes a la actualidad - Catalogo | Letrame Grupo Editorial\",\"isPartOf\":{\"@id\":\"https:\\\/\\\/letrame.com\\\/catalogo\\\/#website\"},\"primaryImageOfPage\":{\"@id\":\"https:\\\/\\\/letrame.com\\\/catalogo\\\/producto\\\/historia-de-la-villa-de-altura-desde-sus-origenes-a-la-actualidad\\\/#primaryimage\"},\"image\":{\"@id\":\"https:\\\/\\\/letrame.com\\\/catalogo\\\/producto\\\/historia-de-la-villa-de-altura-desde-sus-origenes-a-la-actualidad\\\/#primaryimage\"},\"thumbnailUrl\":\"https:\\\/\\\/letrame.com\\\/catalogo\\\/wp-content\\\/uploads\\\/2024\\\/04\\\/Portada-Historias-de-la-villa-de-altura_cubierta.jpg\",\"datePublished\":\"2024-04-18T07:00:02+00:00\",\"dateModified\":\"2024-04-18T07:01:20+00:00\",\"breadcrumb\":{\"@id\":\"https:\\\/\\\/letrame.com\\\/catalogo\\\/producto\\\/historia-de-la-villa-de-altura-desde-sus-origenes-a-la-actualidad\\\/#breadcrumb\"},\"inLanguage\":\"es\",\"potentialAction\":[{\"@type\":\"ReadAction\",\"target\":[\"https:\\\/\\\/letrame.com\\\/catalogo\\\/producto\\\/historia-de-la-villa-de-altura-desde-sus-origenes-a-la-actualidad\\\/\"]}]},{\"@type\":\"ImageObject\",\"inLanguage\":\"es\",\"@id\":\"https:\\\/\\\/letrame.com\\\/catalogo\\\/producto\\\/historia-de-la-villa-de-altura-desde-sus-origenes-a-la-actualidad\\\/#primaryimage\",\"url\":\"https:\\\/\\\/letrame.com\\\/catalogo\\\/wp-content\\\/uploads\\\/2024\\\/04\\\/Portada-Historias-de-la-villa-de-altura_cubierta.jpg\",\"contentUrl\":\"https:\\\/\\\/letrame.com\\\/catalogo\\\/wp-content\\\/uploads\\\/2024\\\/04\\\/Portada-Historias-de-la-villa-de-altura_cubierta.jpg\",\"width\":375,\"height\":546},{\"@type\":\"BreadcrumbList\",\"@id\":\"https:\\\/\\\/letrame.com\\\/catalogo\\\/producto\\\/historia-de-la-villa-de-altura-desde-sus-origenes-a-la-actualidad\\\/#breadcrumb\",\"itemListElement\":[{\"@type\":\"ListItem\",\"position\":1,\"name\":\"Portada\",\"item\":\"https:\\\/\\\/letrame.com\\\/catalogo\\\/\"},{\"@type\":\"ListItem\",\"position\":2,\"name\":\"Cat\u00e1logo\",\"item\":\"https:\\\/\\\/letrame.com\\\/catalogo\\\/\"},{\"@type\":\"ListItem\",\"position\":3,\"name\":\"Historia de la Villa de Altura. Desde sus or\u00edgenes a la actualidad\"}]},{\"@type\":\"WebSite\",\"@id\":\"https:\\\/\\\/letrame.com\\\/catalogo\\\/#website\",\"url\":\"https:\\\/\\\/letrame.com\\\/catalogo\\\/\",\"name\":\"Catalogo | Letrame Grupo Editorial\",\"description\":\"\",\"publisher\":{\"@id\":\"https:\\\/\\\/letrame.com\\\/catalogo\\\/#organization\"},\"potentialAction\":[{\"@type\":\"SearchAction\",\"target\":{\"@type\":\"EntryPoint\",\"urlTemplate\":\"https:\\\/\\\/letrame.com\\\/catalogo\\\/?s={search_term_string}\"},\"query-input\":{\"@type\":\"PropertyValueSpecification\",\"valueRequired\":true,\"valueName\":\"search_term_string\"}}],\"inLanguage\":\"es\"},{\"@type\":\"Organization\",\"@id\":\"https:\\\/\\\/letrame.com\\\/catalogo\\\/#organization\",\"name\":\"Catalogo | Letrame Grupo Editorial\",\"url\":\"https:\\\/\\\/letrame.com\\\/catalogo\\\/\",\"logo\":{\"@type\":\"ImageObject\",\"inLanguage\":\"es\",\"@id\":\"https:\\\/\\\/letrame.com\\\/catalogo\\\/#\\\/schema\\\/logo\\\/image\\\/\",\"url\":\"https:\\\/\\\/letrame.com\\\/catalogo\\\/wp-content\\\/uploads\\\/2024\\\/03\\\/logo2.webp\",\"contentUrl\":\"https:\\\/\\\/letrame.com\\\/catalogo\\\/wp-content\\\/uploads\\\/2024\\\/03\\\/logo2.webp\",\"width\":394,\"height\":128,\"caption\":\"Catalogo | Letrame Grupo Editorial\"},\"image\":{\"@id\":\"https:\\\/\\\/letrame.com\\\/catalogo\\\/#\\\/schema\\\/logo\\\/image\\\/\"}}]}<\/script>\n<!-- \/ Yoast SEO plugin. -->","yoast_head_json":{"title":"Historia de la Villa de Altura. Desde sus or\u00edgenes a la actualidad - Catalogo | Letrame Grupo Editorial","robots":{"index":"index","follow":"follow","max-snippet":"max-snippet:-1","max-image-preview":"max-image-preview:large","max-video-preview":"max-video-preview:-1"},"canonical":"https:\/\/letrame.com\/catalogo\/producto\/historia-de-la-villa-de-altura-desde-sus-origenes-a-la-actualidad\/","og_locale":"es_ES","og_type":"article","og_title":"Historia de la Villa de Altura. Desde sus or\u00edgenes a la actualidad - Catalogo | Letrame Grupo Editorial","og_description":"ISBN: 978-84-16916-65-8 El libro oficial de Historia de la Villa de Altura, nos transporta a trav\u00e9s del pasado que nos precede, un pasado hist\u00f3rico cuanto menos. Con ra\u00edces bien arraigadas en las tierras del Palancia, un pueblo castellonense con ciertos toques aragoneses. La historia bien nos ha sabido mover...","og_url":"https:\/\/letrame.com\/catalogo\/producto\/historia-de-la-villa-de-altura-desde-sus-origenes-a-la-actualidad\/","og_site_name":"Catalogo | Letrame Grupo Editorial","article_modified_time":"2024-04-18T07:01:20+00:00","og_image":[{"width":375,"height":546,"url":"https:\/\/letrame.com\/catalogo\/wp-content\/uploads\/2024\/04\/Portada-Historias-de-la-villa-de-altura_cubierta.jpg","type":"image\/jpeg"}],"twitter_card":"summary_large_image","twitter_misc":{"Tiempo de lectura":"1 minuto"},"schema":{"@context":"https:\/\/schema.org","@graph":[{"@type":"WebPage","@id":"https:\/\/letrame.com\/catalogo\/producto\/historia-de-la-villa-de-altura-desde-sus-origenes-a-la-actualidad\/","url":"https:\/\/letrame.com\/catalogo\/producto\/historia-de-la-villa-de-altura-desde-sus-origenes-a-la-actualidad\/","name":"Historia de la Villa de Altura. Desde sus or\u00edgenes a la actualidad - Catalogo | Letrame Grupo Editorial","isPartOf":{"@id":"https:\/\/letrame.com\/catalogo\/#website"},"primaryImageOfPage":{"@id":"https:\/\/letrame.com\/catalogo\/producto\/historia-de-la-villa-de-altura-desde-sus-origenes-a-la-actualidad\/#primaryimage"},"image":{"@id":"https:\/\/letrame.com\/catalogo\/producto\/historia-de-la-villa-de-altura-desde-sus-origenes-a-la-actualidad\/#primaryimage"},"thumbnailUrl":"https:\/\/letrame.com\/catalogo\/wp-content\/uploads\/2024\/04\/Portada-Historias-de-la-villa-de-altura_cubierta.jpg","datePublished":"2024-04-18T07:00:02+00:00","dateModified":"2024-04-18T07:01:20+00:00","breadcrumb":{"@id":"https:\/\/letrame.com\/catalogo\/producto\/historia-de-la-villa-de-altura-desde-sus-origenes-a-la-actualidad\/#breadcrumb"},"inLanguage":"es","potentialAction":[{"@type":"ReadAction","target":["https:\/\/letrame.com\/catalogo\/producto\/historia-de-la-villa-de-altura-desde-sus-origenes-a-la-actualidad\/"]}]},{"@type":"ImageObject","inLanguage":"es","@id":"https:\/\/letrame.com\/catalogo\/producto\/historia-de-la-villa-de-altura-desde-sus-origenes-a-la-actualidad\/#primaryimage","url":"https:\/\/letrame.com\/catalogo\/wp-content\/uploads\/2024\/04\/Portada-Historias-de-la-villa-de-altura_cubierta.jpg","contentUrl":"https:\/\/letrame.com\/catalogo\/wp-content\/uploads\/2024\/04\/Portada-Historias-de-la-villa-de-altura_cubierta.jpg","width":375,"height":546},{"@type":"BreadcrumbList","@id":"https:\/\/letrame.com\/catalogo\/producto\/historia-de-la-villa-de-altura-desde-sus-origenes-a-la-actualidad\/#breadcrumb","itemListElement":[{"@type":"ListItem","position":1,"name":"Portada","item":"https:\/\/letrame.com\/catalogo\/"},{"@type":"ListItem","position":2,"name":"Cat\u00e1logo","item":"https:\/\/letrame.com\/catalogo\/"},{"@type":"ListItem","position":3,"name":"Historia de la Villa de Altura. Desde sus or\u00edgenes a la actualidad"}]},{"@type":"WebSite","@id":"https:\/\/letrame.com\/catalogo\/#website","url":"https:\/\/letrame.com\/catalogo\/","name":"Catalogo | Letrame Grupo Editorial","description":"","publisher":{"@id":"https:\/\/letrame.com\/catalogo\/#organization"},"potentialAction":[{"@type":"SearchAction","target":{"@type":"EntryPoint","urlTemplate":"https:\/\/letrame.com\/catalogo\/?s={search_term_string}"},"query-input":{"@type":"PropertyValueSpecification","valueRequired":true,"valueName":"search_term_string"}}],"inLanguage":"es"},{"@type":"Organization","@id":"https:\/\/letrame.com\/catalogo\/#organization","name":"Catalogo | Letrame Grupo Editorial","url":"https:\/\/letrame.com\/catalogo\/","logo":{"@type":"ImageObject","inLanguage":"es","@id":"https:\/\/letrame.com\/catalogo\/#\/schema\/logo\/image\/","url":"https:\/\/letrame.com\/catalogo\/wp-content\/uploads\/2024\/03\/logo2.webp","contentUrl":"https:\/\/letrame.com\/catalogo\/wp-content\/uploads\/2024\/03\/logo2.webp","width":394,"height":128,"caption":"Catalogo | Letrame Grupo Editorial"},"image":{"@id":"https:\/\/letrame.com\/catalogo\/#\/schema\/logo\/image\/"}}]}},"_links":{"self":[{"href":"https:\/\/letrame.com\/catalogo\/wp-json\/wp\/v2\/product\/93445","targetHints":{"allow":["GET"]}}],"collection":[{"href":"https:\/\/letrame.com\/catalogo\/wp-json\/wp\/v2\/product"}],"about":[{"href":"https:\/\/letrame.com\/catalogo\/wp-json\/wp\/v2\/types\/product"}],"replies":[{"embeddable":true,"href":"https:\/\/letrame.com\/catalogo\/wp-json\/wp\/v2\/comments?post=93445"}],"wp:featuredmedia":[{"embeddable":true,"href":"https:\/\/letrame.com\/catalogo\/wp-json\/wp\/v2\/media\/93446"}],"wp:attachment":[{"href":"https:\/\/letrame.com\/catalogo\/wp-json\/wp\/v2\/media?parent=93445"}],"wp:term":[{"taxonomy":"libro","embeddable":true,"href":"https:\/\/letrame.com\/catalogo\/wp-json\/wp\/v2\/libro?post=93445"},{"taxonomy":"product_brand","embeddable":true,"href":"https:\/\/letrame.com\/catalogo\/wp-json\/wp\/v2\/product_brand?post=93445"},{"taxonomy":"product_cat","embeddable":true,"href":"https:\/\/letrame.com\/catalogo\/wp-json\/wp\/v2\/product_cat?post=93445"},{"taxonomy":"product_tag","embeddable":true,"href":"https:\/\/letrame.com\/catalogo\/wp-json\/wp\/v2\/product_tag?post=93445"}],"curies":[{"name":"wp","href":"https:\/\/api.w.org\/{rel}","templated":true}]}}