{"id":114559,"date":"2026-09-03T14:04:08","date_gmt":"2026-09-03T12:04:08","guid":{"rendered":"https:\/\/letrame.com\/catalogo\/?post_type=product&#038;p=114559"},"modified":"2026-09-03T14:04:08","modified_gmt":"2026-09-03T12:04:08","slug":"mata-a-la-victima","status":"publish","type":"product","link":"https:\/\/letrame.com\/catalogo\/producto\/mata-a-la-victima\/","title":{"rendered":"Mata a la v\u00edctima"},"content":{"rendered":"<p><strong>ISBN: 9791370632335<\/strong><br \/>\n<strong>T\u00edtulo: Mata a la v\u00edctima<\/strong><br \/>\n<strong>Fecha: 2026<\/strong><br \/>\n<strong>P\u00e1ginas: 204<\/strong><\/p>\n<p><strong>SINOPSIS<\/strong><\/p>\n<p>El dolor es inevitable, pero el sufrimiento es una elecci\u00f3n que alimentamos en silencio. Pasamos la vida construyendo un elenco de personajes \u2014el protector, el m\u00e1rtir, el saboteador\u2026\u2014 para esconder la verdad inc\u00f3moda de que nos da p\u00e1nico tomar el volante de nuestro propio destino. Caminamos con el subconsciente mutilado, callando abusos, traiciones y ausencias, sin saber que el cuerpo, tarde o temprano, grita lo que el alma se traga.<\/p>\n<p>A trav\u00e9s de una confesi\u00f3n descarnada, Inma Cabeza nos arrastra por el barrizal de su propia historia mediante la cr\u00f3nica de un desahucio interior. El diagn\u00f3stico de c\u00e1ncer no fue una sentencia de muerte, sino el sartenazo de realidad que agriet\u00f3 su cris\u00e1lida. Para que la mariposa pudiera nacer, la oruga ten\u00eda que aceptar su destrucci\u00f3n.<\/p>\n<p>Estas p\u00e1ginas son un espejo interactivo y un mapa de sombras, una invitaci\u00f3n violenta y honesta a mirar a los ojos a tus propios fantasmas, desarmar tus cimientos y firmar el acta de defunci\u00f3n de tu peor enemigo.<\/p>\n<p>La muerte f\u00edsica no es la que deber\u00eda darte miedo, sino el vivir en un eterno autoabandono. Desp\u00eddete de la compasi\u00f3n ajena. Despierta. Agarra el cuchillo de la consciencia y hazlo por ti.<\/p>\n<p>Ha llegado la hora de matar a la v\u00edctima.<\/p>\n","protected":false},"excerpt":{"rendered":"<p><strong>ISBN: 9791370632335<\/strong><\/p>\n<p><strong>SINOPSIS<\/strong><\/p>\n<p>El dolor es inevitable, pero el sufrimiento es una elecci\u00f3n que alimentamos en silencio. Pasamos la vida construyendo un elenco de personajes \u2014el protector, el m\u00e1rtir, el saboteador\u2026\u2014 para esconder la verdad inc\u00f3moda de que nos da p\u00e1nico tomar el volante de nuestro propio destino. Caminamos con el subconsciente mutilado, callando abusos, traiciones y ausencias, sin saber que el cuerpo, tarde o temprano, grita lo que el alma se traga.<\/p>\n<p>A trav\u00e9s de una confesi\u00f3n descarnada, Inma Cabeza nos arrastra por el barrizal de su propia historia mediante la cr\u00f3nica de un desahucio interior. El diagn\u00f3stico de c\u00e1ncer no fue una sentencia de muerte, sino el sartenazo de realidad que agriet\u00f3 su cris\u00e1lida. Para que la mariposa pudiera nacer, la oruga ten\u00eda que aceptar su destrucci\u00f3n.<\/p>\n<p>Estas p\u00e1ginas son un espejo interactivo y un mapa de sombras, una invitaci\u00f3n violenta y honesta a mirar a los ojos a tus propios fantasmas, desarmar tus cimientos y firmar el acta de defunci\u00f3n de tu peor enemigo.<\/p>\n<p>La muerte f\u00edsica no es la que deber\u00eda darte miedo, sino el vivir en un eterno autoabandono. Desp\u00eddete de la compasi\u00f3n ajena. Despierta. Agarra el cuchillo de la consciencia y hazlo por ti.<\/p>\n<p>Ha llegado la hora de matar a la v\u00edctima.<\/p>\n","protected":false},"featured_media":114563,"comment_status":"open","ping_status":"closed","template":"","meta":{"_acf_changed":false},"libro":[],"product_brand":[],"product_cat":[18],"product_tag":[],"class_list":["post-114559","product","type-product","status-publish","has-post-thumbnail","product_cat-autoayuda","first","instock","shipping-taxable","product-type-simple"],"acf":{"autor":[114560],"enlace_de_compra":""},"yoast_head":"<!-- This site is optimized with the Yoast SEO plugin v27.4 - https:\/\/yoast.com\/product\/yoast-seo-wordpress\/ -->\n<title>Mata a la v\u00edctima - Catalogo | Letrame Grupo Editorial<\/title>\n<meta name=\"robots\" content=\"index, follow, max-snippet:-1, max-image-preview:large, max-video-preview:-1\" \/>\n<link rel=\"canonical\" href=\"https:\/\/letrame.com\/catalogo\/producto\/mata-a-la-victima\/\" \/>\n<meta property=\"og:locale\" content=\"es_ES\" \/>\n<meta property=\"og:type\" content=\"article\" \/>\n<meta property=\"og:title\" content=\"Mata a la v\u00edctima - Catalogo | Letrame Grupo Editorial\" \/>\n<meta property=\"og:description\" content=\"ISBN: 9791370632335  SINOPSIS  El dolor es inevitable, pero el sufrimiento es una elecci\u00f3n que alimentamos en silencio. Pasamos la vida construyendo un elenco de personajes \u2014el protector, el m\u00e1rtir, el saboteador\u2026\u2014 para esconder la verdad inc\u00f3moda de que nos da p\u00e1nico tomar el volante de nuestro propio destino. Caminamos con el subconsciente mutilado, callando abusos, traiciones y ausencias, sin saber que el cuerpo, tarde o temprano, grita lo que el alma se traga.  A trav\u00e9s de una confesi\u00f3n descarnada, Inma Cabeza nos arrastra por el barrizal de su propia historia mediante la cr\u00f3nica de un desahucio interior. El diagn\u00f3stico de c\u00e1ncer no fue una sentencia de muerte, sino el sartenazo de realidad que agriet\u00f3 su cris\u00e1lida. Para que la mariposa pudiera nacer, la oruga ten\u00eda que aceptar su destrucci\u00f3n.  Estas p\u00e1ginas son un espejo interactivo y un mapa de sombras, una invitaci\u00f3n violenta y honesta a mirar a los ojos a tus propios fantasmas, desarmar tus cimientos y firmar el acta de defunci\u00f3n de tu peor enemigo.  La muerte f\u00edsica no es la que deber\u00eda darte miedo, sino el vivir en un eterno autoabandono. Desp\u00eddete de la compasi\u00f3n ajena. Despierta. Agarra el cuchillo de la consciencia y hazlo por ti.  Ha llegado la hora de matar a la v\u00edctima.\" \/>\n<meta property=\"og:url\" content=\"https:\/\/letrame.com\/catalogo\/producto\/mata-a-la-victima\/\" \/>\n<meta property=\"og:site_name\" content=\"Catalogo | Letrame Grupo Editorial\" \/>\n<meta property=\"og:image\" content=\"https:\/\/letrame.com\/catalogo\/wp-content\/uploads\/2026\/09\/matalavictima_1019mm4.jpg\" \/>\n\t<meta property=\"og:image:width\" content=\"1181\" \/>\n\t<meta property=\"og:image:height\" content=\"1732\" \/>\n\t<meta property=\"og:image:type\" content=\"image\/jpeg\" \/>\n<meta name=\"twitter:card\" content=\"summary_large_image\" \/>\n<meta name=\"twitter:label1\" content=\"Tiempo de lectura\" \/>\n\t<meta name=\"twitter:data1\" content=\"1 minuto\" \/>\n<script type=\"application\/ld+json\" class=\"yoast-schema-graph\">{\"@context\":\"https:\\\/\\\/schema.org\",\"@graph\":[{\"@type\":\"WebPage\",\"@id\":\"https:\\\/\\\/letrame.com\\\/catalogo\\\/producto\\\/mata-a-la-victima\\\/\",\"url\":\"https:\\\/\\\/letrame.com\\\/catalogo\\\/producto\\\/mata-a-la-victima\\\/\",\"name\":\"Mata a la v\u00edctima - Catalogo | Letrame Grupo Editorial\",\"isPartOf\":{\"@id\":\"https:\\\/\\\/letrame.com\\\/catalogo\\\/#website\"},\"primaryImageOfPage\":{\"@id\":\"https:\\\/\\\/letrame.com\\\/catalogo\\\/producto\\\/mata-a-la-victima\\\/#primaryimage\"},\"image\":{\"@id\":\"https:\\\/\\\/letrame.com\\\/catalogo\\\/producto\\\/mata-a-la-victima\\\/#primaryimage\"},\"thumbnailUrl\":\"https:\\\/\\\/letrame.com\\\/catalogo\\\/wp-content\\\/uploads\\\/2026\\\/09\\\/matalavictima_1019mm4.jpg\",\"datePublished\":\"2026-09-03T12:04:08+00:00\",\"breadcrumb\":{\"@id\":\"https:\\\/\\\/letrame.com\\\/catalogo\\\/producto\\\/mata-a-la-victima\\\/#breadcrumb\"},\"inLanguage\":\"es\",\"potentialAction\":[{\"@type\":\"ReadAction\",\"target\":[\"https:\\\/\\\/letrame.com\\\/catalogo\\\/producto\\\/mata-a-la-victima\\\/\"]}]},{\"@type\":\"ImageObject\",\"inLanguage\":\"es\",\"@id\":\"https:\\\/\\\/letrame.com\\\/catalogo\\\/producto\\\/mata-a-la-victima\\\/#primaryimage\",\"url\":\"https:\\\/\\\/letrame.com\\\/catalogo\\\/wp-content\\\/uploads\\\/2026\\\/09\\\/matalavictima_1019mm4.jpg\",\"contentUrl\":\"https:\\\/\\\/letrame.com\\\/catalogo\\\/wp-content\\\/uploads\\\/2026\\\/09\\\/matalavictima_1019mm4.jpg\",\"width\":1181,\"height\":1732},{\"@type\":\"BreadcrumbList\",\"@id\":\"https:\\\/\\\/letrame.com\\\/catalogo\\\/producto\\\/mata-a-la-victima\\\/#breadcrumb\",\"itemListElement\":[{\"@type\":\"ListItem\",\"position\":1,\"name\":\"Portada\",\"item\":\"https:\\\/\\\/letrame.com\\\/catalogo\\\/\"},{\"@type\":\"ListItem\",\"position\":2,\"name\":\"Cat\u00e1logo\",\"item\":\"https:\\\/\\\/letrame.com\\\/catalogo\\\/\"},{\"@type\":\"ListItem\",\"position\":3,\"name\":\"Mata a la v\u00edctima\"}]},{\"@type\":\"WebSite\",\"@id\":\"https:\\\/\\\/letrame.com\\\/catalogo\\\/#website\",\"url\":\"https:\\\/\\\/letrame.com\\\/catalogo\\\/\",\"name\":\"Catalogo | Letrame Grupo Editorial\",\"description\":\"\",\"publisher\":{\"@id\":\"https:\\\/\\\/letrame.com\\\/catalogo\\\/#organization\"},\"potentialAction\":[{\"@type\":\"SearchAction\",\"target\":{\"@type\":\"EntryPoint\",\"urlTemplate\":\"https:\\\/\\\/letrame.com\\\/catalogo\\\/?s={search_term_string}\"},\"query-input\":{\"@type\":\"PropertyValueSpecification\",\"valueRequired\":true,\"valueName\":\"search_term_string\"}}],\"inLanguage\":\"es\"},{\"@type\":\"Organization\",\"@id\":\"https:\\\/\\\/letrame.com\\\/catalogo\\\/#organization\",\"name\":\"Catalogo | Letrame Grupo Editorial\",\"url\":\"https:\\\/\\\/letrame.com\\\/catalogo\\\/\",\"logo\":{\"@type\":\"ImageObject\",\"inLanguage\":\"es\",\"@id\":\"https:\\\/\\\/letrame.com\\\/catalogo\\\/#\\\/schema\\\/logo\\\/image\\\/\",\"url\":\"https:\\\/\\\/letrame.com\\\/catalogo\\\/wp-content\\\/uploads\\\/2024\\\/03\\\/logo2.webp\",\"contentUrl\":\"https:\\\/\\\/letrame.com\\\/catalogo\\\/wp-content\\\/uploads\\\/2024\\\/03\\\/logo2.webp\",\"width\":394,\"height\":128,\"caption\":\"Catalogo | Letrame Grupo Editorial\"},\"image\":{\"@id\":\"https:\\\/\\\/letrame.com\\\/catalogo\\\/#\\\/schema\\\/logo\\\/image\\\/\"}}]}<\/script>\n<!-- \/ Yoast SEO plugin. -->","yoast_head_json":{"title":"Mata a la v\u00edctima - Catalogo | Letrame Grupo Editorial","robots":{"index":"index","follow":"follow","max-snippet":"max-snippet:-1","max-image-preview":"max-image-preview:large","max-video-preview":"max-video-preview:-1"},"canonical":"https:\/\/letrame.com\/catalogo\/producto\/mata-a-la-victima\/","og_locale":"es_ES","og_type":"article","og_title":"Mata a la v\u00edctima - Catalogo | Letrame Grupo Editorial","og_description":"ISBN: 9791370632335  SINOPSIS  El dolor es inevitable, pero el sufrimiento es una elecci\u00f3n que alimentamos en silencio. Pasamos la vida construyendo un elenco de personajes \u2014el protector, el m\u00e1rtir, el saboteador\u2026\u2014 para esconder la verdad inc\u00f3moda de que nos da p\u00e1nico tomar el volante de nuestro propio destino. Caminamos con el subconsciente mutilado, callando abusos, traiciones y ausencias, sin saber que el cuerpo, tarde o temprano, grita lo que el alma se traga.  A trav\u00e9s de una confesi\u00f3n descarnada, Inma Cabeza nos arrastra por el barrizal de su propia historia mediante la cr\u00f3nica de un desahucio interior. El diagn\u00f3stico de c\u00e1ncer no fue una sentencia de muerte, sino el sartenazo de realidad que agriet\u00f3 su cris\u00e1lida. Para que la mariposa pudiera nacer, la oruga ten\u00eda que aceptar su destrucci\u00f3n.  Estas p\u00e1ginas son un espejo interactivo y un mapa de sombras, una invitaci\u00f3n violenta y honesta a mirar a los ojos a tus propios fantasmas, desarmar tus cimientos y firmar el acta de defunci\u00f3n de tu peor enemigo.  La muerte f\u00edsica no es la que deber\u00eda darte miedo, sino el vivir en un eterno autoabandono. Desp\u00eddete de la compasi\u00f3n ajena. Despierta. Agarra el cuchillo de la consciencia y hazlo por ti.  Ha llegado la hora de matar a la v\u00edctima.","og_url":"https:\/\/letrame.com\/catalogo\/producto\/mata-a-la-victima\/","og_site_name":"Catalogo | Letrame Grupo Editorial","og_image":[{"width":1181,"height":1732,"url":"https:\/\/letrame.com\/catalogo\/wp-content\/uploads\/2026\/09\/matalavictima_1019mm4.jpg","type":"image\/jpeg"}],"twitter_card":"summary_large_image","twitter_misc":{"Tiempo de lectura":"1 minuto"},"schema":{"@context":"https:\/\/schema.org","@graph":[{"@type":"WebPage","@id":"https:\/\/letrame.com\/catalogo\/producto\/mata-a-la-victima\/","url":"https:\/\/letrame.com\/catalogo\/producto\/mata-a-la-victima\/","name":"Mata a la v\u00edctima - Catalogo | Letrame Grupo Editorial","isPartOf":{"@id":"https:\/\/letrame.com\/catalogo\/#website"},"primaryImageOfPage":{"@id":"https:\/\/letrame.com\/catalogo\/producto\/mata-a-la-victima\/#primaryimage"},"image":{"@id":"https:\/\/letrame.com\/catalogo\/producto\/mata-a-la-victima\/#primaryimage"},"thumbnailUrl":"https:\/\/letrame.com\/catalogo\/wp-content\/uploads\/2026\/09\/matalavictima_1019mm4.jpg","datePublished":"2026-09-03T12:04:08+00:00","breadcrumb":{"@id":"https:\/\/letrame.com\/catalogo\/producto\/mata-a-la-victima\/#breadcrumb"},"inLanguage":"es","potentialAction":[{"@type":"ReadAction","target":["https:\/\/letrame.com\/catalogo\/producto\/mata-a-la-victima\/"]}]},{"@type":"ImageObject","inLanguage":"es","@id":"https:\/\/letrame.com\/catalogo\/producto\/mata-a-la-victima\/#primaryimage","url":"https:\/\/letrame.com\/catalogo\/wp-content\/uploads\/2026\/09\/matalavictima_1019mm4.jpg","contentUrl":"https:\/\/letrame.com\/catalogo\/wp-content\/uploads\/2026\/09\/matalavictima_1019mm4.jpg","width":1181,"height":1732},{"@type":"BreadcrumbList","@id":"https:\/\/letrame.com\/catalogo\/producto\/mata-a-la-victima\/#breadcrumb","itemListElement":[{"@type":"ListItem","position":1,"name":"Portada","item":"https:\/\/letrame.com\/catalogo\/"},{"@type":"ListItem","position":2,"name":"Cat\u00e1logo","item":"https:\/\/letrame.com\/catalogo\/"},{"@type":"ListItem","position":3,"name":"Mata a la v\u00edctima"}]},{"@type":"WebSite","@id":"https:\/\/letrame.com\/catalogo\/#website","url":"https:\/\/letrame.com\/catalogo\/","name":"Catalogo | Letrame Grupo Editorial","description":"","publisher":{"@id":"https:\/\/letrame.com\/catalogo\/#organization"},"potentialAction":[{"@type":"SearchAction","target":{"@type":"EntryPoint","urlTemplate":"https:\/\/letrame.com\/catalogo\/?s={search_term_string}"},"query-input":{"@type":"PropertyValueSpecification","valueRequired":true,"valueName":"search_term_string"}}],"inLanguage":"es"},{"@type":"Organization","@id":"https:\/\/letrame.com\/catalogo\/#organization","name":"Catalogo | Letrame Grupo Editorial","url":"https:\/\/letrame.com\/catalogo\/","logo":{"@type":"ImageObject","inLanguage":"es","@id":"https:\/\/letrame.com\/catalogo\/#\/schema\/logo\/image\/","url":"https:\/\/letrame.com\/catalogo\/wp-content\/uploads\/2024\/03\/logo2.webp","contentUrl":"https:\/\/letrame.com\/catalogo\/wp-content\/uploads\/2024\/03\/logo2.webp","width":394,"height":128,"caption":"Catalogo | Letrame Grupo Editorial"},"image":{"@id":"https:\/\/letrame.com\/catalogo\/#\/schema\/logo\/image\/"}}]}},"_links":{"self":[{"href":"https:\/\/letrame.com\/catalogo\/wp-json\/wp\/v2\/product\/114559","targetHints":{"allow":["GET"]}}],"collection":[{"href":"https:\/\/letrame.com\/catalogo\/wp-json\/wp\/v2\/product"}],"about":[{"href":"https:\/\/letrame.com\/catalogo\/wp-json\/wp\/v2\/types\/product"}],"replies":[{"embeddable":true,"href":"https:\/\/letrame.com\/catalogo\/wp-json\/wp\/v2\/comments?post=114559"}],"acf:post":[{"embeddable":true,"href":"https:\/\/letrame.com\/catalogo\/wp-json\/wp\/v2\/author_book\/114560"}],"wp:featuredmedia":[{"embeddable":true,"href":"https:\/\/letrame.com\/catalogo\/wp-json\/wp\/v2\/media\/114563"}],"wp:attachment":[{"href":"https:\/\/letrame.com\/catalogo\/wp-json\/wp\/v2\/media?parent=114559"}],"wp:term":[{"taxonomy":"libro","embeddable":true,"href":"https:\/\/letrame.com\/catalogo\/wp-json\/wp\/v2\/libro?post=114559"},{"taxonomy":"product_brand","embeddable":true,"href":"https:\/\/letrame.com\/catalogo\/wp-json\/wp\/v2\/product_brand?post=114559"},{"taxonomy":"product_cat","embeddable":true,"href":"https:\/\/letrame.com\/catalogo\/wp-json\/wp\/v2\/product_cat?post=114559"},{"taxonomy":"product_tag","embeddable":true,"href":"https:\/\/letrame.com\/catalogo\/wp-json\/wp\/v2\/product_tag?post=114559"}],"curies":[{"name":"wp","href":"https:\/\/api.w.org\/{rel}","templated":true}]}}