{"id":114534,"date":"2026-09-03T12:31:22","date_gmt":"2026-09-03T10:31:22","guid":{"rendered":"https:\/\/letrame.com\/catalogo\/?post_type=product&#038;p=114534"},"modified":"2026-09-03T12:31:22","modified_gmt":"2026-09-03T10:31:22","slug":"el-ultimo-estandarte-de-guatemala-a-covadonga","status":"publish","type":"product","link":"https:\/\/letrame.com\/catalogo\/producto\/el-ultimo-estandarte-de-guatemala-a-covadonga\/","title":{"rendered":"El \u00faltimo estandarte: De Guatemala a Covadonga"},"content":{"rendered":"<p><strong>ISBN: 9791370632656<\/strong><br \/>\n<strong>T\u00edtulo: El \u00faltimo estandarte: De Guatemala a Covadonga<\/strong><br \/>\n<strong>Fecha: 2026<\/strong><br \/>\n<strong>P\u00e1ginas: 122<\/strong><\/p>\n<p><strong>SINOPSIS<\/strong><\/p>\n<p>A\u00f1o 711. En las tierras de Guadalete se libra una batalla que cambiar\u00e1 para siempre el destino de Hispania. La derrota de Rodrigo, \u00faltimo rey visigodo, y la traici\u00f3n de parte de la nobleza abren las puertas a la expansi\u00f3n musulmana y al comienzo de una nueva era.<\/p>\n<p>Sin embargo, entre las sombras de la ca\u00edda surge una figura destinada a convertirse en s\u00edmbolo de resistencia. Pelayo fue un hombre que se neg\u00f3 a aceptar la derrota y que supo mantener viva una causa cuando todo parec\u00eda perdido. No le falt\u00f3 valor, pues su arrojo fue ilimitado; fueron las circunstancias las que le obligaron a esperar. Durante a\u00f1os aguard\u00f3 el momento oportuno hasta encontrar, en las monta\u00f1as del norte, la oportunidad de cambiar el rumbo de la historia.<\/p>\n<p>En Covadonga, frente a un enemigo muy superior, Pelayo y sus hombres desafiaron el curso de los acontecimientos. Su victoria no solo fren\u00f3 el avance musulm\u00e1n en aquellas tierras, sino que encendi\u00f3 la esperanza de un pueblo y dio origen a un ideal que perdurar\u00eda durante siglos: la Reconquista.<\/p>\n<p>Una novela hist\u00f3rica que combina rigor, aventura y emoci\u00f3n para recrear uno de los episodios m\u00e1s decisivos de la historia de Espa\u00f1a, donde el valor de unos pocos se convierte en el legado de generaciones enteras.<\/p>\n","protected":false},"excerpt":{"rendered":"<p><strong>ISBN: 9791370632656<\/strong><\/p>\n<p><strong>SINOPSIS<\/strong><\/p>\n<p>A\u00f1o 711. En las tierras de Guadalete se libra una batalla que cambiar\u00e1 para siempre el destino de Hispania. La derrota de Rodrigo, \u00faltimo rey visigodo, y la traici\u00f3n de parte de la nobleza abren las puertas a la expansi\u00f3n musulmana y al comienzo de una nueva era.<\/p>\n<p>Sin embargo, entre las sombras de la ca\u00edda surge una figura destinada a convertirse en s\u00edmbolo de resistencia. Pelayo fue un hombre que se neg\u00f3 a aceptar la derrota y que supo mantener viva una causa cuando todo parec\u00eda perdido. No le falt\u00f3 valor, pues su arrojo fue ilimitado; fueron las circunstancias las que le obligaron a esperar. Durante a\u00f1os aguard\u00f3 el momento oportuno hasta encontrar, en las monta\u00f1as del norte, la oportunidad de cambiar el rumbo de la historia.<\/p>\n<p>En Covadonga, frente a un enemigo muy superior, Pelayo y sus hombres desafiaron el curso de los acontecimientos. Su victoria no solo fren\u00f3 el avance musulm\u00e1n en aquellas tierras, sino que encendi\u00f3 la esperanza de un pueblo y dio origen a un ideal que perdurar\u00eda durante siglos: la Reconquista.<\/p>\n<p>Una novela hist\u00f3rica que combina rigor, aventura y emoci\u00f3n para recrear uno de los episodios m\u00e1s decisivos de la historia de Espa\u00f1a, donde el valor de unos pocos se convierte en el legado de generaciones enteras.<\/p>\n","protected":false},"featured_media":114538,"comment_status":"open","ping_status":"closed","template":"","meta":{"_acf_changed":false},"libro":[],"product_brand":[],"product_cat":[17,134],"product_tag":[],"class_list":["post-114534","product","type-product","status-publish","has-post-thumbnail","product_cat-infantil","product_cat-juvenil","first","instock","shipping-taxable","product-type-simple"],"acf":{"autor":[114535],"enlace_de_compra":""},"yoast_head":"<!-- This site is optimized with the Yoast SEO plugin v27.4 - https:\/\/yoast.com\/product\/yoast-seo-wordpress\/ -->\n<title>El \u00faltimo estandarte: De Guatemala a Covadonga - Catalogo | Letrame Grupo Editorial<\/title>\n<meta name=\"robots\" content=\"index, follow, max-snippet:-1, max-image-preview:large, max-video-preview:-1\" \/>\n<link rel=\"canonical\" href=\"https:\/\/letrame.com\/catalogo\/producto\/el-ultimo-estandarte-de-guatemala-a-covadonga\/\" \/>\n<meta property=\"og:locale\" content=\"es_ES\" \/>\n<meta property=\"og:type\" content=\"article\" \/>\n<meta property=\"og:title\" content=\"El \u00faltimo estandarte: De Guatemala a Covadonga - Catalogo | Letrame Grupo Editorial\" \/>\n<meta property=\"og:description\" content=\"ISBN: 9791370632656  SINOPSIS  A\u00f1o 711. En las tierras de Guadalete se libra una batalla que cambiar\u00e1 para siempre el destino de Hispania. La derrota de Rodrigo, \u00faltimo rey visigodo, y la traici\u00f3n de parte de la nobleza abren las puertas a la expansi\u00f3n musulmana y al comienzo de una nueva era.  Sin embargo, entre las sombras de la ca\u00edda surge una figura destinada a convertirse en s\u00edmbolo de resistencia. Pelayo fue un hombre que se neg\u00f3 a aceptar la derrota y que supo mantener viva una causa cuando todo parec\u00eda perdido. No le falt\u00f3 valor, pues su arrojo fue ilimitado; fueron las circunstancias las que le obligaron a esperar. Durante a\u00f1os aguard\u00f3 el momento oportuno hasta encontrar, en las monta\u00f1as del norte, la oportunidad de cambiar el rumbo de la historia.  En Covadonga, frente a un enemigo muy superior, Pelayo y sus hombres desafiaron el curso de los acontecimientos. Su victoria no solo fren\u00f3 el avance musulm\u00e1n en aquellas tierras, sino que encendi\u00f3 la esperanza de un pueblo y dio origen a un ideal que perdurar\u00eda durante siglos: la Reconquista.  Una novela hist\u00f3rica que combina rigor, aventura y emoci\u00f3n para recrear uno de los episodios m\u00e1s decisivos de la historia de Espa\u00f1a, donde el valor de unos pocos se convierte en el legado de generaciones enteras.\" \/>\n<meta property=\"og:url\" content=\"https:\/\/letrame.com\/catalogo\/producto\/el-ultimo-estandarte-de-guatemala-a-covadonga\/\" \/>\n<meta property=\"og:site_name\" content=\"Catalogo | Letrame Grupo Editorial\" \/>\n<meta property=\"og:image\" content=\"https:\/\/letrame.com\/catalogo\/wp-content\/uploads\/2026\/09\/elultimoestandarte_692mm4.jpg\" \/>\n\t<meta property=\"og:image:width\" content=\"886\" \/>\n\t<meta property=\"og:image:height\" content=\"1299\" \/>\n\t<meta property=\"og:image:type\" content=\"image\/jpeg\" \/>\n<meta name=\"twitter:card\" content=\"summary_large_image\" \/>\n<meta name=\"twitter:label1\" content=\"Tiempo de lectura\" \/>\n\t<meta name=\"twitter:data1\" content=\"2 minutos\" \/>\n<script type=\"application\/ld+json\" class=\"yoast-schema-graph\">{\"@context\":\"https:\\\/\\\/schema.org\",\"@graph\":[{\"@type\":\"WebPage\",\"@id\":\"https:\\\/\\\/letrame.com\\\/catalogo\\\/producto\\\/el-ultimo-estandarte-de-guatemala-a-covadonga\\\/\",\"url\":\"https:\\\/\\\/letrame.com\\\/catalogo\\\/producto\\\/el-ultimo-estandarte-de-guatemala-a-covadonga\\\/\",\"name\":\"El \u00faltimo estandarte: De Guatemala a Covadonga - Catalogo | Letrame Grupo Editorial\",\"isPartOf\":{\"@id\":\"https:\\\/\\\/letrame.com\\\/catalogo\\\/#website\"},\"primaryImageOfPage\":{\"@id\":\"https:\\\/\\\/letrame.com\\\/catalogo\\\/producto\\\/el-ultimo-estandarte-de-guatemala-a-covadonga\\\/#primaryimage\"},\"image\":{\"@id\":\"https:\\\/\\\/letrame.com\\\/catalogo\\\/producto\\\/el-ultimo-estandarte-de-guatemala-a-covadonga\\\/#primaryimage\"},\"thumbnailUrl\":\"https:\\\/\\\/letrame.com\\\/catalogo\\\/wp-content\\\/uploads\\\/2026\\\/09\\\/elultimoestandarte_692mm4.jpg\",\"datePublished\":\"2026-09-03T10:31:22+00:00\",\"breadcrumb\":{\"@id\":\"https:\\\/\\\/letrame.com\\\/catalogo\\\/producto\\\/el-ultimo-estandarte-de-guatemala-a-covadonga\\\/#breadcrumb\"},\"inLanguage\":\"es\",\"potentialAction\":[{\"@type\":\"ReadAction\",\"target\":[\"https:\\\/\\\/letrame.com\\\/catalogo\\\/producto\\\/el-ultimo-estandarte-de-guatemala-a-covadonga\\\/\"]}]},{\"@type\":\"ImageObject\",\"inLanguage\":\"es\",\"@id\":\"https:\\\/\\\/letrame.com\\\/catalogo\\\/producto\\\/el-ultimo-estandarte-de-guatemala-a-covadonga\\\/#primaryimage\",\"url\":\"https:\\\/\\\/letrame.com\\\/catalogo\\\/wp-content\\\/uploads\\\/2026\\\/09\\\/elultimoestandarte_692mm4.jpg\",\"contentUrl\":\"https:\\\/\\\/letrame.com\\\/catalogo\\\/wp-content\\\/uploads\\\/2026\\\/09\\\/elultimoestandarte_692mm4.jpg\",\"width\":886,\"height\":1299},{\"@type\":\"BreadcrumbList\",\"@id\":\"https:\\\/\\\/letrame.com\\\/catalogo\\\/producto\\\/el-ultimo-estandarte-de-guatemala-a-covadonga\\\/#breadcrumb\",\"itemListElement\":[{\"@type\":\"ListItem\",\"position\":1,\"name\":\"Portada\",\"item\":\"https:\\\/\\\/letrame.com\\\/catalogo\\\/\"},{\"@type\":\"ListItem\",\"position\":2,\"name\":\"Cat\u00e1logo\",\"item\":\"https:\\\/\\\/letrame.com\\\/catalogo\\\/\"},{\"@type\":\"ListItem\",\"position\":3,\"name\":\"El \u00faltimo estandarte: De Guatemala a Covadonga\"}]},{\"@type\":\"WebSite\",\"@id\":\"https:\\\/\\\/letrame.com\\\/catalogo\\\/#website\",\"url\":\"https:\\\/\\\/letrame.com\\\/catalogo\\\/\",\"name\":\"Catalogo | Letrame Grupo Editorial\",\"description\":\"\",\"publisher\":{\"@id\":\"https:\\\/\\\/letrame.com\\\/catalogo\\\/#organization\"},\"potentialAction\":[{\"@type\":\"SearchAction\",\"target\":{\"@type\":\"EntryPoint\",\"urlTemplate\":\"https:\\\/\\\/letrame.com\\\/catalogo\\\/?s={search_term_string}\"},\"query-input\":{\"@type\":\"PropertyValueSpecification\",\"valueRequired\":true,\"valueName\":\"search_term_string\"}}],\"inLanguage\":\"es\"},{\"@type\":\"Organization\",\"@id\":\"https:\\\/\\\/letrame.com\\\/catalogo\\\/#organization\",\"name\":\"Catalogo | Letrame Grupo Editorial\",\"url\":\"https:\\\/\\\/letrame.com\\\/catalogo\\\/\",\"logo\":{\"@type\":\"ImageObject\",\"inLanguage\":\"es\",\"@id\":\"https:\\\/\\\/letrame.com\\\/catalogo\\\/#\\\/schema\\\/logo\\\/image\\\/\",\"url\":\"https:\\\/\\\/letrame.com\\\/catalogo\\\/wp-content\\\/uploads\\\/2024\\\/03\\\/logo2.webp\",\"contentUrl\":\"https:\\\/\\\/letrame.com\\\/catalogo\\\/wp-content\\\/uploads\\\/2024\\\/03\\\/logo2.webp\",\"width\":394,\"height\":128,\"caption\":\"Catalogo | Letrame Grupo Editorial\"},\"image\":{\"@id\":\"https:\\\/\\\/letrame.com\\\/catalogo\\\/#\\\/schema\\\/logo\\\/image\\\/\"}}]}<\/script>\n<!-- \/ Yoast SEO plugin. -->","yoast_head_json":{"title":"El \u00faltimo estandarte: De Guatemala a Covadonga - Catalogo | Letrame Grupo Editorial","robots":{"index":"index","follow":"follow","max-snippet":"max-snippet:-1","max-image-preview":"max-image-preview:large","max-video-preview":"max-video-preview:-1"},"canonical":"https:\/\/letrame.com\/catalogo\/producto\/el-ultimo-estandarte-de-guatemala-a-covadonga\/","og_locale":"es_ES","og_type":"article","og_title":"El \u00faltimo estandarte: De Guatemala a Covadonga - Catalogo | Letrame Grupo Editorial","og_description":"ISBN: 9791370632656  SINOPSIS  A\u00f1o 711. En las tierras de Guadalete se libra una batalla que cambiar\u00e1 para siempre el destino de Hispania. La derrota de Rodrigo, \u00faltimo rey visigodo, y la traici\u00f3n de parte de la nobleza abren las puertas a la expansi\u00f3n musulmana y al comienzo de una nueva era.  Sin embargo, entre las sombras de la ca\u00edda surge una figura destinada a convertirse en s\u00edmbolo de resistencia. Pelayo fue un hombre que se neg\u00f3 a aceptar la derrota y que supo mantener viva una causa cuando todo parec\u00eda perdido. No le falt\u00f3 valor, pues su arrojo fue ilimitado; fueron las circunstancias las que le obligaron a esperar. Durante a\u00f1os aguard\u00f3 el momento oportuno hasta encontrar, en las monta\u00f1as del norte, la oportunidad de cambiar el rumbo de la historia.  En Covadonga, frente a un enemigo muy superior, Pelayo y sus hombres desafiaron el curso de los acontecimientos. Su victoria no solo fren\u00f3 el avance musulm\u00e1n en aquellas tierras, sino que encendi\u00f3 la esperanza de un pueblo y dio origen a un ideal que perdurar\u00eda durante siglos: la Reconquista.  Una novela hist\u00f3rica que combina rigor, aventura y emoci\u00f3n para recrear uno de los episodios m\u00e1s decisivos de la historia de Espa\u00f1a, donde el valor de unos pocos se convierte en el legado de generaciones enteras.","og_url":"https:\/\/letrame.com\/catalogo\/producto\/el-ultimo-estandarte-de-guatemala-a-covadonga\/","og_site_name":"Catalogo | Letrame Grupo Editorial","og_image":[{"width":886,"height":1299,"url":"https:\/\/letrame.com\/catalogo\/wp-content\/uploads\/2026\/09\/elultimoestandarte_692mm4.jpg","type":"image\/jpeg"}],"twitter_card":"summary_large_image","twitter_misc":{"Tiempo de lectura":"2 minutos"},"schema":{"@context":"https:\/\/schema.org","@graph":[{"@type":"WebPage","@id":"https:\/\/letrame.com\/catalogo\/producto\/el-ultimo-estandarte-de-guatemala-a-covadonga\/","url":"https:\/\/letrame.com\/catalogo\/producto\/el-ultimo-estandarte-de-guatemala-a-covadonga\/","name":"El \u00faltimo estandarte: De Guatemala a Covadonga - Catalogo | Letrame Grupo Editorial","isPartOf":{"@id":"https:\/\/letrame.com\/catalogo\/#website"},"primaryImageOfPage":{"@id":"https:\/\/letrame.com\/catalogo\/producto\/el-ultimo-estandarte-de-guatemala-a-covadonga\/#primaryimage"},"image":{"@id":"https:\/\/letrame.com\/catalogo\/producto\/el-ultimo-estandarte-de-guatemala-a-covadonga\/#primaryimage"},"thumbnailUrl":"https:\/\/letrame.com\/catalogo\/wp-content\/uploads\/2026\/09\/elultimoestandarte_692mm4.jpg","datePublished":"2026-09-03T10:31:22+00:00","breadcrumb":{"@id":"https:\/\/letrame.com\/catalogo\/producto\/el-ultimo-estandarte-de-guatemala-a-covadonga\/#breadcrumb"},"inLanguage":"es","potentialAction":[{"@type":"ReadAction","target":["https:\/\/letrame.com\/catalogo\/producto\/el-ultimo-estandarte-de-guatemala-a-covadonga\/"]}]},{"@type":"ImageObject","inLanguage":"es","@id":"https:\/\/letrame.com\/catalogo\/producto\/el-ultimo-estandarte-de-guatemala-a-covadonga\/#primaryimage","url":"https:\/\/letrame.com\/catalogo\/wp-content\/uploads\/2026\/09\/elultimoestandarte_692mm4.jpg","contentUrl":"https:\/\/letrame.com\/catalogo\/wp-content\/uploads\/2026\/09\/elultimoestandarte_692mm4.jpg","width":886,"height":1299},{"@type":"BreadcrumbList","@id":"https:\/\/letrame.com\/catalogo\/producto\/el-ultimo-estandarte-de-guatemala-a-covadonga\/#breadcrumb","itemListElement":[{"@type":"ListItem","position":1,"name":"Portada","item":"https:\/\/letrame.com\/catalogo\/"},{"@type":"ListItem","position":2,"name":"Cat\u00e1logo","item":"https:\/\/letrame.com\/catalogo\/"},{"@type":"ListItem","position":3,"name":"El \u00faltimo estandarte: De Guatemala a Covadonga"}]},{"@type":"WebSite","@id":"https:\/\/letrame.com\/catalogo\/#website","url":"https:\/\/letrame.com\/catalogo\/","name":"Catalogo | Letrame Grupo Editorial","description":"","publisher":{"@id":"https:\/\/letrame.com\/catalogo\/#organization"},"potentialAction":[{"@type":"SearchAction","target":{"@type":"EntryPoint","urlTemplate":"https:\/\/letrame.com\/catalogo\/?s={search_term_string}"},"query-input":{"@type":"PropertyValueSpecification","valueRequired":true,"valueName":"search_term_string"}}],"inLanguage":"es"},{"@type":"Organization","@id":"https:\/\/letrame.com\/catalogo\/#organization","name":"Catalogo | Letrame Grupo Editorial","url":"https:\/\/letrame.com\/catalogo\/","logo":{"@type":"ImageObject","inLanguage":"es","@id":"https:\/\/letrame.com\/catalogo\/#\/schema\/logo\/image\/","url":"https:\/\/letrame.com\/catalogo\/wp-content\/uploads\/2024\/03\/logo2.webp","contentUrl":"https:\/\/letrame.com\/catalogo\/wp-content\/uploads\/2024\/03\/logo2.webp","width":394,"height":128,"caption":"Catalogo | Letrame Grupo Editorial"},"image":{"@id":"https:\/\/letrame.com\/catalogo\/#\/schema\/logo\/image\/"}}]}},"_links":{"self":[{"href":"https:\/\/letrame.com\/catalogo\/wp-json\/wp\/v2\/product\/114534","targetHints":{"allow":["GET"]}}],"collection":[{"href":"https:\/\/letrame.com\/catalogo\/wp-json\/wp\/v2\/product"}],"about":[{"href":"https:\/\/letrame.com\/catalogo\/wp-json\/wp\/v2\/types\/product"}],"replies":[{"embeddable":true,"href":"https:\/\/letrame.com\/catalogo\/wp-json\/wp\/v2\/comments?post=114534"}],"acf:post":[{"embeddable":true,"href":"https:\/\/letrame.com\/catalogo\/wp-json\/wp\/v2\/author_book\/114535"}],"wp:featuredmedia":[{"embeddable":true,"href":"https:\/\/letrame.com\/catalogo\/wp-json\/wp\/v2\/media\/114538"}],"wp:attachment":[{"href":"https:\/\/letrame.com\/catalogo\/wp-json\/wp\/v2\/media?parent=114534"}],"wp:term":[{"taxonomy":"libro","embeddable":true,"href":"https:\/\/letrame.com\/catalogo\/wp-json\/wp\/v2\/libro?post=114534"},{"taxonomy":"product_brand","embeddable":true,"href":"https:\/\/letrame.com\/catalogo\/wp-json\/wp\/v2\/product_brand?post=114534"},{"taxonomy":"product_cat","embeddable":true,"href":"https:\/\/letrame.com\/catalogo\/wp-json\/wp\/v2\/product_cat?post=114534"},{"taxonomy":"product_tag","embeddable":true,"href":"https:\/\/letrame.com\/catalogo\/wp-json\/wp\/v2\/product_tag?post=114534"}],"curies":[{"name":"wp","href":"https:\/\/api.w.org\/{rel}","templated":true}]}}