{"id":114494,"date":"2026-09-02T15:51:11","date_gmt":"2026-09-02T13:51:11","guid":{"rendered":"https:\/\/letrame.com\/catalogo\/?post_type=product&#038;p=114494"},"modified":"2026-09-02T15:54:33","modified_gmt":"2026-09-02T13:54:33","slug":"extranjeros-en-toda-patria-tomo-iii","status":"publish","type":"product","link":"https:\/\/letrame.com\/catalogo\/producto\/extranjeros-en-toda-patria-tomo-iii\/","title":{"rendered":"Extranjeros en toda patria. Tomo III"},"content":{"rendered":"<p><strong>ISBN: 9791370632717<\/strong><br \/>\n<strong>T\u00edtulo: Extranjeros en toda patria. Tomo III<\/strong><br \/>\n<strong>Fecha: 2026<\/strong><br \/>\n<strong>P\u00e1ginas: 304<\/strong><\/p>\n<p><strong>SINOPSIS<\/strong><\/p>\n<p>Jes\u00fas S\u00e1nchez Mart\u00ednez. Manchego de nacimiento. Letur (Albacete) 1950. Andaluz de crianza. C\u00e1diz (1960-1973). Catal\u00e1n de derecho desde 1973. Ingeniero, fracasado. Top\u00f3grafo, apasionado. Profesor de ense\u00f1anza secundaria de distintos niveles y disciplinas, derrotado.<\/p>\n<p>Lector apasionado y aprendiz de escritor: Escribir es una manera divertida de vivir otras vidas a la que en suerte nos ha tocado. Amante de los animales y, como ser humilde, siempre con el coraz\u00f3n del lado de los humildes.<\/p>\n<p>Posee un alter ego que comparte su cuerpo y anima su vena creativa: Blas Villegas; y juntos han dado a luz las siguientes obras. Todas publicadas en Letrame Grupo Editorial.<\/p>\n<p>Obras de Jes\u00fas y Blas Villegas:<\/p>\n<p>Los dineros del Mellao.<br \/>\nLa Negra Cr\u00f3nica de Perico Patapalo.<br \/>\nLa Prima Carmen.<br \/>\nCuentos Heterodoxos (Cuentos y epigramas)<\/p>\n<p>Y la trilog\u00eda Hijos de la Violencia:<\/p>\n<p>Amposta, cruce de caminos.<br \/>\nNi ladrones ni gitanos ni murcianos&#8230;<br \/>\nExtranjeros en toda patria<\/p>\n<p>&nbsp;<\/p>\n","protected":false},"excerpt":{"rendered":"<p><strong>ISBN: 9791370632717<\/strong><\/p>\n<p><strong>SINOPSIS<\/strong><\/p>\n<p>Jes\u00fas S\u00e1nchez Mart\u00ednez. Manchego de nacimiento. Letur (Albacete) 1950. Andaluz de crianza. C\u00e1diz (1960-1973). Catal\u00e1n de derecho desde 1973. Ingeniero, fracasado. Top\u00f3grafo, apasionado. Profesor de ense\u00f1anza secundaria de distintos niveles y disciplinas, derrotado.<\/p>\n<p>Lector apasionado y aprendiz de escritor: Escribir es una manera divertida de vivir otras vidas a la que en suerte nos ha tocado. Amante de los animales y, como ser humilde, siempre con el coraz\u00f3n del lado de los humildes.<\/p>\n<p>Posee un alter ego que comparte su cuerpo y anima su vena creativa: Blas Villegas; y juntos han dado a luz las siguientes obras. Todas publicadas en Letrame Grupo Editorial.<\/p>\n<p>Obras de Jes\u00fas y Blas Villegas:<\/p>\n<p>Los dineros del Mellao.<br \/>\nLa Negra Cr\u00f3nica de Perico Patapalo.<br \/>\nLa Prima Carmen.<br \/>\nCuentos Heterodoxos (Cuentos y epigramas)<\/p>\n<p>Y la trilog\u00eda Hijos de la Violencia:<\/p>\n<p>Amposta, cruce de caminos.<br \/>\nNi ladrones ni gitanos ni murcianos&#8230;<br \/>\nExtranjeros en toda patria<\/p>\n<p>&nbsp;<\/p>\n","protected":false},"featured_media":114495,"comment_status":"open","ping_status":"closed","template":"","meta":{"_acf_changed":false},"libro":[],"product_brand":[],"product_cat":[141],"product_tag":[],"class_list":["post-114494","product","type-product","status-publish","has-post-thumbnail","product_cat-ficcion","first","instock","shipping-taxable","product-type-simple"],"acf":{"autor":[112798],"enlace_de_compra":""},"yoast_head":"<!-- This site is optimized with the Yoast SEO plugin v27.4 - https:\/\/yoast.com\/product\/yoast-seo-wordpress\/ -->\n<title>Extranjeros en toda patria. Tomo III - Catalogo | Letrame Grupo Editorial<\/title>\n<meta name=\"robots\" content=\"index, follow, max-snippet:-1, max-image-preview:large, max-video-preview:-1\" \/>\n<link rel=\"canonical\" href=\"https:\/\/letrame.com\/catalogo\/producto\/extranjeros-en-toda-patria-tomo-iii\/\" \/>\n<meta property=\"og:locale\" content=\"es_ES\" \/>\n<meta property=\"og:type\" content=\"article\" \/>\n<meta property=\"og:title\" content=\"Extranjeros en toda patria. Tomo III - Catalogo | Letrame Grupo Editorial\" \/>\n<meta property=\"og:description\" content=\"ISBN: 9791370632717  SINOPSIS  Jes\u00fas S\u00e1nchez Mart\u00ednez. Manchego de nacimiento. Letur (Albacete) 1950. Andaluz de crianza. C\u00e1diz (1960-1973). Catal\u00e1n de derecho desde 1973. Ingeniero, fracasado. Top\u00f3grafo, apasionado. Profesor de ense\u00f1anza secundaria de distintos niveles y disciplinas, derrotado.  Lector apasionado y aprendiz de escritor: Escribir es una manera divertida de vivir otras vidas a la que en suerte nos ha tocado. Amante de los animales y, como ser humilde, siempre con el coraz\u00f3n del lado de los humildes.  Posee un alter ego que comparte su cuerpo y anima su vena creativa: Blas Villegas; y juntos han dado a luz las siguientes obras. Todas publicadas en Letrame Grupo Editorial.  Obras de Jes\u00fas y Blas Villegas:  Los dineros del Mellao. La Negra Cr\u00f3nica de Perico Patapalo. La Prima Carmen. Cuentos Heterodoxos (Cuentos y epigramas)  Y la trilog\u00eda Hijos de la Violencia:  Amposta, cruce de caminos. Ni ladrones ni gitanos ni murcianos... Extranjeros en toda patria  &nbsp;\" \/>\n<meta property=\"og:url\" content=\"https:\/\/letrame.com\/catalogo\/producto\/extranjeros-en-toda-patria-tomo-iii\/\" \/>\n<meta property=\"og:site_name\" content=\"Catalogo | Letrame Grupo Editorial\" \/>\n<meta property=\"article:modified_time\" content=\"2026-09-02T13:54:33+00:00\" \/>\n<meta property=\"og:image\" content=\"https:\/\/letrame.com\/catalogo\/wp-content\/uploads\/2026\/09\/extranjerosentoda_1574mm4.jpg\" \/>\n\t<meta property=\"og:image:width\" content=\"620\" \/>\n\t<meta property=\"og:image:height\" content=\"909\" \/>\n\t<meta property=\"og:image:type\" content=\"image\/jpeg\" \/>\n<meta name=\"twitter:card\" content=\"summary_large_image\" \/>\n<meta name=\"twitter:label1\" content=\"Tiempo de lectura\" \/>\n\t<meta name=\"twitter:data1\" content=\"1 minuto\" \/>\n<script type=\"application\/ld+json\" class=\"yoast-schema-graph\">{\"@context\":\"https:\\\/\\\/schema.org\",\"@graph\":[{\"@type\":\"WebPage\",\"@id\":\"https:\\\/\\\/letrame.com\\\/catalogo\\\/producto\\\/extranjeros-en-toda-patria-tomo-iii\\\/\",\"url\":\"https:\\\/\\\/letrame.com\\\/catalogo\\\/producto\\\/extranjeros-en-toda-patria-tomo-iii\\\/\",\"name\":\"Extranjeros en toda patria. Tomo III - Catalogo | Letrame Grupo Editorial\",\"isPartOf\":{\"@id\":\"https:\\\/\\\/letrame.com\\\/catalogo\\\/#website\"},\"primaryImageOfPage\":{\"@id\":\"https:\\\/\\\/letrame.com\\\/catalogo\\\/producto\\\/extranjeros-en-toda-patria-tomo-iii\\\/#primaryimage\"},\"image\":{\"@id\":\"https:\\\/\\\/letrame.com\\\/catalogo\\\/producto\\\/extranjeros-en-toda-patria-tomo-iii\\\/#primaryimage\"},\"thumbnailUrl\":\"https:\\\/\\\/letrame.com\\\/catalogo\\\/wp-content\\\/uploads\\\/2026\\\/09\\\/extranjerosentoda_1574mm4.jpg\",\"datePublished\":\"2026-09-02T13:51:11+00:00\",\"dateModified\":\"2026-09-02T13:54:33+00:00\",\"breadcrumb\":{\"@id\":\"https:\\\/\\\/letrame.com\\\/catalogo\\\/producto\\\/extranjeros-en-toda-patria-tomo-iii\\\/#breadcrumb\"},\"inLanguage\":\"es\",\"potentialAction\":[{\"@type\":\"ReadAction\",\"target\":[\"https:\\\/\\\/letrame.com\\\/catalogo\\\/producto\\\/extranjeros-en-toda-patria-tomo-iii\\\/\"]}]},{\"@type\":\"ImageObject\",\"inLanguage\":\"es\",\"@id\":\"https:\\\/\\\/letrame.com\\\/catalogo\\\/producto\\\/extranjeros-en-toda-patria-tomo-iii\\\/#primaryimage\",\"url\":\"https:\\\/\\\/letrame.com\\\/catalogo\\\/wp-content\\\/uploads\\\/2026\\\/09\\\/extranjerosentoda_1574mm4.jpg\",\"contentUrl\":\"https:\\\/\\\/letrame.com\\\/catalogo\\\/wp-content\\\/uploads\\\/2026\\\/09\\\/extranjerosentoda_1574mm4.jpg\",\"width\":620,\"height\":909},{\"@type\":\"BreadcrumbList\",\"@id\":\"https:\\\/\\\/letrame.com\\\/catalogo\\\/producto\\\/extranjeros-en-toda-patria-tomo-iii\\\/#breadcrumb\",\"itemListElement\":[{\"@type\":\"ListItem\",\"position\":1,\"name\":\"Portada\",\"item\":\"https:\\\/\\\/letrame.com\\\/catalogo\\\/\"},{\"@type\":\"ListItem\",\"position\":2,\"name\":\"Cat\u00e1logo\",\"item\":\"https:\\\/\\\/letrame.com\\\/catalogo\\\/\"},{\"@type\":\"ListItem\",\"position\":3,\"name\":\"Extranjeros en toda patria. Tomo III\"}]},{\"@type\":\"WebSite\",\"@id\":\"https:\\\/\\\/letrame.com\\\/catalogo\\\/#website\",\"url\":\"https:\\\/\\\/letrame.com\\\/catalogo\\\/\",\"name\":\"Catalogo | Letrame Grupo Editorial\",\"description\":\"\",\"publisher\":{\"@id\":\"https:\\\/\\\/letrame.com\\\/catalogo\\\/#organization\"},\"potentialAction\":[{\"@type\":\"SearchAction\",\"target\":{\"@type\":\"EntryPoint\",\"urlTemplate\":\"https:\\\/\\\/letrame.com\\\/catalogo\\\/?s={search_term_string}\"},\"query-input\":{\"@type\":\"PropertyValueSpecification\",\"valueRequired\":true,\"valueName\":\"search_term_string\"}}],\"inLanguage\":\"es\"},{\"@type\":\"Organization\",\"@id\":\"https:\\\/\\\/letrame.com\\\/catalogo\\\/#organization\",\"name\":\"Catalogo | Letrame Grupo Editorial\",\"url\":\"https:\\\/\\\/letrame.com\\\/catalogo\\\/\",\"logo\":{\"@type\":\"ImageObject\",\"inLanguage\":\"es\",\"@id\":\"https:\\\/\\\/letrame.com\\\/catalogo\\\/#\\\/schema\\\/logo\\\/image\\\/\",\"url\":\"https:\\\/\\\/letrame.com\\\/catalogo\\\/wp-content\\\/uploads\\\/2024\\\/03\\\/logo2.webp\",\"contentUrl\":\"https:\\\/\\\/letrame.com\\\/catalogo\\\/wp-content\\\/uploads\\\/2024\\\/03\\\/logo2.webp\",\"width\":394,\"height\":128,\"caption\":\"Catalogo | Letrame Grupo Editorial\"},\"image\":{\"@id\":\"https:\\\/\\\/letrame.com\\\/catalogo\\\/#\\\/schema\\\/logo\\\/image\\\/\"}}]}<\/script>\n<!-- \/ Yoast SEO plugin. -->","yoast_head_json":{"title":"Extranjeros en toda patria. Tomo III - Catalogo | Letrame Grupo Editorial","robots":{"index":"index","follow":"follow","max-snippet":"max-snippet:-1","max-image-preview":"max-image-preview:large","max-video-preview":"max-video-preview:-1"},"canonical":"https:\/\/letrame.com\/catalogo\/producto\/extranjeros-en-toda-patria-tomo-iii\/","og_locale":"es_ES","og_type":"article","og_title":"Extranjeros en toda patria. Tomo III - Catalogo | Letrame Grupo Editorial","og_description":"ISBN: 9791370632717  SINOPSIS  Jes\u00fas S\u00e1nchez Mart\u00ednez. Manchego de nacimiento. Letur (Albacete) 1950. Andaluz de crianza. C\u00e1diz (1960-1973). Catal\u00e1n de derecho desde 1973. Ingeniero, fracasado. Top\u00f3grafo, apasionado. Profesor de ense\u00f1anza secundaria de distintos niveles y disciplinas, derrotado.  Lector apasionado y aprendiz de escritor: Escribir es una manera divertida de vivir otras vidas a la que en suerte nos ha tocado. Amante de los animales y, como ser humilde, siempre con el coraz\u00f3n del lado de los humildes.  Posee un alter ego que comparte su cuerpo y anima su vena creativa: Blas Villegas; y juntos han dado a luz las siguientes obras. Todas publicadas en Letrame Grupo Editorial.  Obras de Jes\u00fas y Blas Villegas:  Los dineros del Mellao. La Negra Cr\u00f3nica de Perico Patapalo. La Prima Carmen. Cuentos Heterodoxos (Cuentos y epigramas)  Y la trilog\u00eda Hijos de la Violencia:  Amposta, cruce de caminos. Ni ladrones ni gitanos ni murcianos... Extranjeros en toda patria  &nbsp;","og_url":"https:\/\/letrame.com\/catalogo\/producto\/extranjeros-en-toda-patria-tomo-iii\/","og_site_name":"Catalogo | Letrame Grupo Editorial","article_modified_time":"2026-09-02T13:54:33+00:00","og_image":[{"width":620,"height":909,"url":"https:\/\/letrame.com\/catalogo\/wp-content\/uploads\/2026\/09\/extranjerosentoda_1574mm4.jpg","type":"image\/jpeg"}],"twitter_card":"summary_large_image","twitter_misc":{"Tiempo de lectura":"1 minuto"},"schema":{"@context":"https:\/\/schema.org","@graph":[{"@type":"WebPage","@id":"https:\/\/letrame.com\/catalogo\/producto\/extranjeros-en-toda-patria-tomo-iii\/","url":"https:\/\/letrame.com\/catalogo\/producto\/extranjeros-en-toda-patria-tomo-iii\/","name":"Extranjeros en toda patria. Tomo III - Catalogo | Letrame Grupo Editorial","isPartOf":{"@id":"https:\/\/letrame.com\/catalogo\/#website"},"primaryImageOfPage":{"@id":"https:\/\/letrame.com\/catalogo\/producto\/extranjeros-en-toda-patria-tomo-iii\/#primaryimage"},"image":{"@id":"https:\/\/letrame.com\/catalogo\/producto\/extranjeros-en-toda-patria-tomo-iii\/#primaryimage"},"thumbnailUrl":"https:\/\/letrame.com\/catalogo\/wp-content\/uploads\/2026\/09\/extranjerosentoda_1574mm4.jpg","datePublished":"2026-09-02T13:51:11+00:00","dateModified":"2026-09-02T13:54:33+00:00","breadcrumb":{"@id":"https:\/\/letrame.com\/catalogo\/producto\/extranjeros-en-toda-patria-tomo-iii\/#breadcrumb"},"inLanguage":"es","potentialAction":[{"@type":"ReadAction","target":["https:\/\/letrame.com\/catalogo\/producto\/extranjeros-en-toda-patria-tomo-iii\/"]}]},{"@type":"ImageObject","inLanguage":"es","@id":"https:\/\/letrame.com\/catalogo\/producto\/extranjeros-en-toda-patria-tomo-iii\/#primaryimage","url":"https:\/\/letrame.com\/catalogo\/wp-content\/uploads\/2026\/09\/extranjerosentoda_1574mm4.jpg","contentUrl":"https:\/\/letrame.com\/catalogo\/wp-content\/uploads\/2026\/09\/extranjerosentoda_1574mm4.jpg","width":620,"height":909},{"@type":"BreadcrumbList","@id":"https:\/\/letrame.com\/catalogo\/producto\/extranjeros-en-toda-patria-tomo-iii\/#breadcrumb","itemListElement":[{"@type":"ListItem","position":1,"name":"Portada","item":"https:\/\/letrame.com\/catalogo\/"},{"@type":"ListItem","position":2,"name":"Cat\u00e1logo","item":"https:\/\/letrame.com\/catalogo\/"},{"@type":"ListItem","position":3,"name":"Extranjeros en toda patria. Tomo III"}]},{"@type":"WebSite","@id":"https:\/\/letrame.com\/catalogo\/#website","url":"https:\/\/letrame.com\/catalogo\/","name":"Catalogo | Letrame Grupo Editorial","description":"","publisher":{"@id":"https:\/\/letrame.com\/catalogo\/#organization"},"potentialAction":[{"@type":"SearchAction","target":{"@type":"EntryPoint","urlTemplate":"https:\/\/letrame.com\/catalogo\/?s={search_term_string}"},"query-input":{"@type":"PropertyValueSpecification","valueRequired":true,"valueName":"search_term_string"}}],"inLanguage":"es"},{"@type":"Organization","@id":"https:\/\/letrame.com\/catalogo\/#organization","name":"Catalogo | Letrame Grupo Editorial","url":"https:\/\/letrame.com\/catalogo\/","logo":{"@type":"ImageObject","inLanguage":"es","@id":"https:\/\/letrame.com\/catalogo\/#\/schema\/logo\/image\/","url":"https:\/\/letrame.com\/catalogo\/wp-content\/uploads\/2024\/03\/logo2.webp","contentUrl":"https:\/\/letrame.com\/catalogo\/wp-content\/uploads\/2024\/03\/logo2.webp","width":394,"height":128,"caption":"Catalogo | Letrame Grupo Editorial"},"image":{"@id":"https:\/\/letrame.com\/catalogo\/#\/schema\/logo\/image\/"}}]}},"_links":{"self":[{"href":"https:\/\/letrame.com\/catalogo\/wp-json\/wp\/v2\/product\/114494","targetHints":{"allow":["GET"]}}],"collection":[{"href":"https:\/\/letrame.com\/catalogo\/wp-json\/wp\/v2\/product"}],"about":[{"href":"https:\/\/letrame.com\/catalogo\/wp-json\/wp\/v2\/types\/product"}],"replies":[{"embeddable":true,"href":"https:\/\/letrame.com\/catalogo\/wp-json\/wp\/v2\/comments?post=114494"}],"acf:post":[{"embeddable":true,"href":"https:\/\/letrame.com\/catalogo\/wp-json\/wp\/v2\/author_book\/112798"}],"wp:featuredmedia":[{"embeddable":true,"href":"https:\/\/letrame.com\/catalogo\/wp-json\/wp\/v2\/media\/114495"}],"wp:attachment":[{"href":"https:\/\/letrame.com\/catalogo\/wp-json\/wp\/v2\/media?parent=114494"}],"wp:term":[{"taxonomy":"libro","embeddable":true,"href":"https:\/\/letrame.com\/catalogo\/wp-json\/wp\/v2\/libro?post=114494"},{"taxonomy":"product_brand","embeddable":true,"href":"https:\/\/letrame.com\/catalogo\/wp-json\/wp\/v2\/product_brand?post=114494"},{"taxonomy":"product_cat","embeddable":true,"href":"https:\/\/letrame.com\/catalogo\/wp-json\/wp\/v2\/product_cat?post=114494"},{"taxonomy":"product_tag","embeddable":true,"href":"https:\/\/letrame.com\/catalogo\/wp-json\/wp\/v2\/product_tag?post=114494"}],"curies":[{"name":"wp","href":"https:\/\/api.w.org\/{rel}","templated":true}]}}