{"id":114469,"date":"2026-09-02T10:22:15","date_gmt":"2026-09-02T08:22:15","guid":{"rendered":"https:\/\/letrame.com\/catalogo\/?post_type=product&#038;p=114469"},"modified":"2026-09-02T10:22:16","modified_gmt":"2026-09-02T08:22:16","slug":"la-otra-mitad-de-nosotros","status":"publish","type":"product","link":"https:\/\/letrame.com\/catalogo\/producto\/la-otra-mitad-de-nosotros\/","title":{"rendered":"La otra mitad de nosotros"},"content":{"rendered":"<p><strong>ISBN: 9791370632045<\/strong><br \/>\n<strong>T\u00edtulo: La otra mitad de nosotros<\/strong><br \/>\n<strong>Fecha: 2026<\/strong><br \/>\n<strong>P\u00e1ginas: 320<\/strong><\/p>\n<p><strong>SINOPSIS<\/strong><\/p>\n<p>F. Rubi abre la puerta de sus recuerdos, sus lecturas, sus dudas y sus enfados para convertir La otra mitad de nosotros en una larga conversaci\u00f3n donde caben la infancia, la pobreza, los libros que salvan, las calles de M\u00e9xico, la pol\u00edtica, el desencanto, la rabia y tambi\u00e9n el humor como mecanismo de resistencia.<\/p>\n<p>Aqu\u00ed conviven Juan Rulfo y L\u00f3pez Obrador, Borges y los bolsi-libros, la nostalgia de los a\u00f1os sesenta y la furia contra las \u00e9lites intelectuales y medi\u00e1ticas. Es una narraci\u00f3n libre y cercana en la que las ideas avanzan con naturalidad, con rabia a veces, con ternura otras, pero siempre desde la verdad de quien ha vivido lo que cuenta.<\/p>\n<p>F. Rub\u00ed aclara que La Otra Mitad no es un libro de historia, pero la historia est\u00e1 presente entre sus p\u00e1ginas y se hace notar a cada tanto. No la historia austera e inconmovible que nos han hecho conocer en las aulas, sino una historia m\u00e1s c\u00e1lida y humana que nos habla con desparpajo de los eventos que marcan nuestros actos. La historia contenida en La Otra Mitad es para los lectores como una amiga entra\u00f1able que les susurra al o\u00eddo para confiarles sus secretos.<\/p>\n<p>La Otra Mitad tambi\u00e9n es poes\u00eda, es filosof\u00eda. Un sabroso anecdotario aderezado con los recuerdos m\u00e1s vividos del autor. Voz y canto para los inconformes y para aquellos que, a contrapelo de los intereses de los poderosos, sue\u00f1an y luchan por un futuro mejor.<\/p>\n","protected":false},"excerpt":{"rendered":"<p><strong>ISBN: 9791370632045<\/strong><\/p>\n<p><strong>SINOPSIS<\/strong><\/p>\n<p>F. Rubi abre la puerta de sus recuerdos, sus lecturas, sus dudas y sus enfados para convertir La otra mitad de nosotros en una larga conversaci\u00f3n donde caben la infancia, la pobreza, los libros que salvan, las calles de M\u00e9xico, la pol\u00edtica, el desencanto, la rabia y tambi\u00e9n el humor como mecanismo de resistencia.<\/p>\n<p>Aqu\u00ed conviven Juan Rulfo y L\u00f3pez Obrador, Borges y los bolsi-libros, la nostalgia de los a\u00f1os sesenta y la furia contra las \u00e9lites intelectuales y medi\u00e1ticas. Es una narraci\u00f3n libre y cercana en la que las ideas avanzan con naturalidad, con rabia a veces, con ternura otras, pero siempre desde la verdad de quien ha vivido lo que cuenta.<\/p>\n<p>F. Rub\u00ed aclara que La Otra Mitad no es un libro de historia, pero la historia est\u00e1 presente entre sus p\u00e1ginas y se hace notar a cada tanto. No la historia austera e inconmovible que nos han hecho conocer en las aulas, sino una historia m\u00e1s c\u00e1lida y humana que nos habla con desparpajo de los eventos que marcan nuestros actos. La historia contenida en La Otra Mitad es para los lectores como una amiga entra\u00f1able que les susurra al o\u00eddo para confiarles sus secretos.<\/p>\n<p>La Otra Mitad tambi\u00e9n es poes\u00eda, es filosof\u00eda. Un sabroso anecdotario aderezado con los recuerdos m\u00e1s vividos del autor. Voz y canto para los inconformes y para aquellos que, a contrapelo de los intereses de los poderosos, sue\u00f1an y luchan por un futuro mejor.<\/p>\n","protected":false},"featured_media":114472,"comment_status":"open","ping_status":"closed","template":"","meta":{"_acf_changed":false},"libro":[],"product_brand":[],"product_cat":[133],"product_tag":[],"class_list":["post-114469","product","type-product","status-publish","has-post-thumbnail","product_cat-no-ficcion","first","instock","shipping-taxable","product-type-simple"],"acf":{"autor":[114470],"enlace_de_compra":""},"yoast_head":"<!-- This site is optimized with the Yoast SEO plugin v27.4 - https:\/\/yoast.com\/product\/yoast-seo-wordpress\/ -->\n<title>La otra mitad de nosotros - Catalogo | Letrame Grupo Editorial<\/title>\n<meta name=\"robots\" content=\"index, follow, max-snippet:-1, max-image-preview:large, max-video-preview:-1\" \/>\n<link rel=\"canonical\" href=\"https:\/\/letrame.com\/catalogo\/producto\/la-otra-mitad-de-nosotros\/\" \/>\n<meta property=\"og:locale\" content=\"es_ES\" \/>\n<meta property=\"og:type\" content=\"article\" \/>\n<meta property=\"og:title\" content=\"La otra mitad de nosotros - Catalogo | Letrame Grupo Editorial\" \/>\n<meta property=\"og:description\" content=\"ISBN: 9791370632045  SINOPSIS  F. Rubi abre la puerta de sus recuerdos, sus lecturas, sus dudas y sus enfados para convertir La otra mitad de nosotros en una larga conversaci\u00f3n donde caben la infancia, la pobreza, los libros que salvan, las calles de M\u00e9xico, la pol\u00edtica, el desencanto, la rabia y tambi\u00e9n el humor como mecanismo de resistencia.  Aqu\u00ed conviven Juan Rulfo y L\u00f3pez Obrador, Borges y los bolsi-libros, la nostalgia de los a\u00f1os sesenta y la furia contra las \u00e9lites intelectuales y medi\u00e1ticas. Es una narraci\u00f3n libre y cercana en la que las ideas avanzan con naturalidad, con rabia a veces, con ternura otras, pero siempre desde la verdad de quien ha vivido lo que cuenta.  F. Rub\u00ed aclara que La Otra Mitad no es un libro de historia, pero la historia est\u00e1 presente entre sus p\u00e1ginas y se hace notar a cada tanto. No la historia austera e inconmovible que nos han hecho conocer en las aulas, sino una historia m\u00e1s c\u00e1lida y humana que nos habla con desparpajo de los eventos que marcan nuestros actos. La historia contenida en La Otra Mitad es para los lectores como una amiga entra\u00f1able que les susurra al o\u00eddo para confiarles sus secretos.  La Otra Mitad tambi\u00e9n es poes\u00eda, es filosof\u00eda. Un sabroso anecdotario aderezado con los recuerdos m\u00e1s vividos del autor. Voz y canto para los inconformes y para aquellos que, a contrapelo de los intereses de los poderosos, sue\u00f1an y luchan por un futuro mejor.\" \/>\n<meta property=\"og:url\" content=\"https:\/\/letrame.com\/catalogo\/producto\/la-otra-mitad-de-nosotros\/\" \/>\n<meta property=\"og:site_name\" content=\"Catalogo | Letrame Grupo Editorial\" \/>\n<meta property=\"article:modified_time\" content=\"2026-09-02T08:22:16+00:00\" \/>\n<meta property=\"og:image\" content=\"https:\/\/letrame.com\/catalogo\/wp-content\/uploads\/2026\/09\/laotramitad_1582mm3.jpg\" \/>\n\t<meta property=\"og:image:width\" content=\"709\" \/>\n\t<meta property=\"og:image:height\" content=\"1039\" \/>\n\t<meta property=\"og:image:type\" content=\"image\/jpeg\" \/>\n<meta name=\"twitter:card\" content=\"summary_large_image\" \/>\n<meta name=\"twitter:label1\" content=\"Tiempo de lectura\" \/>\n\t<meta name=\"twitter:data1\" content=\"2 minutos\" \/>\n<script type=\"application\/ld+json\" class=\"yoast-schema-graph\">{\"@context\":\"https:\\\/\\\/schema.org\",\"@graph\":[{\"@type\":\"WebPage\",\"@id\":\"https:\\\/\\\/letrame.com\\\/catalogo\\\/producto\\\/la-otra-mitad-de-nosotros\\\/\",\"url\":\"https:\\\/\\\/letrame.com\\\/catalogo\\\/producto\\\/la-otra-mitad-de-nosotros\\\/\",\"name\":\"La otra mitad de nosotros - Catalogo | Letrame Grupo Editorial\",\"isPartOf\":{\"@id\":\"https:\\\/\\\/letrame.com\\\/catalogo\\\/#website\"},\"primaryImageOfPage\":{\"@id\":\"https:\\\/\\\/letrame.com\\\/catalogo\\\/producto\\\/la-otra-mitad-de-nosotros\\\/#primaryimage\"},\"image\":{\"@id\":\"https:\\\/\\\/letrame.com\\\/catalogo\\\/producto\\\/la-otra-mitad-de-nosotros\\\/#primaryimage\"},\"thumbnailUrl\":\"https:\\\/\\\/letrame.com\\\/catalogo\\\/wp-content\\\/uploads\\\/2026\\\/09\\\/laotramitad_1582mm3.jpg\",\"datePublished\":\"2026-09-02T08:22:15+00:00\",\"dateModified\":\"2026-09-02T08:22:16+00:00\",\"breadcrumb\":{\"@id\":\"https:\\\/\\\/letrame.com\\\/catalogo\\\/producto\\\/la-otra-mitad-de-nosotros\\\/#breadcrumb\"},\"inLanguage\":\"es\",\"potentialAction\":[{\"@type\":\"ReadAction\",\"target\":[\"https:\\\/\\\/letrame.com\\\/catalogo\\\/producto\\\/la-otra-mitad-de-nosotros\\\/\"]}]},{\"@type\":\"ImageObject\",\"inLanguage\":\"es\",\"@id\":\"https:\\\/\\\/letrame.com\\\/catalogo\\\/producto\\\/la-otra-mitad-de-nosotros\\\/#primaryimage\",\"url\":\"https:\\\/\\\/letrame.com\\\/catalogo\\\/wp-content\\\/uploads\\\/2026\\\/09\\\/laotramitad_1582mm3.jpg\",\"contentUrl\":\"https:\\\/\\\/letrame.com\\\/catalogo\\\/wp-content\\\/uploads\\\/2026\\\/09\\\/laotramitad_1582mm3.jpg\",\"width\":709,\"height\":1039},{\"@type\":\"BreadcrumbList\",\"@id\":\"https:\\\/\\\/letrame.com\\\/catalogo\\\/producto\\\/la-otra-mitad-de-nosotros\\\/#breadcrumb\",\"itemListElement\":[{\"@type\":\"ListItem\",\"position\":1,\"name\":\"Portada\",\"item\":\"https:\\\/\\\/letrame.com\\\/catalogo\\\/\"},{\"@type\":\"ListItem\",\"position\":2,\"name\":\"Cat\u00e1logo\",\"item\":\"https:\\\/\\\/letrame.com\\\/catalogo\\\/\"},{\"@type\":\"ListItem\",\"position\":3,\"name\":\"La otra mitad de nosotros\"}]},{\"@type\":\"WebSite\",\"@id\":\"https:\\\/\\\/letrame.com\\\/catalogo\\\/#website\",\"url\":\"https:\\\/\\\/letrame.com\\\/catalogo\\\/\",\"name\":\"Catalogo | Letrame Grupo Editorial\",\"description\":\"\",\"publisher\":{\"@id\":\"https:\\\/\\\/letrame.com\\\/catalogo\\\/#organization\"},\"potentialAction\":[{\"@type\":\"SearchAction\",\"target\":{\"@type\":\"EntryPoint\",\"urlTemplate\":\"https:\\\/\\\/letrame.com\\\/catalogo\\\/?s={search_term_string}\"},\"query-input\":{\"@type\":\"PropertyValueSpecification\",\"valueRequired\":true,\"valueName\":\"search_term_string\"}}],\"inLanguage\":\"es\"},{\"@type\":\"Organization\",\"@id\":\"https:\\\/\\\/letrame.com\\\/catalogo\\\/#organization\",\"name\":\"Catalogo | Letrame Grupo Editorial\",\"url\":\"https:\\\/\\\/letrame.com\\\/catalogo\\\/\",\"logo\":{\"@type\":\"ImageObject\",\"inLanguage\":\"es\",\"@id\":\"https:\\\/\\\/letrame.com\\\/catalogo\\\/#\\\/schema\\\/logo\\\/image\\\/\",\"url\":\"https:\\\/\\\/letrame.com\\\/catalogo\\\/wp-content\\\/uploads\\\/2024\\\/03\\\/logo2.webp\",\"contentUrl\":\"https:\\\/\\\/letrame.com\\\/catalogo\\\/wp-content\\\/uploads\\\/2024\\\/03\\\/logo2.webp\",\"width\":394,\"height\":128,\"caption\":\"Catalogo | Letrame Grupo Editorial\"},\"image\":{\"@id\":\"https:\\\/\\\/letrame.com\\\/catalogo\\\/#\\\/schema\\\/logo\\\/image\\\/\"}}]}<\/script>\n<!-- \/ Yoast SEO plugin. -->","yoast_head_json":{"title":"La otra mitad de nosotros - Catalogo | Letrame Grupo Editorial","robots":{"index":"index","follow":"follow","max-snippet":"max-snippet:-1","max-image-preview":"max-image-preview:large","max-video-preview":"max-video-preview:-1"},"canonical":"https:\/\/letrame.com\/catalogo\/producto\/la-otra-mitad-de-nosotros\/","og_locale":"es_ES","og_type":"article","og_title":"La otra mitad de nosotros - Catalogo | Letrame Grupo Editorial","og_description":"ISBN: 9791370632045  SINOPSIS  F. Rubi abre la puerta de sus recuerdos, sus lecturas, sus dudas y sus enfados para convertir La otra mitad de nosotros en una larga conversaci\u00f3n donde caben la infancia, la pobreza, los libros que salvan, las calles de M\u00e9xico, la pol\u00edtica, el desencanto, la rabia y tambi\u00e9n el humor como mecanismo de resistencia.  Aqu\u00ed conviven Juan Rulfo y L\u00f3pez Obrador, Borges y los bolsi-libros, la nostalgia de los a\u00f1os sesenta y la furia contra las \u00e9lites intelectuales y medi\u00e1ticas. Es una narraci\u00f3n libre y cercana en la que las ideas avanzan con naturalidad, con rabia a veces, con ternura otras, pero siempre desde la verdad de quien ha vivido lo que cuenta.  F. Rub\u00ed aclara que La Otra Mitad no es un libro de historia, pero la historia est\u00e1 presente entre sus p\u00e1ginas y se hace notar a cada tanto. No la historia austera e inconmovible que nos han hecho conocer en las aulas, sino una historia m\u00e1s c\u00e1lida y humana que nos habla con desparpajo de los eventos que marcan nuestros actos. La historia contenida en La Otra Mitad es para los lectores como una amiga entra\u00f1able que les susurra al o\u00eddo para confiarles sus secretos.  La Otra Mitad tambi\u00e9n es poes\u00eda, es filosof\u00eda. Un sabroso anecdotario aderezado con los recuerdos m\u00e1s vividos del autor. Voz y canto para los inconformes y para aquellos que, a contrapelo de los intereses de los poderosos, sue\u00f1an y luchan por un futuro mejor.","og_url":"https:\/\/letrame.com\/catalogo\/producto\/la-otra-mitad-de-nosotros\/","og_site_name":"Catalogo | Letrame Grupo Editorial","article_modified_time":"2026-09-02T08:22:16+00:00","og_image":[{"width":709,"height":1039,"url":"https:\/\/letrame.com\/catalogo\/wp-content\/uploads\/2026\/09\/laotramitad_1582mm3.jpg","type":"image\/jpeg"}],"twitter_card":"summary_large_image","twitter_misc":{"Tiempo de lectura":"2 minutos"},"schema":{"@context":"https:\/\/schema.org","@graph":[{"@type":"WebPage","@id":"https:\/\/letrame.com\/catalogo\/producto\/la-otra-mitad-de-nosotros\/","url":"https:\/\/letrame.com\/catalogo\/producto\/la-otra-mitad-de-nosotros\/","name":"La otra mitad de nosotros - Catalogo | Letrame Grupo Editorial","isPartOf":{"@id":"https:\/\/letrame.com\/catalogo\/#website"},"primaryImageOfPage":{"@id":"https:\/\/letrame.com\/catalogo\/producto\/la-otra-mitad-de-nosotros\/#primaryimage"},"image":{"@id":"https:\/\/letrame.com\/catalogo\/producto\/la-otra-mitad-de-nosotros\/#primaryimage"},"thumbnailUrl":"https:\/\/letrame.com\/catalogo\/wp-content\/uploads\/2026\/09\/laotramitad_1582mm3.jpg","datePublished":"2026-09-02T08:22:15+00:00","dateModified":"2026-09-02T08:22:16+00:00","breadcrumb":{"@id":"https:\/\/letrame.com\/catalogo\/producto\/la-otra-mitad-de-nosotros\/#breadcrumb"},"inLanguage":"es","potentialAction":[{"@type":"ReadAction","target":["https:\/\/letrame.com\/catalogo\/producto\/la-otra-mitad-de-nosotros\/"]}]},{"@type":"ImageObject","inLanguage":"es","@id":"https:\/\/letrame.com\/catalogo\/producto\/la-otra-mitad-de-nosotros\/#primaryimage","url":"https:\/\/letrame.com\/catalogo\/wp-content\/uploads\/2026\/09\/laotramitad_1582mm3.jpg","contentUrl":"https:\/\/letrame.com\/catalogo\/wp-content\/uploads\/2026\/09\/laotramitad_1582mm3.jpg","width":709,"height":1039},{"@type":"BreadcrumbList","@id":"https:\/\/letrame.com\/catalogo\/producto\/la-otra-mitad-de-nosotros\/#breadcrumb","itemListElement":[{"@type":"ListItem","position":1,"name":"Portada","item":"https:\/\/letrame.com\/catalogo\/"},{"@type":"ListItem","position":2,"name":"Cat\u00e1logo","item":"https:\/\/letrame.com\/catalogo\/"},{"@type":"ListItem","position":3,"name":"La otra mitad de nosotros"}]},{"@type":"WebSite","@id":"https:\/\/letrame.com\/catalogo\/#website","url":"https:\/\/letrame.com\/catalogo\/","name":"Catalogo | Letrame Grupo Editorial","description":"","publisher":{"@id":"https:\/\/letrame.com\/catalogo\/#organization"},"potentialAction":[{"@type":"SearchAction","target":{"@type":"EntryPoint","urlTemplate":"https:\/\/letrame.com\/catalogo\/?s={search_term_string}"},"query-input":{"@type":"PropertyValueSpecification","valueRequired":true,"valueName":"search_term_string"}}],"inLanguage":"es"},{"@type":"Organization","@id":"https:\/\/letrame.com\/catalogo\/#organization","name":"Catalogo | Letrame Grupo Editorial","url":"https:\/\/letrame.com\/catalogo\/","logo":{"@type":"ImageObject","inLanguage":"es","@id":"https:\/\/letrame.com\/catalogo\/#\/schema\/logo\/image\/","url":"https:\/\/letrame.com\/catalogo\/wp-content\/uploads\/2024\/03\/logo2.webp","contentUrl":"https:\/\/letrame.com\/catalogo\/wp-content\/uploads\/2024\/03\/logo2.webp","width":394,"height":128,"caption":"Catalogo | Letrame Grupo Editorial"},"image":{"@id":"https:\/\/letrame.com\/catalogo\/#\/schema\/logo\/image\/"}}]}},"_links":{"self":[{"href":"https:\/\/letrame.com\/catalogo\/wp-json\/wp\/v2\/product\/114469","targetHints":{"allow":["GET"]}}],"collection":[{"href":"https:\/\/letrame.com\/catalogo\/wp-json\/wp\/v2\/product"}],"about":[{"href":"https:\/\/letrame.com\/catalogo\/wp-json\/wp\/v2\/types\/product"}],"replies":[{"embeddable":true,"href":"https:\/\/letrame.com\/catalogo\/wp-json\/wp\/v2\/comments?post=114469"}],"acf:post":[{"embeddable":true,"href":"https:\/\/letrame.com\/catalogo\/wp-json\/wp\/v2\/author_book\/114470"}],"wp:featuredmedia":[{"embeddable":true,"href":"https:\/\/letrame.com\/catalogo\/wp-json\/wp\/v2\/media\/114472"}],"wp:attachment":[{"href":"https:\/\/letrame.com\/catalogo\/wp-json\/wp\/v2\/media?parent=114469"}],"wp:term":[{"taxonomy":"libro","embeddable":true,"href":"https:\/\/letrame.com\/catalogo\/wp-json\/wp\/v2\/libro?post=114469"},{"taxonomy":"product_brand","embeddable":true,"href":"https:\/\/letrame.com\/catalogo\/wp-json\/wp\/v2\/product_brand?post=114469"},{"taxonomy":"product_cat","embeddable":true,"href":"https:\/\/letrame.com\/catalogo\/wp-json\/wp\/v2\/product_cat?post=114469"},{"taxonomy":"product_tag","embeddable":true,"href":"https:\/\/letrame.com\/catalogo\/wp-json\/wp\/v2\/product_tag?post=114469"}],"curies":[{"name":"wp","href":"https:\/\/api.w.org\/{rel}","templated":true}]}}