{"id":114458,"date":"2026-09-01T19:49:41","date_gmt":"2026-09-01T17:49:41","guid":{"rendered":"https:\/\/letrame.com\/catalogo\/?post_type=product&#038;p=114458"},"modified":"2026-09-01T19:49:41","modified_gmt":"2026-09-01T17:49:41","slug":"manifestacion-cuantica-de-la-realidad","status":"publish","type":"product","link":"https:\/\/letrame.com\/catalogo\/producto\/manifestacion-cuantica-de-la-realidad\/","title":{"rendered":"Manifestaci\u00f3n Cu\u00e1ntica de la Realidad"},"content":{"rendered":"<p><strong>ISBN: 9791370632618<\/strong><br \/>\n<strong>T\u00edtulo: Manifestaci\u00f3n Cu\u00e1ntica de la Realidad<\/strong><br \/>\n<strong>Fecha: 2026<\/strong><br \/>\n<strong>P\u00e1ginas: 186<\/strong><\/p>\n<p><strong>SINOPSIS<\/strong><\/p>\n<p><strong>LA CIENCIA EXPLICA EL C\u00d3MO. LA CONCIENCIA CREA EL CU\u00c1NDO.<\/strong><\/p>\n<p>Este libro no es teor\u00eda. Es una gu\u00eda pr\u00e1ctica y profunda que une la f\u00edsica cu\u00e1ntica, la conciencia y la espiritualidad para revelar el principio fundamental que rige tu realidad.<\/p>\n<p><strong>DESCUBRIR\u00c1S C\u00d3MO:<\/strong><\/p>\n<p>Tus pensamientos y emociones interact\u00faan con el campo cu\u00e1ntico.<br \/>\nTu estado interno determina las experiencias que vives.<br \/>\nLa observaci\u00f3n consciente colapsa infinitas posibilidades en tu favor.<br \/>\nPuedes reprogramar tu realidad desde la 8D y manifestar desde tu verdadera identidad.<\/p>\n<p>La manifestaci\u00f3n cu\u00e1ntica no se trata de pedir, se trata de convertirte en la frecuencia de aquello que deseas experimentar.<\/p>\n<p>La realidad no responde al deseo, responde a tu estado interno.<\/p>\n<p><strong>MANUEL JES\u00daS RODR\u00cdGUEZ<\/strong><\/p>\n<p>Autor de conciencia, canalizador de informaci\u00f3n de octava dimensi\u00f3n y gu\u00eda en procesos de expansi\u00f3n consciente. Su misi\u00f3n es ayudar a miles de personas a recordar su poder creador, despertar su verdadera esencia y cocrear una nueva realidad basada en el amor, la verdad y la unidad.<\/p>\n<p>\u00abT\u00fa no viniste a este mundo a conformarte con una realidad impuesta. Viniste a recordar que eres el creador.\u00bb<\/p>\n<p>El poder siempre ha estado en ti.<\/p>\n","protected":false},"excerpt":{"rendered":"<p><strong>ISBN: 9791370632618<\/strong><\/p>\n<p><strong>SINOPSIS<\/strong><\/p>\n<p><strong>LA CIENCIA EXPLICA EL C\u00d3MO. LA CONCIENCIA CREA EL CU\u00c1NDO.<\/strong><\/p>\n<p>Este libro no es teor\u00eda. Es una gu\u00eda pr\u00e1ctica y profunda que une la f\u00edsica cu\u00e1ntica, la conciencia y la espiritualidad para revelar el principio fundamental que rige tu realidad.<\/p>\n<p><strong>DESCUBRIR\u00c1S C\u00d3MO:<\/strong><\/p>\n<p>Tus pensamientos y emociones interact\u00faan con el campo cu\u00e1ntico.<br \/>\nTu estado interno determina las experiencias que vives.<br \/>\nLa observaci\u00f3n consciente colapsa infinitas posibilidades en tu favor.<br \/>\nPuedes reprogramar tu realidad desde la 8D y manifestar desde tu verdadera identidad.<\/p>\n<p>La manifestaci\u00f3n cu\u00e1ntica no se trata de pedir, se trata de convertirte en la frecuencia de aquello que deseas experimentar.<\/p>\n<p>La realidad no responde al deseo, responde a tu estado interno.<\/p>\n<p><strong>MANUEL JES\u00daS RODR\u00cdGUEZ<\/strong><\/p>\n<p>Autor de conciencia, canalizador de informaci\u00f3n de octava dimensi\u00f3n y gu\u00eda en procesos de expansi\u00f3n consciente. Su misi\u00f3n es ayudar a miles de personas a recordar su poder creador, despertar su verdadera esencia y cocrear una nueva realidad basada en el amor, la verdad y la unidad.<\/p>\n<p>\u00abT\u00fa no viniste a este mundo a conformarte con una realidad impuesta. Viniste a recordar que eres el creador.\u00bb<\/p>\n<p>El poder siempre ha estado en ti.<\/p>\n","protected":false},"featured_media":114459,"comment_status":"open","ping_status":"closed","template":"","meta":{"_acf_changed":false},"libro":[],"product_brand":[],"product_cat":[25],"product_tag":[],"class_list":["post-114458","product","type-product","status-publish","has-post-thumbnail","product_cat-religion-y-espiritualidad","first","instock","shipping-taxable","product-type-simple"],"acf":{"autor":[112414],"enlace_de_compra":""},"yoast_head":"<!-- This site is optimized with the Yoast SEO plugin v27.4 - https:\/\/yoast.com\/product\/yoast-seo-wordpress\/ -->\n<title>Manifestaci\u00f3n Cu\u00e1ntica de la Realidad - Catalogo | Letrame Grupo Editorial<\/title>\n<meta name=\"robots\" content=\"index, follow, max-snippet:-1, max-image-preview:large, max-video-preview:-1\" \/>\n<link rel=\"canonical\" href=\"https:\/\/letrame.com\/catalogo\/producto\/manifestacion-cuantica-de-la-realidad\/\" \/>\n<meta property=\"og:locale\" content=\"es_ES\" \/>\n<meta property=\"og:type\" content=\"article\" \/>\n<meta property=\"og:title\" content=\"Manifestaci\u00f3n Cu\u00e1ntica de la Realidad - Catalogo | Letrame Grupo Editorial\" \/>\n<meta property=\"og:description\" content=\"ISBN: 9791370632618  SINOPSIS  LA CIENCIA EXPLICA EL C\u00d3MO. LA CONCIENCIA CREA EL CU\u00c1NDO.  Este libro no es teor\u00eda. Es una gu\u00eda pr\u00e1ctica y profunda que une la f\u00edsica cu\u00e1ntica, la conciencia y la espiritualidad para revelar el principio fundamental que rige tu realidad.  DESCUBRIR\u00c1S C\u00d3MO:  Tus pensamientos y emociones interact\u00faan con el campo cu\u00e1ntico. Tu estado interno determina las experiencias que vives. La observaci\u00f3n consciente colapsa infinitas posibilidades en tu favor. Puedes reprogramar tu realidad desde la 8D y manifestar desde tu verdadera identidad.  La manifestaci\u00f3n cu\u00e1ntica no se trata de pedir, se trata de convertirte en la frecuencia de aquello que deseas experimentar.  La realidad no responde al deseo, responde a tu estado interno.  MANUEL JES\u00daS RODR\u00cdGUEZ  Autor de conciencia, canalizador de informaci\u00f3n de octava dimensi\u00f3n y gu\u00eda en procesos de expansi\u00f3n consciente. Su misi\u00f3n es ayudar a miles de personas a recordar su poder creador, despertar su verdadera esencia y cocrear una nueva realidad basada en el amor, la verdad y la unidad.  &quot;T\u00fa no viniste a este mundo a conformarte con una realidad impuesta. Viniste a recordar que eres el creador.&quot;  El poder siempre ha estado en ti.\" \/>\n<meta property=\"og:url\" content=\"https:\/\/letrame.com\/catalogo\/producto\/manifestacion-cuantica-de-la-realidad\/\" \/>\n<meta property=\"og:site_name\" content=\"Catalogo | Letrame Grupo Editorial\" \/>\n<meta property=\"og:image\" content=\"https:\/\/letrame.com\/catalogo\/wp-content\/uploads\/2026\/09\/manifestacioncuantica_101mm4.jpg\" \/>\n\t<meta property=\"og:image:width\" content=\"803\" \/>\n\t<meta property=\"og:image:height\" content=\"1133\" \/>\n\t<meta property=\"og:image:type\" content=\"image\/jpeg\" \/>\n<meta name=\"twitter:card\" content=\"summary_large_image\" \/>\n<meta name=\"twitter:label1\" content=\"Tiempo de lectura\" \/>\n\t<meta name=\"twitter:data1\" content=\"1 minuto\" \/>\n<script type=\"application\/ld+json\" class=\"yoast-schema-graph\">{\"@context\":\"https:\\\/\\\/schema.org\",\"@graph\":[{\"@type\":\"WebPage\",\"@id\":\"https:\\\/\\\/letrame.com\\\/catalogo\\\/producto\\\/manifestacion-cuantica-de-la-realidad\\\/\",\"url\":\"https:\\\/\\\/letrame.com\\\/catalogo\\\/producto\\\/manifestacion-cuantica-de-la-realidad\\\/\",\"name\":\"Manifestaci\u00f3n Cu\u00e1ntica de la Realidad - Catalogo | Letrame Grupo Editorial\",\"isPartOf\":{\"@id\":\"https:\\\/\\\/letrame.com\\\/catalogo\\\/#website\"},\"primaryImageOfPage\":{\"@id\":\"https:\\\/\\\/letrame.com\\\/catalogo\\\/producto\\\/manifestacion-cuantica-de-la-realidad\\\/#primaryimage\"},\"image\":{\"@id\":\"https:\\\/\\\/letrame.com\\\/catalogo\\\/producto\\\/manifestacion-cuantica-de-la-realidad\\\/#primaryimage\"},\"thumbnailUrl\":\"https:\\\/\\\/letrame.com\\\/catalogo\\\/wp-content\\\/uploads\\\/2026\\\/09\\\/manifestacioncuantica_101mm4.jpg\",\"datePublished\":\"2026-09-01T17:49:41+00:00\",\"breadcrumb\":{\"@id\":\"https:\\\/\\\/letrame.com\\\/catalogo\\\/producto\\\/manifestacion-cuantica-de-la-realidad\\\/#breadcrumb\"},\"inLanguage\":\"es\",\"potentialAction\":[{\"@type\":\"ReadAction\",\"target\":[\"https:\\\/\\\/letrame.com\\\/catalogo\\\/producto\\\/manifestacion-cuantica-de-la-realidad\\\/\"]}]},{\"@type\":\"ImageObject\",\"inLanguage\":\"es\",\"@id\":\"https:\\\/\\\/letrame.com\\\/catalogo\\\/producto\\\/manifestacion-cuantica-de-la-realidad\\\/#primaryimage\",\"url\":\"https:\\\/\\\/letrame.com\\\/catalogo\\\/wp-content\\\/uploads\\\/2026\\\/09\\\/manifestacioncuantica_101mm4.jpg\",\"contentUrl\":\"https:\\\/\\\/letrame.com\\\/catalogo\\\/wp-content\\\/uploads\\\/2026\\\/09\\\/manifestacioncuantica_101mm4.jpg\",\"width\":803,\"height\":1133},{\"@type\":\"BreadcrumbList\",\"@id\":\"https:\\\/\\\/letrame.com\\\/catalogo\\\/producto\\\/manifestacion-cuantica-de-la-realidad\\\/#breadcrumb\",\"itemListElement\":[{\"@type\":\"ListItem\",\"position\":1,\"name\":\"Portada\",\"item\":\"https:\\\/\\\/letrame.com\\\/catalogo\\\/\"},{\"@type\":\"ListItem\",\"position\":2,\"name\":\"Cat\u00e1logo\",\"item\":\"https:\\\/\\\/letrame.com\\\/catalogo\\\/\"},{\"@type\":\"ListItem\",\"position\":3,\"name\":\"Manifestaci\u00f3n Cu\u00e1ntica de la Realidad\"}]},{\"@type\":\"WebSite\",\"@id\":\"https:\\\/\\\/letrame.com\\\/catalogo\\\/#website\",\"url\":\"https:\\\/\\\/letrame.com\\\/catalogo\\\/\",\"name\":\"Catalogo | Letrame Grupo Editorial\",\"description\":\"\",\"publisher\":{\"@id\":\"https:\\\/\\\/letrame.com\\\/catalogo\\\/#organization\"},\"potentialAction\":[{\"@type\":\"SearchAction\",\"target\":{\"@type\":\"EntryPoint\",\"urlTemplate\":\"https:\\\/\\\/letrame.com\\\/catalogo\\\/?s={search_term_string}\"},\"query-input\":{\"@type\":\"PropertyValueSpecification\",\"valueRequired\":true,\"valueName\":\"search_term_string\"}}],\"inLanguage\":\"es\"},{\"@type\":\"Organization\",\"@id\":\"https:\\\/\\\/letrame.com\\\/catalogo\\\/#organization\",\"name\":\"Catalogo | Letrame Grupo Editorial\",\"url\":\"https:\\\/\\\/letrame.com\\\/catalogo\\\/\",\"logo\":{\"@type\":\"ImageObject\",\"inLanguage\":\"es\",\"@id\":\"https:\\\/\\\/letrame.com\\\/catalogo\\\/#\\\/schema\\\/logo\\\/image\\\/\",\"url\":\"https:\\\/\\\/letrame.com\\\/catalogo\\\/wp-content\\\/uploads\\\/2024\\\/03\\\/logo2.webp\",\"contentUrl\":\"https:\\\/\\\/letrame.com\\\/catalogo\\\/wp-content\\\/uploads\\\/2024\\\/03\\\/logo2.webp\",\"width\":394,\"height\":128,\"caption\":\"Catalogo | Letrame Grupo Editorial\"},\"image\":{\"@id\":\"https:\\\/\\\/letrame.com\\\/catalogo\\\/#\\\/schema\\\/logo\\\/image\\\/\"}}]}<\/script>\n<!-- \/ Yoast SEO plugin. -->","yoast_head_json":{"title":"Manifestaci\u00f3n Cu\u00e1ntica de la Realidad - Catalogo | Letrame Grupo Editorial","robots":{"index":"index","follow":"follow","max-snippet":"max-snippet:-1","max-image-preview":"max-image-preview:large","max-video-preview":"max-video-preview:-1"},"canonical":"https:\/\/letrame.com\/catalogo\/producto\/manifestacion-cuantica-de-la-realidad\/","og_locale":"es_ES","og_type":"article","og_title":"Manifestaci\u00f3n Cu\u00e1ntica de la Realidad - Catalogo | Letrame Grupo Editorial","og_description":"ISBN: 9791370632618  SINOPSIS  LA CIENCIA EXPLICA EL C\u00d3MO. LA CONCIENCIA CREA EL CU\u00c1NDO.  Este libro no es teor\u00eda. Es una gu\u00eda pr\u00e1ctica y profunda que une la f\u00edsica cu\u00e1ntica, la conciencia y la espiritualidad para revelar el principio fundamental que rige tu realidad.  DESCUBRIR\u00c1S C\u00d3MO:  Tus pensamientos y emociones interact\u00faan con el campo cu\u00e1ntico. Tu estado interno determina las experiencias que vives. La observaci\u00f3n consciente colapsa infinitas posibilidades en tu favor. Puedes reprogramar tu realidad desde la 8D y manifestar desde tu verdadera identidad.  La manifestaci\u00f3n cu\u00e1ntica no se trata de pedir, se trata de convertirte en la frecuencia de aquello que deseas experimentar.  La realidad no responde al deseo, responde a tu estado interno.  MANUEL JES\u00daS RODR\u00cdGUEZ  Autor de conciencia, canalizador de informaci\u00f3n de octava dimensi\u00f3n y gu\u00eda en procesos de expansi\u00f3n consciente. Su misi\u00f3n es ayudar a miles de personas a recordar su poder creador, despertar su verdadera esencia y cocrear una nueva realidad basada en el amor, la verdad y la unidad.  \"T\u00fa no viniste a este mundo a conformarte con una realidad impuesta. Viniste a recordar que eres el creador.\"  El poder siempre ha estado en ti.","og_url":"https:\/\/letrame.com\/catalogo\/producto\/manifestacion-cuantica-de-la-realidad\/","og_site_name":"Catalogo | Letrame Grupo Editorial","og_image":[{"width":803,"height":1133,"url":"https:\/\/letrame.com\/catalogo\/wp-content\/uploads\/2026\/09\/manifestacioncuantica_101mm4.jpg","type":"image\/jpeg"}],"twitter_card":"summary_large_image","twitter_misc":{"Tiempo de lectura":"1 minuto"},"schema":{"@context":"https:\/\/schema.org","@graph":[{"@type":"WebPage","@id":"https:\/\/letrame.com\/catalogo\/producto\/manifestacion-cuantica-de-la-realidad\/","url":"https:\/\/letrame.com\/catalogo\/producto\/manifestacion-cuantica-de-la-realidad\/","name":"Manifestaci\u00f3n Cu\u00e1ntica de la Realidad - Catalogo | Letrame Grupo Editorial","isPartOf":{"@id":"https:\/\/letrame.com\/catalogo\/#website"},"primaryImageOfPage":{"@id":"https:\/\/letrame.com\/catalogo\/producto\/manifestacion-cuantica-de-la-realidad\/#primaryimage"},"image":{"@id":"https:\/\/letrame.com\/catalogo\/producto\/manifestacion-cuantica-de-la-realidad\/#primaryimage"},"thumbnailUrl":"https:\/\/letrame.com\/catalogo\/wp-content\/uploads\/2026\/09\/manifestacioncuantica_101mm4.jpg","datePublished":"2026-09-01T17:49:41+00:00","breadcrumb":{"@id":"https:\/\/letrame.com\/catalogo\/producto\/manifestacion-cuantica-de-la-realidad\/#breadcrumb"},"inLanguage":"es","potentialAction":[{"@type":"ReadAction","target":["https:\/\/letrame.com\/catalogo\/producto\/manifestacion-cuantica-de-la-realidad\/"]}]},{"@type":"ImageObject","inLanguage":"es","@id":"https:\/\/letrame.com\/catalogo\/producto\/manifestacion-cuantica-de-la-realidad\/#primaryimage","url":"https:\/\/letrame.com\/catalogo\/wp-content\/uploads\/2026\/09\/manifestacioncuantica_101mm4.jpg","contentUrl":"https:\/\/letrame.com\/catalogo\/wp-content\/uploads\/2026\/09\/manifestacioncuantica_101mm4.jpg","width":803,"height":1133},{"@type":"BreadcrumbList","@id":"https:\/\/letrame.com\/catalogo\/producto\/manifestacion-cuantica-de-la-realidad\/#breadcrumb","itemListElement":[{"@type":"ListItem","position":1,"name":"Portada","item":"https:\/\/letrame.com\/catalogo\/"},{"@type":"ListItem","position":2,"name":"Cat\u00e1logo","item":"https:\/\/letrame.com\/catalogo\/"},{"@type":"ListItem","position":3,"name":"Manifestaci\u00f3n Cu\u00e1ntica de la Realidad"}]},{"@type":"WebSite","@id":"https:\/\/letrame.com\/catalogo\/#website","url":"https:\/\/letrame.com\/catalogo\/","name":"Catalogo | Letrame Grupo Editorial","description":"","publisher":{"@id":"https:\/\/letrame.com\/catalogo\/#organization"},"potentialAction":[{"@type":"SearchAction","target":{"@type":"EntryPoint","urlTemplate":"https:\/\/letrame.com\/catalogo\/?s={search_term_string}"},"query-input":{"@type":"PropertyValueSpecification","valueRequired":true,"valueName":"search_term_string"}}],"inLanguage":"es"},{"@type":"Organization","@id":"https:\/\/letrame.com\/catalogo\/#organization","name":"Catalogo | Letrame Grupo Editorial","url":"https:\/\/letrame.com\/catalogo\/","logo":{"@type":"ImageObject","inLanguage":"es","@id":"https:\/\/letrame.com\/catalogo\/#\/schema\/logo\/image\/","url":"https:\/\/letrame.com\/catalogo\/wp-content\/uploads\/2024\/03\/logo2.webp","contentUrl":"https:\/\/letrame.com\/catalogo\/wp-content\/uploads\/2024\/03\/logo2.webp","width":394,"height":128,"caption":"Catalogo | Letrame Grupo Editorial"},"image":{"@id":"https:\/\/letrame.com\/catalogo\/#\/schema\/logo\/image\/"}}]}},"_links":{"self":[{"href":"https:\/\/letrame.com\/catalogo\/wp-json\/wp\/v2\/product\/114458","targetHints":{"allow":["GET"]}}],"collection":[{"href":"https:\/\/letrame.com\/catalogo\/wp-json\/wp\/v2\/product"}],"about":[{"href":"https:\/\/letrame.com\/catalogo\/wp-json\/wp\/v2\/types\/product"}],"replies":[{"embeddable":true,"href":"https:\/\/letrame.com\/catalogo\/wp-json\/wp\/v2\/comments?post=114458"}],"acf:post":[{"embeddable":true,"href":"https:\/\/letrame.com\/catalogo\/wp-json\/wp\/v2\/author_book\/112414"}],"wp:featuredmedia":[{"embeddable":true,"href":"https:\/\/letrame.com\/catalogo\/wp-json\/wp\/v2\/media\/114459"}],"wp:attachment":[{"href":"https:\/\/letrame.com\/catalogo\/wp-json\/wp\/v2\/media?parent=114458"}],"wp:term":[{"taxonomy":"libro","embeddable":true,"href":"https:\/\/letrame.com\/catalogo\/wp-json\/wp\/v2\/libro?post=114458"},{"taxonomy":"product_brand","embeddable":true,"href":"https:\/\/letrame.com\/catalogo\/wp-json\/wp\/v2\/product_brand?post=114458"},{"taxonomy":"product_cat","embeddable":true,"href":"https:\/\/letrame.com\/catalogo\/wp-json\/wp\/v2\/product_cat?post=114458"},{"taxonomy":"product_tag","embeddable":true,"href":"https:\/\/letrame.com\/catalogo\/wp-json\/wp\/v2\/product_tag?post=114458"}],"curies":[{"name":"wp","href":"https:\/\/api.w.org\/{rel}","templated":true}]}}