{"id":114394,"date":"2026-09-01T10:12:04","date_gmt":"2026-09-01T08:12:04","guid":{"rendered":"https:\/\/letrame.com\/catalogo\/?post_type=product&#038;p=114394"},"modified":"2026-09-01T10:12:04","modified_gmt":"2026-09-01T08:12:04","slug":"la-rebelion-de-las-almas","status":"publish","type":"product","link":"https:\/\/letrame.com\/catalogo\/producto\/la-rebelion-de-las-almas\/","title":{"rendered":"La rebeli\u00f3n de las almas"},"content":{"rendered":"<p><strong>ISBN: 9791370544195<\/strong><br \/>\n<strong>T\u00edtulo: La rebeli\u00f3n de las almas<\/strong><br \/>\n<strong>Fecha: 2026<\/strong><br \/>\n<strong>P\u00e1ginas: 354<\/strong><\/p>\n<p><strong>SINOPSIS<\/strong><\/p>\n<p>\u00bfEst\u00e1s listo para recordar?<\/p>\n<p>Una historia que no leer\u00e1s. Te leer\u00e1 a ti<\/p>\n<p>Yosue es un hombre corriente cuya vida da un giro irreversible al ser elegido, junto a una misteriosa mujer llamada Nyara, para formar parte de una misi\u00f3n secreta que promete cambiar el destino de la humanidad. Detr\u00e1s de esta convocatoria se encuentra el enigm\u00e1tico \u00abComit\u00e9 de los Nueve\u00bb, una red internacional que opera en las sombras con el objetivo de despertar la conciencia colectiva y derrumbar un sistema basado en el enga\u00f1o, el miedo y la ignorancia. Aunque aceptar la misi\u00f3n implica adentrarse en un juego peligroso, donde cada paso est\u00e1 vigilado. Cada verdad revelada puede tener consecuencias imprevisibles.<\/p>\n<p>A trav\u00e9s de viajes por distintos lugares del mundo, encuentros con expertos, sabios, figuras clave, y la recopilaci\u00f3n de conocimientos ocultos que conectan la ciencia, la espiritualidad e historia, Yosue y Nyara tendran que reconstruir un puzle que trasciende lo visible. Sin embargo, pronto descubrir\u00e1n que no solo investigan el mundo\u2026 tambi\u00e9n son puestos a prueba.<\/p>\n<p>Entre conspiraciones globales, dualidades que enfrentan luz y oscuridad, y una constante sensaci\u00f3n de amenaza, La rebeli\u00f3n de las almas es una novela que mezcla aventura, misterio y reflexi\u00f3n espiritual. Nos invita a cuestionar la realidad, el poder y el verdadero papel del ser humano en un momento cr\u00edtico de la historia. Quiz\u00e1 la mayor rebeli\u00f3n no sea contra el sistema\u2026 sino contra el olvido de qui\u00e9nes somos.<\/p>\n","protected":false},"excerpt":{"rendered":"<p><strong>ISBN: 9791370544195<\/strong><\/p>\n<p><strong>SINOPSIS<\/strong><\/p>\n<p>\u00bfEst\u00e1s listo para recordar?<\/p>\n<p>Una historia que no leer\u00e1s. Te leer\u00e1 a ti<\/p>\n<p>Yosue es un hombre corriente cuya vida da un giro irreversible al ser elegido, junto a una misteriosa mujer llamada Nyara, para formar parte de una misi\u00f3n secreta que promete cambiar el destino de la humanidad. Detr\u00e1s de esta convocatoria se encuentra el enigm\u00e1tico \u00abComit\u00e9 de los Nueve\u00bb, una red internacional que opera en las sombras con el objetivo de despertar la conciencia colectiva y derrumbar un sistema basado en el enga\u00f1o, el miedo y la ignorancia. Aunque aceptar la misi\u00f3n implica adentrarse en un juego peligroso, donde cada paso est\u00e1 vigilado. Cada verdad revelada puede tener consecuencias imprevisibles.<\/p>\n<p>A trav\u00e9s de viajes por distintos lugares del mundo, encuentros con expertos, sabios, figuras clave, y la recopilaci\u00f3n de conocimientos ocultos que conectan la ciencia, la espiritualidad e historia, Yosue y Nyara tendran que reconstruir un puzle que trasciende lo visible. Sin embargo, pronto descubrir\u00e1n que no solo investigan el mundo\u2026 tambi\u00e9n son puestos a prueba.<\/p>\n<p>Entre conspiraciones globales, dualidades que enfrentan luz y oscuridad, y una constante sensaci\u00f3n de amenaza, La rebeli\u00f3n de las almas es una novela que mezcla aventura, misterio y reflexi\u00f3n espiritual. Nos invita a cuestionar la realidad, el poder y el verdadero papel del ser humano en un momento cr\u00edtico de la historia. Quiz\u00e1 la mayor rebeli\u00f3n no sea contra el sistema\u2026 sino contra el olvido de qui\u00e9nes somos.<\/p>\n","protected":false},"featured_media":114399,"comment_status":"open","ping_status":"closed","template":"","meta":{"_acf_changed":false},"libro":[],"product_brand":[],"product_cat":[141],"product_tag":[],"class_list":["post-114394","product","type-product","status-publish","has-post-thumbnail","product_cat-ficcion","first","instock","shipping-taxable","product-type-simple"],"acf":{"autor":[114395],"enlace_de_compra":""},"yoast_head":"<!-- This site is optimized with the Yoast SEO plugin v27.4 - https:\/\/yoast.com\/product\/yoast-seo-wordpress\/ -->\n<title>La rebeli\u00f3n de las almas - Catalogo | Letrame Grupo Editorial<\/title>\n<meta name=\"robots\" content=\"index, follow, max-snippet:-1, max-image-preview:large, max-video-preview:-1\" \/>\n<link rel=\"canonical\" href=\"https:\/\/letrame.com\/catalogo\/producto\/la-rebelion-de-las-almas\/\" \/>\n<meta property=\"og:locale\" content=\"es_ES\" \/>\n<meta property=\"og:type\" content=\"article\" \/>\n<meta property=\"og:title\" content=\"La rebeli\u00f3n de las almas - Catalogo | Letrame Grupo Editorial\" \/>\n<meta property=\"og:description\" content=\"ISBN: 9791370544195  SINOPSIS  \u00bfEst\u00e1s listo para recordar?  Una historia que no leer\u00e1s. Te leer\u00e1 a ti  Yosue es un hombre corriente cuya vida da un giro irreversible al ser elegido, junto a una misteriosa mujer llamada Nyara, para formar parte de una misi\u00f3n secreta que promete cambiar el destino de la humanidad. Detr\u00e1s de esta convocatoria se encuentra el enigm\u00e1tico \u00abComit\u00e9 de los Nueve\u00bb, una red internacional que opera en las sombras con el objetivo de despertar la conciencia colectiva y derrumbar un sistema basado en el enga\u00f1o, el miedo y la ignorancia. Aunque aceptar la misi\u00f3n implica adentrarse en un juego peligroso, donde cada paso est\u00e1 vigilado. Cada verdad revelada puede tener consecuencias imprevisibles.  A trav\u00e9s de viajes por distintos lugares del mundo, encuentros con expertos, sabios, figuras clave, y la recopilaci\u00f3n de conocimientos ocultos que conectan la ciencia, la espiritualidad e historia, Yosue y Nyara tendran que reconstruir un puzle que trasciende lo visible. Sin embargo, pronto descubrir\u00e1n que no solo investigan el mundo\u2026 tambi\u00e9n son puestos a prueba.  Entre conspiraciones globales, dualidades que enfrentan luz y oscuridad, y una constante sensaci\u00f3n de amenaza, La rebeli\u00f3n de las almas es una novela que mezcla aventura, misterio y reflexi\u00f3n espiritual. Nos invita a cuestionar la realidad, el poder y el verdadero papel del ser humano en un momento cr\u00edtico de la historia. Quiz\u00e1 la mayor rebeli\u00f3n no sea contra el sistema\u2026 sino contra el olvido de qui\u00e9nes somos.\" \/>\n<meta property=\"og:url\" content=\"https:\/\/letrame.com\/catalogo\/producto\/la-rebelion-de-las-almas\/\" \/>\n<meta property=\"og:site_name\" content=\"Catalogo | Letrame Grupo Editorial\" \/>\n<meta property=\"og:image\" content=\"https:\/\/letrame.com\/catalogo\/wp-content\/uploads\/2026\/09\/Larebeliondelasalmas_1756mm4.jpg\" \/>\n\t<meta property=\"og:image:width\" content=\"886\" \/>\n\t<meta property=\"og:image:height\" content=\"1240\" \/>\n\t<meta property=\"og:image:type\" content=\"image\/jpeg\" \/>\n<meta name=\"twitter:card\" content=\"summary_large_image\" \/>\n<meta name=\"twitter:label1\" content=\"Tiempo de lectura\" \/>\n\t<meta name=\"twitter:data1\" content=\"2 minutos\" \/>\n<script type=\"application\/ld+json\" class=\"yoast-schema-graph\">{\"@context\":\"https:\\\/\\\/schema.org\",\"@graph\":[{\"@type\":\"WebPage\",\"@id\":\"https:\\\/\\\/letrame.com\\\/catalogo\\\/producto\\\/la-rebelion-de-las-almas\\\/\",\"url\":\"https:\\\/\\\/letrame.com\\\/catalogo\\\/producto\\\/la-rebelion-de-las-almas\\\/\",\"name\":\"La rebeli\u00f3n de las almas - Catalogo | Letrame Grupo Editorial\",\"isPartOf\":{\"@id\":\"https:\\\/\\\/letrame.com\\\/catalogo\\\/#website\"},\"primaryImageOfPage\":{\"@id\":\"https:\\\/\\\/letrame.com\\\/catalogo\\\/producto\\\/la-rebelion-de-las-almas\\\/#primaryimage\"},\"image\":{\"@id\":\"https:\\\/\\\/letrame.com\\\/catalogo\\\/producto\\\/la-rebelion-de-las-almas\\\/#primaryimage\"},\"thumbnailUrl\":\"https:\\\/\\\/letrame.com\\\/catalogo\\\/wp-content\\\/uploads\\\/2026\\\/09\\\/Larebeliondelasalmas_1756mm4.jpg\",\"datePublished\":\"2026-09-01T08:12:04+00:00\",\"breadcrumb\":{\"@id\":\"https:\\\/\\\/letrame.com\\\/catalogo\\\/producto\\\/la-rebelion-de-las-almas\\\/#breadcrumb\"},\"inLanguage\":\"es\",\"potentialAction\":[{\"@type\":\"ReadAction\",\"target\":[\"https:\\\/\\\/letrame.com\\\/catalogo\\\/producto\\\/la-rebelion-de-las-almas\\\/\"]}]},{\"@type\":\"ImageObject\",\"inLanguage\":\"es\",\"@id\":\"https:\\\/\\\/letrame.com\\\/catalogo\\\/producto\\\/la-rebelion-de-las-almas\\\/#primaryimage\",\"url\":\"https:\\\/\\\/letrame.com\\\/catalogo\\\/wp-content\\\/uploads\\\/2026\\\/09\\\/Larebeliondelasalmas_1756mm4.jpg\",\"contentUrl\":\"https:\\\/\\\/letrame.com\\\/catalogo\\\/wp-content\\\/uploads\\\/2026\\\/09\\\/Larebeliondelasalmas_1756mm4.jpg\",\"width\":886,\"height\":1240},{\"@type\":\"BreadcrumbList\",\"@id\":\"https:\\\/\\\/letrame.com\\\/catalogo\\\/producto\\\/la-rebelion-de-las-almas\\\/#breadcrumb\",\"itemListElement\":[{\"@type\":\"ListItem\",\"position\":1,\"name\":\"Portada\",\"item\":\"https:\\\/\\\/letrame.com\\\/catalogo\\\/\"},{\"@type\":\"ListItem\",\"position\":2,\"name\":\"Cat\u00e1logo\",\"item\":\"https:\\\/\\\/letrame.com\\\/catalogo\\\/\"},{\"@type\":\"ListItem\",\"position\":3,\"name\":\"La rebeli\u00f3n de las almas\"}]},{\"@type\":\"WebSite\",\"@id\":\"https:\\\/\\\/letrame.com\\\/catalogo\\\/#website\",\"url\":\"https:\\\/\\\/letrame.com\\\/catalogo\\\/\",\"name\":\"Catalogo | Letrame Grupo Editorial\",\"description\":\"\",\"publisher\":{\"@id\":\"https:\\\/\\\/letrame.com\\\/catalogo\\\/#organization\"},\"potentialAction\":[{\"@type\":\"SearchAction\",\"target\":{\"@type\":\"EntryPoint\",\"urlTemplate\":\"https:\\\/\\\/letrame.com\\\/catalogo\\\/?s={search_term_string}\"},\"query-input\":{\"@type\":\"PropertyValueSpecification\",\"valueRequired\":true,\"valueName\":\"search_term_string\"}}],\"inLanguage\":\"es\"},{\"@type\":\"Organization\",\"@id\":\"https:\\\/\\\/letrame.com\\\/catalogo\\\/#organization\",\"name\":\"Catalogo | Letrame Grupo Editorial\",\"url\":\"https:\\\/\\\/letrame.com\\\/catalogo\\\/\",\"logo\":{\"@type\":\"ImageObject\",\"inLanguage\":\"es\",\"@id\":\"https:\\\/\\\/letrame.com\\\/catalogo\\\/#\\\/schema\\\/logo\\\/image\\\/\",\"url\":\"https:\\\/\\\/letrame.com\\\/catalogo\\\/wp-content\\\/uploads\\\/2024\\\/03\\\/logo2.webp\",\"contentUrl\":\"https:\\\/\\\/letrame.com\\\/catalogo\\\/wp-content\\\/uploads\\\/2024\\\/03\\\/logo2.webp\",\"width\":394,\"height\":128,\"caption\":\"Catalogo | Letrame Grupo Editorial\"},\"image\":{\"@id\":\"https:\\\/\\\/letrame.com\\\/catalogo\\\/#\\\/schema\\\/logo\\\/image\\\/\"}}]}<\/script>\n<!-- \/ Yoast SEO plugin. -->","yoast_head_json":{"title":"La rebeli\u00f3n de las almas - Catalogo | Letrame Grupo Editorial","robots":{"index":"index","follow":"follow","max-snippet":"max-snippet:-1","max-image-preview":"max-image-preview:large","max-video-preview":"max-video-preview:-1"},"canonical":"https:\/\/letrame.com\/catalogo\/producto\/la-rebelion-de-las-almas\/","og_locale":"es_ES","og_type":"article","og_title":"La rebeli\u00f3n de las almas - Catalogo | Letrame Grupo Editorial","og_description":"ISBN: 9791370544195  SINOPSIS  \u00bfEst\u00e1s listo para recordar?  Una historia que no leer\u00e1s. Te leer\u00e1 a ti  Yosue es un hombre corriente cuya vida da un giro irreversible al ser elegido, junto a una misteriosa mujer llamada Nyara, para formar parte de una misi\u00f3n secreta que promete cambiar el destino de la humanidad. Detr\u00e1s de esta convocatoria se encuentra el enigm\u00e1tico \u00abComit\u00e9 de los Nueve\u00bb, una red internacional que opera en las sombras con el objetivo de despertar la conciencia colectiva y derrumbar un sistema basado en el enga\u00f1o, el miedo y la ignorancia. Aunque aceptar la misi\u00f3n implica adentrarse en un juego peligroso, donde cada paso est\u00e1 vigilado. Cada verdad revelada puede tener consecuencias imprevisibles.  A trav\u00e9s de viajes por distintos lugares del mundo, encuentros con expertos, sabios, figuras clave, y la recopilaci\u00f3n de conocimientos ocultos que conectan la ciencia, la espiritualidad e historia, Yosue y Nyara tendran que reconstruir un puzle que trasciende lo visible. Sin embargo, pronto descubrir\u00e1n que no solo investigan el mundo\u2026 tambi\u00e9n son puestos a prueba.  Entre conspiraciones globales, dualidades que enfrentan luz y oscuridad, y una constante sensaci\u00f3n de amenaza, La rebeli\u00f3n de las almas es una novela que mezcla aventura, misterio y reflexi\u00f3n espiritual. Nos invita a cuestionar la realidad, el poder y el verdadero papel del ser humano en un momento cr\u00edtico de la historia. Quiz\u00e1 la mayor rebeli\u00f3n no sea contra el sistema\u2026 sino contra el olvido de qui\u00e9nes somos.","og_url":"https:\/\/letrame.com\/catalogo\/producto\/la-rebelion-de-las-almas\/","og_site_name":"Catalogo | Letrame Grupo Editorial","og_image":[{"width":886,"height":1240,"url":"https:\/\/letrame.com\/catalogo\/wp-content\/uploads\/2026\/09\/Larebeliondelasalmas_1756mm4.jpg","type":"image\/jpeg"}],"twitter_card":"summary_large_image","twitter_misc":{"Tiempo de lectura":"2 minutos"},"schema":{"@context":"https:\/\/schema.org","@graph":[{"@type":"WebPage","@id":"https:\/\/letrame.com\/catalogo\/producto\/la-rebelion-de-las-almas\/","url":"https:\/\/letrame.com\/catalogo\/producto\/la-rebelion-de-las-almas\/","name":"La rebeli\u00f3n de las almas - Catalogo | Letrame Grupo Editorial","isPartOf":{"@id":"https:\/\/letrame.com\/catalogo\/#website"},"primaryImageOfPage":{"@id":"https:\/\/letrame.com\/catalogo\/producto\/la-rebelion-de-las-almas\/#primaryimage"},"image":{"@id":"https:\/\/letrame.com\/catalogo\/producto\/la-rebelion-de-las-almas\/#primaryimage"},"thumbnailUrl":"https:\/\/letrame.com\/catalogo\/wp-content\/uploads\/2026\/09\/Larebeliondelasalmas_1756mm4.jpg","datePublished":"2026-09-01T08:12:04+00:00","breadcrumb":{"@id":"https:\/\/letrame.com\/catalogo\/producto\/la-rebelion-de-las-almas\/#breadcrumb"},"inLanguage":"es","potentialAction":[{"@type":"ReadAction","target":["https:\/\/letrame.com\/catalogo\/producto\/la-rebelion-de-las-almas\/"]}]},{"@type":"ImageObject","inLanguage":"es","@id":"https:\/\/letrame.com\/catalogo\/producto\/la-rebelion-de-las-almas\/#primaryimage","url":"https:\/\/letrame.com\/catalogo\/wp-content\/uploads\/2026\/09\/Larebeliondelasalmas_1756mm4.jpg","contentUrl":"https:\/\/letrame.com\/catalogo\/wp-content\/uploads\/2026\/09\/Larebeliondelasalmas_1756mm4.jpg","width":886,"height":1240},{"@type":"BreadcrumbList","@id":"https:\/\/letrame.com\/catalogo\/producto\/la-rebelion-de-las-almas\/#breadcrumb","itemListElement":[{"@type":"ListItem","position":1,"name":"Portada","item":"https:\/\/letrame.com\/catalogo\/"},{"@type":"ListItem","position":2,"name":"Cat\u00e1logo","item":"https:\/\/letrame.com\/catalogo\/"},{"@type":"ListItem","position":3,"name":"La rebeli\u00f3n de las almas"}]},{"@type":"WebSite","@id":"https:\/\/letrame.com\/catalogo\/#website","url":"https:\/\/letrame.com\/catalogo\/","name":"Catalogo | Letrame Grupo Editorial","description":"","publisher":{"@id":"https:\/\/letrame.com\/catalogo\/#organization"},"potentialAction":[{"@type":"SearchAction","target":{"@type":"EntryPoint","urlTemplate":"https:\/\/letrame.com\/catalogo\/?s={search_term_string}"},"query-input":{"@type":"PropertyValueSpecification","valueRequired":true,"valueName":"search_term_string"}}],"inLanguage":"es"},{"@type":"Organization","@id":"https:\/\/letrame.com\/catalogo\/#organization","name":"Catalogo | Letrame Grupo Editorial","url":"https:\/\/letrame.com\/catalogo\/","logo":{"@type":"ImageObject","inLanguage":"es","@id":"https:\/\/letrame.com\/catalogo\/#\/schema\/logo\/image\/","url":"https:\/\/letrame.com\/catalogo\/wp-content\/uploads\/2024\/03\/logo2.webp","contentUrl":"https:\/\/letrame.com\/catalogo\/wp-content\/uploads\/2024\/03\/logo2.webp","width":394,"height":128,"caption":"Catalogo | Letrame Grupo Editorial"},"image":{"@id":"https:\/\/letrame.com\/catalogo\/#\/schema\/logo\/image\/"}}]}},"_links":{"self":[{"href":"https:\/\/letrame.com\/catalogo\/wp-json\/wp\/v2\/product\/114394","targetHints":{"allow":["GET"]}}],"collection":[{"href":"https:\/\/letrame.com\/catalogo\/wp-json\/wp\/v2\/product"}],"about":[{"href":"https:\/\/letrame.com\/catalogo\/wp-json\/wp\/v2\/types\/product"}],"replies":[{"embeddable":true,"href":"https:\/\/letrame.com\/catalogo\/wp-json\/wp\/v2\/comments?post=114394"}],"acf:post":[{"embeddable":true,"href":"https:\/\/letrame.com\/catalogo\/wp-json\/wp\/v2\/author_book\/114395"}],"wp:featuredmedia":[{"embeddable":true,"href":"https:\/\/letrame.com\/catalogo\/wp-json\/wp\/v2\/media\/114399"}],"wp:attachment":[{"href":"https:\/\/letrame.com\/catalogo\/wp-json\/wp\/v2\/media?parent=114394"}],"wp:term":[{"taxonomy":"libro","embeddable":true,"href":"https:\/\/letrame.com\/catalogo\/wp-json\/wp\/v2\/libro?post=114394"},{"taxonomy":"product_brand","embeddable":true,"href":"https:\/\/letrame.com\/catalogo\/wp-json\/wp\/v2\/product_brand?post=114394"},{"taxonomy":"product_cat","embeddable":true,"href":"https:\/\/letrame.com\/catalogo\/wp-json\/wp\/v2\/product_cat?post=114394"},{"taxonomy":"product_tag","embeddable":true,"href":"https:\/\/letrame.com\/catalogo\/wp-json\/wp\/v2\/product_tag?post=114394"}],"curies":[{"name":"wp","href":"https:\/\/api.w.org\/{rel}","templated":true}]}}