{"id":114377,"date":"2026-08-31T16:56:09","date_gmt":"2026-08-31T14:56:09","guid":{"rendered":"https:\/\/letrame.com\/catalogo\/?post_type=product&#038;p=114377"},"modified":"2026-08-31T16:56:10","modified_gmt":"2026-08-31T14:56:10","slug":"todo-lo-veo-azul","status":"publish","type":"product","link":"https:\/\/letrame.com\/catalogo\/producto\/todo-lo-veo-azul\/","title":{"rendered":"Todo lo veo azul"},"content":{"rendered":"<p><strong>ISBN: 9791370546656<\/strong><br \/>\n<strong>T\u00edtulo: Todo lo veo azul<\/strong><br \/>\n<strong>Fecha: 2026<\/strong><br \/>\n<strong>P\u00e1ginas: 166<\/strong><\/p>\n<p><strong>SINOPSIS<\/strong><\/p>\n<p dir=\"ltr\">Al cabo de dos d\u00e9cadas sale a la luz este libro autobiogr\u00e1fico, gracias a mi empe\u00f1o y a Letrame, Espa\u00f1a. En M\u00e9xico, pese a que lo leyeron varias personas, incluso editores, no tuvo aceptaci\u00f3n. La mayor\u00eda dec\u00eda que era bueno, que les hab\u00eda atrapado, pero que no encajaba. Letrame me advirti\u00f3 que ten\u00eda que pasar por un dictamen y el libro fue admitido para su publicaci\u00f3n en 2022. Debo mencionar que a un lector que vive en Nueva York le gust\u00f3, lo tradujo al ingl\u00e9s y existe el manuscrito.<\/p>\n<p dir=\"ltr\">Todo lo veo azul fue escrito a modo de diario y en su integridad constituye un episodio que concentra las m\u00faltiples facetas que encarna la enfermedad mental hoy catalogada como Trastorno Afectivo Bipolar del Tipo 1, antes denominada enfermedad Maniaco Depresiva. El texto seguramente no encaj\u00f3 porque est\u00e1 escrito desde el punto de vista del paciente -no del psiquiatra, cient\u00edfico, terapeuta, familiar o cuidador. Es decir, el estilo y la escritura del libro imitan y reproducen el comportamiento del enfermo.<\/p>\n<p dir=\"ltr\">La psiquiatra Doris Guti\u00e9rrez Mora, Jefa de Trastornos Afectivos del Instituto Nacional de Psiquiatr\u00eda Ram\u00f3n de la Fuente Mu\u00f1\u00edz de la CDMX, despu\u00e9s de haberlo le\u00eddo, dijo que no era f\u00e1cil escribir sobre la locura y que el relato le recordaba la escritura de Laura Restrepo (Bogot\u00e1, 1950). \u00bfQui\u00e9n no ha escrito sobre y desde la locura? Como estudiante de Letras Modernas Inglesas, toda proporci\u00f3n guardada, mi fuente de inspiraci\u00f3n estil\u00edstica y biogr\u00e1fica, fue Virginia Woolf, diagnosticada con la enfermedad y muerta por suicidio.<\/p>\n<p dir=\"ltr\">La psiquiatr\u00eda moderna sostiene que la supervivencia a cualquier condici\u00f3n mental severa por ning\u00fan motivo depende solamente de los tratamientos farmacol\u00f3gicos (de los internamientos hospitalarios y de terapias como la electroconvulsiva), sino del reconocimiento y aceptaci\u00f3n del trauma infantil, de la comprensi\u00f3n por parte de la familia y de la sociedad y del estilo de vida que adopte el paciente mediante herramientas alternas tales como la terapia cognitivo conductual y, en mi caso, los programas de Doce Pasos de Al-Anon y Codependencia.<\/p>\n","protected":false},"excerpt":{"rendered":"<p><strong>ISBN: 9791370546656<\/strong><\/p>\n<p><strong>SINOPSIS<\/strong><\/p>\n<p dir=\"ltr\">Al cabo de dos d\u00e9cadas sale a la luz este libro autobiogr\u00e1fico, gracias a mi empe\u00f1o y a Letrame, Espa\u00f1a. En M\u00e9xico, pese a que lo leyeron varias personas, incluso editores, no tuvo aceptaci\u00f3n. La mayor\u00eda dec\u00eda que era bueno, que les hab\u00eda atrapado, pero que no encajaba. Letrame me advirti\u00f3 que ten\u00eda que pasar por un dictamen y el libro fue admitido para su publicaci\u00f3n en 2022. Debo mencionar que a un lector que vive en Nueva York le gust\u00f3, lo tradujo al ingl\u00e9s y existe el manuscrito.<\/p>\n<p dir=\"ltr\">Todo lo veo azul fue escrito a modo de diario y en su integridad constituye un episodio que concentra las m\u00faltiples facetas que encarna la enfermedad mental hoy catalogada como Trastorno Afectivo Bipolar del Tipo 1, antes denominada enfermedad Maniaco Depresiva. El texto seguramente no encaj\u00f3 porque est\u00e1 escrito desde el punto de vista del paciente -no del psiquiatra, cient\u00edfico, terapeuta, familiar o cuidador. Es decir, el estilo y la escritura del libro imitan y reproducen el comportamiento del enfermo.<\/p>\n<p dir=\"ltr\">La psiquiatra Doris Guti\u00e9rrez Mora, Jefa de Trastornos Afectivos del Instituto Nacional de Psiquiatr\u00eda Ram\u00f3n de la Fuente Mu\u00f1\u00edz de la CDMX, despu\u00e9s de haberlo le\u00eddo, dijo que no era f\u00e1cil escribir sobre la locura y que el relato le recordaba la escritura de Laura Restrepo (Bogot\u00e1, 1950). \u00bfQui\u00e9n no ha escrito sobre y desde la locura? Como estudiante de Letras Modernas Inglesas, toda proporci\u00f3n guardada, mi fuente de inspiraci\u00f3n estil\u00edstica y biogr\u00e1fica, fue Virginia Woolf, diagnosticada con la enfermedad y muerta por suicidio.<\/p>\n<p dir=\"ltr\">La psiquiatr\u00eda moderna sostiene que la supervivencia a cualquier condici\u00f3n mental severa por ning\u00fan motivo depende solamente de los tratamientos farmacol\u00f3gicos (de los internamientos hospitalarios y de terapias como la electroconvulsiva), sino del reconocimiento y aceptaci\u00f3n del trauma infantil, de la comprensi\u00f3n por parte de la familia y de la sociedad y del estilo de vida que adopte el paciente mediante herramientas alternas tales como la terapia cognitivo conductual y, en mi caso, los programas de Doce Pasos de Al-Anon y Codependencia.<\/p>\n","protected":false},"featured_media":114381,"comment_status":"open","ping_status":"closed","template":"","meta":{"_acf_changed":false},"libro":[],"product_brand":[],"product_cat":[133],"product_tag":[],"class_list":["post-114377","product","type-product","status-publish","has-post-thumbnail","product_cat-no-ficcion","first","instock","shipping-taxable","product-type-simple"],"acf":{"autor":[114378],"enlace_de_compra":""},"yoast_head":"<!-- This site is optimized with the Yoast SEO plugin v27.4 - https:\/\/yoast.com\/product\/yoast-seo-wordpress\/ -->\n<title>Todo lo veo azul - Catalogo | Letrame Grupo Editorial<\/title>\n<meta name=\"robots\" content=\"index, follow, max-snippet:-1, max-image-preview:large, max-video-preview:-1\" \/>\n<link rel=\"canonical\" href=\"https:\/\/letrame.com\/catalogo\/producto\/todo-lo-veo-azul\/\" \/>\n<meta property=\"og:locale\" content=\"es_ES\" \/>\n<meta property=\"og:type\" content=\"article\" \/>\n<meta property=\"og:title\" content=\"Todo lo veo azul - Catalogo | Letrame Grupo Editorial\" \/>\n<meta property=\"og:description\" content=\"ISBN: 9791370546656  SINOPSIS Al cabo de dos d\u00e9cadas sale a la luz este libro autobiogr\u00e1fico, gracias a mi empe\u00f1o y a Letrame, Espa\u00f1a. En M\u00e9xico, pese a que lo leyeron varias personas, incluso editores, no tuvo aceptaci\u00f3n. La mayor\u00eda dec\u00eda que era bueno, que les hab\u00eda atrapado, pero que no encajaba. Letrame me advirti\u00f3 que ten\u00eda que pasar por un dictamen y el libro fue admitido para su publicaci\u00f3n en 2022. Debo mencionar que a un lector que vive en Nueva York le gust\u00f3, lo tradujo al ingl\u00e9s y existe el manuscrito. Todo lo veo azul fue escrito a modo de diario y en su integridad constituye un episodio que concentra las m\u00faltiples facetas que encarna la enfermedad mental hoy catalogada como Trastorno Afectivo Bipolar del Tipo 1, antes denominada enfermedad Maniaco Depresiva. El texto seguramente no encaj\u00f3 porque est\u00e1 escrito desde el punto de vista del paciente -no del psiquiatra, cient\u00edfico, terapeuta, familiar o cuidador. Es decir, el estilo y la escritura del libro imitan y reproducen el comportamiento del enfermo. La psiquiatra Doris Guti\u00e9rrez Mora, Jefa de Trastornos Afectivos del Instituto Nacional de Psiquiatr\u00eda Ram\u00f3n de la Fuente Mu\u00f1\u00edz de la CDMX, despu\u00e9s de haberlo le\u00eddo, dijo que no era f\u00e1cil escribir sobre la locura y que el relato le recordaba la escritura de Laura Restrepo (Bogot\u00e1, 1950). \u00bfQui\u00e9n no ha escrito sobre y desde la locura? Como estudiante de Letras Modernas Inglesas, toda proporci\u00f3n guardada, mi fuente de inspiraci\u00f3n estil\u00edstica y biogr\u00e1fica, fue Virginia Woolf, diagnosticada con la enfermedad y muerta por suicidio. La psiquiatr\u00eda moderna sostiene que la supervivencia a cualquier condici\u00f3n mental severa por ning\u00fan motivo depende solamente de los tratamientos farmacol\u00f3gicos (de los internamientos hospitalarios y de terapias como la electroconvulsiva), sino del reconocimiento y aceptaci\u00f3n del trauma infantil, de la comprensi\u00f3n por parte de la familia y de la sociedad y del estilo de vida que adopte el paciente mediante herramientas alternas tales como la terapia cognitivo conductual y, en mi caso, los programas de Doce Pasos de Al-Anon y Codependencia.\" \/>\n<meta property=\"og:url\" content=\"https:\/\/letrame.com\/catalogo\/producto\/todo-lo-veo-azul\/\" \/>\n<meta property=\"og:site_name\" content=\"Catalogo | Letrame Grupo Editorial\" \/>\n<meta property=\"article:modified_time\" content=\"2026-08-31T14:56:10+00:00\" \/>\n<meta property=\"og:image\" content=\"https:\/\/letrame.com\/catalogo\/wp-content\/uploads\/2026\/08\/todoloveoazul_835mm4.jpg\" \/>\n\t<meta property=\"og:image:width\" content=\"886\" \/>\n\t<meta property=\"og:image:height\" content=\"1299\" \/>\n\t<meta property=\"og:image:type\" content=\"image\/jpeg\" \/>\n<meta name=\"twitter:card\" content=\"summary_large_image\" \/>\n<meta name=\"twitter:label1\" content=\"Tiempo de lectura\" \/>\n\t<meta name=\"twitter:data1\" content=\"2 minutos\" \/>\n<script type=\"application\/ld+json\" class=\"yoast-schema-graph\">{\"@context\":\"https:\\\/\\\/schema.org\",\"@graph\":[{\"@type\":\"WebPage\",\"@id\":\"https:\\\/\\\/letrame.com\\\/catalogo\\\/producto\\\/todo-lo-veo-azul\\\/\",\"url\":\"https:\\\/\\\/letrame.com\\\/catalogo\\\/producto\\\/todo-lo-veo-azul\\\/\",\"name\":\"Todo lo veo azul - Catalogo | Letrame Grupo Editorial\",\"isPartOf\":{\"@id\":\"https:\\\/\\\/letrame.com\\\/catalogo\\\/#website\"},\"primaryImageOfPage\":{\"@id\":\"https:\\\/\\\/letrame.com\\\/catalogo\\\/producto\\\/todo-lo-veo-azul\\\/#primaryimage\"},\"image\":{\"@id\":\"https:\\\/\\\/letrame.com\\\/catalogo\\\/producto\\\/todo-lo-veo-azul\\\/#primaryimage\"},\"thumbnailUrl\":\"https:\\\/\\\/letrame.com\\\/catalogo\\\/wp-content\\\/uploads\\\/2026\\\/08\\\/todoloveoazul_835mm4.jpg\",\"datePublished\":\"2026-08-31T14:56:09+00:00\",\"dateModified\":\"2026-08-31T14:56:10+00:00\",\"breadcrumb\":{\"@id\":\"https:\\\/\\\/letrame.com\\\/catalogo\\\/producto\\\/todo-lo-veo-azul\\\/#breadcrumb\"},\"inLanguage\":\"es\",\"potentialAction\":[{\"@type\":\"ReadAction\",\"target\":[\"https:\\\/\\\/letrame.com\\\/catalogo\\\/producto\\\/todo-lo-veo-azul\\\/\"]}]},{\"@type\":\"ImageObject\",\"inLanguage\":\"es\",\"@id\":\"https:\\\/\\\/letrame.com\\\/catalogo\\\/producto\\\/todo-lo-veo-azul\\\/#primaryimage\",\"url\":\"https:\\\/\\\/letrame.com\\\/catalogo\\\/wp-content\\\/uploads\\\/2026\\\/08\\\/todoloveoazul_835mm4.jpg\",\"contentUrl\":\"https:\\\/\\\/letrame.com\\\/catalogo\\\/wp-content\\\/uploads\\\/2026\\\/08\\\/todoloveoazul_835mm4.jpg\",\"width\":886,\"height\":1299},{\"@type\":\"BreadcrumbList\",\"@id\":\"https:\\\/\\\/letrame.com\\\/catalogo\\\/producto\\\/todo-lo-veo-azul\\\/#breadcrumb\",\"itemListElement\":[{\"@type\":\"ListItem\",\"position\":1,\"name\":\"Portada\",\"item\":\"https:\\\/\\\/letrame.com\\\/catalogo\\\/\"},{\"@type\":\"ListItem\",\"position\":2,\"name\":\"Cat\u00e1logo\",\"item\":\"https:\\\/\\\/letrame.com\\\/catalogo\\\/\"},{\"@type\":\"ListItem\",\"position\":3,\"name\":\"Todo lo veo azul\"}]},{\"@type\":\"WebSite\",\"@id\":\"https:\\\/\\\/letrame.com\\\/catalogo\\\/#website\",\"url\":\"https:\\\/\\\/letrame.com\\\/catalogo\\\/\",\"name\":\"Catalogo | Letrame Grupo Editorial\",\"description\":\"\",\"publisher\":{\"@id\":\"https:\\\/\\\/letrame.com\\\/catalogo\\\/#organization\"},\"potentialAction\":[{\"@type\":\"SearchAction\",\"target\":{\"@type\":\"EntryPoint\",\"urlTemplate\":\"https:\\\/\\\/letrame.com\\\/catalogo\\\/?s={search_term_string}\"},\"query-input\":{\"@type\":\"PropertyValueSpecification\",\"valueRequired\":true,\"valueName\":\"search_term_string\"}}],\"inLanguage\":\"es\"},{\"@type\":\"Organization\",\"@id\":\"https:\\\/\\\/letrame.com\\\/catalogo\\\/#organization\",\"name\":\"Catalogo | Letrame Grupo Editorial\",\"url\":\"https:\\\/\\\/letrame.com\\\/catalogo\\\/\",\"logo\":{\"@type\":\"ImageObject\",\"inLanguage\":\"es\",\"@id\":\"https:\\\/\\\/letrame.com\\\/catalogo\\\/#\\\/schema\\\/logo\\\/image\\\/\",\"url\":\"https:\\\/\\\/letrame.com\\\/catalogo\\\/wp-content\\\/uploads\\\/2024\\\/03\\\/logo2.webp\",\"contentUrl\":\"https:\\\/\\\/letrame.com\\\/catalogo\\\/wp-content\\\/uploads\\\/2024\\\/03\\\/logo2.webp\",\"width\":394,\"height\":128,\"caption\":\"Catalogo | Letrame Grupo Editorial\"},\"image\":{\"@id\":\"https:\\\/\\\/letrame.com\\\/catalogo\\\/#\\\/schema\\\/logo\\\/image\\\/\"}}]}<\/script>\n<!-- \/ Yoast SEO plugin. -->","yoast_head_json":{"title":"Todo lo veo azul - Catalogo | Letrame Grupo Editorial","robots":{"index":"index","follow":"follow","max-snippet":"max-snippet:-1","max-image-preview":"max-image-preview:large","max-video-preview":"max-video-preview:-1"},"canonical":"https:\/\/letrame.com\/catalogo\/producto\/todo-lo-veo-azul\/","og_locale":"es_ES","og_type":"article","og_title":"Todo lo veo azul - Catalogo | Letrame Grupo Editorial","og_description":"ISBN: 9791370546656  SINOPSIS Al cabo de dos d\u00e9cadas sale a la luz este libro autobiogr\u00e1fico, gracias a mi empe\u00f1o y a Letrame, Espa\u00f1a. En M\u00e9xico, pese a que lo leyeron varias personas, incluso editores, no tuvo aceptaci\u00f3n. La mayor\u00eda dec\u00eda que era bueno, que les hab\u00eda atrapado, pero que no encajaba. Letrame me advirti\u00f3 que ten\u00eda que pasar por un dictamen y el libro fue admitido para su publicaci\u00f3n en 2022. Debo mencionar que a un lector que vive en Nueva York le gust\u00f3, lo tradujo al ingl\u00e9s y existe el manuscrito. Todo lo veo azul fue escrito a modo de diario y en su integridad constituye un episodio que concentra las m\u00faltiples facetas que encarna la enfermedad mental hoy catalogada como Trastorno Afectivo Bipolar del Tipo 1, antes denominada enfermedad Maniaco Depresiva. El texto seguramente no encaj\u00f3 porque est\u00e1 escrito desde el punto de vista del paciente -no del psiquiatra, cient\u00edfico, terapeuta, familiar o cuidador. Es decir, el estilo y la escritura del libro imitan y reproducen el comportamiento del enfermo. La psiquiatra Doris Guti\u00e9rrez Mora, Jefa de Trastornos Afectivos del Instituto Nacional de Psiquiatr\u00eda Ram\u00f3n de la Fuente Mu\u00f1\u00edz de la CDMX, despu\u00e9s de haberlo le\u00eddo, dijo que no era f\u00e1cil escribir sobre la locura y que el relato le recordaba la escritura de Laura Restrepo (Bogot\u00e1, 1950). \u00bfQui\u00e9n no ha escrito sobre y desde la locura? Como estudiante de Letras Modernas Inglesas, toda proporci\u00f3n guardada, mi fuente de inspiraci\u00f3n estil\u00edstica y biogr\u00e1fica, fue Virginia Woolf, diagnosticada con la enfermedad y muerta por suicidio. La psiquiatr\u00eda moderna sostiene que la supervivencia a cualquier condici\u00f3n mental severa por ning\u00fan motivo depende solamente de los tratamientos farmacol\u00f3gicos (de los internamientos hospitalarios y de terapias como la electroconvulsiva), sino del reconocimiento y aceptaci\u00f3n del trauma infantil, de la comprensi\u00f3n por parte de la familia y de la sociedad y del estilo de vida que adopte el paciente mediante herramientas alternas tales como la terapia cognitivo conductual y, en mi caso, los programas de Doce Pasos de Al-Anon y Codependencia.","og_url":"https:\/\/letrame.com\/catalogo\/producto\/todo-lo-veo-azul\/","og_site_name":"Catalogo | Letrame Grupo Editorial","article_modified_time":"2026-08-31T14:56:10+00:00","og_image":[{"width":886,"height":1299,"url":"https:\/\/letrame.com\/catalogo\/wp-content\/uploads\/2026\/08\/todoloveoazul_835mm4.jpg","type":"image\/jpeg"}],"twitter_card":"summary_large_image","twitter_misc":{"Tiempo de lectura":"2 minutos"},"schema":{"@context":"https:\/\/schema.org","@graph":[{"@type":"WebPage","@id":"https:\/\/letrame.com\/catalogo\/producto\/todo-lo-veo-azul\/","url":"https:\/\/letrame.com\/catalogo\/producto\/todo-lo-veo-azul\/","name":"Todo lo veo azul - Catalogo | Letrame Grupo Editorial","isPartOf":{"@id":"https:\/\/letrame.com\/catalogo\/#website"},"primaryImageOfPage":{"@id":"https:\/\/letrame.com\/catalogo\/producto\/todo-lo-veo-azul\/#primaryimage"},"image":{"@id":"https:\/\/letrame.com\/catalogo\/producto\/todo-lo-veo-azul\/#primaryimage"},"thumbnailUrl":"https:\/\/letrame.com\/catalogo\/wp-content\/uploads\/2026\/08\/todoloveoazul_835mm4.jpg","datePublished":"2026-08-31T14:56:09+00:00","dateModified":"2026-08-31T14:56:10+00:00","breadcrumb":{"@id":"https:\/\/letrame.com\/catalogo\/producto\/todo-lo-veo-azul\/#breadcrumb"},"inLanguage":"es","potentialAction":[{"@type":"ReadAction","target":["https:\/\/letrame.com\/catalogo\/producto\/todo-lo-veo-azul\/"]}]},{"@type":"ImageObject","inLanguage":"es","@id":"https:\/\/letrame.com\/catalogo\/producto\/todo-lo-veo-azul\/#primaryimage","url":"https:\/\/letrame.com\/catalogo\/wp-content\/uploads\/2026\/08\/todoloveoazul_835mm4.jpg","contentUrl":"https:\/\/letrame.com\/catalogo\/wp-content\/uploads\/2026\/08\/todoloveoazul_835mm4.jpg","width":886,"height":1299},{"@type":"BreadcrumbList","@id":"https:\/\/letrame.com\/catalogo\/producto\/todo-lo-veo-azul\/#breadcrumb","itemListElement":[{"@type":"ListItem","position":1,"name":"Portada","item":"https:\/\/letrame.com\/catalogo\/"},{"@type":"ListItem","position":2,"name":"Cat\u00e1logo","item":"https:\/\/letrame.com\/catalogo\/"},{"@type":"ListItem","position":3,"name":"Todo lo veo azul"}]},{"@type":"WebSite","@id":"https:\/\/letrame.com\/catalogo\/#website","url":"https:\/\/letrame.com\/catalogo\/","name":"Catalogo | Letrame Grupo Editorial","description":"","publisher":{"@id":"https:\/\/letrame.com\/catalogo\/#organization"},"potentialAction":[{"@type":"SearchAction","target":{"@type":"EntryPoint","urlTemplate":"https:\/\/letrame.com\/catalogo\/?s={search_term_string}"},"query-input":{"@type":"PropertyValueSpecification","valueRequired":true,"valueName":"search_term_string"}}],"inLanguage":"es"},{"@type":"Organization","@id":"https:\/\/letrame.com\/catalogo\/#organization","name":"Catalogo | Letrame Grupo Editorial","url":"https:\/\/letrame.com\/catalogo\/","logo":{"@type":"ImageObject","inLanguage":"es","@id":"https:\/\/letrame.com\/catalogo\/#\/schema\/logo\/image\/","url":"https:\/\/letrame.com\/catalogo\/wp-content\/uploads\/2024\/03\/logo2.webp","contentUrl":"https:\/\/letrame.com\/catalogo\/wp-content\/uploads\/2024\/03\/logo2.webp","width":394,"height":128,"caption":"Catalogo | Letrame Grupo Editorial"},"image":{"@id":"https:\/\/letrame.com\/catalogo\/#\/schema\/logo\/image\/"}}]}},"_links":{"self":[{"href":"https:\/\/letrame.com\/catalogo\/wp-json\/wp\/v2\/product\/114377","targetHints":{"allow":["GET"]}}],"collection":[{"href":"https:\/\/letrame.com\/catalogo\/wp-json\/wp\/v2\/product"}],"about":[{"href":"https:\/\/letrame.com\/catalogo\/wp-json\/wp\/v2\/types\/product"}],"replies":[{"embeddable":true,"href":"https:\/\/letrame.com\/catalogo\/wp-json\/wp\/v2\/comments?post=114377"}],"acf:post":[{"embeddable":true,"href":"https:\/\/letrame.com\/catalogo\/wp-json\/wp\/v2\/author_book\/114378"}],"wp:featuredmedia":[{"embeddable":true,"href":"https:\/\/letrame.com\/catalogo\/wp-json\/wp\/v2\/media\/114381"}],"wp:attachment":[{"href":"https:\/\/letrame.com\/catalogo\/wp-json\/wp\/v2\/media?parent=114377"}],"wp:term":[{"taxonomy":"libro","embeddable":true,"href":"https:\/\/letrame.com\/catalogo\/wp-json\/wp\/v2\/libro?post=114377"},{"taxonomy":"product_brand","embeddable":true,"href":"https:\/\/letrame.com\/catalogo\/wp-json\/wp\/v2\/product_brand?post=114377"},{"taxonomy":"product_cat","embeddable":true,"href":"https:\/\/letrame.com\/catalogo\/wp-json\/wp\/v2\/product_cat?post=114377"},{"taxonomy":"product_tag","embeddable":true,"href":"https:\/\/letrame.com\/catalogo\/wp-json\/wp\/v2\/product_tag?post=114377"}],"curies":[{"name":"wp","href":"https:\/\/api.w.org\/{rel}","templated":true}]}}