{"id":114362,"date":"2026-08-31T13:28:35","date_gmt":"2026-08-31T11:28:35","guid":{"rendered":"https:\/\/letrame.com\/catalogo\/?post_type=product&#038;p=114362"},"modified":"2026-08-31T13:28:36","modified_gmt":"2026-08-31T11:28:36","slug":"salvar-a-la-republica","status":"publish","type":"product","link":"https:\/\/letrame.com\/catalogo\/producto\/salvar-a-la-republica\/","title":{"rendered":"Salvar a la Rep\u00fablica"},"content":{"rendered":"<p><strong>ISBN: 9791370632427<\/strong><br \/>\n<strong>T\u00edtulo: Salvar a la Rep\u00fablica<\/strong><br \/>\n<strong>Fecha: 2026<\/strong><br \/>\n<strong>P\u00e1ginas: 182<\/strong><\/p>\n<p><strong>SINOPSIS<\/strong><\/p>\n<p>La lectura de este libro permite disfrutar de una novela sobre un periodo especialmente relevante en la historia de la Roma cl\u00e1sica, desde el fin de la primera guerra civil o social, entre Sila y Cayo Mario, hasta el asesinato de Julio C\u00e9sar.<\/p>\n<p>Los hechos y las importantes figuras de esa \u00e9poca resultan apasionantes, pero la participaci\u00f3n de estos \u00faltimos en cada uno de ellos no est\u00e1 siempre clara.<\/p>\n<p>La conjuraci\u00f3n de Catilina, el asesinato de Clodio, la segunda guerra civil, la dictadura de C\u00e9sar, y el m\u00e1s famoso asesinato de la historia tiene a su alrededor a los mismos actores, y no podemos afirmar realmente qu\u00e9 hizo cada uno en los hechos. Debemos creer lo que nos han contado.<\/p>\n<p>Esta novela se sale de ese guion, y un personaje, Antonio Craso, cuenta a un amigo suyo, Rufo, lo que \u00e9l vivi\u00f3 durante toda esta \u00e9poca, y la actuaci\u00f3n que \u00e9l conoci\u00f3 de alguno de estos personajes, como Marco Antonio y L\u00e9pido, as\u00ed como su propia familia, los Cecilio Metelo Escipi\u00f3n.<\/p>\n<p>Ahora el lector es el que debe decidir si es coherente y aceptable lo que este personaje de novela nos da a conocer y que cuestiona la historia oficial.<\/p>\n","protected":false},"excerpt":{"rendered":"<p><strong>ISBN: 9791370632427<\/strong><\/p>\n<p><strong>SINOPSIS<\/strong><\/p>\n<p>La lectura de este libro permite disfrutar de una novela sobre un periodo especialmente relevante en la historia de la Roma cl\u00e1sica, desde el fin de la primera guerra civil o social, entre Sila y Cayo Mario, hasta el asesinato de Julio C\u00e9sar.<\/p>\n<p>Los hechos y las importantes figuras de esa \u00e9poca resultan apasionantes, pero la participaci\u00f3n de estos \u00faltimos en cada uno de ellos no est\u00e1 siempre clara.<\/p>\n<p>La conjuraci\u00f3n de Catilina, el asesinato de Clodio, la segunda guerra civil, la dictadura de C\u00e9sar, y el m\u00e1s famoso asesinato de la historia tiene a su alrededor a los mismos actores, y no podemos afirmar realmente qu\u00e9 hizo cada uno en los hechos. Debemos creer lo que nos han contado.<\/p>\n<p>Esta novela se sale de ese guion, y un personaje, Antonio Craso, cuenta a un amigo suyo, Rufo, lo que \u00e9l vivi\u00f3 durante toda esta \u00e9poca, y la actuaci\u00f3n que \u00e9l conoci\u00f3 de alguno de estos personajes, como Marco Antonio y L\u00e9pido, as\u00ed como su propia familia, los Cecilio Metelo Escipi\u00f3n.<\/p>\n<p>Ahora el lector es el que debe decidir si es coherente y aceptable lo que este personaje de novela nos da a conocer y que cuestiona la historia oficial.<\/p>\n","protected":false},"featured_media":114364,"comment_status":"open","ping_status":"closed","template":"","meta":{"_acf_changed":false},"libro":[],"product_brand":[],"product_cat":[29],"product_tag":[],"class_list":["post-114362","product","type-product","status-publish","has-post-thumbnail","product_cat-novela-historica","first","instock","shipping-taxable","product-type-simple"],"acf":{"autor":[108484],"enlace_de_compra":""},"yoast_head":"<!-- This site is optimized with the Yoast SEO plugin v27.4 - https:\/\/yoast.com\/product\/yoast-seo-wordpress\/ -->\n<title>Salvar a la Rep\u00fablica - Catalogo | Letrame Grupo Editorial<\/title>\n<meta name=\"robots\" content=\"index, follow, max-snippet:-1, max-image-preview:large, max-video-preview:-1\" \/>\n<link rel=\"canonical\" href=\"https:\/\/letrame.com\/catalogo\/producto\/salvar-a-la-republica\/\" \/>\n<meta property=\"og:locale\" content=\"es_ES\" \/>\n<meta property=\"og:type\" content=\"article\" \/>\n<meta property=\"og:title\" content=\"Salvar a la Rep\u00fablica - Catalogo | Letrame Grupo Editorial\" \/>\n<meta property=\"og:description\" content=\"ISBN: 9791370632427  SINOPSIS  La lectura de este libro permite disfrutar de una novela sobre un periodo especialmente relevante en la historia de la Roma cl\u00e1sica, desde el fin de la primera guerra civil o social, entre Sila y Cayo Mario, hasta el asesinato de Julio C\u00e9sar.  Los hechos y las importantes figuras de esa \u00e9poca resultan apasionantes, pero la participaci\u00f3n de estos \u00faltimos en cada uno de ellos no est\u00e1 siempre clara.  La conjuraci\u00f3n de Catilina, el asesinato de Clodio, la segunda guerra civil, la dictadura de C\u00e9sar, y el m\u00e1s famoso asesinato de la historia tiene a su alrededor a los mismos actores, y no podemos afirmar realmente qu\u00e9 hizo cada uno en los hechos. Debemos creer lo que nos han contado.  Esta novela se sale de ese guion, y un personaje, Antonio Craso, cuenta a un amigo suyo, Rufo, lo que \u00e9l vivi\u00f3 durante toda esta \u00e9poca, y la actuaci\u00f3n que \u00e9l conoci\u00f3 de alguno de estos personajes, como Marco Antonio y L\u00e9pido, as\u00ed como su propia familia, los Cecilio Metelo Escipi\u00f3n.  Ahora el lector es el que debe decidir si es coherente y aceptable lo que este personaje de novela nos da a conocer y que cuestiona la historia oficial.\" \/>\n<meta property=\"og:url\" content=\"https:\/\/letrame.com\/catalogo\/producto\/salvar-a-la-republica\/\" \/>\n<meta property=\"og:site_name\" content=\"Catalogo | Letrame Grupo Editorial\" \/>\n<meta property=\"article:modified_time\" content=\"2026-08-31T11:28:36+00:00\" \/>\n<meta property=\"og:image\" content=\"https:\/\/letrame.com\/catalogo\/wp-content\/uploads\/2026\/08\/Sin-titulo-2.jpg\" \/>\n\t<meta property=\"og:image:width\" content=\"709\" \/>\n\t<meta property=\"og:image:height\" content=\"992\" \/>\n\t<meta property=\"og:image:type\" content=\"image\/jpeg\" \/>\n<meta name=\"twitter:card\" content=\"summary_large_image\" \/>\n<meta name=\"twitter:label1\" content=\"Tiempo de lectura\" \/>\n\t<meta name=\"twitter:data1\" content=\"1 minuto\" \/>\n<script type=\"application\/ld+json\" class=\"yoast-schema-graph\">{\"@context\":\"https:\\\/\\\/schema.org\",\"@graph\":[{\"@type\":\"WebPage\",\"@id\":\"https:\\\/\\\/letrame.com\\\/catalogo\\\/producto\\\/salvar-a-la-republica\\\/\",\"url\":\"https:\\\/\\\/letrame.com\\\/catalogo\\\/producto\\\/salvar-a-la-republica\\\/\",\"name\":\"Salvar a la Rep\u00fablica - Catalogo | Letrame Grupo Editorial\",\"isPartOf\":{\"@id\":\"https:\\\/\\\/letrame.com\\\/catalogo\\\/#website\"},\"primaryImageOfPage\":{\"@id\":\"https:\\\/\\\/letrame.com\\\/catalogo\\\/producto\\\/salvar-a-la-republica\\\/#primaryimage\"},\"image\":{\"@id\":\"https:\\\/\\\/letrame.com\\\/catalogo\\\/producto\\\/salvar-a-la-republica\\\/#primaryimage\"},\"thumbnailUrl\":\"https:\\\/\\\/letrame.com\\\/catalogo\\\/wp-content\\\/uploads\\\/2026\\\/08\\\/Sin-titulo-2.jpg\",\"datePublished\":\"2026-08-31T11:28:35+00:00\",\"dateModified\":\"2026-08-31T11:28:36+00:00\",\"breadcrumb\":{\"@id\":\"https:\\\/\\\/letrame.com\\\/catalogo\\\/producto\\\/salvar-a-la-republica\\\/#breadcrumb\"},\"inLanguage\":\"es\",\"potentialAction\":[{\"@type\":\"ReadAction\",\"target\":[\"https:\\\/\\\/letrame.com\\\/catalogo\\\/producto\\\/salvar-a-la-republica\\\/\"]}]},{\"@type\":\"ImageObject\",\"inLanguage\":\"es\",\"@id\":\"https:\\\/\\\/letrame.com\\\/catalogo\\\/producto\\\/salvar-a-la-republica\\\/#primaryimage\",\"url\":\"https:\\\/\\\/letrame.com\\\/catalogo\\\/wp-content\\\/uploads\\\/2026\\\/08\\\/Sin-titulo-2.jpg\",\"contentUrl\":\"https:\\\/\\\/letrame.com\\\/catalogo\\\/wp-content\\\/uploads\\\/2026\\\/08\\\/Sin-titulo-2.jpg\",\"width\":709,\"height\":992},{\"@type\":\"BreadcrumbList\",\"@id\":\"https:\\\/\\\/letrame.com\\\/catalogo\\\/producto\\\/salvar-a-la-republica\\\/#breadcrumb\",\"itemListElement\":[{\"@type\":\"ListItem\",\"position\":1,\"name\":\"Portada\",\"item\":\"https:\\\/\\\/letrame.com\\\/catalogo\\\/\"},{\"@type\":\"ListItem\",\"position\":2,\"name\":\"Cat\u00e1logo\",\"item\":\"https:\\\/\\\/letrame.com\\\/catalogo\\\/\"},{\"@type\":\"ListItem\",\"position\":3,\"name\":\"Salvar a la Rep\u00fablica\"}]},{\"@type\":\"WebSite\",\"@id\":\"https:\\\/\\\/letrame.com\\\/catalogo\\\/#website\",\"url\":\"https:\\\/\\\/letrame.com\\\/catalogo\\\/\",\"name\":\"Catalogo | Letrame Grupo Editorial\",\"description\":\"\",\"publisher\":{\"@id\":\"https:\\\/\\\/letrame.com\\\/catalogo\\\/#organization\"},\"potentialAction\":[{\"@type\":\"SearchAction\",\"target\":{\"@type\":\"EntryPoint\",\"urlTemplate\":\"https:\\\/\\\/letrame.com\\\/catalogo\\\/?s={search_term_string}\"},\"query-input\":{\"@type\":\"PropertyValueSpecification\",\"valueRequired\":true,\"valueName\":\"search_term_string\"}}],\"inLanguage\":\"es\"},{\"@type\":\"Organization\",\"@id\":\"https:\\\/\\\/letrame.com\\\/catalogo\\\/#organization\",\"name\":\"Catalogo | Letrame Grupo Editorial\",\"url\":\"https:\\\/\\\/letrame.com\\\/catalogo\\\/\",\"logo\":{\"@type\":\"ImageObject\",\"inLanguage\":\"es\",\"@id\":\"https:\\\/\\\/letrame.com\\\/catalogo\\\/#\\\/schema\\\/logo\\\/image\\\/\",\"url\":\"https:\\\/\\\/letrame.com\\\/catalogo\\\/wp-content\\\/uploads\\\/2024\\\/03\\\/logo2.webp\",\"contentUrl\":\"https:\\\/\\\/letrame.com\\\/catalogo\\\/wp-content\\\/uploads\\\/2024\\\/03\\\/logo2.webp\",\"width\":394,\"height\":128,\"caption\":\"Catalogo | Letrame Grupo Editorial\"},\"image\":{\"@id\":\"https:\\\/\\\/letrame.com\\\/catalogo\\\/#\\\/schema\\\/logo\\\/image\\\/\"}}]}<\/script>\n<!-- \/ Yoast SEO plugin. -->","yoast_head_json":{"title":"Salvar a la Rep\u00fablica - Catalogo | Letrame Grupo Editorial","robots":{"index":"index","follow":"follow","max-snippet":"max-snippet:-1","max-image-preview":"max-image-preview:large","max-video-preview":"max-video-preview:-1"},"canonical":"https:\/\/letrame.com\/catalogo\/producto\/salvar-a-la-republica\/","og_locale":"es_ES","og_type":"article","og_title":"Salvar a la Rep\u00fablica - Catalogo | Letrame Grupo Editorial","og_description":"ISBN: 9791370632427  SINOPSIS  La lectura de este libro permite disfrutar de una novela sobre un periodo especialmente relevante en la historia de la Roma cl\u00e1sica, desde el fin de la primera guerra civil o social, entre Sila y Cayo Mario, hasta el asesinato de Julio C\u00e9sar.  Los hechos y las importantes figuras de esa \u00e9poca resultan apasionantes, pero la participaci\u00f3n de estos \u00faltimos en cada uno de ellos no est\u00e1 siempre clara.  La conjuraci\u00f3n de Catilina, el asesinato de Clodio, la segunda guerra civil, la dictadura de C\u00e9sar, y el m\u00e1s famoso asesinato de la historia tiene a su alrededor a los mismos actores, y no podemos afirmar realmente qu\u00e9 hizo cada uno en los hechos. Debemos creer lo que nos han contado.  Esta novela se sale de ese guion, y un personaje, Antonio Craso, cuenta a un amigo suyo, Rufo, lo que \u00e9l vivi\u00f3 durante toda esta \u00e9poca, y la actuaci\u00f3n que \u00e9l conoci\u00f3 de alguno de estos personajes, como Marco Antonio y L\u00e9pido, as\u00ed como su propia familia, los Cecilio Metelo Escipi\u00f3n.  Ahora el lector es el que debe decidir si es coherente y aceptable lo que este personaje de novela nos da a conocer y que cuestiona la historia oficial.","og_url":"https:\/\/letrame.com\/catalogo\/producto\/salvar-a-la-republica\/","og_site_name":"Catalogo | Letrame Grupo Editorial","article_modified_time":"2026-08-31T11:28:36+00:00","og_image":[{"width":709,"height":992,"url":"https:\/\/letrame.com\/catalogo\/wp-content\/uploads\/2026\/08\/Sin-titulo-2.jpg","type":"image\/jpeg"}],"twitter_card":"summary_large_image","twitter_misc":{"Tiempo de lectura":"1 minuto"},"schema":{"@context":"https:\/\/schema.org","@graph":[{"@type":"WebPage","@id":"https:\/\/letrame.com\/catalogo\/producto\/salvar-a-la-republica\/","url":"https:\/\/letrame.com\/catalogo\/producto\/salvar-a-la-republica\/","name":"Salvar a la Rep\u00fablica - Catalogo | Letrame Grupo Editorial","isPartOf":{"@id":"https:\/\/letrame.com\/catalogo\/#website"},"primaryImageOfPage":{"@id":"https:\/\/letrame.com\/catalogo\/producto\/salvar-a-la-republica\/#primaryimage"},"image":{"@id":"https:\/\/letrame.com\/catalogo\/producto\/salvar-a-la-republica\/#primaryimage"},"thumbnailUrl":"https:\/\/letrame.com\/catalogo\/wp-content\/uploads\/2026\/08\/Sin-titulo-2.jpg","datePublished":"2026-08-31T11:28:35+00:00","dateModified":"2026-08-31T11:28:36+00:00","breadcrumb":{"@id":"https:\/\/letrame.com\/catalogo\/producto\/salvar-a-la-republica\/#breadcrumb"},"inLanguage":"es","potentialAction":[{"@type":"ReadAction","target":["https:\/\/letrame.com\/catalogo\/producto\/salvar-a-la-republica\/"]}]},{"@type":"ImageObject","inLanguage":"es","@id":"https:\/\/letrame.com\/catalogo\/producto\/salvar-a-la-republica\/#primaryimage","url":"https:\/\/letrame.com\/catalogo\/wp-content\/uploads\/2026\/08\/Sin-titulo-2.jpg","contentUrl":"https:\/\/letrame.com\/catalogo\/wp-content\/uploads\/2026\/08\/Sin-titulo-2.jpg","width":709,"height":992},{"@type":"BreadcrumbList","@id":"https:\/\/letrame.com\/catalogo\/producto\/salvar-a-la-republica\/#breadcrumb","itemListElement":[{"@type":"ListItem","position":1,"name":"Portada","item":"https:\/\/letrame.com\/catalogo\/"},{"@type":"ListItem","position":2,"name":"Cat\u00e1logo","item":"https:\/\/letrame.com\/catalogo\/"},{"@type":"ListItem","position":3,"name":"Salvar a la Rep\u00fablica"}]},{"@type":"WebSite","@id":"https:\/\/letrame.com\/catalogo\/#website","url":"https:\/\/letrame.com\/catalogo\/","name":"Catalogo | Letrame Grupo Editorial","description":"","publisher":{"@id":"https:\/\/letrame.com\/catalogo\/#organization"},"potentialAction":[{"@type":"SearchAction","target":{"@type":"EntryPoint","urlTemplate":"https:\/\/letrame.com\/catalogo\/?s={search_term_string}"},"query-input":{"@type":"PropertyValueSpecification","valueRequired":true,"valueName":"search_term_string"}}],"inLanguage":"es"},{"@type":"Organization","@id":"https:\/\/letrame.com\/catalogo\/#organization","name":"Catalogo | Letrame Grupo Editorial","url":"https:\/\/letrame.com\/catalogo\/","logo":{"@type":"ImageObject","inLanguage":"es","@id":"https:\/\/letrame.com\/catalogo\/#\/schema\/logo\/image\/","url":"https:\/\/letrame.com\/catalogo\/wp-content\/uploads\/2024\/03\/logo2.webp","contentUrl":"https:\/\/letrame.com\/catalogo\/wp-content\/uploads\/2024\/03\/logo2.webp","width":394,"height":128,"caption":"Catalogo | Letrame Grupo Editorial"},"image":{"@id":"https:\/\/letrame.com\/catalogo\/#\/schema\/logo\/image\/"}}]}},"_links":{"self":[{"href":"https:\/\/letrame.com\/catalogo\/wp-json\/wp\/v2\/product\/114362","targetHints":{"allow":["GET"]}}],"collection":[{"href":"https:\/\/letrame.com\/catalogo\/wp-json\/wp\/v2\/product"}],"about":[{"href":"https:\/\/letrame.com\/catalogo\/wp-json\/wp\/v2\/types\/product"}],"replies":[{"embeddable":true,"href":"https:\/\/letrame.com\/catalogo\/wp-json\/wp\/v2\/comments?post=114362"}],"acf:post":[{"embeddable":true,"href":"https:\/\/letrame.com\/catalogo\/wp-json\/wp\/v2\/author_book\/108484"}],"wp:featuredmedia":[{"embeddable":true,"href":"https:\/\/letrame.com\/catalogo\/wp-json\/wp\/v2\/media\/114364"}],"wp:attachment":[{"href":"https:\/\/letrame.com\/catalogo\/wp-json\/wp\/v2\/media?parent=114362"}],"wp:term":[{"taxonomy":"libro","embeddable":true,"href":"https:\/\/letrame.com\/catalogo\/wp-json\/wp\/v2\/libro?post=114362"},{"taxonomy":"product_brand","embeddable":true,"href":"https:\/\/letrame.com\/catalogo\/wp-json\/wp\/v2\/product_brand?post=114362"},{"taxonomy":"product_cat","embeddable":true,"href":"https:\/\/letrame.com\/catalogo\/wp-json\/wp\/v2\/product_cat?post=114362"},{"taxonomy":"product_tag","embeddable":true,"href":"https:\/\/letrame.com\/catalogo\/wp-json\/wp\/v2\/product_tag?post=114362"}],"curies":[{"name":"wp","href":"https:\/\/api.w.org\/{rel}","templated":true}]}}