{"id":112502,"date":"2026-04-30T12:05:42","date_gmt":"2026-04-30T10:05:42","guid":{"rendered":"https:\/\/letrame.com\/catalogo\/?post_type=product&#038;p=112502"},"modified":"2026-04-30T12:05:44","modified_gmt":"2026-04-30T10:05:44","slug":"la-catarsis-zimmerman","status":"publish","type":"product","link":"https:\/\/letrame.com\/catalogo\/producto\/la-catarsis-zimmerman\/","title":{"rendered":"La catarsis Zimmerman"},"content":{"rendered":"<p><strong>ISBN:\u00a0 9791370294793<\/strong><br \/>\n<strong>T\u00edtulo: La catarsis Zimmerman<\/strong><br \/>\n<strong>Fecha: 2025<\/strong><br \/>\n<strong>P\u00e1ginas: 396<\/strong><\/p>\n<p><strong>SINOPSIS<\/strong><\/p>\n<p data-start=\"0\" data-end=\"390\">V\u00edctor Zimmerman, actor arruinado tras a\u00f1os de \u00e9xito, recibe una oferta para trabajar en la pel\u00edcula <em data-start=\"101\" data-end=\"128\">La rebeli\u00f3n del predicado<\/em>, adaptaci\u00f3n de una obra teatral que V\u00edctor protagoniz\u00f3 treinta a\u00f1os atr\u00e1s. El rodaje le obligar\u00e1 a enfrentarse a miedos y traumas que se encarg\u00f3 de enterrar, as\u00ed como a reencontrarse con su exmujer, \u00darsula, y su amigo Hugo, con quienes tiene asuntos pendientes.<\/p>\n<p data-start=\"392\" data-end=\"593\">Para desenredar un nudo hecho a base de secretos, malas decisiones y desprop\u00f3sitos, V\u00edctor deber\u00e1 liberar sus emociones reprimidas y lograr esa transformaci\u00f3n interior que los expertos llaman catarsis.<\/p>\n<p data-start=\"595\" data-end=\"753\" data-is-last-node=\"\" data-is-only-node=\"\">Una historia tan dram\u00e1tica como c\u00f3mica, donde pasado y presente se fusionan entre secuencias, psiquiatras y relaciones personales tan t\u00f3xicas como necesarias.<\/p>\n","protected":false},"excerpt":{"rendered":"<p><strong>ISBN:\u00a0 9791370294793<\/strong><\/p>\n<p><strong>SINOPSIS<\/strong><\/p>\n<p data-start=\"0\" data-end=\"390\">V\u00edctor Zimmerman, actor arruinado tras a\u00f1os de \u00e9xito, recibe una oferta para trabajar en la pel\u00edcula <em data-start=\"101\" data-end=\"128\">La rebeli\u00f3n del predicado<\/em>, adaptaci\u00f3n de una obra teatral que V\u00edctor protagoniz\u00f3 treinta a\u00f1os atr\u00e1s. El rodaje le obligar\u00e1 a enfrentarse a miedos y traumas que se encarg\u00f3 de enterrar, as\u00ed como a reencontrarse con su exmujer, \u00darsula, y su amigo Hugo, con quienes tiene asuntos pendientes.<\/p>\n<p data-start=\"392\" data-end=\"593\">Para desenredar un nudo hecho a base de secretos, malas decisiones y desprop\u00f3sitos, V\u00edctor deber\u00e1 liberar sus emociones reprimidas y lograr esa transformaci\u00f3n interior que los expertos llaman catarsis.<\/p>\n<p data-start=\"595\" data-end=\"753\" data-is-last-node=\"\" data-is-only-node=\"\">Una historia tan dram\u00e1tica como c\u00f3mica, donde pasado y presente se fusionan entre secuencias, psiquiatras y relaciones personales tan t\u00f3xicas como necesarias.<\/p>\n","protected":false},"featured_media":112506,"comment_status":"open","ping_status":"closed","template":"","meta":{"_acf_changed":false},"libro":[],"product_brand":[],"product_cat":[141],"product_tag":[],"class_list":{"0":"post-112502","1":"product","2":"type-product","3":"status-publish","4":"has-post-thumbnail","6":"product_cat-ficcion","8":"first","9":"instock","10":"shipping-taxable","11":"product-type-simple"},"acf":{"autor":[112503],"enlace_de_compra":""},"yoast_head":"<!-- This site is optimized with the Yoast SEO plugin v27.4 - https:\/\/yoast.com\/product\/yoast-seo-wordpress\/ -->\n<title>La catarsis Zimmerman - Catalogo | Letrame Grupo Editorial<\/title>\n<meta name=\"robots\" content=\"index, follow, max-snippet:-1, max-image-preview:large, max-video-preview:-1\" \/>\n<link rel=\"canonical\" href=\"https:\/\/letrame.com\/catalogo\/producto\/la-catarsis-zimmerman\/\" \/>\n<meta property=\"og:locale\" content=\"es_ES\" \/>\n<meta property=\"og:type\" content=\"article\" \/>\n<meta property=\"og:title\" content=\"La catarsis Zimmerman - Catalogo | Letrame Grupo Editorial\" \/>\n<meta property=\"og:description\" content=\"ISBN:\u00a0 9791370294793  SINOPSIS V\u00edctor Zimmerman, actor arruinado tras a\u00f1os de \u00e9xito, recibe una oferta para trabajar en la pel\u00edcula La rebeli\u00f3n del predicado, adaptaci\u00f3n de una obra teatral que V\u00edctor protagoniz\u00f3 treinta a\u00f1os atr\u00e1s. El rodaje le obligar\u00e1 a enfrentarse a miedos y traumas que se encarg\u00f3 de enterrar, as\u00ed como a reencontrarse con su exmujer, \u00darsula, y su amigo Hugo, con quienes tiene asuntos pendientes. Para desenredar un nudo hecho a base de secretos, malas decisiones y desprop\u00f3sitos, V\u00edctor deber\u00e1 liberar sus emociones reprimidas y lograr esa transformaci\u00f3n interior que los expertos llaman catarsis. Una historia tan dram\u00e1tica como c\u00f3mica, donde pasado y presente se fusionan entre secuencias, psiquiatras y relaciones personales tan t\u00f3xicas como necesarias.\" \/>\n<meta property=\"og:url\" content=\"https:\/\/letrame.com\/catalogo\/producto\/la-catarsis-zimmerman\/\" \/>\n<meta property=\"og:site_name\" content=\"Catalogo | Letrame Grupo Editorial\" \/>\n<meta property=\"article:modified_time\" content=\"2026-04-30T10:05:44+00:00\" \/>\n<meta property=\"og:image\" content=\"https:\/\/letrame.com\/catalogo\/wp-content\/uploads\/2026\/04\/lacatarsisde_195mm4.jpg\" \/>\n\t<meta property=\"og:image:width\" content=\"709\" \/>\n\t<meta property=\"og:image:height\" content=\"1040\" \/>\n\t<meta property=\"og:image:type\" content=\"image\/jpeg\" \/>\n<meta name=\"twitter:card\" content=\"summary_large_image\" \/>\n<meta name=\"twitter:label1\" content=\"Tiempo de lectura\" \/>\n\t<meta name=\"twitter:data1\" content=\"1 minuto\" \/>\n<script type=\"application\/ld+json\" class=\"yoast-schema-graph\">{\"@context\":\"https:\\\/\\\/schema.org\",\"@graph\":[{\"@type\":\"WebPage\",\"@id\":\"https:\\\/\\\/letrame.com\\\/catalogo\\\/producto\\\/la-catarsis-zimmerman\\\/\",\"url\":\"https:\\\/\\\/letrame.com\\\/catalogo\\\/producto\\\/la-catarsis-zimmerman\\\/\",\"name\":\"La catarsis Zimmerman - Catalogo | Letrame Grupo Editorial\",\"isPartOf\":{\"@id\":\"https:\\\/\\\/letrame.com\\\/catalogo\\\/#website\"},\"primaryImageOfPage\":{\"@id\":\"https:\\\/\\\/letrame.com\\\/catalogo\\\/producto\\\/la-catarsis-zimmerman\\\/#primaryimage\"},\"image\":{\"@id\":\"https:\\\/\\\/letrame.com\\\/catalogo\\\/producto\\\/la-catarsis-zimmerman\\\/#primaryimage\"},\"thumbnailUrl\":\"https:\\\/\\\/letrame.com\\\/catalogo\\\/wp-content\\\/uploads\\\/2026\\\/04\\\/lacatarsisde_195mm4.jpg\",\"datePublished\":\"2026-04-30T10:05:42+00:00\",\"dateModified\":\"2026-04-30T10:05:44+00:00\",\"breadcrumb\":{\"@id\":\"https:\\\/\\\/letrame.com\\\/catalogo\\\/producto\\\/la-catarsis-zimmerman\\\/#breadcrumb\"},\"inLanguage\":\"es\",\"potentialAction\":[{\"@type\":\"ReadAction\",\"target\":[\"https:\\\/\\\/letrame.com\\\/catalogo\\\/producto\\\/la-catarsis-zimmerman\\\/\"]}]},{\"@type\":\"ImageObject\",\"inLanguage\":\"es\",\"@id\":\"https:\\\/\\\/letrame.com\\\/catalogo\\\/producto\\\/la-catarsis-zimmerman\\\/#primaryimage\",\"url\":\"https:\\\/\\\/letrame.com\\\/catalogo\\\/wp-content\\\/uploads\\\/2026\\\/04\\\/lacatarsisde_195mm4.jpg\",\"contentUrl\":\"https:\\\/\\\/letrame.com\\\/catalogo\\\/wp-content\\\/uploads\\\/2026\\\/04\\\/lacatarsisde_195mm4.jpg\",\"width\":709,\"height\":1040},{\"@type\":\"BreadcrumbList\",\"@id\":\"https:\\\/\\\/letrame.com\\\/catalogo\\\/producto\\\/la-catarsis-zimmerman\\\/#breadcrumb\",\"itemListElement\":[{\"@type\":\"ListItem\",\"position\":1,\"name\":\"Portada\",\"item\":\"https:\\\/\\\/letrame.com\\\/catalogo\\\/\"},{\"@type\":\"ListItem\",\"position\":2,\"name\":\"Cat\u00e1logo\",\"item\":\"https:\\\/\\\/letrame.com\\\/catalogo\\\/\"},{\"@type\":\"ListItem\",\"position\":3,\"name\":\"La catarsis Zimmerman\"}]},{\"@type\":\"WebSite\",\"@id\":\"https:\\\/\\\/letrame.com\\\/catalogo\\\/#website\",\"url\":\"https:\\\/\\\/letrame.com\\\/catalogo\\\/\",\"name\":\"Catalogo | Letrame Grupo Editorial\",\"description\":\"\",\"publisher\":{\"@id\":\"https:\\\/\\\/letrame.com\\\/catalogo\\\/#organization\"},\"potentialAction\":[{\"@type\":\"SearchAction\",\"target\":{\"@type\":\"EntryPoint\",\"urlTemplate\":\"https:\\\/\\\/letrame.com\\\/catalogo\\\/?s={search_term_string}\"},\"query-input\":{\"@type\":\"PropertyValueSpecification\",\"valueRequired\":true,\"valueName\":\"search_term_string\"}}],\"inLanguage\":\"es\"},{\"@type\":\"Organization\",\"@id\":\"https:\\\/\\\/letrame.com\\\/catalogo\\\/#organization\",\"name\":\"Catalogo | Letrame Grupo Editorial\",\"url\":\"https:\\\/\\\/letrame.com\\\/catalogo\\\/\",\"logo\":{\"@type\":\"ImageObject\",\"inLanguage\":\"es\",\"@id\":\"https:\\\/\\\/letrame.com\\\/catalogo\\\/#\\\/schema\\\/logo\\\/image\\\/\",\"url\":\"https:\\\/\\\/letrame.com\\\/catalogo\\\/wp-content\\\/uploads\\\/2024\\\/03\\\/logo2.webp\",\"contentUrl\":\"https:\\\/\\\/letrame.com\\\/catalogo\\\/wp-content\\\/uploads\\\/2024\\\/03\\\/logo2.webp\",\"width\":394,\"height\":128,\"caption\":\"Catalogo | Letrame Grupo Editorial\"},\"image\":{\"@id\":\"https:\\\/\\\/letrame.com\\\/catalogo\\\/#\\\/schema\\\/logo\\\/image\\\/\"}}]}<\/script>\n<!-- \/ Yoast SEO plugin. -->","yoast_head_json":{"title":"La catarsis Zimmerman - Catalogo | Letrame Grupo Editorial","robots":{"index":"index","follow":"follow","max-snippet":"max-snippet:-1","max-image-preview":"max-image-preview:large","max-video-preview":"max-video-preview:-1"},"canonical":"https:\/\/letrame.com\/catalogo\/producto\/la-catarsis-zimmerman\/","og_locale":"es_ES","og_type":"article","og_title":"La catarsis Zimmerman - Catalogo | Letrame Grupo Editorial","og_description":"ISBN:\u00a0 9791370294793  SINOPSIS V\u00edctor Zimmerman, actor arruinado tras a\u00f1os de \u00e9xito, recibe una oferta para trabajar en la pel\u00edcula La rebeli\u00f3n del predicado, adaptaci\u00f3n de una obra teatral que V\u00edctor protagoniz\u00f3 treinta a\u00f1os atr\u00e1s. El rodaje le obligar\u00e1 a enfrentarse a miedos y traumas que se encarg\u00f3 de enterrar, as\u00ed como a reencontrarse con su exmujer, \u00darsula, y su amigo Hugo, con quienes tiene asuntos pendientes. Para desenredar un nudo hecho a base de secretos, malas decisiones y desprop\u00f3sitos, V\u00edctor deber\u00e1 liberar sus emociones reprimidas y lograr esa transformaci\u00f3n interior que los expertos llaman catarsis. Una historia tan dram\u00e1tica como c\u00f3mica, donde pasado y presente se fusionan entre secuencias, psiquiatras y relaciones personales tan t\u00f3xicas como necesarias.","og_url":"https:\/\/letrame.com\/catalogo\/producto\/la-catarsis-zimmerman\/","og_site_name":"Catalogo | Letrame Grupo Editorial","article_modified_time":"2026-04-30T10:05:44+00:00","og_image":[{"width":709,"height":1040,"url":"https:\/\/letrame.com\/catalogo\/wp-content\/uploads\/2026\/04\/lacatarsisde_195mm4.jpg","type":"image\/jpeg"}],"twitter_card":"summary_large_image","twitter_misc":{"Tiempo de lectura":"1 minuto"},"schema":{"@context":"https:\/\/schema.org","@graph":[{"@type":"WebPage","@id":"https:\/\/letrame.com\/catalogo\/producto\/la-catarsis-zimmerman\/","url":"https:\/\/letrame.com\/catalogo\/producto\/la-catarsis-zimmerman\/","name":"La catarsis Zimmerman - Catalogo | Letrame Grupo Editorial","isPartOf":{"@id":"https:\/\/letrame.com\/catalogo\/#website"},"primaryImageOfPage":{"@id":"https:\/\/letrame.com\/catalogo\/producto\/la-catarsis-zimmerman\/#primaryimage"},"image":{"@id":"https:\/\/letrame.com\/catalogo\/producto\/la-catarsis-zimmerman\/#primaryimage"},"thumbnailUrl":"https:\/\/letrame.com\/catalogo\/wp-content\/uploads\/2026\/04\/lacatarsisde_195mm4.jpg","datePublished":"2026-04-30T10:05:42+00:00","dateModified":"2026-04-30T10:05:44+00:00","breadcrumb":{"@id":"https:\/\/letrame.com\/catalogo\/producto\/la-catarsis-zimmerman\/#breadcrumb"},"inLanguage":"es","potentialAction":[{"@type":"ReadAction","target":["https:\/\/letrame.com\/catalogo\/producto\/la-catarsis-zimmerman\/"]}]},{"@type":"ImageObject","inLanguage":"es","@id":"https:\/\/letrame.com\/catalogo\/producto\/la-catarsis-zimmerman\/#primaryimage","url":"https:\/\/letrame.com\/catalogo\/wp-content\/uploads\/2026\/04\/lacatarsisde_195mm4.jpg","contentUrl":"https:\/\/letrame.com\/catalogo\/wp-content\/uploads\/2026\/04\/lacatarsisde_195mm4.jpg","width":709,"height":1040},{"@type":"BreadcrumbList","@id":"https:\/\/letrame.com\/catalogo\/producto\/la-catarsis-zimmerman\/#breadcrumb","itemListElement":[{"@type":"ListItem","position":1,"name":"Portada","item":"https:\/\/letrame.com\/catalogo\/"},{"@type":"ListItem","position":2,"name":"Cat\u00e1logo","item":"https:\/\/letrame.com\/catalogo\/"},{"@type":"ListItem","position":3,"name":"La catarsis Zimmerman"}]},{"@type":"WebSite","@id":"https:\/\/letrame.com\/catalogo\/#website","url":"https:\/\/letrame.com\/catalogo\/","name":"Catalogo | Letrame Grupo Editorial","description":"","publisher":{"@id":"https:\/\/letrame.com\/catalogo\/#organization"},"potentialAction":[{"@type":"SearchAction","target":{"@type":"EntryPoint","urlTemplate":"https:\/\/letrame.com\/catalogo\/?s={search_term_string}"},"query-input":{"@type":"PropertyValueSpecification","valueRequired":true,"valueName":"search_term_string"}}],"inLanguage":"es"},{"@type":"Organization","@id":"https:\/\/letrame.com\/catalogo\/#organization","name":"Catalogo | Letrame Grupo Editorial","url":"https:\/\/letrame.com\/catalogo\/","logo":{"@type":"ImageObject","inLanguage":"es","@id":"https:\/\/letrame.com\/catalogo\/#\/schema\/logo\/image\/","url":"https:\/\/letrame.com\/catalogo\/wp-content\/uploads\/2024\/03\/logo2.webp","contentUrl":"https:\/\/letrame.com\/catalogo\/wp-content\/uploads\/2024\/03\/logo2.webp","width":394,"height":128,"caption":"Catalogo | Letrame Grupo Editorial"},"image":{"@id":"https:\/\/letrame.com\/catalogo\/#\/schema\/logo\/image\/"}}]}},"_links":{"self":[{"href":"https:\/\/letrame.com\/catalogo\/wp-json\/wp\/v2\/product\/112502","targetHints":{"allow":["GET"]}}],"collection":[{"href":"https:\/\/letrame.com\/catalogo\/wp-json\/wp\/v2\/product"}],"about":[{"href":"https:\/\/letrame.com\/catalogo\/wp-json\/wp\/v2\/types\/product"}],"replies":[{"embeddable":true,"href":"https:\/\/letrame.com\/catalogo\/wp-json\/wp\/v2\/comments?post=112502"}],"acf:post":[{"embeddable":true,"href":"https:\/\/letrame.com\/catalogo\/wp-json\/wp\/v2\/author_book\/112503"}],"wp:featuredmedia":[{"embeddable":true,"href":"https:\/\/letrame.com\/catalogo\/wp-json\/wp\/v2\/media\/112506"}],"wp:attachment":[{"href":"https:\/\/letrame.com\/catalogo\/wp-json\/wp\/v2\/media?parent=112502"}],"wp:term":[{"taxonomy":"libro","embeddable":true,"href":"https:\/\/letrame.com\/catalogo\/wp-json\/wp\/v2\/libro?post=112502"},{"taxonomy":"product_brand","embeddable":true,"href":"https:\/\/letrame.com\/catalogo\/wp-json\/wp\/v2\/product_brand?post=112502"},{"taxonomy":"product_cat","embeddable":true,"href":"https:\/\/letrame.com\/catalogo\/wp-json\/wp\/v2\/product_cat?post=112502"},{"taxonomy":"product_tag","embeddable":true,"href":"https:\/\/letrame.com\/catalogo\/wp-json\/wp\/v2\/product_tag?post=112502"}],"curies":[{"name":"wp","href":"https:\/\/api.w.org\/{rel}","templated":true}]}}