{"id":112419,"date":"2026-04-30T16:17:26","date_gmt":"2026-04-30T14:17:26","guid":{"rendered":"https:\/\/letrame.com\/catalogo\/?post_type=product&#038;p=112419"},"modified":"2026-04-30T16:17:27","modified_gmt":"2026-04-30T14:17:27","slug":"el-despertar-del-principe","status":"publish","type":"product","link":"https:\/\/letrame.com\/catalogo\/producto\/el-despertar-del-principe\/","title":{"rendered":"El despertar del pr\u00edncipe"},"content":{"rendered":"<p><strong>ISBN: 9791370291426<\/strong><br \/>\n<strong>T\u00edtulo: El despertar del pr\u00edncipe<\/strong><br \/>\n<strong>Fecha: 2026<\/strong><br \/>\n<strong>P\u00e1ginas: 458<\/strong><\/p>\n<p><strong>SINOPSIS<\/strong><\/p>\n<p data-start=\"0\" data-end=\"112\">Entre selvas encantadas y destinos c\u00f3smicos, un joven descubre que su vida es la chispa de una guerra milenaria.<\/p>\n<p data-start=\"114\" data-end=\"568\">Markus, un joven marcado por la p\u00e9rdida y la incertidumbre, llega a un misterioso albergue amaz\u00f3nico sin saber que el coraz\u00f3n de la selva oculta mucho m\u00e1s que belleza: all\u00ed, realidades paralelas, criaturas ins\u00f3litas y fuerzas invisibles lo esperan. Lo que comienza como una traves\u00eda de reencuentros y an\u00e9cdotas extra\u00f1as, pronto se transforma en una carrera contra el tiempo por descifrar su verdadero origen y la amenaza que se cierne sobre la humanidad.<\/p>\n<p data-start=\"570\" data-end=\"822\" data-is-last-node=\"\" data-is-only-node=\"\">Bajo la gu\u00eda de su exc\u00e9ntrico padrino Jacob, y entre encuentros con lechuzas esp\u00edas, brujas dormidas y para\u00edsos ocultos, Markus empieza a vislumbrar su destino: convertirse en el Pr\u00edncipe Planetario, el \u00fanico capaz de restaurar el equilibrio universal.<\/p>\n","protected":false},"excerpt":{"rendered":"<p><strong>ISBN: 9791370291426<\/strong><\/p>\n<p><strong>SINOPSIS<\/strong><\/p>\n<p data-start=\"0\" data-end=\"112\">Entre selvas encantadas y destinos c\u00f3smicos, un joven descubre que su vida es la chispa de una guerra milenaria.<\/p>\n<p data-start=\"114\" data-end=\"568\">Markus, un joven marcado por la p\u00e9rdida y la incertidumbre, llega a un misterioso albergue amaz\u00f3nico sin saber que el coraz\u00f3n de la selva oculta mucho m\u00e1s que belleza: all\u00ed, realidades paralelas, criaturas ins\u00f3litas y fuerzas invisibles lo esperan. Lo que comienza como una traves\u00eda de reencuentros y an\u00e9cdotas extra\u00f1as, pronto se transforma en una carrera contra el tiempo por descifrar su verdadero origen y la amenaza que se cierne sobre la humanidad.<\/p>\n<p data-start=\"570\" data-end=\"822\" data-is-last-node=\"\" data-is-only-node=\"\">Bajo la gu\u00eda de su exc\u00e9ntrico padrino Jacob, y entre encuentros con lechuzas esp\u00edas, brujas dormidas y para\u00edsos ocultos, Markus empieza a vislumbrar su destino: convertirse en el Pr\u00edncipe Planetario, el \u00fanico capaz de restaurar el equilibrio universal.<\/p>\n","protected":false},"featured_media":112422,"comment_status":"open","ping_status":"closed","template":"","meta":{"_acf_changed":false},"libro":[],"product_brand":[],"product_cat":[118],"product_tag":[],"class_list":{"0":"post-112419","1":"product","2":"type-product","3":"status-publish","4":"has-post-thumbnail","6":"product_cat-fantasia","8":"first","9":"instock","10":"shipping-taxable","11":"product-type-simple"},"acf":{"autor":[112420],"enlace_de_compra":"https:\/\/amzn.to\/4cJBoXW"},"yoast_head":"<!-- This site is optimized with the Yoast SEO plugin v27.4 - https:\/\/yoast.com\/product\/yoast-seo-wordpress\/ -->\n<title>El despertar del pr\u00edncipe - Catalogo | Letrame Grupo Editorial<\/title>\n<meta name=\"robots\" content=\"index, follow, max-snippet:-1, max-image-preview:large, max-video-preview:-1\" \/>\n<link rel=\"canonical\" href=\"https:\/\/letrame.com\/catalogo\/producto\/el-despertar-del-principe\/\" \/>\n<meta property=\"og:locale\" content=\"es_ES\" \/>\n<meta property=\"og:type\" content=\"article\" \/>\n<meta property=\"og:title\" content=\"El despertar del pr\u00edncipe - Catalogo | Letrame Grupo Editorial\" \/>\n<meta property=\"og:description\" content=\"ISBN: 9791370291426  SINOPSIS Entre selvas encantadas y destinos c\u00f3smicos, un joven descubre que su vida es la chispa de una guerra milenaria. Markus, un joven marcado por la p\u00e9rdida y la incertidumbre, llega a un misterioso albergue amaz\u00f3nico sin saber que el coraz\u00f3n de la selva oculta mucho m\u00e1s que belleza: all\u00ed, realidades paralelas, criaturas ins\u00f3litas y fuerzas invisibles lo esperan. Lo que comienza como una traves\u00eda de reencuentros y an\u00e9cdotas extra\u00f1as, pronto se transforma en una carrera contra el tiempo por descifrar su verdadero origen y la amenaza que se cierne sobre la humanidad. Bajo la gu\u00eda de su exc\u00e9ntrico padrino Jacob, y entre encuentros con lechuzas esp\u00edas, brujas dormidas y para\u00edsos ocultos, Markus empieza a vislumbrar su destino: convertirse en el Pr\u00edncipe Planetario, el \u00fanico capaz de restaurar el equilibrio universal.\" \/>\n<meta property=\"og:url\" content=\"https:\/\/letrame.com\/catalogo\/producto\/el-despertar-del-principe\/\" \/>\n<meta property=\"og:site_name\" content=\"Catalogo | Letrame Grupo Editorial\" \/>\n<meta property=\"article:modified_time\" content=\"2026-04-30T14:17:27+00:00\" \/>\n<meta property=\"og:image\" content=\"https:\/\/letrame.com\/catalogo\/wp-content\/uploads\/2026\/04\/Eldespertardelprincipe_2251mm4.jpg\" \/>\n\t<meta property=\"og:image:width\" content=\"709\" \/>\n\t<meta property=\"og:image:height\" content=\"1039\" \/>\n\t<meta property=\"og:image:type\" content=\"image\/jpeg\" \/>\n<meta name=\"twitter:card\" content=\"summary_large_image\" \/>\n<meta name=\"twitter:label1\" content=\"Tiempo de lectura\" \/>\n\t<meta name=\"twitter:data1\" content=\"1 minuto\" \/>\n<script type=\"application\/ld+json\" class=\"yoast-schema-graph\">{\"@context\":\"https:\\\/\\\/schema.org\",\"@graph\":[{\"@type\":\"WebPage\",\"@id\":\"https:\\\/\\\/letrame.com\\\/catalogo\\\/producto\\\/el-despertar-del-principe\\\/\",\"url\":\"https:\\\/\\\/letrame.com\\\/catalogo\\\/producto\\\/el-despertar-del-principe\\\/\",\"name\":\"El despertar del pr\u00edncipe - Catalogo | Letrame Grupo Editorial\",\"isPartOf\":{\"@id\":\"https:\\\/\\\/letrame.com\\\/catalogo\\\/#website\"},\"primaryImageOfPage\":{\"@id\":\"https:\\\/\\\/letrame.com\\\/catalogo\\\/producto\\\/el-despertar-del-principe\\\/#primaryimage\"},\"image\":{\"@id\":\"https:\\\/\\\/letrame.com\\\/catalogo\\\/producto\\\/el-despertar-del-principe\\\/#primaryimage\"},\"thumbnailUrl\":\"https:\\\/\\\/letrame.com\\\/catalogo\\\/wp-content\\\/uploads\\\/2026\\\/04\\\/Eldespertardelprincipe_2251mm4.jpg\",\"datePublished\":\"2026-04-30T14:17:26+00:00\",\"dateModified\":\"2026-04-30T14:17:27+00:00\",\"breadcrumb\":{\"@id\":\"https:\\\/\\\/letrame.com\\\/catalogo\\\/producto\\\/el-despertar-del-principe\\\/#breadcrumb\"},\"inLanguage\":\"es\",\"potentialAction\":[{\"@type\":\"ReadAction\",\"target\":[\"https:\\\/\\\/letrame.com\\\/catalogo\\\/producto\\\/el-despertar-del-principe\\\/\"]}]},{\"@type\":\"ImageObject\",\"inLanguage\":\"es\",\"@id\":\"https:\\\/\\\/letrame.com\\\/catalogo\\\/producto\\\/el-despertar-del-principe\\\/#primaryimage\",\"url\":\"https:\\\/\\\/letrame.com\\\/catalogo\\\/wp-content\\\/uploads\\\/2026\\\/04\\\/Eldespertardelprincipe_2251mm4.jpg\",\"contentUrl\":\"https:\\\/\\\/letrame.com\\\/catalogo\\\/wp-content\\\/uploads\\\/2026\\\/04\\\/Eldespertardelprincipe_2251mm4.jpg\",\"width\":709,\"height\":1039},{\"@type\":\"BreadcrumbList\",\"@id\":\"https:\\\/\\\/letrame.com\\\/catalogo\\\/producto\\\/el-despertar-del-principe\\\/#breadcrumb\",\"itemListElement\":[{\"@type\":\"ListItem\",\"position\":1,\"name\":\"Portada\",\"item\":\"https:\\\/\\\/letrame.com\\\/catalogo\\\/\"},{\"@type\":\"ListItem\",\"position\":2,\"name\":\"Cat\u00e1logo\",\"item\":\"https:\\\/\\\/letrame.com\\\/catalogo\\\/\"},{\"@type\":\"ListItem\",\"position\":3,\"name\":\"El despertar del pr\u00edncipe\"}]},{\"@type\":\"WebSite\",\"@id\":\"https:\\\/\\\/letrame.com\\\/catalogo\\\/#website\",\"url\":\"https:\\\/\\\/letrame.com\\\/catalogo\\\/\",\"name\":\"Catalogo | Letrame Grupo Editorial\",\"description\":\"\",\"publisher\":{\"@id\":\"https:\\\/\\\/letrame.com\\\/catalogo\\\/#organization\"},\"potentialAction\":[{\"@type\":\"SearchAction\",\"target\":{\"@type\":\"EntryPoint\",\"urlTemplate\":\"https:\\\/\\\/letrame.com\\\/catalogo\\\/?s={search_term_string}\"},\"query-input\":{\"@type\":\"PropertyValueSpecification\",\"valueRequired\":true,\"valueName\":\"search_term_string\"}}],\"inLanguage\":\"es\"},{\"@type\":\"Organization\",\"@id\":\"https:\\\/\\\/letrame.com\\\/catalogo\\\/#organization\",\"name\":\"Catalogo | Letrame Grupo Editorial\",\"url\":\"https:\\\/\\\/letrame.com\\\/catalogo\\\/\",\"logo\":{\"@type\":\"ImageObject\",\"inLanguage\":\"es\",\"@id\":\"https:\\\/\\\/letrame.com\\\/catalogo\\\/#\\\/schema\\\/logo\\\/image\\\/\",\"url\":\"https:\\\/\\\/letrame.com\\\/catalogo\\\/wp-content\\\/uploads\\\/2024\\\/03\\\/logo2.webp\",\"contentUrl\":\"https:\\\/\\\/letrame.com\\\/catalogo\\\/wp-content\\\/uploads\\\/2024\\\/03\\\/logo2.webp\",\"width\":394,\"height\":128,\"caption\":\"Catalogo | Letrame Grupo Editorial\"},\"image\":{\"@id\":\"https:\\\/\\\/letrame.com\\\/catalogo\\\/#\\\/schema\\\/logo\\\/image\\\/\"}}]}<\/script>\n<!-- \/ Yoast SEO plugin. -->","yoast_head_json":{"title":"El despertar del pr\u00edncipe - Catalogo | Letrame Grupo Editorial","robots":{"index":"index","follow":"follow","max-snippet":"max-snippet:-1","max-image-preview":"max-image-preview:large","max-video-preview":"max-video-preview:-1"},"canonical":"https:\/\/letrame.com\/catalogo\/producto\/el-despertar-del-principe\/","og_locale":"es_ES","og_type":"article","og_title":"El despertar del pr\u00edncipe - Catalogo | Letrame Grupo Editorial","og_description":"ISBN: 9791370291426  SINOPSIS Entre selvas encantadas y destinos c\u00f3smicos, un joven descubre que su vida es la chispa de una guerra milenaria. Markus, un joven marcado por la p\u00e9rdida y la incertidumbre, llega a un misterioso albergue amaz\u00f3nico sin saber que el coraz\u00f3n de la selva oculta mucho m\u00e1s que belleza: all\u00ed, realidades paralelas, criaturas ins\u00f3litas y fuerzas invisibles lo esperan. Lo que comienza como una traves\u00eda de reencuentros y an\u00e9cdotas extra\u00f1as, pronto se transforma en una carrera contra el tiempo por descifrar su verdadero origen y la amenaza que se cierne sobre la humanidad. Bajo la gu\u00eda de su exc\u00e9ntrico padrino Jacob, y entre encuentros con lechuzas esp\u00edas, brujas dormidas y para\u00edsos ocultos, Markus empieza a vislumbrar su destino: convertirse en el Pr\u00edncipe Planetario, el \u00fanico capaz de restaurar el equilibrio universal.","og_url":"https:\/\/letrame.com\/catalogo\/producto\/el-despertar-del-principe\/","og_site_name":"Catalogo | Letrame Grupo Editorial","article_modified_time":"2026-04-30T14:17:27+00:00","og_image":[{"width":709,"height":1039,"url":"https:\/\/letrame.com\/catalogo\/wp-content\/uploads\/2026\/04\/Eldespertardelprincipe_2251mm4.jpg","type":"image\/jpeg"}],"twitter_card":"summary_large_image","twitter_misc":{"Tiempo de lectura":"1 minuto"},"schema":{"@context":"https:\/\/schema.org","@graph":[{"@type":"WebPage","@id":"https:\/\/letrame.com\/catalogo\/producto\/el-despertar-del-principe\/","url":"https:\/\/letrame.com\/catalogo\/producto\/el-despertar-del-principe\/","name":"El despertar del pr\u00edncipe - Catalogo | Letrame Grupo Editorial","isPartOf":{"@id":"https:\/\/letrame.com\/catalogo\/#website"},"primaryImageOfPage":{"@id":"https:\/\/letrame.com\/catalogo\/producto\/el-despertar-del-principe\/#primaryimage"},"image":{"@id":"https:\/\/letrame.com\/catalogo\/producto\/el-despertar-del-principe\/#primaryimage"},"thumbnailUrl":"https:\/\/letrame.com\/catalogo\/wp-content\/uploads\/2026\/04\/Eldespertardelprincipe_2251mm4.jpg","datePublished":"2026-04-30T14:17:26+00:00","dateModified":"2026-04-30T14:17:27+00:00","breadcrumb":{"@id":"https:\/\/letrame.com\/catalogo\/producto\/el-despertar-del-principe\/#breadcrumb"},"inLanguage":"es","potentialAction":[{"@type":"ReadAction","target":["https:\/\/letrame.com\/catalogo\/producto\/el-despertar-del-principe\/"]}]},{"@type":"ImageObject","inLanguage":"es","@id":"https:\/\/letrame.com\/catalogo\/producto\/el-despertar-del-principe\/#primaryimage","url":"https:\/\/letrame.com\/catalogo\/wp-content\/uploads\/2026\/04\/Eldespertardelprincipe_2251mm4.jpg","contentUrl":"https:\/\/letrame.com\/catalogo\/wp-content\/uploads\/2026\/04\/Eldespertardelprincipe_2251mm4.jpg","width":709,"height":1039},{"@type":"BreadcrumbList","@id":"https:\/\/letrame.com\/catalogo\/producto\/el-despertar-del-principe\/#breadcrumb","itemListElement":[{"@type":"ListItem","position":1,"name":"Portada","item":"https:\/\/letrame.com\/catalogo\/"},{"@type":"ListItem","position":2,"name":"Cat\u00e1logo","item":"https:\/\/letrame.com\/catalogo\/"},{"@type":"ListItem","position":3,"name":"El despertar del pr\u00edncipe"}]},{"@type":"WebSite","@id":"https:\/\/letrame.com\/catalogo\/#website","url":"https:\/\/letrame.com\/catalogo\/","name":"Catalogo | Letrame Grupo Editorial","description":"","publisher":{"@id":"https:\/\/letrame.com\/catalogo\/#organization"},"potentialAction":[{"@type":"SearchAction","target":{"@type":"EntryPoint","urlTemplate":"https:\/\/letrame.com\/catalogo\/?s={search_term_string}"},"query-input":{"@type":"PropertyValueSpecification","valueRequired":true,"valueName":"search_term_string"}}],"inLanguage":"es"},{"@type":"Organization","@id":"https:\/\/letrame.com\/catalogo\/#organization","name":"Catalogo | Letrame Grupo Editorial","url":"https:\/\/letrame.com\/catalogo\/","logo":{"@type":"ImageObject","inLanguage":"es","@id":"https:\/\/letrame.com\/catalogo\/#\/schema\/logo\/image\/","url":"https:\/\/letrame.com\/catalogo\/wp-content\/uploads\/2024\/03\/logo2.webp","contentUrl":"https:\/\/letrame.com\/catalogo\/wp-content\/uploads\/2024\/03\/logo2.webp","width":394,"height":128,"caption":"Catalogo | Letrame Grupo Editorial"},"image":{"@id":"https:\/\/letrame.com\/catalogo\/#\/schema\/logo\/image\/"}}]}},"_links":{"self":[{"href":"https:\/\/letrame.com\/catalogo\/wp-json\/wp\/v2\/product\/112419","targetHints":{"allow":["GET"]}}],"collection":[{"href":"https:\/\/letrame.com\/catalogo\/wp-json\/wp\/v2\/product"}],"about":[{"href":"https:\/\/letrame.com\/catalogo\/wp-json\/wp\/v2\/types\/product"}],"replies":[{"embeddable":true,"href":"https:\/\/letrame.com\/catalogo\/wp-json\/wp\/v2\/comments?post=112419"}],"acf:post":[{"embeddable":true,"href":"https:\/\/letrame.com\/catalogo\/wp-json\/wp\/v2\/author_book\/112420"}],"wp:featuredmedia":[{"embeddable":true,"href":"https:\/\/letrame.com\/catalogo\/wp-json\/wp\/v2\/media\/112422"}],"wp:attachment":[{"href":"https:\/\/letrame.com\/catalogo\/wp-json\/wp\/v2\/media?parent=112419"}],"wp:term":[{"taxonomy":"libro","embeddable":true,"href":"https:\/\/letrame.com\/catalogo\/wp-json\/wp\/v2\/libro?post=112419"},{"taxonomy":"product_brand","embeddable":true,"href":"https:\/\/letrame.com\/catalogo\/wp-json\/wp\/v2\/product_brand?post=112419"},{"taxonomy":"product_cat","embeddable":true,"href":"https:\/\/letrame.com\/catalogo\/wp-json\/wp\/v2\/product_cat?post=112419"},{"taxonomy":"product_tag","embeddable":true,"href":"https:\/\/letrame.com\/catalogo\/wp-json\/wp\/v2\/product_tag?post=112419"}],"curies":[{"name":"wp","href":"https:\/\/api.w.org\/{rel}","templated":true}]}}