{"id":112413,"date":"2026-04-30T16:15:47","date_gmt":"2026-04-30T14:15:47","guid":{"rendered":"https:\/\/letrame.com\/catalogo\/?post_type=product&#038;p=112413"},"modified":"2026-04-30T17:10:56","modified_gmt":"2026-04-30T15:10:56","slug":"el-reencuentro-con-tu-luz","status":"publish","type":"product","link":"https:\/\/letrame.com\/catalogo\/producto\/el-reencuentro-con-tu-luz\/","title":{"rendered":"El reencuentro con tu luz"},"content":{"rendered":"<p><strong>ISBN: 9791370298241<\/strong><br \/>\n<strong>T\u00edtulo: El reencuentro con tu luz<\/strong><br \/>\n<strong>Fecha: 2026<\/strong><br \/>\n<strong>P\u00e1ginas: 432<\/strong><\/p>\n<p><strong>SINOPSIS<\/strong><\/p>\n<p data-start=\"0\" data-end=\"222\">El Reencuentro con tu Luz. En un mundo donde las prisas, las dudas y las heridas del pasado nublan nuestra esencia, llega el momento de recordar qui\u00e9nes somos en verdad: seres de luz en un viaje de regreso a la conciencia.<\/p>\n<p data-start=\"224\" data-end=\"486\"><em data-start=\"224\" data-end=\"251\">El Reencuentro con tu Luz<\/em> es una gu\u00eda espiritual y pr\u00e1ctica que te invita a despertar tu potencial m\u00e1s elevado. A trav\u00e9s de ense\u00f1anzas, oraciones, meditaciones y activaciones, este libro abre el camino hacia la sanaci\u00f3n, la liberaci\u00f3n y la expansi\u00f3n de tu ser.<\/p>\n<p data-start=\"488\" data-end=\"1107\">En sus p\u00e1ginas descubrir\u00e1s:<br data-start=\"515\" data-end=\"518\" \/>\u2022 C\u00f3mo conectar con tu Yo Superior y escuchar su gu\u00eda amorosa.<br data-start=\"580\" data-end=\"583\" \/>\u2022 Pr\u00e1cticas de protecci\u00f3n y limpieza energ\u00e9tica para mantener tu vibraci\u00f3n elevada.<br data-start=\"666\" data-end=\"669\" \/>\u2022 Procesos de sanaci\u00f3n de heridas pasadas y liberaci\u00f3n de bloqueos emocionales.<br data-start=\"748\" data-end=\"751\" \/>\u2022 La activaci\u00f3n de las 12 capas de ADN como llave de tu memoria c\u00f3smica.<br data-start=\"823\" data-end=\"826\" \/>\u2022 El reencuentro con tus familias estelares y la sabidur\u00eda ancestral de Lemuria y Atl\u00e1ntida.<br data-start=\"918\" data-end=\"921\" \/>\u2022 Las activaciones de c\u00f3digos de luz que despiertan tus dones y tu prop\u00f3sito.<br data-start=\"998\" data-end=\"1001\" \/>\u2022 La activaci\u00f3n de la 5\u00aa Dimensi\u00f3n, un estado de conciencia basado en el amor, la unidad y la co-creaci\u00f3n.<\/p>\n<p data-start=\"1109\" data-end=\"1240\">Este no es solo un libro: es un portal vibracional, una invitaci\u00f3n a mirar dentro de ti y reconocer la luz que siempre estuvo all\u00ed.<\/p>\n<p data-start=\"1242\" data-end=\"1450\">Si alguna vez has sentido que tu alma guarda un prop\u00f3sito mayor, si intuyes que perteneces a algo m\u00e1s vasto que tu vida cotidiana, <em data-start=\"1373\" data-end=\"1400\">El Reencuentro con tu Luz<\/em> ser\u00e1 el mapa que te gu\u00ede de regreso a tu esencia.<\/p>\n<p data-start=\"1452\" data-end=\"1484\">El viaje comienza en tu coraz\u00f3n.<\/p>\n<p data-start=\"1486\" data-end=\"1523\" data-is-last-node=\"\" data-is-only-node=\"\">Tu reencuentro con la luz ha llegado.<\/p>\n","protected":false},"excerpt":{"rendered":"<p><strong>ISBN: 9791370298241<\/strong><\/p>\n<p><strong>SINOPSIS<\/strong><\/p>\n<p data-start=\"0\" data-end=\"222\">El Reencuentro con tu Luz. En un mundo donde las prisas, las dudas y las heridas del pasado nublan nuestra esencia, llega el momento de recordar qui\u00e9nes somos en verdad: seres de luz en un viaje de regreso a la conciencia.<\/p>\n<p data-start=\"224\" data-end=\"486\"><em data-start=\"224\" data-end=\"251\">El Reencuentro con tu Luz<\/em> es una gu\u00eda espiritual y pr\u00e1ctica que te invita a despertar tu potencial m\u00e1s elevado. A trav\u00e9s de ense\u00f1anzas, oraciones, meditaciones y activaciones, este libro abre el camino hacia la sanaci\u00f3n, la liberaci\u00f3n y la expansi\u00f3n de tu ser.<\/p>\n<p data-start=\"488\" data-end=\"1107\">En sus p\u00e1ginas descubrir\u00e1s:<br data-start=\"515\" data-end=\"518\" \/>\u2022 C\u00f3mo conectar con tu Yo Superior y escuchar su gu\u00eda amorosa.<br data-start=\"580\" data-end=\"583\" \/>\u2022 Pr\u00e1cticas de protecci\u00f3n y limpieza energ\u00e9tica para mantener tu vibraci\u00f3n elevada.<br data-start=\"666\" data-end=\"669\" \/>\u2022 Procesos de sanaci\u00f3n de heridas pasadas y liberaci\u00f3n de bloqueos emocionales.<br data-start=\"748\" data-end=\"751\" \/>\u2022 La activaci\u00f3n de las 12 capas de ADN como llave de tu memoria c\u00f3smica.<br data-start=\"823\" data-end=\"826\" \/>\u2022 El reencuentro con tus familias estelares y la sabidur\u00eda ancestral de Lemuria y Atl\u00e1ntida.<br data-start=\"918\" data-end=\"921\" \/>\u2022 Las activaciones de c\u00f3digos de luz que despiertan tus dones y tu prop\u00f3sito.<br data-start=\"998\" data-end=\"1001\" \/>\u2022 La activaci\u00f3n de la 5\u00aa Dimensi\u00f3n, un estado de conciencia basado en el amor, la unidad y la co-creaci\u00f3n.<\/p>\n<p data-start=\"1109\" data-end=\"1240\">Este no es solo un libro: es un portal vibracional, una invitaci\u00f3n a mirar dentro de ti y reconocer la luz que siempre estuvo all\u00ed.<\/p>\n<p data-start=\"1242\" data-end=\"1450\">Si alguna vez has sentido que tu alma guarda un prop\u00f3sito mayor, si intuyes que perteneces a algo m\u00e1s vasto que tu vida cotidiana, <em data-start=\"1373\" data-end=\"1400\">El Reencuentro con tu Luz<\/em> ser\u00e1 el mapa que te gu\u00ede de regreso a tu esencia.<\/p>\n<p data-start=\"1452\" data-end=\"1484\">El viaje comienza en tu coraz\u00f3n.<\/p>\n<p data-start=\"1486\" data-end=\"1523\" data-is-last-node=\"\" data-is-only-node=\"\">Tu reencuentro con la luz ha llegado.<\/p>\n","protected":false},"featured_media":112418,"comment_status":"open","ping_status":"closed","template":"","meta":{"_acf_changed":false},"libro":[],"product_brand":[],"product_cat":[25],"product_tag":[],"class_list":{"0":"post-112413","1":"product","2":"type-product","3":"status-publish","4":"has-post-thumbnail","6":"product_cat-religion-y-espiritualidad","8":"first","9":"instock","10":"shipping-taxable","11":"product-type-simple"},"acf":{"autor":[112414],"enlace_de_compra":"https:\/\/manueljesusrodriguez.com\/libros\/"},"yoast_head":"<!-- This site is optimized with the Yoast SEO plugin v27.4 - https:\/\/yoast.com\/product\/yoast-seo-wordpress\/ -->\n<title>El reencuentro con tu luz - Catalogo | Letrame Grupo Editorial<\/title>\n<meta name=\"robots\" content=\"index, follow, max-snippet:-1, max-image-preview:large, max-video-preview:-1\" \/>\n<link rel=\"canonical\" href=\"https:\/\/letrame.com\/catalogo\/producto\/el-reencuentro-con-tu-luz\/\" \/>\n<meta property=\"og:locale\" content=\"es_ES\" \/>\n<meta property=\"og:type\" content=\"article\" \/>\n<meta property=\"og:title\" content=\"El reencuentro con tu luz - Catalogo | Letrame Grupo Editorial\" \/>\n<meta property=\"og:description\" content=\"ISBN: 9791370298241  SINOPSIS El Reencuentro con tu Luz. En un mundo donde las prisas, las dudas y las heridas del pasado nublan nuestra esencia, llega el momento de recordar qui\u00e9nes somos en verdad: seres de luz en un viaje de regreso a la conciencia. El Reencuentro con tu Luz es una gu\u00eda espiritual y pr\u00e1ctica que te invita a despertar tu potencial m\u00e1s elevado. A trav\u00e9s de ense\u00f1anzas, oraciones, meditaciones y activaciones, este libro abre el camino hacia la sanaci\u00f3n, la liberaci\u00f3n y la expansi\u00f3n de tu ser. En sus p\u00e1ginas descubrir\u00e1s:\u2022 C\u00f3mo conectar con tu Yo Superior y escuchar su gu\u00eda amorosa.\u2022 Pr\u00e1cticas de protecci\u00f3n y limpieza energ\u00e9tica para mantener tu vibraci\u00f3n elevada.\u2022 Procesos de sanaci\u00f3n de heridas pasadas y liberaci\u00f3n de bloqueos emocionales.\u2022 La activaci\u00f3n de las 12 capas de ADN como llave de tu memoria c\u00f3smica.\u2022 El reencuentro con tus familias estelares y la sabidur\u00eda ancestral de Lemuria y Atl\u00e1ntida.\u2022 Las activaciones de c\u00f3digos de luz que despiertan tus dones y tu prop\u00f3sito.\u2022 La activaci\u00f3n de la 5\u00aa Dimensi\u00f3n, un estado de conciencia basado en el amor, la unidad y la co-creaci\u00f3n. Este no es solo un libro: es un portal vibracional, una invitaci\u00f3n a mirar dentro de ti y reconocer la luz que siempre estuvo all\u00ed. Si alguna vez has sentido que tu alma guarda un prop\u00f3sito mayor, si intuyes que perteneces a algo m\u00e1s vasto que tu vida cotidiana, El Reencuentro con tu Luz ser\u00e1 el mapa que te gu\u00ede de regreso a tu esencia. El viaje comienza en tu coraz\u00f3n. Tu reencuentro con la luz ha llegado.\" \/>\n<meta property=\"og:url\" content=\"https:\/\/letrame.com\/catalogo\/producto\/el-reencuentro-con-tu-luz\/\" \/>\n<meta property=\"og:site_name\" content=\"Catalogo | Letrame Grupo Editorial\" \/>\n<meta property=\"article:modified_time\" content=\"2026-04-30T15:10:56+00:00\" \/>\n<meta property=\"og:image\" content=\"https:\/\/letrame.com\/catalogo\/wp-content\/uploads\/2026\/04\/Elreencuentrocontuluz_2125mm4.jpg\" \/>\n\t<meta property=\"og:image:width\" content=\"803\" \/>\n\t<meta property=\"og:image:height\" content=\"1133\" \/>\n\t<meta property=\"og:image:type\" content=\"image\/jpeg\" \/>\n<meta name=\"twitter:card\" content=\"summary_large_image\" \/>\n<meta name=\"twitter:label1\" content=\"Tiempo de lectura\" \/>\n\t<meta name=\"twitter:data1\" content=\"2 minutos\" \/>\n<script type=\"application\/ld+json\" class=\"yoast-schema-graph\">{\"@context\":\"https:\\\/\\\/schema.org\",\"@graph\":[{\"@type\":\"WebPage\",\"@id\":\"https:\\\/\\\/letrame.com\\\/catalogo\\\/producto\\\/el-reencuentro-con-tu-luz\\\/\",\"url\":\"https:\\\/\\\/letrame.com\\\/catalogo\\\/producto\\\/el-reencuentro-con-tu-luz\\\/\",\"name\":\"El reencuentro con tu luz - Catalogo | Letrame Grupo Editorial\",\"isPartOf\":{\"@id\":\"https:\\\/\\\/letrame.com\\\/catalogo\\\/#website\"},\"primaryImageOfPage\":{\"@id\":\"https:\\\/\\\/letrame.com\\\/catalogo\\\/producto\\\/el-reencuentro-con-tu-luz\\\/#primaryimage\"},\"image\":{\"@id\":\"https:\\\/\\\/letrame.com\\\/catalogo\\\/producto\\\/el-reencuentro-con-tu-luz\\\/#primaryimage\"},\"thumbnailUrl\":\"https:\\\/\\\/letrame.com\\\/catalogo\\\/wp-content\\\/uploads\\\/2026\\\/04\\\/Elreencuentrocontuluz_2125mm4.jpg\",\"datePublished\":\"2026-04-30T14:15:47+00:00\",\"dateModified\":\"2026-04-30T15:10:56+00:00\",\"breadcrumb\":{\"@id\":\"https:\\\/\\\/letrame.com\\\/catalogo\\\/producto\\\/el-reencuentro-con-tu-luz\\\/#breadcrumb\"},\"inLanguage\":\"es\",\"potentialAction\":[{\"@type\":\"ReadAction\",\"target\":[\"https:\\\/\\\/letrame.com\\\/catalogo\\\/producto\\\/el-reencuentro-con-tu-luz\\\/\"]}]},{\"@type\":\"ImageObject\",\"inLanguage\":\"es\",\"@id\":\"https:\\\/\\\/letrame.com\\\/catalogo\\\/producto\\\/el-reencuentro-con-tu-luz\\\/#primaryimage\",\"url\":\"https:\\\/\\\/letrame.com\\\/catalogo\\\/wp-content\\\/uploads\\\/2026\\\/04\\\/Elreencuentrocontuluz_2125mm4.jpg\",\"contentUrl\":\"https:\\\/\\\/letrame.com\\\/catalogo\\\/wp-content\\\/uploads\\\/2026\\\/04\\\/Elreencuentrocontuluz_2125mm4.jpg\",\"width\":803,\"height\":1133},{\"@type\":\"BreadcrumbList\",\"@id\":\"https:\\\/\\\/letrame.com\\\/catalogo\\\/producto\\\/el-reencuentro-con-tu-luz\\\/#breadcrumb\",\"itemListElement\":[{\"@type\":\"ListItem\",\"position\":1,\"name\":\"Portada\",\"item\":\"https:\\\/\\\/letrame.com\\\/catalogo\\\/\"},{\"@type\":\"ListItem\",\"position\":2,\"name\":\"Cat\u00e1logo\",\"item\":\"https:\\\/\\\/letrame.com\\\/catalogo\\\/\"},{\"@type\":\"ListItem\",\"position\":3,\"name\":\"El reencuentro con tu luz\"}]},{\"@type\":\"WebSite\",\"@id\":\"https:\\\/\\\/letrame.com\\\/catalogo\\\/#website\",\"url\":\"https:\\\/\\\/letrame.com\\\/catalogo\\\/\",\"name\":\"Catalogo | Letrame Grupo Editorial\",\"description\":\"\",\"publisher\":{\"@id\":\"https:\\\/\\\/letrame.com\\\/catalogo\\\/#organization\"},\"potentialAction\":[{\"@type\":\"SearchAction\",\"target\":{\"@type\":\"EntryPoint\",\"urlTemplate\":\"https:\\\/\\\/letrame.com\\\/catalogo\\\/?s={search_term_string}\"},\"query-input\":{\"@type\":\"PropertyValueSpecification\",\"valueRequired\":true,\"valueName\":\"search_term_string\"}}],\"inLanguage\":\"es\"},{\"@type\":\"Organization\",\"@id\":\"https:\\\/\\\/letrame.com\\\/catalogo\\\/#organization\",\"name\":\"Catalogo | Letrame Grupo Editorial\",\"url\":\"https:\\\/\\\/letrame.com\\\/catalogo\\\/\",\"logo\":{\"@type\":\"ImageObject\",\"inLanguage\":\"es\",\"@id\":\"https:\\\/\\\/letrame.com\\\/catalogo\\\/#\\\/schema\\\/logo\\\/image\\\/\",\"url\":\"https:\\\/\\\/letrame.com\\\/catalogo\\\/wp-content\\\/uploads\\\/2024\\\/03\\\/logo2.webp\",\"contentUrl\":\"https:\\\/\\\/letrame.com\\\/catalogo\\\/wp-content\\\/uploads\\\/2024\\\/03\\\/logo2.webp\",\"width\":394,\"height\":128,\"caption\":\"Catalogo | Letrame Grupo Editorial\"},\"image\":{\"@id\":\"https:\\\/\\\/letrame.com\\\/catalogo\\\/#\\\/schema\\\/logo\\\/image\\\/\"}}]}<\/script>\n<!-- \/ Yoast SEO plugin. -->","yoast_head_json":{"title":"El reencuentro con tu luz - Catalogo | Letrame Grupo Editorial","robots":{"index":"index","follow":"follow","max-snippet":"max-snippet:-1","max-image-preview":"max-image-preview:large","max-video-preview":"max-video-preview:-1"},"canonical":"https:\/\/letrame.com\/catalogo\/producto\/el-reencuentro-con-tu-luz\/","og_locale":"es_ES","og_type":"article","og_title":"El reencuentro con tu luz - Catalogo | Letrame Grupo Editorial","og_description":"ISBN: 9791370298241  SINOPSIS El Reencuentro con tu Luz. En un mundo donde las prisas, las dudas y las heridas del pasado nublan nuestra esencia, llega el momento de recordar qui\u00e9nes somos en verdad: seres de luz en un viaje de regreso a la conciencia. El Reencuentro con tu Luz es una gu\u00eda espiritual y pr\u00e1ctica que te invita a despertar tu potencial m\u00e1s elevado. A trav\u00e9s de ense\u00f1anzas, oraciones, meditaciones y activaciones, este libro abre el camino hacia la sanaci\u00f3n, la liberaci\u00f3n y la expansi\u00f3n de tu ser. En sus p\u00e1ginas descubrir\u00e1s:\u2022 C\u00f3mo conectar con tu Yo Superior y escuchar su gu\u00eda amorosa.\u2022 Pr\u00e1cticas de protecci\u00f3n y limpieza energ\u00e9tica para mantener tu vibraci\u00f3n elevada.\u2022 Procesos de sanaci\u00f3n de heridas pasadas y liberaci\u00f3n de bloqueos emocionales.\u2022 La activaci\u00f3n de las 12 capas de ADN como llave de tu memoria c\u00f3smica.\u2022 El reencuentro con tus familias estelares y la sabidur\u00eda ancestral de Lemuria y Atl\u00e1ntida.\u2022 Las activaciones de c\u00f3digos de luz que despiertan tus dones y tu prop\u00f3sito.\u2022 La activaci\u00f3n de la 5\u00aa Dimensi\u00f3n, un estado de conciencia basado en el amor, la unidad y la co-creaci\u00f3n. Este no es solo un libro: es un portal vibracional, una invitaci\u00f3n a mirar dentro de ti y reconocer la luz que siempre estuvo all\u00ed. Si alguna vez has sentido que tu alma guarda un prop\u00f3sito mayor, si intuyes que perteneces a algo m\u00e1s vasto que tu vida cotidiana, El Reencuentro con tu Luz ser\u00e1 el mapa que te gu\u00ede de regreso a tu esencia. El viaje comienza en tu coraz\u00f3n. Tu reencuentro con la luz ha llegado.","og_url":"https:\/\/letrame.com\/catalogo\/producto\/el-reencuentro-con-tu-luz\/","og_site_name":"Catalogo | Letrame Grupo Editorial","article_modified_time":"2026-04-30T15:10:56+00:00","og_image":[{"width":803,"height":1133,"url":"https:\/\/letrame.com\/catalogo\/wp-content\/uploads\/2026\/04\/Elreencuentrocontuluz_2125mm4.jpg","type":"image\/jpeg"}],"twitter_card":"summary_large_image","twitter_misc":{"Tiempo de lectura":"2 minutos"},"schema":{"@context":"https:\/\/schema.org","@graph":[{"@type":"WebPage","@id":"https:\/\/letrame.com\/catalogo\/producto\/el-reencuentro-con-tu-luz\/","url":"https:\/\/letrame.com\/catalogo\/producto\/el-reencuentro-con-tu-luz\/","name":"El reencuentro con tu luz - Catalogo | Letrame Grupo Editorial","isPartOf":{"@id":"https:\/\/letrame.com\/catalogo\/#website"},"primaryImageOfPage":{"@id":"https:\/\/letrame.com\/catalogo\/producto\/el-reencuentro-con-tu-luz\/#primaryimage"},"image":{"@id":"https:\/\/letrame.com\/catalogo\/producto\/el-reencuentro-con-tu-luz\/#primaryimage"},"thumbnailUrl":"https:\/\/letrame.com\/catalogo\/wp-content\/uploads\/2026\/04\/Elreencuentrocontuluz_2125mm4.jpg","datePublished":"2026-04-30T14:15:47+00:00","dateModified":"2026-04-30T15:10:56+00:00","breadcrumb":{"@id":"https:\/\/letrame.com\/catalogo\/producto\/el-reencuentro-con-tu-luz\/#breadcrumb"},"inLanguage":"es","potentialAction":[{"@type":"ReadAction","target":["https:\/\/letrame.com\/catalogo\/producto\/el-reencuentro-con-tu-luz\/"]}]},{"@type":"ImageObject","inLanguage":"es","@id":"https:\/\/letrame.com\/catalogo\/producto\/el-reencuentro-con-tu-luz\/#primaryimage","url":"https:\/\/letrame.com\/catalogo\/wp-content\/uploads\/2026\/04\/Elreencuentrocontuluz_2125mm4.jpg","contentUrl":"https:\/\/letrame.com\/catalogo\/wp-content\/uploads\/2026\/04\/Elreencuentrocontuluz_2125mm4.jpg","width":803,"height":1133},{"@type":"BreadcrumbList","@id":"https:\/\/letrame.com\/catalogo\/producto\/el-reencuentro-con-tu-luz\/#breadcrumb","itemListElement":[{"@type":"ListItem","position":1,"name":"Portada","item":"https:\/\/letrame.com\/catalogo\/"},{"@type":"ListItem","position":2,"name":"Cat\u00e1logo","item":"https:\/\/letrame.com\/catalogo\/"},{"@type":"ListItem","position":3,"name":"El reencuentro con tu luz"}]},{"@type":"WebSite","@id":"https:\/\/letrame.com\/catalogo\/#website","url":"https:\/\/letrame.com\/catalogo\/","name":"Catalogo | Letrame Grupo Editorial","description":"","publisher":{"@id":"https:\/\/letrame.com\/catalogo\/#organization"},"potentialAction":[{"@type":"SearchAction","target":{"@type":"EntryPoint","urlTemplate":"https:\/\/letrame.com\/catalogo\/?s={search_term_string}"},"query-input":{"@type":"PropertyValueSpecification","valueRequired":true,"valueName":"search_term_string"}}],"inLanguage":"es"},{"@type":"Organization","@id":"https:\/\/letrame.com\/catalogo\/#organization","name":"Catalogo | Letrame Grupo Editorial","url":"https:\/\/letrame.com\/catalogo\/","logo":{"@type":"ImageObject","inLanguage":"es","@id":"https:\/\/letrame.com\/catalogo\/#\/schema\/logo\/image\/","url":"https:\/\/letrame.com\/catalogo\/wp-content\/uploads\/2024\/03\/logo2.webp","contentUrl":"https:\/\/letrame.com\/catalogo\/wp-content\/uploads\/2024\/03\/logo2.webp","width":394,"height":128,"caption":"Catalogo | Letrame Grupo Editorial"},"image":{"@id":"https:\/\/letrame.com\/catalogo\/#\/schema\/logo\/image\/"}}]}},"_links":{"self":[{"href":"https:\/\/letrame.com\/catalogo\/wp-json\/wp\/v2\/product\/112413","targetHints":{"allow":["GET"]}}],"collection":[{"href":"https:\/\/letrame.com\/catalogo\/wp-json\/wp\/v2\/product"}],"about":[{"href":"https:\/\/letrame.com\/catalogo\/wp-json\/wp\/v2\/types\/product"}],"replies":[{"embeddable":true,"href":"https:\/\/letrame.com\/catalogo\/wp-json\/wp\/v2\/comments?post=112413"}],"acf:post":[{"embeddable":true,"href":"https:\/\/letrame.com\/catalogo\/wp-json\/wp\/v2\/author_book\/112414"}],"wp:featuredmedia":[{"embeddable":true,"href":"https:\/\/letrame.com\/catalogo\/wp-json\/wp\/v2\/media\/112418"}],"wp:attachment":[{"href":"https:\/\/letrame.com\/catalogo\/wp-json\/wp\/v2\/media?parent=112413"}],"wp:term":[{"taxonomy":"libro","embeddable":true,"href":"https:\/\/letrame.com\/catalogo\/wp-json\/wp\/v2\/libro?post=112413"},{"taxonomy":"product_brand","embeddable":true,"href":"https:\/\/letrame.com\/catalogo\/wp-json\/wp\/v2\/product_brand?post=112413"},{"taxonomy":"product_cat","embeddable":true,"href":"https:\/\/letrame.com\/catalogo\/wp-json\/wp\/v2\/product_cat?post=112413"},{"taxonomy":"product_tag","embeddable":true,"href":"https:\/\/letrame.com\/catalogo\/wp-json\/wp\/v2\/product_tag?post=112413"}],"curies":[{"name":"wp","href":"https:\/\/api.w.org\/{rel}","templated":true}]}}