{"id":112375,"date":"2026-04-28T15:15:20","date_gmt":"2026-04-28T13:15:20","guid":{"rendered":"https:\/\/letrame.com\/catalogo\/?post_type=product&#038;p=112375"},"modified":"2026-04-28T15:15:21","modified_gmt":"2026-04-28T13:15:21","slug":"historia-de-un-cafe-1a","status":"publish","type":"product","link":"https:\/\/letrame.com\/catalogo\/producto\/historia-de-un-cafe-1a\/","title":{"rendered":"Historia de un caf\u00e9 1\u00aa"},"content":{"rendered":"<p><strong>ISBN: 9791370298272<\/strong><br \/>\n<strong>T\u00edtulo: Historia de un caf\u00e9 1\u00aa<\/strong><br \/>\n<strong>Fecha: 2026<\/strong><br \/>\n<strong>P\u00e1ginas: 188<\/strong><\/p>\n<p><strong>SINOPSIS<\/strong><\/p>\n<p data-start=\"0\" data-end=\"248\">Esta es la historia de CARLOS, un camarero situado en Madrid, en la que cuenta las vivencias de su trabajo en una cafeter\u00eda con sus compa\u00f1eros, aparte de los compa\u00f1eros, nuevas situaciones complejas, clientes que entran, aventuras, enredos y dem\u00e1s\u2026<\/p>\n<p data-start=\"250\" data-end=\"749\" data-is-last-node=\"\" data-is-only-node=\"\">La novela est\u00e1 muy bien, es entretenida, hay varios personajes, es una cafeter\u00eda muy famosa y c\u00e9lebre en Madrid, pero no he puesto el nombre real para evitar publicidad, solo espero que se diviertan ley\u00e9ndolo como yo escribi\u00e9ndola. Es un merecido homenaje que hago a mi padre y a mi abuela, ellos fueron los que hace a\u00f1os me dijeron que siguiera escribiendo para terminarla y aqu\u00ed est\u00e1 por fin, despu\u00e9s de dejarla a\u00f1os sin terminarla, y otro homenaje a un grupo musical muy conocido a nivel mundial.<\/p>\n","protected":false},"excerpt":{"rendered":"<p><strong>ISBN: 9791370298272<\/strong><\/p>\n<p><strong>SINOPSIS<\/strong><\/p>\n<p data-start=\"0\" data-end=\"248\">Esta es la historia de CARLOS, un camarero situado en Madrid, en la que cuenta las vivencias de su trabajo en una cafeter\u00eda con sus compa\u00f1eros, aparte de los compa\u00f1eros, nuevas situaciones complejas, clientes que entran, aventuras, enredos y dem\u00e1s\u2026<\/p>\n<p data-start=\"250\" data-end=\"749\" data-is-last-node=\"\" data-is-only-node=\"\">La novela est\u00e1 muy bien, es entretenida, hay varios personajes, es una cafeter\u00eda muy famosa y c\u00e9lebre en Madrid, pero no he puesto el nombre real para evitar publicidad, solo espero que se diviertan ley\u00e9ndolo como yo escribi\u00e9ndola. Es un merecido homenaje que hago a mi padre y a mi abuela, ellos fueron los que hace a\u00f1os me dijeron que siguiera escribiendo para terminarla y aqu\u00ed est\u00e1 por fin, despu\u00e9s de dejarla a\u00f1os sin terminarla, y otro homenaje a un grupo musical muy conocido a nivel mundial.<\/p>\n","protected":false},"featured_media":112379,"comment_status":"open","ping_status":"closed","template":"","meta":{"_acf_changed":false},"libro":[],"product_brand":[],"product_cat":[147],"product_tag":[],"class_list":{"0":"post-112375","1":"product","2":"type-product","3":"status-publish","4":"has-post-thumbnail","6":"product_cat-romance","8":"first","9":"instock","10":"shipping-taxable","11":"product-type-simple"},"acf":{"autor":[112376],"enlace_de_compra":""},"yoast_head":"<!-- This site is optimized with the Yoast SEO plugin v27.4 - https:\/\/yoast.com\/product\/yoast-seo-wordpress\/ -->\n<title>Historia de un caf\u00e9 1\u00aa - Catalogo | Letrame Grupo Editorial<\/title>\n<meta name=\"robots\" content=\"index, follow, max-snippet:-1, max-image-preview:large, max-video-preview:-1\" \/>\n<link rel=\"canonical\" href=\"https:\/\/letrame.com\/catalogo\/producto\/historia-de-un-cafe-1a\/\" \/>\n<meta property=\"og:locale\" content=\"es_ES\" \/>\n<meta property=\"og:type\" content=\"article\" \/>\n<meta property=\"og:title\" content=\"Historia de un caf\u00e9 1\u00aa - Catalogo | Letrame Grupo Editorial\" \/>\n<meta property=\"og:description\" content=\"ISBN: 9791370298272  SINOPSIS Esta es la historia de CARLOS, un camarero situado en Madrid, en la que cuenta las vivencias de su trabajo en una cafeter\u00eda con sus compa\u00f1eros, aparte de los compa\u00f1eros, nuevas situaciones complejas, clientes que entran, aventuras, enredos y dem\u00e1s\u2026 La novela est\u00e1 muy bien, es entretenida, hay varios personajes, es una cafeter\u00eda muy famosa y c\u00e9lebre en Madrid, pero no he puesto el nombre real para evitar publicidad, solo espero que se diviertan ley\u00e9ndolo como yo escribi\u00e9ndola. Es un merecido homenaje que hago a mi padre y a mi abuela, ellos fueron los que hace a\u00f1os me dijeron que siguiera escribiendo para terminarla y aqu\u00ed est\u00e1 por fin, despu\u00e9s de dejarla a\u00f1os sin terminarla, y otro homenaje a un grupo musical muy conocido a nivel mundial.\" \/>\n<meta property=\"og:url\" content=\"https:\/\/letrame.com\/catalogo\/producto\/historia-de-un-cafe-1a\/\" \/>\n<meta property=\"og:site_name\" content=\"Catalogo | Letrame Grupo Editorial\" \/>\n<meta property=\"article:modified_time\" content=\"2026-04-28T13:15:21+00:00\" \/>\n<meta property=\"og:image\" content=\"https:\/\/letrame.com\/catalogo\/wp-content\/uploads\/2026\/04\/historiadeuncafe_942mm4.jpg\" \/>\n\t<meta property=\"og:image:width\" content=\"620\" \/>\n\t<meta property=\"og:image:height\" content=\"909\" \/>\n\t<meta property=\"og:image:type\" content=\"image\/jpeg\" \/>\n<meta name=\"twitter:card\" content=\"summary_large_image\" \/>\n<meta name=\"twitter:label1\" content=\"Tiempo de lectura\" \/>\n\t<meta name=\"twitter:data1\" content=\"1 minuto\" \/>\n<script type=\"application\/ld+json\" class=\"yoast-schema-graph\">{\"@context\":\"https:\\\/\\\/schema.org\",\"@graph\":[{\"@type\":\"WebPage\",\"@id\":\"https:\\\/\\\/letrame.com\\\/catalogo\\\/producto\\\/historia-de-un-cafe-1a\\\/\",\"url\":\"https:\\\/\\\/letrame.com\\\/catalogo\\\/producto\\\/historia-de-un-cafe-1a\\\/\",\"name\":\"Historia de un caf\u00e9 1\u00aa - Catalogo | Letrame Grupo Editorial\",\"isPartOf\":{\"@id\":\"https:\\\/\\\/letrame.com\\\/catalogo\\\/#website\"},\"primaryImageOfPage\":{\"@id\":\"https:\\\/\\\/letrame.com\\\/catalogo\\\/producto\\\/historia-de-un-cafe-1a\\\/#primaryimage\"},\"image\":{\"@id\":\"https:\\\/\\\/letrame.com\\\/catalogo\\\/producto\\\/historia-de-un-cafe-1a\\\/#primaryimage\"},\"thumbnailUrl\":\"https:\\\/\\\/letrame.com\\\/catalogo\\\/wp-content\\\/uploads\\\/2026\\\/04\\\/historiadeuncafe_942mm4.jpg\",\"datePublished\":\"2026-04-28T13:15:20+00:00\",\"dateModified\":\"2026-04-28T13:15:21+00:00\",\"breadcrumb\":{\"@id\":\"https:\\\/\\\/letrame.com\\\/catalogo\\\/producto\\\/historia-de-un-cafe-1a\\\/#breadcrumb\"},\"inLanguage\":\"es\",\"potentialAction\":[{\"@type\":\"ReadAction\",\"target\":[\"https:\\\/\\\/letrame.com\\\/catalogo\\\/producto\\\/historia-de-un-cafe-1a\\\/\"]}]},{\"@type\":\"ImageObject\",\"inLanguage\":\"es\",\"@id\":\"https:\\\/\\\/letrame.com\\\/catalogo\\\/producto\\\/historia-de-un-cafe-1a\\\/#primaryimage\",\"url\":\"https:\\\/\\\/letrame.com\\\/catalogo\\\/wp-content\\\/uploads\\\/2026\\\/04\\\/historiadeuncafe_942mm4.jpg\",\"contentUrl\":\"https:\\\/\\\/letrame.com\\\/catalogo\\\/wp-content\\\/uploads\\\/2026\\\/04\\\/historiadeuncafe_942mm4.jpg\",\"width\":620,\"height\":909},{\"@type\":\"BreadcrumbList\",\"@id\":\"https:\\\/\\\/letrame.com\\\/catalogo\\\/producto\\\/historia-de-un-cafe-1a\\\/#breadcrumb\",\"itemListElement\":[{\"@type\":\"ListItem\",\"position\":1,\"name\":\"Portada\",\"item\":\"https:\\\/\\\/letrame.com\\\/catalogo\\\/\"},{\"@type\":\"ListItem\",\"position\":2,\"name\":\"Cat\u00e1logo\",\"item\":\"https:\\\/\\\/letrame.com\\\/catalogo\\\/\"},{\"@type\":\"ListItem\",\"position\":3,\"name\":\"Historia de un caf\u00e9 1\u00aa\"}]},{\"@type\":\"WebSite\",\"@id\":\"https:\\\/\\\/letrame.com\\\/catalogo\\\/#website\",\"url\":\"https:\\\/\\\/letrame.com\\\/catalogo\\\/\",\"name\":\"Catalogo | Letrame Grupo Editorial\",\"description\":\"\",\"publisher\":{\"@id\":\"https:\\\/\\\/letrame.com\\\/catalogo\\\/#organization\"},\"potentialAction\":[{\"@type\":\"SearchAction\",\"target\":{\"@type\":\"EntryPoint\",\"urlTemplate\":\"https:\\\/\\\/letrame.com\\\/catalogo\\\/?s={search_term_string}\"},\"query-input\":{\"@type\":\"PropertyValueSpecification\",\"valueRequired\":true,\"valueName\":\"search_term_string\"}}],\"inLanguage\":\"es\"},{\"@type\":\"Organization\",\"@id\":\"https:\\\/\\\/letrame.com\\\/catalogo\\\/#organization\",\"name\":\"Catalogo | Letrame Grupo Editorial\",\"url\":\"https:\\\/\\\/letrame.com\\\/catalogo\\\/\",\"logo\":{\"@type\":\"ImageObject\",\"inLanguage\":\"es\",\"@id\":\"https:\\\/\\\/letrame.com\\\/catalogo\\\/#\\\/schema\\\/logo\\\/image\\\/\",\"url\":\"https:\\\/\\\/letrame.com\\\/catalogo\\\/wp-content\\\/uploads\\\/2024\\\/03\\\/logo2.webp\",\"contentUrl\":\"https:\\\/\\\/letrame.com\\\/catalogo\\\/wp-content\\\/uploads\\\/2024\\\/03\\\/logo2.webp\",\"width\":394,\"height\":128,\"caption\":\"Catalogo | Letrame Grupo Editorial\"},\"image\":{\"@id\":\"https:\\\/\\\/letrame.com\\\/catalogo\\\/#\\\/schema\\\/logo\\\/image\\\/\"}}]}<\/script>\n<!-- \/ Yoast SEO plugin. -->","yoast_head_json":{"title":"Historia de un caf\u00e9 1\u00aa - Catalogo | Letrame Grupo Editorial","robots":{"index":"index","follow":"follow","max-snippet":"max-snippet:-1","max-image-preview":"max-image-preview:large","max-video-preview":"max-video-preview:-1"},"canonical":"https:\/\/letrame.com\/catalogo\/producto\/historia-de-un-cafe-1a\/","og_locale":"es_ES","og_type":"article","og_title":"Historia de un caf\u00e9 1\u00aa - Catalogo | Letrame Grupo Editorial","og_description":"ISBN: 9791370298272  SINOPSIS Esta es la historia de CARLOS, un camarero situado en Madrid, en la que cuenta las vivencias de su trabajo en una cafeter\u00eda con sus compa\u00f1eros, aparte de los compa\u00f1eros, nuevas situaciones complejas, clientes que entran, aventuras, enredos y dem\u00e1s\u2026 La novela est\u00e1 muy bien, es entretenida, hay varios personajes, es una cafeter\u00eda muy famosa y c\u00e9lebre en Madrid, pero no he puesto el nombre real para evitar publicidad, solo espero que se diviertan ley\u00e9ndolo como yo escribi\u00e9ndola. Es un merecido homenaje que hago a mi padre y a mi abuela, ellos fueron los que hace a\u00f1os me dijeron que siguiera escribiendo para terminarla y aqu\u00ed est\u00e1 por fin, despu\u00e9s de dejarla a\u00f1os sin terminarla, y otro homenaje a un grupo musical muy conocido a nivel mundial.","og_url":"https:\/\/letrame.com\/catalogo\/producto\/historia-de-un-cafe-1a\/","og_site_name":"Catalogo | Letrame Grupo Editorial","article_modified_time":"2026-04-28T13:15:21+00:00","og_image":[{"width":620,"height":909,"url":"https:\/\/letrame.com\/catalogo\/wp-content\/uploads\/2026\/04\/historiadeuncafe_942mm4.jpg","type":"image\/jpeg"}],"twitter_card":"summary_large_image","twitter_misc":{"Tiempo de lectura":"1 minuto"},"schema":{"@context":"https:\/\/schema.org","@graph":[{"@type":"WebPage","@id":"https:\/\/letrame.com\/catalogo\/producto\/historia-de-un-cafe-1a\/","url":"https:\/\/letrame.com\/catalogo\/producto\/historia-de-un-cafe-1a\/","name":"Historia de un caf\u00e9 1\u00aa - Catalogo | Letrame Grupo Editorial","isPartOf":{"@id":"https:\/\/letrame.com\/catalogo\/#website"},"primaryImageOfPage":{"@id":"https:\/\/letrame.com\/catalogo\/producto\/historia-de-un-cafe-1a\/#primaryimage"},"image":{"@id":"https:\/\/letrame.com\/catalogo\/producto\/historia-de-un-cafe-1a\/#primaryimage"},"thumbnailUrl":"https:\/\/letrame.com\/catalogo\/wp-content\/uploads\/2026\/04\/historiadeuncafe_942mm4.jpg","datePublished":"2026-04-28T13:15:20+00:00","dateModified":"2026-04-28T13:15:21+00:00","breadcrumb":{"@id":"https:\/\/letrame.com\/catalogo\/producto\/historia-de-un-cafe-1a\/#breadcrumb"},"inLanguage":"es","potentialAction":[{"@type":"ReadAction","target":["https:\/\/letrame.com\/catalogo\/producto\/historia-de-un-cafe-1a\/"]}]},{"@type":"ImageObject","inLanguage":"es","@id":"https:\/\/letrame.com\/catalogo\/producto\/historia-de-un-cafe-1a\/#primaryimage","url":"https:\/\/letrame.com\/catalogo\/wp-content\/uploads\/2026\/04\/historiadeuncafe_942mm4.jpg","contentUrl":"https:\/\/letrame.com\/catalogo\/wp-content\/uploads\/2026\/04\/historiadeuncafe_942mm4.jpg","width":620,"height":909},{"@type":"BreadcrumbList","@id":"https:\/\/letrame.com\/catalogo\/producto\/historia-de-un-cafe-1a\/#breadcrumb","itemListElement":[{"@type":"ListItem","position":1,"name":"Portada","item":"https:\/\/letrame.com\/catalogo\/"},{"@type":"ListItem","position":2,"name":"Cat\u00e1logo","item":"https:\/\/letrame.com\/catalogo\/"},{"@type":"ListItem","position":3,"name":"Historia de un caf\u00e9 1\u00aa"}]},{"@type":"WebSite","@id":"https:\/\/letrame.com\/catalogo\/#website","url":"https:\/\/letrame.com\/catalogo\/","name":"Catalogo | Letrame Grupo Editorial","description":"","publisher":{"@id":"https:\/\/letrame.com\/catalogo\/#organization"},"potentialAction":[{"@type":"SearchAction","target":{"@type":"EntryPoint","urlTemplate":"https:\/\/letrame.com\/catalogo\/?s={search_term_string}"},"query-input":{"@type":"PropertyValueSpecification","valueRequired":true,"valueName":"search_term_string"}}],"inLanguage":"es"},{"@type":"Organization","@id":"https:\/\/letrame.com\/catalogo\/#organization","name":"Catalogo | Letrame Grupo Editorial","url":"https:\/\/letrame.com\/catalogo\/","logo":{"@type":"ImageObject","inLanguage":"es","@id":"https:\/\/letrame.com\/catalogo\/#\/schema\/logo\/image\/","url":"https:\/\/letrame.com\/catalogo\/wp-content\/uploads\/2024\/03\/logo2.webp","contentUrl":"https:\/\/letrame.com\/catalogo\/wp-content\/uploads\/2024\/03\/logo2.webp","width":394,"height":128,"caption":"Catalogo | Letrame Grupo Editorial"},"image":{"@id":"https:\/\/letrame.com\/catalogo\/#\/schema\/logo\/image\/"}}]}},"_links":{"self":[{"href":"https:\/\/letrame.com\/catalogo\/wp-json\/wp\/v2\/product\/112375","targetHints":{"allow":["GET"]}}],"collection":[{"href":"https:\/\/letrame.com\/catalogo\/wp-json\/wp\/v2\/product"}],"about":[{"href":"https:\/\/letrame.com\/catalogo\/wp-json\/wp\/v2\/types\/product"}],"replies":[{"embeddable":true,"href":"https:\/\/letrame.com\/catalogo\/wp-json\/wp\/v2\/comments?post=112375"}],"acf:post":[{"embeddable":true,"href":"https:\/\/letrame.com\/catalogo\/wp-json\/wp\/v2\/author_book\/112376"}],"wp:featuredmedia":[{"embeddable":true,"href":"https:\/\/letrame.com\/catalogo\/wp-json\/wp\/v2\/media\/112379"}],"wp:attachment":[{"href":"https:\/\/letrame.com\/catalogo\/wp-json\/wp\/v2\/media?parent=112375"}],"wp:term":[{"taxonomy":"libro","embeddable":true,"href":"https:\/\/letrame.com\/catalogo\/wp-json\/wp\/v2\/libro?post=112375"},{"taxonomy":"product_brand","embeddable":true,"href":"https:\/\/letrame.com\/catalogo\/wp-json\/wp\/v2\/product_brand?post=112375"},{"taxonomy":"product_cat","embeddable":true,"href":"https:\/\/letrame.com\/catalogo\/wp-json\/wp\/v2\/product_cat?post=112375"},{"taxonomy":"product_tag","embeddable":true,"href":"https:\/\/letrame.com\/catalogo\/wp-json\/wp\/v2\/product_tag?post=112375"}],"curies":[{"name":"wp","href":"https:\/\/api.w.org\/{rel}","templated":true}]}}