{"id":112353,"date":"2026-04-30T16:09:44","date_gmt":"2026-04-30T14:09:44","guid":{"rendered":"https:\/\/letrame.com\/catalogo\/?post_type=product&#038;p=112353"},"modified":"2026-04-30T16:09:44","modified_gmt":"2026-04-30T14:09:44","slug":"azul-fragil","status":"publish","type":"product","link":"https:\/\/letrame.com\/catalogo\/producto\/azul-fragil\/","title":{"rendered":"Azul fr\u00e1gil"},"content":{"rendered":"<p><strong>ISBN: 9791370294847<\/strong><br \/>\n<strong>T\u00edtulo: Azul fr\u00e1gil<\/strong><br \/>\n<strong>Fecha: 2025<\/strong><br \/>\n<strong>P\u00e1ginas: 128<\/strong><\/p>\n<p><strong>SINOPSIS<\/strong><\/p>\n<p data-start=\"0\" data-end=\"220\"><em data-start=\"0\" data-end=\"13\">Azul fr\u00e1gil<\/em> es un viaje a trav\u00e9s del color, el deseo, la memoria y la muerte. Es un experimento con el color, con el cuerpo, con lo que pasa cuando te metes en una historia sin saber si es sue\u00f1o, recuerdo o desvar\u00edo.<\/p>\n<p data-start=\"222\" data-end=\"554\">Aqu\u00ed los cuentos no empiezan ni terminan, se abren como ojos raros, como lunas incrustadas en un iris que no sab\u00edas que ten\u00edas. El rojo no es pasi\u00f3n: es niebla, carne sin cuerpo. El violeta no es romanticismo: es un planeta donde el tiempo no pasa. El caf\u00e9 huele a ausencia tibia. El cristal corta, deslumbra y no se deja nombrar.<\/p>\n<p data-start=\"556\" data-end=\"818\">Andr\u00e9s P\u00e9rez escribe desde el filo, entre lo racional y lo imposible, entre el deseo m\u00e1s f\u00edsico y la pregunta que no se formula. Sus personajes flotan, se arrastran, nadan en sopa hirviendo o se hacen el amor a ciegas, pero siempre buscan, aunque no sepan qu\u00e9.<\/p>\n<p data-start=\"820\" data-end=\"983\" data-is-last-node=\"\" data-is-only-node=\"\">Si entras, no pidas l\u00f3gica. Aqu\u00ed el orden es crom\u00e1tico, las respuestas son silencios y el lenguaje, como el espacio, a veces te llena y a veces solo te deja hueco.<\/p>\n<p>&nbsp;<\/p>\n","protected":false},"excerpt":{"rendered":"<p><strong>ISBN: 9791370294847<\/strong><\/p>\n<p><strong>SINOPSIS<\/strong><\/p>\n<p data-start=\"0\" data-end=\"220\"><em data-start=\"0\" data-end=\"13\">Azul fr\u00e1gil<\/em> es un viaje a trav\u00e9s del color, el deseo, la memoria y la muerte. Es un experimento con el color, con el cuerpo, con lo que pasa cuando te metes en una historia sin saber si es sue\u00f1o, recuerdo o desvar\u00edo.<\/p>\n<p data-start=\"222\" data-end=\"554\">Aqu\u00ed los cuentos no empiezan ni terminan, se abren como ojos raros, como lunas incrustadas en un iris que no sab\u00edas que ten\u00edas. El rojo no es pasi\u00f3n: es niebla, carne sin cuerpo. El violeta no es romanticismo: es un planeta donde el tiempo no pasa. El caf\u00e9 huele a ausencia tibia. El cristal corta, deslumbra y no se deja nombrar.<\/p>\n<p data-start=\"556\" data-end=\"818\">Andr\u00e9s P\u00e9rez escribe desde el filo, entre lo racional y lo imposible, entre el deseo m\u00e1s f\u00edsico y la pregunta que no se formula. Sus personajes flotan, se arrastran, nadan en sopa hirviendo o se hacen el amor a ciegas, pero siempre buscan, aunque no sepan qu\u00e9.<\/p>\n<p data-start=\"820\" data-end=\"983\" data-is-last-node=\"\" data-is-only-node=\"\">Si entras, no pidas l\u00f3gica. Aqu\u00ed el orden es crom\u00e1tico, las respuestas son silencios y el lenguaje, como el espacio, a veces te llena y a veces solo te deja hueco.<\/p>\n<p>&nbsp;<\/p>\n","protected":false},"featured_media":112357,"comment_status":"open","ping_status":"closed","template":"","meta":{"_acf_changed":false},"libro":[],"product_brand":[],"product_cat":[141],"product_tag":[],"class_list":{"0":"post-112353","1":"product","2":"type-product","3":"status-publish","4":"has-post-thumbnail","6":"product_cat-ficcion","8":"first","9":"instock","10":"shipping-taxable","11":"product-type-simple"},"acf":{"autor":[112354],"enlace_de_compra":"https:\/\/amzn.to\/4tHRIOV"},"yoast_head":"<!-- This site is optimized with the Yoast SEO plugin v27.4 - https:\/\/yoast.com\/product\/yoast-seo-wordpress\/ -->\n<title>Azul fr\u00e1gil - Catalogo | Letrame Grupo Editorial<\/title>\n<meta name=\"robots\" content=\"index, follow, max-snippet:-1, max-image-preview:large, max-video-preview:-1\" \/>\n<link rel=\"canonical\" href=\"https:\/\/letrame.com\/catalogo\/producto\/azul-fragil\/\" \/>\n<meta property=\"og:locale\" content=\"es_ES\" \/>\n<meta property=\"og:type\" content=\"article\" \/>\n<meta property=\"og:title\" content=\"Azul fr\u00e1gil - Catalogo | Letrame Grupo Editorial\" \/>\n<meta property=\"og:description\" content=\"ISBN: 9791370294847  SINOPSIS Azul fr\u00e1gil es un viaje a trav\u00e9s del color, el deseo, la memoria y la muerte. Es un experimento con el color, con el cuerpo, con lo que pasa cuando te metes en una historia sin saber si es sue\u00f1o, recuerdo o desvar\u00edo. Aqu\u00ed los cuentos no empiezan ni terminan, se abren como ojos raros, como lunas incrustadas en un iris que no sab\u00edas que ten\u00edas. El rojo no es pasi\u00f3n: es niebla, carne sin cuerpo. El violeta no es romanticismo: es un planeta donde el tiempo no pasa. El caf\u00e9 huele a ausencia tibia. El cristal corta, deslumbra y no se deja nombrar. Andr\u00e9s P\u00e9rez escribe desde el filo, entre lo racional y lo imposible, entre el deseo m\u00e1s f\u00edsico y la pregunta que no se formula. Sus personajes flotan, se arrastran, nadan en sopa hirviendo o se hacen el amor a ciegas, pero siempre buscan, aunque no sepan qu\u00e9. Si entras, no pidas l\u00f3gica. Aqu\u00ed el orden es crom\u00e1tico, las respuestas son silencios y el lenguaje, como el espacio, a veces te llena y a veces solo te deja hueco. &nbsp;\" \/>\n<meta property=\"og:url\" content=\"https:\/\/letrame.com\/catalogo\/producto\/azul-fragil\/\" \/>\n<meta property=\"og:site_name\" content=\"Catalogo | Letrame Grupo Editorial\" \/>\n<meta property=\"og:image\" content=\"https:\/\/letrame.com\/catalogo\/wp-content\/uploads\/2026\/04\/Azulfragil_651mm4.jpg\" \/>\n\t<meta property=\"og:image:width\" content=\"874\" \/>\n\t<meta property=\"og:image:height\" content=\"1240\" \/>\n\t<meta property=\"og:image:type\" content=\"image\/jpeg\" \/>\n<meta name=\"twitter:card\" content=\"summary_large_image\" \/>\n<meta name=\"twitter:label1\" content=\"Tiempo de lectura\" \/>\n\t<meta name=\"twitter:data1\" content=\"2 minutos\" \/>\n<script type=\"application\/ld+json\" class=\"yoast-schema-graph\">{\"@context\":\"https:\\\/\\\/schema.org\",\"@graph\":[{\"@type\":\"WebPage\",\"@id\":\"https:\\\/\\\/letrame.com\\\/catalogo\\\/producto\\\/azul-fragil\\\/\",\"url\":\"https:\\\/\\\/letrame.com\\\/catalogo\\\/producto\\\/azul-fragil\\\/\",\"name\":\"Azul fr\u00e1gil - Catalogo | Letrame Grupo Editorial\",\"isPartOf\":{\"@id\":\"https:\\\/\\\/letrame.com\\\/catalogo\\\/#website\"},\"primaryImageOfPage\":{\"@id\":\"https:\\\/\\\/letrame.com\\\/catalogo\\\/producto\\\/azul-fragil\\\/#primaryimage\"},\"image\":{\"@id\":\"https:\\\/\\\/letrame.com\\\/catalogo\\\/producto\\\/azul-fragil\\\/#primaryimage\"},\"thumbnailUrl\":\"https:\\\/\\\/letrame.com\\\/catalogo\\\/wp-content\\\/uploads\\\/2026\\\/04\\\/Azulfragil_651mm4.jpg\",\"datePublished\":\"2026-04-30T14:09:44+00:00\",\"breadcrumb\":{\"@id\":\"https:\\\/\\\/letrame.com\\\/catalogo\\\/producto\\\/azul-fragil\\\/#breadcrumb\"},\"inLanguage\":\"es\",\"potentialAction\":[{\"@type\":\"ReadAction\",\"target\":[\"https:\\\/\\\/letrame.com\\\/catalogo\\\/producto\\\/azul-fragil\\\/\"]}]},{\"@type\":\"ImageObject\",\"inLanguage\":\"es\",\"@id\":\"https:\\\/\\\/letrame.com\\\/catalogo\\\/producto\\\/azul-fragil\\\/#primaryimage\",\"url\":\"https:\\\/\\\/letrame.com\\\/catalogo\\\/wp-content\\\/uploads\\\/2026\\\/04\\\/Azulfragil_651mm4.jpg\",\"contentUrl\":\"https:\\\/\\\/letrame.com\\\/catalogo\\\/wp-content\\\/uploads\\\/2026\\\/04\\\/Azulfragil_651mm4.jpg\",\"width\":874,\"height\":1240},{\"@type\":\"BreadcrumbList\",\"@id\":\"https:\\\/\\\/letrame.com\\\/catalogo\\\/producto\\\/azul-fragil\\\/#breadcrumb\",\"itemListElement\":[{\"@type\":\"ListItem\",\"position\":1,\"name\":\"Portada\",\"item\":\"https:\\\/\\\/letrame.com\\\/catalogo\\\/\"},{\"@type\":\"ListItem\",\"position\":2,\"name\":\"Cat\u00e1logo\",\"item\":\"https:\\\/\\\/letrame.com\\\/catalogo\\\/\"},{\"@type\":\"ListItem\",\"position\":3,\"name\":\"Azul fr\u00e1gil\"}]},{\"@type\":\"WebSite\",\"@id\":\"https:\\\/\\\/letrame.com\\\/catalogo\\\/#website\",\"url\":\"https:\\\/\\\/letrame.com\\\/catalogo\\\/\",\"name\":\"Catalogo | Letrame Grupo Editorial\",\"description\":\"\",\"publisher\":{\"@id\":\"https:\\\/\\\/letrame.com\\\/catalogo\\\/#organization\"},\"potentialAction\":[{\"@type\":\"SearchAction\",\"target\":{\"@type\":\"EntryPoint\",\"urlTemplate\":\"https:\\\/\\\/letrame.com\\\/catalogo\\\/?s={search_term_string}\"},\"query-input\":{\"@type\":\"PropertyValueSpecification\",\"valueRequired\":true,\"valueName\":\"search_term_string\"}}],\"inLanguage\":\"es\"},{\"@type\":\"Organization\",\"@id\":\"https:\\\/\\\/letrame.com\\\/catalogo\\\/#organization\",\"name\":\"Catalogo | Letrame Grupo Editorial\",\"url\":\"https:\\\/\\\/letrame.com\\\/catalogo\\\/\",\"logo\":{\"@type\":\"ImageObject\",\"inLanguage\":\"es\",\"@id\":\"https:\\\/\\\/letrame.com\\\/catalogo\\\/#\\\/schema\\\/logo\\\/image\\\/\",\"url\":\"https:\\\/\\\/letrame.com\\\/catalogo\\\/wp-content\\\/uploads\\\/2024\\\/03\\\/logo2.webp\",\"contentUrl\":\"https:\\\/\\\/letrame.com\\\/catalogo\\\/wp-content\\\/uploads\\\/2024\\\/03\\\/logo2.webp\",\"width\":394,\"height\":128,\"caption\":\"Catalogo | Letrame Grupo Editorial\"},\"image\":{\"@id\":\"https:\\\/\\\/letrame.com\\\/catalogo\\\/#\\\/schema\\\/logo\\\/image\\\/\"}}]}<\/script>\n<!-- \/ Yoast SEO plugin. -->","yoast_head_json":{"title":"Azul fr\u00e1gil - Catalogo | Letrame Grupo Editorial","robots":{"index":"index","follow":"follow","max-snippet":"max-snippet:-1","max-image-preview":"max-image-preview:large","max-video-preview":"max-video-preview:-1"},"canonical":"https:\/\/letrame.com\/catalogo\/producto\/azul-fragil\/","og_locale":"es_ES","og_type":"article","og_title":"Azul fr\u00e1gil - Catalogo | Letrame Grupo Editorial","og_description":"ISBN: 9791370294847  SINOPSIS Azul fr\u00e1gil es un viaje a trav\u00e9s del color, el deseo, la memoria y la muerte. Es un experimento con el color, con el cuerpo, con lo que pasa cuando te metes en una historia sin saber si es sue\u00f1o, recuerdo o desvar\u00edo. Aqu\u00ed los cuentos no empiezan ni terminan, se abren como ojos raros, como lunas incrustadas en un iris que no sab\u00edas que ten\u00edas. El rojo no es pasi\u00f3n: es niebla, carne sin cuerpo. El violeta no es romanticismo: es un planeta donde el tiempo no pasa. El caf\u00e9 huele a ausencia tibia. El cristal corta, deslumbra y no se deja nombrar. Andr\u00e9s P\u00e9rez escribe desde el filo, entre lo racional y lo imposible, entre el deseo m\u00e1s f\u00edsico y la pregunta que no se formula. Sus personajes flotan, se arrastran, nadan en sopa hirviendo o se hacen el amor a ciegas, pero siempre buscan, aunque no sepan qu\u00e9. Si entras, no pidas l\u00f3gica. Aqu\u00ed el orden es crom\u00e1tico, las respuestas son silencios y el lenguaje, como el espacio, a veces te llena y a veces solo te deja hueco. &nbsp;","og_url":"https:\/\/letrame.com\/catalogo\/producto\/azul-fragil\/","og_site_name":"Catalogo | Letrame Grupo Editorial","og_image":[{"width":874,"height":1240,"url":"https:\/\/letrame.com\/catalogo\/wp-content\/uploads\/2026\/04\/Azulfragil_651mm4.jpg","type":"image\/jpeg"}],"twitter_card":"summary_large_image","twitter_misc":{"Tiempo de lectura":"2 minutos"},"schema":{"@context":"https:\/\/schema.org","@graph":[{"@type":"WebPage","@id":"https:\/\/letrame.com\/catalogo\/producto\/azul-fragil\/","url":"https:\/\/letrame.com\/catalogo\/producto\/azul-fragil\/","name":"Azul fr\u00e1gil - Catalogo | Letrame Grupo Editorial","isPartOf":{"@id":"https:\/\/letrame.com\/catalogo\/#website"},"primaryImageOfPage":{"@id":"https:\/\/letrame.com\/catalogo\/producto\/azul-fragil\/#primaryimage"},"image":{"@id":"https:\/\/letrame.com\/catalogo\/producto\/azul-fragil\/#primaryimage"},"thumbnailUrl":"https:\/\/letrame.com\/catalogo\/wp-content\/uploads\/2026\/04\/Azulfragil_651mm4.jpg","datePublished":"2026-04-30T14:09:44+00:00","breadcrumb":{"@id":"https:\/\/letrame.com\/catalogo\/producto\/azul-fragil\/#breadcrumb"},"inLanguage":"es","potentialAction":[{"@type":"ReadAction","target":["https:\/\/letrame.com\/catalogo\/producto\/azul-fragil\/"]}]},{"@type":"ImageObject","inLanguage":"es","@id":"https:\/\/letrame.com\/catalogo\/producto\/azul-fragil\/#primaryimage","url":"https:\/\/letrame.com\/catalogo\/wp-content\/uploads\/2026\/04\/Azulfragil_651mm4.jpg","contentUrl":"https:\/\/letrame.com\/catalogo\/wp-content\/uploads\/2026\/04\/Azulfragil_651mm4.jpg","width":874,"height":1240},{"@type":"BreadcrumbList","@id":"https:\/\/letrame.com\/catalogo\/producto\/azul-fragil\/#breadcrumb","itemListElement":[{"@type":"ListItem","position":1,"name":"Portada","item":"https:\/\/letrame.com\/catalogo\/"},{"@type":"ListItem","position":2,"name":"Cat\u00e1logo","item":"https:\/\/letrame.com\/catalogo\/"},{"@type":"ListItem","position":3,"name":"Azul fr\u00e1gil"}]},{"@type":"WebSite","@id":"https:\/\/letrame.com\/catalogo\/#website","url":"https:\/\/letrame.com\/catalogo\/","name":"Catalogo | Letrame Grupo Editorial","description":"","publisher":{"@id":"https:\/\/letrame.com\/catalogo\/#organization"},"potentialAction":[{"@type":"SearchAction","target":{"@type":"EntryPoint","urlTemplate":"https:\/\/letrame.com\/catalogo\/?s={search_term_string}"},"query-input":{"@type":"PropertyValueSpecification","valueRequired":true,"valueName":"search_term_string"}}],"inLanguage":"es"},{"@type":"Organization","@id":"https:\/\/letrame.com\/catalogo\/#organization","name":"Catalogo | Letrame Grupo Editorial","url":"https:\/\/letrame.com\/catalogo\/","logo":{"@type":"ImageObject","inLanguage":"es","@id":"https:\/\/letrame.com\/catalogo\/#\/schema\/logo\/image\/","url":"https:\/\/letrame.com\/catalogo\/wp-content\/uploads\/2024\/03\/logo2.webp","contentUrl":"https:\/\/letrame.com\/catalogo\/wp-content\/uploads\/2024\/03\/logo2.webp","width":394,"height":128,"caption":"Catalogo | Letrame Grupo Editorial"},"image":{"@id":"https:\/\/letrame.com\/catalogo\/#\/schema\/logo\/image\/"}}]}},"_links":{"self":[{"href":"https:\/\/letrame.com\/catalogo\/wp-json\/wp\/v2\/product\/112353","targetHints":{"allow":["GET"]}}],"collection":[{"href":"https:\/\/letrame.com\/catalogo\/wp-json\/wp\/v2\/product"}],"about":[{"href":"https:\/\/letrame.com\/catalogo\/wp-json\/wp\/v2\/types\/product"}],"replies":[{"embeddable":true,"href":"https:\/\/letrame.com\/catalogo\/wp-json\/wp\/v2\/comments?post=112353"}],"acf:post":[{"embeddable":true,"href":"https:\/\/letrame.com\/catalogo\/wp-json\/wp\/v2\/author_book\/112354"}],"wp:featuredmedia":[{"embeddable":true,"href":"https:\/\/letrame.com\/catalogo\/wp-json\/wp\/v2\/media\/112357"}],"wp:attachment":[{"href":"https:\/\/letrame.com\/catalogo\/wp-json\/wp\/v2\/media?parent=112353"}],"wp:term":[{"taxonomy":"libro","embeddable":true,"href":"https:\/\/letrame.com\/catalogo\/wp-json\/wp\/v2\/libro?post=112353"},{"taxonomy":"product_brand","embeddable":true,"href":"https:\/\/letrame.com\/catalogo\/wp-json\/wp\/v2\/product_brand?post=112353"},{"taxonomy":"product_cat","embeddable":true,"href":"https:\/\/letrame.com\/catalogo\/wp-json\/wp\/v2\/product_cat?post=112353"},{"taxonomy":"product_tag","embeddable":true,"href":"https:\/\/letrame.com\/catalogo\/wp-json\/wp\/v2\/product_tag?post=112353"}],"curies":[{"name":"wp","href":"https:\/\/api.w.org\/{rel}","templated":true}]}}