{"id":112344,"date":"2026-04-28T14:54:42","date_gmt":"2026-04-28T12:54:42","guid":{"rendered":"https:\/\/letrame.com\/catalogo\/?post_type=product&#038;p=112344"},"modified":"2026-04-28T15:09:24","modified_gmt":"2026-04-28T13:09:24","slug":"mi-vida-es-un-infierno","status":"publish","type":"product","link":"https:\/\/letrame.com\/catalogo\/producto\/mi-vida-es-un-infierno\/","title":{"rendered":"Mi vida es un infierno"},"content":{"rendered":"<p><strong>ISBN: 9791370293178<\/strong><br \/>\n<strong>T\u00edtulo: Mi vida es un infierno<\/strong><br \/>\n<strong>Fecha:\u00a0 2025<\/strong><br \/>\n<strong>P\u00e1ginas: 114<\/strong><\/p>\n<p><strong>SINOPSIS<\/strong><\/p>\n<p data-start=\"0\" data-end=\"356\">Dejar tu casa no es solo cerrar una puerta: es arrancar una parte de ti y aprender a caminar con la herida abierta. Bladimir, Jocelyn y sus cuatro hijos lo saben bien. Salieron de La Habana con el peso de la nostalgia en una mano y la esperanza en la otra, persiguiendo un futuro que todav\u00eda no pod\u00edan imaginar, pero que intu\u00edan m\u00e1s justo para sus ni\u00f1os.<\/p>\n<p data-start=\"358\" data-end=\"634\">En su traves\u00eda hubo r\u00edos que cruzar, noches sin techo, manos amigas y miradas que dolieron m\u00e1s que el cansancio. Al llegar, el reto no termin\u00f3: un idioma nuevo, un mundo que a veces no los quer\u00eda escuchar, la lucha por un trabajo, un techo y un lugar donde sentirse en casa.<\/p>\n<p data-start=\"636\" data-end=\"903\" data-is-last-node=\"\" data-is-only-node=\"\">Yoselin Rivero narra la historia de una familia que convirti\u00f3 el miedo en motor, la distancia en puente y la adversidad en una escuela de resistencia. Un testimonio vivo de que, aunque las fronteras se crucen con los pies, es el coraz\u00f3n quien realmente hace el viaje.<\/p>\n","protected":false},"excerpt":{"rendered":"<p><strong>ISBN: 9791370293178<\/strong><\/p>\n<p><strong>SINOPSIS<\/strong><\/p>\n<p data-start=\"0\" data-end=\"356\">Dejar tu casa no es solo cerrar una puerta: es arrancar una parte de ti y aprender a caminar con la herida abierta. Bladimir, Jocelyn y sus cuatro hijos lo saben bien. Salieron de La Habana con el peso de la nostalgia en una mano y la esperanza en la otra, persiguiendo un futuro que todav\u00eda no pod\u00edan imaginar, pero que intu\u00edan m\u00e1s justo para sus ni\u00f1os.<\/p>\n<p data-start=\"358\" data-end=\"634\">En su traves\u00eda hubo r\u00edos que cruzar, noches sin techo, manos amigas y miradas que dolieron m\u00e1s que el cansancio. Al llegar, el reto no termin\u00f3: un idioma nuevo, un mundo que a veces no los quer\u00eda escuchar, la lucha por un trabajo, un techo y un lugar donde sentirse en casa.<\/p>\n<p data-start=\"636\" data-end=\"903\" data-is-last-node=\"\" data-is-only-node=\"\">Yoselin Rivero narra la historia de una familia que convirti\u00f3 el miedo en motor, la distancia en puente y la adversidad en una escuela de resistencia. Un testimonio vivo de que, aunque las fronteras se crucen con los pies, es el coraz\u00f3n quien realmente hace el viaje.<\/p>\n","protected":false},"featured_media":112347,"comment_status":"open","ping_status":"closed","template":"","meta":{"_acf_changed":false},"libro":[],"product_brand":[],"product_cat":[141],"product_tag":[],"class_list":{"0":"post-112344","1":"product","2":"type-product","3":"status-publish","4":"has-post-thumbnail","6":"product_cat-ficcion","8":"first","9":"instock","10":"shipping-taxable","11":"product-type-simple"},"acf":{"autor":[112345],"enlace_de_compra":""},"yoast_head":"<!-- This site is optimized with the Yoast SEO plugin v27.4 - https:\/\/yoast.com\/product\/yoast-seo-wordpress\/ -->\n<title>Mi vida es un infierno - Catalogo | Letrame Grupo Editorial<\/title>\n<meta name=\"robots\" content=\"index, follow, max-snippet:-1, max-image-preview:large, max-video-preview:-1\" \/>\n<link rel=\"canonical\" href=\"https:\/\/letrame.com\/catalogo\/producto\/mi-vida-es-un-infierno\/\" \/>\n<meta property=\"og:locale\" content=\"es_ES\" \/>\n<meta property=\"og:type\" content=\"article\" \/>\n<meta property=\"og:title\" content=\"Mi vida es un infierno - Catalogo | Letrame Grupo Editorial\" \/>\n<meta property=\"og:description\" content=\"ISBN: 9791370293178  SINOPSIS Dejar tu casa no es solo cerrar una puerta: es arrancar una parte de ti y aprender a caminar con la herida abierta. Bladimir, Jocelyn y sus cuatro hijos lo saben bien. Salieron de La Habana con el peso de la nostalgia en una mano y la esperanza en la otra, persiguiendo un futuro que todav\u00eda no pod\u00edan imaginar, pero que intu\u00edan m\u00e1s justo para sus ni\u00f1os. En su traves\u00eda hubo r\u00edos que cruzar, noches sin techo, manos amigas y miradas que dolieron m\u00e1s que el cansancio. Al llegar, el reto no termin\u00f3: un idioma nuevo, un mundo que a veces no los quer\u00eda escuchar, la lucha por un trabajo, un techo y un lugar donde sentirse en casa. Yoselin Rivero narra la historia de una familia que convirti\u00f3 el miedo en motor, la distancia en puente y la adversidad en una escuela de resistencia. Un testimonio vivo de que, aunque las fronteras se crucen con los pies, es el coraz\u00f3n quien realmente hace el viaje.\" \/>\n<meta property=\"og:url\" content=\"https:\/\/letrame.com\/catalogo\/producto\/mi-vida-es-un-infierno\/\" \/>\n<meta property=\"og:site_name\" content=\"Catalogo | Letrame Grupo Editorial\" \/>\n<meta property=\"article:modified_time\" content=\"2026-04-28T13:09:24+00:00\" \/>\n<meta property=\"og:image\" content=\"https:\/\/letrame.com\/catalogo\/wp-content\/uploads\/2026\/04\/mividaesun_583mm4.jpg\" \/>\n\t<meta property=\"og:image:width\" content=\"709\" \/>\n\t<meta property=\"og:image:height\" content=\"992\" \/>\n\t<meta property=\"og:image:type\" content=\"image\/jpeg\" \/>\n<meta name=\"twitter:card\" content=\"summary_large_image\" \/>\n<meta name=\"twitter:label1\" content=\"Tiempo de lectura\" \/>\n\t<meta name=\"twitter:data1\" content=\"2 minutos\" \/>\n<script type=\"application\/ld+json\" class=\"yoast-schema-graph\">{\"@context\":\"https:\\\/\\\/schema.org\",\"@graph\":[{\"@type\":\"WebPage\",\"@id\":\"https:\\\/\\\/letrame.com\\\/catalogo\\\/producto\\\/mi-vida-es-un-infierno\\\/\",\"url\":\"https:\\\/\\\/letrame.com\\\/catalogo\\\/producto\\\/mi-vida-es-un-infierno\\\/\",\"name\":\"Mi vida es un infierno - Catalogo | Letrame Grupo Editorial\",\"isPartOf\":{\"@id\":\"https:\\\/\\\/letrame.com\\\/catalogo\\\/#website\"},\"primaryImageOfPage\":{\"@id\":\"https:\\\/\\\/letrame.com\\\/catalogo\\\/producto\\\/mi-vida-es-un-infierno\\\/#primaryimage\"},\"image\":{\"@id\":\"https:\\\/\\\/letrame.com\\\/catalogo\\\/producto\\\/mi-vida-es-un-infierno\\\/#primaryimage\"},\"thumbnailUrl\":\"https:\\\/\\\/letrame.com\\\/catalogo\\\/wp-content\\\/uploads\\\/2026\\\/04\\\/mividaesun_583mm4.jpg\",\"datePublished\":\"2026-04-28T12:54:42+00:00\",\"dateModified\":\"2026-04-28T13:09:24+00:00\",\"breadcrumb\":{\"@id\":\"https:\\\/\\\/letrame.com\\\/catalogo\\\/producto\\\/mi-vida-es-un-infierno\\\/#breadcrumb\"},\"inLanguage\":\"es\",\"potentialAction\":[{\"@type\":\"ReadAction\",\"target\":[\"https:\\\/\\\/letrame.com\\\/catalogo\\\/producto\\\/mi-vida-es-un-infierno\\\/\"]}]},{\"@type\":\"ImageObject\",\"inLanguage\":\"es\",\"@id\":\"https:\\\/\\\/letrame.com\\\/catalogo\\\/producto\\\/mi-vida-es-un-infierno\\\/#primaryimage\",\"url\":\"https:\\\/\\\/letrame.com\\\/catalogo\\\/wp-content\\\/uploads\\\/2026\\\/04\\\/mividaesun_583mm4.jpg\",\"contentUrl\":\"https:\\\/\\\/letrame.com\\\/catalogo\\\/wp-content\\\/uploads\\\/2026\\\/04\\\/mividaesun_583mm4.jpg\",\"width\":709,\"height\":992},{\"@type\":\"BreadcrumbList\",\"@id\":\"https:\\\/\\\/letrame.com\\\/catalogo\\\/producto\\\/mi-vida-es-un-infierno\\\/#breadcrumb\",\"itemListElement\":[{\"@type\":\"ListItem\",\"position\":1,\"name\":\"Portada\",\"item\":\"https:\\\/\\\/letrame.com\\\/catalogo\\\/\"},{\"@type\":\"ListItem\",\"position\":2,\"name\":\"Cat\u00e1logo\",\"item\":\"https:\\\/\\\/letrame.com\\\/catalogo\\\/\"},{\"@type\":\"ListItem\",\"position\":3,\"name\":\"Mi vida es un infierno\"}]},{\"@type\":\"WebSite\",\"@id\":\"https:\\\/\\\/letrame.com\\\/catalogo\\\/#website\",\"url\":\"https:\\\/\\\/letrame.com\\\/catalogo\\\/\",\"name\":\"Catalogo | Letrame Grupo Editorial\",\"description\":\"\",\"publisher\":{\"@id\":\"https:\\\/\\\/letrame.com\\\/catalogo\\\/#organization\"},\"potentialAction\":[{\"@type\":\"SearchAction\",\"target\":{\"@type\":\"EntryPoint\",\"urlTemplate\":\"https:\\\/\\\/letrame.com\\\/catalogo\\\/?s={search_term_string}\"},\"query-input\":{\"@type\":\"PropertyValueSpecification\",\"valueRequired\":true,\"valueName\":\"search_term_string\"}}],\"inLanguage\":\"es\"},{\"@type\":\"Organization\",\"@id\":\"https:\\\/\\\/letrame.com\\\/catalogo\\\/#organization\",\"name\":\"Catalogo | Letrame Grupo Editorial\",\"url\":\"https:\\\/\\\/letrame.com\\\/catalogo\\\/\",\"logo\":{\"@type\":\"ImageObject\",\"inLanguage\":\"es\",\"@id\":\"https:\\\/\\\/letrame.com\\\/catalogo\\\/#\\\/schema\\\/logo\\\/image\\\/\",\"url\":\"https:\\\/\\\/letrame.com\\\/catalogo\\\/wp-content\\\/uploads\\\/2024\\\/03\\\/logo2.webp\",\"contentUrl\":\"https:\\\/\\\/letrame.com\\\/catalogo\\\/wp-content\\\/uploads\\\/2024\\\/03\\\/logo2.webp\",\"width\":394,\"height\":128,\"caption\":\"Catalogo | Letrame Grupo Editorial\"},\"image\":{\"@id\":\"https:\\\/\\\/letrame.com\\\/catalogo\\\/#\\\/schema\\\/logo\\\/image\\\/\"}}]}<\/script>\n<!-- \/ Yoast SEO plugin. -->","yoast_head_json":{"title":"Mi vida es un infierno - Catalogo | Letrame Grupo Editorial","robots":{"index":"index","follow":"follow","max-snippet":"max-snippet:-1","max-image-preview":"max-image-preview:large","max-video-preview":"max-video-preview:-1"},"canonical":"https:\/\/letrame.com\/catalogo\/producto\/mi-vida-es-un-infierno\/","og_locale":"es_ES","og_type":"article","og_title":"Mi vida es un infierno - Catalogo | Letrame Grupo Editorial","og_description":"ISBN: 9791370293178  SINOPSIS Dejar tu casa no es solo cerrar una puerta: es arrancar una parte de ti y aprender a caminar con la herida abierta. Bladimir, Jocelyn y sus cuatro hijos lo saben bien. Salieron de La Habana con el peso de la nostalgia en una mano y la esperanza en la otra, persiguiendo un futuro que todav\u00eda no pod\u00edan imaginar, pero que intu\u00edan m\u00e1s justo para sus ni\u00f1os. En su traves\u00eda hubo r\u00edos que cruzar, noches sin techo, manos amigas y miradas que dolieron m\u00e1s que el cansancio. Al llegar, el reto no termin\u00f3: un idioma nuevo, un mundo que a veces no los quer\u00eda escuchar, la lucha por un trabajo, un techo y un lugar donde sentirse en casa. Yoselin Rivero narra la historia de una familia que convirti\u00f3 el miedo en motor, la distancia en puente y la adversidad en una escuela de resistencia. Un testimonio vivo de que, aunque las fronteras se crucen con los pies, es el coraz\u00f3n quien realmente hace el viaje.","og_url":"https:\/\/letrame.com\/catalogo\/producto\/mi-vida-es-un-infierno\/","og_site_name":"Catalogo | Letrame Grupo Editorial","article_modified_time":"2026-04-28T13:09:24+00:00","og_image":[{"width":709,"height":992,"url":"https:\/\/letrame.com\/catalogo\/wp-content\/uploads\/2026\/04\/mividaesun_583mm4.jpg","type":"image\/jpeg"}],"twitter_card":"summary_large_image","twitter_misc":{"Tiempo de lectura":"2 minutos"},"schema":{"@context":"https:\/\/schema.org","@graph":[{"@type":"WebPage","@id":"https:\/\/letrame.com\/catalogo\/producto\/mi-vida-es-un-infierno\/","url":"https:\/\/letrame.com\/catalogo\/producto\/mi-vida-es-un-infierno\/","name":"Mi vida es un infierno - Catalogo | Letrame Grupo Editorial","isPartOf":{"@id":"https:\/\/letrame.com\/catalogo\/#website"},"primaryImageOfPage":{"@id":"https:\/\/letrame.com\/catalogo\/producto\/mi-vida-es-un-infierno\/#primaryimage"},"image":{"@id":"https:\/\/letrame.com\/catalogo\/producto\/mi-vida-es-un-infierno\/#primaryimage"},"thumbnailUrl":"https:\/\/letrame.com\/catalogo\/wp-content\/uploads\/2026\/04\/mividaesun_583mm4.jpg","datePublished":"2026-04-28T12:54:42+00:00","dateModified":"2026-04-28T13:09:24+00:00","breadcrumb":{"@id":"https:\/\/letrame.com\/catalogo\/producto\/mi-vida-es-un-infierno\/#breadcrumb"},"inLanguage":"es","potentialAction":[{"@type":"ReadAction","target":["https:\/\/letrame.com\/catalogo\/producto\/mi-vida-es-un-infierno\/"]}]},{"@type":"ImageObject","inLanguage":"es","@id":"https:\/\/letrame.com\/catalogo\/producto\/mi-vida-es-un-infierno\/#primaryimage","url":"https:\/\/letrame.com\/catalogo\/wp-content\/uploads\/2026\/04\/mividaesun_583mm4.jpg","contentUrl":"https:\/\/letrame.com\/catalogo\/wp-content\/uploads\/2026\/04\/mividaesun_583mm4.jpg","width":709,"height":992},{"@type":"BreadcrumbList","@id":"https:\/\/letrame.com\/catalogo\/producto\/mi-vida-es-un-infierno\/#breadcrumb","itemListElement":[{"@type":"ListItem","position":1,"name":"Portada","item":"https:\/\/letrame.com\/catalogo\/"},{"@type":"ListItem","position":2,"name":"Cat\u00e1logo","item":"https:\/\/letrame.com\/catalogo\/"},{"@type":"ListItem","position":3,"name":"Mi vida es un infierno"}]},{"@type":"WebSite","@id":"https:\/\/letrame.com\/catalogo\/#website","url":"https:\/\/letrame.com\/catalogo\/","name":"Catalogo | Letrame Grupo Editorial","description":"","publisher":{"@id":"https:\/\/letrame.com\/catalogo\/#organization"},"potentialAction":[{"@type":"SearchAction","target":{"@type":"EntryPoint","urlTemplate":"https:\/\/letrame.com\/catalogo\/?s={search_term_string}"},"query-input":{"@type":"PropertyValueSpecification","valueRequired":true,"valueName":"search_term_string"}}],"inLanguage":"es"},{"@type":"Organization","@id":"https:\/\/letrame.com\/catalogo\/#organization","name":"Catalogo | Letrame Grupo Editorial","url":"https:\/\/letrame.com\/catalogo\/","logo":{"@type":"ImageObject","inLanguage":"es","@id":"https:\/\/letrame.com\/catalogo\/#\/schema\/logo\/image\/","url":"https:\/\/letrame.com\/catalogo\/wp-content\/uploads\/2024\/03\/logo2.webp","contentUrl":"https:\/\/letrame.com\/catalogo\/wp-content\/uploads\/2024\/03\/logo2.webp","width":394,"height":128,"caption":"Catalogo | Letrame Grupo Editorial"},"image":{"@id":"https:\/\/letrame.com\/catalogo\/#\/schema\/logo\/image\/"}}]}},"_links":{"self":[{"href":"https:\/\/letrame.com\/catalogo\/wp-json\/wp\/v2\/product\/112344","targetHints":{"allow":["GET"]}}],"collection":[{"href":"https:\/\/letrame.com\/catalogo\/wp-json\/wp\/v2\/product"}],"about":[{"href":"https:\/\/letrame.com\/catalogo\/wp-json\/wp\/v2\/types\/product"}],"replies":[{"embeddable":true,"href":"https:\/\/letrame.com\/catalogo\/wp-json\/wp\/v2\/comments?post=112344"}],"acf:post":[{"embeddable":true,"href":"https:\/\/letrame.com\/catalogo\/wp-json\/wp\/v2\/author_book\/112345"}],"wp:featuredmedia":[{"embeddable":true,"href":"https:\/\/letrame.com\/catalogo\/wp-json\/wp\/v2\/media\/112347"}],"wp:attachment":[{"href":"https:\/\/letrame.com\/catalogo\/wp-json\/wp\/v2\/media?parent=112344"}],"wp:term":[{"taxonomy":"libro","embeddable":true,"href":"https:\/\/letrame.com\/catalogo\/wp-json\/wp\/v2\/libro?post=112344"},{"taxonomy":"product_brand","embeddable":true,"href":"https:\/\/letrame.com\/catalogo\/wp-json\/wp\/v2\/product_brand?post=112344"},{"taxonomy":"product_cat","embeddable":true,"href":"https:\/\/letrame.com\/catalogo\/wp-json\/wp\/v2\/product_cat?post=112344"},{"taxonomy":"product_tag","embeddable":true,"href":"https:\/\/letrame.com\/catalogo\/wp-json\/wp\/v2\/product_tag?post=112344"}],"curies":[{"name":"wp","href":"https:\/\/api.w.org\/{rel}","templated":true}]}}