{"id":111510,"date":"2026-03-23T11:32:16","date_gmt":"2026-03-23T10:32:16","guid":{"rendered":"https:\/\/letrame.com\/catalogo\/?post_type=product&#038;p=111510"},"modified":"2026-03-23T11:32:17","modified_gmt":"2026-03-23T10:32:17","slug":"reflexiones-de-un-mal-cristiano","status":"publish","type":"product","link":"https:\/\/letrame.com\/catalogo\/producto\/reflexiones-de-un-mal-cristiano\/","title":{"rendered":"Reflexiones de un \u00abmal cristiano\u00bb"},"content":{"rendered":"<p class=\"p1\"><b>ISBN: 9791370294892<\/b><b><\/b><\/p>\n<p class=\"p1\"><b>T\u00edtulo: Reflexiones de un \u00abmal cristiano\u00bb<\/b><br \/>\n<b>Fecha: 2025<\/b><br \/>\n<b>P\u00e1ginas: 104<\/b><b><\/b><\/p>\n<p class=\"p1\"><b>SINOPSIS<\/b><\/p>\n<p class=\"p1\">La lectura de este libro permite ponerse frente a muchos temas que en alguna ocasi\u00f3n han venido a nuestra mente e, incluso, nos han preocupado, por no saber darles respuesta.<\/p>\n<p class=\"p1\">La relaci\u00f3n de Dios y el ser humano, nuestro papel en el universo y, claro, en la Tierra, junto a lo que nos espera cuando la abandonemos, no nos puede dejar indiferentes, salvo que nos resignemos a un final predestinado en el que todo es oscuridad y olvido.<\/p>\n<p class=\"p1\">Junto al an\u00e1lisis o reflexi\u00f3n sobre muchos temas relacionados con lo anterior, se incluyen diversos relatos que har\u00e1n pensar a quienes lo lean e, incluso, hacerles cambiar de opini\u00f3n en algunas de las ideas que consideraban, hasta ese momento, como verdades eternas.<\/p>\n<p class=\"p1\">Incluso quien no sea cristiano o no se considere creyente en absoluto puede, con toda seguridad, encontrar alguna respuesta en relaci\u00f3n con su propia vida.<\/p>\n","protected":false},"excerpt":{"rendered":"<p class=\"p1\"><b>ISBN: 9791370294892<\/b><b><\/b><\/p>\n<p class=\"p1\"><b>SINOPSIS<\/b><\/p>\n<p class=\"p1\">La lectura de este libro permite ponerse frente a muchos temas que en alguna ocasi\u00f3n han venido a nuestra mente e, incluso, nos han preocupado, por no saber darles respuesta.<\/p>\n<p class=\"p1\">La relaci\u00f3n de Dios y el ser humano, nuestro papel en el universo y, claro, en la Tierra, junto a lo que nos espera cuando la abandonemos, no nos puede dejar indiferentes, salvo que nos resignemos a un final predestinado en el que todo es oscuridad y olvido.<\/p>\n<p class=\"p1\">Junto al an\u00e1lisis o reflexi\u00f3n sobre muchos temas relacionados con lo anterior, se incluyen diversos relatos que har\u00e1n pensar a quienes lo lean e, incluso, hacerles cambiar de opini\u00f3n en algunas de las ideas que consideraban, hasta ese momento, como verdades eternas.<\/p>\n<p class=\"p1\">Incluso quien no sea cristiano o no se considere creyente en absoluto puede, con toda seguridad, encontrar alguna respuesta en relaci\u00f3n con su propia vida.<\/p>\n","protected":false},"featured_media":111511,"comment_status":"open","ping_status":"closed","template":"","meta":{"_acf_changed":false},"libro":[],"product_brand":[],"product_cat":[141],"product_tag":[],"class_list":{"0":"post-111510","1":"product","2":"type-product","3":"status-publish","4":"has-post-thumbnail","6":"product_cat-ficcion","8":"first","9":"instock","10":"shipping-taxable","11":"product-type-simple"},"acf":{"autor":[108484],"enlace_de_compra":""},"yoast_head":"<!-- This site is optimized with the Yoast SEO plugin v27.4 - https:\/\/yoast.com\/product\/yoast-seo-wordpress\/ -->\n<title>Reflexiones de un \u00abmal cristiano\u00bb - Catalogo | Letrame Grupo Editorial<\/title>\n<meta name=\"robots\" content=\"index, follow, max-snippet:-1, max-image-preview:large, max-video-preview:-1\" \/>\n<link rel=\"canonical\" href=\"https:\/\/letrame.com\/catalogo\/producto\/reflexiones-de-un-mal-cristiano\/\" \/>\n<meta property=\"og:locale\" content=\"es_ES\" \/>\n<meta property=\"og:type\" content=\"article\" \/>\n<meta property=\"og:title\" content=\"Reflexiones de un \u00abmal cristiano\u00bb - Catalogo | Letrame Grupo Editorial\" \/>\n<meta property=\"og:description\" content=\"ISBN: 9791370294892 SINOPSIS La lectura de este libro permite ponerse frente a muchos temas que en alguna ocasi\u00f3n han venido a nuestra mente e, incluso, nos han preocupado, por no saber darles respuesta. La relaci\u00f3n de Dios y el ser humano, nuestro papel en el universo y, claro, en la Tierra, junto a lo que nos espera cuando la abandonemos, no nos puede dejar indiferentes, salvo que nos resignemos a un final predestinado en el que todo es oscuridad y olvido. Junto al an\u00e1lisis o reflexi\u00f3n sobre muchos temas relacionados con lo anterior, se incluyen diversos relatos que har\u00e1n pensar a quienes lo lean e, incluso, hacerles cambiar de opini\u00f3n en algunas de las ideas que consideraban, hasta ese momento, como verdades eternas. Incluso quien no sea cristiano o no se considere creyente en absoluto puede, con toda seguridad, encontrar alguna respuesta en relaci\u00f3n con su propia vida.\" \/>\n<meta property=\"og:url\" content=\"https:\/\/letrame.com\/catalogo\/producto\/reflexiones-de-un-mal-cristiano\/\" \/>\n<meta property=\"og:site_name\" content=\"Catalogo | Letrame Grupo Editorial\" \/>\n<meta property=\"article:modified_time\" content=\"2026-03-23T10:32:17+00:00\" \/>\n<meta property=\"og:image\" content=\"https:\/\/letrame.com\/catalogo\/wp-content\/uploads\/2026\/03\/portada-12.jpg\" \/>\n\t<meta property=\"og:image:width\" content=\"1181\" \/>\n\t<meta property=\"og:image:height\" content=\"1654\" \/>\n\t<meta property=\"og:image:type\" content=\"image\/jpeg\" \/>\n<meta name=\"twitter:card\" content=\"summary_large_image\" \/>\n<meta name=\"twitter:label1\" content=\"Tiempo de lectura\" \/>\n\t<meta name=\"twitter:data1\" content=\"1 minuto\" \/>\n<script type=\"application\/ld+json\" class=\"yoast-schema-graph\">{\"@context\":\"https:\\\/\\\/schema.org\",\"@graph\":[{\"@type\":\"WebPage\",\"@id\":\"https:\\\/\\\/letrame.com\\\/catalogo\\\/producto\\\/reflexiones-de-un-mal-cristiano\\\/\",\"url\":\"https:\\\/\\\/letrame.com\\\/catalogo\\\/producto\\\/reflexiones-de-un-mal-cristiano\\\/\",\"name\":\"Reflexiones de un \u00abmal cristiano\u00bb - Catalogo | Letrame Grupo Editorial\",\"isPartOf\":{\"@id\":\"https:\\\/\\\/letrame.com\\\/catalogo\\\/#website\"},\"primaryImageOfPage\":{\"@id\":\"https:\\\/\\\/letrame.com\\\/catalogo\\\/producto\\\/reflexiones-de-un-mal-cristiano\\\/#primaryimage\"},\"image\":{\"@id\":\"https:\\\/\\\/letrame.com\\\/catalogo\\\/producto\\\/reflexiones-de-un-mal-cristiano\\\/#primaryimage\"},\"thumbnailUrl\":\"https:\\\/\\\/letrame.com\\\/catalogo\\\/wp-content\\\/uploads\\\/2026\\\/03\\\/portada-12.jpg\",\"datePublished\":\"2026-03-23T10:32:16+00:00\",\"dateModified\":\"2026-03-23T10:32:17+00:00\",\"breadcrumb\":{\"@id\":\"https:\\\/\\\/letrame.com\\\/catalogo\\\/producto\\\/reflexiones-de-un-mal-cristiano\\\/#breadcrumb\"},\"inLanguage\":\"es\",\"potentialAction\":[{\"@type\":\"ReadAction\",\"target\":[\"https:\\\/\\\/letrame.com\\\/catalogo\\\/producto\\\/reflexiones-de-un-mal-cristiano\\\/\"]}]},{\"@type\":\"ImageObject\",\"inLanguage\":\"es\",\"@id\":\"https:\\\/\\\/letrame.com\\\/catalogo\\\/producto\\\/reflexiones-de-un-mal-cristiano\\\/#primaryimage\",\"url\":\"https:\\\/\\\/letrame.com\\\/catalogo\\\/wp-content\\\/uploads\\\/2026\\\/03\\\/portada-12.jpg\",\"contentUrl\":\"https:\\\/\\\/letrame.com\\\/catalogo\\\/wp-content\\\/uploads\\\/2026\\\/03\\\/portada-12.jpg\",\"width\":1181,\"height\":1654},{\"@type\":\"BreadcrumbList\",\"@id\":\"https:\\\/\\\/letrame.com\\\/catalogo\\\/producto\\\/reflexiones-de-un-mal-cristiano\\\/#breadcrumb\",\"itemListElement\":[{\"@type\":\"ListItem\",\"position\":1,\"name\":\"Portada\",\"item\":\"https:\\\/\\\/letrame.com\\\/catalogo\\\/\"},{\"@type\":\"ListItem\",\"position\":2,\"name\":\"Cat\u00e1logo\",\"item\":\"https:\\\/\\\/letrame.com\\\/catalogo\\\/\"},{\"@type\":\"ListItem\",\"position\":3,\"name\":\"Reflexiones de un \u00abmal cristiano\u00bb\"}]},{\"@type\":\"WebSite\",\"@id\":\"https:\\\/\\\/letrame.com\\\/catalogo\\\/#website\",\"url\":\"https:\\\/\\\/letrame.com\\\/catalogo\\\/\",\"name\":\"Catalogo | Letrame Grupo Editorial\",\"description\":\"\",\"publisher\":{\"@id\":\"https:\\\/\\\/letrame.com\\\/catalogo\\\/#organization\"},\"potentialAction\":[{\"@type\":\"SearchAction\",\"target\":{\"@type\":\"EntryPoint\",\"urlTemplate\":\"https:\\\/\\\/letrame.com\\\/catalogo\\\/?s={search_term_string}\"},\"query-input\":{\"@type\":\"PropertyValueSpecification\",\"valueRequired\":true,\"valueName\":\"search_term_string\"}}],\"inLanguage\":\"es\"},{\"@type\":\"Organization\",\"@id\":\"https:\\\/\\\/letrame.com\\\/catalogo\\\/#organization\",\"name\":\"Catalogo | Letrame Grupo Editorial\",\"url\":\"https:\\\/\\\/letrame.com\\\/catalogo\\\/\",\"logo\":{\"@type\":\"ImageObject\",\"inLanguage\":\"es\",\"@id\":\"https:\\\/\\\/letrame.com\\\/catalogo\\\/#\\\/schema\\\/logo\\\/image\\\/\",\"url\":\"https:\\\/\\\/letrame.com\\\/catalogo\\\/wp-content\\\/uploads\\\/2024\\\/03\\\/logo2.webp\",\"contentUrl\":\"https:\\\/\\\/letrame.com\\\/catalogo\\\/wp-content\\\/uploads\\\/2024\\\/03\\\/logo2.webp\",\"width\":394,\"height\":128,\"caption\":\"Catalogo | Letrame Grupo Editorial\"},\"image\":{\"@id\":\"https:\\\/\\\/letrame.com\\\/catalogo\\\/#\\\/schema\\\/logo\\\/image\\\/\"}}]}<\/script>\n<!-- \/ Yoast SEO plugin. -->","yoast_head_json":{"title":"Reflexiones de un \u00abmal cristiano\u00bb - Catalogo | Letrame Grupo Editorial","robots":{"index":"index","follow":"follow","max-snippet":"max-snippet:-1","max-image-preview":"max-image-preview:large","max-video-preview":"max-video-preview:-1"},"canonical":"https:\/\/letrame.com\/catalogo\/producto\/reflexiones-de-un-mal-cristiano\/","og_locale":"es_ES","og_type":"article","og_title":"Reflexiones de un \u00abmal cristiano\u00bb - Catalogo | Letrame Grupo Editorial","og_description":"ISBN: 9791370294892 SINOPSIS La lectura de este libro permite ponerse frente a muchos temas que en alguna ocasi\u00f3n han venido a nuestra mente e, incluso, nos han preocupado, por no saber darles respuesta. La relaci\u00f3n de Dios y el ser humano, nuestro papel en el universo y, claro, en la Tierra, junto a lo que nos espera cuando la abandonemos, no nos puede dejar indiferentes, salvo que nos resignemos a un final predestinado en el que todo es oscuridad y olvido. Junto al an\u00e1lisis o reflexi\u00f3n sobre muchos temas relacionados con lo anterior, se incluyen diversos relatos que har\u00e1n pensar a quienes lo lean e, incluso, hacerles cambiar de opini\u00f3n en algunas de las ideas que consideraban, hasta ese momento, como verdades eternas. Incluso quien no sea cristiano o no se considere creyente en absoluto puede, con toda seguridad, encontrar alguna respuesta en relaci\u00f3n con su propia vida.","og_url":"https:\/\/letrame.com\/catalogo\/producto\/reflexiones-de-un-mal-cristiano\/","og_site_name":"Catalogo | Letrame Grupo Editorial","article_modified_time":"2026-03-23T10:32:17+00:00","og_image":[{"width":1181,"height":1654,"url":"https:\/\/letrame.com\/catalogo\/wp-content\/uploads\/2026\/03\/portada-12.jpg","type":"image\/jpeg"}],"twitter_card":"summary_large_image","twitter_misc":{"Tiempo de lectura":"1 minuto"},"schema":{"@context":"https:\/\/schema.org","@graph":[{"@type":"WebPage","@id":"https:\/\/letrame.com\/catalogo\/producto\/reflexiones-de-un-mal-cristiano\/","url":"https:\/\/letrame.com\/catalogo\/producto\/reflexiones-de-un-mal-cristiano\/","name":"Reflexiones de un \u00abmal cristiano\u00bb - Catalogo | Letrame Grupo Editorial","isPartOf":{"@id":"https:\/\/letrame.com\/catalogo\/#website"},"primaryImageOfPage":{"@id":"https:\/\/letrame.com\/catalogo\/producto\/reflexiones-de-un-mal-cristiano\/#primaryimage"},"image":{"@id":"https:\/\/letrame.com\/catalogo\/producto\/reflexiones-de-un-mal-cristiano\/#primaryimage"},"thumbnailUrl":"https:\/\/letrame.com\/catalogo\/wp-content\/uploads\/2026\/03\/portada-12.jpg","datePublished":"2026-03-23T10:32:16+00:00","dateModified":"2026-03-23T10:32:17+00:00","breadcrumb":{"@id":"https:\/\/letrame.com\/catalogo\/producto\/reflexiones-de-un-mal-cristiano\/#breadcrumb"},"inLanguage":"es","potentialAction":[{"@type":"ReadAction","target":["https:\/\/letrame.com\/catalogo\/producto\/reflexiones-de-un-mal-cristiano\/"]}]},{"@type":"ImageObject","inLanguage":"es","@id":"https:\/\/letrame.com\/catalogo\/producto\/reflexiones-de-un-mal-cristiano\/#primaryimage","url":"https:\/\/letrame.com\/catalogo\/wp-content\/uploads\/2026\/03\/portada-12.jpg","contentUrl":"https:\/\/letrame.com\/catalogo\/wp-content\/uploads\/2026\/03\/portada-12.jpg","width":1181,"height":1654},{"@type":"BreadcrumbList","@id":"https:\/\/letrame.com\/catalogo\/producto\/reflexiones-de-un-mal-cristiano\/#breadcrumb","itemListElement":[{"@type":"ListItem","position":1,"name":"Portada","item":"https:\/\/letrame.com\/catalogo\/"},{"@type":"ListItem","position":2,"name":"Cat\u00e1logo","item":"https:\/\/letrame.com\/catalogo\/"},{"@type":"ListItem","position":3,"name":"Reflexiones de un \u00abmal cristiano\u00bb"}]},{"@type":"WebSite","@id":"https:\/\/letrame.com\/catalogo\/#website","url":"https:\/\/letrame.com\/catalogo\/","name":"Catalogo | Letrame Grupo Editorial","description":"","publisher":{"@id":"https:\/\/letrame.com\/catalogo\/#organization"},"potentialAction":[{"@type":"SearchAction","target":{"@type":"EntryPoint","urlTemplate":"https:\/\/letrame.com\/catalogo\/?s={search_term_string}"},"query-input":{"@type":"PropertyValueSpecification","valueRequired":true,"valueName":"search_term_string"}}],"inLanguage":"es"},{"@type":"Organization","@id":"https:\/\/letrame.com\/catalogo\/#organization","name":"Catalogo | Letrame Grupo Editorial","url":"https:\/\/letrame.com\/catalogo\/","logo":{"@type":"ImageObject","inLanguage":"es","@id":"https:\/\/letrame.com\/catalogo\/#\/schema\/logo\/image\/","url":"https:\/\/letrame.com\/catalogo\/wp-content\/uploads\/2024\/03\/logo2.webp","contentUrl":"https:\/\/letrame.com\/catalogo\/wp-content\/uploads\/2024\/03\/logo2.webp","width":394,"height":128,"caption":"Catalogo | Letrame Grupo Editorial"},"image":{"@id":"https:\/\/letrame.com\/catalogo\/#\/schema\/logo\/image\/"}}]}},"_links":{"self":[{"href":"https:\/\/letrame.com\/catalogo\/wp-json\/wp\/v2\/product\/111510","targetHints":{"allow":["GET"]}}],"collection":[{"href":"https:\/\/letrame.com\/catalogo\/wp-json\/wp\/v2\/product"}],"about":[{"href":"https:\/\/letrame.com\/catalogo\/wp-json\/wp\/v2\/types\/product"}],"replies":[{"embeddable":true,"href":"https:\/\/letrame.com\/catalogo\/wp-json\/wp\/v2\/comments?post=111510"}],"acf:post":[{"embeddable":true,"href":"https:\/\/letrame.com\/catalogo\/wp-json\/wp\/v2\/author_book\/108484"}],"wp:featuredmedia":[{"embeddable":true,"href":"https:\/\/letrame.com\/catalogo\/wp-json\/wp\/v2\/media\/111511"}],"wp:attachment":[{"href":"https:\/\/letrame.com\/catalogo\/wp-json\/wp\/v2\/media?parent=111510"}],"wp:term":[{"taxonomy":"libro","embeddable":true,"href":"https:\/\/letrame.com\/catalogo\/wp-json\/wp\/v2\/libro?post=111510"},{"taxonomy":"product_brand","embeddable":true,"href":"https:\/\/letrame.com\/catalogo\/wp-json\/wp\/v2\/product_brand?post=111510"},{"taxonomy":"product_cat","embeddable":true,"href":"https:\/\/letrame.com\/catalogo\/wp-json\/wp\/v2\/product_cat?post=111510"},{"taxonomy":"product_tag","embeddable":true,"href":"https:\/\/letrame.com\/catalogo\/wp-json\/wp\/v2\/product_tag?post=111510"}],"curies":[{"name":"wp","href":"https:\/\/api.w.org\/{rel}","templated":true}]}}