{"id":111463,"date":"2026-03-17T16:12:18","date_gmt":"2026-03-17T15:12:18","guid":{"rendered":"https:\/\/letrame.com\/catalogo\/?post_type=product&#038;p=111463"},"modified":"2026-03-17T16:12:18","modified_gmt":"2026-03-17T15:12:18","slug":"auxilio-mi-padre-es-narcisista","status":"publish","type":"product","link":"https:\/\/letrame.com\/catalogo\/producto\/auxilio-mi-padre-es-narcisista\/","title":{"rendered":"\u00a1Auxilio! \u00a1Mi padre es narcisista!"},"content":{"rendered":"<p class=\"p1\"><b>ISBN: 9791370292621<\/b><b><\/b><\/p>\n<p class=\"p1\"><b>T\u00edtulo: \u00a1Auxilio! \u00a1Mi padre es narcisista!<\/b><br \/>\n<b>Fecha: 2025<\/b><br \/>\n<b>P\u00e1ginas: 284<\/b><b><\/b><\/p>\n<p class=\"p1\"><b>SINOPSIS<\/b><\/p>\n<p class=\"p1\">Este libro exhibe, pormenorizadamente, los comportamientos presentes en una crianza negligente que privilegia los intereses ego\u00edstas del cuidador con altos rasgos narcisistas.<\/p>\n<p class=\"p1\">Este modelo de crianza configura una personalidad complaciente o una radical, una autoestima inestable, miedos diversos, culpa constante, autoexigencia y creencias incapacitantes \u2014como la de no ser suficiente o la de que hay algo malo en s\u00ed mismo\u2014, muy vigentes en la adultez.<\/p>\n<p class=\"p1\">En este recorrido emocionante, las autoras entrelazan la teor\u00eda con sus propias observaciones e ilustran, con ejemplos, c\u00f3mo a trav\u00e9s de la cotidianidad, del contacto diario con el narcisismo o con una preocupaci\u00f3n superficial hacia la persona, se crean dos tipos de deshumanizaci\u00f3n: la modelo, criatura ejemplar y conquistadora de metas; y la devaluativa, quien duda de s\u00ed misma con una frecuencia alarmante.<\/p>\n<p class=\"p1\">En \u00a1Auxilio! \u00a1Mi padre es narcisista!, Jenny Santana Mora y Katherin Santana Mora ponen al servicio sus experiencias personales y profesionales para guiar un proceso profundo de autoconocimiento y sanaci\u00f3n. Con un lenguaje cercano y ejercicios pr\u00e1cticos ayudan a comprender las heridas, a reconstruir un nuevo yo, sanar los da\u00f1os y transformar la vida a partir de herramientas psicol\u00f3gicas concretas, pensadas para este proceso. Un viaje intenso y liberador, para quienes buscan respuestas y, sobre todo, un camino de salida hacia una vida m\u00e1s plena.<\/p>\n","protected":false},"excerpt":{"rendered":"<p class=\"p1\"><b>ISBN: 9791370292621<\/b><b><\/b><\/p>\n<p class=\"p1\"><b>SINOPSIS<\/b><\/p>\n<p class=\"p1\">Este libro exhibe, pormenorizadamente, los comportamientos presentes en una crianza negligente que privilegia los intereses ego\u00edstas del cuidador con altos rasgos narcisistas.<\/p>\n<p class=\"p1\">Este modelo de crianza configura una personalidad complaciente o una radical, una autoestima inestable, miedos diversos, culpa constante, autoexigencia y creencias incapacitantes \u2014como la de no ser suficiente o la de que hay algo malo en s\u00ed mismo\u2014, muy vigentes en la adultez.<\/p>\n<p class=\"p1\">En este recorrido emocionante, las autoras entrelazan la teor\u00eda con sus propias observaciones e ilustran, con ejemplos, c\u00f3mo a trav\u00e9s de la cotidianidad, del contacto diario con el narcisismo o con una preocupaci\u00f3n superficial hacia la persona, se crean dos tipos de deshumanizaci\u00f3n: la modelo, criatura ejemplar y conquistadora de metas; y la devaluativa, quien duda de s\u00ed misma con una frecuencia alarmante.<\/p>\n<p class=\"p1\">En \u00a1Auxilio! \u00a1Mi padre es narcisista!, Jenny Santana Mora y Katherin Santana Mora ponen al servicio sus experiencias personales y profesionales para guiar un proceso profundo de autoconocimiento y sanaci\u00f3n. Con un lenguaje cercano y ejercicios pr\u00e1cticos ayudan a comprender las heridas, a reconstruir un nuevo yo, sanar los da\u00f1os y transformar la vida a partir de herramientas psicol\u00f3gicas concretas, pensadas para este proceso. Un viaje intenso y liberador, para quienes buscan respuestas y, sobre todo, un camino de salida hacia una vida m\u00e1s plena.<\/p>\n","protected":false},"featured_media":111467,"comment_status":"open","ping_status":"closed","template":"","meta":{"_acf_changed":false},"libro":[],"product_brand":[],"product_cat":[133],"product_tag":[],"class_list":{"0":"post-111463","1":"product","2":"type-product","3":"status-publish","4":"has-post-thumbnail","6":"product_cat-no-ficcion","8":"first","9":"instock","10":"shipping-taxable","11":"product-type-simple"},"acf":{"autor":[111464],"enlace_de_compra":"https:\/\/amzn.to\/4sTF8vi"},"yoast_head":"<!-- This site is optimized with the Yoast SEO plugin v27.4 - https:\/\/yoast.com\/product\/yoast-seo-wordpress\/ -->\n<title>\u00a1Auxilio! \u00a1Mi padre es narcisista! - Catalogo | Letrame Grupo Editorial<\/title>\n<meta name=\"robots\" content=\"index, follow, max-snippet:-1, max-image-preview:large, max-video-preview:-1\" \/>\n<link rel=\"canonical\" href=\"https:\/\/letrame.com\/catalogo\/producto\/auxilio-mi-padre-es-narcisista\/\" \/>\n<meta property=\"og:locale\" content=\"es_ES\" \/>\n<meta property=\"og:type\" content=\"article\" \/>\n<meta property=\"og:title\" content=\"\u00a1Auxilio! \u00a1Mi padre es narcisista! - Catalogo | Letrame Grupo Editorial\" \/>\n<meta property=\"og:description\" content=\"ISBN: 9791370292621 SINOPSIS Este libro exhibe, pormenorizadamente, los comportamientos presentes en una crianza negligente que privilegia los intereses ego\u00edstas del cuidador con altos rasgos narcisistas. Este modelo de crianza configura una personalidad complaciente o una radical, una autoestima inestable, miedos diversos, culpa constante, autoexigencia y creencias incapacitantes \u2014como la de no ser suficiente o la de que hay algo malo en s\u00ed mismo\u2014, muy vigentes en la adultez. En este recorrido emocionante, las autoras entrelazan la teor\u00eda con sus propias observaciones e ilustran, con ejemplos, c\u00f3mo a trav\u00e9s de la cotidianidad, del contacto diario con el narcisismo o con una preocupaci\u00f3n superficial hacia la persona, se crean dos tipos de deshumanizaci\u00f3n: la modelo, criatura ejemplar y conquistadora de metas; y la devaluativa, quien duda de s\u00ed misma con una frecuencia alarmante. En \u00a1Auxilio! \u00a1Mi padre es narcisista!, Jenny Santana Mora y Katherin Santana Mora ponen al servicio sus experiencias personales y profesionales para guiar un proceso profundo de autoconocimiento y sanaci\u00f3n. Con un lenguaje cercano y ejercicios pr\u00e1cticos ayudan a comprender las heridas, a reconstruir un nuevo yo, sanar los da\u00f1os y transformar la vida a partir de herramientas psicol\u00f3gicas concretas, pensadas para este proceso. Un viaje intenso y liberador, para quienes buscan respuestas y, sobre todo, un camino de salida hacia una vida m\u00e1s plena.\" \/>\n<meta property=\"og:url\" content=\"https:\/\/letrame.com\/catalogo\/producto\/auxilio-mi-padre-es-narcisista\/\" \/>\n<meta property=\"og:site_name\" content=\"Catalogo | Letrame Grupo Editorial\" \/>\n<meta property=\"og:image\" content=\"https:\/\/letrame.com\/catalogo\/wp-content\/uploads\/2026\/03\/portada-7-scaled.jpg\" \/>\n\t<meta property=\"og:image:width\" content=\"1745\" \/>\n\t<meta property=\"og:image:height\" content=\"2560\" \/>\n\t<meta property=\"og:image:type\" content=\"image\/jpeg\" \/>\n<meta name=\"twitter:card\" content=\"summary_large_image\" \/>\n<meta name=\"twitter:label1\" content=\"Tiempo de lectura\" \/>\n\t<meta name=\"twitter:data1\" content=\"2 minutos\" \/>\n<script type=\"application\/ld+json\" class=\"yoast-schema-graph\">{\"@context\":\"https:\\\/\\\/schema.org\",\"@graph\":[{\"@type\":\"WebPage\",\"@id\":\"https:\\\/\\\/letrame.com\\\/catalogo\\\/producto\\\/auxilio-mi-padre-es-narcisista\\\/\",\"url\":\"https:\\\/\\\/letrame.com\\\/catalogo\\\/producto\\\/auxilio-mi-padre-es-narcisista\\\/\",\"name\":\"\u00a1Auxilio! \u00a1Mi padre es narcisista! - Catalogo | Letrame Grupo Editorial\",\"isPartOf\":{\"@id\":\"https:\\\/\\\/letrame.com\\\/catalogo\\\/#website\"},\"primaryImageOfPage\":{\"@id\":\"https:\\\/\\\/letrame.com\\\/catalogo\\\/producto\\\/auxilio-mi-padre-es-narcisista\\\/#primaryimage\"},\"image\":{\"@id\":\"https:\\\/\\\/letrame.com\\\/catalogo\\\/producto\\\/auxilio-mi-padre-es-narcisista\\\/#primaryimage\"},\"thumbnailUrl\":\"https:\\\/\\\/letrame.com\\\/catalogo\\\/wp-content\\\/uploads\\\/2026\\\/03\\\/portada-7-scaled.jpg\",\"datePublished\":\"2026-03-17T15:12:18+00:00\",\"breadcrumb\":{\"@id\":\"https:\\\/\\\/letrame.com\\\/catalogo\\\/producto\\\/auxilio-mi-padre-es-narcisista\\\/#breadcrumb\"},\"inLanguage\":\"es\",\"potentialAction\":[{\"@type\":\"ReadAction\",\"target\":[\"https:\\\/\\\/letrame.com\\\/catalogo\\\/producto\\\/auxilio-mi-padre-es-narcisista\\\/\"]}]},{\"@type\":\"ImageObject\",\"inLanguage\":\"es\",\"@id\":\"https:\\\/\\\/letrame.com\\\/catalogo\\\/producto\\\/auxilio-mi-padre-es-narcisista\\\/#primaryimage\",\"url\":\"https:\\\/\\\/letrame.com\\\/catalogo\\\/wp-content\\\/uploads\\\/2026\\\/03\\\/portada-7-scaled.jpg\",\"contentUrl\":\"https:\\\/\\\/letrame.com\\\/catalogo\\\/wp-content\\\/uploads\\\/2026\\\/03\\\/portada-7-scaled.jpg\",\"width\":1745,\"height\":2560},{\"@type\":\"BreadcrumbList\",\"@id\":\"https:\\\/\\\/letrame.com\\\/catalogo\\\/producto\\\/auxilio-mi-padre-es-narcisista\\\/#breadcrumb\",\"itemListElement\":[{\"@type\":\"ListItem\",\"position\":1,\"name\":\"Portada\",\"item\":\"https:\\\/\\\/letrame.com\\\/catalogo\\\/\"},{\"@type\":\"ListItem\",\"position\":2,\"name\":\"Cat\u00e1logo\",\"item\":\"https:\\\/\\\/letrame.com\\\/catalogo\\\/\"},{\"@type\":\"ListItem\",\"position\":3,\"name\":\"\u00a1Auxilio! \u00a1Mi padre es narcisista!\"}]},{\"@type\":\"WebSite\",\"@id\":\"https:\\\/\\\/letrame.com\\\/catalogo\\\/#website\",\"url\":\"https:\\\/\\\/letrame.com\\\/catalogo\\\/\",\"name\":\"Catalogo | Letrame Grupo Editorial\",\"description\":\"\",\"publisher\":{\"@id\":\"https:\\\/\\\/letrame.com\\\/catalogo\\\/#organization\"},\"potentialAction\":[{\"@type\":\"SearchAction\",\"target\":{\"@type\":\"EntryPoint\",\"urlTemplate\":\"https:\\\/\\\/letrame.com\\\/catalogo\\\/?s={search_term_string}\"},\"query-input\":{\"@type\":\"PropertyValueSpecification\",\"valueRequired\":true,\"valueName\":\"search_term_string\"}}],\"inLanguage\":\"es\"},{\"@type\":\"Organization\",\"@id\":\"https:\\\/\\\/letrame.com\\\/catalogo\\\/#organization\",\"name\":\"Catalogo | Letrame Grupo Editorial\",\"url\":\"https:\\\/\\\/letrame.com\\\/catalogo\\\/\",\"logo\":{\"@type\":\"ImageObject\",\"inLanguage\":\"es\",\"@id\":\"https:\\\/\\\/letrame.com\\\/catalogo\\\/#\\\/schema\\\/logo\\\/image\\\/\",\"url\":\"https:\\\/\\\/letrame.com\\\/catalogo\\\/wp-content\\\/uploads\\\/2024\\\/03\\\/logo2.webp\",\"contentUrl\":\"https:\\\/\\\/letrame.com\\\/catalogo\\\/wp-content\\\/uploads\\\/2024\\\/03\\\/logo2.webp\",\"width\":394,\"height\":128,\"caption\":\"Catalogo | Letrame Grupo Editorial\"},\"image\":{\"@id\":\"https:\\\/\\\/letrame.com\\\/catalogo\\\/#\\\/schema\\\/logo\\\/image\\\/\"}}]}<\/script>\n<!-- \/ Yoast SEO plugin. -->","yoast_head_json":{"title":"\u00a1Auxilio! \u00a1Mi padre es narcisista! - Catalogo | Letrame Grupo Editorial","robots":{"index":"index","follow":"follow","max-snippet":"max-snippet:-1","max-image-preview":"max-image-preview:large","max-video-preview":"max-video-preview:-1"},"canonical":"https:\/\/letrame.com\/catalogo\/producto\/auxilio-mi-padre-es-narcisista\/","og_locale":"es_ES","og_type":"article","og_title":"\u00a1Auxilio! \u00a1Mi padre es narcisista! - Catalogo | Letrame Grupo Editorial","og_description":"ISBN: 9791370292621 SINOPSIS Este libro exhibe, pormenorizadamente, los comportamientos presentes en una crianza negligente que privilegia los intereses ego\u00edstas del cuidador con altos rasgos narcisistas. Este modelo de crianza configura una personalidad complaciente o una radical, una autoestima inestable, miedos diversos, culpa constante, autoexigencia y creencias incapacitantes \u2014como la de no ser suficiente o la de que hay algo malo en s\u00ed mismo\u2014, muy vigentes en la adultez. En este recorrido emocionante, las autoras entrelazan la teor\u00eda con sus propias observaciones e ilustran, con ejemplos, c\u00f3mo a trav\u00e9s de la cotidianidad, del contacto diario con el narcisismo o con una preocupaci\u00f3n superficial hacia la persona, se crean dos tipos de deshumanizaci\u00f3n: la modelo, criatura ejemplar y conquistadora de metas; y la devaluativa, quien duda de s\u00ed misma con una frecuencia alarmante. En \u00a1Auxilio! \u00a1Mi padre es narcisista!, Jenny Santana Mora y Katherin Santana Mora ponen al servicio sus experiencias personales y profesionales para guiar un proceso profundo de autoconocimiento y sanaci\u00f3n. Con un lenguaje cercano y ejercicios pr\u00e1cticos ayudan a comprender las heridas, a reconstruir un nuevo yo, sanar los da\u00f1os y transformar la vida a partir de herramientas psicol\u00f3gicas concretas, pensadas para este proceso. Un viaje intenso y liberador, para quienes buscan respuestas y, sobre todo, un camino de salida hacia una vida m\u00e1s plena.","og_url":"https:\/\/letrame.com\/catalogo\/producto\/auxilio-mi-padre-es-narcisista\/","og_site_name":"Catalogo | Letrame Grupo Editorial","og_image":[{"width":1745,"height":2560,"url":"https:\/\/letrame.com\/catalogo\/wp-content\/uploads\/2026\/03\/portada-7-scaled.jpg","type":"image\/jpeg"}],"twitter_card":"summary_large_image","twitter_misc":{"Tiempo de lectura":"2 minutos"},"schema":{"@context":"https:\/\/schema.org","@graph":[{"@type":"WebPage","@id":"https:\/\/letrame.com\/catalogo\/producto\/auxilio-mi-padre-es-narcisista\/","url":"https:\/\/letrame.com\/catalogo\/producto\/auxilio-mi-padre-es-narcisista\/","name":"\u00a1Auxilio! \u00a1Mi padre es narcisista! - Catalogo | Letrame Grupo Editorial","isPartOf":{"@id":"https:\/\/letrame.com\/catalogo\/#website"},"primaryImageOfPage":{"@id":"https:\/\/letrame.com\/catalogo\/producto\/auxilio-mi-padre-es-narcisista\/#primaryimage"},"image":{"@id":"https:\/\/letrame.com\/catalogo\/producto\/auxilio-mi-padre-es-narcisista\/#primaryimage"},"thumbnailUrl":"https:\/\/letrame.com\/catalogo\/wp-content\/uploads\/2026\/03\/portada-7-scaled.jpg","datePublished":"2026-03-17T15:12:18+00:00","breadcrumb":{"@id":"https:\/\/letrame.com\/catalogo\/producto\/auxilio-mi-padre-es-narcisista\/#breadcrumb"},"inLanguage":"es","potentialAction":[{"@type":"ReadAction","target":["https:\/\/letrame.com\/catalogo\/producto\/auxilio-mi-padre-es-narcisista\/"]}]},{"@type":"ImageObject","inLanguage":"es","@id":"https:\/\/letrame.com\/catalogo\/producto\/auxilio-mi-padre-es-narcisista\/#primaryimage","url":"https:\/\/letrame.com\/catalogo\/wp-content\/uploads\/2026\/03\/portada-7-scaled.jpg","contentUrl":"https:\/\/letrame.com\/catalogo\/wp-content\/uploads\/2026\/03\/portada-7-scaled.jpg","width":1745,"height":2560},{"@type":"BreadcrumbList","@id":"https:\/\/letrame.com\/catalogo\/producto\/auxilio-mi-padre-es-narcisista\/#breadcrumb","itemListElement":[{"@type":"ListItem","position":1,"name":"Portada","item":"https:\/\/letrame.com\/catalogo\/"},{"@type":"ListItem","position":2,"name":"Cat\u00e1logo","item":"https:\/\/letrame.com\/catalogo\/"},{"@type":"ListItem","position":3,"name":"\u00a1Auxilio! \u00a1Mi padre es narcisista!"}]},{"@type":"WebSite","@id":"https:\/\/letrame.com\/catalogo\/#website","url":"https:\/\/letrame.com\/catalogo\/","name":"Catalogo | Letrame Grupo Editorial","description":"","publisher":{"@id":"https:\/\/letrame.com\/catalogo\/#organization"},"potentialAction":[{"@type":"SearchAction","target":{"@type":"EntryPoint","urlTemplate":"https:\/\/letrame.com\/catalogo\/?s={search_term_string}"},"query-input":{"@type":"PropertyValueSpecification","valueRequired":true,"valueName":"search_term_string"}}],"inLanguage":"es"},{"@type":"Organization","@id":"https:\/\/letrame.com\/catalogo\/#organization","name":"Catalogo | Letrame Grupo Editorial","url":"https:\/\/letrame.com\/catalogo\/","logo":{"@type":"ImageObject","inLanguage":"es","@id":"https:\/\/letrame.com\/catalogo\/#\/schema\/logo\/image\/","url":"https:\/\/letrame.com\/catalogo\/wp-content\/uploads\/2024\/03\/logo2.webp","contentUrl":"https:\/\/letrame.com\/catalogo\/wp-content\/uploads\/2024\/03\/logo2.webp","width":394,"height":128,"caption":"Catalogo | Letrame Grupo Editorial"},"image":{"@id":"https:\/\/letrame.com\/catalogo\/#\/schema\/logo\/image\/"}}]}},"_links":{"self":[{"href":"https:\/\/letrame.com\/catalogo\/wp-json\/wp\/v2\/product\/111463","targetHints":{"allow":["GET"]}}],"collection":[{"href":"https:\/\/letrame.com\/catalogo\/wp-json\/wp\/v2\/product"}],"about":[{"href":"https:\/\/letrame.com\/catalogo\/wp-json\/wp\/v2\/types\/product"}],"replies":[{"embeddable":true,"href":"https:\/\/letrame.com\/catalogo\/wp-json\/wp\/v2\/comments?post=111463"}],"acf:post":[{"embeddable":true,"href":"https:\/\/letrame.com\/catalogo\/wp-json\/wp\/v2\/author_book\/111464"}],"wp:featuredmedia":[{"embeddable":true,"href":"https:\/\/letrame.com\/catalogo\/wp-json\/wp\/v2\/media\/111467"}],"wp:attachment":[{"href":"https:\/\/letrame.com\/catalogo\/wp-json\/wp\/v2\/media?parent=111463"}],"wp:term":[{"taxonomy":"libro","embeddable":true,"href":"https:\/\/letrame.com\/catalogo\/wp-json\/wp\/v2\/libro?post=111463"},{"taxonomy":"product_brand","embeddable":true,"href":"https:\/\/letrame.com\/catalogo\/wp-json\/wp\/v2\/product_brand?post=111463"},{"taxonomy":"product_cat","embeddable":true,"href":"https:\/\/letrame.com\/catalogo\/wp-json\/wp\/v2\/product_cat?post=111463"},{"taxonomy":"product_tag","embeddable":true,"href":"https:\/\/letrame.com\/catalogo\/wp-json\/wp\/v2\/product_tag?post=111463"}],"curies":[{"name":"wp","href":"https:\/\/api.w.org\/{rel}","templated":true}]}}