{"id":111458,"date":"2026-03-17T15:56:19","date_gmt":"2026-03-17T14:56:19","guid":{"rendered":"https:\/\/letrame.com\/catalogo\/?post_type=product&#038;p=111458"},"modified":"2026-03-17T15:56:20","modified_gmt":"2026-03-17T14:56:20","slug":"el-ultimo-umbral-de-la-luz","status":"publish","type":"product","link":"https:\/\/letrame.com\/catalogo\/producto\/el-ultimo-umbral-de-la-luz\/","title":{"rendered":"El \u00faltimo umbral de la luz"},"content":{"rendered":"<p class=\"p1\"><b>ISBN: 9791370296735<\/b><b><\/b><\/p>\n<p class=\"p1\"><b>T\u00edtulo: El \u00faltimo umbral de la luz<\/b><br \/>\n<b>Fecha: 2025<\/b><br \/>\n<b>P\u00e1ginas: 124<\/b><b><\/b><\/p>\n<p class=\"p1\"><b>SINOPSIS<\/b><\/p>\n<p class=\"p1\">Tras el gran reinicio, la humanidad cree haber escapado de su mayor transgresi\u00f3n: la soberbia de jugar a ser dioses. Sin embargo, bajo la quietud del nuevo orden, persisten ecos de un pasado que nunca fue documentado. Entre ruinas sin nombre y memorias fragmentadas, surge una pregunta prohibida: \u00bfpuede la luz existir sin recordar la oscuridad que la engendr\u00f3?<\/p>\n<p class=\"p1\">Mientras sabios, cient\u00edficos y guardianes de la conciencia se adentran en los m\u00e1rgenes de esta realidad reconfigurada, comienzan a emerger se\u00f1ales inquietantes: objetos fuera de su tiempo, s\u00edmbolos ancestrales que no pertenecen a ninguna lengua conocida, presencias oscuras que no obedecen a la l\u00f3gica humana.<\/p>\n<p class=\"p1\">Estas entidades que observan y configuran la realidad desde otros planos frecuenciales revelan que el renacimiento es, en verdad, un umbral. Un punto sagrado donde la verdad se oculta para protegerse y la libertad adopta la forma de una prisi\u00f3n sumamente sutil e imperceptible.<\/p>\n<p class=\"p1\">El \u00daltimo Umbral de la Luz es un relato complejo y oscuro sobre el alma, la memoria y el destino. Almas antiguas que descienden no para redimir, sino para recordar el pacto olvidado antes de su primer nombre. Es all\u00ed, en el l\u00edmite \u00faltimo, donde la humanidad deber\u00e1 decidir si est\u00e1 preparada para despertar o si contin\u00faa girando, una vez m\u00e1s, en la eterna rueda del olvido.<\/p>\n","protected":false},"excerpt":{"rendered":"<p class=\"p1\"><b>ISBN: 9791370296735<\/b><b><\/b><\/p>\n<p class=\"p1\"><b>SINOPSIS<\/b><\/p>\n<p class=\"p1\">Tras el gran reinicio, la humanidad cree haber escapado de su mayor transgresi\u00f3n: la soberbia de jugar a ser dioses. Sin embargo, bajo la quietud del nuevo orden, persisten ecos de un pasado que nunca fue documentado. Entre ruinas sin nombre y memorias fragmentadas, surge una pregunta prohibida: \u00bfpuede la luz existir sin recordar la oscuridad que la engendr\u00f3?<\/p>\n<p class=\"p1\">Mientras sabios, cient\u00edficos y guardianes de la conciencia se adentran en los m\u00e1rgenes de esta realidad reconfigurada, comienzan a emerger se\u00f1ales inquietantes: objetos fuera de su tiempo, s\u00edmbolos ancestrales que no pertenecen a ninguna lengua conocida, presencias oscuras que no obedecen a la l\u00f3gica humana.<\/p>\n<p class=\"p1\">Estas entidades que observan y configuran la realidad desde otros planos frecuenciales revelan que el renacimiento es, en verdad, un umbral. Un punto sagrado donde la verdad se oculta para protegerse y la libertad adopta la forma de una prisi\u00f3n sumamente sutil e imperceptible.<\/p>\n<p class=\"p1\">El \u00daltimo Umbral de la Luz es un relato complejo y oscuro sobre el alma, la memoria y el destino. Almas antiguas que descienden no para redimir, sino para recordar el pacto olvidado antes de su primer nombre. Es all\u00ed, en el l\u00edmite \u00faltimo, donde la humanidad deber\u00e1 decidir si est\u00e1 preparada para despertar o si contin\u00faa girando, una vez m\u00e1s, en la eterna rueda del olvido.<\/p>\n","protected":false},"featured_media":111462,"comment_status":"open","ping_status":"closed","template":"","meta":{"_acf_changed":false},"libro":[],"product_brand":[],"product_cat":[47],"product_tag":[],"class_list":{"0":"post-111458","1":"product","2":"type-product","3":"status-publish","4":"has-post-thumbnail","6":"product_cat-ciencia-ficcion-misterio","8":"first","9":"instock","10":"shipping-taxable","11":"product-type-simple"},"acf":{"autor":[111459],"enlace_de_compra":"https:\/\/amzn.to\/47OFsmG"},"yoast_head":"<!-- This site is optimized with the Yoast SEO plugin v27.4 - https:\/\/yoast.com\/product\/yoast-seo-wordpress\/ -->\n<title>El \u00faltimo umbral de la luz - Catalogo | Letrame Grupo Editorial<\/title>\n<meta name=\"robots\" content=\"index, follow, max-snippet:-1, max-image-preview:large, max-video-preview:-1\" \/>\n<link rel=\"canonical\" href=\"https:\/\/letrame.com\/catalogo\/producto\/el-ultimo-umbral-de-la-luz\/\" \/>\n<meta property=\"og:locale\" content=\"es_ES\" \/>\n<meta property=\"og:type\" content=\"article\" \/>\n<meta property=\"og:title\" content=\"El \u00faltimo umbral de la luz - Catalogo | Letrame Grupo Editorial\" \/>\n<meta property=\"og:description\" content=\"ISBN: 9791370296735 SINOPSIS Tras el gran reinicio, la humanidad cree haber escapado de su mayor transgresi\u00f3n: la soberbia de jugar a ser dioses. Sin embargo, bajo la quietud del nuevo orden, persisten ecos de un pasado que nunca fue documentado. Entre ruinas sin nombre y memorias fragmentadas, surge una pregunta prohibida: \u00bfpuede la luz existir sin recordar la oscuridad que la engendr\u00f3? Mientras sabios, cient\u00edficos y guardianes de la conciencia se adentran en los m\u00e1rgenes de esta realidad reconfigurada, comienzan a emerger se\u00f1ales inquietantes: objetos fuera de su tiempo, s\u00edmbolos ancestrales que no pertenecen a ninguna lengua conocida, presencias oscuras que no obedecen a la l\u00f3gica humana. Estas entidades que observan y configuran la realidad desde otros planos frecuenciales revelan que el renacimiento es, en verdad, un umbral. Un punto sagrado donde la verdad se oculta para protegerse y la libertad adopta la forma de una prisi\u00f3n sumamente sutil e imperceptible. El \u00daltimo Umbral de la Luz es un relato complejo y oscuro sobre el alma, la memoria y el destino. Almas antiguas que descienden no para redimir, sino para recordar el pacto olvidado antes de su primer nombre. Es all\u00ed, en el l\u00edmite \u00faltimo, donde la humanidad deber\u00e1 decidir si est\u00e1 preparada para despertar o si contin\u00faa girando, una vez m\u00e1s, en la eterna rueda del olvido.\" \/>\n<meta property=\"og:url\" content=\"https:\/\/letrame.com\/catalogo\/producto\/el-ultimo-umbral-de-la-luz\/\" \/>\n<meta property=\"og:site_name\" content=\"Catalogo | Letrame Grupo Editorial\" \/>\n<meta property=\"article:modified_time\" content=\"2026-03-17T14:56:20+00:00\" \/>\n<meta property=\"og:image\" content=\"https:\/\/letrame.com\/catalogo\/wp-content\/uploads\/2026\/03\/portada-6-scaled.jpg\" \/>\n\t<meta property=\"og:image:width\" content=\"1745\" \/>\n\t<meta property=\"og:image:height\" content=\"2560\" \/>\n\t<meta property=\"og:image:type\" content=\"image\/jpeg\" \/>\n<meta name=\"twitter:card\" content=\"summary_large_image\" \/>\n<meta name=\"twitter:label1\" content=\"Tiempo de lectura\" \/>\n\t<meta name=\"twitter:data1\" content=\"2 minutos\" \/>\n<script type=\"application\/ld+json\" class=\"yoast-schema-graph\">{\"@context\":\"https:\\\/\\\/schema.org\",\"@graph\":[{\"@type\":\"WebPage\",\"@id\":\"https:\\\/\\\/letrame.com\\\/catalogo\\\/producto\\\/el-ultimo-umbral-de-la-luz\\\/\",\"url\":\"https:\\\/\\\/letrame.com\\\/catalogo\\\/producto\\\/el-ultimo-umbral-de-la-luz\\\/\",\"name\":\"El \u00faltimo umbral de la luz - Catalogo | Letrame Grupo Editorial\",\"isPartOf\":{\"@id\":\"https:\\\/\\\/letrame.com\\\/catalogo\\\/#website\"},\"primaryImageOfPage\":{\"@id\":\"https:\\\/\\\/letrame.com\\\/catalogo\\\/producto\\\/el-ultimo-umbral-de-la-luz\\\/#primaryimage\"},\"image\":{\"@id\":\"https:\\\/\\\/letrame.com\\\/catalogo\\\/producto\\\/el-ultimo-umbral-de-la-luz\\\/#primaryimage\"},\"thumbnailUrl\":\"https:\\\/\\\/letrame.com\\\/catalogo\\\/wp-content\\\/uploads\\\/2026\\\/03\\\/portada-6-scaled.jpg\",\"datePublished\":\"2026-03-17T14:56:19+00:00\",\"dateModified\":\"2026-03-17T14:56:20+00:00\",\"breadcrumb\":{\"@id\":\"https:\\\/\\\/letrame.com\\\/catalogo\\\/producto\\\/el-ultimo-umbral-de-la-luz\\\/#breadcrumb\"},\"inLanguage\":\"es\",\"potentialAction\":[{\"@type\":\"ReadAction\",\"target\":[\"https:\\\/\\\/letrame.com\\\/catalogo\\\/producto\\\/el-ultimo-umbral-de-la-luz\\\/\"]}]},{\"@type\":\"ImageObject\",\"inLanguage\":\"es\",\"@id\":\"https:\\\/\\\/letrame.com\\\/catalogo\\\/producto\\\/el-ultimo-umbral-de-la-luz\\\/#primaryimage\",\"url\":\"https:\\\/\\\/letrame.com\\\/catalogo\\\/wp-content\\\/uploads\\\/2026\\\/03\\\/portada-6-scaled.jpg\",\"contentUrl\":\"https:\\\/\\\/letrame.com\\\/catalogo\\\/wp-content\\\/uploads\\\/2026\\\/03\\\/portada-6-scaled.jpg\",\"width\":1745,\"height\":2560},{\"@type\":\"BreadcrumbList\",\"@id\":\"https:\\\/\\\/letrame.com\\\/catalogo\\\/producto\\\/el-ultimo-umbral-de-la-luz\\\/#breadcrumb\",\"itemListElement\":[{\"@type\":\"ListItem\",\"position\":1,\"name\":\"Portada\",\"item\":\"https:\\\/\\\/letrame.com\\\/catalogo\\\/\"},{\"@type\":\"ListItem\",\"position\":2,\"name\":\"Cat\u00e1logo\",\"item\":\"https:\\\/\\\/letrame.com\\\/catalogo\\\/\"},{\"@type\":\"ListItem\",\"position\":3,\"name\":\"El \u00faltimo umbral de la luz\"}]},{\"@type\":\"WebSite\",\"@id\":\"https:\\\/\\\/letrame.com\\\/catalogo\\\/#website\",\"url\":\"https:\\\/\\\/letrame.com\\\/catalogo\\\/\",\"name\":\"Catalogo | Letrame Grupo Editorial\",\"description\":\"\",\"publisher\":{\"@id\":\"https:\\\/\\\/letrame.com\\\/catalogo\\\/#organization\"},\"potentialAction\":[{\"@type\":\"SearchAction\",\"target\":{\"@type\":\"EntryPoint\",\"urlTemplate\":\"https:\\\/\\\/letrame.com\\\/catalogo\\\/?s={search_term_string}\"},\"query-input\":{\"@type\":\"PropertyValueSpecification\",\"valueRequired\":true,\"valueName\":\"search_term_string\"}}],\"inLanguage\":\"es\"},{\"@type\":\"Organization\",\"@id\":\"https:\\\/\\\/letrame.com\\\/catalogo\\\/#organization\",\"name\":\"Catalogo | Letrame Grupo Editorial\",\"url\":\"https:\\\/\\\/letrame.com\\\/catalogo\\\/\",\"logo\":{\"@type\":\"ImageObject\",\"inLanguage\":\"es\",\"@id\":\"https:\\\/\\\/letrame.com\\\/catalogo\\\/#\\\/schema\\\/logo\\\/image\\\/\",\"url\":\"https:\\\/\\\/letrame.com\\\/catalogo\\\/wp-content\\\/uploads\\\/2024\\\/03\\\/logo2.webp\",\"contentUrl\":\"https:\\\/\\\/letrame.com\\\/catalogo\\\/wp-content\\\/uploads\\\/2024\\\/03\\\/logo2.webp\",\"width\":394,\"height\":128,\"caption\":\"Catalogo | Letrame Grupo Editorial\"},\"image\":{\"@id\":\"https:\\\/\\\/letrame.com\\\/catalogo\\\/#\\\/schema\\\/logo\\\/image\\\/\"}}]}<\/script>\n<!-- \/ Yoast SEO plugin. -->","yoast_head_json":{"title":"El \u00faltimo umbral de la luz - Catalogo | Letrame Grupo Editorial","robots":{"index":"index","follow":"follow","max-snippet":"max-snippet:-1","max-image-preview":"max-image-preview:large","max-video-preview":"max-video-preview:-1"},"canonical":"https:\/\/letrame.com\/catalogo\/producto\/el-ultimo-umbral-de-la-luz\/","og_locale":"es_ES","og_type":"article","og_title":"El \u00faltimo umbral de la luz - Catalogo | Letrame Grupo Editorial","og_description":"ISBN: 9791370296735 SINOPSIS Tras el gran reinicio, la humanidad cree haber escapado de su mayor transgresi\u00f3n: la soberbia de jugar a ser dioses. Sin embargo, bajo la quietud del nuevo orden, persisten ecos de un pasado que nunca fue documentado. Entre ruinas sin nombre y memorias fragmentadas, surge una pregunta prohibida: \u00bfpuede la luz existir sin recordar la oscuridad que la engendr\u00f3? Mientras sabios, cient\u00edficos y guardianes de la conciencia se adentran en los m\u00e1rgenes de esta realidad reconfigurada, comienzan a emerger se\u00f1ales inquietantes: objetos fuera de su tiempo, s\u00edmbolos ancestrales que no pertenecen a ninguna lengua conocida, presencias oscuras que no obedecen a la l\u00f3gica humana. Estas entidades que observan y configuran la realidad desde otros planos frecuenciales revelan que el renacimiento es, en verdad, un umbral. Un punto sagrado donde la verdad se oculta para protegerse y la libertad adopta la forma de una prisi\u00f3n sumamente sutil e imperceptible. El \u00daltimo Umbral de la Luz es un relato complejo y oscuro sobre el alma, la memoria y el destino. Almas antiguas que descienden no para redimir, sino para recordar el pacto olvidado antes de su primer nombre. Es all\u00ed, en el l\u00edmite \u00faltimo, donde la humanidad deber\u00e1 decidir si est\u00e1 preparada para despertar o si contin\u00faa girando, una vez m\u00e1s, en la eterna rueda del olvido.","og_url":"https:\/\/letrame.com\/catalogo\/producto\/el-ultimo-umbral-de-la-luz\/","og_site_name":"Catalogo | Letrame Grupo Editorial","article_modified_time":"2026-03-17T14:56:20+00:00","og_image":[{"width":1745,"height":2560,"url":"https:\/\/letrame.com\/catalogo\/wp-content\/uploads\/2026\/03\/portada-6-scaled.jpg","type":"image\/jpeg"}],"twitter_card":"summary_large_image","twitter_misc":{"Tiempo de lectura":"2 minutos"},"schema":{"@context":"https:\/\/schema.org","@graph":[{"@type":"WebPage","@id":"https:\/\/letrame.com\/catalogo\/producto\/el-ultimo-umbral-de-la-luz\/","url":"https:\/\/letrame.com\/catalogo\/producto\/el-ultimo-umbral-de-la-luz\/","name":"El \u00faltimo umbral de la luz - Catalogo | Letrame Grupo Editorial","isPartOf":{"@id":"https:\/\/letrame.com\/catalogo\/#website"},"primaryImageOfPage":{"@id":"https:\/\/letrame.com\/catalogo\/producto\/el-ultimo-umbral-de-la-luz\/#primaryimage"},"image":{"@id":"https:\/\/letrame.com\/catalogo\/producto\/el-ultimo-umbral-de-la-luz\/#primaryimage"},"thumbnailUrl":"https:\/\/letrame.com\/catalogo\/wp-content\/uploads\/2026\/03\/portada-6-scaled.jpg","datePublished":"2026-03-17T14:56:19+00:00","dateModified":"2026-03-17T14:56:20+00:00","breadcrumb":{"@id":"https:\/\/letrame.com\/catalogo\/producto\/el-ultimo-umbral-de-la-luz\/#breadcrumb"},"inLanguage":"es","potentialAction":[{"@type":"ReadAction","target":["https:\/\/letrame.com\/catalogo\/producto\/el-ultimo-umbral-de-la-luz\/"]}]},{"@type":"ImageObject","inLanguage":"es","@id":"https:\/\/letrame.com\/catalogo\/producto\/el-ultimo-umbral-de-la-luz\/#primaryimage","url":"https:\/\/letrame.com\/catalogo\/wp-content\/uploads\/2026\/03\/portada-6-scaled.jpg","contentUrl":"https:\/\/letrame.com\/catalogo\/wp-content\/uploads\/2026\/03\/portada-6-scaled.jpg","width":1745,"height":2560},{"@type":"BreadcrumbList","@id":"https:\/\/letrame.com\/catalogo\/producto\/el-ultimo-umbral-de-la-luz\/#breadcrumb","itemListElement":[{"@type":"ListItem","position":1,"name":"Portada","item":"https:\/\/letrame.com\/catalogo\/"},{"@type":"ListItem","position":2,"name":"Cat\u00e1logo","item":"https:\/\/letrame.com\/catalogo\/"},{"@type":"ListItem","position":3,"name":"El \u00faltimo umbral de la luz"}]},{"@type":"WebSite","@id":"https:\/\/letrame.com\/catalogo\/#website","url":"https:\/\/letrame.com\/catalogo\/","name":"Catalogo | Letrame Grupo Editorial","description":"","publisher":{"@id":"https:\/\/letrame.com\/catalogo\/#organization"},"potentialAction":[{"@type":"SearchAction","target":{"@type":"EntryPoint","urlTemplate":"https:\/\/letrame.com\/catalogo\/?s={search_term_string}"},"query-input":{"@type":"PropertyValueSpecification","valueRequired":true,"valueName":"search_term_string"}}],"inLanguage":"es"},{"@type":"Organization","@id":"https:\/\/letrame.com\/catalogo\/#organization","name":"Catalogo | Letrame Grupo Editorial","url":"https:\/\/letrame.com\/catalogo\/","logo":{"@type":"ImageObject","inLanguage":"es","@id":"https:\/\/letrame.com\/catalogo\/#\/schema\/logo\/image\/","url":"https:\/\/letrame.com\/catalogo\/wp-content\/uploads\/2024\/03\/logo2.webp","contentUrl":"https:\/\/letrame.com\/catalogo\/wp-content\/uploads\/2024\/03\/logo2.webp","width":394,"height":128,"caption":"Catalogo | Letrame Grupo Editorial"},"image":{"@id":"https:\/\/letrame.com\/catalogo\/#\/schema\/logo\/image\/"}}]}},"_links":{"self":[{"href":"https:\/\/letrame.com\/catalogo\/wp-json\/wp\/v2\/product\/111458","targetHints":{"allow":["GET"]}}],"collection":[{"href":"https:\/\/letrame.com\/catalogo\/wp-json\/wp\/v2\/product"}],"about":[{"href":"https:\/\/letrame.com\/catalogo\/wp-json\/wp\/v2\/types\/product"}],"replies":[{"embeddable":true,"href":"https:\/\/letrame.com\/catalogo\/wp-json\/wp\/v2\/comments?post=111458"}],"acf:post":[{"embeddable":true,"href":"https:\/\/letrame.com\/catalogo\/wp-json\/wp\/v2\/author_book\/111459"}],"wp:featuredmedia":[{"embeddable":true,"href":"https:\/\/letrame.com\/catalogo\/wp-json\/wp\/v2\/media\/111462"}],"wp:attachment":[{"href":"https:\/\/letrame.com\/catalogo\/wp-json\/wp\/v2\/media?parent=111458"}],"wp:term":[{"taxonomy":"libro","embeddable":true,"href":"https:\/\/letrame.com\/catalogo\/wp-json\/wp\/v2\/libro?post=111458"},{"taxonomy":"product_brand","embeddable":true,"href":"https:\/\/letrame.com\/catalogo\/wp-json\/wp\/v2\/product_brand?post=111458"},{"taxonomy":"product_cat","embeddable":true,"href":"https:\/\/letrame.com\/catalogo\/wp-json\/wp\/v2\/product_cat?post=111458"},{"taxonomy":"product_tag","embeddable":true,"href":"https:\/\/letrame.com\/catalogo\/wp-json\/wp\/v2\/product_tag?post=111458"}],"curies":[{"name":"wp","href":"https:\/\/api.w.org\/{rel}","templated":true}]}}