{"id":111366,"date":"2026-03-05T17:36:36","date_gmt":"2026-03-05T16:36:36","guid":{"rendered":"https:\/\/letrame.com\/catalogo\/?post_type=product&#038;p=111366"},"modified":"2026-03-05T17:36:36","modified_gmt":"2026-03-05T16:36:36","slug":"la-paz-tiene-memoria","status":"publish","type":"product","link":"https:\/\/letrame.com\/catalogo\/producto\/la-paz-tiene-memoria\/","title":{"rendered":"La paz tiene memoria"},"content":{"rendered":"<p><strong>ISBN: 9791370293147<\/strong><br \/>\n<strong>T\u00edtulo: La paz tiene memoria<\/strong><br \/>\n<strong>Fecha: 2025<\/strong><br \/>\n<strong>P\u00e1ginas: 256<\/strong><\/p>\n<p><strong>SINOPSIS<\/strong><\/p>\n<p>Mar\u00eda, reci\u00e9n jubilada, regresa desde su exilio en Francia a su tierra natal, Teruel, acompa\u00f1ada de su nieta. Lo que comienza como un viaje a unas jornadas de memoria hist\u00f3rica se convierte en un reencuentro con heridas silenciadas y ra\u00edces olvidadas.<br \/>\nCon una mirada nueva ir\u00e1 conociendo la vida de sus antepasados y reconcili\u00e1ndose con su pasado. Regresar\u00e1 a Francia sinti\u00e9ndose m\u00e1s libre. Pero la vida a\u00fan volver\u00e1 a ponerla a prueba.<br \/>\nAmbientada entre la Espa\u00f1a de la guerra y el presente, esta novela entrelaza el drama personal y colectivo con la fuerza del amor, la memoria y la familia. Un relato de reconciliaci\u00f3n, transformaci\u00f3n y esperanza que nos recuerda que, cuando la memoria se convierte<br \/>\nen perd\u00f3n, nace la paz.<\/p>\n","protected":false},"excerpt":{"rendered":"<p><strong>ISBN: 9791370293147<\/strong><\/p>\n<p><strong>SINOPSIS<\/strong><\/p>\n<p>Mar\u00eda, reci\u00e9n jubilada, regresa desde su exilio en Francia a su tierra natal, Teruel, acompa\u00f1ada de su nieta. Lo que comienza como un viaje a unas jornadas de memoria hist\u00f3rica se convierte en un reencuentro con heridas silenciadas y ra\u00edces olvidadas.<br \/>\nCon una mirada nueva ir\u00e1 conociendo la vida de sus antepasados y reconcili\u00e1ndose con su pasado. Regresar\u00e1 a Francia sinti\u00e9ndose m\u00e1s libre. Pero la vida a\u00fan volver\u00e1 a ponerla a prueba.<br \/>\nAmbientada entre la Espa\u00f1a de la guerra y el presente, esta novela entrelaza el drama personal y colectivo con la fuerza del amor, la memoria y la familia. Un relato de reconciliaci\u00f3n, transformaci\u00f3n y esperanza que nos recuerda que, cuando la memoria se convierte<br \/>\nen perd\u00f3n, nace la paz.<\/p>\n","protected":false},"featured_media":111367,"comment_status":"open","ping_status":"closed","template":"","meta":{"_acf_changed":false},"libro":[],"product_brand":[],"product_cat":[148],"product_tag":[],"class_list":{"0":"post-111366","1":"product","2":"type-product","3":"status-publish","4":"has-post-thumbnail","6":"product_cat-historia","8":"first","9":"instock","10":"shipping-taxable","11":"product-type-simple"},"acf":{"autor":[77717],"enlace_de_compra":"https:\/\/amzn.to\/4d1urSu"},"yoast_head":"<!-- This site is optimized with the Yoast SEO plugin v27.4 - https:\/\/yoast.com\/product\/yoast-seo-wordpress\/ -->\n<title>La paz tiene memoria - Catalogo | Letrame Grupo Editorial<\/title>\n<meta name=\"robots\" content=\"index, follow, max-snippet:-1, max-image-preview:large, max-video-preview:-1\" \/>\n<link rel=\"canonical\" href=\"https:\/\/letrame.com\/catalogo\/producto\/la-paz-tiene-memoria\/\" \/>\n<meta property=\"og:locale\" content=\"es_ES\" \/>\n<meta property=\"og:type\" content=\"article\" \/>\n<meta property=\"og:title\" content=\"La paz tiene memoria - Catalogo | Letrame Grupo Editorial\" \/>\n<meta property=\"og:description\" content=\"ISBN: 9791370293147  SINOPSIS  Mar\u00eda, reci\u00e9n jubilada, regresa desde su exilio en Francia a su tierra natal, Teruel, acompa\u00f1ada de su nieta. Lo que comienza como un viaje a unas jornadas de memoria hist\u00f3rica se convierte en un reencuentro con heridas silenciadas y ra\u00edces olvidadas. Con una mirada nueva ir\u00e1 conociendo la vida de sus antepasados y reconcili\u00e1ndose con su pasado. Regresar\u00e1 a Francia sinti\u00e9ndose m\u00e1s libre. Pero la vida a\u00fan volver\u00e1 a ponerla a prueba. Ambientada entre la Espa\u00f1a de la guerra y el presente, esta novela entrelaza el drama personal y colectivo con la fuerza del amor, la memoria y la familia. Un relato de reconciliaci\u00f3n, transformaci\u00f3n y esperanza que nos recuerda que, cuando la memoria se convierte en perd\u00f3n, nace la paz.\" \/>\n<meta property=\"og:url\" content=\"https:\/\/letrame.com\/catalogo\/producto\/la-paz-tiene-memoria\/\" \/>\n<meta property=\"og:site_name\" content=\"Catalogo | Letrame Grupo Editorial\" \/>\n<meta property=\"og:image\" content=\"https:\/\/letrame.com\/catalogo\/wp-content\/uploads\/2026\/03\/portadacatalogolapaztienememoria-scaled.jpg\" \/>\n\t<meta property=\"og:image:width\" content=\"1828\" \/>\n\t<meta property=\"og:image:height\" content=\"2560\" \/>\n\t<meta property=\"og:image:type\" content=\"image\/jpeg\" \/>\n<meta name=\"twitter:card\" content=\"summary_large_image\" \/>\n<meta name=\"twitter:label1\" content=\"Tiempo de lectura\" \/>\n\t<meta name=\"twitter:data1\" content=\"1 minuto\" \/>\n<script type=\"application\/ld+json\" class=\"yoast-schema-graph\">{\"@context\":\"https:\\\/\\\/schema.org\",\"@graph\":[{\"@type\":\"WebPage\",\"@id\":\"https:\\\/\\\/letrame.com\\\/catalogo\\\/producto\\\/la-paz-tiene-memoria\\\/\",\"url\":\"https:\\\/\\\/letrame.com\\\/catalogo\\\/producto\\\/la-paz-tiene-memoria\\\/\",\"name\":\"La paz tiene memoria - Catalogo | Letrame Grupo Editorial\",\"isPartOf\":{\"@id\":\"https:\\\/\\\/letrame.com\\\/catalogo\\\/#website\"},\"primaryImageOfPage\":{\"@id\":\"https:\\\/\\\/letrame.com\\\/catalogo\\\/producto\\\/la-paz-tiene-memoria\\\/#primaryimage\"},\"image\":{\"@id\":\"https:\\\/\\\/letrame.com\\\/catalogo\\\/producto\\\/la-paz-tiene-memoria\\\/#primaryimage\"},\"thumbnailUrl\":\"https:\\\/\\\/letrame.com\\\/catalogo\\\/wp-content\\\/uploads\\\/2026\\\/03\\\/portadacatalogolapaztienememoria-scaled.jpg\",\"datePublished\":\"2026-03-05T16:36:36+00:00\",\"breadcrumb\":{\"@id\":\"https:\\\/\\\/letrame.com\\\/catalogo\\\/producto\\\/la-paz-tiene-memoria\\\/#breadcrumb\"},\"inLanguage\":\"es\",\"potentialAction\":[{\"@type\":\"ReadAction\",\"target\":[\"https:\\\/\\\/letrame.com\\\/catalogo\\\/producto\\\/la-paz-tiene-memoria\\\/\"]}]},{\"@type\":\"ImageObject\",\"inLanguage\":\"es\",\"@id\":\"https:\\\/\\\/letrame.com\\\/catalogo\\\/producto\\\/la-paz-tiene-memoria\\\/#primaryimage\",\"url\":\"https:\\\/\\\/letrame.com\\\/catalogo\\\/wp-content\\\/uploads\\\/2026\\\/03\\\/portadacatalogolapaztienememoria-scaled.jpg\",\"contentUrl\":\"https:\\\/\\\/letrame.com\\\/catalogo\\\/wp-content\\\/uploads\\\/2026\\\/03\\\/portadacatalogolapaztienememoria-scaled.jpg\",\"width\":1828,\"height\":2560},{\"@type\":\"BreadcrumbList\",\"@id\":\"https:\\\/\\\/letrame.com\\\/catalogo\\\/producto\\\/la-paz-tiene-memoria\\\/#breadcrumb\",\"itemListElement\":[{\"@type\":\"ListItem\",\"position\":1,\"name\":\"Portada\",\"item\":\"https:\\\/\\\/letrame.com\\\/catalogo\\\/\"},{\"@type\":\"ListItem\",\"position\":2,\"name\":\"Cat\u00e1logo\",\"item\":\"https:\\\/\\\/letrame.com\\\/catalogo\\\/\"},{\"@type\":\"ListItem\",\"position\":3,\"name\":\"La paz tiene memoria\"}]},{\"@type\":\"WebSite\",\"@id\":\"https:\\\/\\\/letrame.com\\\/catalogo\\\/#website\",\"url\":\"https:\\\/\\\/letrame.com\\\/catalogo\\\/\",\"name\":\"Catalogo | Letrame Grupo Editorial\",\"description\":\"\",\"publisher\":{\"@id\":\"https:\\\/\\\/letrame.com\\\/catalogo\\\/#organization\"},\"potentialAction\":[{\"@type\":\"SearchAction\",\"target\":{\"@type\":\"EntryPoint\",\"urlTemplate\":\"https:\\\/\\\/letrame.com\\\/catalogo\\\/?s={search_term_string}\"},\"query-input\":{\"@type\":\"PropertyValueSpecification\",\"valueRequired\":true,\"valueName\":\"search_term_string\"}}],\"inLanguage\":\"es\"},{\"@type\":\"Organization\",\"@id\":\"https:\\\/\\\/letrame.com\\\/catalogo\\\/#organization\",\"name\":\"Catalogo | Letrame Grupo Editorial\",\"url\":\"https:\\\/\\\/letrame.com\\\/catalogo\\\/\",\"logo\":{\"@type\":\"ImageObject\",\"inLanguage\":\"es\",\"@id\":\"https:\\\/\\\/letrame.com\\\/catalogo\\\/#\\\/schema\\\/logo\\\/image\\\/\",\"url\":\"https:\\\/\\\/letrame.com\\\/catalogo\\\/wp-content\\\/uploads\\\/2024\\\/03\\\/logo2.webp\",\"contentUrl\":\"https:\\\/\\\/letrame.com\\\/catalogo\\\/wp-content\\\/uploads\\\/2024\\\/03\\\/logo2.webp\",\"width\":394,\"height\":128,\"caption\":\"Catalogo | Letrame Grupo Editorial\"},\"image\":{\"@id\":\"https:\\\/\\\/letrame.com\\\/catalogo\\\/#\\\/schema\\\/logo\\\/image\\\/\"}}]}<\/script>\n<!-- \/ Yoast SEO plugin. -->","yoast_head_json":{"title":"La paz tiene memoria - Catalogo | Letrame Grupo Editorial","robots":{"index":"index","follow":"follow","max-snippet":"max-snippet:-1","max-image-preview":"max-image-preview:large","max-video-preview":"max-video-preview:-1"},"canonical":"https:\/\/letrame.com\/catalogo\/producto\/la-paz-tiene-memoria\/","og_locale":"es_ES","og_type":"article","og_title":"La paz tiene memoria - Catalogo | Letrame Grupo Editorial","og_description":"ISBN: 9791370293147  SINOPSIS  Mar\u00eda, reci\u00e9n jubilada, regresa desde su exilio en Francia a su tierra natal, Teruel, acompa\u00f1ada de su nieta. Lo que comienza como un viaje a unas jornadas de memoria hist\u00f3rica se convierte en un reencuentro con heridas silenciadas y ra\u00edces olvidadas. Con una mirada nueva ir\u00e1 conociendo la vida de sus antepasados y reconcili\u00e1ndose con su pasado. Regresar\u00e1 a Francia sinti\u00e9ndose m\u00e1s libre. Pero la vida a\u00fan volver\u00e1 a ponerla a prueba. Ambientada entre la Espa\u00f1a de la guerra y el presente, esta novela entrelaza el drama personal y colectivo con la fuerza del amor, la memoria y la familia. Un relato de reconciliaci\u00f3n, transformaci\u00f3n y esperanza que nos recuerda que, cuando la memoria se convierte en perd\u00f3n, nace la paz.","og_url":"https:\/\/letrame.com\/catalogo\/producto\/la-paz-tiene-memoria\/","og_site_name":"Catalogo | Letrame Grupo Editorial","og_image":[{"width":1828,"height":2560,"url":"https:\/\/letrame.com\/catalogo\/wp-content\/uploads\/2026\/03\/portadacatalogolapaztienememoria-scaled.jpg","type":"image\/jpeg"}],"twitter_card":"summary_large_image","twitter_misc":{"Tiempo de lectura":"1 minuto"},"schema":{"@context":"https:\/\/schema.org","@graph":[{"@type":"WebPage","@id":"https:\/\/letrame.com\/catalogo\/producto\/la-paz-tiene-memoria\/","url":"https:\/\/letrame.com\/catalogo\/producto\/la-paz-tiene-memoria\/","name":"La paz tiene memoria - Catalogo | Letrame Grupo Editorial","isPartOf":{"@id":"https:\/\/letrame.com\/catalogo\/#website"},"primaryImageOfPage":{"@id":"https:\/\/letrame.com\/catalogo\/producto\/la-paz-tiene-memoria\/#primaryimage"},"image":{"@id":"https:\/\/letrame.com\/catalogo\/producto\/la-paz-tiene-memoria\/#primaryimage"},"thumbnailUrl":"https:\/\/letrame.com\/catalogo\/wp-content\/uploads\/2026\/03\/portadacatalogolapaztienememoria-scaled.jpg","datePublished":"2026-03-05T16:36:36+00:00","breadcrumb":{"@id":"https:\/\/letrame.com\/catalogo\/producto\/la-paz-tiene-memoria\/#breadcrumb"},"inLanguage":"es","potentialAction":[{"@type":"ReadAction","target":["https:\/\/letrame.com\/catalogo\/producto\/la-paz-tiene-memoria\/"]}]},{"@type":"ImageObject","inLanguage":"es","@id":"https:\/\/letrame.com\/catalogo\/producto\/la-paz-tiene-memoria\/#primaryimage","url":"https:\/\/letrame.com\/catalogo\/wp-content\/uploads\/2026\/03\/portadacatalogolapaztienememoria-scaled.jpg","contentUrl":"https:\/\/letrame.com\/catalogo\/wp-content\/uploads\/2026\/03\/portadacatalogolapaztienememoria-scaled.jpg","width":1828,"height":2560},{"@type":"BreadcrumbList","@id":"https:\/\/letrame.com\/catalogo\/producto\/la-paz-tiene-memoria\/#breadcrumb","itemListElement":[{"@type":"ListItem","position":1,"name":"Portada","item":"https:\/\/letrame.com\/catalogo\/"},{"@type":"ListItem","position":2,"name":"Cat\u00e1logo","item":"https:\/\/letrame.com\/catalogo\/"},{"@type":"ListItem","position":3,"name":"La paz tiene memoria"}]},{"@type":"WebSite","@id":"https:\/\/letrame.com\/catalogo\/#website","url":"https:\/\/letrame.com\/catalogo\/","name":"Catalogo | Letrame Grupo Editorial","description":"","publisher":{"@id":"https:\/\/letrame.com\/catalogo\/#organization"},"potentialAction":[{"@type":"SearchAction","target":{"@type":"EntryPoint","urlTemplate":"https:\/\/letrame.com\/catalogo\/?s={search_term_string}"},"query-input":{"@type":"PropertyValueSpecification","valueRequired":true,"valueName":"search_term_string"}}],"inLanguage":"es"},{"@type":"Organization","@id":"https:\/\/letrame.com\/catalogo\/#organization","name":"Catalogo | Letrame Grupo Editorial","url":"https:\/\/letrame.com\/catalogo\/","logo":{"@type":"ImageObject","inLanguage":"es","@id":"https:\/\/letrame.com\/catalogo\/#\/schema\/logo\/image\/","url":"https:\/\/letrame.com\/catalogo\/wp-content\/uploads\/2024\/03\/logo2.webp","contentUrl":"https:\/\/letrame.com\/catalogo\/wp-content\/uploads\/2024\/03\/logo2.webp","width":394,"height":128,"caption":"Catalogo | Letrame Grupo Editorial"},"image":{"@id":"https:\/\/letrame.com\/catalogo\/#\/schema\/logo\/image\/"}}]}},"_links":{"self":[{"href":"https:\/\/letrame.com\/catalogo\/wp-json\/wp\/v2\/product\/111366","targetHints":{"allow":["GET"]}}],"collection":[{"href":"https:\/\/letrame.com\/catalogo\/wp-json\/wp\/v2\/product"}],"about":[{"href":"https:\/\/letrame.com\/catalogo\/wp-json\/wp\/v2\/types\/product"}],"replies":[{"embeddable":true,"href":"https:\/\/letrame.com\/catalogo\/wp-json\/wp\/v2\/comments?post=111366"}],"acf:post":[{"embeddable":true,"href":"https:\/\/letrame.com\/catalogo\/wp-json\/wp\/v2\/author_book\/77717"}],"wp:featuredmedia":[{"embeddable":true,"href":"https:\/\/letrame.com\/catalogo\/wp-json\/wp\/v2\/media\/111367"}],"wp:attachment":[{"href":"https:\/\/letrame.com\/catalogo\/wp-json\/wp\/v2\/media?parent=111366"}],"wp:term":[{"taxonomy":"libro","embeddable":true,"href":"https:\/\/letrame.com\/catalogo\/wp-json\/wp\/v2\/libro?post=111366"},{"taxonomy":"product_brand","embeddable":true,"href":"https:\/\/letrame.com\/catalogo\/wp-json\/wp\/v2\/product_brand?post=111366"},{"taxonomy":"product_cat","embeddable":true,"href":"https:\/\/letrame.com\/catalogo\/wp-json\/wp\/v2\/product_cat?post=111366"},{"taxonomy":"product_tag","embeddable":true,"href":"https:\/\/letrame.com\/catalogo\/wp-json\/wp\/v2\/product_tag?post=111366"}],"curies":[{"name":"wp","href":"https:\/\/api.w.org\/{rel}","templated":true}]}}