{"id":110873,"date":"2026-01-23T08:14:38","date_gmt":"2026-01-23T07:14:38","guid":{"rendered":"https:\/\/letrame.com\/catalogo\/?post_type=product&#038;p=110873"},"modified":"2026-01-23T08:15:45","modified_gmt":"2026-01-23T07:15:45","slug":"mi-despertar-2","status":"publish","type":"product","link":"https:\/\/letrame.com\/catalogo\/producto\/mi-despertar-2\/","title":{"rendered":"Mi despertar. Pensar no es traici\u00f3n"},"content":{"rendered":"<p class=\"p1\"><b>ISBN: <\/b>979-13-7012-855-5<\/p>\n<p class=\"p1\"><b>T\u00edtulo: <\/b>Mi despertar. Pensar no es traici\u00f3n<br \/>\n<b>Fecha:\u00a0<\/b>2025<br \/>\n<b>P\u00e1ginas:\u00a0<\/b>130<b><\/b><\/p>\n<p class=\"p1\"><b>SINOPSIS<\/b><\/p>\n<p>Mi despertar es un libro necesario. No se trata de un testimonio m\u00e1s ni de una simple denuncia, sino de una meditaci\u00f3n l\u00facida y descarnada sobre lo que signific\u00f3 para m\u00ed crecer bajo un r\u00e9gimen totalitario y descubrir, con el tiempo, que la libertad comienza en la conciencia.<\/p>\n<p>Escribo desde la herida, pero tambi\u00e9n desde la claridad que me otorgan el exilio, la fe y la reflexi\u00f3n. A lo largo de estas p\u00e1ginas<\/p>\n<p>\u2014dolorosas, l\u00facidas, profundamente humanas\u2014 intento desmon-tar, con precisi\u00f3n serena, los pilares ideol\u00f3gicos que sostuvieron al \u00abhombre nuevo\u00bb: la pedagog\u00eda del sacrificio, la domesticaci\u00f3n de la familia y la apropiaci\u00f3n del lenguaje.<\/p>\n<p>No busco esc\u00e1ndalo ni consuelo. Busco verdad.<\/p>\n<p>Mi despertar es, ante todo, un acto de recuperaci\u00f3n interior y un llamado silencioso a quienes a\u00fan resisten desde el pensamiento, desde la memoria y desde una esperanza que se niega a morir.<\/p>\n","protected":false},"excerpt":{"rendered":"<p class=\"p1\"><b>ISBN: <\/b>979-13-7012-855-5<\/p>\n<p class=\"p1\"><b>SINOPSIS<\/b><\/p>\n<p>Mi despertar es un libro necesario. No se trata de un testimonio m\u00e1s ni de una simple denuncia, sino de una meditaci\u00f3n l\u00facida y descarnada sobre lo que signific\u00f3 para m\u00ed crecer bajo un r\u00e9gimen totalitario y descubrir, con el tiempo, que la libertad comienza en la conciencia.<\/p>\n<p>Escribo desde la herida, pero tambi\u00e9n desde la claridad que me otorgan el exilio, la fe y la reflexi\u00f3n. A lo largo de estas p\u00e1ginas<\/p>\n<p>\u2014dolorosas, l\u00facidas, profundamente humanas\u2014 intento desmon-tar, con precisi\u00f3n serena, los pilares ideol\u00f3gicos que sostuvieron al \u00abhombre nuevo\u00bb: la pedagog\u00eda del sacrificio, la domesticaci\u00f3n de la familia y la apropiaci\u00f3n del lenguaje.<\/p>\n<p>No busco esc\u00e1ndalo ni consuelo. Busco verdad.<\/p>\n<p>Mi despertar es, ante todo, un acto de recuperaci\u00f3n interior y un llamado silencioso a quienes a\u00fan resisten desde el pensamiento, desde la memoria y desde una esperanza que se niega a morir.<\/p>\n","protected":false},"featured_media":110876,"comment_status":"open","ping_status":"closed","template":"","meta":{"_acf_changed":false},"libro":[],"product_brand":[],"product_cat":[143],"product_tag":[],"class_list":{"0":"post-110873","1":"product","2":"type-product","3":"status-publish","4":"has-post-thumbnail","6":"product_cat-sociologia","8":"first","9":"instock","10":"shipping-taxable","11":"product-type-simple"},"acf":{"autor":[110874],"enlace_de_compra":"https:\/\/www.amazon.es\/Mi-despertar-%C3%81ngel-Fuentes\/dp\/B0GH6GZTPM\/ref=sr_1_2?__mk_es_ES=%C3%85M%C3%85%C5%BD%C3%95%C3%91&crid=17AZMN8DTMLAU&dib=eyJ2IjoiMSJ9.bzN8dwpbHrM6rF4104rJyE4eZ22J1wA7IRSwmR_mXGTGjHj071QN20LucGBJIEps.Lnxi2NncqkN3g_aTSEdbQbK4U9O4enyKl6saxWPnwgo&dib_tag=se&keywords=mi+despertar+letrame&qid=1769152128&sprefix=mi+despertar+letra%2Caps%2C248&sr=8-2"},"yoast_head":"<!-- This site is optimized with the Yoast SEO plugin v27.4 - https:\/\/yoast.com\/product\/yoast-seo-wordpress\/ -->\n<title>Mi despertar. Pensar no es traici\u00f3n - Catalogo | Letrame Grupo Editorial<\/title>\n<meta name=\"robots\" content=\"index, follow, max-snippet:-1, max-image-preview:large, max-video-preview:-1\" \/>\n<link rel=\"canonical\" href=\"https:\/\/letrame.com\/catalogo\/producto\/mi-despertar-2\/\" \/>\n<meta property=\"og:locale\" content=\"es_ES\" \/>\n<meta property=\"og:type\" content=\"article\" \/>\n<meta property=\"og:title\" content=\"Mi despertar. Pensar no es traici\u00f3n - Catalogo | Letrame Grupo Editorial\" \/>\n<meta property=\"og:description\" content=\"ISBN: 979-13-7012-855-5 SINOPSIS Mi despertar es un libro necesario. No se trata de un testimonio m\u00e1s ni de una simple denuncia, sino de una meditaci\u00f3n l\u00facida y descarnada sobre lo que signific\u00f3 para m\u00ed crecer bajo un r\u00e9gimen totalitario y descubrir, con el tiempo, que la libertad comienza en la conciencia.  Escribo desde la herida, pero tambi\u00e9n desde la claridad que me otorgan el exilio, la fe y la reflexi\u00f3n. A lo largo de estas p\u00e1ginas  \u2014dolorosas, l\u00facidas, profundamente humanas\u2014 intento desmon-tar, con precisi\u00f3n serena, los pilares ideol\u00f3gicos que sostuvieron al \u00abhombre nuevo\u00bb: la pedagog\u00eda del sacrificio, la domesticaci\u00f3n de la familia y la apropiaci\u00f3n del lenguaje.  No busco esc\u00e1ndalo ni consuelo. Busco verdad.  Mi despertar es, ante todo, un acto de recuperaci\u00f3n interior y un llamado silencioso a quienes a\u00fan resisten desde el pensamiento, desde la memoria y desde una esperanza que se niega a morir.\" \/>\n<meta property=\"og:url\" content=\"https:\/\/letrame.com\/catalogo\/producto\/mi-despertar-2\/\" \/>\n<meta property=\"og:site_name\" content=\"Catalogo | Letrame Grupo Editorial\" \/>\n<meta property=\"article:modified_time\" content=\"2026-01-23T07:15:45+00:00\" \/>\n<meta property=\"og:image\" content=\"https:\/\/letrame.com\/catalogo\/wp-content\/uploads\/2026\/01\/midespertar_71mm4-scaled.jpg\" \/>\n\t<meta property=\"og:image:width\" content=\"1746\" \/>\n\t<meta property=\"og:image:height\" content=\"2560\" \/>\n\t<meta property=\"og:image:type\" content=\"image\/jpeg\" \/>\n<meta name=\"twitter:card\" content=\"summary_large_image\" \/>\n<meta name=\"twitter:label1\" content=\"Tiempo de lectura\" \/>\n\t<meta name=\"twitter:data1\" content=\"1 minuto\" \/>\n<script type=\"application\/ld+json\" class=\"yoast-schema-graph\">{\"@context\":\"https:\\\/\\\/schema.org\",\"@graph\":[{\"@type\":\"WebPage\",\"@id\":\"https:\\\/\\\/letrame.com\\\/catalogo\\\/producto\\\/mi-despertar-2\\\/\",\"url\":\"https:\\\/\\\/letrame.com\\\/catalogo\\\/producto\\\/mi-despertar-2\\\/\",\"name\":\"Mi despertar. Pensar no es traici\u00f3n - Catalogo | Letrame Grupo Editorial\",\"isPartOf\":{\"@id\":\"https:\\\/\\\/letrame.com\\\/catalogo\\\/#website\"},\"primaryImageOfPage\":{\"@id\":\"https:\\\/\\\/letrame.com\\\/catalogo\\\/producto\\\/mi-despertar-2\\\/#primaryimage\"},\"image\":{\"@id\":\"https:\\\/\\\/letrame.com\\\/catalogo\\\/producto\\\/mi-despertar-2\\\/#primaryimage\"},\"thumbnailUrl\":\"https:\\\/\\\/letrame.com\\\/catalogo\\\/wp-content\\\/uploads\\\/2026\\\/01\\\/midespertar_71mm4-scaled.jpg\",\"datePublished\":\"2026-01-23T07:14:38+00:00\",\"dateModified\":\"2026-01-23T07:15:45+00:00\",\"breadcrumb\":{\"@id\":\"https:\\\/\\\/letrame.com\\\/catalogo\\\/producto\\\/mi-despertar-2\\\/#breadcrumb\"},\"inLanguage\":\"es\",\"potentialAction\":[{\"@type\":\"ReadAction\",\"target\":[\"https:\\\/\\\/letrame.com\\\/catalogo\\\/producto\\\/mi-despertar-2\\\/\"]}]},{\"@type\":\"ImageObject\",\"inLanguage\":\"es\",\"@id\":\"https:\\\/\\\/letrame.com\\\/catalogo\\\/producto\\\/mi-despertar-2\\\/#primaryimage\",\"url\":\"https:\\\/\\\/letrame.com\\\/catalogo\\\/wp-content\\\/uploads\\\/2026\\\/01\\\/midespertar_71mm4-scaled.jpg\",\"contentUrl\":\"https:\\\/\\\/letrame.com\\\/catalogo\\\/wp-content\\\/uploads\\\/2026\\\/01\\\/midespertar_71mm4-scaled.jpg\",\"width\":1746,\"height\":2560},{\"@type\":\"BreadcrumbList\",\"@id\":\"https:\\\/\\\/letrame.com\\\/catalogo\\\/producto\\\/mi-despertar-2\\\/#breadcrumb\",\"itemListElement\":[{\"@type\":\"ListItem\",\"position\":1,\"name\":\"Portada\",\"item\":\"https:\\\/\\\/letrame.com\\\/catalogo\\\/\"},{\"@type\":\"ListItem\",\"position\":2,\"name\":\"Cat\u00e1logo\",\"item\":\"https:\\\/\\\/letrame.com\\\/catalogo\\\/\"},{\"@type\":\"ListItem\",\"position\":3,\"name\":\"Mi despertar. Pensar no es traici\u00f3n\"}]},{\"@type\":\"WebSite\",\"@id\":\"https:\\\/\\\/letrame.com\\\/catalogo\\\/#website\",\"url\":\"https:\\\/\\\/letrame.com\\\/catalogo\\\/\",\"name\":\"Catalogo | Letrame Grupo Editorial\",\"description\":\"\",\"publisher\":{\"@id\":\"https:\\\/\\\/letrame.com\\\/catalogo\\\/#organization\"},\"potentialAction\":[{\"@type\":\"SearchAction\",\"target\":{\"@type\":\"EntryPoint\",\"urlTemplate\":\"https:\\\/\\\/letrame.com\\\/catalogo\\\/?s={search_term_string}\"},\"query-input\":{\"@type\":\"PropertyValueSpecification\",\"valueRequired\":true,\"valueName\":\"search_term_string\"}}],\"inLanguage\":\"es\"},{\"@type\":\"Organization\",\"@id\":\"https:\\\/\\\/letrame.com\\\/catalogo\\\/#organization\",\"name\":\"Catalogo | Letrame Grupo Editorial\",\"url\":\"https:\\\/\\\/letrame.com\\\/catalogo\\\/\",\"logo\":{\"@type\":\"ImageObject\",\"inLanguage\":\"es\",\"@id\":\"https:\\\/\\\/letrame.com\\\/catalogo\\\/#\\\/schema\\\/logo\\\/image\\\/\",\"url\":\"https:\\\/\\\/letrame.com\\\/catalogo\\\/wp-content\\\/uploads\\\/2024\\\/03\\\/logo2.webp\",\"contentUrl\":\"https:\\\/\\\/letrame.com\\\/catalogo\\\/wp-content\\\/uploads\\\/2024\\\/03\\\/logo2.webp\",\"width\":394,\"height\":128,\"caption\":\"Catalogo | Letrame Grupo Editorial\"},\"image\":{\"@id\":\"https:\\\/\\\/letrame.com\\\/catalogo\\\/#\\\/schema\\\/logo\\\/image\\\/\"}}]}<\/script>\n<!-- \/ Yoast SEO plugin. -->","yoast_head_json":{"title":"Mi despertar. Pensar no es traici\u00f3n - Catalogo | Letrame Grupo Editorial","robots":{"index":"index","follow":"follow","max-snippet":"max-snippet:-1","max-image-preview":"max-image-preview:large","max-video-preview":"max-video-preview:-1"},"canonical":"https:\/\/letrame.com\/catalogo\/producto\/mi-despertar-2\/","og_locale":"es_ES","og_type":"article","og_title":"Mi despertar. Pensar no es traici\u00f3n - Catalogo | Letrame Grupo Editorial","og_description":"ISBN: 979-13-7012-855-5 SINOPSIS Mi despertar es un libro necesario. No se trata de un testimonio m\u00e1s ni de una simple denuncia, sino de una meditaci\u00f3n l\u00facida y descarnada sobre lo que signific\u00f3 para m\u00ed crecer bajo un r\u00e9gimen totalitario y descubrir, con el tiempo, que la libertad comienza en la conciencia.  Escribo desde la herida, pero tambi\u00e9n desde la claridad que me otorgan el exilio, la fe y la reflexi\u00f3n. A lo largo de estas p\u00e1ginas  \u2014dolorosas, l\u00facidas, profundamente humanas\u2014 intento desmon-tar, con precisi\u00f3n serena, los pilares ideol\u00f3gicos que sostuvieron al \u00abhombre nuevo\u00bb: la pedagog\u00eda del sacrificio, la domesticaci\u00f3n de la familia y la apropiaci\u00f3n del lenguaje.  No busco esc\u00e1ndalo ni consuelo. Busco verdad.  Mi despertar es, ante todo, un acto de recuperaci\u00f3n interior y un llamado silencioso a quienes a\u00fan resisten desde el pensamiento, desde la memoria y desde una esperanza que se niega a morir.","og_url":"https:\/\/letrame.com\/catalogo\/producto\/mi-despertar-2\/","og_site_name":"Catalogo | Letrame Grupo Editorial","article_modified_time":"2026-01-23T07:15:45+00:00","og_image":[{"width":1746,"height":2560,"url":"https:\/\/letrame.com\/catalogo\/wp-content\/uploads\/2026\/01\/midespertar_71mm4-scaled.jpg","type":"image\/jpeg"}],"twitter_card":"summary_large_image","twitter_misc":{"Tiempo de lectura":"1 minuto"},"schema":{"@context":"https:\/\/schema.org","@graph":[{"@type":"WebPage","@id":"https:\/\/letrame.com\/catalogo\/producto\/mi-despertar-2\/","url":"https:\/\/letrame.com\/catalogo\/producto\/mi-despertar-2\/","name":"Mi despertar. Pensar no es traici\u00f3n - Catalogo | Letrame Grupo Editorial","isPartOf":{"@id":"https:\/\/letrame.com\/catalogo\/#website"},"primaryImageOfPage":{"@id":"https:\/\/letrame.com\/catalogo\/producto\/mi-despertar-2\/#primaryimage"},"image":{"@id":"https:\/\/letrame.com\/catalogo\/producto\/mi-despertar-2\/#primaryimage"},"thumbnailUrl":"https:\/\/letrame.com\/catalogo\/wp-content\/uploads\/2026\/01\/midespertar_71mm4-scaled.jpg","datePublished":"2026-01-23T07:14:38+00:00","dateModified":"2026-01-23T07:15:45+00:00","breadcrumb":{"@id":"https:\/\/letrame.com\/catalogo\/producto\/mi-despertar-2\/#breadcrumb"},"inLanguage":"es","potentialAction":[{"@type":"ReadAction","target":["https:\/\/letrame.com\/catalogo\/producto\/mi-despertar-2\/"]}]},{"@type":"ImageObject","inLanguage":"es","@id":"https:\/\/letrame.com\/catalogo\/producto\/mi-despertar-2\/#primaryimage","url":"https:\/\/letrame.com\/catalogo\/wp-content\/uploads\/2026\/01\/midespertar_71mm4-scaled.jpg","contentUrl":"https:\/\/letrame.com\/catalogo\/wp-content\/uploads\/2026\/01\/midespertar_71mm4-scaled.jpg","width":1746,"height":2560},{"@type":"BreadcrumbList","@id":"https:\/\/letrame.com\/catalogo\/producto\/mi-despertar-2\/#breadcrumb","itemListElement":[{"@type":"ListItem","position":1,"name":"Portada","item":"https:\/\/letrame.com\/catalogo\/"},{"@type":"ListItem","position":2,"name":"Cat\u00e1logo","item":"https:\/\/letrame.com\/catalogo\/"},{"@type":"ListItem","position":3,"name":"Mi despertar. Pensar no es traici\u00f3n"}]},{"@type":"WebSite","@id":"https:\/\/letrame.com\/catalogo\/#website","url":"https:\/\/letrame.com\/catalogo\/","name":"Catalogo | Letrame Grupo Editorial","description":"","publisher":{"@id":"https:\/\/letrame.com\/catalogo\/#organization"},"potentialAction":[{"@type":"SearchAction","target":{"@type":"EntryPoint","urlTemplate":"https:\/\/letrame.com\/catalogo\/?s={search_term_string}"},"query-input":{"@type":"PropertyValueSpecification","valueRequired":true,"valueName":"search_term_string"}}],"inLanguage":"es"},{"@type":"Organization","@id":"https:\/\/letrame.com\/catalogo\/#organization","name":"Catalogo | Letrame Grupo Editorial","url":"https:\/\/letrame.com\/catalogo\/","logo":{"@type":"ImageObject","inLanguage":"es","@id":"https:\/\/letrame.com\/catalogo\/#\/schema\/logo\/image\/","url":"https:\/\/letrame.com\/catalogo\/wp-content\/uploads\/2024\/03\/logo2.webp","contentUrl":"https:\/\/letrame.com\/catalogo\/wp-content\/uploads\/2024\/03\/logo2.webp","width":394,"height":128,"caption":"Catalogo | Letrame Grupo Editorial"},"image":{"@id":"https:\/\/letrame.com\/catalogo\/#\/schema\/logo\/image\/"}}]}},"_links":{"self":[{"href":"https:\/\/letrame.com\/catalogo\/wp-json\/wp\/v2\/product\/110873","targetHints":{"allow":["GET"]}}],"collection":[{"href":"https:\/\/letrame.com\/catalogo\/wp-json\/wp\/v2\/product"}],"about":[{"href":"https:\/\/letrame.com\/catalogo\/wp-json\/wp\/v2\/types\/product"}],"replies":[{"embeddable":true,"href":"https:\/\/letrame.com\/catalogo\/wp-json\/wp\/v2\/comments?post=110873"}],"acf:post":[{"embeddable":true,"href":"https:\/\/letrame.com\/catalogo\/wp-json\/wp\/v2\/author_book\/110874"}],"wp:featuredmedia":[{"embeddable":true,"href":"https:\/\/letrame.com\/catalogo\/wp-json\/wp\/v2\/media\/110876"}],"wp:attachment":[{"href":"https:\/\/letrame.com\/catalogo\/wp-json\/wp\/v2\/media?parent=110873"}],"wp:term":[{"taxonomy":"libro","embeddable":true,"href":"https:\/\/letrame.com\/catalogo\/wp-json\/wp\/v2\/libro?post=110873"},{"taxonomy":"product_brand","embeddable":true,"href":"https:\/\/letrame.com\/catalogo\/wp-json\/wp\/v2\/product_brand?post=110873"},{"taxonomy":"product_cat","embeddable":true,"href":"https:\/\/letrame.com\/catalogo\/wp-json\/wp\/v2\/product_cat?post=110873"},{"taxonomy":"product_tag","embeddable":true,"href":"https:\/\/letrame.com\/catalogo\/wp-json\/wp\/v2\/product_tag?post=110873"}],"curies":[{"name":"wp","href":"https:\/\/api.w.org\/{rel}","templated":true}]}}