{"id":110841,"date":"2026-01-13T12:38:33","date_gmt":"2026-01-13T11:38:33","guid":{"rendered":"https:\/\/letrame.com\/catalogo\/?post_type=product&#038;p=110841"},"modified":"2026-01-13T12:38:34","modified_gmt":"2026-01-13T11:38:34","slug":"isvara-y-el-fuego-interno","status":"publish","type":"product","link":"https:\/\/letrame.com\/catalogo\/producto\/isvara-y-el-fuego-interno\/","title":{"rendered":"Isvara y el fuego interno"},"content":{"rendered":"<p class=\"p1\"><b>ISBN:\u00a0<\/b>978-84-1089-346-7<\/p>\n<p class=\"p1\"><b>T\u00edtulo:\u00a0<\/b>Isvara y el fuego interno<br \/>\n<b>Fecha:\u00a0<\/b>2024<br \/>\n<b>P\u00e1ginas: <\/b>166<b><\/b><\/p>\n<p class=\"p1\"><b>SINOPSIS<\/b><b><\/b><\/p>\n<p>En un universo donde la luz y la oscuridad est\u00e1n entrelazadas, Isvara es la \u00faltima esperanza para restaurar el equilibrio entre dos mundos.<br \/>\nTras la ca\u00edda de Binar, su pac\u00edfico hogar, bajo el dominio del tirano Loma, Isvara se ve obligada a huir y enfrentar su destino.<br \/>\nGuiada por el sabio Unipher y acompa\u00f1ada de sus amigos Eva y Andros, deber\u00e1 enfrentar sus propios miedos y descubrir que el verdadero poder no est\u00e1 en la fuerza, sino en la conexi\u00f3n con su esencia.<br \/>\nA medida que Isvara se prepara, deber\u00e1 descubrir si su despertar interior ser\u00e1 suficiente para salvar el destino de su mundo.<br \/>\nEste libro es mucho m\u00e1s que una historia de aventuras; es una reflexi\u00f3n filos\u00f3fica sobre el poder de la mente y el coraz\u00f3n, sobre c\u00f3mo la paz y el equilibrio externo solo pueden lograrse cuando se conquista la guerra interna.<br \/>\n<span class=\"a-text-italic\">Isvara y el fuego interno<\/span>\u00a0es una odisea trascendental que te invita a preguntarte: \u00bfpuedes ser la luz en tu propio mundo? \u00bfPuedes transformar tus miedos en fuerza?<br \/>\nIdeal para quienes buscan acci\u00f3n, filosof\u00eda y una inspiradora odisea de transformaci\u00f3n personal.<\/p>\n<p>&nbsp;<\/p>\n","protected":false},"excerpt":{"rendered":"<p class=\"p1\"><b>ISBN:\u00a0<\/b>978-84-1089-346-7<\/p>\n<p class=\"p1\"><b>SINOPSIS<\/b><b><\/b><\/p>\n<p>En un universo donde la luz y la oscuridad est\u00e1n entrelazadas, Isvara es la \u00faltima esperanza para restaurar el equilibrio entre dos mundos.<br \/>\nTras la ca\u00edda de Binar, su pac\u00edfico hogar, bajo el dominio del tirano Loma, Isvara se ve obligada a huir y enfrentar su destino.<br \/>\nGuiada por el sabio Unipher y acompa\u00f1ada de sus amigos Eva y Andros, deber\u00e1 enfrentar sus propios miedos y descubrir que el verdadero poder no est\u00e1 en la fuerza, sino en la conexi\u00f3n con su esencia.<br \/>\nA medida que Isvara se prepara, deber\u00e1 descubrir si su despertar interior ser\u00e1 suficiente para salvar el destino de su mundo.<br \/>\nEste libro es mucho m\u00e1s que una historia de aventuras; es una reflexi\u00f3n filos\u00f3fica sobre el poder de la mente y el coraz\u00f3n, sobre c\u00f3mo la paz y el equilibrio externo solo pueden lograrse cuando se conquista la guerra interna.<br \/>\n<span class=\"a-text-italic\">Isvara y el fuego interno<\/span>\u00a0es una odisea trascendental que te invita a preguntarte: \u00bfpuedes ser la luz en tu propio mundo? \u00bfPuedes transformar tus miedos en fuerza?<br \/>\nIdeal para quienes buscan acci\u00f3n, filosof\u00eda y una inspiradora odisea de transformaci\u00f3n personal.<\/p>\n<p>&nbsp;<\/p>\n","protected":false},"featured_media":110842,"comment_status":"open","ping_status":"closed","template":"","meta":{"_acf_changed":false},"libro":[],"product_brand":[],"product_cat":[16],"product_tag":[],"class_list":{"0":"post-110841","1":"product","2":"type-product","3":"status-publish","4":"has-post-thumbnail","6":"product_cat-novela","8":"first","9":"instock","10":"shipping-taxable","11":"product-type-simple"},"acf":{"autor":[110622],"enlace_de_compra":"https:\/\/www.amazon.es\/Isvara-fuego-interno-Pablo-Migu%C3%A9lez\/dp\/8410893460\/ref=sr_1_1?crid=193NB5GXNA4L2&dib=eyJ2IjoiMSJ9.Z1GRJziFv82Q6TRfEOYqZw.v0R1eELbaYqmTZsJY3Vp-HZE8cUjk9Po0p3hoX7K6sI&dib_tag=se&keywords=isvara+y+el+fuego+interno&qid=1768304148&sprefix=Isvara+%2Caps%2C255&sr=8-1"},"yoast_head":"<!-- This site is optimized with the Yoast SEO plugin v27.4 - https:\/\/yoast.com\/product\/yoast-seo-wordpress\/ -->\n<title>Isvara y el fuego interno - Catalogo | Letrame Grupo Editorial<\/title>\n<meta name=\"robots\" content=\"index, follow, max-snippet:-1, max-image-preview:large, max-video-preview:-1\" \/>\n<link rel=\"canonical\" href=\"https:\/\/letrame.com\/catalogo\/producto\/isvara-y-el-fuego-interno\/\" \/>\n<meta property=\"og:locale\" content=\"es_ES\" \/>\n<meta property=\"og:type\" content=\"article\" \/>\n<meta property=\"og:title\" content=\"Isvara y el fuego interno - Catalogo | Letrame Grupo Editorial\" \/>\n<meta property=\"og:description\" content=\"ISBN:\u00a0978-84-1089-346-7 SINOPSIS En un universo donde la luz y la oscuridad est\u00e1n entrelazadas, Isvara es la \u00faltima esperanza para restaurar el equilibrio entre dos mundos. Tras la ca\u00edda de Binar, su pac\u00edfico hogar, bajo el dominio del tirano Loma, Isvara se ve obligada a huir y enfrentar su destino. Guiada por el sabio Unipher y acompa\u00f1ada de sus amigos Eva y Andros, deber\u00e1 enfrentar sus propios miedos y descubrir que el verdadero poder no est\u00e1 en la fuerza, sino en la conexi\u00f3n con su esencia. A medida que Isvara se prepara, deber\u00e1 descubrir si su despertar interior ser\u00e1 suficiente para salvar el destino de su mundo. Este libro es mucho m\u00e1s que una historia de aventuras; es una reflexi\u00f3n filos\u00f3fica sobre el poder de la mente y el coraz\u00f3n, sobre c\u00f3mo la paz y el equilibrio externo solo pueden lograrse cuando se conquista la guerra interna. Isvara y el fuego interno\u00a0es una odisea trascendental que te invita a preguntarte: \u00bfpuedes ser la luz en tu propio mundo? \u00bfPuedes transformar tus miedos en fuerza? Ideal para quienes buscan acci\u00f3n, filosof\u00eda y una inspiradora odisea de transformaci\u00f3n personal.  &nbsp;\" \/>\n<meta property=\"og:url\" content=\"https:\/\/letrame.com\/catalogo\/producto\/isvara-y-el-fuego-interno\/\" \/>\n<meta property=\"og:site_name\" content=\"Catalogo | Letrame Grupo Editorial\" \/>\n<meta property=\"article:modified_time\" content=\"2026-01-13T11:38:34+00:00\" \/>\n<meta property=\"og:image\" content=\"https:\/\/letrame.com\/catalogo\/wp-content\/uploads\/2026\/01\/isvara_873mm4.jpg\" \/>\n\t<meta property=\"og:image:width\" content=\"1772\" \/>\n\t<meta property=\"og:image:height\" content=\"2480\" \/>\n\t<meta property=\"og:image:type\" content=\"image\/jpeg\" \/>\n<meta name=\"twitter:card\" content=\"summary_large_image\" \/>\n<meta name=\"twitter:label1\" content=\"Tiempo de lectura\" \/>\n\t<meta name=\"twitter:data1\" content=\"2 minutos\" \/>\n<script type=\"application\/ld+json\" class=\"yoast-schema-graph\">{\"@context\":\"https:\\\/\\\/schema.org\",\"@graph\":[{\"@type\":\"WebPage\",\"@id\":\"https:\\\/\\\/letrame.com\\\/catalogo\\\/producto\\\/isvara-y-el-fuego-interno\\\/\",\"url\":\"https:\\\/\\\/letrame.com\\\/catalogo\\\/producto\\\/isvara-y-el-fuego-interno\\\/\",\"name\":\"Isvara y el fuego interno - Catalogo | Letrame Grupo Editorial\",\"isPartOf\":{\"@id\":\"https:\\\/\\\/letrame.com\\\/catalogo\\\/#website\"},\"primaryImageOfPage\":{\"@id\":\"https:\\\/\\\/letrame.com\\\/catalogo\\\/producto\\\/isvara-y-el-fuego-interno\\\/#primaryimage\"},\"image\":{\"@id\":\"https:\\\/\\\/letrame.com\\\/catalogo\\\/producto\\\/isvara-y-el-fuego-interno\\\/#primaryimage\"},\"thumbnailUrl\":\"https:\\\/\\\/letrame.com\\\/catalogo\\\/wp-content\\\/uploads\\\/2026\\\/01\\\/isvara_873mm4.jpg\",\"datePublished\":\"2026-01-13T11:38:33+00:00\",\"dateModified\":\"2026-01-13T11:38:34+00:00\",\"breadcrumb\":{\"@id\":\"https:\\\/\\\/letrame.com\\\/catalogo\\\/producto\\\/isvara-y-el-fuego-interno\\\/#breadcrumb\"},\"inLanguage\":\"es\",\"potentialAction\":[{\"@type\":\"ReadAction\",\"target\":[\"https:\\\/\\\/letrame.com\\\/catalogo\\\/producto\\\/isvara-y-el-fuego-interno\\\/\"]}]},{\"@type\":\"ImageObject\",\"inLanguage\":\"es\",\"@id\":\"https:\\\/\\\/letrame.com\\\/catalogo\\\/producto\\\/isvara-y-el-fuego-interno\\\/#primaryimage\",\"url\":\"https:\\\/\\\/letrame.com\\\/catalogo\\\/wp-content\\\/uploads\\\/2026\\\/01\\\/isvara_873mm4.jpg\",\"contentUrl\":\"https:\\\/\\\/letrame.com\\\/catalogo\\\/wp-content\\\/uploads\\\/2026\\\/01\\\/isvara_873mm4.jpg\",\"width\":1772,\"height\":2480},{\"@type\":\"BreadcrumbList\",\"@id\":\"https:\\\/\\\/letrame.com\\\/catalogo\\\/producto\\\/isvara-y-el-fuego-interno\\\/#breadcrumb\",\"itemListElement\":[{\"@type\":\"ListItem\",\"position\":1,\"name\":\"Portada\",\"item\":\"https:\\\/\\\/letrame.com\\\/catalogo\\\/\"},{\"@type\":\"ListItem\",\"position\":2,\"name\":\"Cat\u00e1logo\",\"item\":\"https:\\\/\\\/letrame.com\\\/catalogo\\\/\"},{\"@type\":\"ListItem\",\"position\":3,\"name\":\"Isvara y el fuego interno\"}]},{\"@type\":\"WebSite\",\"@id\":\"https:\\\/\\\/letrame.com\\\/catalogo\\\/#website\",\"url\":\"https:\\\/\\\/letrame.com\\\/catalogo\\\/\",\"name\":\"Catalogo | Letrame Grupo Editorial\",\"description\":\"\",\"publisher\":{\"@id\":\"https:\\\/\\\/letrame.com\\\/catalogo\\\/#organization\"},\"potentialAction\":[{\"@type\":\"SearchAction\",\"target\":{\"@type\":\"EntryPoint\",\"urlTemplate\":\"https:\\\/\\\/letrame.com\\\/catalogo\\\/?s={search_term_string}\"},\"query-input\":{\"@type\":\"PropertyValueSpecification\",\"valueRequired\":true,\"valueName\":\"search_term_string\"}}],\"inLanguage\":\"es\"},{\"@type\":\"Organization\",\"@id\":\"https:\\\/\\\/letrame.com\\\/catalogo\\\/#organization\",\"name\":\"Catalogo | Letrame Grupo Editorial\",\"url\":\"https:\\\/\\\/letrame.com\\\/catalogo\\\/\",\"logo\":{\"@type\":\"ImageObject\",\"inLanguage\":\"es\",\"@id\":\"https:\\\/\\\/letrame.com\\\/catalogo\\\/#\\\/schema\\\/logo\\\/image\\\/\",\"url\":\"https:\\\/\\\/letrame.com\\\/catalogo\\\/wp-content\\\/uploads\\\/2024\\\/03\\\/logo2.webp\",\"contentUrl\":\"https:\\\/\\\/letrame.com\\\/catalogo\\\/wp-content\\\/uploads\\\/2024\\\/03\\\/logo2.webp\",\"width\":394,\"height\":128,\"caption\":\"Catalogo | Letrame Grupo Editorial\"},\"image\":{\"@id\":\"https:\\\/\\\/letrame.com\\\/catalogo\\\/#\\\/schema\\\/logo\\\/image\\\/\"}}]}<\/script>\n<!-- \/ Yoast SEO plugin. -->","yoast_head_json":{"title":"Isvara y el fuego interno - Catalogo | Letrame Grupo Editorial","robots":{"index":"index","follow":"follow","max-snippet":"max-snippet:-1","max-image-preview":"max-image-preview:large","max-video-preview":"max-video-preview:-1"},"canonical":"https:\/\/letrame.com\/catalogo\/producto\/isvara-y-el-fuego-interno\/","og_locale":"es_ES","og_type":"article","og_title":"Isvara y el fuego interno - Catalogo | Letrame Grupo Editorial","og_description":"ISBN:\u00a0978-84-1089-346-7 SINOPSIS En un universo donde la luz y la oscuridad est\u00e1n entrelazadas, Isvara es la \u00faltima esperanza para restaurar el equilibrio entre dos mundos. Tras la ca\u00edda de Binar, su pac\u00edfico hogar, bajo el dominio del tirano Loma, Isvara se ve obligada a huir y enfrentar su destino. Guiada por el sabio Unipher y acompa\u00f1ada de sus amigos Eva y Andros, deber\u00e1 enfrentar sus propios miedos y descubrir que el verdadero poder no est\u00e1 en la fuerza, sino en la conexi\u00f3n con su esencia. A medida que Isvara se prepara, deber\u00e1 descubrir si su despertar interior ser\u00e1 suficiente para salvar el destino de su mundo. Este libro es mucho m\u00e1s que una historia de aventuras; es una reflexi\u00f3n filos\u00f3fica sobre el poder de la mente y el coraz\u00f3n, sobre c\u00f3mo la paz y el equilibrio externo solo pueden lograrse cuando se conquista la guerra interna. Isvara y el fuego interno\u00a0es una odisea trascendental que te invita a preguntarte: \u00bfpuedes ser la luz en tu propio mundo? \u00bfPuedes transformar tus miedos en fuerza? Ideal para quienes buscan acci\u00f3n, filosof\u00eda y una inspiradora odisea de transformaci\u00f3n personal.  &nbsp;","og_url":"https:\/\/letrame.com\/catalogo\/producto\/isvara-y-el-fuego-interno\/","og_site_name":"Catalogo | Letrame Grupo Editorial","article_modified_time":"2026-01-13T11:38:34+00:00","og_image":[{"width":1772,"height":2480,"url":"https:\/\/letrame.com\/catalogo\/wp-content\/uploads\/2026\/01\/isvara_873mm4.jpg","type":"image\/jpeg"}],"twitter_card":"summary_large_image","twitter_misc":{"Tiempo de lectura":"2 minutos"},"schema":{"@context":"https:\/\/schema.org","@graph":[{"@type":"WebPage","@id":"https:\/\/letrame.com\/catalogo\/producto\/isvara-y-el-fuego-interno\/","url":"https:\/\/letrame.com\/catalogo\/producto\/isvara-y-el-fuego-interno\/","name":"Isvara y el fuego interno - Catalogo | Letrame Grupo Editorial","isPartOf":{"@id":"https:\/\/letrame.com\/catalogo\/#website"},"primaryImageOfPage":{"@id":"https:\/\/letrame.com\/catalogo\/producto\/isvara-y-el-fuego-interno\/#primaryimage"},"image":{"@id":"https:\/\/letrame.com\/catalogo\/producto\/isvara-y-el-fuego-interno\/#primaryimage"},"thumbnailUrl":"https:\/\/letrame.com\/catalogo\/wp-content\/uploads\/2026\/01\/isvara_873mm4.jpg","datePublished":"2026-01-13T11:38:33+00:00","dateModified":"2026-01-13T11:38:34+00:00","breadcrumb":{"@id":"https:\/\/letrame.com\/catalogo\/producto\/isvara-y-el-fuego-interno\/#breadcrumb"},"inLanguage":"es","potentialAction":[{"@type":"ReadAction","target":["https:\/\/letrame.com\/catalogo\/producto\/isvara-y-el-fuego-interno\/"]}]},{"@type":"ImageObject","inLanguage":"es","@id":"https:\/\/letrame.com\/catalogo\/producto\/isvara-y-el-fuego-interno\/#primaryimage","url":"https:\/\/letrame.com\/catalogo\/wp-content\/uploads\/2026\/01\/isvara_873mm4.jpg","contentUrl":"https:\/\/letrame.com\/catalogo\/wp-content\/uploads\/2026\/01\/isvara_873mm4.jpg","width":1772,"height":2480},{"@type":"BreadcrumbList","@id":"https:\/\/letrame.com\/catalogo\/producto\/isvara-y-el-fuego-interno\/#breadcrumb","itemListElement":[{"@type":"ListItem","position":1,"name":"Portada","item":"https:\/\/letrame.com\/catalogo\/"},{"@type":"ListItem","position":2,"name":"Cat\u00e1logo","item":"https:\/\/letrame.com\/catalogo\/"},{"@type":"ListItem","position":3,"name":"Isvara y el fuego interno"}]},{"@type":"WebSite","@id":"https:\/\/letrame.com\/catalogo\/#website","url":"https:\/\/letrame.com\/catalogo\/","name":"Catalogo | Letrame Grupo Editorial","description":"","publisher":{"@id":"https:\/\/letrame.com\/catalogo\/#organization"},"potentialAction":[{"@type":"SearchAction","target":{"@type":"EntryPoint","urlTemplate":"https:\/\/letrame.com\/catalogo\/?s={search_term_string}"},"query-input":{"@type":"PropertyValueSpecification","valueRequired":true,"valueName":"search_term_string"}}],"inLanguage":"es"},{"@type":"Organization","@id":"https:\/\/letrame.com\/catalogo\/#organization","name":"Catalogo | Letrame Grupo Editorial","url":"https:\/\/letrame.com\/catalogo\/","logo":{"@type":"ImageObject","inLanguage":"es","@id":"https:\/\/letrame.com\/catalogo\/#\/schema\/logo\/image\/","url":"https:\/\/letrame.com\/catalogo\/wp-content\/uploads\/2024\/03\/logo2.webp","contentUrl":"https:\/\/letrame.com\/catalogo\/wp-content\/uploads\/2024\/03\/logo2.webp","width":394,"height":128,"caption":"Catalogo | Letrame Grupo Editorial"},"image":{"@id":"https:\/\/letrame.com\/catalogo\/#\/schema\/logo\/image\/"}}]}},"_links":{"self":[{"href":"https:\/\/letrame.com\/catalogo\/wp-json\/wp\/v2\/product\/110841","targetHints":{"allow":["GET"]}}],"collection":[{"href":"https:\/\/letrame.com\/catalogo\/wp-json\/wp\/v2\/product"}],"about":[{"href":"https:\/\/letrame.com\/catalogo\/wp-json\/wp\/v2\/types\/product"}],"replies":[{"embeddable":true,"href":"https:\/\/letrame.com\/catalogo\/wp-json\/wp\/v2\/comments?post=110841"}],"acf:post":[{"embeddable":true,"href":"https:\/\/letrame.com\/catalogo\/wp-json\/wp\/v2\/author_book\/110622"}],"wp:featuredmedia":[{"embeddable":true,"href":"https:\/\/letrame.com\/catalogo\/wp-json\/wp\/v2\/media\/110842"}],"wp:attachment":[{"href":"https:\/\/letrame.com\/catalogo\/wp-json\/wp\/v2\/media?parent=110841"}],"wp:term":[{"taxonomy":"libro","embeddable":true,"href":"https:\/\/letrame.com\/catalogo\/wp-json\/wp\/v2\/libro?post=110841"},{"taxonomy":"product_brand","embeddable":true,"href":"https:\/\/letrame.com\/catalogo\/wp-json\/wp\/v2\/product_brand?post=110841"},{"taxonomy":"product_cat","embeddable":true,"href":"https:\/\/letrame.com\/catalogo\/wp-json\/wp\/v2\/product_cat?post=110841"},{"taxonomy":"product_tag","embeddable":true,"href":"https:\/\/letrame.com\/catalogo\/wp-json\/wp\/v2\/product_tag?post=110841"}],"curies":[{"name":"wp","href":"https:\/\/api.w.org\/{rel}","templated":true}]}}