{"id":110535,"date":"2025-12-29T13:26:06","date_gmt":"2025-12-29T12:26:06","guid":{"rendered":"https:\/\/letrame.com\/catalogo\/?post_type=product&#038;p=110535"},"modified":"2025-12-29T13:34:38","modified_gmt":"2025-12-29T12:34:38","slug":"la-esencia-es-el-rey-la-esencia-es-la-reina","status":"publish","type":"product","link":"https:\/\/letrame.com\/catalogo\/producto\/la-esencia-es-el-rey-la-esencia-es-la-reina\/","title":{"rendered":"La esencia es el rey \/ La esencia es la reina"},"content":{"rendered":"<p class=\"p1\"><b>ISBN:\u00a0<\/b>978-84-1089-896-7<\/p>\n<p class=\"p1\"><b>T\u00edtulo:\u00a0<\/b>La esencia es el rey \/ La esencia es la reina<br \/>\n<b>Fecha:\u00a0<\/b>2025<br \/>\n<b>P\u00e1ginas:\u00a0<\/b>250<b><\/b><\/p>\n<p class=\"p1\"><b>SINOPSIS<\/b><\/p>\n<p>Para accesar a un verdadero \u00e9xito personal y profesional con impacto para la vida, es m\u00e1s importante ser que tener; obt\u00e9n y aporta m\u00e1s desde tu ser. La esencia es el rey \/ La esencia es la reina es un libro transformador que te invita a un viaje profundo hacia tu verdadero potencial, proporciona conceptos innovadores para crear emprendimientos y empresas aut\u00e9nticas, exitosas y valiosas para la vida. Enmarcado dentro de la corriente Valorismo360 y sus tres grandes causas garantizar la vida en el planeta, promover la justa distribuci\u00f3n de recursos en un ambiente de meritocracia y minimizar el impacto negativo del consumismo; este libro redefine la raz\u00f3n de ser de las empresas, orient\u00e1ndolas a producir valor aut\u00e9ntico y sustentable en lo ecol\u00f3gico, social, econ\u00f3mico, pol\u00edtico, en lugar de consumo. La esencia es el rey \/ La esencia es la reina nos anima a contribuir a la preservaci\u00f3n y enriquecimiento de la vida a trav\u00e9s de personas plenas y empresas de valor. Es el primer volumen de una colecci\u00f3n que ofrece una perspectiva \u00fanica y humana de la administraci\u00f3n, ideal para quienes buscan construir no solo negocios, sino tambi\u00e9n vidas con sentido, con significado.<\/p>\n<p>Edgar Herre\u00f1o desaf\u00eda la mentalidad del tener invit\u00e1ndonos a enfocarnos en el SER, conectando con nuestro prop\u00f3sito para transformarlo en empresas con impacto social; una lectura imprescindible para quienes quieren emprender desde el ser y no solo desde el tener.<\/p>\n<p>Ignacio Mealla.<\/p>\n<p>CEO Vistage M\u00e9xico &amp; Per\u00fa<\/p>\n<p>La esencia es el rey \/ La esencia es la reina te lleva a lugares internos para mover tu propio YO, conocer tu esencia, tus sue\u00f1os, proporcion\u00e1ndote herramientas para tu desarrollo de vida, personal, familiar, social, laboral, con conceptos simples, claros, entendibles y pr\u00e1cticos.<\/p>\n<p>Carlos T. Vel\u00e1zquez O.<\/p>\n<p>COO Herdez \/ Consultor empresarial.<\/p>\n","protected":false},"excerpt":{"rendered":"<p class=\"p1\"><b>ISBN:\u00a0<\/b>978-84-1089-896-7<\/p>\n<p class=\"p1\"><b>SINOPSIS<\/b><\/p>\n<p>Para accesar a un verdadero \u00e9xito personal y profesional con impacto para la vida, es m\u00e1s importante ser que tener; obt\u00e9n y aporta m\u00e1s desde tu ser. La esencia es el rey \/ La esencia es la reina es un libro transformador que te invita a un viaje profundo hacia tu verdadero potencial, proporciona conceptos innovadores para crear emprendimientos y empresas aut\u00e9nticas, exitosas y valiosas para la vida. Enmarcado dentro de la corriente Valorismo360 y sus tres grandes causas garantizar la vida en el planeta, promover la justa distribuci\u00f3n de recursos en un ambiente de meritocracia y minimizar el impacto negativo del consumismo; este libro redefine la raz\u00f3n de ser de las empresas, orient\u00e1ndolas a producir valor aut\u00e9ntico y sustentable en lo ecol\u00f3gico, social, econ\u00f3mico, pol\u00edtico, en lugar de consumo. La esencia es el rey \/ La esencia es la reina nos anima a contribuir a la preservaci\u00f3n y enriquecimiento de la vida a trav\u00e9s de personas plenas y empresas de valor. Es el primer volumen de una colecci\u00f3n que ofrece una perspectiva \u00fanica y humana de la administraci\u00f3n, ideal para quienes buscan construir no solo negocios, sino tambi\u00e9n vidas con sentido, con significado.<\/p>\n<p>Edgar Herre\u00f1o desaf\u00eda la mentalidad del tener invit\u00e1ndonos a enfocarnos en el SER, conectando con nuestro prop\u00f3sito para transformarlo en empresas con impacto social; una lectura imprescindible para quienes quieren emprender desde el ser y no solo desde el tener.<\/p>\n<p>Ignacio Mealla.<\/p>\n<p>CEO Vistage M\u00e9xico &amp; Per\u00fa<\/p>\n<p>La esencia es el rey \/ La esencia es la reina te lleva a lugares internos para mover tu propio YO, conocer tu esencia, tus sue\u00f1os, proporcion\u00e1ndote herramientas para tu desarrollo de vida, personal, familiar, social, laboral, con conceptos simples, claros, entendibles y pr\u00e1cticos.<\/p>\n<p>Carlos T. Vel\u00e1zquez O.<\/p>\n<p>COO Herdez \/ Consultor empresarial.<\/p>\n","protected":false},"featured_media":110536,"comment_status":"open","ping_status":"closed","template":"","meta":{"_acf_changed":false},"libro":[],"product_brand":[],"product_cat":[40],"product_tag":[],"class_list":{"0":"post-110535","1":"product","2":"type-product","3":"status-publish","4":"has-post-thumbnail","6":"product_cat-economia","8":"first","9":"instock","10":"shipping-taxable","11":"product-type-simple"},"acf":{"autor":[110534,110541],"enlace_de_compra":"https:\/\/www.amazon.es\/esencia-rey-reina-01-Emprendimiento\/dp\/8410898969\/ref=tmm_pap_swatch_0?_encoding=UTF8&dib_tag=se&dib=eyJ2IjoiMSJ9.UaBqosQp1JvfhZcCo9HOxbp4abl03vq-SF1OIYwrl7ue1quBbeYTvn4S_kaESz3T.X3ZkP_QSt0-OnEptpPc_kOiJhIUTSqE1DV9sZkYu9WA&qid=1767010980&sr=8-1"},"yoast_head":"<!-- This site is optimized with the Yoast SEO plugin v27.4 - https:\/\/yoast.com\/product\/yoast-seo-wordpress\/ -->\n<title>La esencia es el rey \/ La esencia es la reina - Catalogo | Letrame Grupo Editorial<\/title>\n<meta name=\"robots\" content=\"index, follow, max-snippet:-1, max-image-preview:large, max-video-preview:-1\" \/>\n<link rel=\"canonical\" href=\"https:\/\/letrame.com\/catalogo\/producto\/la-esencia-es-el-rey-la-esencia-es-la-reina\/\" \/>\n<meta property=\"og:locale\" content=\"es_ES\" \/>\n<meta property=\"og:type\" content=\"article\" \/>\n<meta property=\"og:title\" content=\"La esencia es el rey \/ La esencia es la reina - Catalogo | Letrame Grupo Editorial\" \/>\n<meta property=\"og:description\" content=\"ISBN:\u00a0978-84-1089-896-7 SINOPSIS Para accesar a un verdadero \u00e9xito personal y profesional con impacto para la vida, es m\u00e1s importante ser que tener; obt\u00e9n y aporta m\u00e1s desde tu ser. La esencia es el rey \/ La esencia es la reina es un libro transformador que te invita a un viaje profundo hacia tu verdadero potencial, proporciona conceptos innovadores para crear emprendimientos y empresas aut\u00e9nticas, exitosas y valiosas para la vida. Enmarcado dentro de la corriente Valorismo360 y sus tres grandes causas garantizar la vida en el planeta, promover la justa distribuci\u00f3n de recursos en un ambiente de meritocracia y minimizar el impacto negativo del consumismo; este libro redefine la raz\u00f3n de ser de las empresas, orient\u00e1ndolas a producir valor aut\u00e9ntico y sustentable en lo ecol\u00f3gico, social, econ\u00f3mico, pol\u00edtico, en lugar de consumo. La esencia es el rey \/ La esencia es la reina nos anima a contribuir a la preservaci\u00f3n y enriquecimiento de la vida a trav\u00e9s de personas plenas y empresas de valor. Es el primer volumen de una colecci\u00f3n que ofrece una perspectiva \u00fanica y humana de la administraci\u00f3n, ideal para quienes buscan construir no solo negocios, sino tambi\u00e9n vidas con sentido, con significado.  Edgar Herre\u00f1o desaf\u00eda la mentalidad del tener invit\u00e1ndonos a enfocarnos en el SER, conectando con nuestro prop\u00f3sito para transformarlo en empresas con impacto social; una lectura imprescindible para quienes quieren emprender desde el ser y no solo desde el tener.  Ignacio Mealla.  CEO Vistage M\u00e9xico &amp; Per\u00fa  La esencia es el rey \/ La esencia es la reina te lleva a lugares internos para mover tu propio YO, conocer tu esencia, tus sue\u00f1os, proporcion\u00e1ndote herramientas para tu desarrollo de vida, personal, familiar, social, laboral, con conceptos simples, claros, entendibles y pr\u00e1cticos.  Carlos T. Vel\u00e1zquez O.  COO Herdez \/ Consultor empresarial.\" \/>\n<meta property=\"og:url\" content=\"https:\/\/letrame.com\/catalogo\/producto\/la-esencia-es-el-rey-la-esencia-es-la-reina\/\" \/>\n<meta property=\"og:site_name\" content=\"Catalogo | Letrame Grupo Editorial\" \/>\n<meta property=\"article:modified_time\" content=\"2025-12-29T12:34:38+00:00\" \/>\n<meta property=\"og:image\" content=\"https:\/\/letrame.com\/catalogo\/wp-content\/uploads\/2025\/12\/Nuevalaesenciaeselrey_126mm4.jpg\" \/>\n\t<meta property=\"og:image:width\" content=\"1772\" \/>\n\t<meta property=\"og:image:height\" content=\"2480\" \/>\n\t<meta property=\"og:image:type\" content=\"image\/jpeg\" \/>\n<meta name=\"twitter:card\" content=\"summary_large_image\" \/>\n<meta name=\"twitter:label1\" content=\"Tiempo de lectura\" \/>\n\t<meta name=\"twitter:data1\" content=\"2 minutos\" \/>\n<script type=\"application\/ld+json\" class=\"yoast-schema-graph\">{\"@context\":\"https:\\\/\\\/schema.org\",\"@graph\":[{\"@type\":\"WebPage\",\"@id\":\"https:\\\/\\\/letrame.com\\\/catalogo\\\/producto\\\/la-esencia-es-el-rey-la-esencia-es-la-reina\\\/\",\"url\":\"https:\\\/\\\/letrame.com\\\/catalogo\\\/producto\\\/la-esencia-es-el-rey-la-esencia-es-la-reina\\\/\",\"name\":\"La esencia es el rey \\\/ La esencia es la reina - Catalogo | Letrame Grupo Editorial\",\"isPartOf\":{\"@id\":\"https:\\\/\\\/letrame.com\\\/catalogo\\\/#website\"},\"primaryImageOfPage\":{\"@id\":\"https:\\\/\\\/letrame.com\\\/catalogo\\\/producto\\\/la-esencia-es-el-rey-la-esencia-es-la-reina\\\/#primaryimage\"},\"image\":{\"@id\":\"https:\\\/\\\/letrame.com\\\/catalogo\\\/producto\\\/la-esencia-es-el-rey-la-esencia-es-la-reina\\\/#primaryimage\"},\"thumbnailUrl\":\"https:\\\/\\\/letrame.com\\\/catalogo\\\/wp-content\\\/uploads\\\/2025\\\/12\\\/Nuevalaesenciaeselrey_126mm4.jpg\",\"datePublished\":\"2025-12-29T12:26:06+00:00\",\"dateModified\":\"2025-12-29T12:34:38+00:00\",\"breadcrumb\":{\"@id\":\"https:\\\/\\\/letrame.com\\\/catalogo\\\/producto\\\/la-esencia-es-el-rey-la-esencia-es-la-reina\\\/#breadcrumb\"},\"inLanguage\":\"es\",\"potentialAction\":[{\"@type\":\"ReadAction\",\"target\":[\"https:\\\/\\\/letrame.com\\\/catalogo\\\/producto\\\/la-esencia-es-el-rey-la-esencia-es-la-reina\\\/\"]}]},{\"@type\":\"ImageObject\",\"inLanguage\":\"es\",\"@id\":\"https:\\\/\\\/letrame.com\\\/catalogo\\\/producto\\\/la-esencia-es-el-rey-la-esencia-es-la-reina\\\/#primaryimage\",\"url\":\"https:\\\/\\\/letrame.com\\\/catalogo\\\/wp-content\\\/uploads\\\/2025\\\/12\\\/Nuevalaesenciaeselrey_126mm4.jpg\",\"contentUrl\":\"https:\\\/\\\/letrame.com\\\/catalogo\\\/wp-content\\\/uploads\\\/2025\\\/12\\\/Nuevalaesenciaeselrey_126mm4.jpg\",\"width\":1772,\"height\":2480},{\"@type\":\"BreadcrumbList\",\"@id\":\"https:\\\/\\\/letrame.com\\\/catalogo\\\/producto\\\/la-esencia-es-el-rey-la-esencia-es-la-reina\\\/#breadcrumb\",\"itemListElement\":[{\"@type\":\"ListItem\",\"position\":1,\"name\":\"Portada\",\"item\":\"https:\\\/\\\/letrame.com\\\/catalogo\\\/\"},{\"@type\":\"ListItem\",\"position\":2,\"name\":\"Cat\u00e1logo\",\"item\":\"https:\\\/\\\/letrame.com\\\/catalogo\\\/\"},{\"@type\":\"ListItem\",\"position\":3,\"name\":\"La esencia es el rey \\\/ La esencia es la reina\"}]},{\"@type\":\"WebSite\",\"@id\":\"https:\\\/\\\/letrame.com\\\/catalogo\\\/#website\",\"url\":\"https:\\\/\\\/letrame.com\\\/catalogo\\\/\",\"name\":\"Catalogo | Letrame Grupo Editorial\",\"description\":\"\",\"publisher\":{\"@id\":\"https:\\\/\\\/letrame.com\\\/catalogo\\\/#organization\"},\"potentialAction\":[{\"@type\":\"SearchAction\",\"target\":{\"@type\":\"EntryPoint\",\"urlTemplate\":\"https:\\\/\\\/letrame.com\\\/catalogo\\\/?s={search_term_string}\"},\"query-input\":{\"@type\":\"PropertyValueSpecification\",\"valueRequired\":true,\"valueName\":\"search_term_string\"}}],\"inLanguage\":\"es\"},{\"@type\":\"Organization\",\"@id\":\"https:\\\/\\\/letrame.com\\\/catalogo\\\/#organization\",\"name\":\"Catalogo | Letrame Grupo Editorial\",\"url\":\"https:\\\/\\\/letrame.com\\\/catalogo\\\/\",\"logo\":{\"@type\":\"ImageObject\",\"inLanguage\":\"es\",\"@id\":\"https:\\\/\\\/letrame.com\\\/catalogo\\\/#\\\/schema\\\/logo\\\/image\\\/\",\"url\":\"https:\\\/\\\/letrame.com\\\/catalogo\\\/wp-content\\\/uploads\\\/2024\\\/03\\\/logo2.webp\",\"contentUrl\":\"https:\\\/\\\/letrame.com\\\/catalogo\\\/wp-content\\\/uploads\\\/2024\\\/03\\\/logo2.webp\",\"width\":394,\"height\":128,\"caption\":\"Catalogo | Letrame Grupo Editorial\"},\"image\":{\"@id\":\"https:\\\/\\\/letrame.com\\\/catalogo\\\/#\\\/schema\\\/logo\\\/image\\\/\"}}]}<\/script>\n<!-- \/ Yoast SEO plugin. -->","yoast_head_json":{"title":"La esencia es el rey \/ La esencia es la reina - Catalogo | Letrame Grupo Editorial","robots":{"index":"index","follow":"follow","max-snippet":"max-snippet:-1","max-image-preview":"max-image-preview:large","max-video-preview":"max-video-preview:-1"},"canonical":"https:\/\/letrame.com\/catalogo\/producto\/la-esencia-es-el-rey-la-esencia-es-la-reina\/","og_locale":"es_ES","og_type":"article","og_title":"La esencia es el rey \/ La esencia es la reina - Catalogo | Letrame Grupo Editorial","og_description":"ISBN:\u00a0978-84-1089-896-7 SINOPSIS Para accesar a un verdadero \u00e9xito personal y profesional con impacto para la vida, es m\u00e1s importante ser que tener; obt\u00e9n y aporta m\u00e1s desde tu ser. La esencia es el rey \/ La esencia es la reina es un libro transformador que te invita a un viaje profundo hacia tu verdadero potencial, proporciona conceptos innovadores para crear emprendimientos y empresas aut\u00e9nticas, exitosas y valiosas para la vida. Enmarcado dentro de la corriente Valorismo360 y sus tres grandes causas garantizar la vida en el planeta, promover la justa distribuci\u00f3n de recursos en un ambiente de meritocracia y minimizar el impacto negativo del consumismo; este libro redefine la raz\u00f3n de ser de las empresas, orient\u00e1ndolas a producir valor aut\u00e9ntico y sustentable en lo ecol\u00f3gico, social, econ\u00f3mico, pol\u00edtico, en lugar de consumo. La esencia es el rey \/ La esencia es la reina nos anima a contribuir a la preservaci\u00f3n y enriquecimiento de la vida a trav\u00e9s de personas plenas y empresas de valor. Es el primer volumen de una colecci\u00f3n que ofrece una perspectiva \u00fanica y humana de la administraci\u00f3n, ideal para quienes buscan construir no solo negocios, sino tambi\u00e9n vidas con sentido, con significado.  Edgar Herre\u00f1o desaf\u00eda la mentalidad del tener invit\u00e1ndonos a enfocarnos en el SER, conectando con nuestro prop\u00f3sito para transformarlo en empresas con impacto social; una lectura imprescindible para quienes quieren emprender desde el ser y no solo desde el tener.  Ignacio Mealla.  CEO Vistage M\u00e9xico &amp; Per\u00fa  La esencia es el rey \/ La esencia es la reina te lleva a lugares internos para mover tu propio YO, conocer tu esencia, tus sue\u00f1os, proporcion\u00e1ndote herramientas para tu desarrollo de vida, personal, familiar, social, laboral, con conceptos simples, claros, entendibles y pr\u00e1cticos.  Carlos T. Vel\u00e1zquez O.  COO Herdez \/ Consultor empresarial.","og_url":"https:\/\/letrame.com\/catalogo\/producto\/la-esencia-es-el-rey-la-esencia-es-la-reina\/","og_site_name":"Catalogo | Letrame Grupo Editorial","article_modified_time":"2025-12-29T12:34:38+00:00","og_image":[{"width":1772,"height":2480,"url":"https:\/\/letrame.com\/catalogo\/wp-content\/uploads\/2025\/12\/Nuevalaesenciaeselrey_126mm4.jpg","type":"image\/jpeg"}],"twitter_card":"summary_large_image","twitter_misc":{"Tiempo de lectura":"2 minutos"},"schema":{"@context":"https:\/\/schema.org","@graph":[{"@type":"WebPage","@id":"https:\/\/letrame.com\/catalogo\/producto\/la-esencia-es-el-rey-la-esencia-es-la-reina\/","url":"https:\/\/letrame.com\/catalogo\/producto\/la-esencia-es-el-rey-la-esencia-es-la-reina\/","name":"La esencia es el rey \/ La esencia es la reina - Catalogo | Letrame Grupo Editorial","isPartOf":{"@id":"https:\/\/letrame.com\/catalogo\/#website"},"primaryImageOfPage":{"@id":"https:\/\/letrame.com\/catalogo\/producto\/la-esencia-es-el-rey-la-esencia-es-la-reina\/#primaryimage"},"image":{"@id":"https:\/\/letrame.com\/catalogo\/producto\/la-esencia-es-el-rey-la-esencia-es-la-reina\/#primaryimage"},"thumbnailUrl":"https:\/\/letrame.com\/catalogo\/wp-content\/uploads\/2025\/12\/Nuevalaesenciaeselrey_126mm4.jpg","datePublished":"2025-12-29T12:26:06+00:00","dateModified":"2025-12-29T12:34:38+00:00","breadcrumb":{"@id":"https:\/\/letrame.com\/catalogo\/producto\/la-esencia-es-el-rey-la-esencia-es-la-reina\/#breadcrumb"},"inLanguage":"es","potentialAction":[{"@type":"ReadAction","target":["https:\/\/letrame.com\/catalogo\/producto\/la-esencia-es-el-rey-la-esencia-es-la-reina\/"]}]},{"@type":"ImageObject","inLanguage":"es","@id":"https:\/\/letrame.com\/catalogo\/producto\/la-esencia-es-el-rey-la-esencia-es-la-reina\/#primaryimage","url":"https:\/\/letrame.com\/catalogo\/wp-content\/uploads\/2025\/12\/Nuevalaesenciaeselrey_126mm4.jpg","contentUrl":"https:\/\/letrame.com\/catalogo\/wp-content\/uploads\/2025\/12\/Nuevalaesenciaeselrey_126mm4.jpg","width":1772,"height":2480},{"@type":"BreadcrumbList","@id":"https:\/\/letrame.com\/catalogo\/producto\/la-esencia-es-el-rey-la-esencia-es-la-reina\/#breadcrumb","itemListElement":[{"@type":"ListItem","position":1,"name":"Portada","item":"https:\/\/letrame.com\/catalogo\/"},{"@type":"ListItem","position":2,"name":"Cat\u00e1logo","item":"https:\/\/letrame.com\/catalogo\/"},{"@type":"ListItem","position":3,"name":"La esencia es el rey \/ La esencia es la reina"}]},{"@type":"WebSite","@id":"https:\/\/letrame.com\/catalogo\/#website","url":"https:\/\/letrame.com\/catalogo\/","name":"Catalogo | Letrame Grupo Editorial","description":"","publisher":{"@id":"https:\/\/letrame.com\/catalogo\/#organization"},"potentialAction":[{"@type":"SearchAction","target":{"@type":"EntryPoint","urlTemplate":"https:\/\/letrame.com\/catalogo\/?s={search_term_string}"},"query-input":{"@type":"PropertyValueSpecification","valueRequired":true,"valueName":"search_term_string"}}],"inLanguage":"es"},{"@type":"Organization","@id":"https:\/\/letrame.com\/catalogo\/#organization","name":"Catalogo | Letrame Grupo Editorial","url":"https:\/\/letrame.com\/catalogo\/","logo":{"@type":"ImageObject","inLanguage":"es","@id":"https:\/\/letrame.com\/catalogo\/#\/schema\/logo\/image\/","url":"https:\/\/letrame.com\/catalogo\/wp-content\/uploads\/2024\/03\/logo2.webp","contentUrl":"https:\/\/letrame.com\/catalogo\/wp-content\/uploads\/2024\/03\/logo2.webp","width":394,"height":128,"caption":"Catalogo | Letrame Grupo Editorial"},"image":{"@id":"https:\/\/letrame.com\/catalogo\/#\/schema\/logo\/image\/"}}]}},"_links":{"self":[{"href":"https:\/\/letrame.com\/catalogo\/wp-json\/wp\/v2\/product\/110535","targetHints":{"allow":["GET"]}}],"collection":[{"href":"https:\/\/letrame.com\/catalogo\/wp-json\/wp\/v2\/product"}],"about":[{"href":"https:\/\/letrame.com\/catalogo\/wp-json\/wp\/v2\/types\/product"}],"replies":[{"embeddable":true,"href":"https:\/\/letrame.com\/catalogo\/wp-json\/wp\/v2\/comments?post=110535"}],"acf:post":[{"embeddable":true,"href":"https:\/\/letrame.com\/catalogo\/wp-json\/wp\/v2\/author_book\/110541"},{"embeddable":true,"href":"https:\/\/letrame.com\/catalogo\/wp-json\/wp\/v2\/author_book\/110534"}],"wp:featuredmedia":[{"embeddable":true,"href":"https:\/\/letrame.com\/catalogo\/wp-json\/wp\/v2\/media\/110536"}],"wp:attachment":[{"href":"https:\/\/letrame.com\/catalogo\/wp-json\/wp\/v2\/media?parent=110535"}],"wp:term":[{"taxonomy":"libro","embeddable":true,"href":"https:\/\/letrame.com\/catalogo\/wp-json\/wp\/v2\/libro?post=110535"},{"taxonomy":"product_brand","embeddable":true,"href":"https:\/\/letrame.com\/catalogo\/wp-json\/wp\/v2\/product_brand?post=110535"},{"taxonomy":"product_cat","embeddable":true,"href":"https:\/\/letrame.com\/catalogo\/wp-json\/wp\/v2\/product_cat?post=110535"},{"taxonomy":"product_tag","embeddable":true,"href":"https:\/\/letrame.com\/catalogo\/wp-json\/wp\/v2\/product_tag?post=110535"}],"curies":[{"name":"wp","href":"https:\/\/api.w.org\/{rel}","templated":true}]}}