{"id":110402,"date":"2025-12-26T13:23:20","date_gmt":"2025-12-26T12:23:20","guid":{"rendered":"https:\/\/letrame.com\/catalogo\/?post_type=product&#038;p=110402"},"modified":"2025-12-26T13:23:21","modified_gmt":"2025-12-26T12:23:21","slug":"y-si-la-vida-es-un-dibujo","status":"publish","type":"product","link":"https:\/\/letrame.com\/catalogo\/producto\/y-si-la-vida-es-un-dibujo\/","title":{"rendered":"Y si la vida&#8230;es un dibujo?"},"content":{"rendered":"<p class=\"p1\"><b>ISBN:\u00a0<\/b>979-13-7012-168-6<\/p>\n<p class=\"p1\"><b>T\u00edtulo:\u00a0<\/b>Y si la vida&#8230;es un dibujo?<br \/>\n<b>Fecha:\u00a0<\/b>2025<br \/>\n<b>P\u00e1ginas:\u00a0<\/b>232<b><\/b><\/p>\n<p class=\"p1\"><b>SINOPSIS<\/b><\/p>\n<p>\u00bfTe imaginas que tu vida fuera un dibujo? \u00bfQu\u00e9 colores le pondr\u00edas, \u00bfqu\u00e9 personajes te gustar\u00eda que estuvieran all\u00ed contigo?, \u00bfqu\u00e9 tipo de trazos te representar\u00edan?, \u00bfcu\u00e1l ser\u00eda ese estilo propio que quieras darle a tu dibujo? En mi caso escog\u00ed los colores m\u00e1s vivos y contrastantes que transmiten luz y alegr\u00eda, las l\u00edneas del contorno negras, firmes y continuas, los personajes principales y que usualmente me acompa\u00f1an son mi familia y las mascotas de la casa, los escenarios son aquellos de la vida cotidiana en casa, en la calle, al aire libre, en cada lugar d\u00f3nde solemos pasar el d\u00eda a d\u00eda. Este libro es una narraci\u00f3n propia, ilustrada por m\u00ed, donde de manera anecd\u00f3tica y agradable relato algunos momentos de mi vida, que se han convertido en la materia prima para iniciar un proceso de reconexi\u00f3n con m\u00ed esencia, con mis dones y con m\u00ed luz interior. La vida est\u00e1 hecha de momentos, situaciones y personas que se mezclan a trav\u00e9s de nuestro diario transcurrir. Cada una de \u00e9stas traen consigo, sus propios colores, sus luces y sus sombras, sus trazados, su propio estilo y entre ellas eres t\u00fa quien crea, dise\u00f1a y dispone c\u00f3mo quieres que sea esa obra de arte maravillosa y para qu\u00e9 est\u00e1 creada. En este libro encontrar\u00e1s mucha inspiraci\u00f3n, mucha luz, mucho amor, mucho color, muchas coincidencias, otras no tantas, y muchos mensajes que tocar\u00e1n tu alma y te har\u00e1n sentir que no est\u00e1s s\u00f3lo en este mundo. Deseo inmensamente que, as\u00ed como Yo disfrut\u00e9 el recopilar estos mensajes, recorrer mi historia y poner en palabras mucho de lo que soy, T\u00fa puedas encontrar aqu\u00ed la inspiraci\u00f3n que necesitas en tu alma y que en mi caso ha sido iluminada por la fuente inagotable de amor que es Dios para m\u00ed.<\/p>\n","protected":false},"excerpt":{"rendered":"<p class=\"p1\"><b>ISBN:\u00a0<\/b>979-13-7012-168-6<\/p>\n<p class=\"p1\"><b>SINOPSIS<\/b><\/p>\n<p>\u00bfTe imaginas que tu vida fuera un dibujo? \u00bfQu\u00e9 colores le pondr\u00edas, \u00bfqu\u00e9 personajes te gustar\u00eda que estuvieran all\u00ed contigo?, \u00bfqu\u00e9 tipo de trazos te representar\u00edan?, \u00bfcu\u00e1l ser\u00eda ese estilo propio que quieras darle a tu dibujo? En mi caso escog\u00ed los colores m\u00e1s vivos y contrastantes que transmiten luz y alegr\u00eda, las l\u00edneas del contorno negras, firmes y continuas, los personajes principales y que usualmente me acompa\u00f1an son mi familia y las mascotas de la casa, los escenarios son aquellos de la vida cotidiana en casa, en la calle, al aire libre, en cada lugar d\u00f3nde solemos pasar el d\u00eda a d\u00eda. Este libro es una narraci\u00f3n propia, ilustrada por m\u00ed, donde de manera anecd\u00f3tica y agradable relato algunos momentos de mi vida, que se han convertido en la materia prima para iniciar un proceso de reconexi\u00f3n con m\u00ed esencia, con mis dones y con m\u00ed luz interior. La vida est\u00e1 hecha de momentos, situaciones y personas que se mezclan a trav\u00e9s de nuestro diario trascurrir. Cada una de \u00e9stas traen consigo, sus propios colores, sus luces y sus sombras, sus trazados, su propio estilo y entre ellas eres t\u00fa quien crea, dise\u00f1a y dispone c\u00f3mo quieres que sea esa obra de arte maravillosa y para qu\u00e9 est\u00e1 creada. En este libro encontrar\u00e1s mucha inspiraci\u00f3n, mucha luz, mucho amor, mucho color, muchas coincidencias, otras no tantas, y muchos mensajes que tocar\u00e1n tu alma y te har\u00e1n sentir que no est\u00e1s s\u00f3lo en este mundo. Deseo inmensamente que, as\u00ed como Yo disfrut\u00e9 el recopilar estos mensajes, recorrer mi historia y poner en palabras mucho de lo que soy, T\u00fa puedas encontrar aqu\u00ed la inspiraci\u00f3n que necesitas en tu alma y que en mi caso ha sido iluminada por la fuente inagotable de amor que es Dios para m\u00ed.<\/p>\n","protected":false},"featured_media":110407,"comment_status":"open","ping_status":"closed","template":"","meta":{"_acf_changed":false},"libro":[],"product_brand":[],"product_cat":[108],"product_tag":[],"class_list":{"0":"post-110402","1":"product","2":"type-product","3":"status-publish","4":"has-post-thumbnail","6":"product_cat-desarrollo-personal-y-autoconocimientonovela-ilustrada","8":"first","9":"instock","10":"shipping-taxable","11":"product-type-simple"},"acf":{"autor":[110403],"enlace_de_compra":"https:\/\/www.amazon.es\/vida-dibujo-01-Libros-ilustrados\/dp\/B0FCS2LQRY\/ref=sr_1_1?__mk_es_ES=%C3%85M%C3%85%C5%BD%C3%95%C3%91&crid=39E8QQTX816PX&dib=eyJ2IjoiMSJ9.H_TNY1b6l9uPB3jjHFEYyhif845WsIpnaixouI9L0dg.PaN-I5K-_Q_5t18RULMoAxea3su2H-lxVOA0Obblwdk&dib_tag=se&keywords=Y+si+la+vida...Es+un+dibujo...&qid=1766751249&s=books&sprefix=y+si+la+vida...es+un+dibujo+%2Cstripbooks%2C294&sr=1-1"},"yoast_head":"<!-- This site is optimized with the Yoast SEO plugin v27.4 - https:\/\/yoast.com\/product\/yoast-seo-wordpress\/ -->\n<title>Y si la vida...es un dibujo? - Catalogo | Letrame Grupo Editorial<\/title>\n<meta name=\"robots\" content=\"index, follow, max-snippet:-1, max-image-preview:large, max-video-preview:-1\" \/>\n<link rel=\"canonical\" href=\"https:\/\/letrame.com\/catalogo\/producto\/y-si-la-vida-es-un-dibujo\/\" \/>\n<meta property=\"og:locale\" content=\"es_ES\" \/>\n<meta property=\"og:type\" content=\"article\" \/>\n<meta property=\"og:title\" content=\"Y si la vida...es un dibujo? - Catalogo | Letrame Grupo Editorial\" \/>\n<meta property=\"og:description\" content=\"ISBN:\u00a0979-13-7012-168-6 SINOPSIS \u00bfTe imaginas que tu vida fuera un dibujo? \u00bfQu\u00e9 colores le pondr\u00edas, \u00bfqu\u00e9 personajes te gustar\u00eda que estuvieran all\u00ed contigo?, \u00bfqu\u00e9 tipo de trazos te representar\u00edan?, \u00bfcu\u00e1l ser\u00eda ese estilo propio que quieras darle a tu dibujo? En mi caso escog\u00ed los colores m\u00e1s vivos y contrastantes que transmiten luz y alegr\u00eda, las l\u00edneas del contorno negras, firmes y continuas, los personajes principales y que usualmente me acompa\u00f1an son mi familia y las mascotas de la casa, los escenarios son aquellos de la vida cotidiana en casa, en la calle, al aire libre, en cada lugar d\u00f3nde solemos pasar el d\u00eda a d\u00eda. Este libro es una narraci\u00f3n propia, ilustrada por m\u00ed, donde de manera anecd\u00f3tica y agradable relato algunos momentos de mi vida, que se han convertido en la materia prima para iniciar un proceso de reconexi\u00f3n con m\u00ed esencia, con mis dones y con m\u00ed luz interior. La vida est\u00e1 hecha de momentos, situaciones y personas que se mezclan a trav\u00e9s de nuestro diario trascurrir. Cada una de \u00e9stas traen consigo, sus propios colores, sus luces y sus sombras, sus trazados, su propio estilo y entre ellas eres t\u00fa quien crea, dise\u00f1a y dispone c\u00f3mo quieres que sea esa obra de arte maravillosa y para qu\u00e9 est\u00e1 creada. En este libro encontrar\u00e1s mucha inspiraci\u00f3n, mucha luz, mucho amor, mucho color, muchas coincidencias, otras no tantas, y muchos mensajes que tocar\u00e1n tu alma y te har\u00e1n sentir que no est\u00e1s s\u00f3lo en este mundo. Deseo inmensamente que, as\u00ed como Yo disfrut\u00e9 el recopilar estos mensajes, recorrer mi historia y poner en palabras mucho de lo que soy, T\u00fa puedas encontrar aqu\u00ed la inspiraci\u00f3n que necesitas en tu alma y que en mi caso ha sido iluminada por la fuente inagotable de amor que es Dios para m\u00ed.\" \/>\n<meta property=\"og:url\" content=\"https:\/\/letrame.com\/catalogo\/producto\/y-si-la-vida-es-un-dibujo\/\" \/>\n<meta property=\"og:site_name\" content=\"Catalogo | Letrame Grupo Editorial\" \/>\n<meta property=\"article:modified_time\" content=\"2025-12-26T12:23:21+00:00\" \/>\n<meta property=\"og:image\" content=\"https:\/\/letrame.com\/catalogo\/wp-content\/uploads\/2025\/12\/ysilavida._1325mm3-1-scaled.jpg\" \/>\n\t<meta property=\"og:image:width\" content=\"2560\" \/>\n\t<meta property=\"og:image:height\" content=\"2362\" \/>\n\t<meta property=\"og:image:type\" content=\"image\/jpeg\" \/>\n<meta name=\"twitter:card\" content=\"summary_large_image\" \/>\n<meta name=\"twitter:label1\" content=\"Tiempo de lectura\" \/>\n\t<meta name=\"twitter:data1\" content=\"2 minutos\" \/>\n<script type=\"application\/ld+json\" class=\"yoast-schema-graph\">{\"@context\":\"https:\\\/\\\/schema.org\",\"@graph\":[{\"@type\":\"WebPage\",\"@id\":\"https:\\\/\\\/letrame.com\\\/catalogo\\\/producto\\\/y-si-la-vida-es-un-dibujo\\\/\",\"url\":\"https:\\\/\\\/letrame.com\\\/catalogo\\\/producto\\\/y-si-la-vida-es-un-dibujo\\\/\",\"name\":\"Y si la vida...es un dibujo? - Catalogo | Letrame Grupo Editorial\",\"isPartOf\":{\"@id\":\"https:\\\/\\\/letrame.com\\\/catalogo\\\/#website\"},\"primaryImageOfPage\":{\"@id\":\"https:\\\/\\\/letrame.com\\\/catalogo\\\/producto\\\/y-si-la-vida-es-un-dibujo\\\/#primaryimage\"},\"image\":{\"@id\":\"https:\\\/\\\/letrame.com\\\/catalogo\\\/producto\\\/y-si-la-vida-es-un-dibujo\\\/#primaryimage\"},\"thumbnailUrl\":\"https:\\\/\\\/letrame.com\\\/catalogo\\\/wp-content\\\/uploads\\\/2025\\\/12\\\/ysilavida._1325mm3-1-scaled.jpg\",\"datePublished\":\"2025-12-26T12:23:20+00:00\",\"dateModified\":\"2025-12-26T12:23:21+00:00\",\"breadcrumb\":{\"@id\":\"https:\\\/\\\/letrame.com\\\/catalogo\\\/producto\\\/y-si-la-vida-es-un-dibujo\\\/#breadcrumb\"},\"inLanguage\":\"es\",\"potentialAction\":[{\"@type\":\"ReadAction\",\"target\":[\"https:\\\/\\\/letrame.com\\\/catalogo\\\/producto\\\/y-si-la-vida-es-un-dibujo\\\/\"]}]},{\"@type\":\"ImageObject\",\"inLanguage\":\"es\",\"@id\":\"https:\\\/\\\/letrame.com\\\/catalogo\\\/producto\\\/y-si-la-vida-es-un-dibujo\\\/#primaryimage\",\"url\":\"https:\\\/\\\/letrame.com\\\/catalogo\\\/wp-content\\\/uploads\\\/2025\\\/12\\\/ysilavida._1325mm3-1-scaled.jpg\",\"contentUrl\":\"https:\\\/\\\/letrame.com\\\/catalogo\\\/wp-content\\\/uploads\\\/2025\\\/12\\\/ysilavida._1325mm3-1-scaled.jpg\",\"width\":2560,\"height\":2362},{\"@type\":\"BreadcrumbList\",\"@id\":\"https:\\\/\\\/letrame.com\\\/catalogo\\\/producto\\\/y-si-la-vida-es-un-dibujo\\\/#breadcrumb\",\"itemListElement\":[{\"@type\":\"ListItem\",\"position\":1,\"name\":\"Portada\",\"item\":\"https:\\\/\\\/letrame.com\\\/catalogo\\\/\"},{\"@type\":\"ListItem\",\"position\":2,\"name\":\"Cat\u00e1logo\",\"item\":\"https:\\\/\\\/letrame.com\\\/catalogo\\\/\"},{\"@type\":\"ListItem\",\"position\":3,\"name\":\"Y si la vida&#8230;es un dibujo?\"}]},{\"@type\":\"WebSite\",\"@id\":\"https:\\\/\\\/letrame.com\\\/catalogo\\\/#website\",\"url\":\"https:\\\/\\\/letrame.com\\\/catalogo\\\/\",\"name\":\"Catalogo | Letrame Grupo Editorial\",\"description\":\"\",\"publisher\":{\"@id\":\"https:\\\/\\\/letrame.com\\\/catalogo\\\/#organization\"},\"potentialAction\":[{\"@type\":\"SearchAction\",\"target\":{\"@type\":\"EntryPoint\",\"urlTemplate\":\"https:\\\/\\\/letrame.com\\\/catalogo\\\/?s={search_term_string}\"},\"query-input\":{\"@type\":\"PropertyValueSpecification\",\"valueRequired\":true,\"valueName\":\"search_term_string\"}}],\"inLanguage\":\"es\"},{\"@type\":\"Organization\",\"@id\":\"https:\\\/\\\/letrame.com\\\/catalogo\\\/#organization\",\"name\":\"Catalogo | Letrame Grupo Editorial\",\"url\":\"https:\\\/\\\/letrame.com\\\/catalogo\\\/\",\"logo\":{\"@type\":\"ImageObject\",\"inLanguage\":\"es\",\"@id\":\"https:\\\/\\\/letrame.com\\\/catalogo\\\/#\\\/schema\\\/logo\\\/image\\\/\",\"url\":\"https:\\\/\\\/letrame.com\\\/catalogo\\\/wp-content\\\/uploads\\\/2024\\\/03\\\/logo2.webp\",\"contentUrl\":\"https:\\\/\\\/letrame.com\\\/catalogo\\\/wp-content\\\/uploads\\\/2024\\\/03\\\/logo2.webp\",\"width\":394,\"height\":128,\"caption\":\"Catalogo | Letrame Grupo Editorial\"},\"image\":{\"@id\":\"https:\\\/\\\/letrame.com\\\/catalogo\\\/#\\\/schema\\\/logo\\\/image\\\/\"}}]}<\/script>\n<!-- \/ Yoast SEO plugin. -->","yoast_head_json":{"title":"Y si la vida...es un dibujo? - Catalogo | Letrame Grupo Editorial","robots":{"index":"index","follow":"follow","max-snippet":"max-snippet:-1","max-image-preview":"max-image-preview:large","max-video-preview":"max-video-preview:-1"},"canonical":"https:\/\/letrame.com\/catalogo\/producto\/y-si-la-vida-es-un-dibujo\/","og_locale":"es_ES","og_type":"article","og_title":"Y si la vida...es un dibujo? - Catalogo | Letrame Grupo Editorial","og_description":"ISBN:\u00a0979-13-7012-168-6 SINOPSIS \u00bfTe imaginas que tu vida fuera un dibujo? \u00bfQu\u00e9 colores le pondr\u00edas, \u00bfqu\u00e9 personajes te gustar\u00eda que estuvieran all\u00ed contigo?, \u00bfqu\u00e9 tipo de trazos te representar\u00edan?, \u00bfcu\u00e1l ser\u00eda ese estilo propio que quieras darle a tu dibujo? En mi caso escog\u00ed los colores m\u00e1s vivos y contrastantes que transmiten luz y alegr\u00eda, las l\u00edneas del contorno negras, firmes y continuas, los personajes principales y que usualmente me acompa\u00f1an son mi familia y las mascotas de la casa, los escenarios son aquellos de la vida cotidiana en casa, en la calle, al aire libre, en cada lugar d\u00f3nde solemos pasar el d\u00eda a d\u00eda. Este libro es una narraci\u00f3n propia, ilustrada por m\u00ed, donde de manera anecd\u00f3tica y agradable relato algunos momentos de mi vida, que se han convertido en la materia prima para iniciar un proceso de reconexi\u00f3n con m\u00ed esencia, con mis dones y con m\u00ed luz interior. La vida est\u00e1 hecha de momentos, situaciones y personas que se mezclan a trav\u00e9s de nuestro diario trascurrir. Cada una de \u00e9stas traen consigo, sus propios colores, sus luces y sus sombras, sus trazados, su propio estilo y entre ellas eres t\u00fa quien crea, dise\u00f1a y dispone c\u00f3mo quieres que sea esa obra de arte maravillosa y para qu\u00e9 est\u00e1 creada. En este libro encontrar\u00e1s mucha inspiraci\u00f3n, mucha luz, mucho amor, mucho color, muchas coincidencias, otras no tantas, y muchos mensajes que tocar\u00e1n tu alma y te har\u00e1n sentir que no est\u00e1s s\u00f3lo en este mundo. Deseo inmensamente que, as\u00ed como Yo disfrut\u00e9 el recopilar estos mensajes, recorrer mi historia y poner en palabras mucho de lo que soy, T\u00fa puedas encontrar aqu\u00ed la inspiraci\u00f3n que necesitas en tu alma y que en mi caso ha sido iluminada por la fuente inagotable de amor que es Dios para m\u00ed.","og_url":"https:\/\/letrame.com\/catalogo\/producto\/y-si-la-vida-es-un-dibujo\/","og_site_name":"Catalogo | Letrame Grupo Editorial","article_modified_time":"2025-12-26T12:23:21+00:00","og_image":[{"width":2560,"height":2362,"url":"https:\/\/letrame.com\/catalogo\/wp-content\/uploads\/2025\/12\/ysilavida._1325mm3-1-scaled.jpg","type":"image\/jpeg"}],"twitter_card":"summary_large_image","twitter_misc":{"Tiempo de lectura":"2 minutos"},"schema":{"@context":"https:\/\/schema.org","@graph":[{"@type":"WebPage","@id":"https:\/\/letrame.com\/catalogo\/producto\/y-si-la-vida-es-un-dibujo\/","url":"https:\/\/letrame.com\/catalogo\/producto\/y-si-la-vida-es-un-dibujo\/","name":"Y si la vida...es un dibujo? - Catalogo | Letrame Grupo Editorial","isPartOf":{"@id":"https:\/\/letrame.com\/catalogo\/#website"},"primaryImageOfPage":{"@id":"https:\/\/letrame.com\/catalogo\/producto\/y-si-la-vida-es-un-dibujo\/#primaryimage"},"image":{"@id":"https:\/\/letrame.com\/catalogo\/producto\/y-si-la-vida-es-un-dibujo\/#primaryimage"},"thumbnailUrl":"https:\/\/letrame.com\/catalogo\/wp-content\/uploads\/2025\/12\/ysilavida._1325mm3-1-scaled.jpg","datePublished":"2025-12-26T12:23:20+00:00","dateModified":"2025-12-26T12:23:21+00:00","breadcrumb":{"@id":"https:\/\/letrame.com\/catalogo\/producto\/y-si-la-vida-es-un-dibujo\/#breadcrumb"},"inLanguage":"es","potentialAction":[{"@type":"ReadAction","target":["https:\/\/letrame.com\/catalogo\/producto\/y-si-la-vida-es-un-dibujo\/"]}]},{"@type":"ImageObject","inLanguage":"es","@id":"https:\/\/letrame.com\/catalogo\/producto\/y-si-la-vida-es-un-dibujo\/#primaryimage","url":"https:\/\/letrame.com\/catalogo\/wp-content\/uploads\/2025\/12\/ysilavida._1325mm3-1-scaled.jpg","contentUrl":"https:\/\/letrame.com\/catalogo\/wp-content\/uploads\/2025\/12\/ysilavida._1325mm3-1-scaled.jpg","width":2560,"height":2362},{"@type":"BreadcrumbList","@id":"https:\/\/letrame.com\/catalogo\/producto\/y-si-la-vida-es-un-dibujo\/#breadcrumb","itemListElement":[{"@type":"ListItem","position":1,"name":"Portada","item":"https:\/\/letrame.com\/catalogo\/"},{"@type":"ListItem","position":2,"name":"Cat\u00e1logo","item":"https:\/\/letrame.com\/catalogo\/"},{"@type":"ListItem","position":3,"name":"Y si la vida&#8230;es un dibujo?"}]},{"@type":"WebSite","@id":"https:\/\/letrame.com\/catalogo\/#website","url":"https:\/\/letrame.com\/catalogo\/","name":"Catalogo | Letrame Grupo Editorial","description":"","publisher":{"@id":"https:\/\/letrame.com\/catalogo\/#organization"},"potentialAction":[{"@type":"SearchAction","target":{"@type":"EntryPoint","urlTemplate":"https:\/\/letrame.com\/catalogo\/?s={search_term_string}"},"query-input":{"@type":"PropertyValueSpecification","valueRequired":true,"valueName":"search_term_string"}}],"inLanguage":"es"},{"@type":"Organization","@id":"https:\/\/letrame.com\/catalogo\/#organization","name":"Catalogo | Letrame Grupo Editorial","url":"https:\/\/letrame.com\/catalogo\/","logo":{"@type":"ImageObject","inLanguage":"es","@id":"https:\/\/letrame.com\/catalogo\/#\/schema\/logo\/image\/","url":"https:\/\/letrame.com\/catalogo\/wp-content\/uploads\/2024\/03\/logo2.webp","contentUrl":"https:\/\/letrame.com\/catalogo\/wp-content\/uploads\/2024\/03\/logo2.webp","width":394,"height":128,"caption":"Catalogo | Letrame Grupo Editorial"},"image":{"@id":"https:\/\/letrame.com\/catalogo\/#\/schema\/logo\/image\/"}}]}},"_links":{"self":[{"href":"https:\/\/letrame.com\/catalogo\/wp-json\/wp\/v2\/product\/110402","targetHints":{"allow":["GET"]}}],"collection":[{"href":"https:\/\/letrame.com\/catalogo\/wp-json\/wp\/v2\/product"}],"about":[{"href":"https:\/\/letrame.com\/catalogo\/wp-json\/wp\/v2\/types\/product"}],"replies":[{"embeddable":true,"href":"https:\/\/letrame.com\/catalogo\/wp-json\/wp\/v2\/comments?post=110402"}],"acf:post":[{"embeddable":true,"href":"https:\/\/letrame.com\/catalogo\/wp-json\/wp\/v2\/author_book\/110403"}],"wp:featuredmedia":[{"embeddable":true,"href":"https:\/\/letrame.com\/catalogo\/wp-json\/wp\/v2\/media\/110407"}],"wp:attachment":[{"href":"https:\/\/letrame.com\/catalogo\/wp-json\/wp\/v2\/media?parent=110402"}],"wp:term":[{"taxonomy":"libro","embeddable":true,"href":"https:\/\/letrame.com\/catalogo\/wp-json\/wp\/v2\/libro?post=110402"},{"taxonomy":"product_brand","embeddable":true,"href":"https:\/\/letrame.com\/catalogo\/wp-json\/wp\/v2\/product_brand?post=110402"},{"taxonomy":"product_cat","embeddable":true,"href":"https:\/\/letrame.com\/catalogo\/wp-json\/wp\/v2\/product_cat?post=110402"},{"taxonomy":"product_tag","embeddable":true,"href":"https:\/\/letrame.com\/catalogo\/wp-json\/wp\/v2\/product_tag?post=110402"}],"curies":[{"name":"wp","href":"https:\/\/api.w.org\/{rel}","templated":true}]}}