{"id":110021,"date":"2025-12-12T12:44:51","date_gmt":"2025-12-12T11:44:51","guid":{"rendered":"https:\/\/letrame.com\/catalogo\/?post_type=product&#038;p=110021"},"modified":"2025-12-12T12:47:42","modified_gmt":"2025-12-12T11:47:42","slug":"tras-las-paredes","status":"publish","type":"product","link":"https:\/\/letrame.com\/catalogo\/producto\/tras-las-paredes\/","title":{"rendered":"Tras las paredes"},"content":{"rendered":"<p class=\"p1\"><b>ISBN: 9791370290115<\/b><b><\/b><\/p>\n<p class=\"p1\"><b>T\u00edtulo: Tras las paredes<\/b><b><\/b><\/p>\n<p class=\"p1\"><b>Fecha: 2025<\/b><b><\/b><\/p>\n<p class=\"p1\"><b>P\u00e1ginas: 330<\/b><b><\/b><\/p>\n<p class=\"p1\"><b>SINOPSIS<\/b><\/p>\n<p>Hay cosas que no se anotan en las bit\u00e1coras de obra. Secretos que no figuran en los planos. Silencios que retumban m\u00e1s fuerte que cualquier maquinaria.<br \/>\nTras las paredes nos sumerge en el lado oculto de la industria de la construcci\u00f3n, donde la ambici\u00f3n, el poder y la corrupci\u00f3n se entrelazan con la rutina diaria. A trav\u00e9s de una narrativa que mezcla hechos inquietantemente reales con ficci\u00f3n envolvente, el lector descubrir\u00e1 que no todo colapso se da por fallas estructurales&#8230; algunos comienzan desde la gesti\u00f3n. Pero este libro no es solo una colecci\u00f3n de historias sombr\u00edas. Tambi\u00e9n es una gu\u00eda cr\u00edtica que propone estrategias para transformar las organizaciones, reconstruir liderazgos y evitar que estas malas pr\u00e1cticas se repitan.<br \/>\nSi alguna vez te has preguntado qu\u00e9 se esconde detr\u00e1s de una obra aparentemente perfecta&#8230; este libro es para ti.<br \/>\nAtr\u00e9vete a mirar tras las paredes&#8230; pero hazlo bajo tu propio riesgo.<\/p>\n","protected":false},"excerpt":{"rendered":"<p><b>ISBN: 9791370290115<\/b><\/p>\n<p class=\"p1\"><b>SINOPSIS<\/b><\/p>\n<p>Hay cosas que no se anotan en las bit\u00e1coras de obra. Secretos que no figuran en los planos. Silencios que retumban m\u00e1s fuerte que cualquier maquinaria.<br \/>\nTras las paredes nos sumerge en el lado oculto de la industria de la construcci\u00f3n, donde la ambici\u00f3n, el poder y la corrupci\u00f3n se entrelazan con la rutina diaria. A trav\u00e9s de una narrativa que mezcla hechos inquietantemente reales con ficci\u00f3n envolvente, el lector descubrir\u00e1 que no todo colapso se da por fallas estructurales&#8230; algunos comienzan desde la gesti\u00f3n. Pero este libro no es solo una colecci\u00f3n de historias sombr\u00edas. Tambi\u00e9n es una gu\u00eda cr\u00edtica que propone estrategias para transformar las organizaciones, reconstruir liderazgos y evitar que estas malas pr\u00e1cticas se repitan.<br \/>\nSi alguna vez te has preguntado qu\u00e9 se esconde detr\u00e1s de una obra aparentemente perfecta&#8230; este libro es para ti.<br \/>\nAtr\u00e9vete a mirar tras las paredes&#8230; pero hazlo bajo tu propio riesgo.<\/p>\n","protected":false},"featured_media":110022,"comment_status":"open","ping_status":"closed","template":"","meta":{"_acf_changed":false},"libro":[],"product_brand":[],"product_cat":[110],"product_tag":[],"class_list":{"0":"post-110021","1":"product","2":"type-product","3":"status-publish","4":"has-post-thumbnail","6":"product_cat-hechos-reales","8":"first","9":"instock","10":"shipping-taxable","11":"product-type-simple"},"acf":{"autor":[110023],"enlace_de_compra":"https:\/\/www.amazon.es\/Tras-las-paredes-No-ficci%C3%B3n\/dp\/B0G39SRW11\/ref=sr_1_1?__mk_es_ES=%C3%85M%C3%85%C5%BD%C3%95%C3%91&crid=2JIX3S35O0IMH&dib=eyJ2IjoiMSJ9.ekNLhRTbzD_AkO4SRs1lIA.xE5nicVe98VCHRzBP1DZYcuX-buMCNKAPJqOGk_CsjU&dib_tag=se&keywords=tras+las+paredes+letrame&qid=1765539616&s=books&sprefix=tras+las+paredes+letrame%2Cstripbooks%2C58&sr=1-1"},"yoast_head":"<!-- This site is optimized with the Yoast SEO plugin v27.4 - https:\/\/yoast.com\/product\/yoast-seo-wordpress\/ -->\n<title>Tras las paredes - Catalogo | Letrame Grupo Editorial<\/title>\n<meta name=\"robots\" content=\"index, follow, max-snippet:-1, max-image-preview:large, max-video-preview:-1\" \/>\n<link rel=\"canonical\" href=\"https:\/\/letrame.com\/catalogo\/producto\/tras-las-paredes\/\" \/>\n<meta property=\"og:locale\" content=\"es_ES\" \/>\n<meta property=\"og:type\" content=\"article\" \/>\n<meta property=\"og:title\" content=\"Tras las paredes - Catalogo | Letrame Grupo Editorial\" \/>\n<meta property=\"og:description\" content=\"ISBN: 9791370290115 SINOPSIS Hay cosas que no se anotan en las bit\u00e1coras de obra. Secretos que no figuran en los planos. Silencios que retumban m\u00e1s fuerte que cualquier maquinaria. Tras las paredes nos sumerge en el lado oculto de la industria de la construcci\u00f3n, donde la ambici\u00f3n, el poder y la corrupci\u00f3n se entrelazan con la rutina diaria. A trav\u00e9s de una narrativa que mezcla hechos inquietantemente reales con ficci\u00f3n envolvente, el lector descubrir\u00e1 que no todo colapso se da por fallas estructurales... algunos comienzan desde la gesti\u00f3n. Pero este libro no es solo una colecci\u00f3n de historias sombr\u00edas. Tambi\u00e9n es una gu\u00eda cr\u00edtica que propone estrategias para transformar las organizaciones, reconstruir liderazgos y evitar que estas malas pr\u00e1cticas se repitan. Si alguna vez te has preguntado qu\u00e9 se esconde detr\u00e1s de una obra aparentemente perfecta... este libro es para ti. Atr\u00e9vete a mirar tras las paredes... pero hazlo bajo tu propio riesgo.\" \/>\n<meta property=\"og:url\" content=\"https:\/\/letrame.com\/catalogo\/producto\/tras-las-paredes\/\" \/>\n<meta property=\"og:site_name\" content=\"Catalogo | Letrame Grupo Editorial\" \/>\n<meta property=\"article:modified_time\" content=\"2025-12-12T11:47:42+00:00\" \/>\n<meta property=\"og:image\" content=\"https:\/\/letrame.com\/catalogo\/wp-content\/uploads\/2025\/12\/traslasparedes_162mm4.gif\" \/>\n\t<meta property=\"og:image:width\" content=\"384\" \/>\n\t<meta property=\"og:image:height\" content=\"563\" \/>\n\t<meta property=\"og:image:type\" content=\"image\/gif\" \/>\n<meta name=\"twitter:card\" content=\"summary_large_image\" \/>\n<meta name=\"twitter:label1\" content=\"Tiempo de lectura\" \/>\n\t<meta name=\"twitter:data1\" content=\"1 minuto\" \/>\n<script type=\"application\/ld+json\" class=\"yoast-schema-graph\">{\"@context\":\"https:\\\/\\\/schema.org\",\"@graph\":[{\"@type\":\"WebPage\",\"@id\":\"https:\\\/\\\/letrame.com\\\/catalogo\\\/producto\\\/tras-las-paredes\\\/\",\"url\":\"https:\\\/\\\/letrame.com\\\/catalogo\\\/producto\\\/tras-las-paredes\\\/\",\"name\":\"Tras las paredes - Catalogo | Letrame Grupo Editorial\",\"isPartOf\":{\"@id\":\"https:\\\/\\\/letrame.com\\\/catalogo\\\/#website\"},\"primaryImageOfPage\":{\"@id\":\"https:\\\/\\\/letrame.com\\\/catalogo\\\/producto\\\/tras-las-paredes\\\/#primaryimage\"},\"image\":{\"@id\":\"https:\\\/\\\/letrame.com\\\/catalogo\\\/producto\\\/tras-las-paredes\\\/#primaryimage\"},\"thumbnailUrl\":\"https:\\\/\\\/letrame.com\\\/catalogo\\\/wp-content\\\/uploads\\\/2025\\\/12\\\/traslasparedes_162mm4.gif\",\"datePublished\":\"2025-12-12T11:44:51+00:00\",\"dateModified\":\"2025-12-12T11:47:42+00:00\",\"breadcrumb\":{\"@id\":\"https:\\\/\\\/letrame.com\\\/catalogo\\\/producto\\\/tras-las-paredes\\\/#breadcrumb\"},\"inLanguage\":\"es\",\"potentialAction\":[{\"@type\":\"ReadAction\",\"target\":[\"https:\\\/\\\/letrame.com\\\/catalogo\\\/producto\\\/tras-las-paredes\\\/\"]}]},{\"@type\":\"ImageObject\",\"inLanguage\":\"es\",\"@id\":\"https:\\\/\\\/letrame.com\\\/catalogo\\\/producto\\\/tras-las-paredes\\\/#primaryimage\",\"url\":\"https:\\\/\\\/letrame.com\\\/catalogo\\\/wp-content\\\/uploads\\\/2025\\\/12\\\/traslasparedes_162mm4.gif\",\"contentUrl\":\"https:\\\/\\\/letrame.com\\\/catalogo\\\/wp-content\\\/uploads\\\/2025\\\/12\\\/traslasparedes_162mm4.gif\",\"width\":384,\"height\":563},{\"@type\":\"BreadcrumbList\",\"@id\":\"https:\\\/\\\/letrame.com\\\/catalogo\\\/producto\\\/tras-las-paredes\\\/#breadcrumb\",\"itemListElement\":[{\"@type\":\"ListItem\",\"position\":1,\"name\":\"Portada\",\"item\":\"https:\\\/\\\/letrame.com\\\/catalogo\\\/\"},{\"@type\":\"ListItem\",\"position\":2,\"name\":\"Cat\u00e1logo\",\"item\":\"https:\\\/\\\/letrame.com\\\/catalogo\\\/\"},{\"@type\":\"ListItem\",\"position\":3,\"name\":\"Tras las paredes\"}]},{\"@type\":\"WebSite\",\"@id\":\"https:\\\/\\\/letrame.com\\\/catalogo\\\/#website\",\"url\":\"https:\\\/\\\/letrame.com\\\/catalogo\\\/\",\"name\":\"Catalogo | Letrame Grupo Editorial\",\"description\":\"\",\"publisher\":{\"@id\":\"https:\\\/\\\/letrame.com\\\/catalogo\\\/#organization\"},\"potentialAction\":[{\"@type\":\"SearchAction\",\"target\":{\"@type\":\"EntryPoint\",\"urlTemplate\":\"https:\\\/\\\/letrame.com\\\/catalogo\\\/?s={search_term_string}\"},\"query-input\":{\"@type\":\"PropertyValueSpecification\",\"valueRequired\":true,\"valueName\":\"search_term_string\"}}],\"inLanguage\":\"es\"},{\"@type\":\"Organization\",\"@id\":\"https:\\\/\\\/letrame.com\\\/catalogo\\\/#organization\",\"name\":\"Catalogo | Letrame Grupo Editorial\",\"url\":\"https:\\\/\\\/letrame.com\\\/catalogo\\\/\",\"logo\":{\"@type\":\"ImageObject\",\"inLanguage\":\"es\",\"@id\":\"https:\\\/\\\/letrame.com\\\/catalogo\\\/#\\\/schema\\\/logo\\\/image\\\/\",\"url\":\"https:\\\/\\\/letrame.com\\\/catalogo\\\/wp-content\\\/uploads\\\/2024\\\/03\\\/logo2.webp\",\"contentUrl\":\"https:\\\/\\\/letrame.com\\\/catalogo\\\/wp-content\\\/uploads\\\/2024\\\/03\\\/logo2.webp\",\"width\":394,\"height\":128,\"caption\":\"Catalogo | Letrame Grupo Editorial\"},\"image\":{\"@id\":\"https:\\\/\\\/letrame.com\\\/catalogo\\\/#\\\/schema\\\/logo\\\/image\\\/\"}}]}<\/script>\n<!-- \/ Yoast SEO plugin. -->","yoast_head_json":{"title":"Tras las paredes - Catalogo | Letrame Grupo Editorial","robots":{"index":"index","follow":"follow","max-snippet":"max-snippet:-1","max-image-preview":"max-image-preview:large","max-video-preview":"max-video-preview:-1"},"canonical":"https:\/\/letrame.com\/catalogo\/producto\/tras-las-paredes\/","og_locale":"es_ES","og_type":"article","og_title":"Tras las paredes - Catalogo | Letrame Grupo Editorial","og_description":"ISBN: 9791370290115 SINOPSIS Hay cosas que no se anotan en las bit\u00e1coras de obra. Secretos que no figuran en los planos. Silencios que retumban m\u00e1s fuerte que cualquier maquinaria. Tras las paredes nos sumerge en el lado oculto de la industria de la construcci\u00f3n, donde la ambici\u00f3n, el poder y la corrupci\u00f3n se entrelazan con la rutina diaria. A trav\u00e9s de una narrativa que mezcla hechos inquietantemente reales con ficci\u00f3n envolvente, el lector descubrir\u00e1 que no todo colapso se da por fallas estructurales... algunos comienzan desde la gesti\u00f3n. Pero este libro no es solo una colecci\u00f3n de historias sombr\u00edas. Tambi\u00e9n es una gu\u00eda cr\u00edtica que propone estrategias para transformar las organizaciones, reconstruir liderazgos y evitar que estas malas pr\u00e1cticas se repitan. Si alguna vez te has preguntado qu\u00e9 se esconde detr\u00e1s de una obra aparentemente perfecta... este libro es para ti. Atr\u00e9vete a mirar tras las paredes... pero hazlo bajo tu propio riesgo.","og_url":"https:\/\/letrame.com\/catalogo\/producto\/tras-las-paredes\/","og_site_name":"Catalogo | Letrame Grupo Editorial","article_modified_time":"2025-12-12T11:47:42+00:00","og_image":[{"width":384,"height":563,"url":"https:\/\/letrame.com\/catalogo\/wp-content\/uploads\/2025\/12\/traslasparedes_162mm4.gif","type":"image\/gif"}],"twitter_card":"summary_large_image","twitter_misc":{"Tiempo de lectura":"1 minuto"},"schema":{"@context":"https:\/\/schema.org","@graph":[{"@type":"WebPage","@id":"https:\/\/letrame.com\/catalogo\/producto\/tras-las-paredes\/","url":"https:\/\/letrame.com\/catalogo\/producto\/tras-las-paredes\/","name":"Tras las paredes - Catalogo | Letrame Grupo Editorial","isPartOf":{"@id":"https:\/\/letrame.com\/catalogo\/#website"},"primaryImageOfPage":{"@id":"https:\/\/letrame.com\/catalogo\/producto\/tras-las-paredes\/#primaryimage"},"image":{"@id":"https:\/\/letrame.com\/catalogo\/producto\/tras-las-paredes\/#primaryimage"},"thumbnailUrl":"https:\/\/letrame.com\/catalogo\/wp-content\/uploads\/2025\/12\/traslasparedes_162mm4.gif","datePublished":"2025-12-12T11:44:51+00:00","dateModified":"2025-12-12T11:47:42+00:00","breadcrumb":{"@id":"https:\/\/letrame.com\/catalogo\/producto\/tras-las-paredes\/#breadcrumb"},"inLanguage":"es","potentialAction":[{"@type":"ReadAction","target":["https:\/\/letrame.com\/catalogo\/producto\/tras-las-paredes\/"]}]},{"@type":"ImageObject","inLanguage":"es","@id":"https:\/\/letrame.com\/catalogo\/producto\/tras-las-paredes\/#primaryimage","url":"https:\/\/letrame.com\/catalogo\/wp-content\/uploads\/2025\/12\/traslasparedes_162mm4.gif","contentUrl":"https:\/\/letrame.com\/catalogo\/wp-content\/uploads\/2025\/12\/traslasparedes_162mm4.gif","width":384,"height":563},{"@type":"BreadcrumbList","@id":"https:\/\/letrame.com\/catalogo\/producto\/tras-las-paredes\/#breadcrumb","itemListElement":[{"@type":"ListItem","position":1,"name":"Portada","item":"https:\/\/letrame.com\/catalogo\/"},{"@type":"ListItem","position":2,"name":"Cat\u00e1logo","item":"https:\/\/letrame.com\/catalogo\/"},{"@type":"ListItem","position":3,"name":"Tras las paredes"}]},{"@type":"WebSite","@id":"https:\/\/letrame.com\/catalogo\/#website","url":"https:\/\/letrame.com\/catalogo\/","name":"Catalogo | Letrame Grupo Editorial","description":"","publisher":{"@id":"https:\/\/letrame.com\/catalogo\/#organization"},"potentialAction":[{"@type":"SearchAction","target":{"@type":"EntryPoint","urlTemplate":"https:\/\/letrame.com\/catalogo\/?s={search_term_string}"},"query-input":{"@type":"PropertyValueSpecification","valueRequired":true,"valueName":"search_term_string"}}],"inLanguage":"es"},{"@type":"Organization","@id":"https:\/\/letrame.com\/catalogo\/#organization","name":"Catalogo | Letrame Grupo Editorial","url":"https:\/\/letrame.com\/catalogo\/","logo":{"@type":"ImageObject","inLanguage":"es","@id":"https:\/\/letrame.com\/catalogo\/#\/schema\/logo\/image\/","url":"https:\/\/letrame.com\/catalogo\/wp-content\/uploads\/2024\/03\/logo2.webp","contentUrl":"https:\/\/letrame.com\/catalogo\/wp-content\/uploads\/2024\/03\/logo2.webp","width":394,"height":128,"caption":"Catalogo | Letrame Grupo Editorial"},"image":{"@id":"https:\/\/letrame.com\/catalogo\/#\/schema\/logo\/image\/"}}]}},"_links":{"self":[{"href":"https:\/\/letrame.com\/catalogo\/wp-json\/wp\/v2\/product\/110021","targetHints":{"allow":["GET"]}}],"collection":[{"href":"https:\/\/letrame.com\/catalogo\/wp-json\/wp\/v2\/product"}],"about":[{"href":"https:\/\/letrame.com\/catalogo\/wp-json\/wp\/v2\/types\/product"}],"replies":[{"embeddable":true,"href":"https:\/\/letrame.com\/catalogo\/wp-json\/wp\/v2\/comments?post=110021"}],"acf:post":[{"embeddable":true,"href":"https:\/\/letrame.com\/catalogo\/wp-json\/wp\/v2\/author_book\/110023"}],"wp:featuredmedia":[{"embeddable":true,"href":"https:\/\/letrame.com\/catalogo\/wp-json\/wp\/v2\/media\/110022"}],"wp:attachment":[{"href":"https:\/\/letrame.com\/catalogo\/wp-json\/wp\/v2\/media?parent=110021"}],"wp:term":[{"taxonomy":"libro","embeddable":true,"href":"https:\/\/letrame.com\/catalogo\/wp-json\/wp\/v2\/libro?post=110021"},{"taxonomy":"product_brand","embeddable":true,"href":"https:\/\/letrame.com\/catalogo\/wp-json\/wp\/v2\/product_brand?post=110021"},{"taxonomy":"product_cat","embeddable":true,"href":"https:\/\/letrame.com\/catalogo\/wp-json\/wp\/v2\/product_cat?post=110021"},{"taxonomy":"product_tag","embeddable":true,"href":"https:\/\/letrame.com\/catalogo\/wp-json\/wp\/v2\/product_tag?post=110021"}],"curies":[{"name":"wp","href":"https:\/\/api.w.org\/{rel}","templated":true}]}}