{"id":109930,"date":"2025-12-09T13:53:41","date_gmt":"2025-12-09T12:53:41","guid":{"rendered":"https:\/\/letrame.com\/catalogo\/?post_type=product&#038;p=109930"},"modified":"2025-12-09T13:59:23","modified_gmt":"2025-12-09T12:59:23","slug":"narraciones-y-poemas","status":"publish","type":"product","link":"https:\/\/letrame.com\/catalogo\/producto\/narraciones-y-poemas\/","title":{"rendered":"Narraciones y poemas"},"content":{"rendered":"<p class=\"p1\"><b>ISBN: 9791370129064<\/b><b><\/b><\/p>\n<p class=\"p1\"><b>T\u00edtulo: Narraciones y poemas<\/b><b><\/b><\/p>\n<p class=\"p1\"><b>Fecha: 2025<\/b><b><\/b><\/p>\n<p class=\"p1\"><b>P\u00e1ginas: 140<\/b><b><\/b><\/p>\n<p class=\"p1\"><b>SINOPSIS<\/b><\/p>\n<p>Una idea que compartir. Un relato que contar. Una forma de ideas, fantas\u00edas. Toda una gama de palabras que se combinan para dar forma a un texto que quiz\u00e1s sea lo \u00faltimo que escriba. La idea nace con En el balc\u00f3n de mi mente, primer libro escrito. Nace por un impulso de florecer una quimera, una ilusi\u00f3n fortuita que, as\u00ed como nace se olvida.<br \/>\nEn esta segunda parte deje los poemas m\u00e1s sentidos, las ideas m\u00e1s locas, las narraciones m\u00e1s expresivas de las que ten\u00eda escritas. Todas<br \/>\ntienen un alma que vibra al ser narradas por quien llegue a leerlas. Dejo aqu\u00ed, mi m\u00e1s grato reconocimiento para los que me ayudaron a hacer posible este sue\u00f1o.<br \/>\nMil gracias, Rub\u00e9n Francisco.<\/p>\n","protected":false},"excerpt":{"rendered":"<p><b>ISBN: 9791370129064<\/b><\/p>\n<p class=\"p1\"><b>SINOPSIS<\/b><\/p>\n<p>Una idea que compartir. Un relato que contar. Una forma de ideas, fantas\u00edas. Toda una gama de palabras que se combinan para dar forma a un texto que quiz\u00e1s sea lo \u00faltimo que escriba. La idea nace con En el balc\u00f3n de mi mente, primer libro escrito. Nace por un impulso de florecer una quimera, una ilusi\u00f3n fortuita que, as\u00ed como nace se olvida.<br \/>\nEn esta segunda parte deje los poemas m\u00e1s sentidos, las ideas m\u00e1s locas, las narraciones m\u00e1s expresivas de las que ten\u00eda escritas. Todas<br \/>\ntienen un alma que vibra al ser narradas por quien llegue a leerlas. Dejo aqu\u00ed, mi m\u00e1s grato reconocimiento para los que me ayudaron a hacer posible este sue\u00f1o.<br \/>\nMil gracias, Rub\u00e9n Francisco.<\/p>\n","protected":false},"featured_media":109931,"comment_status":"open","ping_status":"closed","template":"","meta":{"_acf_changed":false},"libro":[],"product_brand":[],"product_cat":[110],"product_tag":[],"class_list":{"0":"post-109930","1":"product","2":"type-product","3":"status-publish","4":"has-post-thumbnail","6":"product_cat-hechos-reales","8":"first","9":"instock","10":"shipping-taxable","11":"product-type-simple"},"acf":{"autor":[109932],"enlace_de_compra":"https:\/\/www.amazon.es\/Narraciones-y-poemas-Rub%C3%A9n-Torres\/dp\/B0G4RNGP4H\/ref=sr_1_1?__mk_es_ES=%C3%85M%C3%85%C5%BD%C3%95%C3%91&crid=27CQD8YSC9ROA&dib=eyJ2IjoiMSJ9.xYlghe22C7ex7hitGJl6Qw.-Hj6EdeTj7TZMjfGipWwcs6s5mauyImQShWOsx0O9m0&dib_tag=se&keywords=narraciones+y+poemas+letrame&qid=1765284358&s=books&sprefix=narraciones+y+poemas+letrame%2Cstripbooks%2C58&sr=1-1"},"yoast_head":"<!-- This site is optimized with the Yoast SEO plugin v27.4 - https:\/\/yoast.com\/product\/yoast-seo-wordpress\/ -->\n<title>Narraciones y poemas - Catalogo | Letrame Grupo Editorial<\/title>\n<meta name=\"robots\" content=\"index, follow, max-snippet:-1, max-image-preview:large, max-video-preview:-1\" \/>\n<link rel=\"canonical\" href=\"https:\/\/letrame.com\/catalogo\/producto\/narraciones-y-poemas\/\" \/>\n<meta property=\"og:locale\" content=\"es_ES\" \/>\n<meta property=\"og:type\" content=\"article\" \/>\n<meta property=\"og:title\" content=\"Narraciones y poemas - Catalogo | Letrame Grupo Editorial\" \/>\n<meta property=\"og:description\" content=\"ISBN: 9791370129064 SINOPSIS Una idea que compartir. Un relato que contar. Una forma de ideas, fantas\u00edas. Toda una gama de palabras que se combinan para dar forma a un texto que quiz\u00e1s sea lo \u00faltimo que escriba. La idea nace con En el balc\u00f3n de mi mente, primer libro escrito. Nace por un impulso de florecer una quimera, una ilusi\u00f3n fortuita que, as\u00ed como nace se olvida. En esta segunda parte deje los poemas m\u00e1s sentidos, las ideas m\u00e1s locas, las narraciones m\u00e1s expresivas de las que ten\u00eda escritas. Todas tienen un alma que vibra al ser narradas por quien llegue a leerlas. Dejo aqu\u00ed, mi m\u00e1s grato reconocimiento para los que me ayudaron a hacer posible este sue\u00f1o. Mil gracias, Rub\u00e9n Francisco.\" \/>\n<meta property=\"og:url\" content=\"https:\/\/letrame.com\/catalogo\/producto\/narraciones-y-poemas\/\" \/>\n<meta property=\"og:site_name\" content=\"Catalogo | Letrame Grupo Editorial\" \/>\n<meta property=\"article:modified_time\" content=\"2025-12-09T12:59:23+00:00\" \/>\n<meta property=\"og:image\" content=\"https:\/\/letrame.com\/catalogo\/wp-content\/uploads\/2025\/12\/narracionesypoemas_753mm4.gif\" \/>\n\t<meta property=\"og:image:width\" content=\"384\" \/>\n\t<meta property=\"og:image:height\" content=\"563\" \/>\n\t<meta property=\"og:image:type\" content=\"image\/gif\" \/>\n<meta name=\"twitter:card\" content=\"summary_large_image\" \/>\n<meta name=\"twitter:label1\" content=\"Tiempo de lectura\" \/>\n\t<meta name=\"twitter:data1\" content=\"1 minuto\" \/>\n<script type=\"application\/ld+json\" class=\"yoast-schema-graph\">{\"@context\":\"https:\\\/\\\/schema.org\",\"@graph\":[{\"@type\":\"WebPage\",\"@id\":\"https:\\\/\\\/letrame.com\\\/catalogo\\\/producto\\\/narraciones-y-poemas\\\/\",\"url\":\"https:\\\/\\\/letrame.com\\\/catalogo\\\/producto\\\/narraciones-y-poemas\\\/\",\"name\":\"Narraciones y poemas - Catalogo | Letrame Grupo Editorial\",\"isPartOf\":{\"@id\":\"https:\\\/\\\/letrame.com\\\/catalogo\\\/#website\"},\"primaryImageOfPage\":{\"@id\":\"https:\\\/\\\/letrame.com\\\/catalogo\\\/producto\\\/narraciones-y-poemas\\\/#primaryimage\"},\"image\":{\"@id\":\"https:\\\/\\\/letrame.com\\\/catalogo\\\/producto\\\/narraciones-y-poemas\\\/#primaryimage\"},\"thumbnailUrl\":\"https:\\\/\\\/letrame.com\\\/catalogo\\\/wp-content\\\/uploads\\\/2025\\\/12\\\/narracionesypoemas_753mm4.gif\",\"datePublished\":\"2025-12-09T12:53:41+00:00\",\"dateModified\":\"2025-12-09T12:59:23+00:00\",\"breadcrumb\":{\"@id\":\"https:\\\/\\\/letrame.com\\\/catalogo\\\/producto\\\/narraciones-y-poemas\\\/#breadcrumb\"},\"inLanguage\":\"es\",\"potentialAction\":[{\"@type\":\"ReadAction\",\"target\":[\"https:\\\/\\\/letrame.com\\\/catalogo\\\/producto\\\/narraciones-y-poemas\\\/\"]}]},{\"@type\":\"ImageObject\",\"inLanguage\":\"es\",\"@id\":\"https:\\\/\\\/letrame.com\\\/catalogo\\\/producto\\\/narraciones-y-poemas\\\/#primaryimage\",\"url\":\"https:\\\/\\\/letrame.com\\\/catalogo\\\/wp-content\\\/uploads\\\/2025\\\/12\\\/narracionesypoemas_753mm4.gif\",\"contentUrl\":\"https:\\\/\\\/letrame.com\\\/catalogo\\\/wp-content\\\/uploads\\\/2025\\\/12\\\/narracionesypoemas_753mm4.gif\",\"width\":384,\"height\":563},{\"@type\":\"BreadcrumbList\",\"@id\":\"https:\\\/\\\/letrame.com\\\/catalogo\\\/producto\\\/narraciones-y-poemas\\\/#breadcrumb\",\"itemListElement\":[{\"@type\":\"ListItem\",\"position\":1,\"name\":\"Portada\",\"item\":\"https:\\\/\\\/letrame.com\\\/catalogo\\\/\"},{\"@type\":\"ListItem\",\"position\":2,\"name\":\"Cat\u00e1logo\",\"item\":\"https:\\\/\\\/letrame.com\\\/catalogo\\\/\"},{\"@type\":\"ListItem\",\"position\":3,\"name\":\"Narraciones y poemas\"}]},{\"@type\":\"WebSite\",\"@id\":\"https:\\\/\\\/letrame.com\\\/catalogo\\\/#website\",\"url\":\"https:\\\/\\\/letrame.com\\\/catalogo\\\/\",\"name\":\"Catalogo | Letrame Grupo Editorial\",\"description\":\"\",\"publisher\":{\"@id\":\"https:\\\/\\\/letrame.com\\\/catalogo\\\/#organization\"},\"potentialAction\":[{\"@type\":\"SearchAction\",\"target\":{\"@type\":\"EntryPoint\",\"urlTemplate\":\"https:\\\/\\\/letrame.com\\\/catalogo\\\/?s={search_term_string}\"},\"query-input\":{\"@type\":\"PropertyValueSpecification\",\"valueRequired\":true,\"valueName\":\"search_term_string\"}}],\"inLanguage\":\"es\"},{\"@type\":\"Organization\",\"@id\":\"https:\\\/\\\/letrame.com\\\/catalogo\\\/#organization\",\"name\":\"Catalogo | Letrame Grupo Editorial\",\"url\":\"https:\\\/\\\/letrame.com\\\/catalogo\\\/\",\"logo\":{\"@type\":\"ImageObject\",\"inLanguage\":\"es\",\"@id\":\"https:\\\/\\\/letrame.com\\\/catalogo\\\/#\\\/schema\\\/logo\\\/image\\\/\",\"url\":\"https:\\\/\\\/letrame.com\\\/catalogo\\\/wp-content\\\/uploads\\\/2024\\\/03\\\/logo2.webp\",\"contentUrl\":\"https:\\\/\\\/letrame.com\\\/catalogo\\\/wp-content\\\/uploads\\\/2024\\\/03\\\/logo2.webp\",\"width\":394,\"height\":128,\"caption\":\"Catalogo | Letrame Grupo Editorial\"},\"image\":{\"@id\":\"https:\\\/\\\/letrame.com\\\/catalogo\\\/#\\\/schema\\\/logo\\\/image\\\/\"}}]}<\/script>\n<!-- \/ Yoast SEO plugin. -->","yoast_head_json":{"title":"Narraciones y poemas - Catalogo | Letrame Grupo Editorial","robots":{"index":"index","follow":"follow","max-snippet":"max-snippet:-1","max-image-preview":"max-image-preview:large","max-video-preview":"max-video-preview:-1"},"canonical":"https:\/\/letrame.com\/catalogo\/producto\/narraciones-y-poemas\/","og_locale":"es_ES","og_type":"article","og_title":"Narraciones y poemas - Catalogo | Letrame Grupo Editorial","og_description":"ISBN: 9791370129064 SINOPSIS Una idea que compartir. Un relato que contar. Una forma de ideas, fantas\u00edas. Toda una gama de palabras que se combinan para dar forma a un texto que quiz\u00e1s sea lo \u00faltimo que escriba. La idea nace con En el balc\u00f3n de mi mente, primer libro escrito. Nace por un impulso de florecer una quimera, una ilusi\u00f3n fortuita que, as\u00ed como nace se olvida. En esta segunda parte deje los poemas m\u00e1s sentidos, las ideas m\u00e1s locas, las narraciones m\u00e1s expresivas de las que ten\u00eda escritas. Todas tienen un alma que vibra al ser narradas por quien llegue a leerlas. Dejo aqu\u00ed, mi m\u00e1s grato reconocimiento para los que me ayudaron a hacer posible este sue\u00f1o. Mil gracias, Rub\u00e9n Francisco.","og_url":"https:\/\/letrame.com\/catalogo\/producto\/narraciones-y-poemas\/","og_site_name":"Catalogo | Letrame Grupo Editorial","article_modified_time":"2025-12-09T12:59:23+00:00","og_image":[{"width":384,"height":563,"url":"https:\/\/letrame.com\/catalogo\/wp-content\/uploads\/2025\/12\/narracionesypoemas_753mm4.gif","type":"image\/gif"}],"twitter_card":"summary_large_image","twitter_misc":{"Tiempo de lectura":"1 minuto"},"schema":{"@context":"https:\/\/schema.org","@graph":[{"@type":"WebPage","@id":"https:\/\/letrame.com\/catalogo\/producto\/narraciones-y-poemas\/","url":"https:\/\/letrame.com\/catalogo\/producto\/narraciones-y-poemas\/","name":"Narraciones y poemas - Catalogo | Letrame Grupo Editorial","isPartOf":{"@id":"https:\/\/letrame.com\/catalogo\/#website"},"primaryImageOfPage":{"@id":"https:\/\/letrame.com\/catalogo\/producto\/narraciones-y-poemas\/#primaryimage"},"image":{"@id":"https:\/\/letrame.com\/catalogo\/producto\/narraciones-y-poemas\/#primaryimage"},"thumbnailUrl":"https:\/\/letrame.com\/catalogo\/wp-content\/uploads\/2025\/12\/narracionesypoemas_753mm4.gif","datePublished":"2025-12-09T12:53:41+00:00","dateModified":"2025-12-09T12:59:23+00:00","breadcrumb":{"@id":"https:\/\/letrame.com\/catalogo\/producto\/narraciones-y-poemas\/#breadcrumb"},"inLanguage":"es","potentialAction":[{"@type":"ReadAction","target":["https:\/\/letrame.com\/catalogo\/producto\/narraciones-y-poemas\/"]}]},{"@type":"ImageObject","inLanguage":"es","@id":"https:\/\/letrame.com\/catalogo\/producto\/narraciones-y-poemas\/#primaryimage","url":"https:\/\/letrame.com\/catalogo\/wp-content\/uploads\/2025\/12\/narracionesypoemas_753mm4.gif","contentUrl":"https:\/\/letrame.com\/catalogo\/wp-content\/uploads\/2025\/12\/narracionesypoemas_753mm4.gif","width":384,"height":563},{"@type":"BreadcrumbList","@id":"https:\/\/letrame.com\/catalogo\/producto\/narraciones-y-poemas\/#breadcrumb","itemListElement":[{"@type":"ListItem","position":1,"name":"Portada","item":"https:\/\/letrame.com\/catalogo\/"},{"@type":"ListItem","position":2,"name":"Cat\u00e1logo","item":"https:\/\/letrame.com\/catalogo\/"},{"@type":"ListItem","position":3,"name":"Narraciones y poemas"}]},{"@type":"WebSite","@id":"https:\/\/letrame.com\/catalogo\/#website","url":"https:\/\/letrame.com\/catalogo\/","name":"Catalogo | Letrame Grupo Editorial","description":"","publisher":{"@id":"https:\/\/letrame.com\/catalogo\/#organization"},"potentialAction":[{"@type":"SearchAction","target":{"@type":"EntryPoint","urlTemplate":"https:\/\/letrame.com\/catalogo\/?s={search_term_string}"},"query-input":{"@type":"PropertyValueSpecification","valueRequired":true,"valueName":"search_term_string"}}],"inLanguage":"es"},{"@type":"Organization","@id":"https:\/\/letrame.com\/catalogo\/#organization","name":"Catalogo | Letrame Grupo Editorial","url":"https:\/\/letrame.com\/catalogo\/","logo":{"@type":"ImageObject","inLanguage":"es","@id":"https:\/\/letrame.com\/catalogo\/#\/schema\/logo\/image\/","url":"https:\/\/letrame.com\/catalogo\/wp-content\/uploads\/2024\/03\/logo2.webp","contentUrl":"https:\/\/letrame.com\/catalogo\/wp-content\/uploads\/2024\/03\/logo2.webp","width":394,"height":128,"caption":"Catalogo | Letrame Grupo Editorial"},"image":{"@id":"https:\/\/letrame.com\/catalogo\/#\/schema\/logo\/image\/"}}]}},"_links":{"self":[{"href":"https:\/\/letrame.com\/catalogo\/wp-json\/wp\/v2\/product\/109930","targetHints":{"allow":["GET"]}}],"collection":[{"href":"https:\/\/letrame.com\/catalogo\/wp-json\/wp\/v2\/product"}],"about":[{"href":"https:\/\/letrame.com\/catalogo\/wp-json\/wp\/v2\/types\/product"}],"replies":[{"embeddable":true,"href":"https:\/\/letrame.com\/catalogo\/wp-json\/wp\/v2\/comments?post=109930"}],"acf:post":[{"embeddable":true,"href":"https:\/\/letrame.com\/catalogo\/wp-json\/wp\/v2\/author_book\/109932"}],"wp:featuredmedia":[{"embeddable":true,"href":"https:\/\/letrame.com\/catalogo\/wp-json\/wp\/v2\/media\/109931"}],"wp:attachment":[{"href":"https:\/\/letrame.com\/catalogo\/wp-json\/wp\/v2\/media?parent=109930"}],"wp:term":[{"taxonomy":"libro","embeddable":true,"href":"https:\/\/letrame.com\/catalogo\/wp-json\/wp\/v2\/libro?post=109930"},{"taxonomy":"product_brand","embeddable":true,"href":"https:\/\/letrame.com\/catalogo\/wp-json\/wp\/v2\/product_brand?post=109930"},{"taxonomy":"product_cat","embeddable":true,"href":"https:\/\/letrame.com\/catalogo\/wp-json\/wp\/v2\/product_cat?post=109930"},{"taxonomy":"product_tag","embeddable":true,"href":"https:\/\/letrame.com\/catalogo\/wp-json\/wp\/v2\/product_tag?post=109930"}],"curies":[{"name":"wp","href":"https:\/\/api.w.org\/{rel}","templated":true}]}}