{"id":109915,"date":"2025-12-05T11:41:18","date_gmt":"2025-12-05T10:41:18","guid":{"rendered":"https:\/\/letrame.com\/catalogo\/?post_type=product&#038;p=109915"},"modified":"2025-12-05T11:46:14","modified_gmt":"2025-12-05T10:46:14","slug":"el-genocidio-de-gaza-como-mal-radical","status":"publish","type":"product","link":"https:\/\/letrame.com\/catalogo\/producto\/el-genocidio-de-gaza-como-mal-radical\/","title":{"rendered":"El genocidio de Gaza como mal radical"},"content":{"rendered":"<p class=\"p1\"><b>ISBN: 9791370290474<\/b><b><\/b><\/p>\n<p class=\"p1\"><b>T\u00edtulo: El genocidio de Gaza como mal radical<\/b><b><\/b><\/p>\n<p class=\"p1\"><b>Fecha: 2025<\/b><b><\/b><\/p>\n<p class=\"p1\"><b>P\u00e1ginas: 116<\/b><b><\/b><\/p>\n<p class=\"p1\"><b>SINOPSIS<\/b><b><\/b><\/p>\n<p>El genocidio de Gaza ser\u00e1 para el siglo XXI lo que el Holocausto jud\u00edo fue para el siglo XX: el prototipo del horror, la sima m\u00e1s profunda de la bajeza humana. Tan solo 80 a\u00f1os median entre la Alemania de Hitler y el Israel de Netanyahu, dos estados que, seg\u00fan Feliciano Mayorga Tarri\u00f1o, actuaron como ejemplos extremos de mal radical: la capacidad humana de infligir sufrimiento absoluto de manera consciente y deliberada.<br \/>\nA trav\u00e9s de un enfoque interdisciplinario que combina filosof\u00eda, \u00e9tica y estudios sobre conflictos, el autor invita al lector a confrontar preguntas inc\u00f3modas:<br \/>\n\u00bfC\u00f3mo afecta el genocidio de Gaza al orden internacional?<br \/>\n\u00bfEs posible seguir confiando en el ser humano despu\u00e9s de esto?<br \/>\n\u00bfQu\u00e9 responsabilidad compartimos como humanidad frente a estas atrocidades? \u00bfC\u00f3mo nombrar ese sentimiento de dolor y rabia compartida ante cr\u00edmenes atroces sobre los que no podemos intervenir? \u00bfTiene la historia sentido?<br \/>\nY, sobre todo, \u00bfmerece existir una especie que perpetra y consiente un sufrimiento semejante?<\/p>\n<p>&nbsp;<\/p>\n","protected":false},"excerpt":{"rendered":"<p><b>ISBN: 9791370290474<\/b><\/p>\n<p class=\"p1\"><b>SINOPSIS<\/b><b><\/b><\/p>\n<p>El genocidio de Gaza ser\u00e1 para el siglo XXI lo que el Holocausto jud\u00edo fue para el siglo XX: el prototipo del horror, la sima m\u00e1s profunda de la bajeza humana. Tan solo 80 a\u00f1os median entre la Alemania de Hitler y el Israel de Netanyahu, dos estados que, seg\u00fan Feliciano Mayorga Tarri\u00f1o, actuaron como ejemplos extremos de mal radical: la capacidad humana de infligir sufrimiento absoluto de manera consciente y deliberada.<br \/>\nA trav\u00e9s de un enfoque interdisciplinario que combina filosof\u00eda, \u00e9tica y estudios sobre conflictos, el autor invita al lector a confrontar preguntas inc\u00f3modas:<br \/>\n\u00bfC\u00f3mo afecta el genocidio de Gaza al orden internacional?<br \/>\n\u00bfEs posible seguir confiando en el ser humano despu\u00e9s de esto?<br \/>\n\u00bfQu\u00e9 responsabilidad compartimos como humanidad frente a estas atrocidades? \u00bfC\u00f3mo nombrar ese sentimiento de dolor y rabia compartida ante cr\u00edmenes atroces sobre los que no podemos intervenir? \u00bfTiene la historia sentido?<br \/>\nY, sobre todo, \u00bfmerece existir una especie que perpetra y consiente un sufrimiento semejante?<\/p>\n","protected":false},"featured_media":109916,"comment_status":"open","ping_status":"closed","template":"","meta":{"_acf_changed":false},"libro":[],"product_brand":[],"product_cat":[110],"product_tag":[],"class_list":{"0":"post-109915","1":"product","2":"type-product","3":"status-publish","4":"has-post-thumbnail","6":"product_cat-hechos-reales","8":"first","9":"instock","10":"shipping-taxable","11":"product-type-simple"},"acf":{"autor":[109917],"enlace_de_compra":"https:\/\/www.amazon.es\/genocidio-Gaza-como-radical-ficci%C3%B3n\/dp\/B0G1CFR9P4\/ref=sr_1_1?__mk_es_ES=%C3%85M%C3%85%C5%BD%C3%95%C3%91&crid=172NH5L2197KY&dib=eyJ2IjoiMSJ9.qOgI8Ch7PTiLsPZV7oXFKQ.ghxI0-CHC4aP5AVUkiRB2Q7M1oMgj3t-wh2tKhdFfGI&dib_tag=se&keywords=el+genocidio+letrame&qid=1764931010&s=books&sprefix=el+genocidio+letrame%2Cstripbooks%2C62&sr=1-1"},"yoast_head":"<!-- This site is optimized with the Yoast SEO plugin v27.4 - https:\/\/yoast.com\/product\/yoast-seo-wordpress\/ -->\n<title>El genocidio de Gaza como mal radical - Catalogo | Letrame Grupo Editorial<\/title>\n<meta name=\"robots\" content=\"index, follow, max-snippet:-1, max-image-preview:large, max-video-preview:-1\" \/>\n<link rel=\"canonical\" href=\"https:\/\/letrame.com\/catalogo\/producto\/el-genocidio-de-gaza-como-mal-radical\/\" \/>\n<meta property=\"og:locale\" content=\"es_ES\" \/>\n<meta property=\"og:type\" content=\"article\" \/>\n<meta property=\"og:title\" content=\"El genocidio de Gaza como mal radical - Catalogo | Letrame Grupo Editorial\" \/>\n<meta property=\"og:description\" content=\"ISBN: 9791370290474 SINOPSIS El genocidio de Gaza ser\u00e1 para el siglo XXI lo que el Holocausto jud\u00edo fue para el siglo XX: el prototipo del horror, la sima m\u00e1s profunda de la bajeza humana. Tan solo 80 a\u00f1os median entre la Alemania de Hitler y el Israel de Netanyahu, dos estados que, seg\u00fan Feliciano Mayorga Tarri\u00f1o, actuaron como ejemplos extremos de mal radical: la capacidad humana de infligir sufrimiento absoluto de manera consciente y deliberada. A trav\u00e9s de un enfoque interdisciplinario que combina filosof\u00eda, \u00e9tica y estudios sobre conflictos, el autor invita al lector a confrontar preguntas inc\u00f3modas: \u00bfC\u00f3mo afecta el genocidio de Gaza al orden internacional? \u00bfEs posible seguir confiando en el ser humano despu\u00e9s de esto? \u00bfQu\u00e9 responsabilidad compartimos como humanidad frente a estas atrocidades? \u00bfC\u00f3mo nombrar ese sentimiento de dolor y rabia compartida ante cr\u00edmenes atroces sobre los que no podemos intervenir? \u00bfTiene la historia sentido? Y, sobre todo, \u00bfmerece existir una especie que perpetra y consiente un sufrimiento semejante?\" \/>\n<meta property=\"og:url\" content=\"https:\/\/letrame.com\/catalogo\/producto\/el-genocidio-de-gaza-como-mal-radical\/\" \/>\n<meta property=\"og:site_name\" content=\"Catalogo | Letrame Grupo Editorial\" \/>\n<meta property=\"article:modified_time\" content=\"2025-12-05T10:46:14+00:00\" \/>\n<meta property=\"og:image\" content=\"https:\/\/letrame.com\/catalogo\/wp-content\/uploads\/2025\/12\/elgenocidiodegaza_642mm4.gif\" \/>\n\t<meta property=\"og:image:width\" content=\"384\" \/>\n\t<meta property=\"og:image:height\" content=\"563\" \/>\n\t<meta property=\"og:image:type\" content=\"image\/gif\" \/>\n<meta name=\"twitter:card\" content=\"summary_large_image\" \/>\n<meta name=\"twitter:label1\" content=\"Tiempo de lectura\" \/>\n\t<meta name=\"twitter:data1\" content=\"2 minutos\" \/>\n<script type=\"application\/ld+json\" class=\"yoast-schema-graph\">{\"@context\":\"https:\\\/\\\/schema.org\",\"@graph\":[{\"@type\":\"WebPage\",\"@id\":\"https:\\\/\\\/letrame.com\\\/catalogo\\\/producto\\\/el-genocidio-de-gaza-como-mal-radical\\\/\",\"url\":\"https:\\\/\\\/letrame.com\\\/catalogo\\\/producto\\\/el-genocidio-de-gaza-como-mal-radical\\\/\",\"name\":\"El genocidio de Gaza como mal radical - Catalogo | Letrame Grupo Editorial\",\"isPartOf\":{\"@id\":\"https:\\\/\\\/letrame.com\\\/catalogo\\\/#website\"},\"primaryImageOfPage\":{\"@id\":\"https:\\\/\\\/letrame.com\\\/catalogo\\\/producto\\\/el-genocidio-de-gaza-como-mal-radical\\\/#primaryimage\"},\"image\":{\"@id\":\"https:\\\/\\\/letrame.com\\\/catalogo\\\/producto\\\/el-genocidio-de-gaza-como-mal-radical\\\/#primaryimage\"},\"thumbnailUrl\":\"https:\\\/\\\/letrame.com\\\/catalogo\\\/wp-content\\\/uploads\\\/2025\\\/12\\\/elgenocidiodegaza_642mm4.gif\",\"datePublished\":\"2025-12-05T10:41:18+00:00\",\"dateModified\":\"2025-12-05T10:46:14+00:00\",\"breadcrumb\":{\"@id\":\"https:\\\/\\\/letrame.com\\\/catalogo\\\/producto\\\/el-genocidio-de-gaza-como-mal-radical\\\/#breadcrumb\"},\"inLanguage\":\"es\",\"potentialAction\":[{\"@type\":\"ReadAction\",\"target\":[\"https:\\\/\\\/letrame.com\\\/catalogo\\\/producto\\\/el-genocidio-de-gaza-como-mal-radical\\\/\"]}]},{\"@type\":\"ImageObject\",\"inLanguage\":\"es\",\"@id\":\"https:\\\/\\\/letrame.com\\\/catalogo\\\/producto\\\/el-genocidio-de-gaza-como-mal-radical\\\/#primaryimage\",\"url\":\"https:\\\/\\\/letrame.com\\\/catalogo\\\/wp-content\\\/uploads\\\/2025\\\/12\\\/elgenocidiodegaza_642mm4.gif\",\"contentUrl\":\"https:\\\/\\\/letrame.com\\\/catalogo\\\/wp-content\\\/uploads\\\/2025\\\/12\\\/elgenocidiodegaza_642mm4.gif\",\"width\":384,\"height\":563},{\"@type\":\"BreadcrumbList\",\"@id\":\"https:\\\/\\\/letrame.com\\\/catalogo\\\/producto\\\/el-genocidio-de-gaza-como-mal-radical\\\/#breadcrumb\",\"itemListElement\":[{\"@type\":\"ListItem\",\"position\":1,\"name\":\"Portada\",\"item\":\"https:\\\/\\\/letrame.com\\\/catalogo\\\/\"},{\"@type\":\"ListItem\",\"position\":2,\"name\":\"Cat\u00e1logo\",\"item\":\"https:\\\/\\\/letrame.com\\\/catalogo\\\/\"},{\"@type\":\"ListItem\",\"position\":3,\"name\":\"El genocidio de Gaza como mal radical\"}]},{\"@type\":\"WebSite\",\"@id\":\"https:\\\/\\\/letrame.com\\\/catalogo\\\/#website\",\"url\":\"https:\\\/\\\/letrame.com\\\/catalogo\\\/\",\"name\":\"Catalogo | Letrame Grupo Editorial\",\"description\":\"\",\"publisher\":{\"@id\":\"https:\\\/\\\/letrame.com\\\/catalogo\\\/#organization\"},\"potentialAction\":[{\"@type\":\"SearchAction\",\"target\":{\"@type\":\"EntryPoint\",\"urlTemplate\":\"https:\\\/\\\/letrame.com\\\/catalogo\\\/?s={search_term_string}\"},\"query-input\":{\"@type\":\"PropertyValueSpecification\",\"valueRequired\":true,\"valueName\":\"search_term_string\"}}],\"inLanguage\":\"es\"},{\"@type\":\"Organization\",\"@id\":\"https:\\\/\\\/letrame.com\\\/catalogo\\\/#organization\",\"name\":\"Catalogo | Letrame Grupo Editorial\",\"url\":\"https:\\\/\\\/letrame.com\\\/catalogo\\\/\",\"logo\":{\"@type\":\"ImageObject\",\"inLanguage\":\"es\",\"@id\":\"https:\\\/\\\/letrame.com\\\/catalogo\\\/#\\\/schema\\\/logo\\\/image\\\/\",\"url\":\"https:\\\/\\\/letrame.com\\\/catalogo\\\/wp-content\\\/uploads\\\/2024\\\/03\\\/logo2.webp\",\"contentUrl\":\"https:\\\/\\\/letrame.com\\\/catalogo\\\/wp-content\\\/uploads\\\/2024\\\/03\\\/logo2.webp\",\"width\":394,\"height\":128,\"caption\":\"Catalogo | Letrame Grupo Editorial\"},\"image\":{\"@id\":\"https:\\\/\\\/letrame.com\\\/catalogo\\\/#\\\/schema\\\/logo\\\/image\\\/\"}}]}<\/script>\n<!-- \/ Yoast SEO plugin. -->","yoast_head_json":{"title":"El genocidio de Gaza como mal radical - Catalogo | Letrame Grupo Editorial","robots":{"index":"index","follow":"follow","max-snippet":"max-snippet:-1","max-image-preview":"max-image-preview:large","max-video-preview":"max-video-preview:-1"},"canonical":"https:\/\/letrame.com\/catalogo\/producto\/el-genocidio-de-gaza-como-mal-radical\/","og_locale":"es_ES","og_type":"article","og_title":"El genocidio de Gaza como mal radical - Catalogo | Letrame Grupo Editorial","og_description":"ISBN: 9791370290474 SINOPSIS El genocidio de Gaza ser\u00e1 para el siglo XXI lo que el Holocausto jud\u00edo fue para el siglo XX: el prototipo del horror, la sima m\u00e1s profunda de la bajeza humana. Tan solo 80 a\u00f1os median entre la Alemania de Hitler y el Israel de Netanyahu, dos estados que, seg\u00fan Feliciano Mayorga Tarri\u00f1o, actuaron como ejemplos extremos de mal radical: la capacidad humana de infligir sufrimiento absoluto de manera consciente y deliberada. A trav\u00e9s de un enfoque interdisciplinario que combina filosof\u00eda, \u00e9tica y estudios sobre conflictos, el autor invita al lector a confrontar preguntas inc\u00f3modas: \u00bfC\u00f3mo afecta el genocidio de Gaza al orden internacional? \u00bfEs posible seguir confiando en el ser humano despu\u00e9s de esto? \u00bfQu\u00e9 responsabilidad compartimos como humanidad frente a estas atrocidades? \u00bfC\u00f3mo nombrar ese sentimiento de dolor y rabia compartida ante cr\u00edmenes atroces sobre los que no podemos intervenir? \u00bfTiene la historia sentido? Y, sobre todo, \u00bfmerece existir una especie que perpetra y consiente un sufrimiento semejante?","og_url":"https:\/\/letrame.com\/catalogo\/producto\/el-genocidio-de-gaza-como-mal-radical\/","og_site_name":"Catalogo | Letrame Grupo Editorial","article_modified_time":"2025-12-05T10:46:14+00:00","og_image":[{"width":384,"height":563,"url":"https:\/\/letrame.com\/catalogo\/wp-content\/uploads\/2025\/12\/elgenocidiodegaza_642mm4.gif","type":"image\/gif"}],"twitter_card":"summary_large_image","twitter_misc":{"Tiempo de lectura":"2 minutos"},"schema":{"@context":"https:\/\/schema.org","@graph":[{"@type":"WebPage","@id":"https:\/\/letrame.com\/catalogo\/producto\/el-genocidio-de-gaza-como-mal-radical\/","url":"https:\/\/letrame.com\/catalogo\/producto\/el-genocidio-de-gaza-como-mal-radical\/","name":"El genocidio de Gaza como mal radical - Catalogo | Letrame Grupo Editorial","isPartOf":{"@id":"https:\/\/letrame.com\/catalogo\/#website"},"primaryImageOfPage":{"@id":"https:\/\/letrame.com\/catalogo\/producto\/el-genocidio-de-gaza-como-mal-radical\/#primaryimage"},"image":{"@id":"https:\/\/letrame.com\/catalogo\/producto\/el-genocidio-de-gaza-como-mal-radical\/#primaryimage"},"thumbnailUrl":"https:\/\/letrame.com\/catalogo\/wp-content\/uploads\/2025\/12\/elgenocidiodegaza_642mm4.gif","datePublished":"2025-12-05T10:41:18+00:00","dateModified":"2025-12-05T10:46:14+00:00","breadcrumb":{"@id":"https:\/\/letrame.com\/catalogo\/producto\/el-genocidio-de-gaza-como-mal-radical\/#breadcrumb"},"inLanguage":"es","potentialAction":[{"@type":"ReadAction","target":["https:\/\/letrame.com\/catalogo\/producto\/el-genocidio-de-gaza-como-mal-radical\/"]}]},{"@type":"ImageObject","inLanguage":"es","@id":"https:\/\/letrame.com\/catalogo\/producto\/el-genocidio-de-gaza-como-mal-radical\/#primaryimage","url":"https:\/\/letrame.com\/catalogo\/wp-content\/uploads\/2025\/12\/elgenocidiodegaza_642mm4.gif","contentUrl":"https:\/\/letrame.com\/catalogo\/wp-content\/uploads\/2025\/12\/elgenocidiodegaza_642mm4.gif","width":384,"height":563},{"@type":"BreadcrumbList","@id":"https:\/\/letrame.com\/catalogo\/producto\/el-genocidio-de-gaza-como-mal-radical\/#breadcrumb","itemListElement":[{"@type":"ListItem","position":1,"name":"Portada","item":"https:\/\/letrame.com\/catalogo\/"},{"@type":"ListItem","position":2,"name":"Cat\u00e1logo","item":"https:\/\/letrame.com\/catalogo\/"},{"@type":"ListItem","position":3,"name":"El genocidio de Gaza como mal radical"}]},{"@type":"WebSite","@id":"https:\/\/letrame.com\/catalogo\/#website","url":"https:\/\/letrame.com\/catalogo\/","name":"Catalogo | Letrame Grupo Editorial","description":"","publisher":{"@id":"https:\/\/letrame.com\/catalogo\/#organization"},"potentialAction":[{"@type":"SearchAction","target":{"@type":"EntryPoint","urlTemplate":"https:\/\/letrame.com\/catalogo\/?s={search_term_string}"},"query-input":{"@type":"PropertyValueSpecification","valueRequired":true,"valueName":"search_term_string"}}],"inLanguage":"es"},{"@type":"Organization","@id":"https:\/\/letrame.com\/catalogo\/#organization","name":"Catalogo | Letrame Grupo Editorial","url":"https:\/\/letrame.com\/catalogo\/","logo":{"@type":"ImageObject","inLanguage":"es","@id":"https:\/\/letrame.com\/catalogo\/#\/schema\/logo\/image\/","url":"https:\/\/letrame.com\/catalogo\/wp-content\/uploads\/2024\/03\/logo2.webp","contentUrl":"https:\/\/letrame.com\/catalogo\/wp-content\/uploads\/2024\/03\/logo2.webp","width":394,"height":128,"caption":"Catalogo | Letrame Grupo Editorial"},"image":{"@id":"https:\/\/letrame.com\/catalogo\/#\/schema\/logo\/image\/"}}]}},"_links":{"self":[{"href":"https:\/\/letrame.com\/catalogo\/wp-json\/wp\/v2\/product\/109915","targetHints":{"allow":["GET"]}}],"collection":[{"href":"https:\/\/letrame.com\/catalogo\/wp-json\/wp\/v2\/product"}],"about":[{"href":"https:\/\/letrame.com\/catalogo\/wp-json\/wp\/v2\/types\/product"}],"replies":[{"embeddable":true,"href":"https:\/\/letrame.com\/catalogo\/wp-json\/wp\/v2\/comments?post=109915"}],"acf:post":[{"embeddable":true,"href":"https:\/\/letrame.com\/catalogo\/wp-json\/wp\/v2\/author_book\/109917"}],"wp:featuredmedia":[{"embeddable":true,"href":"https:\/\/letrame.com\/catalogo\/wp-json\/wp\/v2\/media\/109916"}],"wp:attachment":[{"href":"https:\/\/letrame.com\/catalogo\/wp-json\/wp\/v2\/media?parent=109915"}],"wp:term":[{"taxonomy":"libro","embeddable":true,"href":"https:\/\/letrame.com\/catalogo\/wp-json\/wp\/v2\/libro?post=109915"},{"taxonomy":"product_brand","embeddable":true,"href":"https:\/\/letrame.com\/catalogo\/wp-json\/wp\/v2\/product_brand?post=109915"},{"taxonomy":"product_cat","embeddable":true,"href":"https:\/\/letrame.com\/catalogo\/wp-json\/wp\/v2\/product_cat?post=109915"},{"taxonomy":"product_tag","embeddable":true,"href":"https:\/\/letrame.com\/catalogo\/wp-json\/wp\/v2\/product_tag?post=109915"}],"curies":[{"name":"wp","href":"https:\/\/api.w.org\/{rel}","templated":true}]}}