{"id":109868,"date":"2025-12-03T14:35:54","date_gmt":"2025-12-03T13:35:54","guid":{"rendered":"https:\/\/letrame.com\/catalogo\/?post_type=product&#038;p=109868"},"modified":"2025-12-03T14:38:45","modified_gmt":"2025-12-03T13:38:45","slug":"el-abismo-crece","status":"publish","type":"product","link":"https:\/\/letrame.com\/catalogo\/producto\/el-abismo-crece\/","title":{"rendered":"El abismo crece"},"content":{"rendered":"<p class=\"p1\"><b>ISBN: 9791370290634<\/b><b><\/b><\/p>\n<p class=\"p1\"><b>T\u00edtulo: El abismo crece<\/b><b><\/b><\/p>\n<p class=\"p1\"><b>Fecha: 2025<\/b><b><\/b><\/p>\n<p class=\"p1\"><b>P\u00e1ginas: 98<\/b><b><\/b><\/p>\n<p class=\"p1\"><b>SINOPSIS<\/b><\/p>\n<p>Juan Manuel Medina abre una herida po\u00e9tica que es personal y colectiva a la vez. Sus versos atraviesan la intimidad del amor y la p\u00e9rdida, la nostalgia de lo que ya no vuelve&#8230; pero tambi\u00e9n se levantan como denuncia frente a la guerra, la injusticia y el dolor de los olvidados.<br \/>\nEl abismo crece oscila entre la ternura y la rabia, entre la memoria de un beso y el grito de los oprimidos, entre la fragilidad del individuo y la violencia de un mundo marcado por la indiferencia y la devastaci\u00f3n. Aqu\u00ed el abismo no es solo met\u00e1fora: es la distancia que nos separa, la herida social que no cicatriza, la sombra que amenaza la vida misma&#8230;<br \/>\nY, sin embargo, en medio de tanta oscuridad, se abre tambi\u00e9n la esperanza. La celebraci\u00f3n del amor, la llegada de un hijo, la resistencia de los pueblos y la certeza de que vivir, incluso en la adversidad, sigue siendo un acto de insurrecci\u00f3n.<br \/>\nEste poemario es un viaje l\u00edrico a trav\u00e9s de la p\u00e9rdida, la conciencia y la resistencia humana, donde la poes\u00eda se convierte en una forma de sostenerse frente al v\u00e9rtigo del mundo.<\/p>\n","protected":false},"excerpt":{"rendered":"<p><b>ISBN: 9791370290634<\/b><\/p>\n<p class=\"p1\"><b>SINOPSIS<\/b><\/p>\n<p>Juan Manuel Medina abre una herida po\u00e9tica que es personal y colectiva a la vez. Sus versos atraviesan la intimidad del amor y la p\u00e9rdida, la nostalgia de lo que ya no vuelve&#8230; pero tambi\u00e9n se levantan como denuncia frente a la guerra, la injusticia y el dolor de los olvidados.<br \/>\nEl abismo crece oscila entre la ternura y la rabia, entre la memoria de un beso y el grito de los oprimidos, entre la fragilidad del individuo y la violencia de un mundo marcado por la indiferencia y la devastaci\u00f3n. Aqu\u00ed el abismo no es solo met\u00e1fora: es la distancia que nos separa, la herida social que no cicatriza, la sombra que amenaza la vida misma&#8230;<br \/>\nY, sin embargo, en medio de tanta oscuridad, se abre tambi\u00e9n la esperanza. La celebraci\u00f3n del amor, la llegada de un hijo, la resistencia de los pueblos y la certeza de que vivir, incluso en la adversidad, sigue siendo un acto de insurrecci\u00f3n.<br \/>\nEste poemario es un viaje l\u00edrico a trav\u00e9s de la p\u00e9rdida, la conciencia y la resistencia humana, donde la poes\u00eda se convierte en una forma de sostenerse frente al v\u00e9rtigo del mundo.<\/p>\n","protected":false},"featured_media":109869,"comment_status":"open","ping_status":"closed","template":"","meta":{"_acf_changed":false},"libro":[],"product_brand":[],"product_cat":[110],"product_tag":[],"class_list":{"0":"post-109868","1":"product","2":"type-product","3":"status-publish","4":"has-post-thumbnail","6":"product_cat-hechos-reales","8":"first","9":"instock","10":"shipping-taxable","11":"product-type-simple"},"acf":{"autor":[109870],"enlace_de_compra":"https:\/\/www.amazon.es\/El-abismo-crece-No-ficci%C3%B3n\/dp\/B0G14L9ZLD\/ref=sr_1_1?__mk_es_ES=%C3%85M%C3%85%C5%BD%C3%95%C3%91&crid=1P65MGPP0JWBK&dib=eyJ2IjoiMSJ9.tuOs6bn1AOfAgPHDJBKsMA.vKYp6Ero61RRomJpx7q6K6w-2ijb2xx4CZqg5eCsQp0&dib_tag=se&keywords=el+abismo+crece+letrame&qid=1764768669&s=books&sprefix=el+abismo+crece+letrame%2Cstripbooks%2C77&sr=1-1"},"yoast_head":"<!-- This site is optimized with the Yoast SEO plugin v27.4 - https:\/\/yoast.com\/product\/yoast-seo-wordpress\/ -->\n<title>El abismo crece - Catalogo | Letrame Grupo Editorial<\/title>\n<meta name=\"robots\" content=\"index, follow, max-snippet:-1, max-image-preview:large, max-video-preview:-1\" \/>\n<link rel=\"canonical\" href=\"https:\/\/letrame.com\/catalogo\/producto\/el-abismo-crece\/\" \/>\n<meta property=\"og:locale\" content=\"es_ES\" \/>\n<meta property=\"og:type\" content=\"article\" \/>\n<meta property=\"og:title\" content=\"El abismo crece - Catalogo | Letrame Grupo Editorial\" \/>\n<meta property=\"og:description\" content=\"ISBN: 9791370290634 SINOPSIS Juan Manuel Medina abre una herida po\u00e9tica que es personal y colectiva a la vez. Sus versos atraviesan la intimidad del amor y la p\u00e9rdida, la nostalgia de lo que ya no vuelve... pero tambi\u00e9n se levantan como denuncia frente a la guerra, la injusticia y el dolor de los olvidados. El abismo crece oscila entre la ternura y la rabia, entre la memoria de un beso y el grito de los oprimidos, entre la fragilidad del individuo y la violencia de un mundo marcado por la indiferencia y la devastaci\u00f3n. Aqu\u00ed el abismo no es solo met\u00e1fora: es la distancia que nos separa, la herida social que no cicatriza, la sombra que amenaza la vida misma... Y, sin embargo, en medio de tanta oscuridad, se abre tambi\u00e9n la esperanza. La celebraci\u00f3n del amor, la llegada de un hijo, la resistencia de los pueblos y la certeza de que vivir, incluso en la adversidad, sigue siendo un acto de insurrecci\u00f3n. Este poemario es un viaje l\u00edrico a trav\u00e9s de la p\u00e9rdida, la conciencia y la resistencia humana, donde la poes\u00eda se convierte en una forma de sostenerse frente al v\u00e9rtigo del mundo.\" \/>\n<meta property=\"og:url\" content=\"https:\/\/letrame.com\/catalogo\/producto\/el-abismo-crece\/\" \/>\n<meta property=\"og:site_name\" content=\"Catalogo | Letrame Grupo Editorial\" \/>\n<meta property=\"article:modified_time\" content=\"2025-12-03T13:38:45+00:00\" \/>\n<meta property=\"og:image\" content=\"https:\/\/letrame.com\/catalogo\/wp-content\/uploads\/2025\/12\/elabismo_56mm4.gif\" \/>\n\t<meta property=\"og:image:width\" content=\"384\" \/>\n\t<meta property=\"og:image:height\" content=\"537\" \/>\n\t<meta property=\"og:image:type\" content=\"image\/gif\" \/>\n<meta name=\"twitter:card\" content=\"summary_large_image\" \/>\n<meta name=\"twitter:label1\" content=\"Tiempo de lectura\" \/>\n\t<meta name=\"twitter:data1\" content=\"2 minutos\" \/>\n<script type=\"application\/ld+json\" class=\"yoast-schema-graph\">{\"@context\":\"https:\\\/\\\/schema.org\",\"@graph\":[{\"@type\":\"WebPage\",\"@id\":\"https:\\\/\\\/letrame.com\\\/catalogo\\\/producto\\\/el-abismo-crece\\\/\",\"url\":\"https:\\\/\\\/letrame.com\\\/catalogo\\\/producto\\\/el-abismo-crece\\\/\",\"name\":\"El abismo crece - Catalogo | Letrame Grupo Editorial\",\"isPartOf\":{\"@id\":\"https:\\\/\\\/letrame.com\\\/catalogo\\\/#website\"},\"primaryImageOfPage\":{\"@id\":\"https:\\\/\\\/letrame.com\\\/catalogo\\\/producto\\\/el-abismo-crece\\\/#primaryimage\"},\"image\":{\"@id\":\"https:\\\/\\\/letrame.com\\\/catalogo\\\/producto\\\/el-abismo-crece\\\/#primaryimage\"},\"thumbnailUrl\":\"https:\\\/\\\/letrame.com\\\/catalogo\\\/wp-content\\\/uploads\\\/2025\\\/12\\\/elabismo_56mm4.gif\",\"datePublished\":\"2025-12-03T13:35:54+00:00\",\"dateModified\":\"2025-12-03T13:38:45+00:00\",\"breadcrumb\":{\"@id\":\"https:\\\/\\\/letrame.com\\\/catalogo\\\/producto\\\/el-abismo-crece\\\/#breadcrumb\"},\"inLanguage\":\"es\",\"potentialAction\":[{\"@type\":\"ReadAction\",\"target\":[\"https:\\\/\\\/letrame.com\\\/catalogo\\\/producto\\\/el-abismo-crece\\\/\"]}]},{\"@type\":\"ImageObject\",\"inLanguage\":\"es\",\"@id\":\"https:\\\/\\\/letrame.com\\\/catalogo\\\/producto\\\/el-abismo-crece\\\/#primaryimage\",\"url\":\"https:\\\/\\\/letrame.com\\\/catalogo\\\/wp-content\\\/uploads\\\/2025\\\/12\\\/elabismo_56mm4.gif\",\"contentUrl\":\"https:\\\/\\\/letrame.com\\\/catalogo\\\/wp-content\\\/uploads\\\/2025\\\/12\\\/elabismo_56mm4.gif\",\"width\":384,\"height\":537},{\"@type\":\"BreadcrumbList\",\"@id\":\"https:\\\/\\\/letrame.com\\\/catalogo\\\/producto\\\/el-abismo-crece\\\/#breadcrumb\",\"itemListElement\":[{\"@type\":\"ListItem\",\"position\":1,\"name\":\"Portada\",\"item\":\"https:\\\/\\\/letrame.com\\\/catalogo\\\/\"},{\"@type\":\"ListItem\",\"position\":2,\"name\":\"Cat\u00e1logo\",\"item\":\"https:\\\/\\\/letrame.com\\\/catalogo\\\/\"},{\"@type\":\"ListItem\",\"position\":3,\"name\":\"El abismo crece\"}]},{\"@type\":\"WebSite\",\"@id\":\"https:\\\/\\\/letrame.com\\\/catalogo\\\/#website\",\"url\":\"https:\\\/\\\/letrame.com\\\/catalogo\\\/\",\"name\":\"Catalogo | Letrame Grupo Editorial\",\"description\":\"\",\"publisher\":{\"@id\":\"https:\\\/\\\/letrame.com\\\/catalogo\\\/#organization\"},\"potentialAction\":[{\"@type\":\"SearchAction\",\"target\":{\"@type\":\"EntryPoint\",\"urlTemplate\":\"https:\\\/\\\/letrame.com\\\/catalogo\\\/?s={search_term_string}\"},\"query-input\":{\"@type\":\"PropertyValueSpecification\",\"valueRequired\":true,\"valueName\":\"search_term_string\"}}],\"inLanguage\":\"es\"},{\"@type\":\"Organization\",\"@id\":\"https:\\\/\\\/letrame.com\\\/catalogo\\\/#organization\",\"name\":\"Catalogo | Letrame Grupo Editorial\",\"url\":\"https:\\\/\\\/letrame.com\\\/catalogo\\\/\",\"logo\":{\"@type\":\"ImageObject\",\"inLanguage\":\"es\",\"@id\":\"https:\\\/\\\/letrame.com\\\/catalogo\\\/#\\\/schema\\\/logo\\\/image\\\/\",\"url\":\"https:\\\/\\\/letrame.com\\\/catalogo\\\/wp-content\\\/uploads\\\/2024\\\/03\\\/logo2.webp\",\"contentUrl\":\"https:\\\/\\\/letrame.com\\\/catalogo\\\/wp-content\\\/uploads\\\/2024\\\/03\\\/logo2.webp\",\"width\":394,\"height\":128,\"caption\":\"Catalogo | Letrame Grupo Editorial\"},\"image\":{\"@id\":\"https:\\\/\\\/letrame.com\\\/catalogo\\\/#\\\/schema\\\/logo\\\/image\\\/\"}}]}<\/script>\n<!-- \/ Yoast SEO plugin. -->","yoast_head_json":{"title":"El abismo crece - Catalogo | Letrame Grupo Editorial","robots":{"index":"index","follow":"follow","max-snippet":"max-snippet:-1","max-image-preview":"max-image-preview:large","max-video-preview":"max-video-preview:-1"},"canonical":"https:\/\/letrame.com\/catalogo\/producto\/el-abismo-crece\/","og_locale":"es_ES","og_type":"article","og_title":"El abismo crece - Catalogo | Letrame Grupo Editorial","og_description":"ISBN: 9791370290634 SINOPSIS Juan Manuel Medina abre una herida po\u00e9tica que es personal y colectiva a la vez. Sus versos atraviesan la intimidad del amor y la p\u00e9rdida, la nostalgia de lo que ya no vuelve... pero tambi\u00e9n se levantan como denuncia frente a la guerra, la injusticia y el dolor de los olvidados. El abismo crece oscila entre la ternura y la rabia, entre la memoria de un beso y el grito de los oprimidos, entre la fragilidad del individuo y la violencia de un mundo marcado por la indiferencia y la devastaci\u00f3n. Aqu\u00ed el abismo no es solo met\u00e1fora: es la distancia que nos separa, la herida social que no cicatriza, la sombra que amenaza la vida misma... Y, sin embargo, en medio de tanta oscuridad, se abre tambi\u00e9n la esperanza. La celebraci\u00f3n del amor, la llegada de un hijo, la resistencia de los pueblos y la certeza de que vivir, incluso en la adversidad, sigue siendo un acto de insurrecci\u00f3n. Este poemario es un viaje l\u00edrico a trav\u00e9s de la p\u00e9rdida, la conciencia y la resistencia humana, donde la poes\u00eda se convierte en una forma de sostenerse frente al v\u00e9rtigo del mundo.","og_url":"https:\/\/letrame.com\/catalogo\/producto\/el-abismo-crece\/","og_site_name":"Catalogo | Letrame Grupo Editorial","article_modified_time":"2025-12-03T13:38:45+00:00","og_image":[{"width":384,"height":537,"url":"https:\/\/letrame.com\/catalogo\/wp-content\/uploads\/2025\/12\/elabismo_56mm4.gif","type":"image\/gif"}],"twitter_card":"summary_large_image","twitter_misc":{"Tiempo de lectura":"2 minutos"},"schema":{"@context":"https:\/\/schema.org","@graph":[{"@type":"WebPage","@id":"https:\/\/letrame.com\/catalogo\/producto\/el-abismo-crece\/","url":"https:\/\/letrame.com\/catalogo\/producto\/el-abismo-crece\/","name":"El abismo crece - Catalogo | Letrame Grupo Editorial","isPartOf":{"@id":"https:\/\/letrame.com\/catalogo\/#website"},"primaryImageOfPage":{"@id":"https:\/\/letrame.com\/catalogo\/producto\/el-abismo-crece\/#primaryimage"},"image":{"@id":"https:\/\/letrame.com\/catalogo\/producto\/el-abismo-crece\/#primaryimage"},"thumbnailUrl":"https:\/\/letrame.com\/catalogo\/wp-content\/uploads\/2025\/12\/elabismo_56mm4.gif","datePublished":"2025-12-03T13:35:54+00:00","dateModified":"2025-12-03T13:38:45+00:00","breadcrumb":{"@id":"https:\/\/letrame.com\/catalogo\/producto\/el-abismo-crece\/#breadcrumb"},"inLanguage":"es","potentialAction":[{"@type":"ReadAction","target":["https:\/\/letrame.com\/catalogo\/producto\/el-abismo-crece\/"]}]},{"@type":"ImageObject","inLanguage":"es","@id":"https:\/\/letrame.com\/catalogo\/producto\/el-abismo-crece\/#primaryimage","url":"https:\/\/letrame.com\/catalogo\/wp-content\/uploads\/2025\/12\/elabismo_56mm4.gif","contentUrl":"https:\/\/letrame.com\/catalogo\/wp-content\/uploads\/2025\/12\/elabismo_56mm4.gif","width":384,"height":537},{"@type":"BreadcrumbList","@id":"https:\/\/letrame.com\/catalogo\/producto\/el-abismo-crece\/#breadcrumb","itemListElement":[{"@type":"ListItem","position":1,"name":"Portada","item":"https:\/\/letrame.com\/catalogo\/"},{"@type":"ListItem","position":2,"name":"Cat\u00e1logo","item":"https:\/\/letrame.com\/catalogo\/"},{"@type":"ListItem","position":3,"name":"El abismo crece"}]},{"@type":"WebSite","@id":"https:\/\/letrame.com\/catalogo\/#website","url":"https:\/\/letrame.com\/catalogo\/","name":"Catalogo | Letrame Grupo Editorial","description":"","publisher":{"@id":"https:\/\/letrame.com\/catalogo\/#organization"},"potentialAction":[{"@type":"SearchAction","target":{"@type":"EntryPoint","urlTemplate":"https:\/\/letrame.com\/catalogo\/?s={search_term_string}"},"query-input":{"@type":"PropertyValueSpecification","valueRequired":true,"valueName":"search_term_string"}}],"inLanguage":"es"},{"@type":"Organization","@id":"https:\/\/letrame.com\/catalogo\/#organization","name":"Catalogo | Letrame Grupo Editorial","url":"https:\/\/letrame.com\/catalogo\/","logo":{"@type":"ImageObject","inLanguage":"es","@id":"https:\/\/letrame.com\/catalogo\/#\/schema\/logo\/image\/","url":"https:\/\/letrame.com\/catalogo\/wp-content\/uploads\/2024\/03\/logo2.webp","contentUrl":"https:\/\/letrame.com\/catalogo\/wp-content\/uploads\/2024\/03\/logo2.webp","width":394,"height":128,"caption":"Catalogo | Letrame Grupo Editorial"},"image":{"@id":"https:\/\/letrame.com\/catalogo\/#\/schema\/logo\/image\/"}}]}},"_links":{"self":[{"href":"https:\/\/letrame.com\/catalogo\/wp-json\/wp\/v2\/product\/109868","targetHints":{"allow":["GET"]}}],"collection":[{"href":"https:\/\/letrame.com\/catalogo\/wp-json\/wp\/v2\/product"}],"about":[{"href":"https:\/\/letrame.com\/catalogo\/wp-json\/wp\/v2\/types\/product"}],"replies":[{"embeddable":true,"href":"https:\/\/letrame.com\/catalogo\/wp-json\/wp\/v2\/comments?post=109868"}],"acf:post":[{"embeddable":true,"href":"https:\/\/letrame.com\/catalogo\/wp-json\/wp\/v2\/author_book\/109870"}],"wp:featuredmedia":[{"embeddable":true,"href":"https:\/\/letrame.com\/catalogo\/wp-json\/wp\/v2\/media\/109869"}],"wp:attachment":[{"href":"https:\/\/letrame.com\/catalogo\/wp-json\/wp\/v2\/media?parent=109868"}],"wp:term":[{"taxonomy":"libro","embeddable":true,"href":"https:\/\/letrame.com\/catalogo\/wp-json\/wp\/v2\/libro?post=109868"},{"taxonomy":"product_brand","embeddable":true,"href":"https:\/\/letrame.com\/catalogo\/wp-json\/wp\/v2\/product_brand?post=109868"},{"taxonomy":"product_cat","embeddable":true,"href":"https:\/\/letrame.com\/catalogo\/wp-json\/wp\/v2\/product_cat?post=109868"},{"taxonomy":"product_tag","embeddable":true,"href":"https:\/\/letrame.com\/catalogo\/wp-json\/wp\/v2\/product_tag?post=109868"}],"curies":[{"name":"wp","href":"https:\/\/api.w.org\/{rel}","templated":true}]}}