{"id":108610,"date":"2025-06-27T13:44:01","date_gmt":"2025-06-27T11:44:01","guid":{"rendered":"https:\/\/letrame.com\/catalogo\/?post_type=product&#038;p=108610"},"modified":"2025-06-27T13:45:08","modified_gmt":"2025-06-27T11:45:08","slug":"koro-la-fuerza-de-un-espiritu-inquebrantable","status":"publish","type":"product","link":"https:\/\/letrame.com\/catalogo\/producto\/koro-la-fuerza-de-un-espiritu-inquebrantable\/","title":{"rendered":"KORO La fuerza de un esp\u00edritu inquebrantable"},"content":{"rendered":"<p class=\"p2\"><b>ISBN: <\/b>979-13-7012-348-2<\/p>\n<p class=\"p2\"><b>T\u00edtulo: <\/b>KORO. La fuerza de un esp\u00edritu inquebrantable<b><\/b><\/p>\n<p>Fecha: 2025<b><\/b><\/p>\n<p>P\u00e1ginas: 76<b><\/b><\/p>\n<p class=\"p2\"><b>SINOPSIS<br \/>\n<\/b><\/p>\n<p class=\"p1\">Koro es la historia real de una mujer nacida con una condici\u00f3n f\u00edsica que marc\u00f3 su infancia, pero que no defini\u00f3 su destino. Desde sus primeros d\u00edas en El Tigre, Venezuela, Koro enfrent\u00f3 m\u00faltiples cirug\u00edas, yesos, burlas y barreras sociales. Sin embargo, tambi\u00e9n estuvo rodeada del amor incondicional de su familia, la fe profunda que hered\u00f3 de su madre, y una fuerza interior que la impuls\u00f3 a seguir adelante.<\/p>\n<p class=\"p1\">A lo largo de su vida, Koro desafi\u00f3 cada diagn\u00f3stico, cada rechazo, cada ca\u00edda. Viaj\u00f3 por varios pa\u00edses en busca de salud, oportunidades y dignidad. Desde su ni\u00f1ez marcada por el dolor f\u00edsico, hasta su juventud envuelta en m\u00fasica, espiritualidad y lucha, esta es la historia de una mujer que no se rindi\u00f3. Ni el c\u00e1ncer, ni la migraci\u00f3n forzada, ni la soledad, ni las injusticias lograron apagar su luz.<\/p>\n<p class=\"p1\">Koro no es solo una historia de supervivencia. Es un testimonio de fe, resiliencia y amor. Una invitaci\u00f3n a mirar m\u00e1s all\u00e1 de las apariencias y a reconocer el valor de quienes luchan, cada d\u00eda, por tener una vida digna y plena.<\/p>\n<p class=\"p2\"><b>\u00a0<\/b><\/p>\n","protected":false},"excerpt":{"rendered":"<p><b>ISBN: <\/b>979-13-7012-348-2<\/p>\n<p class=\"p2\"><b>SINOPSIS<br \/>\n<\/b><\/p>\n<p class=\"p1\">Koro es la historia real de una mujer nacida con una condici\u00f3n f\u00edsica que marc\u00f3 su infancia, pero que no defini\u00f3 su destino. Desde sus primeros d\u00edas en El Tigre, Venezuela, Koro enfrent\u00f3 m\u00faltiples cirug\u00edas, yesos, burlas y barreras sociales. Sin embargo, tambi\u00e9n estuvo rodeada del amor incondicional de su familia, la fe profunda que hered\u00f3 de su madre, y una fuerza interior que la impuls\u00f3 a seguir adelante.<\/p>\n","protected":false},"featured_media":108611,"comment_status":"open","ping_status":"closed","template":"","meta":{"_acf_changed":false},"libro":[],"product_brand":[],"product_cat":[30],"product_tag":[],"class_list":{"0":"post-108610","1":"product","2":"type-product","3":"status-publish","4":"has-post-thumbnail","6":"product_cat-desarrollo-personal-y-autoconocimiento","8":"first","9":"instock","10":"shipping-taxable","11":"product-type-simple"},"acf":{"autor":[108612],"enlace_de_compra":"https:\/\/www.amazon.es\/dp\/B0F9KMT9FF"},"yoast_head":"<!-- This site is optimized with the Yoast SEO plugin v27.4 - https:\/\/yoast.com\/product\/yoast-seo-wordpress\/ -->\n<title>KORO La fuerza de un esp\u00edritu inquebrantable - Catalogo | Letrame Grupo Editorial<\/title>\n<meta name=\"robots\" content=\"index, follow, max-snippet:-1, max-image-preview:large, max-video-preview:-1\" \/>\n<link rel=\"canonical\" href=\"https:\/\/letrame.com\/catalogo\/producto\/koro-la-fuerza-de-un-espiritu-inquebrantable\/\" \/>\n<meta property=\"og:locale\" content=\"es_ES\" \/>\n<meta property=\"og:type\" content=\"article\" \/>\n<meta property=\"og:title\" content=\"KORO La fuerza de un esp\u00edritu inquebrantable - Catalogo | Letrame Grupo Editorial\" \/>\n<meta property=\"og:description\" content=\"ISBN: 979-13-7012-348-2 SINOPSIS  Koro es la historia real de una mujer nacida con una condici\u00f3n f\u00edsica que marc\u00f3 su infancia, pero que no defini\u00f3 su destino. Desde sus primeros d\u00edas en El Tigre, Venezuela, Koro enfrent\u00f3 m\u00faltiples cirug\u00edas, yesos, burlas y barreras sociales. Sin embargo, tambi\u00e9n estuvo rodeada del amor incondicional de su familia, la fe profunda que hered\u00f3 de su madre, y una fuerza interior que la impuls\u00f3 a seguir adelante.\" \/>\n<meta property=\"og:url\" content=\"https:\/\/letrame.com\/catalogo\/producto\/koro-la-fuerza-de-un-espiritu-inquebrantable\/\" \/>\n<meta property=\"og:site_name\" content=\"Catalogo | Letrame Grupo Editorial\" \/>\n<meta property=\"article:modified_time\" content=\"2025-06-27T11:45:08+00:00\" \/>\n<meta property=\"og:image\" content=\"https:\/\/letrame.com\/catalogo\/wp-content\/uploads\/2025\/06\/Koro.jpg\" \/>\n\t<meta property=\"og:image:width\" content=\"384\" \/>\n\t<meta property=\"og:image:height\" content=\"537\" \/>\n\t<meta property=\"og:image:type\" content=\"image\/jpeg\" \/>\n<meta name=\"twitter:card\" content=\"summary_large_image\" \/>\n<meta name=\"twitter:label1\" content=\"Tiempo de lectura\" \/>\n\t<meta name=\"twitter:data1\" content=\"2 minutos\" \/>\n<script type=\"application\/ld+json\" class=\"yoast-schema-graph\">{\"@context\":\"https:\\\/\\\/schema.org\",\"@graph\":[{\"@type\":\"WebPage\",\"@id\":\"https:\\\/\\\/letrame.com\\\/catalogo\\\/producto\\\/koro-la-fuerza-de-un-espiritu-inquebrantable\\\/\",\"url\":\"https:\\\/\\\/letrame.com\\\/catalogo\\\/producto\\\/koro-la-fuerza-de-un-espiritu-inquebrantable\\\/\",\"name\":\"KORO La fuerza de un esp\u00edritu inquebrantable - Catalogo | Letrame Grupo Editorial\",\"isPartOf\":{\"@id\":\"https:\\\/\\\/letrame.com\\\/catalogo\\\/#website\"},\"primaryImageOfPage\":{\"@id\":\"https:\\\/\\\/letrame.com\\\/catalogo\\\/producto\\\/koro-la-fuerza-de-un-espiritu-inquebrantable\\\/#primaryimage\"},\"image\":{\"@id\":\"https:\\\/\\\/letrame.com\\\/catalogo\\\/producto\\\/koro-la-fuerza-de-un-espiritu-inquebrantable\\\/#primaryimage\"},\"thumbnailUrl\":\"https:\\\/\\\/letrame.com\\\/catalogo\\\/wp-content\\\/uploads\\\/2025\\\/06\\\/Koro.jpg\",\"datePublished\":\"2025-06-27T11:44:01+00:00\",\"dateModified\":\"2025-06-27T11:45:08+00:00\",\"breadcrumb\":{\"@id\":\"https:\\\/\\\/letrame.com\\\/catalogo\\\/producto\\\/koro-la-fuerza-de-un-espiritu-inquebrantable\\\/#breadcrumb\"},\"inLanguage\":\"es\",\"potentialAction\":[{\"@type\":\"ReadAction\",\"target\":[\"https:\\\/\\\/letrame.com\\\/catalogo\\\/producto\\\/koro-la-fuerza-de-un-espiritu-inquebrantable\\\/\"]}]},{\"@type\":\"ImageObject\",\"inLanguage\":\"es\",\"@id\":\"https:\\\/\\\/letrame.com\\\/catalogo\\\/producto\\\/koro-la-fuerza-de-un-espiritu-inquebrantable\\\/#primaryimage\",\"url\":\"https:\\\/\\\/letrame.com\\\/catalogo\\\/wp-content\\\/uploads\\\/2025\\\/06\\\/Koro.jpg\",\"contentUrl\":\"https:\\\/\\\/letrame.com\\\/catalogo\\\/wp-content\\\/uploads\\\/2025\\\/06\\\/Koro.jpg\",\"width\":384,\"height\":537},{\"@type\":\"BreadcrumbList\",\"@id\":\"https:\\\/\\\/letrame.com\\\/catalogo\\\/producto\\\/koro-la-fuerza-de-un-espiritu-inquebrantable\\\/#breadcrumb\",\"itemListElement\":[{\"@type\":\"ListItem\",\"position\":1,\"name\":\"Portada\",\"item\":\"https:\\\/\\\/letrame.com\\\/catalogo\\\/\"},{\"@type\":\"ListItem\",\"position\":2,\"name\":\"Cat\u00e1logo\",\"item\":\"https:\\\/\\\/letrame.com\\\/catalogo\\\/\"},{\"@type\":\"ListItem\",\"position\":3,\"name\":\"KORO La fuerza de un esp\u00edritu inquebrantable\"}]},{\"@type\":\"WebSite\",\"@id\":\"https:\\\/\\\/letrame.com\\\/catalogo\\\/#website\",\"url\":\"https:\\\/\\\/letrame.com\\\/catalogo\\\/\",\"name\":\"Catalogo | Letrame Grupo Editorial\",\"description\":\"\",\"publisher\":{\"@id\":\"https:\\\/\\\/letrame.com\\\/catalogo\\\/#organization\"},\"potentialAction\":[{\"@type\":\"SearchAction\",\"target\":{\"@type\":\"EntryPoint\",\"urlTemplate\":\"https:\\\/\\\/letrame.com\\\/catalogo\\\/?s={search_term_string}\"},\"query-input\":{\"@type\":\"PropertyValueSpecification\",\"valueRequired\":true,\"valueName\":\"search_term_string\"}}],\"inLanguage\":\"es\"},{\"@type\":\"Organization\",\"@id\":\"https:\\\/\\\/letrame.com\\\/catalogo\\\/#organization\",\"name\":\"Catalogo | Letrame Grupo Editorial\",\"url\":\"https:\\\/\\\/letrame.com\\\/catalogo\\\/\",\"logo\":{\"@type\":\"ImageObject\",\"inLanguage\":\"es\",\"@id\":\"https:\\\/\\\/letrame.com\\\/catalogo\\\/#\\\/schema\\\/logo\\\/image\\\/\",\"url\":\"https:\\\/\\\/letrame.com\\\/catalogo\\\/wp-content\\\/uploads\\\/2024\\\/03\\\/logo2.webp\",\"contentUrl\":\"https:\\\/\\\/letrame.com\\\/catalogo\\\/wp-content\\\/uploads\\\/2024\\\/03\\\/logo2.webp\",\"width\":394,\"height\":128,\"caption\":\"Catalogo | Letrame Grupo Editorial\"},\"image\":{\"@id\":\"https:\\\/\\\/letrame.com\\\/catalogo\\\/#\\\/schema\\\/logo\\\/image\\\/\"}}]}<\/script>\n<!-- \/ Yoast SEO plugin. -->","yoast_head_json":{"title":"KORO La fuerza de un esp\u00edritu inquebrantable - Catalogo | Letrame Grupo Editorial","robots":{"index":"index","follow":"follow","max-snippet":"max-snippet:-1","max-image-preview":"max-image-preview:large","max-video-preview":"max-video-preview:-1"},"canonical":"https:\/\/letrame.com\/catalogo\/producto\/koro-la-fuerza-de-un-espiritu-inquebrantable\/","og_locale":"es_ES","og_type":"article","og_title":"KORO La fuerza de un esp\u00edritu inquebrantable - Catalogo | Letrame Grupo Editorial","og_description":"ISBN: 979-13-7012-348-2 SINOPSIS  Koro es la historia real de una mujer nacida con una condici\u00f3n f\u00edsica que marc\u00f3 su infancia, pero que no defini\u00f3 su destino. Desde sus primeros d\u00edas en El Tigre, Venezuela, Koro enfrent\u00f3 m\u00faltiples cirug\u00edas, yesos, burlas y barreras sociales. Sin embargo, tambi\u00e9n estuvo rodeada del amor incondicional de su familia, la fe profunda que hered\u00f3 de su madre, y una fuerza interior que la impuls\u00f3 a seguir adelante.","og_url":"https:\/\/letrame.com\/catalogo\/producto\/koro-la-fuerza-de-un-espiritu-inquebrantable\/","og_site_name":"Catalogo | Letrame Grupo Editorial","article_modified_time":"2025-06-27T11:45:08+00:00","og_image":[{"width":384,"height":537,"url":"https:\/\/letrame.com\/catalogo\/wp-content\/uploads\/2025\/06\/Koro.jpg","type":"image\/jpeg"}],"twitter_card":"summary_large_image","twitter_misc":{"Tiempo de lectura":"2 minutos"},"schema":{"@context":"https:\/\/schema.org","@graph":[{"@type":"WebPage","@id":"https:\/\/letrame.com\/catalogo\/producto\/koro-la-fuerza-de-un-espiritu-inquebrantable\/","url":"https:\/\/letrame.com\/catalogo\/producto\/koro-la-fuerza-de-un-espiritu-inquebrantable\/","name":"KORO La fuerza de un esp\u00edritu inquebrantable - Catalogo | Letrame Grupo Editorial","isPartOf":{"@id":"https:\/\/letrame.com\/catalogo\/#website"},"primaryImageOfPage":{"@id":"https:\/\/letrame.com\/catalogo\/producto\/koro-la-fuerza-de-un-espiritu-inquebrantable\/#primaryimage"},"image":{"@id":"https:\/\/letrame.com\/catalogo\/producto\/koro-la-fuerza-de-un-espiritu-inquebrantable\/#primaryimage"},"thumbnailUrl":"https:\/\/letrame.com\/catalogo\/wp-content\/uploads\/2025\/06\/Koro.jpg","datePublished":"2025-06-27T11:44:01+00:00","dateModified":"2025-06-27T11:45:08+00:00","breadcrumb":{"@id":"https:\/\/letrame.com\/catalogo\/producto\/koro-la-fuerza-de-un-espiritu-inquebrantable\/#breadcrumb"},"inLanguage":"es","potentialAction":[{"@type":"ReadAction","target":["https:\/\/letrame.com\/catalogo\/producto\/koro-la-fuerza-de-un-espiritu-inquebrantable\/"]}]},{"@type":"ImageObject","inLanguage":"es","@id":"https:\/\/letrame.com\/catalogo\/producto\/koro-la-fuerza-de-un-espiritu-inquebrantable\/#primaryimage","url":"https:\/\/letrame.com\/catalogo\/wp-content\/uploads\/2025\/06\/Koro.jpg","contentUrl":"https:\/\/letrame.com\/catalogo\/wp-content\/uploads\/2025\/06\/Koro.jpg","width":384,"height":537},{"@type":"BreadcrumbList","@id":"https:\/\/letrame.com\/catalogo\/producto\/koro-la-fuerza-de-un-espiritu-inquebrantable\/#breadcrumb","itemListElement":[{"@type":"ListItem","position":1,"name":"Portada","item":"https:\/\/letrame.com\/catalogo\/"},{"@type":"ListItem","position":2,"name":"Cat\u00e1logo","item":"https:\/\/letrame.com\/catalogo\/"},{"@type":"ListItem","position":3,"name":"KORO La fuerza de un esp\u00edritu inquebrantable"}]},{"@type":"WebSite","@id":"https:\/\/letrame.com\/catalogo\/#website","url":"https:\/\/letrame.com\/catalogo\/","name":"Catalogo | Letrame Grupo Editorial","description":"","publisher":{"@id":"https:\/\/letrame.com\/catalogo\/#organization"},"potentialAction":[{"@type":"SearchAction","target":{"@type":"EntryPoint","urlTemplate":"https:\/\/letrame.com\/catalogo\/?s={search_term_string}"},"query-input":{"@type":"PropertyValueSpecification","valueRequired":true,"valueName":"search_term_string"}}],"inLanguage":"es"},{"@type":"Organization","@id":"https:\/\/letrame.com\/catalogo\/#organization","name":"Catalogo | Letrame Grupo Editorial","url":"https:\/\/letrame.com\/catalogo\/","logo":{"@type":"ImageObject","inLanguage":"es","@id":"https:\/\/letrame.com\/catalogo\/#\/schema\/logo\/image\/","url":"https:\/\/letrame.com\/catalogo\/wp-content\/uploads\/2024\/03\/logo2.webp","contentUrl":"https:\/\/letrame.com\/catalogo\/wp-content\/uploads\/2024\/03\/logo2.webp","width":394,"height":128,"caption":"Catalogo | Letrame Grupo Editorial"},"image":{"@id":"https:\/\/letrame.com\/catalogo\/#\/schema\/logo\/image\/"}}]}},"_links":{"self":[{"href":"https:\/\/letrame.com\/catalogo\/wp-json\/wp\/v2\/product\/108610","targetHints":{"allow":["GET"]}}],"collection":[{"href":"https:\/\/letrame.com\/catalogo\/wp-json\/wp\/v2\/product"}],"about":[{"href":"https:\/\/letrame.com\/catalogo\/wp-json\/wp\/v2\/types\/product"}],"replies":[{"embeddable":true,"href":"https:\/\/letrame.com\/catalogo\/wp-json\/wp\/v2\/comments?post=108610"}],"acf:post":[{"embeddable":true,"href":"https:\/\/letrame.com\/catalogo\/wp-json\/wp\/v2\/author_book\/108612"}],"wp:featuredmedia":[{"embeddable":true,"href":"https:\/\/letrame.com\/catalogo\/wp-json\/wp\/v2\/media\/108611"}],"wp:attachment":[{"href":"https:\/\/letrame.com\/catalogo\/wp-json\/wp\/v2\/media?parent=108610"}],"wp:term":[{"taxonomy":"libro","embeddable":true,"href":"https:\/\/letrame.com\/catalogo\/wp-json\/wp\/v2\/libro?post=108610"},{"taxonomy":"product_brand","embeddable":true,"href":"https:\/\/letrame.com\/catalogo\/wp-json\/wp\/v2\/product_brand?post=108610"},{"taxonomy":"product_cat","embeddable":true,"href":"https:\/\/letrame.com\/catalogo\/wp-json\/wp\/v2\/product_cat?post=108610"},{"taxonomy":"product_tag","embeddable":true,"href":"https:\/\/letrame.com\/catalogo\/wp-json\/wp\/v2\/product_tag?post=108610"}],"curies":[{"name":"wp","href":"https:\/\/api.w.org\/{rel}","templated":true}]}}