{"id":108486,"date":"2025-05-06T09:23:05","date_gmt":"2025-05-06T07:23:05","guid":{"rendered":"https:\/\/letrame.com\/catalogo\/?post_type=product&#038;p=108486"},"modified":"2026-03-23T11:20:11","modified_gmt":"2026-03-23T10:20:11","slug":"la-ley-del-mas-fuerte-y-todo-cambio","status":"publish","type":"product","link":"https:\/\/letrame.com\/catalogo\/producto\/la-ley-del-mas-fuerte-y-todo-cambio\/","title":{"rendered":"La ley del m\u00e1s fuerte&#8230; y todo cambi\u00f3"},"content":{"rendered":"<p class=\"p1\"><b>ISBN: <\/b>9791370120351<b><\/b><\/p>\n<p class=\"p1\"><b>T\u00edtulo: <\/b>La ley del m\u00e1s fuerte&#8230;y todo cambi\u00f3<b><\/b><\/p>\n<p><strong>Fecha<\/strong>: 2025<b><\/b><\/p>\n<p><strong>P\u00e1ginas<\/strong>: 110<b><\/b><\/p>\n<p class=\"p1\"><b>SINOPSIS<\/b><\/p>\n<p>Esta obra es una forma de afrontar un tema serio que nos afecta a todos sin que podamos asegurar en el presente cu\u00e1l ser\u00e1 el resultado<br \/>\nfuturo: un cambio en el paradigma que rige las relaciones internacionales, nacido tras la Segunda Guerra Mundial. El proceso se inicia al mismo tiempo que el segundo mandato del presidente de los Estados Unidos, Donald Trump, cuyas declaraciones y posibles futuras acciones ponen en peligro el orden internacional nacido tras finalizar el citado conflicto. El planteamiento se basa en un hecho evidente, aunque no reconocido: las p\u00e9rdidas territoriales sufridas por algunos pa\u00edses tras la guerra mundial no son aceptadas de buen grado por los pa\u00edses que<br \/>\nlas sufrieron, y el nuevo sistema de relaciones internacionales les dan la oportunidad de revertir las p\u00e9rdidas. Y los Estados Unidos, con su presidente a la cabeza, facilitan estas \u00abrevanchas\u00bb. Se realiza tambi\u00e9n un planteamiento de los efectos que la nueva situaci\u00f3n internacional tiene sobre organismos internacionales como la OTAN, la Uni\u00f3n Europea y la ONU. Se analiza junto a lo anterior, siempre de forma hipot\u00e9tica y de ficci\u00f3n, aunque incluyendo datos reales en algunos casos, la confrontaci\u00f3n econ\u00f3mica de los Estados Unidos con China. Finalmente, se incluye una referencia a Espa\u00f1a. Y debe destacarse tambi\u00e9n que el autor intercala en el texto no solo conclusiones que el lector deber\u00e1 analizar, si no, tambi\u00e9n, algunos rasgos de humor que, si se comparten, suavizan algo el texto.<b><br \/>\n<\/b><\/p>\n","protected":false},"excerpt":{"rendered":"<p class=\"p1\"><b>ISBN: <\/b>9791370120351<b><\/b><\/p>\n<p>SINOPSIS<\/p>\n<p>Esta obra es una forma de afrontar un tema serio que nos afecta a todos sin que podamos asegurar en el presente cu\u00e1l ser\u00e1 el resultado<br \/>\nfuturo: un cambio en el paradigma que rige las relaciones internacionales, nacido tras la Segunda Guerra Mundial. El proceso se inicia al mismo tiempo que el segundo mandato del presidente de los Estados Unidos, Donald Trump, cuyas declaraciones y posibles futuras acciones ponen en peligro el orden internacional nacido tras finalizar el citado conflicto.<\/p>\n","protected":false},"featured_media":108487,"comment_status":"open","ping_status":"closed","template":"","meta":{"_acf_changed":false},"libro":[],"product_brand":[],"product_cat":[47],"product_tag":[],"class_list":{"0":"post-108486","1":"product","2":"type-product","3":"status-publish","4":"has-post-thumbnail","6":"product_cat-ciencia-ficcion-misterio","8":"first","9":"instock","10":"shipping-taxable","11":"product-type-simple"},"acf":{"autor":[108484],"enlace_de_compra":"https:\/\/www.amazon.es\/dp\/B0F42WP3W4"},"yoast_head":"<!-- This site is optimized with the Yoast SEO plugin v27.4 - https:\/\/yoast.com\/product\/yoast-seo-wordpress\/ -->\n<title>La ley del m\u00e1s fuerte... y todo cambi\u00f3 - Catalogo | Letrame Grupo Editorial<\/title>\n<meta name=\"robots\" content=\"index, follow, max-snippet:-1, max-image-preview:large, max-video-preview:-1\" \/>\n<link rel=\"canonical\" href=\"https:\/\/letrame.com\/catalogo\/producto\/la-ley-del-mas-fuerte-y-todo-cambio\/\" \/>\n<meta property=\"og:locale\" content=\"es_ES\" \/>\n<meta property=\"og:type\" content=\"article\" \/>\n<meta property=\"og:title\" content=\"La ley del m\u00e1s fuerte... y todo cambi\u00f3 - Catalogo | Letrame Grupo Editorial\" \/>\n<meta property=\"og:description\" content=\"ISBN: 9791370120351 SINOPSIS  Esta obra es una forma de afrontar un tema serio que nos afecta a todos sin que podamos asegurar en el presente cu\u00e1l ser\u00e1 el resultado futuro: un cambio en el paradigma que rige las relaciones internacionales, nacido tras la Segunda Guerra Mundial. El proceso se inicia al mismo tiempo que el segundo mandato del presidente de los Estados Unidos, Donald Trump, cuyas declaraciones y posibles futuras acciones ponen en peligro el orden internacional nacido tras finalizar el citado conflicto.\" \/>\n<meta property=\"og:url\" content=\"https:\/\/letrame.com\/catalogo\/producto\/la-ley-del-mas-fuerte-y-todo-cambio\/\" \/>\n<meta property=\"og:site_name\" content=\"Catalogo | Letrame Grupo Editorial\" \/>\n<meta property=\"article:modified_time\" content=\"2026-03-23T10:20:11+00:00\" \/>\n<meta property=\"og:image\" content=\"https:\/\/letrame.com\/catalogo\/wp-content\/uploads\/2025\/05\/La-ley-del-mas-fuerte.jpg\" \/>\n\t<meta property=\"og:image:width\" content=\"378\" \/>\n\t<meta property=\"og:image:height\" content=\"529\" \/>\n\t<meta property=\"og:image:type\" content=\"image\/jpeg\" \/>\n<meta name=\"twitter:card\" content=\"summary_large_image\" \/>\n<meta name=\"twitter:label1\" content=\"Tiempo de lectura\" \/>\n\t<meta name=\"twitter:data1\" content=\"2 minutos\" \/>\n<script type=\"application\/ld+json\" class=\"yoast-schema-graph\">{\"@context\":\"https:\\\/\\\/schema.org\",\"@graph\":[{\"@type\":\"WebPage\",\"@id\":\"https:\\\/\\\/letrame.com\\\/catalogo\\\/producto\\\/la-ley-del-mas-fuerte-y-todo-cambio\\\/\",\"url\":\"https:\\\/\\\/letrame.com\\\/catalogo\\\/producto\\\/la-ley-del-mas-fuerte-y-todo-cambio\\\/\",\"name\":\"La ley del m\u00e1s fuerte... y todo cambi\u00f3 - Catalogo | Letrame Grupo Editorial\",\"isPartOf\":{\"@id\":\"https:\\\/\\\/letrame.com\\\/catalogo\\\/#website\"},\"primaryImageOfPage\":{\"@id\":\"https:\\\/\\\/letrame.com\\\/catalogo\\\/producto\\\/la-ley-del-mas-fuerte-y-todo-cambio\\\/#primaryimage\"},\"image\":{\"@id\":\"https:\\\/\\\/letrame.com\\\/catalogo\\\/producto\\\/la-ley-del-mas-fuerte-y-todo-cambio\\\/#primaryimage\"},\"thumbnailUrl\":\"https:\\\/\\\/letrame.com\\\/catalogo\\\/wp-content\\\/uploads\\\/2025\\\/05\\\/La-ley-del-mas-fuerte.jpg\",\"datePublished\":\"2025-05-06T07:23:05+00:00\",\"dateModified\":\"2026-03-23T10:20:11+00:00\",\"breadcrumb\":{\"@id\":\"https:\\\/\\\/letrame.com\\\/catalogo\\\/producto\\\/la-ley-del-mas-fuerte-y-todo-cambio\\\/#breadcrumb\"},\"inLanguage\":\"es\",\"potentialAction\":[{\"@type\":\"ReadAction\",\"target\":[\"https:\\\/\\\/letrame.com\\\/catalogo\\\/producto\\\/la-ley-del-mas-fuerte-y-todo-cambio\\\/\"]}]},{\"@type\":\"ImageObject\",\"inLanguage\":\"es\",\"@id\":\"https:\\\/\\\/letrame.com\\\/catalogo\\\/producto\\\/la-ley-del-mas-fuerte-y-todo-cambio\\\/#primaryimage\",\"url\":\"https:\\\/\\\/letrame.com\\\/catalogo\\\/wp-content\\\/uploads\\\/2025\\\/05\\\/La-ley-del-mas-fuerte.jpg\",\"contentUrl\":\"https:\\\/\\\/letrame.com\\\/catalogo\\\/wp-content\\\/uploads\\\/2025\\\/05\\\/La-ley-del-mas-fuerte.jpg\",\"width\":378,\"height\":529},{\"@type\":\"BreadcrumbList\",\"@id\":\"https:\\\/\\\/letrame.com\\\/catalogo\\\/producto\\\/la-ley-del-mas-fuerte-y-todo-cambio\\\/#breadcrumb\",\"itemListElement\":[{\"@type\":\"ListItem\",\"position\":1,\"name\":\"Portada\",\"item\":\"https:\\\/\\\/letrame.com\\\/catalogo\\\/\"},{\"@type\":\"ListItem\",\"position\":2,\"name\":\"Cat\u00e1logo\",\"item\":\"https:\\\/\\\/letrame.com\\\/catalogo\\\/\"},{\"@type\":\"ListItem\",\"position\":3,\"name\":\"La ley del m\u00e1s fuerte&#8230; y todo cambi\u00f3\"}]},{\"@type\":\"WebSite\",\"@id\":\"https:\\\/\\\/letrame.com\\\/catalogo\\\/#website\",\"url\":\"https:\\\/\\\/letrame.com\\\/catalogo\\\/\",\"name\":\"Catalogo | Letrame Grupo Editorial\",\"description\":\"\",\"publisher\":{\"@id\":\"https:\\\/\\\/letrame.com\\\/catalogo\\\/#organization\"},\"potentialAction\":[{\"@type\":\"SearchAction\",\"target\":{\"@type\":\"EntryPoint\",\"urlTemplate\":\"https:\\\/\\\/letrame.com\\\/catalogo\\\/?s={search_term_string}\"},\"query-input\":{\"@type\":\"PropertyValueSpecification\",\"valueRequired\":true,\"valueName\":\"search_term_string\"}}],\"inLanguage\":\"es\"},{\"@type\":\"Organization\",\"@id\":\"https:\\\/\\\/letrame.com\\\/catalogo\\\/#organization\",\"name\":\"Catalogo | Letrame Grupo Editorial\",\"url\":\"https:\\\/\\\/letrame.com\\\/catalogo\\\/\",\"logo\":{\"@type\":\"ImageObject\",\"inLanguage\":\"es\",\"@id\":\"https:\\\/\\\/letrame.com\\\/catalogo\\\/#\\\/schema\\\/logo\\\/image\\\/\",\"url\":\"https:\\\/\\\/letrame.com\\\/catalogo\\\/wp-content\\\/uploads\\\/2024\\\/03\\\/logo2.webp\",\"contentUrl\":\"https:\\\/\\\/letrame.com\\\/catalogo\\\/wp-content\\\/uploads\\\/2024\\\/03\\\/logo2.webp\",\"width\":394,\"height\":128,\"caption\":\"Catalogo | Letrame Grupo Editorial\"},\"image\":{\"@id\":\"https:\\\/\\\/letrame.com\\\/catalogo\\\/#\\\/schema\\\/logo\\\/image\\\/\"}}]}<\/script>\n<!-- \/ Yoast SEO plugin. -->","yoast_head_json":{"title":"La ley del m\u00e1s fuerte... y todo cambi\u00f3 - Catalogo | Letrame Grupo Editorial","robots":{"index":"index","follow":"follow","max-snippet":"max-snippet:-1","max-image-preview":"max-image-preview:large","max-video-preview":"max-video-preview:-1"},"canonical":"https:\/\/letrame.com\/catalogo\/producto\/la-ley-del-mas-fuerte-y-todo-cambio\/","og_locale":"es_ES","og_type":"article","og_title":"La ley del m\u00e1s fuerte... y todo cambi\u00f3 - Catalogo | Letrame Grupo Editorial","og_description":"ISBN: 9791370120351 SINOPSIS  Esta obra es una forma de afrontar un tema serio que nos afecta a todos sin que podamos asegurar en el presente cu\u00e1l ser\u00e1 el resultado futuro: un cambio en el paradigma que rige las relaciones internacionales, nacido tras la Segunda Guerra Mundial. El proceso se inicia al mismo tiempo que el segundo mandato del presidente de los Estados Unidos, Donald Trump, cuyas declaraciones y posibles futuras acciones ponen en peligro el orden internacional nacido tras finalizar el citado conflicto.","og_url":"https:\/\/letrame.com\/catalogo\/producto\/la-ley-del-mas-fuerte-y-todo-cambio\/","og_site_name":"Catalogo | Letrame Grupo Editorial","article_modified_time":"2026-03-23T10:20:11+00:00","og_image":[{"width":378,"height":529,"url":"https:\/\/letrame.com\/catalogo\/wp-content\/uploads\/2025\/05\/La-ley-del-mas-fuerte.jpg","type":"image\/jpeg"}],"twitter_card":"summary_large_image","twitter_misc":{"Tiempo de lectura":"2 minutos"},"schema":{"@context":"https:\/\/schema.org","@graph":[{"@type":"WebPage","@id":"https:\/\/letrame.com\/catalogo\/producto\/la-ley-del-mas-fuerte-y-todo-cambio\/","url":"https:\/\/letrame.com\/catalogo\/producto\/la-ley-del-mas-fuerte-y-todo-cambio\/","name":"La ley del m\u00e1s fuerte... y todo cambi\u00f3 - Catalogo | Letrame Grupo Editorial","isPartOf":{"@id":"https:\/\/letrame.com\/catalogo\/#website"},"primaryImageOfPage":{"@id":"https:\/\/letrame.com\/catalogo\/producto\/la-ley-del-mas-fuerte-y-todo-cambio\/#primaryimage"},"image":{"@id":"https:\/\/letrame.com\/catalogo\/producto\/la-ley-del-mas-fuerte-y-todo-cambio\/#primaryimage"},"thumbnailUrl":"https:\/\/letrame.com\/catalogo\/wp-content\/uploads\/2025\/05\/La-ley-del-mas-fuerte.jpg","datePublished":"2025-05-06T07:23:05+00:00","dateModified":"2026-03-23T10:20:11+00:00","breadcrumb":{"@id":"https:\/\/letrame.com\/catalogo\/producto\/la-ley-del-mas-fuerte-y-todo-cambio\/#breadcrumb"},"inLanguage":"es","potentialAction":[{"@type":"ReadAction","target":["https:\/\/letrame.com\/catalogo\/producto\/la-ley-del-mas-fuerte-y-todo-cambio\/"]}]},{"@type":"ImageObject","inLanguage":"es","@id":"https:\/\/letrame.com\/catalogo\/producto\/la-ley-del-mas-fuerte-y-todo-cambio\/#primaryimage","url":"https:\/\/letrame.com\/catalogo\/wp-content\/uploads\/2025\/05\/La-ley-del-mas-fuerte.jpg","contentUrl":"https:\/\/letrame.com\/catalogo\/wp-content\/uploads\/2025\/05\/La-ley-del-mas-fuerte.jpg","width":378,"height":529},{"@type":"BreadcrumbList","@id":"https:\/\/letrame.com\/catalogo\/producto\/la-ley-del-mas-fuerte-y-todo-cambio\/#breadcrumb","itemListElement":[{"@type":"ListItem","position":1,"name":"Portada","item":"https:\/\/letrame.com\/catalogo\/"},{"@type":"ListItem","position":2,"name":"Cat\u00e1logo","item":"https:\/\/letrame.com\/catalogo\/"},{"@type":"ListItem","position":3,"name":"La ley del m\u00e1s fuerte&#8230; y todo cambi\u00f3"}]},{"@type":"WebSite","@id":"https:\/\/letrame.com\/catalogo\/#website","url":"https:\/\/letrame.com\/catalogo\/","name":"Catalogo | Letrame Grupo Editorial","description":"","publisher":{"@id":"https:\/\/letrame.com\/catalogo\/#organization"},"potentialAction":[{"@type":"SearchAction","target":{"@type":"EntryPoint","urlTemplate":"https:\/\/letrame.com\/catalogo\/?s={search_term_string}"},"query-input":{"@type":"PropertyValueSpecification","valueRequired":true,"valueName":"search_term_string"}}],"inLanguage":"es"},{"@type":"Organization","@id":"https:\/\/letrame.com\/catalogo\/#organization","name":"Catalogo | Letrame Grupo Editorial","url":"https:\/\/letrame.com\/catalogo\/","logo":{"@type":"ImageObject","inLanguage":"es","@id":"https:\/\/letrame.com\/catalogo\/#\/schema\/logo\/image\/","url":"https:\/\/letrame.com\/catalogo\/wp-content\/uploads\/2024\/03\/logo2.webp","contentUrl":"https:\/\/letrame.com\/catalogo\/wp-content\/uploads\/2024\/03\/logo2.webp","width":394,"height":128,"caption":"Catalogo | Letrame Grupo Editorial"},"image":{"@id":"https:\/\/letrame.com\/catalogo\/#\/schema\/logo\/image\/"}}]}},"_links":{"self":[{"href":"https:\/\/letrame.com\/catalogo\/wp-json\/wp\/v2\/product\/108486","targetHints":{"allow":["GET"]}}],"collection":[{"href":"https:\/\/letrame.com\/catalogo\/wp-json\/wp\/v2\/product"}],"about":[{"href":"https:\/\/letrame.com\/catalogo\/wp-json\/wp\/v2\/types\/product"}],"replies":[{"embeddable":true,"href":"https:\/\/letrame.com\/catalogo\/wp-json\/wp\/v2\/comments?post=108486"}],"acf:post":[{"embeddable":true,"href":"https:\/\/letrame.com\/catalogo\/wp-json\/wp\/v2\/author_book\/108484"}],"wp:featuredmedia":[{"embeddable":true,"href":"https:\/\/letrame.com\/catalogo\/wp-json\/wp\/v2\/media\/108487"}],"wp:attachment":[{"href":"https:\/\/letrame.com\/catalogo\/wp-json\/wp\/v2\/media?parent=108486"}],"wp:term":[{"taxonomy":"libro","embeddable":true,"href":"https:\/\/letrame.com\/catalogo\/wp-json\/wp\/v2\/libro?post=108486"},{"taxonomy":"product_brand","embeddable":true,"href":"https:\/\/letrame.com\/catalogo\/wp-json\/wp\/v2\/product_brand?post=108486"},{"taxonomy":"product_cat","embeddable":true,"href":"https:\/\/letrame.com\/catalogo\/wp-json\/wp\/v2\/product_cat?post=108486"},{"taxonomy":"product_tag","embeddable":true,"href":"https:\/\/letrame.com\/catalogo\/wp-json\/wp\/v2\/product_tag?post=108486"}],"curies":[{"name":"wp","href":"https:\/\/api.w.org\/{rel}","templated":true}]}}