{"id":107992,"date":"2025-02-10T08:44:02","date_gmt":"2025-02-10T07:44:02","guid":{"rendered":"https:\/\/letrame.com\/catalogo\/?post_type=product&#038;p=107992"},"modified":"2025-04-07T14:33:28","modified_gmt":"2025-04-07T12:33:28","slug":"retazos-de-vida-y-sombras","status":"publish","type":"product","link":"https:\/\/letrame.com\/catalogo\/producto\/retazos-de-vida-y-sombras\/","title":{"rendered":"Retazos de vida y sombras"},"content":{"rendered":"<p class=\"p1\"><b>ISBN: <\/b>978-84-1386-834-9<b><\/b><\/p>\n<p class=\"p1\"><b>T\u00edtulo: <\/b>Retazos de vida y sombras<\/p>\n<p class=\"p1\"><b>Fecha: <\/b>2021<\/p>\n<p class=\"p1\"><b><\/b><b>P\u00e1ginas: <\/b>114<b><\/b><\/p>\n<p class=\"p1\"><b>SINOPSIS<\/b><b><\/b><\/p>\n<p>Retazos de Vida y Sombras es un viaje entre la existencia y la imaginaci\u00f3n de L. M. Juiz.<br \/>\nUn recorrido repleto de emociones de toda \u00edndole que se aprecian entre las l\u00edneas de sus poemas y relatos. Unas veces con claridad di\u00e1fana y meridiana y otras con iron\u00eda, sarcasmo, humor e incluso esa \u00abretranca\u00bb gallega que hace honor a sus or\u00edgenes.<br \/>\nFerrol, su ciudad, Galicia, su tierra y el mar, su universo, son protagonistas incansables de esta aventura literaria.<br \/>\nEl poeta y acad\u00e9mico Pedro Enr\u00edquez escribe en el pr\u00f3logo de este libro: \u00abSu especial sensibilidad le hace sentir cada roce del mar en sus pies o la ausencia de una mirada como un espacio donde se engrandecen cada instante de dolor y de dicha. Galicia. Y el amor, surgiendo como la respiraci\u00f3n necesaria\u00bb.<\/p>\n<p>No hay metas, no hay medidas,<br \/>\nuna existencia corriente,<br \/>\narriesgando en la partida.<br \/>\nRespirando el presente,<br \/>\nsimplemente t\u00fa,<br \/>\nsencillamente la vida.<\/p>\n","protected":false},"excerpt":{"rendered":"<p class=\"p1\"><b>ISBN: <\/b>978-84-1386-834-9<b><\/b><\/p>\n<p><strong>SINOPSIS<\/strong><b><\/b><\/p>\n<p>Retazos de Vida y Sombras es un viaje entre la existencia y la imaginaci\u00f3n de L. M. Juiz.<br \/>\nUn recorrido repleto de emociones de toda \u00edndole que se aprecian entre las l\u00edneas de sus poemas y relatos. Unas veces con claridad di\u00e1fana y meridiana y otras con iron\u00eda, sarcasmo, humor e incluso esa \u00abretranca\u00bb gallega que hace honor a sus or\u00edgenes.<br \/>\nFerrol, su ciudad, Galicia, su tierra y el mar, su universo, son protagonistas incansables de esta aventura literaria.<br \/>\nEl poeta y acad\u00e9mico Pedro Enr\u00edquez escribe en el pr\u00f3logo de este libro: \u00abSu especial sensibilidad le hace sentir cada roce del mar en sus pies o la ausencia de una mirada como un espacio donde se engrandecen cada instante de dolor y de dicha. Galicia. Y el amor, surgiendo como la respiraci\u00f3n necesaria\u00bb.<\/p>\n<p>No hay metas, no hay medidas,<br \/>\nuna existencia corriente,<br \/>\narriesgando en la partida.<br \/>\nRespirando el presente,<br \/>\nsimplemente t\u00fa,<br \/>\nsencillamente la vida.<\/p>\n","protected":false},"featured_media":108430,"comment_status":"open","ping_status":"closed","template":"","meta":{"_acf_changed":false},"libro":[],"product_brand":[],"product_cat":[20],"product_tag":[],"class_list":{"0":"post-107992","1":"product","2":"type-product","3":"status-publish","4":"has-post-thumbnail","6":"product_cat-poesia","8":"first","9":"instock","10":"shipping-taxable","11":"product-type-simple"},"acf":{"autor":[74892],"enlace_de_compra":"https:\/\/www.amazon.es\/dp\/8413863988"},"yoast_head":"<!-- This site is optimized with the Yoast SEO plugin v27.4 - https:\/\/yoast.com\/product\/yoast-seo-wordpress\/ -->\n<title>Retazos de vida y sombras - Catalogo | Letrame Grupo Editorial<\/title>\n<meta name=\"robots\" content=\"index, follow, max-snippet:-1, max-image-preview:large, max-video-preview:-1\" \/>\n<link rel=\"canonical\" href=\"https:\/\/letrame.com\/catalogo\/producto\/retazos-de-vida-y-sombras\/\" \/>\n<meta property=\"og:locale\" content=\"es_ES\" \/>\n<meta property=\"og:type\" content=\"article\" \/>\n<meta property=\"og:title\" content=\"Retazos de vida y sombras - Catalogo | Letrame Grupo Editorial\" \/>\n<meta property=\"og:description\" content=\"ISBN: 978-84-1386-834-9 SINOPSIS  Retazos de Vida y Sombras es un viaje entre la existencia y la imaginaci\u00f3n de L. M. Juiz. Un recorrido repleto de emociones de toda \u00edndole que se aprecian entre las l\u00edneas de sus poemas y relatos. Unas veces con claridad di\u00e1fana y meridiana y otras con iron\u00eda, sarcasmo, humor e incluso esa \u00abretranca\u00bb gallega que hace honor a sus or\u00edgenes. Ferrol, su ciudad, Galicia, su tierra y el mar, su universo, son protagonistas incansables de esta aventura literaria. El poeta y acad\u00e9mico Pedro Enr\u00edquez escribe en el pr\u00f3logo de este libro: \u00abSu especial sensibilidad le hace sentir cada roce del mar en sus pies o la ausencia de una mirada como un espacio donde se engrandecen cada instante de dolor y de dicha. Galicia. Y el amor, surgiendo como la respiraci\u00f3n necesaria\u00bb.  No hay metas, no hay medidas, una existencia corriente, arriesgando en la partida. Respirando el presente, simplemente t\u00fa, sencillamente la vida.\" \/>\n<meta property=\"og:url\" content=\"https:\/\/letrame.com\/catalogo\/producto\/retazos-de-vida-y-sombras\/\" \/>\n<meta property=\"og:site_name\" content=\"Catalogo | Letrame Grupo Editorial\" \/>\n<meta property=\"article:modified_time\" content=\"2025-04-07T12:33:28+00:00\" \/>\n<meta property=\"og:image\" content=\"https:\/\/letrame.com\/catalogo\/wp-content\/uploads\/2025\/02\/Retazos-de-vida.jpg\" \/>\n\t<meta property=\"og:image:width\" content=\"325\" \/>\n\t<meta property=\"og:image:height\" content=\"512\" \/>\n\t<meta property=\"og:image:type\" content=\"image\/jpeg\" \/>\n<meta name=\"twitter:card\" content=\"summary_large_image\" \/>\n<meta name=\"twitter:label1\" content=\"Tiempo de lectura\" \/>\n\t<meta name=\"twitter:data1\" content=\"1 minuto\" \/>\n<script type=\"application\/ld+json\" class=\"yoast-schema-graph\">{\"@context\":\"https:\\\/\\\/schema.org\",\"@graph\":[{\"@type\":\"WebPage\",\"@id\":\"https:\\\/\\\/letrame.com\\\/catalogo\\\/producto\\\/retazos-de-vida-y-sombras\\\/\",\"url\":\"https:\\\/\\\/letrame.com\\\/catalogo\\\/producto\\\/retazos-de-vida-y-sombras\\\/\",\"name\":\"Retazos de vida y sombras - Catalogo | Letrame Grupo Editorial\",\"isPartOf\":{\"@id\":\"https:\\\/\\\/letrame.com\\\/catalogo\\\/#website\"},\"primaryImageOfPage\":{\"@id\":\"https:\\\/\\\/letrame.com\\\/catalogo\\\/producto\\\/retazos-de-vida-y-sombras\\\/#primaryimage\"},\"image\":{\"@id\":\"https:\\\/\\\/letrame.com\\\/catalogo\\\/producto\\\/retazos-de-vida-y-sombras\\\/#primaryimage\"},\"thumbnailUrl\":\"https:\\\/\\\/letrame.com\\\/catalogo\\\/wp-content\\\/uploads\\\/2025\\\/02\\\/Retazos-de-vida.jpg\",\"datePublished\":\"2025-02-10T07:44:02+00:00\",\"dateModified\":\"2025-04-07T12:33:28+00:00\",\"breadcrumb\":{\"@id\":\"https:\\\/\\\/letrame.com\\\/catalogo\\\/producto\\\/retazos-de-vida-y-sombras\\\/#breadcrumb\"},\"inLanguage\":\"es\",\"potentialAction\":[{\"@type\":\"ReadAction\",\"target\":[\"https:\\\/\\\/letrame.com\\\/catalogo\\\/producto\\\/retazos-de-vida-y-sombras\\\/\"]}]},{\"@type\":\"ImageObject\",\"inLanguage\":\"es\",\"@id\":\"https:\\\/\\\/letrame.com\\\/catalogo\\\/producto\\\/retazos-de-vida-y-sombras\\\/#primaryimage\",\"url\":\"https:\\\/\\\/letrame.com\\\/catalogo\\\/wp-content\\\/uploads\\\/2025\\\/02\\\/Retazos-de-vida.jpg\",\"contentUrl\":\"https:\\\/\\\/letrame.com\\\/catalogo\\\/wp-content\\\/uploads\\\/2025\\\/02\\\/Retazos-de-vida.jpg\",\"width\":325,\"height\":512},{\"@type\":\"BreadcrumbList\",\"@id\":\"https:\\\/\\\/letrame.com\\\/catalogo\\\/producto\\\/retazos-de-vida-y-sombras\\\/#breadcrumb\",\"itemListElement\":[{\"@type\":\"ListItem\",\"position\":1,\"name\":\"Portada\",\"item\":\"https:\\\/\\\/letrame.com\\\/catalogo\\\/\"},{\"@type\":\"ListItem\",\"position\":2,\"name\":\"Cat\u00e1logo\",\"item\":\"https:\\\/\\\/letrame.com\\\/catalogo\\\/\"},{\"@type\":\"ListItem\",\"position\":3,\"name\":\"Retazos de vida y sombras\"}]},{\"@type\":\"WebSite\",\"@id\":\"https:\\\/\\\/letrame.com\\\/catalogo\\\/#website\",\"url\":\"https:\\\/\\\/letrame.com\\\/catalogo\\\/\",\"name\":\"Catalogo | Letrame Grupo Editorial\",\"description\":\"\",\"publisher\":{\"@id\":\"https:\\\/\\\/letrame.com\\\/catalogo\\\/#organization\"},\"potentialAction\":[{\"@type\":\"SearchAction\",\"target\":{\"@type\":\"EntryPoint\",\"urlTemplate\":\"https:\\\/\\\/letrame.com\\\/catalogo\\\/?s={search_term_string}\"},\"query-input\":{\"@type\":\"PropertyValueSpecification\",\"valueRequired\":true,\"valueName\":\"search_term_string\"}}],\"inLanguage\":\"es\"},{\"@type\":\"Organization\",\"@id\":\"https:\\\/\\\/letrame.com\\\/catalogo\\\/#organization\",\"name\":\"Catalogo | Letrame Grupo Editorial\",\"url\":\"https:\\\/\\\/letrame.com\\\/catalogo\\\/\",\"logo\":{\"@type\":\"ImageObject\",\"inLanguage\":\"es\",\"@id\":\"https:\\\/\\\/letrame.com\\\/catalogo\\\/#\\\/schema\\\/logo\\\/image\\\/\",\"url\":\"https:\\\/\\\/letrame.com\\\/catalogo\\\/wp-content\\\/uploads\\\/2024\\\/03\\\/logo2.webp\",\"contentUrl\":\"https:\\\/\\\/letrame.com\\\/catalogo\\\/wp-content\\\/uploads\\\/2024\\\/03\\\/logo2.webp\",\"width\":394,\"height\":128,\"caption\":\"Catalogo | Letrame Grupo Editorial\"},\"image\":{\"@id\":\"https:\\\/\\\/letrame.com\\\/catalogo\\\/#\\\/schema\\\/logo\\\/image\\\/\"}}]}<\/script>\n<!-- \/ Yoast SEO plugin. -->","yoast_head_json":{"title":"Retazos de vida y sombras - Catalogo | Letrame Grupo Editorial","robots":{"index":"index","follow":"follow","max-snippet":"max-snippet:-1","max-image-preview":"max-image-preview:large","max-video-preview":"max-video-preview:-1"},"canonical":"https:\/\/letrame.com\/catalogo\/producto\/retazos-de-vida-y-sombras\/","og_locale":"es_ES","og_type":"article","og_title":"Retazos de vida y sombras - Catalogo | Letrame Grupo Editorial","og_description":"ISBN: 978-84-1386-834-9 SINOPSIS  Retazos de Vida y Sombras es un viaje entre la existencia y la imaginaci\u00f3n de L. M. Juiz. Un recorrido repleto de emociones de toda \u00edndole que se aprecian entre las l\u00edneas de sus poemas y relatos. Unas veces con claridad di\u00e1fana y meridiana y otras con iron\u00eda, sarcasmo, humor e incluso esa \u00abretranca\u00bb gallega que hace honor a sus or\u00edgenes. Ferrol, su ciudad, Galicia, su tierra y el mar, su universo, son protagonistas incansables de esta aventura literaria. El poeta y acad\u00e9mico Pedro Enr\u00edquez escribe en el pr\u00f3logo de este libro: \u00abSu especial sensibilidad le hace sentir cada roce del mar en sus pies o la ausencia de una mirada como un espacio donde se engrandecen cada instante de dolor y de dicha. Galicia. Y el amor, surgiendo como la respiraci\u00f3n necesaria\u00bb.  No hay metas, no hay medidas, una existencia corriente, arriesgando en la partida. Respirando el presente, simplemente t\u00fa, sencillamente la vida.","og_url":"https:\/\/letrame.com\/catalogo\/producto\/retazos-de-vida-y-sombras\/","og_site_name":"Catalogo | Letrame Grupo Editorial","article_modified_time":"2025-04-07T12:33:28+00:00","og_image":[{"width":325,"height":512,"url":"https:\/\/letrame.com\/catalogo\/wp-content\/uploads\/2025\/02\/Retazos-de-vida.jpg","type":"image\/jpeg"}],"twitter_card":"summary_large_image","twitter_misc":{"Tiempo de lectura":"1 minuto"},"schema":{"@context":"https:\/\/schema.org","@graph":[{"@type":"WebPage","@id":"https:\/\/letrame.com\/catalogo\/producto\/retazos-de-vida-y-sombras\/","url":"https:\/\/letrame.com\/catalogo\/producto\/retazos-de-vida-y-sombras\/","name":"Retazos de vida y sombras - Catalogo | Letrame Grupo Editorial","isPartOf":{"@id":"https:\/\/letrame.com\/catalogo\/#website"},"primaryImageOfPage":{"@id":"https:\/\/letrame.com\/catalogo\/producto\/retazos-de-vida-y-sombras\/#primaryimage"},"image":{"@id":"https:\/\/letrame.com\/catalogo\/producto\/retazos-de-vida-y-sombras\/#primaryimage"},"thumbnailUrl":"https:\/\/letrame.com\/catalogo\/wp-content\/uploads\/2025\/02\/Retazos-de-vida.jpg","datePublished":"2025-02-10T07:44:02+00:00","dateModified":"2025-04-07T12:33:28+00:00","breadcrumb":{"@id":"https:\/\/letrame.com\/catalogo\/producto\/retazos-de-vida-y-sombras\/#breadcrumb"},"inLanguage":"es","potentialAction":[{"@type":"ReadAction","target":["https:\/\/letrame.com\/catalogo\/producto\/retazos-de-vida-y-sombras\/"]}]},{"@type":"ImageObject","inLanguage":"es","@id":"https:\/\/letrame.com\/catalogo\/producto\/retazos-de-vida-y-sombras\/#primaryimage","url":"https:\/\/letrame.com\/catalogo\/wp-content\/uploads\/2025\/02\/Retazos-de-vida.jpg","contentUrl":"https:\/\/letrame.com\/catalogo\/wp-content\/uploads\/2025\/02\/Retazos-de-vida.jpg","width":325,"height":512},{"@type":"BreadcrumbList","@id":"https:\/\/letrame.com\/catalogo\/producto\/retazos-de-vida-y-sombras\/#breadcrumb","itemListElement":[{"@type":"ListItem","position":1,"name":"Portada","item":"https:\/\/letrame.com\/catalogo\/"},{"@type":"ListItem","position":2,"name":"Cat\u00e1logo","item":"https:\/\/letrame.com\/catalogo\/"},{"@type":"ListItem","position":3,"name":"Retazos de vida y sombras"}]},{"@type":"WebSite","@id":"https:\/\/letrame.com\/catalogo\/#website","url":"https:\/\/letrame.com\/catalogo\/","name":"Catalogo | Letrame Grupo Editorial","description":"","publisher":{"@id":"https:\/\/letrame.com\/catalogo\/#organization"},"potentialAction":[{"@type":"SearchAction","target":{"@type":"EntryPoint","urlTemplate":"https:\/\/letrame.com\/catalogo\/?s={search_term_string}"},"query-input":{"@type":"PropertyValueSpecification","valueRequired":true,"valueName":"search_term_string"}}],"inLanguage":"es"},{"@type":"Organization","@id":"https:\/\/letrame.com\/catalogo\/#organization","name":"Catalogo | Letrame Grupo Editorial","url":"https:\/\/letrame.com\/catalogo\/","logo":{"@type":"ImageObject","inLanguage":"es","@id":"https:\/\/letrame.com\/catalogo\/#\/schema\/logo\/image\/","url":"https:\/\/letrame.com\/catalogo\/wp-content\/uploads\/2024\/03\/logo2.webp","contentUrl":"https:\/\/letrame.com\/catalogo\/wp-content\/uploads\/2024\/03\/logo2.webp","width":394,"height":128,"caption":"Catalogo | Letrame Grupo Editorial"},"image":{"@id":"https:\/\/letrame.com\/catalogo\/#\/schema\/logo\/image\/"}}]}},"_links":{"self":[{"href":"https:\/\/letrame.com\/catalogo\/wp-json\/wp\/v2\/product\/107992","targetHints":{"allow":["GET"]}}],"collection":[{"href":"https:\/\/letrame.com\/catalogo\/wp-json\/wp\/v2\/product"}],"about":[{"href":"https:\/\/letrame.com\/catalogo\/wp-json\/wp\/v2\/types\/product"}],"replies":[{"embeddable":true,"href":"https:\/\/letrame.com\/catalogo\/wp-json\/wp\/v2\/comments?post=107992"}],"acf:post":[{"embeddable":true,"href":"https:\/\/letrame.com\/catalogo\/wp-json\/wp\/v2\/author_book\/74892"}],"wp:featuredmedia":[{"embeddable":true,"href":"https:\/\/letrame.com\/catalogo\/wp-json\/wp\/v2\/media\/108430"}],"wp:attachment":[{"href":"https:\/\/letrame.com\/catalogo\/wp-json\/wp\/v2\/media?parent=107992"}],"wp:term":[{"taxonomy":"libro","embeddable":true,"href":"https:\/\/letrame.com\/catalogo\/wp-json\/wp\/v2\/libro?post=107992"},{"taxonomy":"product_brand","embeddable":true,"href":"https:\/\/letrame.com\/catalogo\/wp-json\/wp\/v2\/product_brand?post=107992"},{"taxonomy":"product_cat","embeddable":true,"href":"https:\/\/letrame.com\/catalogo\/wp-json\/wp\/v2\/product_cat?post=107992"},{"taxonomy":"product_tag","embeddable":true,"href":"https:\/\/letrame.com\/catalogo\/wp-json\/wp\/v2\/product_tag?post=107992"}],"curies":[{"name":"wp","href":"https:\/\/api.w.org\/{rel}","templated":true}]}}