{"id":107955,"date":"2025-01-30T09:48:30","date_gmt":"2025-01-30T08:48:30","guid":{"rendered":"https:\/\/letrame.com\/catalogo\/?post_type=product&#038;p=107955"},"modified":"2025-01-30T09:53:41","modified_gmt":"2025-01-30T08:53:41","slug":"el-mundo-de-valeria-3a-edicion","status":"publish","type":"product","link":"https:\/\/letrame.com\/catalogo\/producto\/el-mundo-de-valeria-3a-edicion\/","title":{"rendered":"El mundo de Valeria 3\u00aa Edici\u00f3n"},"content":{"rendered":"<p class=\"p1\"><b>ISBN: <\/b>978-84-1089-508-9<\/p>\n<p class=\"p1\"><b>T\u00edtulo: <\/b>El mundo de Valeria. 3\u00aa Edici\u00f3n<b><\/b><\/p>\n<p><strong>Fecha<\/strong>: 2024<b><\/b><\/p>\n<p><strong>P\u00e1ginas<\/strong>: 275<b><\/b><\/p>\n<p class=\"p1\"><b>SINOPSIS<\/b><b><\/b><\/p>\n<p class=\"p1\">Valeria, la protagonista de la novela, nos revela de manera hiperrea-<\/p>\n<p class=\"p1\">lista c\u00f3mo es su mundo. A trav\u00e9s de una mirada introspectiva, nos<\/p>\n<p class=\"p1\">narra la cotidianidad de su vida, c\u00f3mo ha vivido el amor, el desa-<\/p>\n<p class=\"p1\">mor, la violencia de g\u00e9nero, la soledad, el dolor y la ca\u00edda al abis-<\/p>\n<p class=\"p1\">mo. Gracias a un extraordinario ejercicio de superaci\u00f3n personal,<\/p>\n<p class=\"p1\">logra reencontrase consigo misma, dejando atr\u00e1s los sentimientos<\/p>\n<p class=\"p1\">de frustraci\u00f3n, inseguridad, culpabilidad y aislamiento que durante<\/p>\n<p class=\"p1\">a\u00f1os socavaron su paz interior e impidieron su felicidad.<\/p>\n<p class=\"p1\">El Mundo de Valeria tambi\u00e9n es la historia de una amistad, de la<\/p>\n<p class=\"p1\">pasi\u00f3n de la protagonista por su oficio de maestra y su posiciona-<\/p>\n<p class=\"p1\">miento ante problemas sociales como el racismo, la xenofobia, la<\/p>\n<p class=\"p1\">marginaci\u00f3n\u2026<\/p>\n","protected":false},"excerpt":{"rendered":"<p class=\"p1\"><b>ISBN: <\/b>978-84-1089-508-9<br \/>\n<b><br \/>\nSINOPSIS<\/b><b><\/b><\/p>\n<p class=\"p1\">Valeria, la protagonista de la novela, nos revela de manera hiperrea-<\/p>\n<p class=\"p1\">lista c\u00f3mo es su mundo. A trav\u00e9s de una mirada introspectiva, nos<\/p>\n<p class=\"p1\">narra la cotidianidad de su vida, c\u00f3mo ha vivido el amor, el desa-<\/p>\n<p class=\"p1\">mor, la violencia de g\u00e9nero, la soledad, el dolor y la ca\u00edda al abis-<\/p>\n<p class=\"p1\">mo. Gracias a un extraordinario ejercicio de superaci\u00f3n personal,<\/p>\n<p class=\"p1\">logra reencontrase consigo misma, dejando atr\u00e1s los sentimientos<\/p>\n<p class=\"p1\">de frustraci\u00f3n, inseguridad, culpabilidad y aislamiento que durante<\/p>\n<p class=\"p1\">a\u00f1os socavaron su paz interior e impidieron su felicidad.<\/p>\n<p class=\"p1\">El Mundo de Valeria tambi\u00e9n es la historia de una amistad, de la<\/p>\n<p class=\"p1\">pasi\u00f3n de la protagonista por su oficio de maestra y su posiciona-<\/p>\n<p class=\"p1\">miento ante problemas sociales como el racismo, la xenofobia, la<\/p>\n<p class=\"p1\">marginaci\u00f3n\u2026<\/p>\n","protected":false},"featured_media":107957,"comment_status":"open","ping_status":"closed","template":"","meta":{"_acf_changed":false},"libro":[],"product_brand":[],"product_cat":[47],"product_tag":[],"class_list":{"0":"post-107955","1":"product","2":"type-product","3":"status-publish","4":"has-post-thumbnail","6":"product_cat-ciencia-ficcion-misterio","8":"first","9":"instock","10":"shipping-taxable","11":"product-type-simple"},"acf":{"autor":[107956],"enlace_de_compra":"https:\/\/www.amazon.es\/dp\/8410895080"},"yoast_head":"<!-- This site is optimized with the Yoast SEO plugin v27.4 - https:\/\/yoast.com\/product\/yoast-seo-wordpress\/ -->\n<title>El mundo de Valeria 3\u00aa Edici\u00f3n - Catalogo | Letrame Grupo Editorial<\/title>\n<meta name=\"robots\" content=\"index, follow, max-snippet:-1, max-image-preview:large, max-video-preview:-1\" \/>\n<link rel=\"canonical\" href=\"https:\/\/letrame.com\/catalogo\/producto\/el-mundo-de-valeria-3a-edicion\/\" \/>\n<meta property=\"og:locale\" content=\"es_ES\" \/>\n<meta property=\"og:type\" content=\"article\" \/>\n<meta property=\"og:title\" content=\"El mundo de Valeria 3\u00aa Edici\u00f3n - Catalogo | Letrame Grupo Editorial\" \/>\n<meta property=\"og:description\" content=\"ISBN: 978-84-1089-508-9  SINOPSIS Valeria, la protagonista de la novela, nos revela de manera hiperrea- lista c\u00f3mo es su mundo. A trav\u00e9s de una mirada introspectiva, nos narra la cotidianidad de su vida, c\u00f3mo ha vivido el amor, el desa- mor, la violencia de g\u00e9nero, la soledad, el dolor y la ca\u00edda al abis- mo. Gracias a un extraordinario ejercicio de superaci\u00f3n personal, logra reencontrase consigo misma, dejando atr\u00e1s los sentimientos de frustraci\u00f3n, inseguridad, culpabilidad y aislamiento que durante a\u00f1os socavaron su paz interior e impidieron su felicidad. El Mundo de Valeria tambi\u00e9n es la historia de una amistad, de la pasi\u00f3n de la protagonista por su oficio de maestra y su posiciona- miento ante problemas sociales como el racismo, la xenofobia, la marginaci\u00f3n\u2026\" \/>\n<meta property=\"og:url\" content=\"https:\/\/letrame.com\/catalogo\/producto\/el-mundo-de-valeria-3a-edicion\/\" \/>\n<meta property=\"og:site_name\" content=\"Catalogo | Letrame Grupo Editorial\" \/>\n<meta property=\"article:modified_time\" content=\"2025-01-30T08:53:41+00:00\" \/>\n<meta property=\"og:image\" content=\"https:\/\/letrame.com\/catalogo\/wp-content\/uploads\/2025\/01\/PortadaElmundodeValeria.jpg\" \/>\n\t<meta property=\"og:image:width\" content=\"425\" \/>\n\t<meta property=\"og:image:height\" content=\"595\" \/>\n\t<meta property=\"og:image:type\" content=\"image\/jpeg\" \/>\n<meta name=\"twitter:card\" content=\"summary_large_image\" \/>\n<meta name=\"twitter:label1\" content=\"Tiempo de lectura\" \/>\n\t<meta name=\"twitter:data1\" content=\"1 minuto\" \/>\n<script type=\"application\/ld+json\" class=\"yoast-schema-graph\">{\"@context\":\"https:\\\/\\\/schema.org\",\"@graph\":[{\"@type\":\"WebPage\",\"@id\":\"https:\\\/\\\/letrame.com\\\/catalogo\\\/producto\\\/el-mundo-de-valeria-3a-edicion\\\/\",\"url\":\"https:\\\/\\\/letrame.com\\\/catalogo\\\/producto\\\/el-mundo-de-valeria-3a-edicion\\\/\",\"name\":\"El mundo de Valeria 3\u00aa Edici\u00f3n - Catalogo | Letrame Grupo Editorial\",\"isPartOf\":{\"@id\":\"https:\\\/\\\/letrame.com\\\/catalogo\\\/#website\"},\"primaryImageOfPage\":{\"@id\":\"https:\\\/\\\/letrame.com\\\/catalogo\\\/producto\\\/el-mundo-de-valeria-3a-edicion\\\/#primaryimage\"},\"image\":{\"@id\":\"https:\\\/\\\/letrame.com\\\/catalogo\\\/producto\\\/el-mundo-de-valeria-3a-edicion\\\/#primaryimage\"},\"thumbnailUrl\":\"https:\\\/\\\/letrame.com\\\/catalogo\\\/wp-content\\\/uploads\\\/2025\\\/01\\\/PortadaElmundodeValeria.jpg\",\"datePublished\":\"2025-01-30T08:48:30+00:00\",\"dateModified\":\"2025-01-30T08:53:41+00:00\",\"breadcrumb\":{\"@id\":\"https:\\\/\\\/letrame.com\\\/catalogo\\\/producto\\\/el-mundo-de-valeria-3a-edicion\\\/#breadcrumb\"},\"inLanguage\":\"es\",\"potentialAction\":[{\"@type\":\"ReadAction\",\"target\":[\"https:\\\/\\\/letrame.com\\\/catalogo\\\/producto\\\/el-mundo-de-valeria-3a-edicion\\\/\"]}]},{\"@type\":\"ImageObject\",\"inLanguage\":\"es\",\"@id\":\"https:\\\/\\\/letrame.com\\\/catalogo\\\/producto\\\/el-mundo-de-valeria-3a-edicion\\\/#primaryimage\",\"url\":\"https:\\\/\\\/letrame.com\\\/catalogo\\\/wp-content\\\/uploads\\\/2025\\\/01\\\/PortadaElmundodeValeria.jpg\",\"contentUrl\":\"https:\\\/\\\/letrame.com\\\/catalogo\\\/wp-content\\\/uploads\\\/2025\\\/01\\\/PortadaElmundodeValeria.jpg\",\"width\":425,\"height\":595,\"caption\":\"Portada El mundo de Valeria\"},{\"@type\":\"BreadcrumbList\",\"@id\":\"https:\\\/\\\/letrame.com\\\/catalogo\\\/producto\\\/el-mundo-de-valeria-3a-edicion\\\/#breadcrumb\",\"itemListElement\":[{\"@type\":\"ListItem\",\"position\":1,\"name\":\"Portada\",\"item\":\"https:\\\/\\\/letrame.com\\\/catalogo\\\/\"},{\"@type\":\"ListItem\",\"position\":2,\"name\":\"Cat\u00e1logo\",\"item\":\"https:\\\/\\\/letrame.com\\\/catalogo\\\/\"},{\"@type\":\"ListItem\",\"position\":3,\"name\":\"El mundo de Valeria 3\u00aa Edici\u00f3n\"}]},{\"@type\":\"WebSite\",\"@id\":\"https:\\\/\\\/letrame.com\\\/catalogo\\\/#website\",\"url\":\"https:\\\/\\\/letrame.com\\\/catalogo\\\/\",\"name\":\"Catalogo | Letrame Grupo Editorial\",\"description\":\"\",\"publisher\":{\"@id\":\"https:\\\/\\\/letrame.com\\\/catalogo\\\/#organization\"},\"potentialAction\":[{\"@type\":\"SearchAction\",\"target\":{\"@type\":\"EntryPoint\",\"urlTemplate\":\"https:\\\/\\\/letrame.com\\\/catalogo\\\/?s={search_term_string}\"},\"query-input\":{\"@type\":\"PropertyValueSpecification\",\"valueRequired\":true,\"valueName\":\"search_term_string\"}}],\"inLanguage\":\"es\"},{\"@type\":\"Organization\",\"@id\":\"https:\\\/\\\/letrame.com\\\/catalogo\\\/#organization\",\"name\":\"Catalogo | Letrame Grupo Editorial\",\"url\":\"https:\\\/\\\/letrame.com\\\/catalogo\\\/\",\"logo\":{\"@type\":\"ImageObject\",\"inLanguage\":\"es\",\"@id\":\"https:\\\/\\\/letrame.com\\\/catalogo\\\/#\\\/schema\\\/logo\\\/image\\\/\",\"url\":\"https:\\\/\\\/letrame.com\\\/catalogo\\\/wp-content\\\/uploads\\\/2024\\\/03\\\/logo2.webp\",\"contentUrl\":\"https:\\\/\\\/letrame.com\\\/catalogo\\\/wp-content\\\/uploads\\\/2024\\\/03\\\/logo2.webp\",\"width\":394,\"height\":128,\"caption\":\"Catalogo | Letrame Grupo Editorial\"},\"image\":{\"@id\":\"https:\\\/\\\/letrame.com\\\/catalogo\\\/#\\\/schema\\\/logo\\\/image\\\/\"}}]}<\/script>\n<!-- \/ Yoast SEO plugin. -->","yoast_head_json":{"title":"El mundo de Valeria 3\u00aa Edici\u00f3n - Catalogo | Letrame Grupo Editorial","robots":{"index":"index","follow":"follow","max-snippet":"max-snippet:-1","max-image-preview":"max-image-preview:large","max-video-preview":"max-video-preview:-1"},"canonical":"https:\/\/letrame.com\/catalogo\/producto\/el-mundo-de-valeria-3a-edicion\/","og_locale":"es_ES","og_type":"article","og_title":"El mundo de Valeria 3\u00aa Edici\u00f3n - Catalogo | Letrame Grupo Editorial","og_description":"ISBN: 978-84-1089-508-9  SINOPSIS Valeria, la protagonista de la novela, nos revela de manera hiperrea- lista c\u00f3mo es su mundo. A trav\u00e9s de una mirada introspectiva, nos narra la cotidianidad de su vida, c\u00f3mo ha vivido el amor, el desa- mor, la violencia de g\u00e9nero, la soledad, el dolor y la ca\u00edda al abis- mo. Gracias a un extraordinario ejercicio de superaci\u00f3n personal, logra reencontrase consigo misma, dejando atr\u00e1s los sentimientos de frustraci\u00f3n, inseguridad, culpabilidad y aislamiento que durante a\u00f1os socavaron su paz interior e impidieron su felicidad. El Mundo de Valeria tambi\u00e9n es la historia de una amistad, de la pasi\u00f3n de la protagonista por su oficio de maestra y su posiciona- miento ante problemas sociales como el racismo, la xenofobia, la marginaci\u00f3n\u2026","og_url":"https:\/\/letrame.com\/catalogo\/producto\/el-mundo-de-valeria-3a-edicion\/","og_site_name":"Catalogo | Letrame Grupo Editorial","article_modified_time":"2025-01-30T08:53:41+00:00","og_image":[{"width":425,"height":595,"url":"https:\/\/letrame.com\/catalogo\/wp-content\/uploads\/2025\/01\/PortadaElmundodeValeria.jpg","type":"image\/jpeg"}],"twitter_card":"summary_large_image","twitter_misc":{"Tiempo de lectura":"1 minuto"},"schema":{"@context":"https:\/\/schema.org","@graph":[{"@type":"WebPage","@id":"https:\/\/letrame.com\/catalogo\/producto\/el-mundo-de-valeria-3a-edicion\/","url":"https:\/\/letrame.com\/catalogo\/producto\/el-mundo-de-valeria-3a-edicion\/","name":"El mundo de Valeria 3\u00aa Edici\u00f3n - Catalogo | Letrame Grupo Editorial","isPartOf":{"@id":"https:\/\/letrame.com\/catalogo\/#website"},"primaryImageOfPage":{"@id":"https:\/\/letrame.com\/catalogo\/producto\/el-mundo-de-valeria-3a-edicion\/#primaryimage"},"image":{"@id":"https:\/\/letrame.com\/catalogo\/producto\/el-mundo-de-valeria-3a-edicion\/#primaryimage"},"thumbnailUrl":"https:\/\/letrame.com\/catalogo\/wp-content\/uploads\/2025\/01\/PortadaElmundodeValeria.jpg","datePublished":"2025-01-30T08:48:30+00:00","dateModified":"2025-01-30T08:53:41+00:00","breadcrumb":{"@id":"https:\/\/letrame.com\/catalogo\/producto\/el-mundo-de-valeria-3a-edicion\/#breadcrumb"},"inLanguage":"es","potentialAction":[{"@type":"ReadAction","target":["https:\/\/letrame.com\/catalogo\/producto\/el-mundo-de-valeria-3a-edicion\/"]}]},{"@type":"ImageObject","inLanguage":"es","@id":"https:\/\/letrame.com\/catalogo\/producto\/el-mundo-de-valeria-3a-edicion\/#primaryimage","url":"https:\/\/letrame.com\/catalogo\/wp-content\/uploads\/2025\/01\/PortadaElmundodeValeria.jpg","contentUrl":"https:\/\/letrame.com\/catalogo\/wp-content\/uploads\/2025\/01\/PortadaElmundodeValeria.jpg","width":425,"height":595,"caption":"Portada El mundo de Valeria"},{"@type":"BreadcrumbList","@id":"https:\/\/letrame.com\/catalogo\/producto\/el-mundo-de-valeria-3a-edicion\/#breadcrumb","itemListElement":[{"@type":"ListItem","position":1,"name":"Portada","item":"https:\/\/letrame.com\/catalogo\/"},{"@type":"ListItem","position":2,"name":"Cat\u00e1logo","item":"https:\/\/letrame.com\/catalogo\/"},{"@type":"ListItem","position":3,"name":"El mundo de Valeria 3\u00aa Edici\u00f3n"}]},{"@type":"WebSite","@id":"https:\/\/letrame.com\/catalogo\/#website","url":"https:\/\/letrame.com\/catalogo\/","name":"Catalogo | Letrame Grupo Editorial","description":"","publisher":{"@id":"https:\/\/letrame.com\/catalogo\/#organization"},"potentialAction":[{"@type":"SearchAction","target":{"@type":"EntryPoint","urlTemplate":"https:\/\/letrame.com\/catalogo\/?s={search_term_string}"},"query-input":{"@type":"PropertyValueSpecification","valueRequired":true,"valueName":"search_term_string"}}],"inLanguage":"es"},{"@type":"Organization","@id":"https:\/\/letrame.com\/catalogo\/#organization","name":"Catalogo | Letrame Grupo Editorial","url":"https:\/\/letrame.com\/catalogo\/","logo":{"@type":"ImageObject","inLanguage":"es","@id":"https:\/\/letrame.com\/catalogo\/#\/schema\/logo\/image\/","url":"https:\/\/letrame.com\/catalogo\/wp-content\/uploads\/2024\/03\/logo2.webp","contentUrl":"https:\/\/letrame.com\/catalogo\/wp-content\/uploads\/2024\/03\/logo2.webp","width":394,"height":128,"caption":"Catalogo | Letrame Grupo Editorial"},"image":{"@id":"https:\/\/letrame.com\/catalogo\/#\/schema\/logo\/image\/"}}]}},"_links":{"self":[{"href":"https:\/\/letrame.com\/catalogo\/wp-json\/wp\/v2\/product\/107955","targetHints":{"allow":["GET"]}}],"collection":[{"href":"https:\/\/letrame.com\/catalogo\/wp-json\/wp\/v2\/product"}],"about":[{"href":"https:\/\/letrame.com\/catalogo\/wp-json\/wp\/v2\/types\/product"}],"replies":[{"embeddable":true,"href":"https:\/\/letrame.com\/catalogo\/wp-json\/wp\/v2\/comments?post=107955"}],"acf:post":[{"embeddable":true,"href":"https:\/\/letrame.com\/catalogo\/wp-json\/wp\/v2\/author_book\/107956"}],"wp:featuredmedia":[{"embeddable":true,"href":"https:\/\/letrame.com\/catalogo\/wp-json\/wp\/v2\/media\/107957"}],"wp:attachment":[{"href":"https:\/\/letrame.com\/catalogo\/wp-json\/wp\/v2\/media?parent=107955"}],"wp:term":[{"taxonomy":"libro","embeddable":true,"href":"https:\/\/letrame.com\/catalogo\/wp-json\/wp\/v2\/libro?post=107955"},{"taxonomy":"product_brand","embeddable":true,"href":"https:\/\/letrame.com\/catalogo\/wp-json\/wp\/v2\/product_brand?post=107955"},{"taxonomy":"product_cat","embeddable":true,"href":"https:\/\/letrame.com\/catalogo\/wp-json\/wp\/v2\/product_cat?post=107955"},{"taxonomy":"product_tag","embeddable":true,"href":"https:\/\/letrame.com\/catalogo\/wp-json\/wp\/v2\/product_tag?post=107955"}],"curies":[{"name":"wp","href":"https:\/\/api.w.org\/{rel}","templated":true}]}}