{"id":107827,"date":"2025-01-22T09:09:36","date_gmt":"2025-01-22T08:09:36","guid":{"rendered":"https:\/\/letrame.com\/catalogo\/?post_type=product&#038;p=107827"},"modified":"2025-01-22T09:13:21","modified_gmt":"2025-01-22T08:13:21","slug":"jimena-la-muerte-es-imposible","status":"publish","type":"product","link":"https:\/\/letrame.com\/catalogo\/producto\/jimena-la-muerte-es-imposible\/","title":{"rendered":"Jimena, la muerte es imposible"},"content":{"rendered":"<p class=\"p1\"><b>ISBN: <\/b>978-84-1089-514-0<\/p>\n<p class=\"p1\"><b>T\u00edtulo: <\/b>Jimena, la muerte es imposible<b><\/b><\/p>\n<p><strong>Fecha<\/strong>: 2024<b><\/b><\/p>\n<p><strong>P\u00e1ginas<\/strong>: 530<b><\/b><\/p>\n<p class=\"p1\"><b>SINOPSIS<br \/>\n<\/b><\/p>\n<p class=\"p1\">Una profunda y emotiva reflexi\u00f3n sobre el enigma de la muerte y el<\/p>\n<p class=\"p1\">misterio de la existencia humana. \u00bfQui\u00e9n no desear\u00eda desvelarlos?<\/p>\n<p class=\"p1\">Finales de los ochenta, un pueblo de costa en el norte de la pen\u00ednsula.<\/p>\n<p class=\"p1\">El suicidio de Victoria Mar\u00edn sobre las rocas del acantilado de El Alba<\/p>\n<p class=\"p1\">supone un fuerte impacto para su entorno. Una muerte inesperada en<\/p>\n<p class=\"p1\">un momento aparentemente feliz, que sume en una profunda tristeza a<\/p>\n<p class=\"p1\">familia y amigos, con quienes se hab\u00eda reunido la tarde previa, y que ven<\/p>\n<p class=\"p1\">improbable que se haya arrojado voluntariamente.<\/p>\n<p class=\"p1\">La ambig\u00fcedad en la que transcurre la vida de esta joven, con una belleza<\/p>\n<p class=\"p1\">dif\u00edcil de igualar pero con una personalidad melanc\u00f3lica, domina la trama<\/p>\n<p class=\"p1\">de esta novela, que pretende desentra\u00f1ar el misterio de su muerte.<\/p>\n<p class=\"p1\">La vida contin\u00faa. Su mejor amiga, Jimena del Olmo, marcada por la au-<\/p>\n<p class=\"p1\">sencia, se instala en Barcelona para estudiar arquitectura, vocaci\u00f3n nacida<\/p>\n<p class=\"p1\">de su intensa atracci\u00f3n por el monasterio del pueblo y su leyenda.<\/p>\n<p class=\"p1\">Jimena forma una familia, triunfa como arquitecta y regresa al pueblo<\/p>\n<p class=\"p1\">veinte a\u00f1os despu\u00e9s para despedir a su padre. El reencuentro con sus an-<\/p>\n<p class=\"p1\">tiguos amigos la incitar\u00e1 a buscar la verdad.<\/p>\n<p class=\"p1\">\u00bfPuede resolverse la inc\u00f3gnita de una muerte pasados veinte a\u00f1os?<\/p>\n<p class=\"p1\">\u00bfSe suicid\u00f3 realmente Victoria Mar\u00edn? \u00bfPor qu\u00e9? \u00bfPor qu\u00e9 la vida de<\/p>\n<p class=\"p1\">Jimena est\u00e1 ligada a la leyenda del monasterio?<\/p>\n<p class=\"p1\">Con retazos de novela negra, pinceladas po\u00e9ticas y planteamientos filo-<\/p>\n<p class=\"p1\">s\u00f3ficos eternamente no resueltos, esta novela ahonda en el enigma de la<\/p>\n<p class=\"p1\">muerte y ofrece una cr\u00edtica socavada a la esclavitud de nuestra sociedad<\/p>\n<p class=\"p1\">tecnol\u00f3gica actual.<\/p>\n<p class=\"p1\"><b>\u00a0<\/b><\/p>\n","protected":false},"excerpt":{"rendered":"<p><b>ISBN: <\/b>978-84-1089-514-0<\/p>\n<p class=\"p1\"><b>SINOPSIS<br \/>\n<\/b><\/p>\n<p class=\"p1\">Una profunda y emotiva reflexi\u00f3n sobre el enigma de la muerte y el<\/p>\n<p class=\"p1\">misterio de la existencia humana. \u00bfQui\u00e9n no desear\u00eda desvelarlos?<\/p>\n<p class=\"p1\">Finales de los ochenta, un pueblo de costa en el norte de la pen\u00ednsula.<\/p>\n<p class=\"p1\">El suicidio de Victoria Mar\u00edn sobre las rocas del acantilado de El Alba<\/p>\n<p class=\"p1\">supone un fuerte impacto para su entorno.<\/p>\n","protected":false},"featured_media":107828,"comment_status":"open","ping_status":"closed","template":"","meta":{"_acf_changed":false},"libro":[],"product_brand":[],"product_cat":[51],"product_tag":[],"class_list":{"0":"post-107827","1":"product","2":"type-product","3":"status-publish","4":"has-post-thumbnail","6":"product_cat-novela-negra","8":"first","9":"instock","10":"shipping-taxable","11":"product-type-simple"},"acf":{"autor":[107829],"enlace_de_compra":"https:\/\/www.amazon.es\/dp\/8410895145"},"yoast_head":"<!-- This site is optimized with the Yoast SEO plugin v27.4 - https:\/\/yoast.com\/product\/yoast-seo-wordpress\/ -->\n<title>Jimena, la muerte es imposible - Catalogo | Letrame Grupo Editorial<\/title>\n<meta name=\"robots\" content=\"index, follow, max-snippet:-1, max-image-preview:large, max-video-preview:-1\" \/>\n<link rel=\"canonical\" href=\"https:\/\/letrame.com\/catalogo\/producto\/jimena-la-muerte-es-imposible\/\" \/>\n<meta property=\"og:locale\" content=\"es_ES\" \/>\n<meta property=\"og:type\" content=\"article\" \/>\n<meta property=\"og:title\" content=\"Jimena, la muerte es imposible - Catalogo | Letrame Grupo Editorial\" \/>\n<meta property=\"og:description\" content=\"ISBN: 978-84-1089-514-0 SINOPSIS  Una profunda y emotiva reflexi\u00f3n sobre el enigma de la muerte y el misterio de la existencia humana. \u00bfQui\u00e9n no desear\u00eda desvelarlos? Finales de los ochenta, un pueblo de costa en el norte de la pen\u00ednsula. El suicidio de Victoria Mar\u00edn sobre las rocas del acantilado de El Alba supone un fuerte impacto para su entorno.\" \/>\n<meta property=\"og:url\" content=\"https:\/\/letrame.com\/catalogo\/producto\/jimena-la-muerte-es-imposible\/\" \/>\n<meta property=\"og:site_name\" content=\"Catalogo | Letrame Grupo Editorial\" \/>\n<meta property=\"article:modified_time\" content=\"2025-01-22T08:13:21+00:00\" \/>\n<meta property=\"og:image\" content=\"https:\/\/letrame.com\/catalogo\/wp-content\/uploads\/2025\/01\/PortadaJimenalamuerteesimposible.jpg\" \/>\n\t<meta property=\"og:image:width\" content=\"425\" \/>\n\t<meta property=\"og:image:height\" content=\"624\" \/>\n\t<meta property=\"og:image:type\" content=\"image\/jpeg\" \/>\n<meta name=\"twitter:card\" content=\"summary_large_image\" \/>\n<meta name=\"twitter:label1\" content=\"Tiempo de lectura\" \/>\n\t<meta name=\"twitter:data1\" content=\"2 minutos\" \/>\n<script type=\"application\/ld+json\" class=\"yoast-schema-graph\">{\"@context\":\"https:\\\/\\\/schema.org\",\"@graph\":[{\"@type\":\"WebPage\",\"@id\":\"https:\\\/\\\/letrame.com\\\/catalogo\\\/producto\\\/jimena-la-muerte-es-imposible\\\/\",\"url\":\"https:\\\/\\\/letrame.com\\\/catalogo\\\/producto\\\/jimena-la-muerte-es-imposible\\\/\",\"name\":\"Jimena, la muerte es imposible - Catalogo | Letrame Grupo Editorial\",\"isPartOf\":{\"@id\":\"https:\\\/\\\/letrame.com\\\/catalogo\\\/#website\"},\"primaryImageOfPage\":{\"@id\":\"https:\\\/\\\/letrame.com\\\/catalogo\\\/producto\\\/jimena-la-muerte-es-imposible\\\/#primaryimage\"},\"image\":{\"@id\":\"https:\\\/\\\/letrame.com\\\/catalogo\\\/producto\\\/jimena-la-muerte-es-imposible\\\/#primaryimage\"},\"thumbnailUrl\":\"https:\\\/\\\/letrame.com\\\/catalogo\\\/wp-content\\\/uploads\\\/2025\\\/01\\\/PortadaJimenalamuerteesimposible.jpg\",\"datePublished\":\"2025-01-22T08:09:36+00:00\",\"dateModified\":\"2025-01-22T08:13:21+00:00\",\"breadcrumb\":{\"@id\":\"https:\\\/\\\/letrame.com\\\/catalogo\\\/producto\\\/jimena-la-muerte-es-imposible\\\/#breadcrumb\"},\"inLanguage\":\"es\",\"potentialAction\":[{\"@type\":\"ReadAction\",\"target\":[\"https:\\\/\\\/letrame.com\\\/catalogo\\\/producto\\\/jimena-la-muerte-es-imposible\\\/\"]}]},{\"@type\":\"ImageObject\",\"inLanguage\":\"es\",\"@id\":\"https:\\\/\\\/letrame.com\\\/catalogo\\\/producto\\\/jimena-la-muerte-es-imposible\\\/#primaryimage\",\"url\":\"https:\\\/\\\/letrame.com\\\/catalogo\\\/wp-content\\\/uploads\\\/2025\\\/01\\\/PortadaJimenalamuerteesimposible.jpg\",\"contentUrl\":\"https:\\\/\\\/letrame.com\\\/catalogo\\\/wp-content\\\/uploads\\\/2025\\\/01\\\/PortadaJimenalamuerteesimposible.jpg\",\"width\":425,\"height\":624,\"caption\":\"Portada Jimena, la muerte es imposible\"},{\"@type\":\"BreadcrumbList\",\"@id\":\"https:\\\/\\\/letrame.com\\\/catalogo\\\/producto\\\/jimena-la-muerte-es-imposible\\\/#breadcrumb\",\"itemListElement\":[{\"@type\":\"ListItem\",\"position\":1,\"name\":\"Portada\",\"item\":\"https:\\\/\\\/letrame.com\\\/catalogo\\\/\"},{\"@type\":\"ListItem\",\"position\":2,\"name\":\"Cat\u00e1logo\",\"item\":\"https:\\\/\\\/letrame.com\\\/catalogo\\\/\"},{\"@type\":\"ListItem\",\"position\":3,\"name\":\"Jimena, la muerte es imposible\"}]},{\"@type\":\"WebSite\",\"@id\":\"https:\\\/\\\/letrame.com\\\/catalogo\\\/#website\",\"url\":\"https:\\\/\\\/letrame.com\\\/catalogo\\\/\",\"name\":\"Catalogo | Letrame Grupo Editorial\",\"description\":\"\",\"publisher\":{\"@id\":\"https:\\\/\\\/letrame.com\\\/catalogo\\\/#organization\"},\"potentialAction\":[{\"@type\":\"SearchAction\",\"target\":{\"@type\":\"EntryPoint\",\"urlTemplate\":\"https:\\\/\\\/letrame.com\\\/catalogo\\\/?s={search_term_string}\"},\"query-input\":{\"@type\":\"PropertyValueSpecification\",\"valueRequired\":true,\"valueName\":\"search_term_string\"}}],\"inLanguage\":\"es\"},{\"@type\":\"Organization\",\"@id\":\"https:\\\/\\\/letrame.com\\\/catalogo\\\/#organization\",\"name\":\"Catalogo | Letrame Grupo Editorial\",\"url\":\"https:\\\/\\\/letrame.com\\\/catalogo\\\/\",\"logo\":{\"@type\":\"ImageObject\",\"inLanguage\":\"es\",\"@id\":\"https:\\\/\\\/letrame.com\\\/catalogo\\\/#\\\/schema\\\/logo\\\/image\\\/\",\"url\":\"https:\\\/\\\/letrame.com\\\/catalogo\\\/wp-content\\\/uploads\\\/2024\\\/03\\\/logo2.webp\",\"contentUrl\":\"https:\\\/\\\/letrame.com\\\/catalogo\\\/wp-content\\\/uploads\\\/2024\\\/03\\\/logo2.webp\",\"width\":394,\"height\":128,\"caption\":\"Catalogo | Letrame Grupo Editorial\"},\"image\":{\"@id\":\"https:\\\/\\\/letrame.com\\\/catalogo\\\/#\\\/schema\\\/logo\\\/image\\\/\"}}]}<\/script>\n<!-- \/ Yoast SEO plugin. -->","yoast_head_json":{"title":"Jimena, la muerte es imposible - Catalogo | Letrame Grupo Editorial","robots":{"index":"index","follow":"follow","max-snippet":"max-snippet:-1","max-image-preview":"max-image-preview:large","max-video-preview":"max-video-preview:-1"},"canonical":"https:\/\/letrame.com\/catalogo\/producto\/jimena-la-muerte-es-imposible\/","og_locale":"es_ES","og_type":"article","og_title":"Jimena, la muerte es imposible - Catalogo | Letrame Grupo Editorial","og_description":"ISBN: 978-84-1089-514-0 SINOPSIS  Una profunda y emotiva reflexi\u00f3n sobre el enigma de la muerte y el misterio de la existencia humana. \u00bfQui\u00e9n no desear\u00eda desvelarlos? Finales de los ochenta, un pueblo de costa en el norte de la pen\u00ednsula. El suicidio de Victoria Mar\u00edn sobre las rocas del acantilado de El Alba supone un fuerte impacto para su entorno.","og_url":"https:\/\/letrame.com\/catalogo\/producto\/jimena-la-muerte-es-imposible\/","og_site_name":"Catalogo | Letrame Grupo Editorial","article_modified_time":"2025-01-22T08:13:21+00:00","og_image":[{"width":425,"height":624,"url":"https:\/\/letrame.com\/catalogo\/wp-content\/uploads\/2025\/01\/PortadaJimenalamuerteesimposible.jpg","type":"image\/jpeg"}],"twitter_card":"summary_large_image","twitter_misc":{"Tiempo de lectura":"2 minutos"},"schema":{"@context":"https:\/\/schema.org","@graph":[{"@type":"WebPage","@id":"https:\/\/letrame.com\/catalogo\/producto\/jimena-la-muerte-es-imposible\/","url":"https:\/\/letrame.com\/catalogo\/producto\/jimena-la-muerte-es-imposible\/","name":"Jimena, la muerte es imposible - Catalogo | Letrame Grupo Editorial","isPartOf":{"@id":"https:\/\/letrame.com\/catalogo\/#website"},"primaryImageOfPage":{"@id":"https:\/\/letrame.com\/catalogo\/producto\/jimena-la-muerte-es-imposible\/#primaryimage"},"image":{"@id":"https:\/\/letrame.com\/catalogo\/producto\/jimena-la-muerte-es-imposible\/#primaryimage"},"thumbnailUrl":"https:\/\/letrame.com\/catalogo\/wp-content\/uploads\/2025\/01\/PortadaJimenalamuerteesimposible.jpg","datePublished":"2025-01-22T08:09:36+00:00","dateModified":"2025-01-22T08:13:21+00:00","breadcrumb":{"@id":"https:\/\/letrame.com\/catalogo\/producto\/jimena-la-muerte-es-imposible\/#breadcrumb"},"inLanguage":"es","potentialAction":[{"@type":"ReadAction","target":["https:\/\/letrame.com\/catalogo\/producto\/jimena-la-muerte-es-imposible\/"]}]},{"@type":"ImageObject","inLanguage":"es","@id":"https:\/\/letrame.com\/catalogo\/producto\/jimena-la-muerte-es-imposible\/#primaryimage","url":"https:\/\/letrame.com\/catalogo\/wp-content\/uploads\/2025\/01\/PortadaJimenalamuerteesimposible.jpg","contentUrl":"https:\/\/letrame.com\/catalogo\/wp-content\/uploads\/2025\/01\/PortadaJimenalamuerteesimposible.jpg","width":425,"height":624,"caption":"Portada Jimena, la muerte es imposible"},{"@type":"BreadcrumbList","@id":"https:\/\/letrame.com\/catalogo\/producto\/jimena-la-muerte-es-imposible\/#breadcrumb","itemListElement":[{"@type":"ListItem","position":1,"name":"Portada","item":"https:\/\/letrame.com\/catalogo\/"},{"@type":"ListItem","position":2,"name":"Cat\u00e1logo","item":"https:\/\/letrame.com\/catalogo\/"},{"@type":"ListItem","position":3,"name":"Jimena, la muerte es imposible"}]},{"@type":"WebSite","@id":"https:\/\/letrame.com\/catalogo\/#website","url":"https:\/\/letrame.com\/catalogo\/","name":"Catalogo | Letrame Grupo Editorial","description":"","publisher":{"@id":"https:\/\/letrame.com\/catalogo\/#organization"},"potentialAction":[{"@type":"SearchAction","target":{"@type":"EntryPoint","urlTemplate":"https:\/\/letrame.com\/catalogo\/?s={search_term_string}"},"query-input":{"@type":"PropertyValueSpecification","valueRequired":true,"valueName":"search_term_string"}}],"inLanguage":"es"},{"@type":"Organization","@id":"https:\/\/letrame.com\/catalogo\/#organization","name":"Catalogo | Letrame Grupo Editorial","url":"https:\/\/letrame.com\/catalogo\/","logo":{"@type":"ImageObject","inLanguage":"es","@id":"https:\/\/letrame.com\/catalogo\/#\/schema\/logo\/image\/","url":"https:\/\/letrame.com\/catalogo\/wp-content\/uploads\/2024\/03\/logo2.webp","contentUrl":"https:\/\/letrame.com\/catalogo\/wp-content\/uploads\/2024\/03\/logo2.webp","width":394,"height":128,"caption":"Catalogo | Letrame Grupo Editorial"},"image":{"@id":"https:\/\/letrame.com\/catalogo\/#\/schema\/logo\/image\/"}}]}},"_links":{"self":[{"href":"https:\/\/letrame.com\/catalogo\/wp-json\/wp\/v2\/product\/107827","targetHints":{"allow":["GET"]}}],"collection":[{"href":"https:\/\/letrame.com\/catalogo\/wp-json\/wp\/v2\/product"}],"about":[{"href":"https:\/\/letrame.com\/catalogo\/wp-json\/wp\/v2\/types\/product"}],"replies":[{"embeddable":true,"href":"https:\/\/letrame.com\/catalogo\/wp-json\/wp\/v2\/comments?post=107827"}],"acf:post":[{"embeddable":true,"href":"https:\/\/letrame.com\/catalogo\/wp-json\/wp\/v2\/author_book\/107829"}],"wp:featuredmedia":[{"embeddable":true,"href":"https:\/\/letrame.com\/catalogo\/wp-json\/wp\/v2\/media\/107828"}],"wp:attachment":[{"href":"https:\/\/letrame.com\/catalogo\/wp-json\/wp\/v2\/media?parent=107827"}],"wp:term":[{"taxonomy":"libro","embeddable":true,"href":"https:\/\/letrame.com\/catalogo\/wp-json\/wp\/v2\/libro?post=107827"},{"taxonomy":"product_brand","embeddable":true,"href":"https:\/\/letrame.com\/catalogo\/wp-json\/wp\/v2\/product_brand?post=107827"},{"taxonomy":"product_cat","embeddable":true,"href":"https:\/\/letrame.com\/catalogo\/wp-json\/wp\/v2\/product_cat?post=107827"},{"taxonomy":"product_tag","embeddable":true,"href":"https:\/\/letrame.com\/catalogo\/wp-json\/wp\/v2\/product_tag?post=107827"}],"curies":[{"name":"wp","href":"https:\/\/api.w.org\/{rel}","templated":true}]}}