{"id":107794,"date":"2025-01-17T12:49:49","date_gmt":"2025-01-17T11:49:49","guid":{"rendered":"https:\/\/letrame.com\/catalogo\/?post_type=product&#038;p=107794"},"modified":"2025-01-23T08:11:05","modified_gmt":"2025-01-23T07:11:05","slug":"razones-por-las-que-no-debemos-tener-hijos","status":"publish","type":"product","link":"https:\/\/letrame.com\/catalogo\/producto\/razones-por-las-que-no-debemos-tener-hijos\/","title":{"rendered":"Razones por las que NO debemos tener hijos"},"content":{"rendered":"<p class=\"p2\"><b>ISBN: <\/b>978-84-1089-452-5<\/p>\n<p class=\"p2\"><b>T\u00edtulo: <\/b>Razones por las que NO debemos tener hijos<b><\/b><\/p>\n<p><strong>Fecha:<\/strong> 2024<b><\/b><\/p>\n<p><strong>P\u00e1ginas<\/strong>: 122<b><\/b><\/p>\n<p class=\"p2\"><b>SINOPSIS<\/b><\/p>\n<p><em>En Razones por las que NO debemos tener hijos, el autor Gabriel Chesed<\/em><\/p>\n<p><em>Torres S\u00e1nchez presenta una perspectiva desafiante sobre la decisi\u00f3n de no<\/em><\/p>\n<p><em>tener hijos como un acto de amor principalmente hacia ellos, nosotros mismos<\/em><\/p>\n<p><em>y hacia la sociedad. A trav\u00e9s de un an\u00e1lisis exhaustivo de patrones mentales,<\/em><\/p>\n<p><em>prejuicios sociales y las implicaciones \u00e9ticas y bio\u00e9ticas de la procreaci\u00f3n,<\/em><\/p>\n<p><em>el autor invita al lector a reflexionar profundamente sobre sus propias<\/em><\/p>\n<p><em>elecciones de vida.<\/em><\/p>\n<p><em>Con argumentos fundamentados en la l\u00f3gica, la raz\u00f3n y la comprensi\u00f3n<\/em><\/p>\n<p><em>de la naturaleza humana, el texto cuestiona las normas establecidas y busca<\/em><\/p>\n<p><em>inspirar un cambio en la percepci\u00f3n colectiva sobre la paternidad en el contexto<\/em><\/p>\n<p><em>de desaf\u00edos como el cambio clim\u00e1tico y los avances tecnol\u00f3gicos, y lo<\/em><\/p>\n<p><em>que ello implica entre otros. Estructurado en cap\u00edtulos que desmitifican la<\/em><\/p>\n<p><em>reproducci\u00f3n humana y la \u00e9tica de la existencia, este libro es un llamado a<\/em><\/p>\n<p><em>la reflexi\u00f3n y al cuestionamiento del statu quo, ofreciendo una perspectiva<\/em><\/p>\n<p><em>\u00fanica y bien fundamentada sobre un tema de relevancia contempor\u00e1nea.<\/em><\/p>\n<p><em>Recomendado para aquellos interesados en la \u00e9tica, la filosof\u00eda de la vida y la<\/em><\/p>\n<p><em>toma de decisiones personales en el contexto de los desaf\u00edos globales actuales<\/em><\/p>\n<p><em>y lo que implica traer una nueva vida a este mundo, el prop\u00f3sito de esta obra<\/em><\/p>\n<p><em>es desafiar los prejuicios arraigados en nuestra cultura y en nuestra forma de<\/em><\/p>\n<p><em>pensar, al presentar de manera objetiva y fundamentada la verdadera naturaleza<\/em><\/p>\n<p><em>de la paternidad y maternidad, con la intenci\u00f3n de brindar herramientas<\/em><\/p>\n<p><em>que promuevan una vida m\u00e1s serena y plena.<\/em><\/p>\n<p class=\"p2\"><b>\u00a0<\/b><\/p>\n","protected":false},"excerpt":{"rendered":"<p class=\"p2\"><b>ISBN: <\/b>978-84-1089-452-5<b><\/b><\/p>\n<p class=\"p2\"><b>SINOPSIS<\/b><\/p>\n<p><em>En Razones por las que NO debemos tener hijos, el autor Gabriel Chesed <\/em><em>Torres S\u00e1nchez presenta una perspectiva desafiante sobre la decisi\u00f3n de no <\/em><em>tener hijos como un acto de amor principalmente hacia ellos, nosotros mismos <\/em><em>y hacia la sociedad. A trav\u00e9s de un an\u00e1lisis exhaustivo de patrones mentales, <\/em><em>prejuicios sociales y las implicaciones \u00e9ticas y bio\u00e9ticas de la procreaci\u00f3n, <\/em><em>el autor invita al lector a reflexionar profundamente sobre sus propias <\/em><em>elecciones de vida.<\/em><\/p>\n<p>&nbsp;<\/p>\n","protected":false},"featured_media":107795,"comment_status":"open","ping_status":"closed","template":"","meta":{"_acf_changed":false},"libro":[],"product_brand":[],"product_cat":[18],"product_tag":[],"class_list":{"0":"post-107794","1":"product","2":"type-product","3":"status-publish","4":"has-post-thumbnail","6":"product_cat-autoayuda","8":"first","9":"instock","10":"shipping-taxable","11":"product-type-simple"},"acf":{"autor":[107788],"enlace_de_compra":"https:\/\/www.amazon.es\/dp\/8410894521"},"yoast_head":"<!-- This site is optimized with the Yoast SEO plugin v27.4 - https:\/\/yoast.com\/product\/yoast-seo-wordpress\/ -->\n<title>Razones por las que NO debemos tener hijos - Catalogo | Letrame Grupo Editorial<\/title>\n<meta name=\"robots\" content=\"index, follow, max-snippet:-1, max-image-preview:large, max-video-preview:-1\" \/>\n<link rel=\"canonical\" href=\"https:\/\/letrame.com\/catalogo\/producto\/razones-por-las-que-no-debemos-tener-hijos\/\" \/>\n<meta property=\"og:locale\" content=\"es_ES\" \/>\n<meta property=\"og:type\" content=\"article\" \/>\n<meta property=\"og:title\" content=\"Razones por las que NO debemos tener hijos - Catalogo | Letrame Grupo Editorial\" \/>\n<meta property=\"og:description\" content=\"ISBN: 978-84-1089-452-5 SINOPSIS En Razones por las que NO debemos tener hijos, el autor Gabriel Chesed Torres S\u00e1nchez presenta una perspectiva desafiante sobre la decisi\u00f3n de no tener hijos como un acto de amor principalmente hacia ellos, nosotros mismos y hacia la sociedad. A trav\u00e9s de un an\u00e1lisis exhaustivo de patrones mentales, prejuicios sociales y las implicaciones \u00e9ticas y bio\u00e9ticas de la procreaci\u00f3n, el autor invita al lector a reflexionar profundamente sobre sus propias elecciones de vida.  &nbsp;\" \/>\n<meta property=\"og:url\" content=\"https:\/\/letrame.com\/catalogo\/producto\/razones-por-las-que-no-debemos-tener-hijos\/\" \/>\n<meta property=\"og:site_name\" content=\"Catalogo | Letrame Grupo Editorial\" \/>\n<meta property=\"article:modified_time\" content=\"2025-01-23T07:11:05+00:00\" \/>\n<meta property=\"og:image\" content=\"https:\/\/letrame.com\/catalogo\/wp-content\/uploads\/2025\/01\/PortadaRazonesporlasque.jpg\" \/>\n\t<meta property=\"og:image:width\" content=\"425\" \/>\n\t<meta property=\"og:image:height\" content=\"624\" \/>\n\t<meta property=\"og:image:type\" content=\"image\/jpeg\" \/>\n<meta name=\"twitter:card\" content=\"summary_large_image\" \/>\n<meta name=\"twitter:label1\" content=\"Tiempo de lectura\" \/>\n\t<meta name=\"twitter:data1\" content=\"2 minutos\" \/>\n<script type=\"application\/ld+json\" class=\"yoast-schema-graph\">{\"@context\":\"https:\\\/\\\/schema.org\",\"@graph\":[{\"@type\":\"WebPage\",\"@id\":\"https:\\\/\\\/letrame.com\\\/catalogo\\\/producto\\\/razones-por-las-que-no-debemos-tener-hijos\\\/\",\"url\":\"https:\\\/\\\/letrame.com\\\/catalogo\\\/producto\\\/razones-por-las-que-no-debemos-tener-hijos\\\/\",\"name\":\"Razones por las que NO debemos tener hijos - Catalogo | Letrame Grupo Editorial\",\"isPartOf\":{\"@id\":\"https:\\\/\\\/letrame.com\\\/catalogo\\\/#website\"},\"primaryImageOfPage\":{\"@id\":\"https:\\\/\\\/letrame.com\\\/catalogo\\\/producto\\\/razones-por-las-que-no-debemos-tener-hijos\\\/#primaryimage\"},\"image\":{\"@id\":\"https:\\\/\\\/letrame.com\\\/catalogo\\\/producto\\\/razones-por-las-que-no-debemos-tener-hijos\\\/#primaryimage\"},\"thumbnailUrl\":\"https:\\\/\\\/letrame.com\\\/catalogo\\\/wp-content\\\/uploads\\\/2025\\\/01\\\/PortadaRazonesporlasque.jpg\",\"datePublished\":\"2025-01-17T11:49:49+00:00\",\"dateModified\":\"2025-01-23T07:11:05+00:00\",\"breadcrumb\":{\"@id\":\"https:\\\/\\\/letrame.com\\\/catalogo\\\/producto\\\/razones-por-las-que-no-debemos-tener-hijos\\\/#breadcrumb\"},\"inLanguage\":\"es\",\"potentialAction\":[{\"@type\":\"ReadAction\",\"target\":[\"https:\\\/\\\/letrame.com\\\/catalogo\\\/producto\\\/razones-por-las-que-no-debemos-tener-hijos\\\/\"]}]},{\"@type\":\"ImageObject\",\"inLanguage\":\"es\",\"@id\":\"https:\\\/\\\/letrame.com\\\/catalogo\\\/producto\\\/razones-por-las-que-no-debemos-tener-hijos\\\/#primaryimage\",\"url\":\"https:\\\/\\\/letrame.com\\\/catalogo\\\/wp-content\\\/uploads\\\/2025\\\/01\\\/PortadaRazonesporlasque.jpg\",\"contentUrl\":\"https:\\\/\\\/letrame.com\\\/catalogo\\\/wp-content\\\/uploads\\\/2025\\\/01\\\/PortadaRazonesporlasque.jpg\",\"width\":425,\"height\":624,\"caption\":\"Portada Razones por las que NO debemos tener hijos\"},{\"@type\":\"BreadcrumbList\",\"@id\":\"https:\\\/\\\/letrame.com\\\/catalogo\\\/producto\\\/razones-por-las-que-no-debemos-tener-hijos\\\/#breadcrumb\",\"itemListElement\":[{\"@type\":\"ListItem\",\"position\":1,\"name\":\"Portada\",\"item\":\"https:\\\/\\\/letrame.com\\\/catalogo\\\/\"},{\"@type\":\"ListItem\",\"position\":2,\"name\":\"Cat\u00e1logo\",\"item\":\"https:\\\/\\\/letrame.com\\\/catalogo\\\/\"},{\"@type\":\"ListItem\",\"position\":3,\"name\":\"Razones por las que NO debemos tener hijos\"}]},{\"@type\":\"WebSite\",\"@id\":\"https:\\\/\\\/letrame.com\\\/catalogo\\\/#website\",\"url\":\"https:\\\/\\\/letrame.com\\\/catalogo\\\/\",\"name\":\"Catalogo | Letrame Grupo Editorial\",\"description\":\"\",\"publisher\":{\"@id\":\"https:\\\/\\\/letrame.com\\\/catalogo\\\/#organization\"},\"potentialAction\":[{\"@type\":\"SearchAction\",\"target\":{\"@type\":\"EntryPoint\",\"urlTemplate\":\"https:\\\/\\\/letrame.com\\\/catalogo\\\/?s={search_term_string}\"},\"query-input\":{\"@type\":\"PropertyValueSpecification\",\"valueRequired\":true,\"valueName\":\"search_term_string\"}}],\"inLanguage\":\"es\"},{\"@type\":\"Organization\",\"@id\":\"https:\\\/\\\/letrame.com\\\/catalogo\\\/#organization\",\"name\":\"Catalogo | Letrame Grupo Editorial\",\"url\":\"https:\\\/\\\/letrame.com\\\/catalogo\\\/\",\"logo\":{\"@type\":\"ImageObject\",\"inLanguage\":\"es\",\"@id\":\"https:\\\/\\\/letrame.com\\\/catalogo\\\/#\\\/schema\\\/logo\\\/image\\\/\",\"url\":\"https:\\\/\\\/letrame.com\\\/catalogo\\\/wp-content\\\/uploads\\\/2024\\\/03\\\/logo2.webp\",\"contentUrl\":\"https:\\\/\\\/letrame.com\\\/catalogo\\\/wp-content\\\/uploads\\\/2024\\\/03\\\/logo2.webp\",\"width\":394,\"height\":128,\"caption\":\"Catalogo | Letrame Grupo Editorial\"},\"image\":{\"@id\":\"https:\\\/\\\/letrame.com\\\/catalogo\\\/#\\\/schema\\\/logo\\\/image\\\/\"}}]}<\/script>\n<!-- \/ Yoast SEO plugin. -->","yoast_head_json":{"title":"Razones por las que NO debemos tener hijos - Catalogo | Letrame Grupo Editorial","robots":{"index":"index","follow":"follow","max-snippet":"max-snippet:-1","max-image-preview":"max-image-preview:large","max-video-preview":"max-video-preview:-1"},"canonical":"https:\/\/letrame.com\/catalogo\/producto\/razones-por-las-que-no-debemos-tener-hijos\/","og_locale":"es_ES","og_type":"article","og_title":"Razones por las que NO debemos tener hijos - Catalogo | Letrame Grupo Editorial","og_description":"ISBN: 978-84-1089-452-5 SINOPSIS En Razones por las que NO debemos tener hijos, el autor Gabriel Chesed Torres S\u00e1nchez presenta una perspectiva desafiante sobre la decisi\u00f3n de no tener hijos como un acto de amor principalmente hacia ellos, nosotros mismos y hacia la sociedad. A trav\u00e9s de un an\u00e1lisis exhaustivo de patrones mentales, prejuicios sociales y las implicaciones \u00e9ticas y bio\u00e9ticas de la procreaci\u00f3n, el autor invita al lector a reflexionar profundamente sobre sus propias elecciones de vida.  &nbsp;","og_url":"https:\/\/letrame.com\/catalogo\/producto\/razones-por-las-que-no-debemos-tener-hijos\/","og_site_name":"Catalogo | Letrame Grupo Editorial","article_modified_time":"2025-01-23T07:11:05+00:00","og_image":[{"width":425,"height":624,"url":"https:\/\/letrame.com\/catalogo\/wp-content\/uploads\/2025\/01\/PortadaRazonesporlasque.jpg","type":"image\/jpeg"}],"twitter_card":"summary_large_image","twitter_misc":{"Tiempo de lectura":"2 minutos"},"schema":{"@context":"https:\/\/schema.org","@graph":[{"@type":"WebPage","@id":"https:\/\/letrame.com\/catalogo\/producto\/razones-por-las-que-no-debemos-tener-hijos\/","url":"https:\/\/letrame.com\/catalogo\/producto\/razones-por-las-que-no-debemos-tener-hijos\/","name":"Razones por las que NO debemos tener hijos - Catalogo | Letrame Grupo Editorial","isPartOf":{"@id":"https:\/\/letrame.com\/catalogo\/#website"},"primaryImageOfPage":{"@id":"https:\/\/letrame.com\/catalogo\/producto\/razones-por-las-que-no-debemos-tener-hijos\/#primaryimage"},"image":{"@id":"https:\/\/letrame.com\/catalogo\/producto\/razones-por-las-que-no-debemos-tener-hijos\/#primaryimage"},"thumbnailUrl":"https:\/\/letrame.com\/catalogo\/wp-content\/uploads\/2025\/01\/PortadaRazonesporlasque.jpg","datePublished":"2025-01-17T11:49:49+00:00","dateModified":"2025-01-23T07:11:05+00:00","breadcrumb":{"@id":"https:\/\/letrame.com\/catalogo\/producto\/razones-por-las-que-no-debemos-tener-hijos\/#breadcrumb"},"inLanguage":"es","potentialAction":[{"@type":"ReadAction","target":["https:\/\/letrame.com\/catalogo\/producto\/razones-por-las-que-no-debemos-tener-hijos\/"]}]},{"@type":"ImageObject","inLanguage":"es","@id":"https:\/\/letrame.com\/catalogo\/producto\/razones-por-las-que-no-debemos-tener-hijos\/#primaryimage","url":"https:\/\/letrame.com\/catalogo\/wp-content\/uploads\/2025\/01\/PortadaRazonesporlasque.jpg","contentUrl":"https:\/\/letrame.com\/catalogo\/wp-content\/uploads\/2025\/01\/PortadaRazonesporlasque.jpg","width":425,"height":624,"caption":"Portada Razones por las que NO debemos tener hijos"},{"@type":"BreadcrumbList","@id":"https:\/\/letrame.com\/catalogo\/producto\/razones-por-las-que-no-debemos-tener-hijos\/#breadcrumb","itemListElement":[{"@type":"ListItem","position":1,"name":"Portada","item":"https:\/\/letrame.com\/catalogo\/"},{"@type":"ListItem","position":2,"name":"Cat\u00e1logo","item":"https:\/\/letrame.com\/catalogo\/"},{"@type":"ListItem","position":3,"name":"Razones por las que NO debemos tener hijos"}]},{"@type":"WebSite","@id":"https:\/\/letrame.com\/catalogo\/#website","url":"https:\/\/letrame.com\/catalogo\/","name":"Catalogo | Letrame Grupo Editorial","description":"","publisher":{"@id":"https:\/\/letrame.com\/catalogo\/#organization"},"potentialAction":[{"@type":"SearchAction","target":{"@type":"EntryPoint","urlTemplate":"https:\/\/letrame.com\/catalogo\/?s={search_term_string}"},"query-input":{"@type":"PropertyValueSpecification","valueRequired":true,"valueName":"search_term_string"}}],"inLanguage":"es"},{"@type":"Organization","@id":"https:\/\/letrame.com\/catalogo\/#organization","name":"Catalogo | Letrame Grupo Editorial","url":"https:\/\/letrame.com\/catalogo\/","logo":{"@type":"ImageObject","inLanguage":"es","@id":"https:\/\/letrame.com\/catalogo\/#\/schema\/logo\/image\/","url":"https:\/\/letrame.com\/catalogo\/wp-content\/uploads\/2024\/03\/logo2.webp","contentUrl":"https:\/\/letrame.com\/catalogo\/wp-content\/uploads\/2024\/03\/logo2.webp","width":394,"height":128,"caption":"Catalogo | Letrame Grupo Editorial"},"image":{"@id":"https:\/\/letrame.com\/catalogo\/#\/schema\/logo\/image\/"}}]}},"_links":{"self":[{"href":"https:\/\/letrame.com\/catalogo\/wp-json\/wp\/v2\/product\/107794","targetHints":{"allow":["GET"]}}],"collection":[{"href":"https:\/\/letrame.com\/catalogo\/wp-json\/wp\/v2\/product"}],"about":[{"href":"https:\/\/letrame.com\/catalogo\/wp-json\/wp\/v2\/types\/product"}],"replies":[{"embeddable":true,"href":"https:\/\/letrame.com\/catalogo\/wp-json\/wp\/v2\/comments?post=107794"}],"acf:post":[{"embeddable":true,"href":"https:\/\/letrame.com\/catalogo\/wp-json\/wp\/v2\/author_book\/107788"}],"wp:featuredmedia":[{"embeddable":true,"href":"https:\/\/letrame.com\/catalogo\/wp-json\/wp\/v2\/media\/107795"}],"wp:attachment":[{"href":"https:\/\/letrame.com\/catalogo\/wp-json\/wp\/v2\/media?parent=107794"}],"wp:term":[{"taxonomy":"libro","embeddable":true,"href":"https:\/\/letrame.com\/catalogo\/wp-json\/wp\/v2\/libro?post=107794"},{"taxonomy":"product_brand","embeddable":true,"href":"https:\/\/letrame.com\/catalogo\/wp-json\/wp\/v2\/product_brand?post=107794"},{"taxonomy":"product_cat","embeddable":true,"href":"https:\/\/letrame.com\/catalogo\/wp-json\/wp\/v2\/product_cat?post=107794"},{"taxonomy":"product_tag","embeddable":true,"href":"https:\/\/letrame.com\/catalogo\/wp-json\/wp\/v2\/product_tag?post=107794"}],"curies":[{"name":"wp","href":"https:\/\/api.w.org\/{rel}","templated":true}]}}